{"id":152,"date":"2021-09-13T08:58:50","date_gmt":"2021-09-13T06:58:50","guid":{"rendered":"https:\/\/blogsaverroes.juntadeandalucia.es\/abelam\/?page_id=152"},"modified":"2024-09-10T08:01:23","modified_gmt":"2024-09-10T06:01:23","slug":"comunicacion-y-sociedad-i","status":"publish","type":"page","link":"https:\/\/blogsaverroes.juntadeandalucia.es\/abelam\/curso-2021-2022\/comunicacion-y-sociedad-i\/","title":{"rendered":"Comunicaci\u00f3n y Sociedad I"},"content":{"rendered":"<figure id=\"attachment_154\" aria-describedby=\"caption-attachment-154\" style=\"width: 300px\" class=\"wp-caption alignleft\"><img loading=\"lazy\" decoding=\"async\" class=\"size-medium wp-image-154\" src=\"https:\/\/blogsaverroes.juntadeandalucia.es\/abelam\/files\/2021\/09\/IMG_20180818_091313-300x225.jpg\" alt=\"\" width=\"300\" height=\"225\" srcset=\"https:\/\/blogsaverroes.juntadeandalucia.es\/abelam\/files\/2021\/09\/IMG_20180818_091313-300x225.jpg 300w, https:\/\/blogsaverroes.juntadeandalucia.es\/abelam\/files\/2021\/09\/IMG_20180818_091313-1024x768.jpg 1024w, https:\/\/blogsaverroes.juntadeandalucia.es\/abelam\/files\/2021\/09\/IMG_20180818_091313-768x576.jpg 768w, https:\/\/blogsaverroes.juntadeandalucia.es\/abelam\/files\/2021\/09\/IMG_20180818_091313-1536x1152.jpg 1536w, https:\/\/blogsaverroes.juntadeandalucia.es\/abelam\/files\/2021\/09\/IMG_20180818_091313-2048x1536.jpg 2048w\" sizes=\"(max-width: 300px) 100vw, 300px\" \/><figcaption id=\"caption-attachment-154\" class=\"wp-caption-text\">C\u00e1diz, 2018. Realizaci\u00f3n propia.<\/figcaption><\/figure>\n<p>En esta materia perteneciente al primer M\u00f3dulo de Formaci\u00f3n profesional B\u00e1sica del curso 2021-2022 trabajaremos las competencias b\u00e1sicas de la comunicaci\u00f3n oral y escrita y nos acercaremos a los conocimientos b\u00e1sicos de la Geograf\u00eda, la Historia, la Historia del Arte y la Literatura.<\/p>\n<p>&nbsp;<\/p>\n<p><a href=\"https:\/\/blogsaverroes.juntadeandalucia.es\/abelam\/comunicacion-y-sociedad-i\/secuencia-0-evaluacion-inicial-y-presentacion-del-curso\/\" target=\"_blank\" rel=\"noopener noreferrer\">Secuencia 0. Evaluaci\u00f3n inicial y presentaci\u00f3n de la materia.<\/a><\/p>\n<p><a href=\"https:\/\/blogsaverroes.juntadeandalucia.es\/abelam\/comunicacion-y-sociedad-i\/sc1\/\" target=\"_blank\" rel=\"noopener noreferrer\">Secuencia 1. Nos comunicamos<\/a>.<\/p>\n<p><a href=\"https:\/\/blogsaverroes.juntadeandalucia.es\/abelam\/comunicacion-y-sociedad-i\/sc2\/\" target=\"_blank\" rel=\"noopener noreferrer\">Secuencia 2. La prehistoria<\/a>.<\/p>\n<p><a href=\"https:\/\/blogsaverroes.juntadeandalucia.es\/abelam\/sc3\/\" target=\"_blank\" rel=\"noopener noreferrer\">Secuencia 3. Las primeras civilizaciones<\/a>.<\/p>\n<p><a href=\"https:\/\/blogsaverroes.juntadeandalucia.es\/abelam\/sc4-el-mundo-clasico\/\" target=\"_blank\" rel=\"noopener noreferrer\">Secuencia 4. El mundo cl\u00e1sico<\/a>.<\/p>\n<p><a href=\"https:\/\/blogsaverroes.juntadeandalucia.es\/abelam\/comunicacion-y-sociedad-i\/sc5-edad-media-y-moderna\/\" target=\"_blank\" rel=\"noopener noreferrer\">Secuencia 5. Edad media y moderna.<\/a><\/p>\n","protected":false},"excerpt":{"rendered":"<p>En esta materia perteneciente al primer M\u00f3dulo de Formaci\u00f3n profesional B\u00e1sica del curso 2021-2022 trabajaremos las competencias b\u00e1sicas de la comunicaci\u00f3n oral y escrita y nos acercaremos a los conocimientos b\u00e1sicos de la Geograf\u00eda, la Historia, la Historia del Arte y la Literatura. &nbsp; Secuencia 0. Evaluaci\u00f3n inicial y presentaci\u00f3n de la materia. Secuencia 1. &hellip; <a href=\"https:\/\/blogsaverroes.juntadeandalucia.es\/abelam\/curso-2021-2022\/comunicacion-y-sociedad-i\/\" class=\"more-link\">Seguir leyendo <span class=\"screen-reader-text\">Comunicaci\u00f3n y Sociedad I<\/span> <span class=\"meta-nav\">&rarr;<\/span><\/a><\/p>\n","protected":false},"author":12632,"featured_media":0,"parent":581,"menu_order":0,"comment_status":"closed","ping_status":"closed","template":"","meta":{"ngg_post_thumbnail":0,"footnotes":""},"aioseo_notices":[],"_links":{"self":[{"href":"https:\/\/blogsaverroes.juntadeandalucia.es\/abelam\/wp-json\/wp\/v2\/pages\/152"}],"collection":[{"href":"https:\/\/blogsaverroes.juntadeandalucia.es\/abelam\/wp-json\/wp\/v2\/pages"}],"about":[{"href":"https:\/\/blogsaverroes.juntadeandalucia.es\/abelam\/wp-json\/wp\/v2\/types\/page"}],"author":[{"embeddable":true,"href":"https:\/\/blogsaverroes.juntadeandalucia.es\/abelam\/wp-json\/wp\/v2\/users\/12632"}],"replies":[{"embeddable":true,"href":"https:\/\/blogsaverroes.juntadeandalucia.es\/abelam\/wp-json\/wp\/v2\/comments?post=152"}],"version-history":[{"count":9,"href":"https:\/\/blogsaverroes.juntadeandalucia.es\/abelam\/wp-json\/wp\/v2\/pages\/152\/revisions"}],"predecessor-version":[{"id":585,"href":"https:\/\/blogsaverroes.juntadeandalucia.es\/abelam\/wp-json\/wp\/v2\/pages\/152\/revisions\/585"}],"up":[{"embeddable":true,"href":"https:\/\/blogsaverroes.juntadeandalucia.es\/abelam\/wp-json\/wp\/v2\/pages\/581"}],"wp:attachment":[{"href":"https:\/\/blogsaverroes.juntadeandalucia.es\/abelam\/wp-json\/wp\/v2\/media?parent=152"}],"curies":[{"name":"wp","href":"https:\/\/api.w.org\/{rel}","templated":true}]}}