{"id":178,"date":"2021-09-13T09:58:24","date_gmt":"2021-09-13T07:58:24","guid":{"rendered":"https:\/\/blogsaverroes.juntadeandalucia.es\/abelam\/?page_id=178"},"modified":"2024-09-10T08:05:06","modified_gmt":"2024-09-10T06:05:06","slug":"historia-del-arte","status":"publish","type":"page","link":"https:\/\/blogsaverroes.juntadeandalucia.es\/abelam\/curso-2021-2022\/historia-del-arte\/","title":{"rendered":"Historia del Arte"},"content":{"rendered":"<p><img loading=\"lazy\" decoding=\"async\" class=\"alignleft wp-image-282\" src=\"https:\/\/blogsaverroes.juntadeandalucia.es\/abelam\/files\/2021\/10\/15330478694_379e8f759d_k-1024x505-1.jpg\" alt=\"&quot; Guerrilla Girls - V&amp;A Museum, London&quot; y fue publicada por Eric@focus\" width=\"265\" height=\"131\" srcset=\"https:\/\/blogsaverroes.juntadeandalucia.es\/abelam\/files\/2021\/10\/15330478694_379e8f759d_k-1024x505-1.jpg 1024w, https:\/\/blogsaverroes.juntadeandalucia.es\/abelam\/files\/2021\/10\/15330478694_379e8f759d_k-1024x505-1-300x148.jpg 300w, https:\/\/blogsaverroes.juntadeandalucia.es\/abelam\/files\/2021\/10\/15330478694_379e8f759d_k-1024x505-1-768x379.jpg 768w\" sizes=\"(max-width: 265px) 100vw, 265px\" \/>El estudio de las diferentes fases de la Historia del Arte ser\u00e1 abordado en este curso con una metodolog\u00eda activa. As\u00ed, por cada etapa de la evoluci\u00f3n hist\u00f3rica realizaremos exposiciones orales, comentarios de obras de arte y pruebas escritas en equipo, que nos permitir\u00e1n adoptar y ensayar desde diferentes enfoques las competencias b\u00e1sicas y los contenidos establecidos en la normativa. Tambi\u00e9n realizaremos ensayos de pruebas PEvAU as\u00ed como otras actividades relacionadas con las obras de arte y sus contextos.<\/p>\n<p><a href=\"https:\/\/blogsaverroes.juntadeandalucia.es\/abelam\/geografia-e-historia-1o-eso\/documentos-y-herramientas-del-curso\/\" target=\"_blank\" rel=\"noopener noreferrer\">Herramientas y documentos \u00fatiles.<\/a><\/p>\n<p><a href=\"https:\/\/drive.google.com\/file\/d\/1dXusuaA5LUYDqGMBxF-TmZ5uo0n2wpyX\/view?usp=sharing\" target=\"_blank\" rel=\"noopener noreferrer\">Evaluaci\u00f3n inicial<\/a><\/p>\n<p><a href=\"https:\/\/blogsaverroes.juntadeandalucia.es\/abelam\/historia-del-arte\/secuencia-0-introduccion-a-la-historia-del-arte\/\" target=\"_blank\" rel=\"noopener noreferrer\">Secuencia 0. Introducci\u00f3n a la Historia del arte.<\/a><\/p>\n<p><a href=\"https:\/\/blogsaverroes.juntadeandalucia.es\/abelam\/historia-del-arte\/sc1\/\" target=\"_blank\" rel=\"noopener noreferrer\">Secuencia 1. El legado del Arte cl\u00e1sico.<\/a><\/p>\n<p><a title=\"SC2. Los inicios del Arte europeo en la alta Edad media\" href=\"https:\/\/blogsaverroes.juntadeandalucia.es\/abelam\/historia-del-arte\/sc2-los-inicios-del-arte-europeo-en-la-alta-edad-media\/\" target=\"_blank\" rel=\"noopener noreferrer\">Secuencia 2. Los inicios del Arte europeo en la Alta Edad Media.<\/a><\/p>\n<p><a href=\"https:\/\/blogsaverroes.juntadeandalucia.es\/abelam\/historia-del-arte\/sc3-el-arte-de-la-plena-edad-media-romanico-y-gotico\/\" target=\"_blank\" rel=\"noopener noreferrer\">Secuencia 3. El Arte de la plena Edad Media: Rom\u00e1nico y G\u00f3tico.<\/a><\/p>\n<p><a href=\"https:\/\/blogsaverroes.juntadeandalucia.es\/abelam\/historia-del-arte\/sc4-arte-moderno\/\" target=\"_blank\" rel=\"noopener noreferrer\">Secuencia 4. El desarrollo del Arte europeo. El Arte moderno<\/a>.<\/p>\n<p><a href=\"https:\/\/blogsaverroes.juntadeandalucia.es\/abelam\/historia-del-arte\/sc5-el-arte-del-siglo-xix-2\/\" target=\"_blank\" rel=\"noopener noreferrer\">Secuencia 5. El Arte del siglo XIX.<\/a><\/p>\n<p><a href=\"https:\/\/blogsaverroes.juntadeandalucia.es\/abelam\/historia-del-arte\/sc6-arte-del-siglo-xx\/\" target=\"_blank\" rel=\"noopener noreferrer\">Secuencia 6. El Arte del siglo XX.<\/a><\/p>\n","protected":false},"excerpt":{"rendered":"<p>El estudio de las diferentes fases de la Historia del Arte ser\u00e1 abordado en este curso con una metodolog\u00eda activa. As\u00ed, por cada etapa de la evoluci\u00f3n hist\u00f3rica realizaremos exposiciones orales, comentarios de obras de arte y pruebas escritas en equipo, que nos permitir\u00e1n adoptar y ensayar desde diferentes enfoques las competencias b\u00e1sicas y los &hellip; <a href=\"https:\/\/blogsaverroes.juntadeandalucia.es\/abelam\/curso-2021-2022\/historia-del-arte\/\" class=\"more-link\">Seguir leyendo <span class=\"screen-reader-text\">Historia del Arte<\/span> <span class=\"meta-nav\">&rarr;<\/span><\/a><\/p>\n","protected":false},"author":12632,"featured_media":0,"parent":581,"menu_order":0,"comment_status":"closed","ping_status":"closed","template":"","meta":{"ngg_post_thumbnail":0,"footnotes":""},"aioseo_notices":[],"_links":{"self":[{"href":"https:\/\/blogsaverroes.juntadeandalucia.es\/abelam\/wp-json\/wp\/v2\/pages\/178"}],"collection":[{"href":"https:\/\/blogsaverroes.juntadeandalucia.es\/abelam\/wp-json\/wp\/v2\/pages"}],"about":[{"href":"https:\/\/blogsaverroes.juntadeandalucia.es\/abelam\/wp-json\/wp\/v2\/types\/page"}],"author":[{"embeddable":true,"href":"https:\/\/blogsaverroes.juntadeandalucia.es\/abelam\/wp-json\/wp\/v2\/users\/12632"}],"replies":[{"embeddable":true,"href":"https:\/\/blogsaverroes.juntadeandalucia.es\/abelam\/wp-json\/wp\/v2\/comments?post=178"}],"version-history":[{"count":19,"href":"https:\/\/blogsaverroes.juntadeandalucia.es\/abelam\/wp-json\/wp\/v2\/pages\/178\/revisions"}],"predecessor-version":[{"id":866,"href":"https:\/\/blogsaverroes.juntadeandalucia.es\/abelam\/wp-json\/wp\/v2\/pages\/178\/revisions\/866"}],"up":[{"embeddable":true,"href":"https:\/\/blogsaverroes.juntadeandalucia.es\/abelam\/wp-json\/wp\/v2\/pages\/581"}],"wp:attachment":[{"href":"https:\/\/blogsaverroes.juntadeandalucia.es\/abelam\/wp-json\/wp\/v2\/media?parent=178"}],"curies":[{"name":"wp","href":"https:\/\/api.w.org\/{rel}","templated":true}]}}