{"id":962,"date":"2023-09-16T08:33:24","date_gmt":"2023-09-16T06:33:24","guid":{"rendered":"https:\/\/blogsaverroes.juntadeandalucia.es\/abelam\/?page_id=962"},"modified":"2024-09-18T18:53:50","modified_gmt":"2024-09-18T16:53:50","slug":"gh3","status":"publish","type":"page","link":"https:\/\/blogsaverroes.juntadeandalucia.es\/abelam\/curso-2023-2024\/gh3\/","title":{"rendered":"GH3. 2023-2024"},"content":{"rendered":"<p><strong>GEOGRAF\u00cdA E HISTORIA 3\u00ba DE ESO<br \/>\n<\/strong><\/p>\n<p><img loading=\"lazy\" decoding=\"async\" class=\"alignleft size-medium wp-image-963\" src=\"https:\/\/blogsaverroes.juntadeandalucia.es\/abelam\/files\/2023\/09\/168794-300x183.jpg\" alt=\"\" width=\"300\" height=\"183\" srcset=\"https:\/\/blogsaverroes.juntadeandalucia.es\/abelam\/files\/2023\/09\/168794-300x183.jpg 300w, https:\/\/blogsaverroes.juntadeandalucia.es\/abelam\/files\/2023\/09\/168794-1024x626.jpg 1024w, https:\/\/blogsaverroes.juntadeandalucia.es\/abelam\/files\/2023\/09\/168794-768x470.jpg 768w, https:\/\/blogsaverroes.juntadeandalucia.es\/abelam\/files\/2023\/09\/168794-1536x939.jpg 1536w, https:\/\/blogsaverroes.juntadeandalucia.es\/abelam\/files\/2023\/09\/168794.jpg 2048w\" sizes=\"(max-width: 300px) 100vw, 300px\" \/><\/p>\n<p id=\"yui_3_17_2_1_1695011212116_321\" dir=\"ltr\">El curso de Geograf\u00eda e Historia de la ESO se centra, fundamentalmente, en la Geograf\u00eda. En el primer trimestre repasaremos conceptos y t\u00e9cnicas vistos en 1\u00ba y 2\u00ba de la ESO como son la Geograf\u00eda f\u00edsica y clim\u00e1tica, la Demograf\u00eda, la Geograf\u00eda pol\u00edtica y las ciudades. El segundo trimestre estar\u00e1 dedicado a la Geograf\u00eda econ\u00f3mica y en el tercero estudiaremos aspectos relacionados con el desarrollo o, en su defecto, el subdesarrollo.<\/p>\n<p dir=\"ltr\">La metodolog\u00eda del curso ser\u00e1, eminentemente, pr\u00e1ctica. Si bien todas las seceuncias contar\u00e1n con sesiones te\u00f3ricas dedicadas al estudio de conceptos y t\u00e9cnicas de trabajo, la mayor parte del tiempo estar\u00e1 protagonizada por la realizaci\u00f3n de tareas, tanto individuales como en equipo, con las que movilizar esos aprendizajes: Viajes, investigaciones, exposiciones, realizaci\u00f3n de informes o la participaci\u00f3n de debates ser\u00e1n algunas de estas tareas.<\/p>\n<p><a href=\"https:\/\/drive.google.com\/file\/d\/1azeBVmiNNvBSz-nJE18zsd7H-qAvcD5_\/view?usp=sharing\" target=\"_blank\" rel=\"noopener noreferrer\">Normativa<\/a><\/p>\n<p><a href=\"https:\/\/drive.google.com\/file\/d\/1Ddq6-dNuXk6tagI3xDG6q4lA1xOtcdwM\/view?usp=sharing\" target=\"_blank\" rel=\"noopener noreferrer\">Metodolog\u00eda<\/a><\/p>\n<p><a href=\"https:\/\/blogsaverroes.juntadeandalucia.es\/abelam\/gh3-sc0\/\" target=\"_blank\" rel=\"noopener noreferrer\">Secuencia 0. Evaluaci\u00f3n inicial y presentaci\u00f3n.<\/a><\/p>\n<p><a href=\"https:\/\/blogsaverroes.juntadeandalucia.es\/abelam\/curso-2023-2024\/gh3\/sc1\/\">Secuencia 1. La vuelta al mundo.<\/a><\/p>\n<p><a href=\"https:\/\/blogsaverroes.juntadeandalucia.es\/abelam\/gh3\/3gh-sc2\/\" target=\"_blank\" rel=\"noopener noreferrer\">Secuencia 2. Lo que mueve el mundo.<\/a><\/p>\n<p><a href=\"https:\/\/blogsaverroes.juntadeandalucia.es\/abelam\/gh3\/3ghsc3-que-pasa-en-cai\/\" target=\"_blank\" rel=\"noopener noreferrer\">Secuencia 3. Qu\u00e9 pasa en Cai.<\/a><\/p>\n","protected":false},"excerpt":{"rendered":"<p>GEOGRAF\u00cdA E HISTORIA 3\u00ba DE ESO El curso de Geograf\u00eda e Historia de la ESO se centra, fundamentalmente, en la Geograf\u00eda. En el primer trimestre repasaremos conceptos y t\u00e9cnicas vistos en 1\u00ba y 2\u00ba de la ESO como son la Geograf\u00eda f\u00edsica y clim\u00e1tica, la Demograf\u00eda, la Geograf\u00eda pol\u00edtica y las ciudades. El segundo trimestre &hellip; <a href=\"https:\/\/blogsaverroes.juntadeandalucia.es\/abelam\/curso-2023-2024\/gh3\/\" class=\"more-link\">Seguir leyendo <span class=\"screen-reader-text\">GH3. 2023-2024<\/span> <span class=\"meta-nav\">&rarr;<\/span><\/a><\/p>\n","protected":false},"author":12632,"featured_media":0,"parent":1334,"menu_order":0,"comment_status":"closed","ping_status":"closed","template":"","meta":{"ngg_post_thumbnail":0,"footnotes":""},"aioseo_notices":[],"_links":{"self":[{"href":"https:\/\/blogsaverroes.juntadeandalucia.es\/abelam\/wp-json\/wp\/v2\/pages\/962"}],"collection":[{"href":"https:\/\/blogsaverroes.juntadeandalucia.es\/abelam\/wp-json\/wp\/v2\/pages"}],"about":[{"href":"https:\/\/blogsaverroes.juntadeandalucia.es\/abelam\/wp-json\/wp\/v2\/types\/page"}],"author":[{"embeddable":true,"href":"https:\/\/blogsaverroes.juntadeandalucia.es\/abelam\/wp-json\/wp\/v2\/users\/12632"}],"replies":[{"embeddable":true,"href":"https:\/\/blogsaverroes.juntadeandalucia.es\/abelam\/wp-json\/wp\/v2\/comments?post=962"}],"version-history":[{"count":11,"href":"https:\/\/blogsaverroes.juntadeandalucia.es\/abelam\/wp-json\/wp\/v2\/pages\/962\/revisions"}],"predecessor-version":[{"id":1414,"href":"https:\/\/blogsaverroes.juntadeandalucia.es\/abelam\/wp-json\/wp\/v2\/pages\/962\/revisions\/1414"}],"up":[{"embeddable":true,"href":"https:\/\/blogsaverroes.juntadeandalucia.es\/abelam\/wp-json\/wp\/v2\/pages\/1334"}],"wp:attachment":[{"href":"https:\/\/blogsaverroes.juntadeandalucia.es\/abelam\/wp-json\/wp\/v2\/media?parent=962"}],"curies":[{"name":"wp","href":"https:\/\/api.w.org\/{rel}","templated":true}]}}