{"id":975,"date":"2023-09-16T08:57:59","date_gmt":"2023-09-16T06:57:59","guid":{"rendered":"https:\/\/blogsaverroes.juntadeandalucia.es\/abelam\/?page_id=975"},"modified":"2024-09-21T11:01:59","modified_gmt":"2024-09-21T09:01:59","slug":"gh4","status":"publish","type":"page","link":"https:\/\/blogsaverroes.juntadeandalucia.es\/abelam\/curso-2023-2024\/gh4\/","title":{"rendered":"GH4 2023-2024"},"content":{"rendered":"<p><strong>GEOGRAF\u00cdA E HISTORIA. 4\u00ba DE LA ESO<\/strong><\/p>\n<figure id=\"attachment_873\" aria-describedby=\"caption-attachment-873\" style=\"width: 300px\" class=\"wp-caption alignleft\"><img loading=\"lazy\" decoding=\"async\" class=\"size-medium wp-image-873\" src=\"https:\/\/blogsaverroes.juntadeandalucia.es\/abelam\/files\/2023\/04\/FFHnEbsX0AI37uK-300x185.png\" alt=\"\" width=\"300\" height=\"185\" srcset=\"https:\/\/blogsaverroes.juntadeandalucia.es\/abelam\/files\/2023\/04\/FFHnEbsX0AI37uK-300x185.png 300w, https:\/\/blogsaverroes.juntadeandalucia.es\/abelam\/files\/2023\/04\/FFHnEbsX0AI37uK.png 512w\" sizes=\"(max-width: 300px) 100vw, 300px\" \/><figcaption id=\"caption-attachment-873\" class=\"wp-caption-text\">Fotograma de \u00abLa Commune\u00bb, de Peter Watkins.<\/figcaption><\/figure>\n<p dir=\"ltr\">El curso de Geograf\u00eda e Historia de 4\u00ba de la ESO es una aproximaci\u00f3n a la Historia contempor\u00e1nea, En el primer trimestre estudiaremos el gran salto hist\u00f3rico del Antiguo R\u00e9gimen a la sociedad de clases en el siglo XIX a trav\u00e9s de las revoluciones liberales y la revoluci\u00f3n industrial. En el segundo veremos como los excesos de la nueva sociedad capitalista llevaron al planeta entero a dos guerras mundiales y un mundo bipolar tras \u00e9stas. En el \u00faltimo trimestre repasaremos los procesos y hechos m\u00e1s relevantes de las \u00faltimas d\u00e9cadas y trataremos de identificar los principales retos del mundo de hoy.<\/p>\n<p dir=\"ltr\">La metodolog\u00eda del curso ser\u00e1, eminentemente, pr\u00e1ctica. Si bien todas las secuencias contar\u00e1n con sesiones te\u00f3ricas dedicadas al estudio de conceptos y t\u00e9cnicas de trabajo, la mayor parte del tiempo estar\u00e1 protagonizada por la realizaci\u00f3n de tareas, tanto individuales como en equipo, con las que movilizar esos aprendizajes: peque\u00f1as investigaciones, exposiciones, composici\u00f3n de textos, realizaci\u00f3n de informes o la participaci\u00f3n de debates ser\u00e1n algunas de estas tareas.<\/p>\n<p><a href=\"https:\/\/drive.google.com\/file\/d\/1EfqLaVVNdgYgXMHvU_13t_OiRB-w49WH\/view?usp=sharing\" target=\"_blank\" rel=\"noopener noreferrer\">Normativa<\/a><\/p>\n<p><a href=\"https:\/\/drive.google.com\/file\/d\/1vO1zIg-Z-CcnUW_UQU95B25q5xOmj8JN\/view?usp=sharing\" target=\"_blank\" rel=\"noopener noreferrer\">Metodolog\u00eda<\/a><\/p>\n<p><a href=\"https:\/\/blogsaverroes.juntadeandalucia.es\/abelam\/4gh-sc0\/\" target=\"_blank\" rel=\"noopener noreferrer\">Secuencia 0. Evaluaci\u00f3n inicial y presentaci\u00f3n<\/a>.<\/p>\n<p><a href=\"https:\/\/blogsaverroes.juntadeandalucia.es\/abelam\/curso-2023-2024\/gh4\/sc1\/\" target=\"_blank\" rel=\"noopener\">Secuencia 1. El gran cambio.<\/a><\/p>\n<p><a href=\"https:\/\/blogsaverroes.juntadeandalucia.es\/abelam\/gh4\/4ghsc2-la-historia-en-marcha\/\" target=\"_blank\" rel=\"noopener noreferrer\">Secuencia 2. La Historia en marcha<\/a>.<\/p>\n<p><a href=\"https:\/\/blogsaverroes.juntadeandalucia.es\/abelam\/gh4\/sc3\/\" target=\"_blank\" rel=\"noopener noreferrer\">Secuencia 3. Hasta aqu\u00ed hemos llegado<\/a>.<\/p>\n","protected":false},"excerpt":{"rendered":"<p>GEOGRAF\u00cdA E HISTORIA. 4\u00ba DE LA ESO El curso de Geograf\u00eda e Historia de 4\u00ba de la ESO es una aproximaci\u00f3n a la Historia contempor\u00e1nea, En el primer trimestre estudiaremos el gran salto hist\u00f3rico del Antiguo R\u00e9gimen a la sociedad de clases en el siglo XIX a trav\u00e9s de las revoluciones liberales y la revoluci\u00f3n &hellip; <a href=\"https:\/\/blogsaverroes.juntadeandalucia.es\/abelam\/curso-2023-2024\/gh4\/\" class=\"more-link\">Seguir leyendo <span class=\"screen-reader-text\">GH4 2023-2024<\/span> <span class=\"meta-nav\">&rarr;<\/span><\/a><\/p>\n","protected":false},"author":12632,"featured_media":0,"parent":1334,"menu_order":0,"comment_status":"closed","ping_status":"closed","template":"","meta":{"ngg_post_thumbnail":0,"footnotes":""},"aioseo_notices":[],"_links":{"self":[{"href":"https:\/\/blogsaverroes.juntadeandalucia.es\/abelam\/wp-json\/wp\/v2\/pages\/975"}],"collection":[{"href":"https:\/\/blogsaverroes.juntadeandalucia.es\/abelam\/wp-json\/wp\/v2\/pages"}],"about":[{"href":"https:\/\/blogsaverroes.juntadeandalucia.es\/abelam\/wp-json\/wp\/v2\/types\/page"}],"author":[{"embeddable":true,"href":"https:\/\/blogsaverroes.juntadeandalucia.es\/abelam\/wp-json\/wp\/v2\/users\/12632"}],"replies":[{"embeddable":true,"href":"https:\/\/blogsaverroes.juntadeandalucia.es\/abelam\/wp-json\/wp\/v2\/comments?post=975"}],"version-history":[{"count":10,"href":"https:\/\/blogsaverroes.juntadeandalucia.es\/abelam\/wp-json\/wp\/v2\/pages\/975\/revisions"}],"predecessor-version":[{"id":1415,"href":"https:\/\/blogsaverroes.juntadeandalucia.es\/abelam\/wp-json\/wp\/v2\/pages\/975\/revisions\/1415"}],"up":[{"embeddable":true,"href":"https:\/\/blogsaverroes.juntadeandalucia.es\/abelam\/wp-json\/wp\/v2\/pages\/1334"}],"wp:attachment":[{"href":"https:\/\/blogsaverroes.juntadeandalucia.es\/abelam\/wp-json\/wp\/v2\/media?parent=975"}],"curies":[{"name":"wp","href":"https:\/\/api.w.org\/{rel}","templated":true}]}}