{"id":229,"date":"2024-09-22T17:23:56","date_gmt":"2024-09-22T15:23:56","guid":{"rendered":"https:\/\/blogsaverroes.juntadeandalucia.es\/aldeaceipferrobus\/?page_id=229"},"modified":"2025-06-24T10:40:27","modified_gmt":"2025-06-24T08:40:27","slug":"curso-2024-25","status":"publish","type":"page","link":"https:\/\/blogsaverroes.juntadeandalucia.es\/aldeaceipferrobus\/curso-2024-25\/","title":{"rendered":"CURSO 2024\/25"},"content":{"rendered":"<p>19\/06\/2025<\/p>\n<p><img loading=\"lazy\" decoding=\"async\" class=\"aligncenter size-full wp-image-327\" src=\"https:\/\/blogsaverroes.juntadeandalucia.es\/aldeaceipferrobus\/files\/2025\/06\/IMG_0338-scaled.jpeg\" alt=\"\" width=\"725\" height=\"2560\" srcset=\"https:\/\/blogsaverroes.juntadeandalucia.es\/aldeaceipferrobus\/files\/2025\/06\/IMG_0338-scaled.jpeg 725w, https:\/\/blogsaverroes.juntadeandalucia.es\/aldeaceipferrobus\/files\/2025\/06\/IMG_0338-85x300.jpeg 85w, https:\/\/blogsaverroes.juntadeandalucia.es\/aldeaceipferrobus\/files\/2025\/06\/IMG_0338-290x1024.jpeg 290w, https:\/\/blogsaverroes.juntadeandalucia.es\/aldeaceipferrobus\/files\/2025\/06\/IMG_0338-768x2711.jpeg 768w, https:\/\/blogsaverroes.juntadeandalucia.es\/aldeaceipferrobus\/files\/2025\/06\/IMG_0338-435x1536.jpeg 435w, https:\/\/blogsaverroes.juntadeandalucia.es\/aldeaceipferrobus\/files\/2025\/06\/IMG_0338-580x2048.jpeg 580w\" sizes=\"(max-width: 725px) 100vw, 725px\" \/><\/p>\n<p style=\"text-align: center\"><span style=\"font-size: 18pt\"><strong>\ud83c\udfc6 Celebramos el compromiso con el reciclaje: \u00a1gracias por cuidar el planeta!<\/strong><\/span><strong style=\"font-size: 18pt\">&nbsp;\u267b\ufe0f\ud83c\udf0d<\/strong><\/p>\n<p>Este curso, nuestro centro ha demostrado que, cuando trabajamos unidos por una causa com\u00fan, podemos lograr cosas maravillosas. Gracias a la implicaci\u00f3n de todo el alumnado, los viernes se han convertido en una aut\u00e9ntica fiesta del reciclaje, en la que papel y cart\u00f3n han encontrado su lugar en el contenedor azul\u2026 y en nuestra conciencia ecol\u00f3gica.<\/p>\n<p>Para reconocer ese esfuerzo continuo, hemos celebrado la entrega de diplomas a las clases que m\u00e1s han reciclado durante el curso. \u00a1Y qu\u00e9 emoci\u00f3n compartir los resultados!<\/p>\n<p><span style=\"font-size: 14pt\"><strong>\ud83e\udd47 \u00a1Enhorabuena a 4\u00baB, nuestros campeones del reciclaje!<\/strong><\/span><\/p>\n<p><span style=\"font-size: 14pt\"><strong>\ud83e\udd48 Un fuerte aplauso para 4\u00baA y 5\u00baA, que han conseguido un merecid\u00edsimo segundo puesto.<\/strong><\/span><\/p>\n<p><span style=\"font-size: 14pt\"><strong>\ud83e\udd49 Y no podemos olvidar a nuestras clases terceras clasificadas: 1\u00baA, 3\u00baB y 6\u00baA. \u00a1Bravo por vuestro compromiso constante!<\/strong><\/span><\/p>\n<p>Sin embargo, el verdadero premio es colectivo. Cada caja que se llev\u00f3 al contenedor, cada folio que no termin\u00f3 en la basura com\u00fan, cada gesto de conciencia\u2026 ha sumado. Por eso, desde aqu\u00ed queremos dar las gracias a todas las clases, sin excepci\u00f3n, por su participaci\u00f3n activa en esta bonita iniciativa del programa ALDEA.<\/p>\n<p>Gracias por demostrar que reciclar es una forma de querer al planeta, que los peque\u00f1os gestos diarios son los que construyen un futuro m\u00e1s limpio y justo.<\/p>\n<p>&nbsp;<\/p>\n<p><span style=\"font-size: 14pt\"><strong>\ud83c\udf3f Sigamos cuidando lo que importa. Gracias por ser parte del cambio.<\/strong><\/span><\/p>\n<p>&nbsp;<\/p>\n<p><img loading=\"lazy\" decoding=\"async\" class=\"aligncenter size-full wp-image-262\" src=\"https:\/\/blogsaverroes.juntadeandalucia.es\/aldeaceipferrobus\/files\/2025\/03\/IMG_0185-4-e1742223359834.jpeg\" alt=\"\" width=\"1300\" height=\"289\" srcset=\"https:\/\/blogsaverroes.juntadeandalucia.es\/aldeaceipferrobus\/files\/2025\/03\/IMG_0185-4-e1742223359834.jpeg 1300w, https:\/\/blogsaverroes.juntadeandalucia.es\/aldeaceipferrobus\/files\/2025\/03\/IMG_0185-4-e1742223359834-300x67.jpeg 300w, https:\/\/blogsaverroes.juntadeandalucia.es\/aldeaceipferrobus\/files\/2025\/03\/IMG_0185-4-e1742223359834-1024x228.jpeg 1024w, https:\/\/blogsaverroes.juntadeandalucia.es\/aldeaceipferrobus\/files\/2025\/03\/IMG_0185-4-e1742223359834-768x171.jpeg 768w, https:\/\/blogsaverroes.juntadeandalucia.es\/aldeaceipferrobus\/files\/2025\/03\/IMG_0185-4-e1742223359834-700x156.jpeg 700w, https:\/\/blogsaverroes.juntadeandalucia.es\/aldeaceipferrobus\/files\/2025\/03\/IMG_0185-4-e1742223359834-332x74.jpeg 332w\" sizes=\"(max-width: 1300px) 100vw, 1300px\" \/><\/p>\n<p>06\/06\/2025<\/p>\n<p><img loading=\"lazy\" decoding=\"async\" class=\"aligncenter size-full wp-image-324\" src=\"https:\/\/blogsaverroes.juntadeandalucia.es\/aldeaceipferrobus\/files\/2025\/06\/IMG_0331-scaled.jpeg\" alt=\"\" width=\"799\" height=\"2560\" srcset=\"https:\/\/blogsaverroes.juntadeandalucia.es\/aldeaceipferrobus\/files\/2025\/06\/IMG_0331-scaled.jpeg 799w, https:\/\/blogsaverroes.juntadeandalucia.es\/aldeaceipferrobus\/files\/2025\/06\/IMG_0331-94x300.jpeg 94w, https:\/\/blogsaverroes.juntadeandalucia.es\/aldeaceipferrobus\/files\/2025\/06\/IMG_0331-320x1024.jpeg 320w, https:\/\/blogsaverroes.juntadeandalucia.es\/aldeaceipferrobus\/files\/2025\/06\/IMG_0331-768x2460.jpeg 768w, https:\/\/blogsaverroes.juntadeandalucia.es\/aldeaceipferrobus\/files\/2025\/06\/IMG_0331-639x2048.jpeg 639w\" sizes=\"(max-width: 799px) 100vw, 799px\" \/><\/p>\n<p>&nbsp;<\/p>\n<p style=\"text-align: center\">\ud83c\udf31<strong> <span style=\"font-size: 18pt\">Un curso reciclando juntos: peque\u00f1os gestos, grandes cambios<\/span><\/strong> \u267b\ufe0f<\/p>\n<p>Cada viernes, sin falta, nuestro centro se ha llenado de ilusi\u00f3n, compromiso y conciencia ambiental. A lo largo de todo el curso, el alumnado ha participado en una actividad tan sencilla como poderosa: salir en grupo a reciclar papel y cart\u00f3n en el contenedor anejo al colegio.<\/p>\n<p>Este gesto, que ya forma parte de nuestra rutina semanal, ha sido mucho m\u00e1s que una tarea de reciclaje. Ha sido una oportunidad para educar en valores, para fomentar el trabajo en equipo y para tomar conciencia de la huella que dejamos en el planeta. Ha sido un momento para reflexionar, para actuar y, sobre todo, para sentirnos parte del cambio.<\/p>\n<p>Cada hoja de papel depositada, cada caja doblada y llevada al contenedor ha simbolizado nuestro compromiso con un futuro m\u00e1s sostenible. Hemos aprendido que reciclar no es solo una acci\u00f3n, sino una actitud de respeto y responsabilidad hacia nuestro entorno.<\/p>\n<p>Gracias al programa ALDEA, hemos integrado el cuidado del medio ambiente en nuestro d\u00eda a d\u00eda escolar. Pero sobre todo, gracias a nuestros ni\u00f1os y ni\u00f1as, que han demostrado que con constancia, alegr\u00eda y voluntad se pueden hacer cosas grandes.<\/p>\n<p>Seguiremos apostando por una escuela que ense\u00f1a, pero tambi\u00e9n que inspira. Una escuela que no solo transmite conocimientos, sino que siembra conciencia.<\/p>\n<p>Porque cada viernes ha sido un paso m\u00e1s hacia un mundo mejor. \ud83c\udf0d\ud83d\udc9a<\/p>\n<p><img loading=\"lazy\" decoding=\"async\" class=\"aligncenter size-full wp-image-257\" src=\"https:\/\/blogsaverroes.juntadeandalucia.es\/aldeaceipferrobus\/files\/2025\/03\/IMG_0185-3-e1742222985544.jpeg\" alt=\"\" width=\"1300\" height=\"270\" srcset=\"https:\/\/blogsaverroes.juntadeandalucia.es\/aldeaceipferrobus\/files\/2025\/03\/IMG_0185-3-e1742222985544.jpeg 1300w, https:\/\/blogsaverroes.juntadeandalucia.es\/aldeaceipferrobus\/files\/2025\/03\/IMG_0185-3-e1742222985544-300x62.jpeg 300w, https:\/\/blogsaverroes.juntadeandalucia.es\/aldeaceipferrobus\/files\/2025\/03\/IMG_0185-3-e1742222985544-1024x213.jpeg 1024w, https:\/\/blogsaverroes.juntadeandalucia.es\/aldeaceipferrobus\/files\/2025\/03\/IMG_0185-3-e1742222985544-768x160.jpeg 768w, https:\/\/blogsaverroes.juntadeandalucia.es\/aldeaceipferrobus\/files\/2025\/03\/IMG_0185-3-e1742222985544-700x145.jpeg 700w, https:\/\/blogsaverroes.juntadeandalucia.es\/aldeaceipferrobus\/files\/2025\/03\/IMG_0185-3-e1742222985544-332x69.jpeg 332w\" sizes=\"(max-width: 1300px) 100vw, 1300px\" \/><\/p>\n<p>&nbsp;<\/p>\n<p style=\"text-align: left\">12\/05\/2025<\/p>\n<p><img loading=\"lazy\" decoding=\"async\" class=\"aligncenter size-full wp-image-319\" src=\"https:\/\/blogsaverroes.juntadeandalucia.es\/aldeaceipferrobus\/files\/2025\/05\/IMG_0306.jpeg\" alt=\"\" width=\"1536\" height=\"1536\" srcset=\"https:\/\/blogsaverroes.juntadeandalucia.es\/aldeaceipferrobus\/files\/2025\/05\/IMG_0306.jpeg 1536w, https:\/\/blogsaverroes.juntadeandalucia.es\/aldeaceipferrobus\/files\/2025\/05\/IMG_0306-300x300.jpeg 300w, https:\/\/blogsaverroes.juntadeandalucia.es\/aldeaceipferrobus\/files\/2025\/05\/IMG_0306-1024x1024.jpeg 1024w, https:\/\/blogsaverroes.juntadeandalucia.es\/aldeaceipferrobus\/files\/2025\/05\/IMG_0306-150x150.jpeg 150w, https:\/\/blogsaverroes.juntadeandalucia.es\/aldeaceipferrobus\/files\/2025\/05\/IMG_0306-768x768.jpeg 768w, https:\/\/blogsaverroes.juntadeandalucia.es\/aldeaceipferrobus\/files\/2025\/05\/IMG_0306-700x700.jpeg 700w, https:\/\/blogsaverroes.juntadeandalucia.es\/aldeaceipferrobus\/files\/2025\/05\/IMG_0306-332x332.jpeg 332w, https:\/\/blogsaverroes.juntadeandalucia.es\/aldeaceipferrobus\/files\/2025\/05\/IMG_0306-432x432.jpeg 432w, https:\/\/blogsaverroes.juntadeandalucia.es\/aldeaceipferrobus\/files\/2025\/05\/IMG_0306-268x268.jpeg 268w\" sizes=\"(max-width: 1536px) 100vw, 1536px\" \/><\/p>\n<p>&nbsp;<\/p>\n<p>Ya hemos acabado de instalar nuestro programador y riego a goteo.&nbsp;<\/p>\n<p style=\"text-align: center\"><strong><span style=\"font-size: 24pt\">Summer is coming!<\/span><\/strong><\/p>\n<p>&nbsp;<\/p>\n<p>&nbsp;<\/p>\n<p><img loading=\"lazy\" decoding=\"async\" class=\"aligncenter size-full wp-image-244\" src=\"https:\/\/blogsaverroes.juntadeandalucia.es\/aldeaceipferrobus\/files\/2025\/03\/IMG_0185-1-e1741888590132.jpeg\" alt=\"\" width=\"1300\" height=\"254\" srcset=\"https:\/\/blogsaverroes.juntadeandalucia.es\/aldeaceipferrobus\/files\/2025\/03\/IMG_0185-1-e1741888590132.jpeg 1300w, https:\/\/blogsaverroes.juntadeandalucia.es\/aldeaceipferrobus\/files\/2025\/03\/IMG_0185-1-e1741888590132-300x59.jpeg 300w, https:\/\/blogsaverroes.juntadeandalucia.es\/aldeaceipferrobus\/files\/2025\/03\/IMG_0185-1-e1741888590132-1024x200.jpeg 1024w, https:\/\/blogsaverroes.juntadeandalucia.es\/aldeaceipferrobus\/files\/2025\/03\/IMG_0185-1-e1741888590132-768x150.jpeg 768w, https:\/\/blogsaverroes.juntadeandalucia.es\/aldeaceipferrobus\/files\/2025\/03\/IMG_0185-1-e1741888590132-700x137.jpeg 700w, https:\/\/blogsaverroes.juntadeandalucia.es\/aldeaceipferrobus\/files\/2025\/03\/IMG_0185-1-e1741888590132-332x65.jpeg 332w\" sizes=\"(max-width: 1300px) 100vw, 1300px\" \/><\/p>\n<p>09\/05\/2025<\/p>\n<p><img loading=\"lazy\" decoding=\"async\" class=\"aligncenter size-full wp-image-316\" src=\"https:\/\/blogsaverroes.juntadeandalucia.es\/aldeaceipferrobus\/files\/2025\/05\/IMG_0301.jpeg\" alt=\"\" width=\"1600\" height=\"739\" srcset=\"https:\/\/blogsaverroes.juntadeandalucia.es\/aldeaceipferrobus\/files\/2025\/05\/IMG_0301.jpeg 1600w, https:\/\/blogsaverroes.juntadeandalucia.es\/aldeaceipferrobus\/files\/2025\/05\/IMG_0301-300x139.jpeg 300w, https:\/\/blogsaverroes.juntadeandalucia.es\/aldeaceipferrobus\/files\/2025\/05\/IMG_0301-1024x473.jpeg 1024w, https:\/\/blogsaverroes.juntadeandalucia.es\/aldeaceipferrobus\/files\/2025\/05\/IMG_0301-768x355.jpeg 768w, https:\/\/blogsaverroes.juntadeandalucia.es\/aldeaceipferrobus\/files\/2025\/05\/IMG_0301-1536x709.jpeg 1536w, https:\/\/blogsaverroes.juntadeandalucia.es\/aldeaceipferrobus\/files\/2025\/05\/IMG_0301-700x323.jpeg 700w, https:\/\/blogsaverroes.juntadeandalucia.es\/aldeaceipferrobus\/files\/2025\/05\/IMG_0301-332x153.jpeg 332w\" sizes=\"(max-width: 1600px) 100vw, 1600px\" \/><\/p>\n<p>&nbsp;<\/p>\n<p style=\"text-align: center\"><span style=\"font-size: 14pt\">\u00a1Qu\u00e9 bonitos van nuestros calabacines!<\/span><\/p>\n<p>&nbsp;<\/p>\n<p><img loading=\"lazy\" decoding=\"async\" class=\"aligncenter size-full wp-image-240\" src=\"https:\/\/blogsaverroes.juntadeandalucia.es\/aldeaceipferrobus\/files\/2025\/03\/IMG_0185-e1741888046333.jpeg\" alt=\"\" width=\"1300\" height=\"280\" srcset=\"https:\/\/blogsaverroes.juntadeandalucia.es\/aldeaceipferrobus\/files\/2025\/03\/IMG_0185-e1741888046333.jpeg 1300w, https:\/\/blogsaverroes.juntadeandalucia.es\/aldeaceipferrobus\/files\/2025\/03\/IMG_0185-e1741888046333-300x65.jpeg 300w, https:\/\/blogsaverroes.juntadeandalucia.es\/aldeaceipferrobus\/files\/2025\/03\/IMG_0185-e1741888046333-1024x221.jpeg 1024w, https:\/\/blogsaverroes.juntadeandalucia.es\/aldeaceipferrobus\/files\/2025\/03\/IMG_0185-e1741888046333-768x165.jpeg 768w, https:\/\/blogsaverroes.juntadeandalucia.es\/aldeaceipferrobus\/files\/2025\/03\/IMG_0185-e1741888046333-700x151.jpeg 700w, https:\/\/blogsaverroes.juntadeandalucia.es\/aldeaceipferrobus\/files\/2025\/03\/IMG_0185-e1741888046333-332x72.jpeg 332w\" sizes=\"(max-width: 1300px) 100vw, 1300px\" \/><\/p>\n<p>&nbsp;<\/p>\n<p>07\/05\/2025<\/p>\n<p><img loading=\"lazy\" decoding=\"async\" class=\"aligncenter size-full wp-image-314\" src=\"https:\/\/blogsaverroes.juntadeandalucia.es\/aldeaceipferrobus\/files\/2025\/05\/IMG_0300.jpeg\" alt=\"\" width=\"1280\" height=\"1920\" srcset=\"https:\/\/blogsaverroes.juntadeandalucia.es\/aldeaceipferrobus\/files\/2025\/05\/IMG_0300.jpeg 1280w, https:\/\/blogsaverroes.juntadeandalucia.es\/aldeaceipferrobus\/files\/2025\/05\/IMG_0300-200x300.jpeg 200w, https:\/\/blogsaverroes.juntadeandalucia.es\/aldeaceipferrobus\/files\/2025\/05\/IMG_0300-683x1024.jpeg 683w, https:\/\/blogsaverroes.juntadeandalucia.es\/aldeaceipferrobus\/files\/2025\/05\/IMG_0300-768x1152.jpeg 768w, https:\/\/blogsaverroes.juntadeandalucia.es\/aldeaceipferrobus\/files\/2025\/05\/IMG_0300-1024x1536.jpeg 1024w, https:\/\/blogsaverroes.juntadeandalucia.es\/aldeaceipferrobus\/files\/2025\/05\/IMG_0300-700x1050.jpeg 700w, https:\/\/blogsaverroes.juntadeandalucia.es\/aldeaceipferrobus\/files\/2025\/05\/IMG_0300-332x498.jpeg 332w\" sizes=\"(max-width: 1280px) 100vw, 1280px\" \/><\/p>\n<p>En el d\u00eda de hoy, hemos estado sembrando con el alumnado de 1\u00baA y B los tomates cherry que pusimos en nuestro semillero. \u00a1Mirad c\u00f3mo han crecido!<\/p>\n<p style=\"text-align: center\"><span style=\"font-size: 36pt\">\ud83e\udeb4\ud83c\udf45<\/span><\/p>\n<p>&nbsp;<\/p>\n<p><img loading=\"lazy\" decoding=\"async\" class=\"aligncenter size-full wp-image-262\" src=\"https:\/\/blogsaverroes.juntadeandalucia.es\/aldeaceipferrobus\/files\/2025\/03\/IMG_0185-4-e1742223359834.jpeg\" alt=\"\" width=\"1300\" height=\"289\" srcset=\"https:\/\/blogsaverroes.juntadeandalucia.es\/aldeaceipferrobus\/files\/2025\/03\/IMG_0185-4-e1742223359834.jpeg 1300w, https:\/\/blogsaverroes.juntadeandalucia.es\/aldeaceipferrobus\/files\/2025\/03\/IMG_0185-4-e1742223359834-300x67.jpeg 300w, https:\/\/blogsaverroes.juntadeandalucia.es\/aldeaceipferrobus\/files\/2025\/03\/IMG_0185-4-e1742223359834-1024x228.jpeg 1024w, https:\/\/blogsaverroes.juntadeandalucia.es\/aldeaceipferrobus\/files\/2025\/03\/IMG_0185-4-e1742223359834-768x171.jpeg 768w, https:\/\/blogsaverroes.juntadeandalucia.es\/aldeaceipferrobus\/files\/2025\/03\/IMG_0185-4-e1742223359834-700x156.jpeg 700w, https:\/\/blogsaverroes.juntadeandalucia.es\/aldeaceipferrobus\/files\/2025\/03\/IMG_0185-4-e1742223359834-332x74.jpeg 332w\" sizes=\"(max-width: 1300px) 100vw, 1300px\" \/><\/p>\n<p>&nbsp;<\/p>\n<p>05\/05\/2025<\/p>\n<p><img loading=\"lazy\" decoding=\"async\" class=\"aligncenter size-large wp-image-311\" src=\"https:\/\/blogsaverroes.juntadeandalucia.es\/aldeaceipferrobus\/files\/2025\/05\/IMG_0287-683x1024.jpeg\" alt=\"\" width=\"660\" height=\"990\" srcset=\"https:\/\/blogsaverroes.juntadeandalucia.es\/aldeaceipferrobus\/files\/2025\/05\/IMG_0287-683x1024.jpeg 683w, https:\/\/blogsaverroes.juntadeandalucia.es\/aldeaceipferrobus\/files\/2025\/05\/IMG_0287-200x300.jpeg 200w, https:\/\/blogsaverroes.juntadeandalucia.es\/aldeaceipferrobus\/files\/2025\/05\/IMG_0287-768x1152.jpeg 768w, https:\/\/blogsaverroes.juntadeandalucia.es\/aldeaceipferrobus\/files\/2025\/05\/IMG_0287-1024x1536.jpeg 1024w, https:\/\/blogsaverroes.juntadeandalucia.es\/aldeaceipferrobus\/files\/2025\/05\/IMG_0287-700x1050.jpeg 700w, https:\/\/blogsaverroes.juntadeandalucia.es\/aldeaceipferrobus\/files\/2025\/05\/IMG_0287-332x498.jpeg 332w, https:\/\/blogsaverroes.juntadeandalucia.es\/aldeaceipferrobus\/files\/2025\/05\/IMG_0287.jpeg 1280w\" sizes=\"(max-width: 660px) 100vw, 660px\" \/><\/p>\n<p style=\"text-align: center\"><strong>\u201cDe un olivo\u2026 nace un aprendizaje lleno de ra\u00edces\u201d<\/strong><\/p>\n<p>En la clase de Infantil de 4 a\u00f1os del CEIP Ferrob\u00fas, una familia nos ha regalado algo m\u00e1s que un \u00e1rbol: nos ha regalado una oportunidad para crecer.<\/p>\n<p>Con mucha ilusi\u00f3n y con nuestras manos curiosas, trasplantamos el olivo en nuestro cole, lo cuidamos, lo observamos y aprendimos de \u00e9l. Descubrimos sus partes, entendimos sus funciones y exploramos los tipos de las hojas, gracias a todas las que trajo nuestro alumnado con tanto entusiasmo.&nbsp;<\/p>\n<p>Gracias a todas las familias y al alumnado por sembrar con nosotros este aprendizaje lleno de naturaleza, emoci\u00f3n y trabajo en equipo.<\/p>\n<p>&nbsp;<\/p>\n<p>&nbsp;<\/p>\n<p><img loading=\"lazy\" decoding=\"async\" class=\"aligncenter size-large wp-image-257\" src=\"https:\/\/blogsaverroes.juntadeandalucia.es\/aldeaceipferrobus\/files\/2025\/03\/IMG_0185-3-e1742222985544-1024x213.jpeg\" alt=\"\" width=\"660\" height=\"137\" srcset=\"https:\/\/blogsaverroes.juntadeandalucia.es\/aldeaceipferrobus\/files\/2025\/03\/IMG_0185-3-e1742222985544-1024x213.jpeg 1024w, https:\/\/blogsaverroes.juntadeandalucia.es\/aldeaceipferrobus\/files\/2025\/03\/IMG_0185-3-e1742222985544-300x62.jpeg 300w, https:\/\/blogsaverroes.juntadeandalucia.es\/aldeaceipferrobus\/files\/2025\/03\/IMG_0185-3-e1742222985544-768x160.jpeg 768w, https:\/\/blogsaverroes.juntadeandalucia.es\/aldeaceipferrobus\/files\/2025\/03\/IMG_0185-3-e1742222985544-700x145.jpeg 700w, https:\/\/blogsaverroes.juntadeandalucia.es\/aldeaceipferrobus\/files\/2025\/03\/IMG_0185-3-e1742222985544-332x69.jpeg 332w, https:\/\/blogsaverroes.juntadeandalucia.es\/aldeaceipferrobus\/files\/2025\/03\/IMG_0185-3-e1742222985544.jpeg 1300w\" sizes=\"(max-width: 660px) 100vw, 660px\" \/><\/p>\n<p>30\/04\/2025<\/p>\n<p><img loading=\"lazy\" decoding=\"async\" class=\"aligncenter size-large wp-image-307\" src=\"https:\/\/blogsaverroes.juntadeandalucia.es\/aldeaceipferrobus\/files\/2025\/05\/IMG_0277-683x1024.jpeg\" alt=\"\" width=\"660\" height=\"990\" srcset=\"https:\/\/blogsaverroes.juntadeandalucia.es\/aldeaceipferrobus\/files\/2025\/05\/IMG_0277-683x1024.jpeg 683w, https:\/\/blogsaverroes.juntadeandalucia.es\/aldeaceipferrobus\/files\/2025\/05\/IMG_0277-200x300.jpeg 200w, https:\/\/blogsaverroes.juntadeandalucia.es\/aldeaceipferrobus\/files\/2025\/05\/IMG_0277-768x1152.jpeg 768w, https:\/\/blogsaverroes.juntadeandalucia.es\/aldeaceipferrobus\/files\/2025\/05\/IMG_0277-1024x1536.jpeg 1024w, https:\/\/blogsaverroes.juntadeandalucia.es\/aldeaceipferrobus\/files\/2025\/05\/IMG_0277-700x1050.jpeg 700w, https:\/\/blogsaverroes.juntadeandalucia.es\/aldeaceipferrobus\/files\/2025\/05\/IMG_0277-332x498.jpeg 332w, https:\/\/blogsaverroes.juntadeandalucia.es\/aldeaceipferrobus\/files\/2025\/05\/IMG_0277.jpeg 1280w\" sizes=\"(max-width: 660px) 100vw, 660px\" \/><\/p>\n<p style=\"text-align: center\"><span style=\"font-size: 36pt\">\ud83e\udd6c\ud83c\udf53\ud83e\uded8<\/span><\/p>\n<p>Continuamos con la recolecci\u00f3n de productos ecol\u00f3gicos de nuestro huerto. En esta ocasi\u00f3n, os dejamos un p\u00f3ster con la recogida de habas, lechugas y fresas.<\/p>\n<p>\u00a1BUEN PROVECHO, CHIC@S!<\/p>\n<p><img loading=\"lazy\" decoding=\"async\" class=\"aligncenter size-large wp-image-252\" src=\"https:\/\/blogsaverroes.juntadeandalucia.es\/aldeaceipferrobus\/files\/2025\/03\/IMG_0185-2-e1742201727235-1024x207.jpeg\" alt=\"\" width=\"660\" height=\"133\" srcset=\"https:\/\/blogsaverroes.juntadeandalucia.es\/aldeaceipferrobus\/files\/2025\/03\/IMG_0185-2-e1742201727235-1024x207.jpeg 1024w, https:\/\/blogsaverroes.juntadeandalucia.es\/aldeaceipferrobus\/files\/2025\/03\/IMG_0185-2-e1742201727235-300x61.jpeg 300w, https:\/\/blogsaverroes.juntadeandalucia.es\/aldeaceipferrobus\/files\/2025\/03\/IMG_0185-2-e1742201727235-768x155.jpeg 768w, https:\/\/blogsaverroes.juntadeandalucia.es\/aldeaceipferrobus\/files\/2025\/03\/IMG_0185-2-e1742201727235-700x142.jpeg 700w, https:\/\/blogsaverroes.juntadeandalucia.es\/aldeaceipferrobus\/files\/2025\/03\/IMG_0185-2-e1742201727235-332x67.jpeg 332w, https:\/\/blogsaverroes.juntadeandalucia.es\/aldeaceipferrobus\/files\/2025\/03\/IMG_0185-2-e1742201727235.jpeg 1300w\" sizes=\"(max-width: 660px) 100vw, 660px\" \/><\/p>\n<p>17\/04\/2025<\/p>\n<p><img loading=\"lazy\" decoding=\"async\" class=\"aligncenter size-large wp-image-305\" src=\"https:\/\/blogsaverroes.juntadeandalucia.es\/aldeaceipferrobus\/files\/2025\/05\/IMG_0265-1024x1024.jpeg\" alt=\"\" width=\"660\" height=\"660\" srcset=\"https:\/\/blogsaverroes.juntadeandalucia.es\/aldeaceipferrobus\/files\/2025\/05\/IMG_0265-1024x1024.jpeg 1024w, https:\/\/blogsaverroes.juntadeandalucia.es\/aldeaceipferrobus\/files\/2025\/05\/IMG_0265-300x300.jpeg 300w, https:\/\/blogsaverroes.juntadeandalucia.es\/aldeaceipferrobus\/files\/2025\/05\/IMG_0265-150x150.jpeg 150w, https:\/\/blogsaverroes.juntadeandalucia.es\/aldeaceipferrobus\/files\/2025\/05\/IMG_0265-768x768.jpeg 768w, https:\/\/blogsaverroes.juntadeandalucia.es\/aldeaceipferrobus\/files\/2025\/05\/IMG_0265-1536x1536.jpeg 1536w, https:\/\/blogsaverroes.juntadeandalucia.es\/aldeaceipferrobus\/files\/2025\/05\/IMG_0265-700x700.jpeg 700w, https:\/\/blogsaverroes.juntadeandalucia.es\/aldeaceipferrobus\/files\/2025\/05\/IMG_0265-332x332.jpeg 332w, https:\/\/blogsaverroes.juntadeandalucia.es\/aldeaceipferrobus\/files\/2025\/05\/IMG_0265-432x432.jpeg 432w, https:\/\/blogsaverroes.juntadeandalucia.es\/aldeaceipferrobus\/files\/2025\/05\/IMG_0265-268x268.jpeg 268w, https:\/\/blogsaverroes.juntadeandalucia.es\/aldeaceipferrobus\/files\/2025\/05\/IMG_0265.jpeg 2000w\" sizes=\"(max-width: 660px) 100vw, 660px\" \/><\/p>\n<p>En nuestro huerto escolar, las manos peque\u00f1as de nuestros ni\u00f1os y ni\u00f1as han comenzado una nueva aventura: \u00a1sembrar calabacines y pepinos!<\/p>\n<p>Cada semilla que cae en la tierra lleva consigo ilusi\u00f3n, aprendizaje y respeto por la naturaleza. Mientras los brotes verdes asoman, florece tambi\u00e9n el compromiso, el trabajo en equipo y el amor por el entorno que nos rodea.<\/p>\n<p>Porque cuando cultivamos la tierra, tambi\u00e9n cultivamos valores.<\/p>\n<p><img loading=\"lazy\" decoding=\"async\" class=\"aligncenter size-large wp-image-244\" src=\"https:\/\/blogsaverroes.juntadeandalucia.es\/aldeaceipferrobus\/files\/2025\/03\/IMG_0185-1-e1741888590132-1024x200.jpeg\" alt=\"\" width=\"660\" height=\"129\" srcset=\"https:\/\/blogsaverroes.juntadeandalucia.es\/aldeaceipferrobus\/files\/2025\/03\/IMG_0185-1-e1741888590132-1024x200.jpeg 1024w, https:\/\/blogsaverroes.juntadeandalucia.es\/aldeaceipferrobus\/files\/2025\/03\/IMG_0185-1-e1741888590132-300x59.jpeg 300w, https:\/\/blogsaverroes.juntadeandalucia.es\/aldeaceipferrobus\/files\/2025\/03\/IMG_0185-1-e1741888590132-768x150.jpeg 768w, https:\/\/blogsaverroes.juntadeandalucia.es\/aldeaceipferrobus\/files\/2025\/03\/IMG_0185-1-e1741888590132-700x137.jpeg 700w, https:\/\/blogsaverroes.juntadeandalucia.es\/aldeaceipferrobus\/files\/2025\/03\/IMG_0185-1-e1741888590132-332x65.jpeg 332w, https:\/\/blogsaverroes.juntadeandalucia.es\/aldeaceipferrobus\/files\/2025\/03\/IMG_0185-1-e1741888590132.jpeg 1300w\" sizes=\"(max-width: 660px) 100vw, 660px\" \/><\/p>\n<p>&nbsp;<\/p>\n<p>07\/04\/2025<\/p>\n<div style=\"width: 480px;\" class=\"wp-video\"><!--[if lt IE 9]><script>document.createElement('video');<\/script><![endif]-->\n<video class=\"wp-video-shortcode\" id=\"video-229-1\" width=\"480\" height=\"272\" preload=\"metadata\" controls=\"controls\"><source type=\"video\/mp4\" src=\"https:\/\/blogsaverroes.juntadeandalucia.es\/aldeaceipferrobus\/files\/2025\/04\/WhatsApp-Video-2025-04-02-at-20.34.14.mp4?_=1\" \/><a href=\"https:\/\/blogsaverroes.juntadeandalucia.es\/aldeaceipferrobus\/files\/2025\/04\/WhatsApp-Video-2025-04-02-at-20.34.14.mp4\">https:\/\/blogsaverroes.juntadeandalucia.es\/aldeaceipferrobus\/files\/2025\/04\/WhatsApp-Video-2025-04-02-at-20.34.14.mp4<\/a><\/video><\/div>\n<p>\ud83c\udf31\u267b\ufe0f \u00a1Reciclar es educar! \u267b\ufe0f\ud83c\udf31<\/p>\n<p>En el CEIP Ferrob\u00fas seguimos comprometidos con el cuidado de nuestro planeta. \ud83c\udf0d Gracias al programa ALDEA, nuestros estudiantes est\u00e1n participando activamente en las actividades de reciclaje RECAPACICLA que nos ayudan a ser m\u00e1s responsables con el medio ambiente.<\/p>\n<p>\ud83d\udc49 En estas sesiones, aprendemos a separar correctamente los residuos, darle una segunda vida a lo que desechamos y entender la importancia de cuidar nuestros recursos naturales.<\/p>\n<p>\ud83d\udd04 \u00a1Cada acci\u00f3n cuenta! Los peque\u00f1os cambios en nuestro d\u00eda a d\u00eda pueden tener un gran impacto. Gracias al esfuerzo conjunto de alumnos, profesores y familias, estamos construyendo un futuro m\u00e1s verde y sostenible. \ud83c\udf3f\ud83d\udc9a<\/p>\n<p>\u00a1Sigamos trabajando juntos para un planeta m\u00e1s limpio! \ud83c\udf0e\ud83d\udcaa<\/p>\n<p><img loading=\"lazy\" decoding=\"async\" class=\"aligncenter size-large wp-image-240\" src=\"https:\/\/blogsaverroes.juntadeandalucia.es\/aldeaceipferrobus\/files\/2025\/03\/IMG_0185-e1741888046333-1024x221.jpeg\" alt=\"\" width=\"660\" height=\"142\" srcset=\"https:\/\/blogsaverroes.juntadeandalucia.es\/aldeaceipferrobus\/files\/2025\/03\/IMG_0185-e1741888046333-1024x221.jpeg 1024w, https:\/\/blogsaverroes.juntadeandalucia.es\/aldeaceipferrobus\/files\/2025\/03\/IMG_0185-e1741888046333-300x65.jpeg 300w, https:\/\/blogsaverroes.juntadeandalucia.es\/aldeaceipferrobus\/files\/2025\/03\/IMG_0185-e1741888046333-768x165.jpeg 768w, https:\/\/blogsaverroes.juntadeandalucia.es\/aldeaceipferrobus\/files\/2025\/03\/IMG_0185-e1741888046333-700x151.jpeg 700w, https:\/\/blogsaverroes.juntadeandalucia.es\/aldeaceipferrobus\/files\/2025\/03\/IMG_0185-e1741888046333-332x72.jpeg 332w, https:\/\/blogsaverroes.juntadeandalucia.es\/aldeaceipferrobus\/files\/2025\/03\/IMG_0185-e1741888046333.jpeg 1300w\" sizes=\"(max-width: 660px) 100vw, 660px\" \/><\/p>\n<p>28\/03\/2025<\/p>\n<p><img loading=\"lazy\" decoding=\"async\" class=\"aligncenter size-large wp-image-298\" src=\"https:\/\/blogsaverroes.juntadeandalucia.es\/aldeaceipferrobus\/files\/2025\/04\/IMG_0251-1024x1024.jpeg\" alt=\"\" width=\"660\" height=\"660\" srcset=\"https:\/\/blogsaverroes.juntadeandalucia.es\/aldeaceipferrobus\/files\/2025\/04\/IMG_0251-1024x1024.jpeg 1024w, https:\/\/blogsaverroes.juntadeandalucia.es\/aldeaceipferrobus\/files\/2025\/04\/IMG_0251-300x300.jpeg 300w, https:\/\/blogsaverroes.juntadeandalucia.es\/aldeaceipferrobus\/files\/2025\/04\/IMG_0251-150x150.jpeg 150w, https:\/\/blogsaverroes.juntadeandalucia.es\/aldeaceipferrobus\/files\/2025\/04\/IMG_0251-768x768.jpeg 768w, https:\/\/blogsaverroes.juntadeandalucia.es\/aldeaceipferrobus\/files\/2025\/04\/IMG_0251-700x700.jpeg 700w, https:\/\/blogsaverroes.juntadeandalucia.es\/aldeaceipferrobus\/files\/2025\/04\/IMG_0251-332x332.jpeg 332w, https:\/\/blogsaverroes.juntadeandalucia.es\/aldeaceipferrobus\/files\/2025\/04\/IMG_0251-432x432.jpeg 432w, https:\/\/blogsaverroes.juntadeandalucia.es\/aldeaceipferrobus\/files\/2025\/04\/IMG_0251-268x268.jpeg 268w, https:\/\/blogsaverroes.juntadeandalucia.es\/aldeaceipferrobus\/files\/2025\/04\/IMG_0251.jpeg 1536w\" sizes=\"(max-width: 660px) 100vw, 660px\" \/><\/p>\n<p style=\"text-align: center\"><strong><br \/>\n\u00a1Manos a la tierra!<\/strong><\/p>\n<p>Los ni\u00f1os y ni\u00f1as del primer ciclo han realizado una actividad muy especial y divertida: \u00a1patatas crecepelos!<\/p>\n<p>Con una gran sonrisa y mucha curiosidad, cada peque plant\u00f3 semillas envolviendo la tierra en medias como si fuera una carita feliz. Con el paso de los d\u00edas, el \u201cpelo\u201d empieza a crecer y nuestros peque\u00f1os jardineros\/as observan con emoci\u00f3n c\u00f3mo nace y crece una planta.<br \/>\nAprendemos jugando, descubriendo el m\u00e1gico proceso de la vida vegetal: desde la semilla hasta el brote.<\/p>\n<p>\u00a1As\u00ed florece la diversi\u00f3n y el saber en nuestras aulas! <span style=\"font-size: 36pt\">\ud83e\udeb4<\/span><\/p>\n<p>Plantamos sonrisas y cultivamos conocimientos. <span style=\"font-size: 14pt\">\ud83d\ude03\ud83d\ude03<\/span><\/p>\n<p>&nbsp;<\/p>\n<p><img loading=\"lazy\" decoding=\"async\" class=\"aligncenter size-large wp-image-244\" src=\"https:\/\/blogsaverroes.juntadeandalucia.es\/aldeaceipferrobus\/files\/2025\/03\/IMG_0185-1-e1741888590132-1024x200.jpeg\" alt=\"\" width=\"660\" height=\"129\" srcset=\"https:\/\/blogsaverroes.juntadeandalucia.es\/aldeaceipferrobus\/files\/2025\/03\/IMG_0185-1-e1741888590132-1024x200.jpeg 1024w, https:\/\/blogsaverroes.juntadeandalucia.es\/aldeaceipferrobus\/files\/2025\/03\/IMG_0185-1-e1741888590132-300x59.jpeg 300w, https:\/\/blogsaverroes.juntadeandalucia.es\/aldeaceipferrobus\/files\/2025\/03\/IMG_0185-1-e1741888590132-768x150.jpeg 768w, https:\/\/blogsaverroes.juntadeandalucia.es\/aldeaceipferrobus\/files\/2025\/03\/IMG_0185-1-e1741888590132-700x137.jpeg 700w, https:\/\/blogsaverroes.juntadeandalucia.es\/aldeaceipferrobus\/files\/2025\/03\/IMG_0185-1-e1741888590132-332x65.jpeg 332w, https:\/\/blogsaverroes.juntadeandalucia.es\/aldeaceipferrobus\/files\/2025\/03\/IMG_0185-1-e1741888590132.jpeg 1300w\" sizes=\"(max-width: 660px) 100vw, 660px\" \/><\/p>\n<p>25\/03\/2025<\/p>\n<p><img loading=\"lazy\" decoding=\"async\" class=\"aligncenter size-large wp-image-301\" src=\"https:\/\/blogsaverroes.juntadeandalucia.es\/aldeaceipferrobus\/files\/2025\/05\/IMG_0258-1024x1024.jpeg\" alt=\"\" width=\"660\" height=\"660\" srcset=\"https:\/\/blogsaverroes.juntadeandalucia.es\/aldeaceipferrobus\/files\/2025\/05\/IMG_0258-1024x1024.jpeg 1024w, https:\/\/blogsaverroes.juntadeandalucia.es\/aldeaceipferrobus\/files\/2025\/05\/IMG_0258-300x300.jpeg 300w, https:\/\/blogsaverroes.juntadeandalucia.es\/aldeaceipferrobus\/files\/2025\/05\/IMG_0258-150x150.jpeg 150w, https:\/\/blogsaverroes.juntadeandalucia.es\/aldeaceipferrobus\/files\/2025\/05\/IMG_0258-768x768.jpeg 768w, https:\/\/blogsaverroes.juntadeandalucia.es\/aldeaceipferrobus\/files\/2025\/05\/IMG_0258-1536x1536.jpeg 1536w, https:\/\/blogsaverroes.juntadeandalucia.es\/aldeaceipferrobus\/files\/2025\/05\/IMG_0258-700x700.jpeg 700w, https:\/\/blogsaverroes.juntadeandalucia.es\/aldeaceipferrobus\/files\/2025\/05\/IMG_0258-332x332.jpeg 332w, https:\/\/blogsaverroes.juntadeandalucia.es\/aldeaceipferrobus\/files\/2025\/05\/IMG_0258-432x432.jpeg 432w, https:\/\/blogsaverroes.juntadeandalucia.es\/aldeaceipferrobus\/files\/2025\/05\/IMG_0258-268x268.jpeg 268w, https:\/\/blogsaverroes.juntadeandalucia.es\/aldeaceipferrobus\/files\/2025\/05\/IMG_0258.jpeg 2000w\" sizes=\"(max-width: 660px) 100vw, 660px\" \/><\/p>\n<p>\u00a1Recolectamos zanahorias! <span style=\"font-size: 36pt\">\ud83d\udc69\u200d\ud83c\udf3e \ud83e\udd55<\/span><\/p>\n<p>Hoy hemos ido al huerto con el alumnado de 4\u00baA para recolectarlas zanahorias que plantamos en invierno. \u00a1Vaya sorpresa cuando las hemos sacado!<\/p>\n<p>En clase hemos hecho una peque\u00f1a degustaci\u00f3n. \u00a1Est\u00e1n riqu\u00edsimas! <span style=\"font-size: 24pt\">\ud83d\ude0b<\/span><\/p>\n<p><img loading=\"lazy\" decoding=\"async\" class=\"aligncenter size-large wp-image-257\" src=\"https:\/\/blogsaverroes.juntadeandalucia.es\/aldeaceipferrobus\/files\/2025\/03\/IMG_0185-3-e1742222985544-1024x213.jpeg\" alt=\"\" width=\"660\" height=\"137\" srcset=\"https:\/\/blogsaverroes.juntadeandalucia.es\/aldeaceipferrobus\/files\/2025\/03\/IMG_0185-3-e1742222985544-1024x213.jpeg 1024w, https:\/\/blogsaverroes.juntadeandalucia.es\/aldeaceipferrobus\/files\/2025\/03\/IMG_0185-3-e1742222985544-300x62.jpeg 300w, https:\/\/blogsaverroes.juntadeandalucia.es\/aldeaceipferrobus\/files\/2025\/03\/IMG_0185-3-e1742222985544-768x160.jpeg 768w, https:\/\/blogsaverroes.juntadeandalucia.es\/aldeaceipferrobus\/files\/2025\/03\/IMG_0185-3-e1742222985544-700x145.jpeg 700w, https:\/\/blogsaverroes.juntadeandalucia.es\/aldeaceipferrobus\/files\/2025\/03\/IMG_0185-3-e1742222985544-332x69.jpeg 332w, https:\/\/blogsaverroes.juntadeandalucia.es\/aldeaceipferrobus\/files\/2025\/03\/IMG_0185-3-e1742222985544.jpeg 1300w\" sizes=\"(max-width: 660px) 100vw, 660px\" \/><\/p>\n<p>24\/03\/2025<\/p>\n<p><img loading=\"lazy\" decoding=\"async\" class=\"aligncenter size-large wp-image-294\" src=\"https:\/\/blogsaverroes.juntadeandalucia.es\/aldeaceipferrobus\/files\/2025\/03\/IMG_0245-1024x1024.jpeg\" alt=\"\" width=\"660\" height=\"660\" srcset=\"https:\/\/blogsaverroes.juntadeandalucia.es\/aldeaceipferrobus\/files\/2025\/03\/IMG_0245-1024x1024.jpeg 1024w, https:\/\/blogsaverroes.juntadeandalucia.es\/aldeaceipferrobus\/files\/2025\/03\/IMG_0245-300x300.jpeg 300w, https:\/\/blogsaverroes.juntadeandalucia.es\/aldeaceipferrobus\/files\/2025\/03\/IMG_0245-150x150.jpeg 150w, https:\/\/blogsaverroes.juntadeandalucia.es\/aldeaceipferrobus\/files\/2025\/03\/IMG_0245-768x768.jpeg 768w, https:\/\/blogsaverroes.juntadeandalucia.es\/aldeaceipferrobus\/files\/2025\/03\/IMG_0245-1536x1536.jpeg 1536w, https:\/\/blogsaverroes.juntadeandalucia.es\/aldeaceipferrobus\/files\/2025\/03\/IMG_0245-700x700.jpeg 700w, https:\/\/blogsaverroes.juntadeandalucia.es\/aldeaceipferrobus\/files\/2025\/03\/IMG_0245-332x332.jpeg 332w, https:\/\/blogsaverroes.juntadeandalucia.es\/aldeaceipferrobus\/files\/2025\/03\/IMG_0245-432x432.jpeg 432w, https:\/\/blogsaverroes.juntadeandalucia.es\/aldeaceipferrobus\/files\/2025\/03\/IMG_0245-268x268.jpeg 268w, https:\/\/blogsaverroes.juntadeandalucia.es\/aldeaceipferrobus\/files\/2025\/03\/IMG_0245.jpeg 2000w\" sizes=\"(max-width: 660px) 100vw, 660px\" \/><\/p>\n<p>\u00a1Dando vida a nuestros pasillos!<\/p>\n<p>Decoramos los pasillos del colegio con estos huertos verticales en los que hemos colocado cactus, plantas arom\u00e1ticas y ornamentales.<\/p>\n<p>Se aceptan aportaciones \ud83d\ude00\ud83d\ude00<\/p>\n<p><img loading=\"lazy\" decoding=\"async\" class=\"aligncenter size-large wp-image-262\" src=\"https:\/\/blogsaverroes.juntadeandalucia.es\/aldeaceipferrobus\/files\/2025\/03\/IMG_0185-4-e1742223359834-1024x228.jpeg\" alt=\"\" width=\"660\" height=\"147\" srcset=\"https:\/\/blogsaverroes.juntadeandalucia.es\/aldeaceipferrobus\/files\/2025\/03\/IMG_0185-4-e1742223359834-1024x228.jpeg 1024w, https:\/\/blogsaverroes.juntadeandalucia.es\/aldeaceipferrobus\/files\/2025\/03\/IMG_0185-4-e1742223359834-300x67.jpeg 300w, https:\/\/blogsaverroes.juntadeandalucia.es\/aldeaceipferrobus\/files\/2025\/03\/IMG_0185-4-e1742223359834-768x171.jpeg 768w, https:\/\/blogsaverroes.juntadeandalucia.es\/aldeaceipferrobus\/files\/2025\/03\/IMG_0185-4-e1742223359834-700x156.jpeg 700w, https:\/\/blogsaverroes.juntadeandalucia.es\/aldeaceipferrobus\/files\/2025\/03\/IMG_0185-4-e1742223359834-332x74.jpeg 332w, https:\/\/blogsaverroes.juntadeandalucia.es\/aldeaceipferrobus\/files\/2025\/03\/IMG_0185-4-e1742223359834.jpeg 1300w\" sizes=\"(max-width: 660px) 100vw, 660px\" \/><\/p>\n<p>12\/03\/2025<\/p>\n<p><img loading=\"lazy\" decoding=\"async\" class=\"aligncenter size-large wp-image-275\" src=\"https:\/\/blogsaverroes.juntadeandalucia.es\/aldeaceipferrobus\/files\/2025\/03\/IMG_0220-683x1024.jpeg\" alt=\"\" width=\"660\" height=\"990\" srcset=\"https:\/\/blogsaverroes.juntadeandalucia.es\/aldeaceipferrobus\/files\/2025\/03\/IMG_0220-683x1024.jpeg 683w, https:\/\/blogsaverroes.juntadeandalucia.es\/aldeaceipferrobus\/files\/2025\/03\/IMG_0220-200x300.jpeg 200w, https:\/\/blogsaverroes.juntadeandalucia.es\/aldeaceipferrobus\/files\/2025\/03\/IMG_0220-768x1152.jpeg 768w, https:\/\/blogsaverroes.juntadeandalucia.es\/aldeaceipferrobus\/files\/2025\/03\/IMG_0220-1024x1536.jpeg 1024w, https:\/\/blogsaverroes.juntadeandalucia.es\/aldeaceipferrobus\/files\/2025\/03\/IMG_0220-700x1050.jpeg 700w, https:\/\/blogsaverroes.juntadeandalucia.es\/aldeaceipferrobus\/files\/2025\/03\/IMG_0220-332x498.jpeg 332w, https:\/\/blogsaverroes.juntadeandalucia.es\/aldeaceipferrobus\/files\/2025\/03\/IMG_0220.jpeg 1280w\" sizes=\"(max-width: 660px) 100vw, 660px\" \/><\/p>\n<p>Dentro de la L\u00ednea de Actuaci\u00f3n Educaci\u00f3n para la Circularidad, se han llevado a cabo dos investigaciones por parte del alumnado del centro: \u201cInvestigando los residuos de nuestro centro educativo\u201d e \u201cInvestigando los residuos de mi entorno\u201d. Con dicha actividad nuestro alumnado ha recapacitado y se ha concienciado sobre la importancia de las actuaciones en materia ambiental que se est\u00e1n llevando a cabo en nuestro colegio; adem\u00e1s de reflexionar sobre sus propias acciones y propuestas de mejora.<\/p>\n<p style=\"text-align: center\"><span style=\"font-size: 36pt\">\u267b\ufe0f<\/span><\/p>\n<p>&nbsp;<\/p>\n<p><img loading=\"lazy\" decoding=\"async\" class=\"aligncenter size-large wp-image-257\" src=\"https:\/\/blogsaverroes.juntadeandalucia.es\/aldeaceipferrobus\/files\/2025\/03\/IMG_0185-3-e1742222985544-1024x213.jpeg\" alt=\"\" width=\"660\" height=\"137\" srcset=\"https:\/\/blogsaverroes.juntadeandalucia.es\/aldeaceipferrobus\/files\/2025\/03\/IMG_0185-3-e1742222985544-1024x213.jpeg 1024w, https:\/\/blogsaverroes.juntadeandalucia.es\/aldeaceipferrobus\/files\/2025\/03\/IMG_0185-3-e1742222985544-300x62.jpeg 300w, https:\/\/blogsaverroes.juntadeandalucia.es\/aldeaceipferrobus\/files\/2025\/03\/IMG_0185-3-e1742222985544-768x160.jpeg 768w, https:\/\/blogsaverroes.juntadeandalucia.es\/aldeaceipferrobus\/files\/2025\/03\/IMG_0185-3-e1742222985544-700x145.jpeg 700w, https:\/\/blogsaverroes.juntadeandalucia.es\/aldeaceipferrobus\/files\/2025\/03\/IMG_0185-3-e1742222985544-332x69.jpeg 332w, https:\/\/blogsaverroes.juntadeandalucia.es\/aldeaceipferrobus\/files\/2025\/03\/IMG_0185-3-e1742222985544.jpeg 1300w\" sizes=\"(max-width: 660px) 100vw, 660px\" \/><\/p>\n<p>&nbsp;<\/p>\n<p>25\/02\/2025<\/p>\n<p><img loading=\"lazy\" decoding=\"async\" class=\"aligncenter size-large wp-image-277\" src=\"https:\/\/blogsaverroes.juntadeandalucia.es\/aldeaceipferrobus\/files\/2025\/03\/IMG_0223-1024x450.jpeg\" alt=\"\" width=\"660\" height=\"290\" srcset=\"https:\/\/blogsaverroes.juntadeandalucia.es\/aldeaceipferrobus\/files\/2025\/03\/IMG_0223-1024x450.jpeg 1024w, https:\/\/blogsaverroes.juntadeandalucia.es\/aldeaceipferrobus\/files\/2025\/03\/IMG_0223-300x132.jpeg 300w, https:\/\/blogsaverroes.juntadeandalucia.es\/aldeaceipferrobus\/files\/2025\/03\/IMG_0223-768x337.jpeg 768w, https:\/\/blogsaverroes.juntadeandalucia.es\/aldeaceipferrobus\/files\/2025\/03\/IMG_0223-1536x675.jpeg 1536w, https:\/\/blogsaverroes.juntadeandalucia.es\/aldeaceipferrobus\/files\/2025\/03\/IMG_0223-2048x900.jpeg 2048w, https:\/\/blogsaverroes.juntadeandalucia.es\/aldeaceipferrobus\/files\/2025\/03\/IMG_0223-700x307.jpeg 700w, https:\/\/blogsaverroes.juntadeandalucia.es\/aldeaceipferrobus\/files\/2025\/03\/IMG_0223-332x146.jpeg 332w\" sizes=\"(max-width: 660px) 100vw, 660px\" \/><\/p>\n<p>\u00a1Ya van saliendo las plantas que sembramos en semilleros a principios de febrero!<\/p>\n<p style=\"text-align: left\">Con diferentes clases hemos sembrado tomates Cherry, calabacines, pepinos y pimientos. En lugar de usar semilleros de pl\u00e1stico, hemos utilizado canutillos de cart\u00f3n de papel higi\u00e9nico con el fin de reutilizarlos y usar algo totalmente ecol\u00f3gico y biodegradable.&nbsp;<\/p>\n<p>\u00a1Ya prontito estamos trasplantando!<\/p>\n<p>&nbsp;<\/p>\n<p>&nbsp;<\/p>\n<p>&nbsp;<\/p>\n<p><img loading=\"lazy\" decoding=\"async\" class=\"aligncenter size-large wp-image-252\" src=\"https:\/\/blogsaverroes.juntadeandalucia.es\/aldeaceipferrobus\/files\/2025\/03\/IMG_0185-2-e1742201727235-1024x207.jpeg\" alt=\"\" width=\"660\" height=\"133\" srcset=\"https:\/\/blogsaverroes.juntadeandalucia.es\/aldeaceipferrobus\/files\/2025\/03\/IMG_0185-2-e1742201727235-1024x207.jpeg 1024w, https:\/\/blogsaverroes.juntadeandalucia.es\/aldeaceipferrobus\/files\/2025\/03\/IMG_0185-2-e1742201727235-300x61.jpeg 300w, https:\/\/blogsaverroes.juntadeandalucia.es\/aldeaceipferrobus\/files\/2025\/03\/IMG_0185-2-e1742201727235-768x155.jpeg 768w, https:\/\/blogsaverroes.juntadeandalucia.es\/aldeaceipferrobus\/files\/2025\/03\/IMG_0185-2-e1742201727235-700x142.jpeg 700w, https:\/\/blogsaverroes.juntadeandalucia.es\/aldeaceipferrobus\/files\/2025\/03\/IMG_0185-2-e1742201727235-332x67.jpeg 332w, https:\/\/blogsaverroes.juntadeandalucia.es\/aldeaceipferrobus\/files\/2025\/03\/IMG_0185-2-e1742201727235.jpeg 1300w\" sizes=\"(max-width: 660px) 100vw, 660px\" \/><\/p>\n<p>&nbsp;<\/p>\n<p>03\/02\/2025<\/p>\n<div style=\"width: 854px;\" class=\"wp-video\"><video class=\"wp-video-shortcode\" id=\"video-229-2\" width=\"854\" height=\"480\" preload=\"metadata\" controls=\"controls\"><source type=\"video\/mp4\" src=\"https:\/\/blogsaverroes.juntadeandalucia.es\/aldeaceipferrobus\/files\/2025\/03\/Palomas-de-la-Paz.mp4?_=2\" \/><a href=\"https:\/\/blogsaverroes.juntadeandalucia.es\/aldeaceipferrobus\/files\/2025\/03\/Palomas-de-la-Paz.mp4\">https:\/\/blogsaverroes.juntadeandalucia.es\/aldeaceipferrobus\/files\/2025\/03\/Palomas-de-la-Paz.mp4<\/a><\/video><\/div>\n<p>Unificando el D\u00eda Mundial de la Educaci\u00f3n Ambiental (26 de enero) y el D\u00eda de la Paz (30 enero), desde Aldea y Escuelas Espacio de Paz nos hemos sentido inspirados al ver c\u00f3mo la creatividad puede transformar algo simple en un s\u00edmbolo poderoso. \u00a1Aqu\u00ed est\u00e1n nuestras Palomas de la Paz hechas con materiales reciclados! \u2702\ufe0f\u267b\ufe0f<\/p>\n<p>Cada pluma, cada ala, tiene un mensaje de esperanza y amor por nuestro planeta. \ud83c\udf0d\ud83d\udc9a Al reciclar y reutilizar, no solo damos nueva vida a objetos, sino que tambi\u00e9n promovemos un futuro m\u00e1s sostenible.<\/p>\n<p>\ud83d\udcaa\u2728 \u00a1S\u00famate al cambio! No solo por el planeta, sino por un mundo lleno de paz y solidaridad. Si tambi\u00e9n te unes a la causa del reciclaje y el arte, \u00a1comp\u00e1rtelo con nosotros! \ud83d\udcf8\ud83d\udc47<\/p>\n<p>#ReciclajeCreativo #PalomasDeLaPaz #CuidemosNuestroPlaneta #ArteConSentido #PazYAmor #ReutilizarYCrear<\/p>\n<p>&nbsp;<\/p>\n<p><img loading=\"lazy\" decoding=\"async\" class=\"aligncenter size-large wp-image-262\" src=\"https:\/\/blogsaverroes.juntadeandalucia.es\/aldeaceipferrobus\/files\/2025\/03\/IMG_0185-4-e1742223359834-1024x228.jpeg\" alt=\"\" width=\"660\" height=\"147\" srcset=\"https:\/\/blogsaverroes.juntadeandalucia.es\/aldeaceipferrobus\/files\/2025\/03\/IMG_0185-4-e1742223359834-1024x228.jpeg 1024w, https:\/\/blogsaverroes.juntadeandalucia.es\/aldeaceipferrobus\/files\/2025\/03\/IMG_0185-4-e1742223359834-300x67.jpeg 300w, https:\/\/blogsaverroes.juntadeandalucia.es\/aldeaceipferrobus\/files\/2025\/03\/IMG_0185-4-e1742223359834-768x171.jpeg 768w, https:\/\/blogsaverroes.juntadeandalucia.es\/aldeaceipferrobus\/files\/2025\/03\/IMG_0185-4-e1742223359834-700x156.jpeg 700w, https:\/\/blogsaverroes.juntadeandalucia.es\/aldeaceipferrobus\/files\/2025\/03\/IMG_0185-4-e1742223359834-332x74.jpeg 332w, https:\/\/blogsaverroes.juntadeandalucia.es\/aldeaceipferrobus\/files\/2025\/03\/IMG_0185-4-e1742223359834.jpeg 1300w\" sizes=\"(max-width: 660px) 100vw, 660px\" \/><\/p>\n<p>&nbsp;<\/p>\n<p>25\/01\/2025<\/p>\n<p><img loading=\"lazy\" decoding=\"async\" class=\"aligncenter size-large wp-image-284\" src=\"https:\/\/blogsaverroes.juntadeandalucia.es\/aldeaceipferrobus\/files\/2025\/03\/IMG_0225-1024x599.jpeg\" alt=\"\" width=\"660\" height=\"386\" srcset=\"https:\/\/blogsaverroes.juntadeandalucia.es\/aldeaceipferrobus\/files\/2025\/03\/IMG_0225-1024x599.jpeg 1024w, https:\/\/blogsaverroes.juntadeandalucia.es\/aldeaceipferrobus\/files\/2025\/03\/IMG_0225-300x175.jpeg 300w, https:\/\/blogsaverroes.juntadeandalucia.es\/aldeaceipferrobus\/files\/2025\/03\/IMG_0225-768x449.jpeg 768w, https:\/\/blogsaverroes.juntadeandalucia.es\/aldeaceipferrobus\/files\/2025\/03\/IMG_0225-1536x899.jpeg 1536w, https:\/\/blogsaverroes.juntadeandalucia.es\/aldeaceipferrobus\/files\/2025\/03\/IMG_0225-700x409.jpeg 700w, https:\/\/blogsaverroes.juntadeandalucia.es\/aldeaceipferrobus\/files\/2025\/03\/IMG_0225-332x194.jpeg 332w, https:\/\/blogsaverroes.juntadeandalucia.es\/aldeaceipferrobus\/files\/2025\/03\/IMG_0225.jpeg 1771w\" sizes=\"(max-width: 660px) 100vw, 660px\" \/> <img loading=\"lazy\" decoding=\"async\" class=\"aligncenter size-large wp-image-285\" src=\"https:\/\/blogsaverroes.juntadeandalucia.es\/aldeaceipferrobus\/files\/2025\/03\/IMG_0226-1024x450.jpeg\" alt=\"\" width=\"660\" height=\"290\" srcset=\"https:\/\/blogsaverroes.juntadeandalucia.es\/aldeaceipferrobus\/files\/2025\/03\/IMG_0226-1024x450.jpeg 1024w, https:\/\/blogsaverroes.juntadeandalucia.es\/aldeaceipferrobus\/files\/2025\/03\/IMG_0226-300x132.jpeg 300w, https:\/\/blogsaverroes.juntadeandalucia.es\/aldeaceipferrobus\/files\/2025\/03\/IMG_0226-768x337.jpeg 768w, https:\/\/blogsaverroes.juntadeandalucia.es\/aldeaceipferrobus\/files\/2025\/03\/IMG_0226-1536x675.jpeg 1536w, https:\/\/blogsaverroes.juntadeandalucia.es\/aldeaceipferrobus\/files\/2025\/03\/IMG_0226-2048x900.jpeg 2048w, https:\/\/blogsaverroes.juntadeandalucia.es\/aldeaceipferrobus\/files\/2025\/03\/IMG_0226-700x307.jpeg 700w, https:\/\/blogsaverroes.juntadeandalucia.es\/aldeaceipferrobus\/files\/2025\/03\/IMG_0226-332x146.jpeg 332w\" sizes=\"(max-width: 660px) 100vw, 660px\" \/><\/p>\n<p style=\"text-align: center\">\u00a1PATRULLA VERDE AL RESCATE!<\/p>\n<p>Hemos organizado un equipo de vigilancia para evitar que nuestros patios acaben llenos de basura. Cada clase contar\u00e1 con tres miembros rotativos encargados de vigilar y ayudar a concienciar sobre la importancia de no tirar basura y el uso adecuado de las papeleras.<\/p>\n<p>&nbsp;<\/p>\n<p><img loading=\"lazy\" decoding=\"async\" class=\"aligncenter size-large wp-image-244\" src=\"https:\/\/blogsaverroes.juntadeandalucia.es\/aldeaceipferrobus\/files\/2025\/03\/IMG_0185-1-e1741888590132-1024x200.jpeg\" alt=\"\" width=\"660\" height=\"129\" srcset=\"https:\/\/blogsaverroes.juntadeandalucia.es\/aldeaceipferrobus\/files\/2025\/03\/IMG_0185-1-e1741888590132-1024x200.jpeg 1024w, https:\/\/blogsaverroes.juntadeandalucia.es\/aldeaceipferrobus\/files\/2025\/03\/IMG_0185-1-e1741888590132-300x59.jpeg 300w, https:\/\/blogsaverroes.juntadeandalucia.es\/aldeaceipferrobus\/files\/2025\/03\/IMG_0185-1-e1741888590132-768x150.jpeg 768w, https:\/\/blogsaverroes.juntadeandalucia.es\/aldeaceipferrobus\/files\/2025\/03\/IMG_0185-1-e1741888590132-700x137.jpeg 700w, https:\/\/blogsaverroes.juntadeandalucia.es\/aldeaceipferrobus\/files\/2025\/03\/IMG_0185-1-e1741888590132-332x65.jpeg 332w, https:\/\/blogsaverroes.juntadeandalucia.es\/aldeaceipferrobus\/files\/2025\/03\/IMG_0185-1-e1741888590132.jpeg 1300w\" sizes=\"(max-width: 660px) 100vw, 660px\" \/><\/p>\n<p>04\/12\/2024<\/p>\n<p><img loading=\"lazy\" decoding=\"async\" class=\"aligncenter size-large wp-image-263\" src=\"https:\/\/blogsaverroes.juntadeandalucia.es\/aldeaceipferrobus\/files\/2025\/03\/IMG_0209-1024x1024.jpeg\" alt=\"\" width=\"660\" height=\"660\" srcset=\"https:\/\/blogsaverroes.juntadeandalucia.es\/aldeaceipferrobus\/files\/2025\/03\/IMG_0209-1024x1024.jpeg 1024w, https:\/\/blogsaverroes.juntadeandalucia.es\/aldeaceipferrobus\/files\/2025\/03\/IMG_0209-300x300.jpeg 300w, https:\/\/blogsaverroes.juntadeandalucia.es\/aldeaceipferrobus\/files\/2025\/03\/IMG_0209-150x150.jpeg 150w, https:\/\/blogsaverroes.juntadeandalucia.es\/aldeaceipferrobus\/files\/2025\/03\/IMG_0209-768x768.jpeg 768w, https:\/\/blogsaverroes.juntadeandalucia.es\/aldeaceipferrobus\/files\/2025\/03\/IMG_0209-700x700.jpeg 700w, https:\/\/blogsaverroes.juntadeandalucia.es\/aldeaceipferrobus\/files\/2025\/03\/IMG_0209-332x332.jpeg 332w, https:\/\/blogsaverroes.juntadeandalucia.es\/aldeaceipferrobus\/files\/2025\/03\/IMG_0209-432x432.jpeg 432w, https:\/\/blogsaverroes.juntadeandalucia.es\/aldeaceipferrobus\/files\/2025\/03\/IMG_0209-268x268.jpeg 268w, https:\/\/blogsaverroes.juntadeandalucia.es\/aldeaceipferrobus\/files\/2025\/03\/IMG_0209.jpeg 1440w\" sizes=\"(max-width: 660px) 100vw, 660px\" \/><\/p>\n<p>\ud83e\udd57\ud83e\udd55\ud83e\udd52 \u00a1Empezamos a disfrutar de los productos de nuestro huerto! Algunos alumnos y alumnas ya han podido probar una rica ensalada con verduras reci\u00e9n cogidas \ud83e\udd57. \u00a1Riqu\u00edsima!<\/p>\n<p>&nbsp;<\/p>\n<p><img loading=\"lazy\" decoding=\"async\" class=\"aligncenter size-large wp-image-240\" src=\"https:\/\/blogsaverroes.juntadeandalucia.es\/aldeaceipferrobus\/files\/2025\/03\/IMG_0185-e1741888046333-1024x221.jpeg\" alt=\"\" width=\"660\" height=\"142\" srcset=\"https:\/\/blogsaverroes.juntadeandalucia.es\/aldeaceipferrobus\/files\/2025\/03\/IMG_0185-e1741888046333-1024x221.jpeg 1024w, https:\/\/blogsaverroes.juntadeandalucia.es\/aldeaceipferrobus\/files\/2025\/03\/IMG_0185-e1741888046333-300x65.jpeg 300w, https:\/\/blogsaverroes.juntadeandalucia.es\/aldeaceipferrobus\/files\/2025\/03\/IMG_0185-e1741888046333-768x165.jpeg 768w, https:\/\/blogsaverroes.juntadeandalucia.es\/aldeaceipferrobus\/files\/2025\/03\/IMG_0185-e1741888046333-700x151.jpeg 700w, https:\/\/blogsaverroes.juntadeandalucia.es\/aldeaceipferrobus\/files\/2025\/03\/IMG_0185-e1741888046333-332x72.jpeg 332w, https:\/\/blogsaverroes.juntadeandalucia.es\/aldeaceipferrobus\/files\/2025\/03\/IMG_0185-e1741888046333.jpeg 1300w\" sizes=\"(max-width: 660px) 100vw, 660px\" \/><\/p>\n<p>&nbsp;<\/p>\n<p>02\/12\/2024<\/p>\n<p><img loading=\"lazy\" decoding=\"async\" class=\"aligncenter size-large wp-image-259\" src=\"https:\/\/blogsaverroes.juntadeandalucia.es\/aldeaceipferrobus\/files\/2025\/03\/IMG_0208-1024x1024.jpeg\" alt=\"\" width=\"660\" height=\"660\" srcset=\"https:\/\/blogsaverroes.juntadeandalucia.es\/aldeaceipferrobus\/files\/2025\/03\/IMG_0208-1024x1024.jpeg 1024w, https:\/\/blogsaverroes.juntadeandalucia.es\/aldeaceipferrobus\/files\/2025\/03\/IMG_0208-300x300.jpeg 300w, https:\/\/blogsaverroes.juntadeandalucia.es\/aldeaceipferrobus\/files\/2025\/03\/IMG_0208-150x150.jpeg 150w, https:\/\/blogsaverroes.juntadeandalucia.es\/aldeaceipferrobus\/files\/2025\/03\/IMG_0208-768x768.jpeg 768w, https:\/\/blogsaverroes.juntadeandalucia.es\/aldeaceipferrobus\/files\/2025\/03\/IMG_0208-700x700.jpeg 700w, https:\/\/blogsaverroes.juntadeandalucia.es\/aldeaceipferrobus\/files\/2025\/03\/IMG_0208-332x332.jpeg 332w, https:\/\/blogsaverroes.juntadeandalucia.es\/aldeaceipferrobus\/files\/2025\/03\/IMG_0208-432x432.jpeg 432w, https:\/\/blogsaverroes.juntadeandalucia.es\/aldeaceipferrobus\/files\/2025\/03\/IMG_0208-268x268.jpeg 268w, https:\/\/blogsaverroes.juntadeandalucia.es\/aldeaceipferrobus\/files\/2025\/03\/IMG_0208.jpeg 1080w\" sizes=\"(max-width: 660px) 100vw, 660px\" \/> <img loading=\"lazy\" decoding=\"async\" class=\"aligncenter size-large wp-image-260\" src=\"https:\/\/blogsaverroes.juntadeandalucia.es\/aldeaceipferrobus\/files\/2025\/03\/IMG_0207-1024x1024.jpeg\" alt=\"\" width=\"660\" height=\"660\" srcset=\"https:\/\/blogsaverroes.juntadeandalucia.es\/aldeaceipferrobus\/files\/2025\/03\/IMG_0207-1024x1024.jpeg 1024w, https:\/\/blogsaverroes.juntadeandalucia.es\/aldeaceipferrobus\/files\/2025\/03\/IMG_0207-300x300.jpeg 300w, https:\/\/blogsaverroes.juntadeandalucia.es\/aldeaceipferrobus\/files\/2025\/03\/IMG_0207-150x150.jpeg 150w, https:\/\/blogsaverroes.juntadeandalucia.es\/aldeaceipferrobus\/files\/2025\/03\/IMG_0207-768x768.jpeg 768w, https:\/\/blogsaverroes.juntadeandalucia.es\/aldeaceipferrobus\/files\/2025\/03\/IMG_0207-700x700.jpeg 700w, https:\/\/blogsaverroes.juntadeandalucia.es\/aldeaceipferrobus\/files\/2025\/03\/IMG_0207-332x332.jpeg 332w, https:\/\/blogsaverroes.juntadeandalucia.es\/aldeaceipferrobus\/files\/2025\/03\/IMG_0207-432x432.jpeg 432w, https:\/\/blogsaverroes.juntadeandalucia.es\/aldeaceipferrobus\/files\/2025\/03\/IMG_0207-268x268.jpeg 268w, https:\/\/blogsaverroes.juntadeandalucia.es\/aldeaceipferrobus\/files\/2025\/03\/IMG_0207.jpeg 1080w\" sizes=\"(max-width: 660px) 100vw, 660px\" \/><br \/>\n\ud83c\udf31 \u00a1Nuestro huerto escolar est\u00e1 floreciendo! \ud83c\udf3c \ud83c\udf3d\ud83e\udd55\ud83c\udf45<\/p>\n<p>Con mucha dedicaci\u00f3n y trabajo en equipo, el huerto se ha convertido en un espacio lleno de vida, aprendizaje y conexi\u00f3n con la naturaleza. Ya van apareciendo los primeros resultados, os dejamos estas im\u00e1genes donde pod\u00e9is comprobarlo.<\/p>\n<p>\u00a1Pronto haremos una cata de las primeras hortalizas!\ud83e\udd66\ud83e\udd55<\/p>\n<p>&nbsp;<\/p>\n<p><img loading=\"lazy\" decoding=\"async\" class=\"aligncenter wp-image-262 size-large\" src=\"https:\/\/blogsaverroes.juntadeandalucia.es\/aldeaceipferrobus\/files\/2025\/03\/IMG_0185-4-e1742223359834-1024x228.jpeg\" alt=\"\" width=\"660\" height=\"147\" srcset=\"https:\/\/blogsaverroes.juntadeandalucia.es\/aldeaceipferrobus\/files\/2025\/03\/IMG_0185-4-e1742223359834-1024x228.jpeg 1024w, https:\/\/blogsaverroes.juntadeandalucia.es\/aldeaceipferrobus\/files\/2025\/03\/IMG_0185-4-e1742223359834-300x67.jpeg 300w, https:\/\/blogsaverroes.juntadeandalucia.es\/aldeaceipferrobus\/files\/2025\/03\/IMG_0185-4-e1742223359834-768x171.jpeg 768w, https:\/\/blogsaverroes.juntadeandalucia.es\/aldeaceipferrobus\/files\/2025\/03\/IMG_0185-4-e1742223359834-700x156.jpeg 700w, https:\/\/blogsaverroes.juntadeandalucia.es\/aldeaceipferrobus\/files\/2025\/03\/IMG_0185-4-e1742223359834-332x74.jpeg 332w, https:\/\/blogsaverroes.juntadeandalucia.es\/aldeaceipferrobus\/files\/2025\/03\/IMG_0185-4-e1742223359834.jpeg 1300w\" sizes=\"(max-width: 660px) 100vw, 660px\" \/><\/p>\n<p>01\/12\/2024<\/p>\n<p><img loading=\"lazy\" decoding=\"async\" class=\"aligncenter wp-image-254 size-large\" src=\"https:\/\/blogsaverroes.juntadeandalucia.es\/aldeaceipferrobus\/files\/2025\/03\/IMG_0206-e1742203651250-1024x809.jpeg\" alt=\"\" width=\"660\" height=\"521\" srcset=\"https:\/\/blogsaverroes.juntadeandalucia.es\/aldeaceipferrobus\/files\/2025\/03\/IMG_0206-e1742203651250-1024x809.jpeg 1024w, https:\/\/blogsaverroes.juntadeandalucia.es\/aldeaceipferrobus\/files\/2025\/03\/IMG_0206-e1742203651250-300x237.jpeg 300w, https:\/\/blogsaverroes.juntadeandalucia.es\/aldeaceipferrobus\/files\/2025\/03\/IMG_0206-e1742203651250-768x607.jpeg 768w, https:\/\/blogsaverroes.juntadeandalucia.es\/aldeaceipferrobus\/files\/2025\/03\/IMG_0206-e1742203651250-700x553.jpeg 700w, https:\/\/blogsaverroes.juntadeandalucia.es\/aldeaceipferrobus\/files\/2025\/03\/IMG_0206-e1742203651250-332x262.jpeg 332w, https:\/\/blogsaverroes.juntadeandalucia.es\/aldeaceipferrobus\/files\/2025\/03\/IMG_0206-e1742203651250.jpeg 1466w\" sizes=\"(max-width: 660px) 100vw, 660px\" \/><br \/>\nDentro del Programa Aldea y en colaboraci\u00f3n con M\u00e1s Equidad, los tutores del primer ciclo han organizado una salida a la Granja Escuela \u201cCabri\u00f1ana\u201d.<\/p>\n<p>\ud83d\udc2e\ud83e\udd83\ud83d\udc07 Los alumnos y alumnas de primer ciclo han disfrutado de un estupendo d\u00eda de naturaleza en la Granja Escuela. Han tenido diversos talleres, senderismo y juegos. Tambi\u00e9n han podido concocer m\u00e1s de cerca los animales de la granja. \u00a1Lo han pasado fenomenal! \ud83c\udf3e\ud83d\udc30\ud83c\udf33<\/p>\n<p>&nbsp;<\/p>\n<p>&nbsp;<\/p>\n<p><img loading=\"lazy\" decoding=\"async\" class=\"aligncenter wp-image-257 size-large\" src=\"https:\/\/blogsaverroes.juntadeandalucia.es\/aldeaceipferrobus\/files\/2025\/03\/IMG_0185-3-e1742222985544-1024x213.jpeg\" alt=\"\" width=\"660\" height=\"137\" srcset=\"https:\/\/blogsaverroes.juntadeandalucia.es\/aldeaceipferrobus\/files\/2025\/03\/IMG_0185-3-e1742222985544-1024x213.jpeg 1024w, https:\/\/blogsaverroes.juntadeandalucia.es\/aldeaceipferrobus\/files\/2025\/03\/IMG_0185-3-e1742222985544-300x62.jpeg 300w, https:\/\/blogsaverroes.juntadeandalucia.es\/aldeaceipferrobus\/files\/2025\/03\/IMG_0185-3-e1742222985544-768x160.jpeg 768w, https:\/\/blogsaverroes.juntadeandalucia.es\/aldeaceipferrobus\/files\/2025\/03\/IMG_0185-3-e1742222985544-700x145.jpeg 700w, https:\/\/blogsaverroes.juntadeandalucia.es\/aldeaceipferrobus\/files\/2025\/03\/IMG_0185-3-e1742222985544-332x69.jpeg 332w, https:\/\/blogsaverroes.juntadeandalucia.es\/aldeaceipferrobus\/files\/2025\/03\/IMG_0185-3-e1742222985544.jpeg 1300w\" sizes=\"(max-width: 660px) 100vw, 660px\" \/><\/p>\n<p>&nbsp;<\/p>\n<p>18\/11\/2024<\/p>\n<p><img loading=\"lazy\" decoding=\"async\" class=\"aligncenter size-large wp-image-269\" src=\"https:\/\/blogsaverroes.juntadeandalucia.es\/aldeaceipferrobus\/files\/2025\/03\/IMG_0210-1024x450.jpeg\" alt=\"\" width=\"660\" height=\"290\" srcset=\"https:\/\/blogsaverroes.juntadeandalucia.es\/aldeaceipferrobus\/files\/2025\/03\/IMG_0210-1024x450.jpeg 1024w, https:\/\/blogsaverroes.juntadeandalucia.es\/aldeaceipferrobus\/files\/2025\/03\/IMG_0210-300x132.jpeg 300w, https:\/\/blogsaverroes.juntadeandalucia.es\/aldeaceipferrobus\/files\/2025\/03\/IMG_0210-768x337.jpeg 768w, https:\/\/blogsaverroes.juntadeandalucia.es\/aldeaceipferrobus\/files\/2025\/03\/IMG_0210-1536x675.jpeg 1536w, https:\/\/blogsaverroes.juntadeandalucia.es\/aldeaceipferrobus\/files\/2025\/03\/IMG_0210-2048x900.jpeg 2048w, https:\/\/blogsaverroes.juntadeandalucia.es\/aldeaceipferrobus\/files\/2025\/03\/IMG_0210-700x307.jpeg 700w, https:\/\/blogsaverroes.juntadeandalucia.es\/aldeaceipferrobus\/files\/2025\/03\/IMG_0210-332x146.jpeg 332w\" sizes=\"(max-width: 660px) 100vw, 660px\" \/><\/p>\n<p>En el d\u00eda de hoy hemos recibido 10 contenedores que nos ser\u00e1n muy \u00fatiles para el reciclado de papel y cart\u00f3n. Con ellos, podremos cubrir las zonas comunes y aulas que a\u00fan no dispon\u00edan de dicho recurso.&nbsp;<br \/>\nAgradecemos a EPREMASA por su colaboraci\u00f3n.<\/p>\n<p><img loading=\"lazy\" decoding=\"async\" class=\"aligncenter size-large wp-image-252\" src=\"https:\/\/blogsaverroes.juntadeandalucia.es\/aldeaceipferrobus\/files\/2025\/03\/IMG_0185-2-e1742201727235-1024x207.jpeg\" alt=\"\" width=\"660\" height=\"133\" srcset=\"https:\/\/blogsaverroes.juntadeandalucia.es\/aldeaceipferrobus\/files\/2025\/03\/IMG_0185-2-e1742201727235-1024x207.jpeg 1024w, https:\/\/blogsaverroes.juntadeandalucia.es\/aldeaceipferrobus\/files\/2025\/03\/IMG_0185-2-e1742201727235-300x61.jpeg 300w, https:\/\/blogsaverroes.juntadeandalucia.es\/aldeaceipferrobus\/files\/2025\/03\/IMG_0185-2-e1742201727235-768x155.jpeg 768w, https:\/\/blogsaverroes.juntadeandalucia.es\/aldeaceipferrobus\/files\/2025\/03\/IMG_0185-2-e1742201727235-700x142.jpeg 700w, https:\/\/blogsaverroes.juntadeandalucia.es\/aldeaceipferrobus\/files\/2025\/03\/IMG_0185-2-e1742201727235-332x67.jpeg 332w, https:\/\/blogsaverroes.juntadeandalucia.es\/aldeaceipferrobus\/files\/2025\/03\/IMG_0185-2-e1742201727235.jpeg 1300w\" sizes=\"(max-width: 660px) 100vw, 660px\" \/><\/p>\n<p>&nbsp;<\/p>\n<p>17\/11\/2024<\/p>\n<p><img loading=\"lazy\" decoding=\"async\" class=\"aligncenter size-large wp-image-281\" src=\"https:\/\/blogsaverroes.juntadeandalucia.es\/aldeaceipferrobus\/files\/2025\/03\/IMG_0224-1024x633.jpeg\" alt=\"\" width=\"660\" height=\"408\" srcset=\"https:\/\/blogsaverroes.juntadeandalucia.es\/aldeaceipferrobus\/files\/2025\/03\/IMG_0224-1024x633.jpeg 1024w, https:\/\/blogsaverroes.juntadeandalucia.es\/aldeaceipferrobus\/files\/2025\/03\/IMG_0224-300x185.jpeg 300w, https:\/\/blogsaverroes.juntadeandalucia.es\/aldeaceipferrobus\/files\/2025\/03\/IMG_0224-768x475.jpeg 768w, https:\/\/blogsaverroes.juntadeandalucia.es\/aldeaceipferrobus\/files\/2025\/03\/IMG_0224-1536x950.jpeg 1536w, https:\/\/blogsaverroes.juntadeandalucia.es\/aldeaceipferrobus\/files\/2025\/03\/IMG_0224-2048x1266.jpeg 2048w, https:\/\/blogsaverroes.juntadeandalucia.es\/aldeaceipferrobus\/files\/2025\/03\/IMG_0224-700x433.jpeg 700w, https:\/\/blogsaverroes.juntadeandalucia.es\/aldeaceipferrobus\/files\/2025\/03\/IMG_0224-332x205.jpeg 332w\" sizes=\"(max-width: 660px) 100vw, 660px\" \/><\/p>\n<p>&nbsp;<\/p>\n<p>Tras investigar las plagas que m\u00e1s pueden afectar a nuestro cultivo, descubrimos que tenemos que actuar contra la mosca blanca y los pulgones.&nbsp;<br \/>\nEn el d\u00eda de hoy hemos fumigado nuestras verduras con un producto ecol\u00f3gico fabricado por dos de nuestros alumnos y que nos ayudar\u00e1n a evitarla aparici\u00f3n de estas placas.&nbsp;<\/p>\n<p>\u00a1Fant\u00e1stico trabajo chicos!<\/p>\n<p>&nbsp;<\/p>\n<p><img loading=\"lazy\" decoding=\"async\" class=\"aligncenter size-large wp-image-240\" src=\"https:\/\/blogsaverroes.juntadeandalucia.es\/aldeaceipferrobus\/files\/2025\/03\/IMG_0185-e1741888046333-1024x221.jpeg\" alt=\"\" width=\"660\" height=\"142\" srcset=\"https:\/\/blogsaverroes.juntadeandalucia.es\/aldeaceipferrobus\/files\/2025\/03\/IMG_0185-e1741888046333-1024x221.jpeg 1024w, https:\/\/blogsaverroes.juntadeandalucia.es\/aldeaceipferrobus\/files\/2025\/03\/IMG_0185-e1741888046333-300x65.jpeg 300w, https:\/\/blogsaverroes.juntadeandalucia.es\/aldeaceipferrobus\/files\/2025\/03\/IMG_0185-e1741888046333-768x165.jpeg 768w, https:\/\/blogsaverroes.juntadeandalucia.es\/aldeaceipferrobus\/files\/2025\/03\/IMG_0185-e1741888046333-700x151.jpeg 700w, https:\/\/blogsaverroes.juntadeandalucia.es\/aldeaceipferrobus\/files\/2025\/03\/IMG_0185-e1741888046333-332x72.jpeg 332w, https:\/\/blogsaverroes.juntadeandalucia.es\/aldeaceipferrobus\/files\/2025\/03\/IMG_0185-e1741888046333.jpeg 1300w\" sizes=\"(max-width: 660px) 100vw, 660px\" \/><\/p>\n<p>15\/11\/2024<\/p>\n<p><img loading=\"lazy\" decoding=\"async\" class=\"aligncenter size-large wp-image-287\" src=\"https:\/\/blogsaverroes.juntadeandalucia.es\/aldeaceipferrobus\/files\/2025\/03\/IMG_0229-713x1024.jpeg\" alt=\"\" width=\"660\" height=\"948\" srcset=\"https:\/\/blogsaverroes.juntadeandalucia.es\/aldeaceipferrobus\/files\/2025\/03\/IMG_0229-713x1024.jpeg 713w, https:\/\/blogsaverroes.juntadeandalucia.es\/aldeaceipferrobus\/files\/2025\/03\/IMG_0229-209x300.jpeg 209w, https:\/\/blogsaverroes.juntadeandalucia.es\/aldeaceipferrobus\/files\/2025\/03\/IMG_0229-768x1104.jpeg 768w, https:\/\/blogsaverroes.juntadeandalucia.es\/aldeaceipferrobus\/files\/2025\/03\/IMG_0229-1069x1536.jpeg 1069w, https:\/\/blogsaverroes.juntadeandalucia.es\/aldeaceipferrobus\/files\/2025\/03\/IMG_0229-1425x2048.jpeg 1425w, https:\/\/blogsaverroes.juntadeandalucia.es\/aldeaceipferrobus\/files\/2025\/03\/IMG_0229-700x1006.jpeg 700w, https:\/\/blogsaverroes.juntadeandalucia.es\/aldeaceipferrobus\/files\/2025\/03\/IMG_0229-332x477.jpeg 332w, https:\/\/blogsaverroes.juntadeandalucia.es\/aldeaceipferrobus\/files\/2025\/03\/IMG_0229.jpeg 1723w\" sizes=\"(max-width: 660px) 100vw, 660px\" \/><\/p>\n<p><img loading=\"lazy\" decoding=\"async\" class=\"aligncenter size-large wp-image-288\" src=\"https:\/\/blogsaverroes.juntadeandalucia.es\/aldeaceipferrobus\/files\/2025\/03\/IMG_0227-734x1024.jpeg\" alt=\"\" width=\"660\" height=\"921\" srcset=\"https:\/\/blogsaverroes.juntadeandalucia.es\/aldeaceipferrobus\/files\/2025\/03\/IMG_0227-734x1024.jpeg 734w, https:\/\/blogsaverroes.juntadeandalucia.es\/aldeaceipferrobus\/files\/2025\/03\/IMG_0227-215x300.jpeg 215w, https:\/\/blogsaverroes.juntadeandalucia.es\/aldeaceipferrobus\/files\/2025\/03\/IMG_0227-768x1071.jpeg 768w, https:\/\/blogsaverroes.juntadeandalucia.es\/aldeaceipferrobus\/files\/2025\/03\/IMG_0227-1101x1536.jpeg 1101w, https:\/\/blogsaverroes.juntadeandalucia.es\/aldeaceipferrobus\/files\/2025\/03\/IMG_0227-1469x2048.jpeg 1469w, https:\/\/blogsaverroes.juntadeandalucia.es\/aldeaceipferrobus\/files\/2025\/03\/IMG_0227-700x976.jpeg 700w, https:\/\/blogsaverroes.juntadeandalucia.es\/aldeaceipferrobus\/files\/2025\/03\/IMG_0227-332x463.jpeg 332w, https:\/\/blogsaverroes.juntadeandalucia.es\/aldeaceipferrobus\/files\/2025\/03\/IMG_0227.jpeg 1792w\" sizes=\"(max-width: 660px) 100vw, 660px\" \/><\/p>\n<p>Aprovechando que el alumnado de 6\u00ba est\u00e1 trabajando los textos instructivos y teniendo presente las investigaciones sobre plagas en nuestro huerto, llevadas a cabo por el alumnado de 5\u00ba, se han desarrollado varios textos instructivos en los que se indica paso a paso c\u00f3mo elaborar un producto ecol\u00f3gico para hacer frente a las plagas de mosca blanca y pulgones.<\/p>\n<p>Aqu\u00ed os dejamos algunas muestras. \u00a1Tomad nota! <span style=\"font-size: 36pt\">\ud83d\udcdd<\/span><\/p>\n<p><img loading=\"lazy\" decoding=\"async\" class=\"aligncenter size-large wp-image-244\" src=\"https:\/\/blogsaverroes.juntadeandalucia.es\/aldeaceipferrobus\/files\/2025\/03\/IMG_0185-1-e1741888590132-1024x200.jpeg\" alt=\"\" width=\"660\" height=\"129\" srcset=\"https:\/\/blogsaverroes.juntadeandalucia.es\/aldeaceipferrobus\/files\/2025\/03\/IMG_0185-1-e1741888590132-1024x200.jpeg 1024w, https:\/\/blogsaverroes.juntadeandalucia.es\/aldeaceipferrobus\/files\/2025\/03\/IMG_0185-1-e1741888590132-300x59.jpeg 300w, https:\/\/blogsaverroes.juntadeandalucia.es\/aldeaceipferrobus\/files\/2025\/03\/IMG_0185-1-e1741888590132-768x150.jpeg 768w, https:\/\/blogsaverroes.juntadeandalucia.es\/aldeaceipferrobus\/files\/2025\/03\/IMG_0185-1-e1741888590132-700x137.jpeg 700w, https:\/\/blogsaverroes.juntadeandalucia.es\/aldeaceipferrobus\/files\/2025\/03\/IMG_0185-1-e1741888590132-332x65.jpeg 332w, https:\/\/blogsaverroes.juntadeandalucia.es\/aldeaceipferrobus\/files\/2025\/03\/IMG_0185-1-e1741888590132.jpeg 1300w\" sizes=\"(max-width: 660px) 100vw, 660px\" \/><\/p>\n<p>13\/11\/2024<\/p>\n<p><img loading=\"lazy\" decoding=\"async\" class=\"aligncenter size-large wp-image-271\" src=\"https:\/\/blogsaverroes.juntadeandalucia.es\/aldeaceipferrobus\/files\/2025\/03\/IMG_0214-1024x1024.jpeg\" alt=\"\" width=\"660\" height=\"660\" srcset=\"https:\/\/blogsaverroes.juntadeandalucia.es\/aldeaceipferrobus\/files\/2025\/03\/IMG_0214-1024x1024.jpeg 1024w, https:\/\/blogsaverroes.juntadeandalucia.es\/aldeaceipferrobus\/files\/2025\/03\/IMG_0214-300x300.jpeg 300w, https:\/\/blogsaverroes.juntadeandalucia.es\/aldeaceipferrobus\/files\/2025\/03\/IMG_0214-150x150.jpeg 150w, https:\/\/blogsaverroes.juntadeandalucia.es\/aldeaceipferrobus\/files\/2025\/03\/IMG_0214-768x768.jpeg 768w, https:\/\/blogsaverroes.juntadeandalucia.es\/aldeaceipferrobus\/files\/2025\/03\/IMG_0214-1536x1536.jpeg 1536w, https:\/\/blogsaverroes.juntadeandalucia.es\/aldeaceipferrobus\/files\/2025\/03\/IMG_0214-700x700.jpeg 700w, https:\/\/blogsaverroes.juntadeandalucia.es\/aldeaceipferrobus\/files\/2025\/03\/IMG_0214-332x332.jpeg 332w, https:\/\/blogsaverroes.juntadeandalucia.es\/aldeaceipferrobus\/files\/2025\/03\/IMG_0214-432x432.jpeg 432w, https:\/\/blogsaverroes.juntadeandalucia.es\/aldeaceipferrobus\/files\/2025\/03\/IMG_0214-268x268.jpeg 268w, https:\/\/blogsaverroes.juntadeandalucia.es\/aldeaceipferrobus\/files\/2025\/03\/IMG_0214.jpeg 2000w\" sizes=\"(max-width: 660px) 100vw, 660px\" \/><\/p>\n<p>&nbsp;<\/p>\n<p style=\"text-align: center\">\ud83d\udc68\u200d\ud83c\udfa8\u00a1Qu\u00e9 artistas!\ud83d\udc69\u200d\ud83c\udfa8<\/p>\n<p>&nbsp;Nuestro alumnado ha demostrado ser unos aut\u00e9nticos artistas creando una carteler\u00eda muy original para que todas y todos reconozcamos las verduras que hemos sembrado; adem\u00e1s las han acompa\u00f1ado con sus nombres en ingl\u00e9s. \u00a1Good Job, guys!\ud83d\udc4d<\/p>\n<p>&nbsp;<\/p>\n<p><img loading=\"lazy\" decoding=\"async\" class=\"aligncenter size-large wp-image-262\" src=\"https:\/\/blogsaverroes.juntadeandalucia.es\/aldeaceipferrobus\/files\/2025\/03\/IMG_0185-4-e1742223359834-1024x228.jpeg\" alt=\"\" width=\"660\" height=\"147\" srcset=\"https:\/\/blogsaverroes.juntadeandalucia.es\/aldeaceipferrobus\/files\/2025\/03\/IMG_0185-4-e1742223359834-1024x228.jpeg 1024w, https:\/\/blogsaverroes.juntadeandalucia.es\/aldeaceipferrobus\/files\/2025\/03\/IMG_0185-4-e1742223359834-300x67.jpeg 300w, https:\/\/blogsaverroes.juntadeandalucia.es\/aldeaceipferrobus\/files\/2025\/03\/IMG_0185-4-e1742223359834-768x171.jpeg 768w, https:\/\/blogsaverroes.juntadeandalucia.es\/aldeaceipferrobus\/files\/2025\/03\/IMG_0185-4-e1742223359834-700x156.jpeg 700w, https:\/\/blogsaverroes.juntadeandalucia.es\/aldeaceipferrobus\/files\/2025\/03\/IMG_0185-4-e1742223359834-332x74.jpeg 332w, https:\/\/blogsaverroes.juntadeandalucia.es\/aldeaceipferrobus\/files\/2025\/03\/IMG_0185-4-e1742223359834.jpeg 1300w\" sizes=\"(max-width: 660px) 100vw, 660px\" \/><\/p>\n<p>28\/10\/2024<\/p>\n<p>&nbsp;<\/p>\n<p><img loading=\"lazy\" decoding=\"async\" class=\"aligncenter size-large wp-image-292\" src=\"https:\/\/blogsaverroes.juntadeandalucia.es\/aldeaceipferrobus\/files\/2025\/03\/IMG_0242-1024x1024.jpeg\" alt=\"\" width=\"660\" height=\"660\" srcset=\"https:\/\/blogsaverroes.juntadeandalucia.es\/aldeaceipferrobus\/files\/2025\/03\/IMG_0242-1024x1024.jpeg 1024w, https:\/\/blogsaverroes.juntadeandalucia.es\/aldeaceipferrobus\/files\/2025\/03\/IMG_0242-300x300.jpeg 300w, https:\/\/blogsaverroes.juntadeandalucia.es\/aldeaceipferrobus\/files\/2025\/03\/IMG_0242-150x150.jpeg 150w, https:\/\/blogsaverroes.juntadeandalucia.es\/aldeaceipferrobus\/files\/2025\/03\/IMG_0242-768x768.jpeg 768w, https:\/\/blogsaverroes.juntadeandalucia.es\/aldeaceipferrobus\/files\/2025\/03\/IMG_0242-1536x1536.jpeg 1536w, https:\/\/blogsaverroes.juntadeandalucia.es\/aldeaceipferrobus\/files\/2025\/03\/IMG_0242-700x700.jpeg 700w, https:\/\/blogsaverroes.juntadeandalucia.es\/aldeaceipferrobus\/files\/2025\/03\/IMG_0242-332x332.jpeg 332w, https:\/\/blogsaverroes.juntadeandalucia.es\/aldeaceipferrobus\/files\/2025\/03\/IMG_0242-432x432.jpeg 432w, https:\/\/blogsaverroes.juntadeandalucia.es\/aldeaceipferrobus\/files\/2025\/03\/IMG_0242-268x268.jpeg 268w, https:\/\/blogsaverroes.juntadeandalucia.es\/aldeaceipferrobus\/files\/2025\/03\/IMG_0242.jpeg 2000w\" sizes=\"(max-width: 660px) 100vw, 660px\" \/><\/p>\n<p>Aqu\u00ed os dejo los fant\u00e1sticos trabajos que ha realizado el alumnado de 5\u00baA y 5\u00baB. En grupos, han investigado sobre las plagas m\u00e1s comunes que pueden actuar contra la plantas que hemos sembrado en nuestro huerto.<\/p>\n<p>Dicha informaci\u00f3n la trasladaremos a los compa\u00f1er@s de 6\u00ba para que elaboren remedios caseros para actuar contra la aparici\u00f3n de dichas plagas.<\/p>\n<p>\u00a1MARAVILLOSO TRABAJO CHIC@S!<\/p>\n<p>&nbsp;<\/p>\n<p><img loading=\"lazy\" decoding=\"async\" class=\"aligncenter wp-image-252 size-large\" src=\"https:\/\/blogsaverroes.juntadeandalucia.es\/aldeaceipferrobus\/files\/2025\/03\/IMG_0185-2-e1742201727235-1024x207.jpeg\" alt=\"\" width=\"660\" height=\"133\" srcset=\"https:\/\/blogsaverroes.juntadeandalucia.es\/aldeaceipferrobus\/files\/2025\/03\/IMG_0185-2-e1742201727235-1024x207.jpeg 1024w, https:\/\/blogsaverroes.juntadeandalucia.es\/aldeaceipferrobus\/files\/2025\/03\/IMG_0185-2-e1742201727235-300x61.jpeg 300w, https:\/\/blogsaverroes.juntadeandalucia.es\/aldeaceipferrobus\/files\/2025\/03\/IMG_0185-2-e1742201727235-768x155.jpeg 768w, https:\/\/blogsaverroes.juntadeandalucia.es\/aldeaceipferrobus\/files\/2025\/03\/IMG_0185-2-e1742201727235-700x142.jpeg 700w, https:\/\/blogsaverroes.juntadeandalucia.es\/aldeaceipferrobus\/files\/2025\/03\/IMG_0185-2-e1742201727235-332x67.jpeg 332w, https:\/\/blogsaverroes.juntadeandalucia.es\/aldeaceipferrobus\/files\/2025\/03\/IMG_0185-2-e1742201727235.jpeg 1300w\" sizes=\"(max-width: 660px) 100vw, 660px\" \/><\/p>\n<p>&nbsp;<\/p>\n<p>25\/10\/2024<\/p>\n<p><img loading=\"lazy\" decoding=\"async\" class=\"aligncenter size-large wp-image-249\" src=\"https:\/\/blogsaverroes.juntadeandalucia.es\/aldeaceipferrobus\/files\/2025\/03\/IMG_0197-1024x1024.jpeg\" alt=\"\" width=\"660\" height=\"660\" srcset=\"https:\/\/blogsaverroes.juntadeandalucia.es\/aldeaceipferrobus\/files\/2025\/03\/IMG_0197-1024x1024.jpeg 1024w, https:\/\/blogsaverroes.juntadeandalucia.es\/aldeaceipferrobus\/files\/2025\/03\/IMG_0197-300x300.jpeg 300w, https:\/\/blogsaverroes.juntadeandalucia.es\/aldeaceipferrobus\/files\/2025\/03\/IMG_0197-150x150.jpeg 150w, https:\/\/blogsaverroes.juntadeandalucia.es\/aldeaceipferrobus\/files\/2025\/03\/IMG_0197-768x768.jpeg 768w, https:\/\/blogsaverroes.juntadeandalucia.es\/aldeaceipferrobus\/files\/2025\/03\/IMG_0197-1536x1536.jpeg 1536w, https:\/\/blogsaverroes.juntadeandalucia.es\/aldeaceipferrobus\/files\/2025\/03\/IMG_0197-700x700.jpeg 700w, https:\/\/blogsaverroes.juntadeandalucia.es\/aldeaceipferrobus\/files\/2025\/03\/IMG_0197-332x332.jpeg 332w, https:\/\/blogsaverroes.juntadeandalucia.es\/aldeaceipferrobus\/files\/2025\/03\/IMG_0197-432x432.jpeg 432w, https:\/\/blogsaverroes.juntadeandalucia.es\/aldeaceipferrobus\/files\/2025\/03\/IMG_0197-268x268.jpeg 268w, https:\/\/blogsaverroes.juntadeandalucia.es\/aldeaceipferrobus\/files\/2025\/03\/IMG_0197.jpeg 2000w\" sizes=\"(max-width: 660px) 100vw, 660px\" \/><\/p>\n<p>&nbsp;<\/p>\n<p>\ud83c\udf31\ud83c\udf1e \u00a1Nuestro Huerto Escolar en Acci\u00f3n! \ud83c\udf1e\ud83c\udf31<\/p>\n<p>Este curso se ha puesto en marcha el huerto del cole. Ya han pasado todas las clases por \u00e9l y han sembrado cebollas, habas, lechugas, coles, recula, r\u00e1banos, zanahorias y espinacas.<br \/>\nAdem\u00e1s, han aprendido las partes de una planta, la importancia de comer estas verduras y algunas curiosidades.<\/p>\n<p>A trav\u00e9s de esta experiencia, los ni\u00f1@s no solo aprenden sobre agricultura, sino que tambi\u00e9n desarrollan habilidades de responsabilidad, paciencia y amor por la naturaleza.\ud83d\udc69\u200d\ud83c\udf3e\u2728<\/p>\n<p><img loading=\"lazy\" decoding=\"async\" class=\"aligncenter size-large wp-image-244\" src=\"https:\/\/blogsaverroes.juntadeandalucia.es\/aldeaceipferrobus\/files\/2025\/03\/IMG_0185-1-e1741888590132-1024x200.jpeg\" alt=\"\" width=\"660\" height=\"129\" srcset=\"https:\/\/blogsaverroes.juntadeandalucia.es\/aldeaceipferrobus\/files\/2025\/03\/IMG_0185-1-e1741888590132-1024x200.jpeg 1024w, https:\/\/blogsaverroes.juntadeandalucia.es\/aldeaceipferrobus\/files\/2025\/03\/IMG_0185-1-e1741888590132-300x59.jpeg 300w, https:\/\/blogsaverroes.juntadeandalucia.es\/aldeaceipferrobus\/files\/2025\/03\/IMG_0185-1-e1741888590132-768x150.jpeg 768w, https:\/\/blogsaverroes.juntadeandalucia.es\/aldeaceipferrobus\/files\/2025\/03\/IMG_0185-1-e1741888590132-700x137.jpeg 700w, https:\/\/blogsaverroes.juntadeandalucia.es\/aldeaceipferrobus\/files\/2025\/03\/IMG_0185-1-e1741888590132-332x65.jpeg 332w, https:\/\/blogsaverroes.juntadeandalucia.es\/aldeaceipferrobus\/files\/2025\/03\/IMG_0185-1-e1741888590132.jpeg 1300w\" sizes=\"(max-width: 660px) 100vw, 660px\" \/><\/p>\n<p>24\/10\/2024<\/p>\n<p><img loading=\"lazy\" decoding=\"async\" class=\"aligncenter wp-image-242 size-large\" src=\"https:\/\/blogsaverroes.juntadeandalucia.es\/aldeaceipferrobus\/files\/2025\/03\/IMG_0186-1024x1024.jpeg\" alt=\"\" width=\"660\" height=\"660\" srcset=\"https:\/\/blogsaverroes.juntadeandalucia.es\/aldeaceipferrobus\/files\/2025\/03\/IMG_0186-1024x1024.jpeg 1024w, https:\/\/blogsaverroes.juntadeandalucia.es\/aldeaceipferrobus\/files\/2025\/03\/IMG_0186-300x300.jpeg 300w, https:\/\/blogsaverroes.juntadeandalucia.es\/aldeaceipferrobus\/files\/2025\/03\/IMG_0186-150x150.jpeg 150w, https:\/\/blogsaverroes.juntadeandalucia.es\/aldeaceipferrobus\/files\/2025\/03\/IMG_0186-768x768.jpeg 768w, https:\/\/blogsaverroes.juntadeandalucia.es\/aldeaceipferrobus\/files\/2025\/03\/IMG_0186-700x700.jpeg 700w, https:\/\/blogsaverroes.juntadeandalucia.es\/aldeaceipferrobus\/files\/2025\/03\/IMG_0186-332x332.jpeg 332w, https:\/\/blogsaverroes.juntadeandalucia.es\/aldeaceipferrobus\/files\/2025\/03\/IMG_0186-432x432.jpeg 432w, https:\/\/blogsaverroes.juntadeandalucia.es\/aldeaceipferrobus\/files\/2025\/03\/IMG_0186-268x268.jpeg 268w, https:\/\/blogsaverroes.juntadeandalucia.es\/aldeaceipferrobus\/files\/2025\/03\/IMG_0186.jpeg 1080w\" sizes=\"(max-width: 660px) 100vw, 660px\" \/><\/p>\n<p>El alumnado de 4\u00ba, en colaboraci\u00f3n con la Asociaci\u00f3n GRAMA, ha realizado una vista al Centro de Interpretaci\u00f3n Del R\u00edo Guadalquivir \ud83c\udf3f\ud83d\udca7<\/p>\n<p>Han disfrutado de un ratito de senderismo por el r\u00edo Retortillo en el que se ha concienciado sobre la limpieza y cuidado de nuestro entorno natural. &nbsp;Al regresar al centro, han participado en un taller realizando una calabaza \ud83c\udf83 hecha con materiales reciclados.<br \/>\n\u00a1Se lo han pasado genial!<\/p>\n<p><img loading=\"lazy\" decoding=\"async\" class=\"aligncenter wp-image-240 size-large\" src=\"https:\/\/blogsaverroes.juntadeandalucia.es\/aldeaceipferrobus\/files\/2025\/03\/IMG_0185-e1741888046333-1024x221.jpeg\" alt=\"\" width=\"660\" height=\"142\" srcset=\"https:\/\/blogsaverroes.juntadeandalucia.es\/aldeaceipferrobus\/files\/2025\/03\/IMG_0185-e1741888046333-1024x221.jpeg 1024w, https:\/\/blogsaverroes.juntadeandalucia.es\/aldeaceipferrobus\/files\/2025\/03\/IMG_0185-e1741888046333-300x65.jpeg 300w, https:\/\/blogsaverroes.juntadeandalucia.es\/aldeaceipferrobus\/files\/2025\/03\/IMG_0185-e1741888046333-768x165.jpeg 768w, https:\/\/blogsaverroes.juntadeandalucia.es\/aldeaceipferrobus\/files\/2025\/03\/IMG_0185-e1741888046333-700x151.jpeg 700w, https:\/\/blogsaverroes.juntadeandalucia.es\/aldeaceipferrobus\/files\/2025\/03\/IMG_0185-e1741888046333-332x72.jpeg 332w, https:\/\/blogsaverroes.juntadeandalucia.es\/aldeaceipferrobus\/files\/2025\/03\/IMG_0185-e1741888046333.jpeg 1300w\" sizes=\"(max-width: 660px) 100vw, 660px\" \/><\/p>\n<p>22\/09\/2024<\/p>\n<p><img loading=\"lazy\" decoding=\"async\" class=\"aligncenter size-medium wp-image-237\" src=\"https:\/\/blogsaverroes.juntadeandalucia.es\/aldeaceipferrobus\/files\/2025\/03\/IMG_0184-300x300.jpeg\" alt=\"\" width=\"300\" height=\"300\" srcset=\"https:\/\/blogsaverroes.juntadeandalucia.es\/aldeaceipferrobus\/files\/2025\/03\/IMG_0184-300x300.jpeg 300w, https:\/\/blogsaverroes.juntadeandalucia.es\/aldeaceipferrobus\/files\/2025\/03\/IMG_0184-1024x1024.jpeg 1024w, https:\/\/blogsaverroes.juntadeandalucia.es\/aldeaceipferrobus\/files\/2025\/03\/IMG_0184-150x150.jpeg 150w, https:\/\/blogsaverroes.juntadeandalucia.es\/aldeaceipferrobus\/files\/2025\/03\/IMG_0184-768x768.jpeg 768w, https:\/\/blogsaverroes.juntadeandalucia.es\/aldeaceipferrobus\/files\/2025\/03\/IMG_0184-700x700.jpeg 700w, https:\/\/blogsaverroes.juntadeandalucia.es\/aldeaceipferrobus\/files\/2025\/03\/IMG_0184-332x332.jpeg 332w, https:\/\/blogsaverroes.juntadeandalucia.es\/aldeaceipferrobus\/files\/2025\/03\/IMG_0184-432x432.jpeg 432w, https:\/\/blogsaverroes.juntadeandalucia.es\/aldeaceipferrobus\/files\/2025\/03\/IMG_0184-268x268.jpeg 268w, https:\/\/blogsaverroes.juntadeandalucia.es\/aldeaceipferrobus\/files\/2025\/03\/IMG_0184.jpeg 1080w\" sizes=\"(max-width: 300px) 100vw, 300px\" \/><\/p>\n<p>Se habilita en el cole un nuevo contenedor para t\u00f3ner y cartuchos de tinta de impresora \ud83d\udda8\ufe0f\ud83c\udf31.<\/p>\n<p>\u00bfPor qu\u00e9 es importante? Los t\u00f3neres y cartuchos son residuos que, si no se gestionan adecuadamente, pueden ser muy contaminantes para el planeta. Con este peque\u00f1o gesto, estamos contribuyendo a cuidar nuestro entorno. \ud83c\udf0e<\/p>\n<p>Lo podr\u00e1s encontrar justo enfrente de secretar\u00eda.<br \/>\n\u00a1Recicla y marca la diferencia! \u267b\ufe0f<\/p>\n<p>&nbsp;<\/p>\n","protected":false},"excerpt":{"rendered":"<p>19\/06\/2025 \ud83c\udfc6 Celebramos el compromiso con el reciclaje: \u00a1gracias por cuidar el planeta!&nbsp;\u267b\ufe0f\ud83c\udf0d Este curso, nuestro centro ha demostrado que, cuando trabajamos unidos por una causa com\u00fan, podemos lograr cosas maravillosas. Gracias a la&#46;&#46;&#46;<\/p>\n","protected":false},"author":3044,"featured_media":0,"parent":0,"menu_order":0,"comment_status":"closed","ping_status":"closed","template":"","meta":{"ngg_post_thumbnail":0,"footnotes":""},"aioseo_notices":[],"_links":{"self":[{"href":"https:\/\/blogsaverroes.juntadeandalucia.es\/aldeaceipferrobus\/wp-json\/wp\/v2\/pages\/229"}],"collection":[{"href":"https:\/\/blogsaverroes.juntadeandalucia.es\/aldeaceipferrobus\/wp-json\/wp\/v2\/pages"}],"about":[{"href":"https:\/\/blogsaverroes.juntadeandalucia.es\/aldeaceipferrobus\/wp-json\/wp\/v2\/types\/page"}],"author":[{"embeddable":true,"href":"https:\/\/blogsaverroes.juntadeandalucia.es\/aldeaceipferrobus\/wp-json\/wp\/v2\/users\/3044"}],"replies":[{"embeddable":true,"href":"https:\/\/blogsaverroes.juntadeandalucia.es\/aldeaceipferrobus\/wp-json\/wp\/v2\/comments?post=229"}],"version-history":[{"count":51,"href":"https:\/\/blogsaverroes.juntadeandalucia.es\/aldeaceipferrobus\/wp-json\/wp\/v2\/pages\/229\/revisions"}],"predecessor-version":[{"id":328,"href":"https:\/\/blogsaverroes.juntadeandalucia.es\/aldeaceipferrobus\/wp-json\/wp\/v2\/pages\/229\/revisions\/328"}],"wp:attachment":[{"href":"https:\/\/blogsaverroes.juntadeandalucia.es\/aldeaceipferrobus\/wp-json\/wp\/v2\/media?parent=229"}],"curies":[{"name":"wp","href":"https:\/\/api.w.org\/{rel}","templated":true}]}}