{"id":137,"date":"2021-04-08T16:44:29","date_gmt":"2021-04-08T16:44:29","guid":{"rendered":"https:\/\/blogsaverroes.juntadeandalucia.es\/altascapacidadesmalaga\/?page_id=137"},"modified":"2026-01-11T19:51:35","modified_gmt":"2026-01-11T19:51:35","slug":"flexibilizacion","status":"publish","type":"page","link":"https:\/\/blogsaverroes.juntadeandalucia.es\/altascapacidadesmalaga\/flexibilizacion\/","title":{"rendered":"FLEXIBILIZACI\u00d3N"},"content":{"rendered":"<p style=\"text-align: left\"><span style=\"font-size: 18pt;color: #993366\"><strong>&nbsp;FLEXIBILIZACI\u00d3N<\/strong><\/span><\/p>\n<p style=\"text-align: justify\">La flexibilizaci\u00f3n se considerar\u00e1 una <strong>medida espec\u00edfica de car\u00e1cter excepcional<\/strong> y ser\u00e1 adoptada cuando las dem\u00e1s medidas tanto generales como espec\u00edficas, aplicadas previamente, hayan resultado o resulten insuficientes para responder a las necesidades educativas que presente el alumno o alumna.<\/p>\n<p style=\"text-align: justify\">La decisi\u00f3n de flexibilizar la duraci\u00f3n de los diversos niveles y etapas educativas ser\u00e1 tomada cuando se considere que esta medida es la m\u00e1s adecuada para un desarrollo personal y social equilibrado del alumno o alumna y se acredite que tiene adquiridos los criterios de evaluaci\u00f3n y objetivos del nivel que va a adelantar, habiendo sido evaluada positivamente su ACAI.<\/p>\n<p style=\"text-align: justify\">Se podr\u00e1 plantear para alumnado que presente necesidad espec\u00edfica de apoyo educativo por alta capacidad intelectual por <strong><em>sobredotaci\u00f3n<\/em><\/strong>.<\/p>\n<p>&nbsp;<\/p>\n<p style=\"text-align: left\"><span style=\"font-size: 18pt;color: #993366\"><strong>ANEXOS <\/strong><\/span><span style=\"font-size: 12pt\"><strong><span style=\"color: #993366\">(Instrucciones 16 de enero de 2007)<\/span><\/strong><\/span><\/p>\n<p style=\"text-align: justify\">La siguiente documentaci\u00f3n deber\u00e1 presentarse <strong>antes del 30 de abril. <\/strong>Se remitir\u00e1 al Servicio de Inspecci\u00f3n.<strong><br \/>\n<\/strong><\/p>\n<p style=\"text-align: justify\"><a href=\"https:\/\/docs.google.com\/document\/d\/1mD0Ezsa0vev3ykWCpUOhEkGBkb3VR3hD\/edit\">Anexo I.<\/a> Solicitud del titular de la Direcci\u00f3n para la realizaci\u00f3n de la evaluaci\u00f3n psicopedag\u00f3gica.<\/p>\n<p style=\"text-align: justify\"><a href=\"https:\/\/docs.google.com\/document\/d\/1JNFxcOmrfrun8Dtac848n7Lu9U2CMn0b\/edit\">Anexo II<\/a>. Propuesta de flexibilizaci\u00f3n del periodo de escolarizaci\u00f3n.<\/p>\n<p style=\"text-align: justify\"><a href=\"https:\/\/docs.google.com\/document\/d\/17Du1ZHgxAwaegwcAqKuSpYOsxpamGYEY\/edit\">Anexo III<\/a>. Informe de evaluaci\u00f3n psicopedag\u00f3gica. Se presentar\u00e1 el informe de evaluaci\u00f3n psicopedag\u00f3gica elaborado en S\u00e9neca. Se utilizar\u00e1 el modelo del anexo III en centros privados.<\/p>\n<p style=\"text-align: justify\"><a href=\"https:\/\/docs.google.com\/document\/d\/1Syn7T6ventc4b9Yzp3PnHozvblnEnw-W\/edit\">Anexo IV<\/a>. Informe del equipo docente.<\/p>\n<p style=\"text-align: justify\"><a href=\"https:\/\/docs.google.com\/document\/d\/1osseyrEx1X5Refq8c61bfZbaswmCWMk_\/edit?rtpof=true\">Anexo V<\/a>. Tr\u00e1mite de audiencia a la familia.<\/p>\n<p style=\"text-align: justify\"><a href=\"https:\/\/docs.google.com\/document\/d\/1qcGhFcI9RKOCuv88NAe4rYH3VStg1wRs\/edit\">Anexo VIII<\/a>. Acreditaci\u00f3n de AACCII del EOE. Este documento deber\u00e1n adjuntarlo los centros docentes privados y concertados.<\/p>\n<p style=\"text-align: justify\">ACAI. La adaptaci\u00f3n curricular para alumnado con alta capacidad intelectual deber\u00e1 estar elaborada y bloqueada en S\u00e9neca, tanto en centros docentes p\u00fablicos como en concertados, no siendo necesaria su presentaci\u00f3n junto al resto de documentos. Los centros privados s\u00ed deber\u00e1n aportar, junto a la documentaci\u00f3n anterior, el documento de adaptaci\u00f3n curricular para alumnado con alta capacidad intelectual.<\/p>\n<p style=\"text-align: justify\">&nbsp;<\/p>\n","protected":false},"excerpt":{"rendered":"<p>&nbsp;FLEXIBILIZACI\u00d3N La flexibilizaci\u00f3n se considerar\u00e1 una medida espec\u00edfica de car\u00e1cter excepcional y ser\u00e1 adoptada cuando las dem\u00e1s medidas tanto generales como espec\u00edficas, aplicadas previamente, hayan resultado o resulten insuficientes para responder a las necesidades&#46;&#46;&#46;<\/p>\n","protected":false},"author":11976,"featured_media":0,"parent":0,"menu_order":0,"comment_status":"closed","ping_status":"closed","template":"","meta":{"ngg_post_thumbnail":0,"footnotes":""},"aioseo_notices":[],"post_mailing_queue_ids":[],"_links":{"self":[{"href":"https:\/\/blogsaverroes.juntadeandalucia.es\/altascapacidadesmalaga\/wp-json\/wp\/v2\/pages\/137"}],"collection":[{"href":"https:\/\/blogsaverroes.juntadeandalucia.es\/altascapacidadesmalaga\/wp-json\/wp\/v2\/pages"}],"about":[{"href":"https:\/\/blogsaverroes.juntadeandalucia.es\/altascapacidadesmalaga\/wp-json\/wp\/v2\/types\/page"}],"author":[{"embeddable":true,"href":"https:\/\/blogsaverroes.juntadeandalucia.es\/altascapacidadesmalaga\/wp-json\/wp\/v2\/users\/11976"}],"replies":[{"embeddable":true,"href":"https:\/\/blogsaverroes.juntadeandalucia.es\/altascapacidadesmalaga\/wp-json\/wp\/v2\/comments?post=137"}],"version-history":[{"count":16,"href":"https:\/\/blogsaverroes.juntadeandalucia.es\/altascapacidadesmalaga\/wp-json\/wp\/v2\/pages\/137\/revisions"}],"predecessor-version":[{"id":860,"href":"https:\/\/blogsaverroes.juntadeandalucia.es\/altascapacidadesmalaga\/wp-json\/wp\/v2\/pages\/137\/revisions\/860"}],"wp:attachment":[{"href":"https:\/\/blogsaverroes.juntadeandalucia.es\/altascapacidadesmalaga\/wp-json\/wp\/v2\/media?parent=137"}],"curies":[{"name":"wp","href":"https:\/\/api.w.org\/{rel}","templated":true}]}}