{"id":20,"date":"2021-03-22T10:29:30","date_gmt":"2021-03-22T10:29:30","guid":{"rendered":"https:\/\/blogsaverroes.juntadeandalucia.es\/altascapacidadesmalaga\/?page_id=20"},"modified":"2024-10-29T08:43:37","modified_gmt":"2024-10-29T08:43:37","slug":"deteccion","status":"publish","type":"page","link":"https:\/\/blogsaverroes.juntadeandalucia.es\/altascapacidadesmalaga\/deteccion\/","title":{"rendered":"DETECCI\u00d3N"},"content":{"rendered":"<p style=\"text-align: center\"><strong><span style=\"font-size: 14pt\"><span style=\"color: #993366;font-size: 18pt\">DETECCI\u00d3N EN EL PRIMER CICLO DE EDUCACI\u00d3N INFANTIL<\/span><br \/>\n<\/span><\/strong><\/p>\n<p style=\"text-align: justify\"><strong><span style=\"font-size: 14pt\"><a href=\"https:\/\/blogsaverroes.juntadeandalucia.es\/altascapacidadesmalaga\/files\/2021\/04\/deteccion-primer-ciclo-ei.pdf\">EDUCACI\u00d3N INFANTIL<\/a>.<\/span><\/strong> <span style=\"font-size: 14pt\"><span dir=\"ltr\">Instrucciones de 8 de marzo de<\/span><span dir=\"ltr\"> 2017, de la Direcci\u00f3n General de <\/span><span dir=\"ltr\">Participaci\u00f3n y Equidad, por las que se actualiza e<\/span><span dir=\"ltr\">l protocolo de detecci\u00f3n, identificaci\u00f3n del <\/span><span dir=\"ltr\">alumnado con necesidades espec\u00edficas de apoyo educa<\/span><span dir=\"ltr\">tivo y organizaci\u00f3n de la respuesta <\/span><span dir=\"ltr\">educativa.<\/span><\/span><\/p>\n<p>&nbsp;<\/p>\n<p style=\"text-align: center\"><span style=\"color: #993366;font-size: 18pt\"><strong>DURANTE EL PROCESO DE ENSE\u00d1ANZA-APRENDIZAJE<\/strong><\/span><\/p>\n<ul>\n<li><span style=\"font-size: 14pt\">Cuestionarios para la detecci\u00f3n de ni\u00f1os y ni\u00f1as con altas capacidades. Luz P\u00e9rez y Carmen L\u00f3pez (2007) \u201cHijos Inteligentes \u00bfeducaci\u00f3n diferente?\u201d Editorial S. Pablo.<\/span><\/li>\n<\/ul>\n<p><span style=\"font-size: 14pt\">&nbsp; &nbsp; &nbsp; &nbsp; &nbsp; &nbsp; &nbsp; &nbsp; &nbsp; &nbsp; &nbsp; &nbsp; &nbsp;<a href=\"https:\/\/blogsaverroes.juntadeandalucia.es\/altascapacidadesmalaga\/files\/2021\/04\/3-4-an\u0303os.pdf\">3-4 an\u0303os<\/a><\/span><\/p>\n<p><span style=\"font-size: 14pt\">&nbsp; &nbsp; &nbsp; &nbsp; &nbsp; &nbsp; &nbsp; &nbsp; &nbsp; &nbsp; &nbsp; &nbsp;&nbsp; <a href=\"https:\/\/blogsaverroes.juntadeandalucia.es\/altascapacidadesmalaga\/files\/2021\/04\/5-8-an\u0303os.pdf\">5-8 an\u0303os<\/a><\/span><\/p>\n<p><span style=\"font-size: 14pt\">&nbsp; &nbsp; &nbsp; &nbsp; &nbsp; &nbsp; &nbsp; &nbsp; &nbsp; &nbsp; &nbsp; &nbsp;&nbsp; <a href=\"https:\/\/blogsaverroes.juntadeandalucia.es\/altascapacidadesmalaga\/files\/2021\/04\/9-14-an\u0303os.pdf\">9-14 an\u0303os<\/a><\/span><\/p>\n<ul>\n<li style=\"text-align: justify\"><span style=\"font-size: 14pt\">Cuestionarios de Rogers de Altas Capacidades. <a href=\"https:\/\/www.habilmind.com\/es\/rogers.html\">Versi\u00f3n en espa\u00f1ol de Javier Tour\u00f3n. Cumplimentaci\u00f3n online.<\/a><br \/>\n<\/span><\/li>\n<\/ul>\n<p><span style=\"font-size: 14pt\">&nbsp;&nbsp;&nbsp;&nbsp;&nbsp;&nbsp;&nbsp;&nbsp; Consta de los siguientes cuestionarios para la elaboraci\u00f3n del perfil personal del alumo\/a<\/span><\/p>\n<p><span style=\"font-size: 14pt\">&#8211; <a href=\"https:\/\/blogsaverroes.juntadeandalucia.es\/altascapacidadesmalaga\/files\/2021\/04\/PIP-Inventario-de-Padres-para-el-Descubrimiento-del-Potencial.pdf\">PIP Inventario de Padres para el Descubrimiento del Potencial<\/a><\/span> &nbsp;&nbsp;&nbsp;&nbsp;&nbsp;&nbsp;<\/p>\n<p><span style=\"font-size: 14pt\">&#8211; <a href=\"https:\/\/blogsaverroes.juntadeandalucia.es\/altascapacidadesmalaga\/files\/2021\/04\/TILS-Inventario-habilidades-para-profesores.pdf\">TILS Inventario para profesores sobre habilidades de aprendizaje&nbsp;<\/a><\/span><\/p>\n<p><span style=\"font-size: 14pt\">&#8211; Preferencias de Aprendizaje. \u00bfC\u00f3mo te gusta aprender? (ALUMNADO)<\/span><\/p>\n<p><span style=\"font-size: 14pt\">&#8211; Intereses y actitudes hacia la escuela y las materias (ALUMNADO)<\/span><\/p>\n<p>&nbsp;<\/p>\n<p style=\"text-align: center\"><strong><span style=\"font-size: 18pt;color: #993366\">PROTOCOLO DE DETECCI\u00d3N DEL ALUMNADO NEAE POR PRESENTAR AACCII<\/span><\/strong><\/p>\n<p style=\"text-align: left\"><a href=\"https:\/\/drive.google.com\/file\/d\/1Oa3J5LEFbi_X_8ePSJ4zKDMOKKB6EN_7\/view\"><span style=\"font-size: 12pt\">APLICACIO\u0301N PROTOCOLO DETECCIO\u0301N Y EVALUACIO\u0301N AACCII<\/span><\/a><\/p>\n<p>&nbsp;<\/p>\n","protected":false},"excerpt":{"rendered":"<p>DETECCI\u00d3N EN EL PRIMER CICLO DE EDUCACI\u00d3N INFANTIL EDUCACI\u00d3N INFANTIL. Instrucciones de 8 de marzo de 2017, de la Direcci\u00f3n General de Participaci\u00f3n y Equidad, por las que se actualiza el protocolo de detecci\u00f3n,&#46;&#46;&#46;<\/p>\n","protected":false},"author":11976,"featured_media":0,"parent":0,"menu_order":0,"comment_status":"closed","ping_status":"closed","template":"","meta":{"ngg_post_thumbnail":0,"footnotes":""},"aioseo_notices":[],"post_mailing_queue_ids":[],"_links":{"self":[{"href":"https:\/\/blogsaverroes.juntadeandalucia.es\/altascapacidadesmalaga\/wp-json\/wp\/v2\/pages\/20"}],"collection":[{"href":"https:\/\/blogsaverroes.juntadeandalucia.es\/altascapacidadesmalaga\/wp-json\/wp\/v2\/pages"}],"about":[{"href":"https:\/\/blogsaverroes.juntadeandalucia.es\/altascapacidadesmalaga\/wp-json\/wp\/v2\/types\/page"}],"author":[{"embeddable":true,"href":"https:\/\/blogsaverroes.juntadeandalucia.es\/altascapacidadesmalaga\/wp-json\/wp\/v2\/users\/11976"}],"replies":[{"embeddable":true,"href":"https:\/\/blogsaverroes.juntadeandalucia.es\/altascapacidadesmalaga\/wp-json\/wp\/v2\/comments?post=20"}],"version-history":[{"count":19,"href":"https:\/\/blogsaverroes.juntadeandalucia.es\/altascapacidadesmalaga\/wp-json\/wp\/v2\/pages\/20\/revisions"}],"predecessor-version":[{"id":833,"href":"https:\/\/blogsaverroes.juntadeandalucia.es\/altascapacidadesmalaga\/wp-json\/wp\/v2\/pages\/20\/revisions\/833"}],"wp:attachment":[{"href":"https:\/\/blogsaverroes.juntadeandalucia.es\/altascapacidadesmalaga\/wp-json\/wp\/v2\/media?parent=20"}],"curies":[{"name":"wp","href":"https:\/\/api.w.org\/{rel}","templated":true}]}}