{"id":119,"date":"2015-02-17T20:36:44","date_gmt":"2015-02-17T20:36:44","guid":{"rendered":"http:\/\/blogsaverroes.juntadeandalucia.es\/alunada\/?page_id=119"},"modified":"2018-10-14T09:47:21","modified_gmt":"2018-10-14T09:47:21","slug":"faq","status":"publish","type":"page","link":"https:\/\/blogsaverroes.juntadeandalucia.es\/alunada\/faq\/","title":{"rendered":"FAQ"},"content":{"rendered":"<h1 style=\"text-align: justify;\">Preguntas frecuentes resueltas<\/h1>\n<p style=\"text-align: justify;\">Hemos tenido la molestia de elaborar las preguntas m\u00e1s frecuentes con su correspondiente respuesta, por favor, l\u00e9alas con atenci\u00f3n y evite preguntar lo que ya fue resuelto en este apartado de la web; no obstante, ante cualquier incertidumbre no dude en <a title=\"P\u00e1gina de contacto\" href=\"http:\/\/blogsaverroes.juntadeandalucia.es\/alunada\/contacto\/\" target=\"_blank\" rel=\"noopener\">contactar<\/a>. Ay\u00fadenos como nosotros a ustedes, sea eficiente y ay\u00fadenos a serlo; el tiempo ganado, es tiempo que podemos emplear en solucionar problemas que verdaderamente no est\u00e9n resueltos. Gracias.<\/p>\n<h2 style=\"text-align: justify;\">\u00cdndice<\/h2>\n<ol style=\"text-align: justify;\">\n<li>\u00bfCu\u00e1l es el plazo para presentar las solicitudes de admisi\u00f3n ?<\/li>\n<li>\u00bfD\u00f3nde puedo encontrar la normativa que rige el proceso de admisi\u00f3n del mes de marzo?<\/li>\n<li>En este centro, \u00bf cu\u00e1ndo puedo informarme del procedimiento ?<\/li>\n<li>\u00bfD\u00f3nde debe presentarse la solicitud de admisi\u00f3n?<\/li>\n<li>\u00bfExiste adem\u00e1s alg\u00fan n\u00famero de tel\u00e9fono ?<\/li>\n<li>\u00bfC\u00f3mo puedo cumplimentar la solicitud ?<\/li>\n<li>\u00bfCu\u00e1ntas solicitudes puedo presentar ?<\/li>\n<li>\u00bfQu\u00e9 ocurrir\u00e1 si se presenta m\u00e1s de una solicitud para centros diferentes?<\/li>\n<li>\u00bfQu\u00e9 ocurrir\u00eda si se presenta la solicitud de admisi\u00f3n fuera de plazo?<\/li>\n<li>\u00bfAdem\u00e1s del Anexo III debo entregar m\u00e1s documentaci\u00f3n ?<\/li>\n<li>\u00bfQu\u00e9 interesa m\u00e1s acogerme, al domicilio familiar o al de trabajo ?<\/li>\n<li>\u00bfDebo presentar certificado o volante de empadronamiento ?<\/li>\n<li>\u00bfC\u00f3mo se acredita la condici\u00f3n de familia numerosa?<\/li>\n<li>\u00bfCu\u00e1ndo se entiende que el alumno o alumna pertenece a una familia con la condici\u00f3n de monoparental?<\/li>\n<li>\u00bfC\u00f3mo se acredita la condici\u00f3n de familia monoparental?<\/li>\n<li>\u00bfQu\u00e9 es copia autenticada?<\/li>\n<li>\u00bfC\u00f3mo se acredita la discapacidad?<\/li>\n<li>\u00bfPuedo presentar solicitud fuera de dicho periodo ?<\/li>\n<li>\u00bfPor qu\u00e9 criterios se regir\u00e1, en su caso, la admisi\u00f3n del alumnado?<\/li>\n<li>\u00bfQu\u00e9 ocurre cuando varios hermanos o hermanas solicitan plaza escolar en un mismo centro docente para distintos cursos?<\/li>\n<li>\u00bfFechas de cumplimentaci\u00f3n ?<\/li>\n<li>\u00bfQu\u00e9 documentos debo presentar ?<\/li>\n<li>\u00bfCu\u00e1ndo puedo presentar solicitud para los servicios del Plan de Apertura?<\/li>\n<li>\u00bfCu\u00e1ntas plazas se ofertan de los servicios del Plan de Apertura para el curso 2.015 \u2013 2.016 ?<\/li>\n<li>\u00bfCu\u00e1ndo puedo solicitar la bonificaci\u00f3n de los Servicios del Plan de Apertura ?<\/li>\n<li>\u00bfCu\u00e1l es el horario de atenci\u00f3n en direcci\u00f3n? (Curso 2014-2015)<\/li>\n<li>\u00bfCu\u00e1l es el horario de atenci\u00f3n en la jefatura de estudio? (Curso 2014-2015)<\/li>\n<li>\u00bfCu\u00e1l es el horario de atenci\u00f3n en secretar\u00eda? (Curso 2014-2015)<\/li>\n<\/ol>\n<h3 style=\"text-align: justify;\"><strong>Respecto a las solicitudes de admisi\u00f3n<\/strong><\/h3>\n<p style=\"text-align: justify;\"><strong>1.-&nbsp;<\/strong><strong>\u00bf Cu\u00e1l es el plazo para presentar las solicitudes de admisi\u00f3n ?<\/strong><\/p>\n<p style=\"text-align: justify;\">El periodo ordinario es durante el mes de marzo de cada a\u00f1o.<\/p>\n<p style=\"text-align: justify;\"><strong>2.- \u00bfD\u00f3nde puedo encontrar la normativa que rige el proceso de admisi\u00f3n del mes de marzo?<\/strong><br \/>\nEn la web de la Consejer\u00eda de Educaci\u00f3n, Cultura&nbsp;y Deporte&nbsp; (<a href=\"http:\/\/www.juntadeandalucia.es\/educacion\">www.juntadeandalucia.es\/educacion\/<\/a>) y en los tablones de anuncios de cada centro docente tanto p\u00fablico como privado concertado durante todo el proceso.<\/p>\n<p style=\"text-align: justify;\"><strong>3.- En este centro,&nbsp; \u00bfcu\u00e1ndo puedo informarme del procedimiento ?<\/strong><\/p>\n<p style=\"text-align: justify;\">En el Tabl\u00f3n de Anuncios, en Secretar\u00eda preferentemente de 9 a 10 y de 13 a 14 horas.<\/p>\n<p style=\"text-align: justify;\"><strong>4.- \u00bfD\u00f3nde debe presentarse la solicitud de admisi\u00f3n?<\/strong><\/p>\n<p style=\"text-align: justify;\">Preferentemente en el centro docente en el que se solicita la admisi\u00f3n como prioritario, sin perjuicio de lo establecido en el art\u00edculo 38.4 de la Ley 30\/1992, de 26 de noviembre, y en los art\u00edculos 82 y 83 de la Ley 9\/2007, de 22 de octubre, en cuyo caso, para agilizar el procedimiento, podr\u00e1 remitirse copia autenticada al centro al que se dirige la solicitud.<\/p>\n<p style=\"text-align: justify;\">El solicitante debe quedarse con una copia del impreso de solicitud&nbsp;registrado por el centro<\/p>\n<p style=\"text-align: justify;\"><strong>5.- \u00bf Existe adem\u00e1s alg\u00fan n\u00famero de tel\u00e9fono ?<\/strong><\/p>\n<p style=\"text-align: justify;\">S\u00ed, adem\u00e1s es gratuito. Hablamos del 900 848 000.<\/p>\n<p style=\"text-align: justify;\"><strong>6.- \u00bf C\u00f3mo puedo cumplimentar la solicitud?<\/strong><\/p>\n<ul style=\"text-align: justify;\">\n<li>Rellenando el Anexo III y entreg\u00e1ndolo en la Secretar\u00eda del centro, que haya puesto en primera opci\u00f3n.<\/li>\n<li>O, si lo prefiere a trav\u00e9s del Registro Telem\u00e1tico de la Consejer\u00eda de Educaci\u00f3n.<\/li>\n<\/ul>\n<p style=\"text-align: justify;\"><strong>7.- \u00bf Cu\u00e1ntas solicitudes puedo presentar ?<\/strong><\/p>\n<p style=\"text-align: justify;\">Una y en ella puede poner hasta cuatro centros alternativos ordenados por preferencia.<\/p>\n<p style=\"text-align: justify;\"><strong>8.- \u00bfQu\u00e9 ocurrir\u00e1 si se presenta m\u00e1s de una solicitud para centros diferentes?<\/strong><\/p>\n<p style=\"text-align: justify;\">Que el alumno o alumna perder\u00e1 todos los derechos de prioridad que puedan corresponderle.<\/p>\n<p style=\"text-align: justify;\">Una vez concluida la adjudicaci\u00f3n de plazas escolares, las comisiones territoriales de garant\u00edas de admisi\u00f3n adjudicar\u00e1n una plaza escolar a los alumnos o alumnas que presentaron m\u00e1s de una solicitud.<\/p>\n<p style=\"text-align: justify;\"><strong>9.- \u00bfQu\u00e9 ocurrir\u00eda si se presenta la solicitud de admisi\u00f3n fuera de plazo?<\/strong><\/p>\n<p style=\"text-align: justify;\">Que perder\u00eda la prioridad que en su caso le hubiese correspondido, en relaci\u00f3n con las presentadas en plazo.<\/p>\n<p style=\"text-align: justify;\">Una vez concluida la adjudicaci\u00f3n de plazas escolares, las comisiones territoriales de garant\u00edas de admisi\u00f3n adjudicar\u00e1n una plaza escolar a los alumnos o alumnas cuya solicitud de admisi\u00f3n fue presentada fuera del plazo establecido.<\/p>\n<p style=\"text-align: justify;\"><strong>10.- \u00bf Adem\u00e1s del Anexo III debo entregar m\u00e1s documentaci\u00f3n ?<\/strong><\/p>\n<ul style=\"text-align: justify;\">\n<li>Fotocopia de los D.N.I. de los padres\/madres\/tutores y del\/de la alumno\/a solicitante. (Firmando \u201ccopia fiel del original\u201d)<\/li>\n<li>Fotocopia del libro de familia d\u00f3nde aparezca el solicitante (Firmando \u201ccopia fiel del original\u201d)<\/li>\n<li>Acreditaci\u00f3n de las circunstancias declaradas:\n<ul>\n<li>Reconocimiento discapacidad, familia numerosa, monoparental, etc.<\/li>\n<\/ul>\n<\/li>\n<\/ul>\n<p style=\"text-align: justify;\"><strong>11.- \u00bf Qu\u00e9 interesa m\u00e1s acogerme, al domicilio familiar o al de trabajo ?<\/strong><\/p>\n<p style=\"text-align: justify;\">Al domicilio familiar se otorga 14 puntos, al de trabajo 8 si es de la zona. Si es de zona lim\u00edtrofe 10 al familiar y 6 al laboral.<\/p>\n<p style=\"text-align: justify;\"><strong>12.- \u00bf Debo presentar certificado o volante de empadronamiento ?<\/strong><\/p>\n<p style=\"text-align: justify;\">No, el Instituto de Estad\u00edsticas es quien proporciona la puntuaci\u00f3n. En caso de que no coincidan, el domicilio del impreso con el de Estad\u00edsticas, se le avisar\u00eda desde el centro para que lo aportase.<\/p>\n<p style=\"text-align: justify;\"><strong>13.- \u00bfC\u00f3mo se acredita la condici\u00f3n de familia numerosa?<\/strong><\/p>\n<p style=\"text-align: justify;\">Con la copia autenticada del t\u00edtulo oficial de familia numerosa que est\u00e9 en vigor cuando no se haya autorizado a la Consejer\u00eda para recabar la informaci\u00f3n de la Consejer\u00eda competente en la materia o cuando habi\u00e9ndose indicado en la solicitud dicha autorizaci\u00f3n la informaci\u00f3n no se haya obtenido. En este \u00faltimo supuesto, la direcci\u00f3n del centro p\u00fablico le habr\u00e1 requerido fehacientemente dicha acreditaci\u00f3n.<\/p>\n<p style=\"text-align: justify;\"><strong>14.- \u00bfCu\u00e1ndo se entiende que el alumno o alumna pertenece a una familia con la condici\u00f3n de monoparental?<\/strong><\/p>\n<p style=\"text-align: justify;\">De conformidad con la normativa de admisi\u00f3n \u00abse entender\u00e1 que el alumno o alumna menor de edad o mayor de edad sujeto a patria potestad prorrogada o tutela pertenece a una familia con la condici\u00f3n de monoparental cuando su patria potestad est\u00e9 ejercida por una sola persona o cuando siendo ejercida por dos personas, exista orden de alejamiento de una de ellas con respecto a la otra con la que convive el alumno o alumna\u00bb.<\/p>\n<p style=\"text-align: justify;\"><strong>15.- \u00bfC\u00f3mo se acredita la condici\u00f3n de familia monoparental?<\/strong><\/p>\n<p style=\"text-align: justify;\">Mediante copia autenticada del Libro de Familia, dicha copia deber\u00e1 incluir las p\u00e1ginas escritas pudiendo sustituirse las p\u00e1ginas no escritas por una diligencia en la \u00faltima p\u00e1gina escrita en la que el funcionario que la autentique deje constancia de qu\u00e9 p\u00e1ginas est\u00e1n en blanco.<\/p>\n<p style=\"text-align: justify;\"><strong>16.- \u00bfQu\u00e9 es copia autenticada?<\/strong><\/p>\n<p style=\"text-align: justify;\">El Decreto 204\/1995, de 29 de agosto, por el que se establecen medidas organizativas para los servicios administrativos de atenci\u00f3n directa a los ciudadanos (BOJA de 26 de octubre, n\u00fam. 136), en el art\u00edculo 21 establece:<\/p>\n<p style=\"padding-left: 30px; text-align: justify;\">Art. 21 <strong>Tipos de copias de documentos.<\/strong><\/p>\n<p style=\"padding-left: 30px; text-align: justify;\">Las copias de documentos en el \u00e1mbito de actuaci\u00f3n de la Administraci\u00f3n de la Junta de Andaluc\u00eda, comprender\u00e1 los siguientes supuestos:<\/p>\n<p style=\"padding-left: 30px; text-align: justify;\">1.- Las copias aut\u00e9nticas de documentos administrativos expedidos por el mismo \u00f3rgano que emiti\u00f3 el documentos original.<\/p>\n<p style=\"padding-left: 30px; text-align: justify;\"><strong>2.- Las copias autenticadas de documentos privados y p\u00fablicos, mediante cotejo con el original y en las que se estampar\u00e1 si procediera la correspondiente diligencia de compulsa.<\/strong><\/p>\n<p style=\"padding-left: 30px; text-align: justify;\">El art\u00edculo 22 del referido Decreto&nbsp; recoge la competencia para la expedici\u00f3n de copias. En el apartado 2, establece \u00abla expedici\u00f3n de copias autenticadas de documentos administrativos de la Junta de Andaluc\u00eda, corresponder\u00e1 a las jefaturas de secci\u00f3n u \u00f3rgano asimilado dependiente del \u00f3rgano que hubiera emitido el documento original y que tengan encomendada las funciones de tramitaci\u00f3n o custodia del expediente a que pertenece dicho documento original\u00bb.<\/p>\n<p style=\"text-align: justify;\"><strong>17.- \u00bfC\u00f3mo se acredita la discapacidad?<\/strong><\/p>\n<p style=\"text-align: justify;\">De conformidad con la normativa de admisi\u00f3n&nbsp; las personas mayores de edad de la unidad familiar del alumno o alumna que se encuentren en esta situaci\u00f3n deber\u00e1n autorizar a la Consejer\u00eda competente en materia de Educaci\u00f3n&nbsp;en el modelo&nbsp;de solicitud de admisi\u00f3n, para recabar la informaci\u00f3n necesaria a la Consejer\u00eda competente en la materia. En el caso de alumnos o alumnas menores de edad o mayores de edad sujetos a patria potestad prorrogada o tutela, ser\u00e1n sus padres, madres o tutores o guardadores legales los que realicen dicha autorizaci\u00f3n.<\/p>\n<p style=\"text-align: justify;\">Si no se pudiera obtener la informaci\u00f3n referida, la persona solicitante a requerimiento de la direcci\u00f3n del centro p\u00fablico o la persona f\u00edsica o jur\u00eddica titular del centro concertado, deber\u00e1 presentar los correspondientes certificados de los dict\u00e1menes de discapacidad emitidos por el \u00f3rgano competente de la Administraci\u00f3n de la Junta de Andaluc\u00eda o, en su caso, de otras Administraciones p\u00fablicas.<\/p>\n<p style=\"text-align: justify;\"><strong>18.- &nbsp;Puedo presentar solicitud fuera de dicho periodo ?<\/strong><\/p>\n<p style=\"text-align: justify;\">S\u00ed, rellenando el Anexo IX, si procede de fuera de la localidad. Si hay plaza vacante se le adjudicar\u00eda la misma, en caso contrario ser\u00e1 la Delegaci\u00f3n Territorial de Educaci\u00f3n quien destinar\u00eda al solicitante entre los centros que dispusieran de plaza.<\/p>\n<p style=\"text-align: justify;\"><strong>19.-&nbsp;\u00bf Por qu\u00e9 criterios se regir\u00e1, en su caso, la admisi\u00f3n del alumnado?<\/strong><\/p>\n<p style=\"text-align: justify;\">De conformidad con la normativa vigente, el orden de admisi\u00f3n se regir\u00e1 por los siguientes criterios:<\/p>\n<ul style=\"text-align: justify;\">\n<li>Existencia de hermanos o hermanas matriculados\/as en el centro docente o de padres, madres o tutores o guardadores legales que trabajen en el mismo.<\/li>\n<li>Proximidad del domicilio familiar o del lugar de trabajo del padre, de la madre o de la persona tutora o guardadora legal.<\/li>\n<li>Renta anual de la unidad familiar.<\/li>\n<li>Concurrencia de discapacidad en el alumno o alumna o en sus padres, madres o tutores o guardadores legales, o en alguno de sus hermanos o hermanas o menores en acogimiento en la misma unidad familiar. En el segundo ciclo de la educaci\u00f3n infantil se considerar\u00e1 tambi\u00e9n la presencia en el alumnado de trastornos del desarrollo.<\/li>\n<li>Que el alumno o alumna pertenezca a una familia con la condici\u00f3n de numerosa.<\/li>\n<li>Que el alumno o alumna pertenezca a una familia con la condici\u00f3n de monoparental y sea menor de edad o mayor de edad sujeto a patria potestad prorrogada o tutela.<\/li>\n<\/ul>\n<p style=\"text-align: justify;\"><strong>20.- \u00bfQu\u00e9 ocurre cuando varios hermanos o hermanas solicitan plaza escolar en un mismo centro docente para distintos cursos?<\/strong><\/p>\n<p style=\"text-align: justify;\">En el caso de que existan dos o m\u00e1s solicitudes de admisi\u00f3n de hermanos o hermanas en un mismo centro docente para distintos cursos, cuando uno de ellos resulte admitido, se conceder\u00e1 a los dem\u00e1s 16 puntos.<\/p>\n<h3 style=\"text-align: justify;\"><strong>Respecto a los impresos de matriculaci\u00f3n<\/strong><\/h3>\n<p style=\"text-align: justify;\"><strong>&nbsp;<\/strong>Son los alumnos y alumnas que contin\u00faan en el centro o bien han sido admitidos como alumnos de nuevo ingreso en el proceso de Admisi\u00f3n.<\/p>\n<p style=\"text-align: justify;\"><strong>21.- \u00bf Fechas de cumplimentaci\u00f3n ?<\/strong><\/p>\n<p style=\"text-align: justify;\">Desde el d\u00eda 1 al 8 de junio, en la primera semana de junio en el Anexo IV \u201cMatr\u00edcula\u201d.<\/p>\n<p style=\"text-align: justify;\"><strong>&nbsp;<\/strong><strong>22.- \u00bf Qu\u00e9 documentos debo presentar ?<\/strong><\/p>\n<ul style=\"text-align: justify;\">\n<li>El alumnado que continua en el centro el Anexo.<\/li>\n<li>El alumnado de nuevo ingreso adem\u00e1s presentar\u00e1n el impreso de Religi\u00f3n \/Atenci\u00f3n Educativa y las autorizaciones de Protecci\u00f3n de Datos y las del Uso de Im\u00e1genes con fines educativos.<\/li>\n<\/ul>\n<p style=\"text-align: justify;\"><strong>&nbsp;<\/strong><strong>23.- \u00bf Cu\u00e1ndo puedo presentar solicitud para los servicios del Plan de Apertura?<\/strong><\/p>\n<p style=\"text-align: justify;\">En las mismas fechas, solicitando el Anexo II \u201cInscripci\u00f3n en los servicios de Aula Matinal, Comedor y Actividades Extraescolares.<\/p>\n<h3 style=\"text-align: justify;\"><strong>24.- \u00bf Cu\u00e1ntas plazas se ofertan de los servicios del Plan de Apertura para el curso 2.015 \u2013 2.016 ?<\/strong><\/h3>\n<ul style=\"text-align: justify;\">\n<li>Matinal: 30.<\/li>\n<li>Comedor: 49 (un turno).<\/li>\n<li>Extraescolares: Abiertas, siempre con un n\u00famero m\u00ednimo de 10 usuarios\/as.<\/li>\n<\/ul>\n<p style=\"text-align: justify;\"><strong>25.- \u00bf Cu\u00e1ndo puedo solicitar la bonificaci\u00f3n de los Servicios del Plan de Apertura ?<\/strong><\/p>\n<p style=\"text-align: justify;\">En el mes de septiembre, con la cumplimentaci\u00f3n del Anexo \u201cSolicitud de bonificaci\u00f3n de los precios del Plan de Apertura\u201d<\/p>\n<h3 style=\"text-align: justify;\">Horarios de atenci\u00f3n<\/h3>\n<p style=\"text-align: justify;\"><strong>26.- \u00bfCu\u00e1l es el horario de atenci\u00f3n en direcci\u00f3n?&nbsp;<\/strong><\/p>\n<p style=\"text-align: justify;\"><strong>&nbsp;<\/strong>De lunes a viernes: de 9 a 11 horas, excepto los jueves de 9 a 10 horas.<\/p>\n<p style=\"text-align: justify;\"><strong>&nbsp;27.- \u00bfCu\u00e1l es el horario de atenci\u00f3n en la jefatura de estudio?&nbsp;<\/strong><\/p>\n<ul style=\"text-align: justify;\">\n<li><strong>&nbsp;<\/strong>Lunes y mi\u00e9rcoles de 9 a 11 horas.<\/li>\n<li>Martes y jueves de 12:30 a 14 horas.<\/li>\n<\/ul>\n<p style=\"text-align: justify;\"><strong>&nbsp;<\/strong><strong>&nbsp;28.- \u00bfCu\u00e1l es el horario de atenci\u00f3n en secretar\u00eda?&nbsp;<\/strong><\/p>\n<ul style=\"text-align: justify;\">\n<li><strong>&nbsp;<\/strong><strong>Atenci\u00f3n a Padres:&nbsp;<\/strong>Lunes y mi\u00e9rcoles de 12,30 a 13,30 horas.<\/li>\n<li><strong>Atenci\u00f3n a Representantes:&nbsp;<\/strong>Martes y jueves de 12,30 a 13,30 horas.<\/li>\n<\/ul>\n<p style=\"text-align: justify;\"><strong>&nbsp;<\/strong><\/p>\n<p style=\"text-align: justify;\"><strong>&nbsp;<\/strong><\/p>\n<p style=\"text-align: justify;\"><strong>&nbsp;<\/strong><\/p>\n<p style=\"text-align: justify;\"><strong>&nbsp;<\/strong><\/p>\n<p style=\"text-align: justify;\"><strong>&nbsp;<\/strong><\/p>\n<p style=\"text-align: justify;\"><strong>&nbsp;<\/strong><\/p>\n<p style=\"text-align: justify;\"><strong>&nbsp;<\/strong><\/p>\n<p style=\"text-align: justify;\"><strong>&nbsp;<\/strong><\/p>\n<p style=\"text-align: justify;\"><strong>&nbsp;<\/strong><\/p>\n<p style=\"text-align: justify;\"><strong>&nbsp;<\/strong><\/p>\n<p style=\"text-align: justify;\"><strong>&nbsp;<\/strong><\/p>\n","protected":false},"excerpt":{"rendered":"<p>Preguntas frecuentes resueltas Hemos tenido la molestia de elaborar las preguntas m\u00e1s frecuentes con su correspondiente respuesta, por favor, l\u00e9alas con atenci\u00f3n y evite preguntar lo que ya fue resuelto en este apartado de la web; no obstante, ante cualquier&#46;&#46;&#46;<\/p>\n","protected":false},"author":1514,"featured_media":0,"parent":0,"menu_order":0,"comment_status":"open","ping_status":"open","template":"","meta":{"ngg_post_thumbnail":0,"footnotes":""},"aioseo_notices":[],"_links":{"self":[{"href":"https:\/\/blogsaverroes.juntadeandalucia.es\/alunada\/wp-json\/wp\/v2\/pages\/119"}],"collection":[{"href":"https:\/\/blogsaverroes.juntadeandalucia.es\/alunada\/wp-json\/wp\/v2\/pages"}],"about":[{"href":"https:\/\/blogsaverroes.juntadeandalucia.es\/alunada\/wp-json\/wp\/v2\/types\/page"}],"author":[{"embeddable":true,"href":"https:\/\/blogsaverroes.juntadeandalucia.es\/alunada\/wp-json\/wp\/v2\/users\/1514"}],"replies":[{"embeddable":true,"href":"https:\/\/blogsaverroes.juntadeandalucia.es\/alunada\/wp-json\/wp\/v2\/comments?post=119"}],"version-history":[{"count":22,"href":"https:\/\/blogsaverroes.juntadeandalucia.es\/alunada\/wp-json\/wp\/v2\/pages\/119\/revisions"}],"predecessor-version":[{"id":3243,"href":"https:\/\/blogsaverroes.juntadeandalucia.es\/alunada\/wp-json\/wp\/v2\/pages\/119\/revisions\/3243"}],"wp:attachment":[{"href":"https:\/\/blogsaverroes.juntadeandalucia.es\/alunada\/wp-json\/wp\/v2\/media?parent=119"}],"curies":[{"name":"wp","href":"https:\/\/api.w.org\/{rel}","templated":true}]}}