{"id":2441,"date":"2015-06-27T22:12:03","date_gmt":"2015-06-27T22:12:03","guid":{"rendered":"http:\/\/blogsaverroes.juntadeandalucia.es\/ampaolea\/?page_id=2441"},"modified":"2021-10-01T17:15:03","modified_gmt":"2021-10-01T17:15:03","slug":"acciones","status":"publish","type":"page","link":"https:\/\/blogsaverroes.juntadeandalucia.es\/ampaolea\/acciones\/","title":{"rendered":"ACCIONES"},"content":{"rendered":"<p>Indicamos aqu\u00ed las acciones que se han llevado a cabo desde 2015 para contribuir al buen funcionamiento del colegio:<\/p>\n<p>Octubre 2021<\/p>\n<p>&#8211; 1\/10\/2021: Encuentro de las AMPAs de Palomares del R\u00edo con el Concejal y la Alcaldesa, y tambi\u00e9n con representantes de FAMPA Sevilla, para coordinar actuaciones y demandar el personal especializado en alumnado NEAE que se necesita en la localidad<\/p>\n<p>Septiembre 2021<br \/>\n&#8211; 16\/09\/2021: en reuni\u00f3n mantenida con el concejal se demandan varias cosas: 1.- Un informe t\u00e9cnico realizado por el arquitecto municipal, para poder requerir el arreglo de las pistas deportivas a la Junta de Andaluc\u00eda, 2. &#8211; M\u00e1s \u00e1rboles para la calle Manzanilla, 3. &#8211; Que el ayuntamiento tambi\u00e9n exija a la Delegaci\u00f3n Provincial de Educaci\u00f3n, el profesorado de alumnado con necesidades especiales (NEAE). 4.- Policia a la entrada y salida del colegio<\/p>\n<p>Junio 2020<br \/>\n&#8211; Apoyamos un <a href=\"https:\/\/blogsaverroes.juntadeandalucia.es\/ampaolea\/2020\/07\/10\/todos-juntos-frente-a-la-incertidumbre-del-curso-2020-21\/\" target=\"_blank\" rel=\"noopener noreferrer\">manifiesto com\u00fan de parte de todas las AMPAS<\/a>, en pro de la colaboraci\u00f3n por parte de todos los componentes de la comunidad educativa del pueblo<\/p>\n<p>Abril 2020<br \/>\n&#8211; Conocimos&nbsp; las carencias reales de las familias para el seguimiento del curso durante el confinamiento. Se elabor\u00f3 y difundi\u00f3 un cuestionario&nbsp; para saber si se dispon\u00eda de dispositivos digitales&nbsp; y de los libros de texto<\/p>\n<p>Febrero 2020<br \/>\n&#8211; Reuni\u00f3n con el Ayuntamiento para solicitar espacio para fiesta primavera y otros asuntos pendientes. <a href=\"https:\/\/blogsaverroes.juntadeandalucia.es\/ampaolea\/files\/2020\/02\/reunion-ayto-ampa-12feb20-resumen.pdf\" target=\"_blank\" rel=\"noopener noreferrer\">Consulta aqu\u00ed el resumen&nbsp;<\/a><\/p>\n<p>Enero 2020<br \/>\n&#8211; Solicitamos por escrito al ayuntamiento algunas necesidades para realizar en el colegio, respaldando esta misma <a href=\"https:\/\/blogsaverroes.juntadeandalucia.es\/ampaolea\/files\/2020\/02\/Colegio-pide-a-ayto17ene20.doc\" target=\"_blank\" rel=\"noopener noreferrer\">solicitud que se hizo desde el centro<\/a><\/p>\n<p>Septiembre 2019<br \/>\n&#8211; Nos reunimos con el nuevo concejal de Educaci\u00f3n en el Ayto de Palomares, D. Rafael Ruiz para tratar varios temas: la posibilidad de contar con Reyes como conserje permanente en nuestro centro, la incorporaci\u00f3n de nuestro centro en algun programa de climatizaci\u00f3n (de Diputacion), la existencia de farolas en nuestro centro que no funcionan, etc.<br \/>\n<a href=\"https:\/\/blogsaverroes.juntadeandalucia.es\/ampaolea\/files\/2019\/09\/Reunion-ayto-18-9-19.pdf\" target=\"_blank\" rel=\"noopener noreferrer\">Consulta aqu\u00ed el resumen de dicho encuentro.<\/a><\/p>\n<p>Mayo 2019<br \/>\n&#8211; Solicitamos por escrito, una vez m\u00e1s, al ayuntamiento, la presencia en el colegio de un empleado o empleada de mantenimiento (conserje), al igual que los otros colegios tienen. Al mismo tiempo, la Junta directiva de este AMPA decide colocar una pancarta exigiendo conserje, en el cercado exterior del colegio, a la entrada.<\/p>\n<p>&#8211; Solicitamos por escrito, al ayuntamiento el desbroce y limpieza completa, as\u00ed como desinfecci\u00f3n y desratizaci\u00f3n del campo en la zona del colegio&nbsp;<\/p>\n<p>Marzo 2019<br \/>\nSolicitamos por escrito al ayuntamiento la instalaci\u00f3n de alg\u00fan tipo de p\u00e9rgola o estructura de sombra en la entrada del colegio, en el exterior del recinto escolar.&nbsp;<\/p>\n<p>Enero 2019<br \/>\nSolicitamos en la Delegaci\u00f3n Provincial de Educaci\u00f3n, ser incluidos como centro escolar, en la pr\u00f3xima convocatoria del Programa de Climatizaci\u00f3n. <a href=\"https:\/\/blogsaverroes.juntadeandalucia.es\/ampaolea\/files\/2019\/03\/Carta-Delegaci\u00f3n-solicitud-climatizacion.pdf\" target=\"_blank\" rel=\"noopener noreferrer\">Ver solicitud aqu\u00ed<\/a><\/p>\n<p>Enero 2019<br \/>\nSolicitamos por escrito y por tel\u00e9fono el arreglo o reparaci\u00f3n de los radiadores de calor instalados en la caracola destinada al comedor y al aula matinal, que al parecer llevaban demasiado tiempo sin funcionar<\/p>\n<p>Noviembre 2018<br \/>\nDurante el oto\u00f1o de 2018, y tras comenzar un nuevo curso sin personal de mantenimiento (o conserje) en el colegio, nos dirigimos en varias ocasiones al ayuntamiento, recordando la diferencia de trato que recibimos como colegio en este asunto, debido a que los otros dos colegios s\u00ed tienen una persona casi permanentemente como conserje y mantenimiento. Se nos informa que probablemente a comienzos de a\u00f1o se nos destine alg\u00fan trabajador dentro de los planes de empleo temporales.<\/p>\n<p>Abril 2018<br \/>\nUna vez m\u00e1s, tenemos que retomar un asunto que cre\u00edamos superado desde el pasado octubre: el personal de mantenimiento\/conserje, que el ayuntamiento debe ofrecernos.<br \/>\nSolicitamos otra reuni\u00f3n con la alcaldesa para este tema. Ser\u00e1 el 10 de abril<\/p>\n<p>Enero 2018<br \/>\nRetomamos la reivindicaci\u00f3n de un personal administrativo para nuestro colegio, invitando a todas y cada una de las familias a que lo soliciten personalmente, llamando o por escrito.<br \/>\n<a href=\"https:\/\/blogsaverroes.juntadeandalucia.es\/ampaolea\/2018\/01\/22\/y-seguimos-sin-administrativo\/\" target=\"_blank\" rel=\"noopener noreferrer\">Consulta aqu\u00ed la informacion sobre dicha acci\u00f3n<\/a><br \/>\n&#8212;-<br \/>\nOctubre de 2017<br \/>\nPresentamos al Ayuntamiento un <a href=\"https:\/\/blogsaverroes.juntadeandalucia.es\/ampaolea\/files\/2017\/10\/Carta-cortes\u00eda-Ayto-mantenimiento-colegio.pdf\" target=\"_blank\" rel=\"noopener noreferrer\">carta de agradecimiento<\/a> por su pronta respuesta a nuestra demanda de una persona de mantenimiento.<br \/>\n&#8212;-<br \/>\nSeptiembre de &nbsp;2017<br \/>\nTras dos a\u00f1os de vida como colegio, y aun sin personal de mantenimiento (conserje) asignado por nuestro ayuntamiento, decidimos hacer p\u00fablico esta situaci\u00f3n y pedir a todas las familias que reivindiquen lo que los otro dos colegios tienen.<\/p>\n<p><a href=\"https:\/\/blogsaverroes.juntadeandalucia.es\/ampaolea\/2017\/09\/07\/nuestro-colegio-desatendido\/\" target=\"_blank\" rel=\"noopener noreferrer\"><em>NUESTRO COLEGIO DESATENDIDO&nbsp;<\/em><\/a><br \/>\n&#8212;&#8211;<br \/>\nMarzo de 2017<br \/>\nUn grupo de madres \u00abvisitamos\u00bb sin cita al responsable del Personal no docente para recordarle &nbsp;y exigirle que se nos asigne el personal administrativo que corresponde al colegio.<br \/>\n&#8212;&#8212;&#8212;&#8212;&#8211;<br \/>\nEnero de 2017<br \/>\nRecogemos firmas para exigir el personal administrativo que nos corresponde, y tambi\u00e9n&nbsp;para demandar que se dote a los tres colegios de Palomares con los especialistas docentes&nbsp;suficientes para atender a todos los alumnos y alumnas con necesidades educativas especiales, (logopedas y Pedagogo Terape\u00fatico o PT)<br \/>\n&#8212;&#8212;&#8212;&#8212;-<br \/>\nOctubre de 2016<br \/>\nRetomamos con las dos administraciones implicadas (ayuntamiento y Delegaci\u00f3n) el asunto de las canastas de baloncesto, y el proyecto de una estructura de sombra.<br \/>\n&#8212;&#8212;&#8212;&#8212;-<br \/>\n09\/06\/2016<br \/>\nSe publica en BOJA <a href=\"https:\/\/blogsaverroes.juntadeandalucia.es\/ampaolea\/files\/2016\/06\/Desglose-Resolucion-correccion.pdf\" target=\"_blank\" rel=\"noopener noreferrer\">la Resoluci\u00f3n de Desglose de plazas de profesores<\/a> que podr\u00e1n trasladar su plaza fija desde el CEIP La Reg\u00fcela hasta el nuestro. Damos por finalizada esta cuesti\u00f3n pendiente de resolver desde que nos trasladamos de colegio.<br \/>\n&#8212;&#8212;&#8212;&#8212;-<br \/>\nDurante los meses de abril y mayo, representantes de esta AMPA realizan varias visitas y llamadas a los servicios relacionados con la <strong>designaci\u00f3n de PT para nuestro centro<\/strong>, y con la publicaci\u00f3n de una nueva resoluci\u00f3n de desglose<br \/>\n&#8212;&#8212;&#8212;&#8212;<br \/>\n30\/3\/2016<br \/>\nSalimos en los medios de comunicaci\u00f3n<br \/>\n<a href=\"https:\/\/sevilla.abc.es\/provincia\/aljarafe\/sevi-nuevo-colegio-palomares-tiene-vilo-mas-100-familias-201603301022_noticia.html\" target=\"_blank\" rel=\"noopener noreferrer\">ABC&nbsp;30\/3\/2016<br \/>\n<\/a><a href=\"https:\/\/cadenaser.com\/emisora\/2016\/03\/30\/radio_sevilla\/1459334495_998409.html\" target=\"_blank\" rel=\"noopener noreferrer\">Cadena Ser 30\/3\/2016<br \/>\n<\/a>&#8212;&#8212;&#8212;&#8212;<br \/>\n21\/3\/2016<br \/>\nEntregamos en el Registro General de la Delegaci\u00f3n Provincial de Educaci\u00f3n, las 351 firmas recogidas en tres d\u00edas, para recordar a la Delegada nuestra disconformidad si no se cumple lo que se nos dijo, en relaci\u00f3n a los profesores a los que iban a permitir venirse al colegio nuevo<br \/>\n&#8212;&#8212;&#8212;&#8211;<br \/>\n17\/3\/2016<br \/>\nEn la Consejer\u00eda de Educaci\u00f3n:<br \/>\n-Breve encuentro con la Directora General de Recursos Humanos, para tratar el asunto de desglose de plazas de profesores.<br \/>\n-Visitamos por segunda vez, al Jefe del Servicio de Personal No Docente, para tratar el asunto del auxiliar administrativo<br \/>\n&#8212;&#8212;<br \/>\n15\/3\/2016<br \/>\n-\u00abVisitamos\u00bb de nuevo sin cita previa, al inspector concreto de nuestra zona, que no pudo atendernos el pasado d\u00eda 8 de marzo. &#8212;Tambi\u00e9n intentamos acelerar la cita que estamos esperando con la Delegada.<br \/>\n-Solicitamos en Registro el Expediente Administrativo que describa el proceso que ha culminado en la Resoluci\u00f3n 23 de febrero del BOJA 2 de marzo.<br \/>\n&#8212;&#8212;-<br \/>\n11\/3\/2016 &#8211; Comenzamos la recogida de firmas por el problema surgido con la publicaci\u00f3n de otro desglose de plazas de profesores, diferente al provisional de junio de 2015<br \/>\n&#8212;&#8212;-<br \/>\n8\/3\/2016 &#8211; \u00abVisitamos\u00bb sin cita previa, a los tres servicios que en la Delegaci\u00f3n Provincial de Educaci\u00f3n, tienen responsabilidad en el desglose de plazas de profesores: Recursos Humanos, Inspecci\u00f3n, Planificaci\u00f3n. No hay resumen de estos encuentros.<br \/>\n&#8212;&#8212;&#8211;<br \/>\n<a href=\"https:\/\/blogsaverroes.juntadeandalucia.es\/ampaolea\/files\/2016\/03\/AYTO-7marzo.pdf\" target=\"_blank\" rel=\"noopener noreferrer\">7\/03\/2016 &#8211; Reuni\u00f3n en&nbsp;el Ayuntamiento&nbsp;con concejales: de Educaci\u00f3n, de Urbanismo, y de Obras y Servicios<\/a>, para tratar estos temas: el horario del conserje-mantenimiento, los \u00e1rboles pendientes, la instalaci\u00f3n de canastas de baloncesto, y un posible futuro proyecto de estructura de sombras en las pistas.<br \/>\n&#8212;&#8212;&#8211;<br \/>\n8 febrero 2016<br \/>\nSolicitamos reuni\u00f3n con Delegada Provincial de Educaci\u00f3n para el asunto de los docentes desglosados del CEIP La Reg\u00fcela. Estamos esperando fecha del encuentro<br \/>\n&#8212;&#8212;&#8211;<br \/>\n<a href=\"https:\/\/blogsaverroes.juntadeandalucia.es\/ampaolea\/files\/2016\/01\/AYTO-18ene.pdf\" target=\"_blank\" rel=\"noopener noreferrer\">18\/01\/2016 &#8211;&nbsp;Reuni\u00f3n en el Ayuntamiento con Concejal de Educaci\u00f3n<br \/>\n<\/a>&#8212;&#8212;&#8211;<br \/>\n<a href=\"https:\/\/blogsaverroes.juntadeandalucia.es\/ampaolea\/files\/2015\/12\/AMINISTRATIVO-solicitud-consejeria.pdf\" target=\"_blank\" rel=\"noopener noreferrer\">4\/12\/2015 &#8211; Solicitamos a Recursos Humanos de la Consejer\u00eda de Educaci\u00f3n, el personal administrativo que nos corresponde<\/a>, y del que a fecha de hoy a\u00fan no tenemos noticias<br \/>\n&#8212;&#8212;&#8211;<br \/>\n<a href=\"https:\/\/blogsaverroes.juntadeandalucia.es\/ampaolea\/files\/2015\/11\/PACO-GALVAN-resumen-REUNION-9nov.pdf\" target=\"_blank\" rel=\"noopener noreferrer\">9\/11\/2015 &#8211; Reuni\u00f3n en la Delegaci\u00f3n de Educaci\u00f3n con el Jefe de Servicio de Planificaci\u00f3n y Escolarizaci\u00f3n<\/a><br \/>\n&#8212;&#8212;&#8212;<br \/>\n<a href=\"https:\/\/blogsaverroes.juntadeandalucia.es\/ampaolea\/files\/2015\/11\/AYTO-28oct.pdf\" target=\"_blank\" rel=\"noopener noreferrer\">28\/10\/2015 &#8211; Reuni\u00f3n mantenida por este AMPA &nbsp;con el Ayuntamiento (Alcaldesa y Concejal de Educaci\u00f3n)<br \/>\n&#8212;&#8212;&#8212;<br \/>\n<\/a>El pasado 7 de octubre, solicitamos una segunda cita con el Servicio de Planificaci\u00f3n y Escolarizaci\u00f3n. Hemos esperado un mes tras el comienzo del curso el pasado 1 de septiembre, para dar tiempo a que las cuestiones b\u00e1sicas se fueran resolviendo, pero&#8230; consideramos que no se avanza, ni siquiera en las necesidades m\u00e1s elementales. <a href=\"https:\/\/blogsaverroes.juntadeandalucia.es\/ampaolea\/files\/2015\/10\/Carta-protesta-Delegacion.pdf\" target=\"_blank\" rel=\"noopener noreferrer\">Consulta aqu\u00ed la petici\u00f3n que hemos presentado en la Delegaci\u00f3n<\/a><\/p>\n<p>&#8212;&#8212;<\/p>\n<p><a href=\"https:\/\/blogsaverroes.juntadeandalucia.es\/ampaolea\/files\/2015\/07\/resumen-REUNION-PACO-GALVAN.pdf\" target=\"_blank\" rel=\"noopener noreferrer\">2\/7\/2015 &#8211; Reuni\u00f3n en la Delegaci\u00f3n de Educaci\u00f3n con con el Jefe de Servicio de Planificaci\u00f3n y Escolarizaci\u00f3n,<\/a> buscando informaci\u00f3n concreta sobre la situaci\u00f3n de los profesores y la dotaci\u00f3n de materiales para nuestro nuevo colegio.<\/p>\n<p>&nbsp;<\/p>\n<p>&nbsp;<\/p>\n","protected":false},"excerpt":{"rendered":"<p>Indicamos aqu\u00ed las acciones que se han llevado a cabo desde 2015 para contribuir al buen funcionamiento del colegio: Octubre 2021 &#8211; 1\/10\/2021: Encuentro de las AMPAs de Palomares del R\u00edo con el Concejal&#46;&#46;&#46;<\/p>\n","protected":false},"author":1806,"featured_media":0,"parent":0,"menu_order":0,"comment_status":"closed","ping_status":"open","template":"","meta":{"ngg_post_thumbnail":0,"footnotes":"","_mc_calendar":[]},"aioseo_notices":[],"_links":{"self":[{"href":"https:\/\/blogsaverroes.juntadeandalucia.es\/ampaolea\/wp-json\/wp\/v2\/pages\/2441"}],"collection":[{"href":"https:\/\/blogsaverroes.juntadeandalucia.es\/ampaolea\/wp-json\/wp\/v2\/pages"}],"about":[{"href":"https:\/\/blogsaverroes.juntadeandalucia.es\/ampaolea\/wp-json\/wp\/v2\/types\/page"}],"author":[{"embeddable":true,"href":"https:\/\/blogsaverroes.juntadeandalucia.es\/ampaolea\/wp-json\/wp\/v2\/users\/1806"}],"replies":[{"embeddable":true,"href":"https:\/\/blogsaverroes.juntadeandalucia.es\/ampaolea\/wp-json\/wp\/v2\/comments?post=2441"}],"version-history":[{"count":59,"href":"https:\/\/blogsaverroes.juntadeandalucia.es\/ampaolea\/wp-json\/wp\/v2\/pages\/2441\/revisions"}],"predecessor-version":[{"id":8516,"href":"https:\/\/blogsaverroes.juntadeandalucia.es\/ampaolea\/wp-json\/wp\/v2\/pages\/2441\/revisions\/8516"}],"wp:attachment":[{"href":"https:\/\/blogsaverroes.juntadeandalucia.es\/ampaolea\/wp-json\/wp\/v2\/media?parent=2441"}],"curies":[{"name":"wp","href":"https:\/\/api.w.org\/{rel}","templated":true}]}}