{"id":59,"date":"2022-04-05T08:54:00","date_gmt":"2022-04-05T08:54:00","guid":{"rendered":"https:\/\/blogsaverroes.juntadeandalucia.es\/atenciontempranajaen\/?page_id=59"},"modified":"2022-12-21T10:05:18","modified_gmt":"2022-12-21T10:05:18","slug":"inicio","status":"publish","type":"page","link":"https:\/\/blogsaverroes.juntadeandalucia.es\/atenciontempranajaen\/","title":{"rendered":"Inicio"},"content":{"rendered":"<h1 style=\"text-align: center\">B<span style=\"font-size: 18pt\">ienvenidos al blog de Atenci\u00f3n&nbsp; <\/span><span style=\"font-size: 18pt\">Temprana del EOEE de Ja\u00e9n<\/span><\/h1>\n<h1 style=\"text-align: center\"><img loading=\"lazy\" decoding=\"async\" class=\"wp-image-148 alignleft\" src=\"https:\/\/blogsaverroes.juntadeandalucia.es\/atenciontempranajaen\/files\/2022\/09\/WhatsApp-Image-2022-06-30-at-13.23.22-300x300.jpeg\" alt=\"\" width=\"184\" height=\"184\" srcset=\"https:\/\/blogsaverroes.juntadeandalucia.es\/atenciontempranajaen\/files\/2022\/09\/WhatsApp-Image-2022-06-30-at-13.23.22-300x300.jpeg 300w, https:\/\/blogsaverroes.juntadeandalucia.es\/atenciontempranajaen\/files\/2022\/09\/WhatsApp-Image-2022-06-30-at-13.23.22-150x150.jpeg 150w, https:\/\/blogsaverroes.juntadeandalucia.es\/atenciontempranajaen\/files\/2022\/09\/WhatsApp-Image-2022-06-30-at-13.23.22.jpeg 398w\" sizes=\"(max-width: 184px) 100vw, 184px\" \/><\/h1>\n<p>&nbsp;<\/p>\n<p><span style=\"font-size: 10pt\">Capilla Eva Muela Mart\u00ednez.<\/span><\/p>\n<p><span style=\"font-size: 10pt\">Luisa Jim\u00e9nez de la Blanca.<\/span><\/p>\n<p>&nbsp;<\/p>\n<p>&nbsp;<\/p>\n<p><span style=\"font-size: 12pt\">ETPOEP-EOEE<\/span><\/p>\n<p style=\"text-align: center\"><span style=\"font-size: 12pt\"><b>Equipo de Atenci\u00f3n Temprana, Ja\u00e9n. <\/b><\/span><\/p>\n<hr \/>\n<h1 style=\"text-align: center\">&nbsp;<\/h1>\n<p>&nbsp;<\/p>\n<p>&nbsp;<\/p>\n<p style=\"text-align: center\"><div class=\"osc-res-tab tabbable   osc-tabs-left\"><div style=\"clear:both;width: 100%;\"><ul class=\"nav osc-res-nav nav-tabs osc-tabs-left-ul\" id=\"oscitas-restabs-1-inicio-99676\"><li class=\"active\"><a href=\"#ert_pane1-0\" data-toggle=\"tab\">NOVEDADES<\/a><\/li><\/ul><\/div><div style=\"clear:both;width: 100%;\"><ul class=\"tab-content\" id=\"oscitas-restabcontent-1-inicio-99676\"><li class=\"tab-pane active\" id=\"ert_pane1-0\"><\/p>\n<div class=\"pt-cv-wrapper\"><div class=\"pt-cv-view pt-cv-grid pt-cv-colsys pt-cv-nolf\" id=\"pt-cv-view-7360539z9e\"><div data-id=\"pt-cv-page-1\" class=\"pt-cv-page\" data-cvc=\"1\"><div class=\"col-md-12 col-sm-6 col-xs-12 pt-cv-content-item pt-cv-2-col\" ><div class='pt-cv-ifield'><a href=\"https:\/\/blogsaverroes.juntadeandalucia.es\/atenciontempranajaen\/2025\/12\/19\/felices-fiestas-a-nuestras-escuelas-infantiles-y-centros-de-educacion-infantil-de-jaen\/\" class=\"_self pt-cv-href-thumbnail pt-cv-thumb-left\" target=\"_self\" ><\/a>\n<h4 class=\"pt-cv-title\"><a href=\"https:\/\/blogsaverroes.juntadeandalucia.es\/atenciontempranajaen\/2025\/12\/19\/felices-fiestas-a-nuestras-escuelas-infantiles-y-centros-de-educacion-infantil-de-jaen\/\" class=\"_self\" target=\"_self\" >Felices Fiestas a nuestras Escuelas Infantiles y Centros de Educaci\u00f3n Infantil de Ja\u00e9n<\/a><\/h4>\n<div class=\"pt-cv-content\"><p style=\"text-align: center\"><span style=\"font-size: 12pt\"><strong>Felices Fiestas a nuestras Escuelas Infantiles y Centros de Educaci\u00f3n Infantil de Ja\u00e9n. Seguid trabajando como siempre lo hac\u00e9is: con todo vuestro coraz\u00f3n.<\/strong><\/span><\/p>\n<p style=\"text-align: center\"><img loading=\"lazy\" decoding=\"async\" class=\"alignnone  wp-image-406\" src=\"https:\/\/blogsaverroes.juntadeandalucia.es\/atenciontempranajaen\/files\/2025\/12\/Felices-fiestas-2025-AT-300x300.jpg\" alt=\"\" width=\"317\" height=\"317\" srcset=\"https:\/\/blogsaverroes.juntadeandalucia.es\/atenciontempranajaen\/files\/2025\/12\/Felices-fiestas-2025-AT-300x300.jpg 300w, https:\/\/blogsaverroes.juntadeandalucia.es\/atenciontempranajaen\/files\/2025\/12\/Felices-fiestas-2025-AT-1024x1024.jpg 1024w, https:\/\/blogsaverroes.juntadeandalucia.es\/atenciontempranajaen\/files\/2025\/12\/Felices-fiestas-2025-AT-150x150.jpg 150w, https:\/\/blogsaverroes.juntadeandalucia.es\/atenciontempranajaen\/files\/2025\/12\/Felices-fiestas-2025-AT-768x768.jpg 768w, https:\/\/blogsaverroes.juntadeandalucia.es\/atenciontempranajaen\/files\/2025\/12\/Felices-fiestas-2025-AT.jpg 1080w\" sizes=\"(max-width: 317px) 100vw, 317px\" \/><\/p>\n<p style=\"text-align: center\"><strong>Qu\u00e9 la ilusi\u00f3n de nuestros peques ilumine a\u00fan m\u00e1s nuestra Navidad<img loading=\"lazy\" decoding=\"async\" class=\"an1\" src=\"https:\/\/fonts.gstatic.com\/s\/e\/notoemoji\/16.0\/2728\/72.png\" alt=\"\u2728\" width=\"20\" height=\"20\" data-emoji=\"\u2728\" aria-label=\"\u2728\"\/><\/strong><br \/>\n<strong>EOEE\/ ETPOEP de Ja\u00e9n, \u00c1rea de Atenci\u00f3n Temprana: Luisa, Capilla y Luc\u00eda.<\/strong><\/p>\n<\/div><\/div><\/div>\n<div class=\"col-md-12 col-sm-6 col-xs-12 pt-cv-content-item pt-cv-2-col\" ><div class='pt-cv-ifield'><a href=\"https:\/\/blogsaverroes.juntadeandalucia.es\/atenciontempranajaen\/2025\/09\/02\/bienvenidas-os-al-curso-escolar-2025-26\/\" class=\"_self pt-cv-href-thumbnail pt-cv-thumb-left\" target=\"_self\" ><\/a>\n<h4 class=\"pt-cv-title\"><a href=\"https:\/\/blogsaverroes.juntadeandalucia.es\/atenciontempranajaen\/2025\/09\/02\/bienvenidas-os-al-curso-escolar-2025-26\/\" class=\"_self\" target=\"_self\" >Bienvenidas\/os al curso escolar 2025-26!!<\/a><\/h4>\n<div class=\"pt-cv-content\"><p>\u00a1Buenos d\u00edas!<\/p>\n<p>Desde el \u00c1rea de Atenci\u00f3n Temprana del EOEE de Ja\u00e9n queremos dar la bienvenida a todas las Escuelas Infantiles y Centros de Educaci\u00f3n Infantil de la provincia, comenzamos como cada curso escolar llenos de ilusi\u00f3n y ganas por seguir trabajando y apostando por nuestro primer ciclo de Educaci\u00f3n Infantil.<\/p>\n<p>Comenzamos&#8230;<\/p>\n<p><img loading=\"lazy\" decoding=\"async\" class=\"alignnone size-medium wp-image-400 aligncenter\" src=\"https:\/\/blogsaverroes.juntadeandalucia.es\/atenciontempranajaen\/files\/2025\/09\/Bienvenidas-EI-Area-de-AT-2025-26-212x300.jpg\" alt=\"\" width=\"212\" height=\"300\" srcset=\"https:\/\/blogsaverroes.juntadeandalucia.es\/atenciontempranajaen\/files\/2025\/09\/Bienvenidas-EI-Area-de-AT-2025-26-212x300.jpg 212w, https:\/\/blogsaverroes.juntadeandalucia.es\/atenciontempranajaen\/files\/2025\/09\/Bienvenidas-EI-Area-de-AT-2025-26-724x1024.jpg 724w, https:\/\/blogsaverroes.juntadeandalucia.es\/atenciontempranajaen\/files\/2025\/09\/Bienvenidas-EI-Area-de-AT-2025-26-768x1086.jpg 768w, https:\/\/blogsaverroes.juntadeandalucia.es\/atenciontempranajaen\/files\/2025\/09\/Bienvenidas-EI-Area-de-AT-2025-26-1086x1536.jpg 1086w, https:\/\/blogsaverroes.juntadeandalucia.es\/atenciontempranajaen\/files\/2025\/09\/Bienvenidas-EI-Area-de-AT-2025-26-1448x2048.jpg 1448w, https:\/\/blogsaverroes.juntadeandalucia.es\/atenciontempranajaen\/files\/2025\/09\/Bienvenidas-EI-Area-de-AT-2025-26.jpg 1587w\" sizes=\"(max-width: 212px) 100vw, 212px\" \/><\/p>\n<\/div><\/div><\/div>\n<div class=\"col-md-12 col-sm-6 col-xs-12 pt-cv-content-item pt-cv-2-col\" ><div class='pt-cv-ifield'><a href=\"https:\/\/blogsaverroes.juntadeandalucia.es\/atenciontempranajaen\/2025\/06\/30\/os-deseamos-un-feliz-verano-lleno-de-descanso-paz-y-diversion\/\" class=\"_self pt-cv-href-thumbnail pt-cv-thumb-left\" target=\"_self\" ><\/a>\n<h4 class=\"pt-cv-title\"><a href=\"https:\/\/blogsaverroes.juntadeandalucia.es\/atenciontempranajaen\/2025\/06\/30\/os-deseamos-un-feliz-verano-lleno-de-descanso-paz-y-diversion\/\" class=\"_self\" target=\"_self\" >\u00a1Os deseamos un feliz verano lleno de descanso, paz y diversi\u00f3n!<\/a><\/h4>\n<div class=\"pt-cv-content\"><p style=\"text-align: center\"><iframe loading=\"lazy\" src=\"https:\/\/drive.google.com\/file\/d\/1jxLp1__y3c65TcAZIkP4lgB-LNigHveH\/preview\" width=\"340\" height=\"280\"><span data-mce-type=\"bookmark\" style=\"width: 0px;overflow: hidden;line-height: 0\" class=\"mce_SELRES_start\">\ufeff<\/span><\/iframe><\/p>\n<p style=\"text-align: center\"><strong>Un fuerte abrazo \u00a1Nos vemos a la vuelta!<\/strong><\/p>\n<p style=\"text-align: center\"><strong>Luisa, Capilla y Juan<\/strong><\/p>\n<\/div><\/div><\/div>\n<div class=\"col-md-12 col-sm-6 col-xs-12 pt-cv-content-item pt-cv-2-col\" ><div class='pt-cv-ifield'><a href=\"https:\/\/blogsaverroes.juntadeandalucia.es\/atenciontempranajaen\/2025\/05\/12\/material-para-descargar-y-trabajar-en-la-asamblea\/\" class=\"_self pt-cv-href-thumbnail pt-cv-thumb-left\" target=\"_self\" ><\/a>\n<h4 class=\"pt-cv-title\"><a href=\"https:\/\/blogsaverroes.juntadeandalucia.es\/atenciontempranajaen\/2025\/05\/12\/material-para-descargar-y-trabajar-en-la-asamblea\/\" class=\"_self\" target=\"_self\" >Material para descargar y trabajar en la asamblea<\/a><\/h4>\n<div class=\"pt-cv-content\"><p>Buenos d\u00edas!<\/p>\n<p>Os dejamos aqu\u00ed un material muy pr\u00e1ctico para utilizar en vuestras asambleas diarias, esperamos os sea de utilidad!<\/p>\n<p><iframe class=\"wp-embedded-content\" sandbox=\"allow-scripts\" security=\"restricted\" title=\"ASAMBLEA INFANTIL REUTILIZABLE\" frameborder='0' width='1200' height='675' src='https:\/\/view.genially.com\/6547f9b305794500116cf589#?secret=zCPZchbalb' data-secret='zCPZchbalb' scrolling='yes'><\/iframe><\/p>\n<\/div><\/div><\/div>\n<div class=\"col-md-12 col-sm-6 col-xs-12 pt-cv-content-item pt-cv-2-col\" ><div class='pt-cv-ifield'><a href=\"https:\/\/blogsaverroes.juntadeandalucia.es\/atenciontempranajaen\/2025\/03\/10\/nueva-escolarizacion-curso-2025-26\/\" class=\"_self pt-cv-href-thumbnail pt-cv-thumb-left\" target=\"_self\" ><\/a>\n<h4 class=\"pt-cv-title\"><a href=\"https:\/\/blogsaverroes.juntadeandalucia.es\/atenciontempranajaen\/2025\/03\/10\/nueva-escolarizacion-curso-2025-26\/\" class=\"_self\" target=\"_self\" >NUEVA ESCOLARIZACI\u00d3N CURSO 2025\/26<\/a><\/h4>\n<div class=\"pt-cv-content\"><p style=\"text-align: center\"><iframe loading=\"lazy\" src=\"https:\/\/drive.google.com\/file\/d\/1UwSuVebxU4dhY8LlyeFLnTMP54oHpTMU\/preview\" width=\"340\" height=\"280\"><span data-mce-type=\"bookmark\" style=\"width: 0px;overflow: hidden;line-height: 0\" class=\"mce_SELRES_start\">\ufeff<\/span><\/iframe><\/p>\n<p style=\"text-align: center\"><a href=\"https:\/\/drive.google.com\/file\/d\/1UwSuVebxU4dhY8LlyeFLnTMP54oHpTMU\/view?usp=drive_link\"><span style=\"font-size: 14pt\"><strong><span style=\"color: #000080\">DESCARGAR<\/span><\/strong><\/span><\/a><\/p>\n<\/div><\/div><\/div>\n<div class=\"col-md-12 col-sm-6 col-xs-12 pt-cv-content-item pt-cv-2-col\" ><div class='pt-cv-ifield'><a href=\"https:\/\/blogsaverroes.juntadeandalucia.es\/atenciontempranajaen\/2025\/03\/10\/orientaciones-para-la-gestion-de-la-conducta-en-educacion-infantil-equipo-especializado-de-atencion-temprana\/\" class=\"_self pt-cv-href-thumbnail pt-cv-thumb-left\" target=\"_self\" ><\/a>\n<h4 class=\"pt-cv-title\"><a href=\"https:\/\/blogsaverroes.juntadeandalucia.es\/atenciontempranajaen\/2025\/03\/10\/orientaciones-para-la-gestion-de-la-conducta-en-educacion-infantil-equipo-especializado-de-atencion-temprana\/\" class=\"_self\" target=\"_self\" >ORIENTACIONES PARA LA GESTI\u00d3N DE LA CONDUCTA EN EDUCACI\u00d3N INFANTIL.EQUIPO ESPECIALIZADO DE ATENCI\u00d3N TEMPRANA<\/a><\/h4>\n<div class=\"pt-cv-content\"><p>Desde el EOEE de Ja\u00e9n hemos elaborado esta herramienta con materiales para trabajar los problemas de conducta en el aula. Deb\u00e9is pinchar en los dibujos para acceder al material. Esperamos que os sea de gran ayuda.<\/p>\n<p style=\"text-align: center\"><iframe loading=\"lazy\" src=\"https:\/\/drive.google.com\/file\/d\/1sw_ein4Vh89fIkHNKMtdxpYusBdnGtZg\/preview\" width=\"340\" height=\"280\"><span data-mce-type=\"bookmark\" style=\"width: 0px;overflow: hidden;line-height: 0\" class=\"mce_SELRES_start\">\ufeff<\/span><\/iframe><\/p>\n<p style=\"text-align: center\"><a href=\"https:\/\/drive.google.com\/file\/d\/1sw_ein4Vh89fIkHNKMtdxpYusBdnGtZg\/view\"><strong><span style=\"font-size: 14pt;color: #333399\">DESCARGAR<\/span><\/strong><\/a><\/p>\n<\/div><\/div><\/div><\/div><\/div>\n<div class=\" pt-cv-pagination-wrapper\"><ul class=\"pt-cv-pagination pt-cv-ajax pagination\" data-totalpages=\"5\" data-currentpage=\"1\" data-sid=\"7360539z9e\" data-unid=\"\" data-isblock=\"\" data-postid=\"\"><li class=\"active\"><a href=\"#\">1<\/a><\/li>\n\t<li ><a class=\"\" href=\"https:\/\/blogsaverroes.juntadeandalucia.es\/atenciontempranajaen\/wp-json\/wp\/v2\/pages\/59\/?_page=2\">2<\/a><\/li>\n\t<li ><a class=\"\" href=\"https:\/\/blogsaverroes.juntadeandalucia.es\/atenciontempranajaen\/wp-json\/wp\/v2\/pages\/59\/?_page=3\">3<\/a><\/li>\n\t<li ><a href=\"#\">&hellip;<\/a><\/li>\n\t<li ><a class=\"\" href=\"https:\/\/blogsaverroes.juntadeandalucia.es\/atenciontempranajaen\/wp-json\/wp\/v2\/pages\/59\/?_page=5\">5<\/a><\/li>\n\t<li ><a class=\" \" href=\"https:\/\/blogsaverroes.juntadeandalucia.es\/atenciontempranajaen\/wp-json\/wp\/v2\/pages\/59\/?_page=2\">&rsaquo;<\/a><\/li>\n\t<\/ul><img loading=\"lazy\" decoding=\"async\" width=\"15\" height=\"15\" class=\"pt-cv-spinner\" alt=\"Cargando...\" src=\"data:image\/gif;base64,R0lGODlhDwAPALMPAMrKygwMDJOTkz09PZWVla+vr3p6euTk5M7OzuXl5TMzMwAAAJmZmWZmZszMzP\/\/\/yH\/C05FVFNDQVBFMi4wAwEAAAAh+QQFCgAPACwAAAAADwAPAAAEQvDJaZaZOIcV8iQK8VRX4iTYoAwZ4iCYoAjZ4RxejhVNoT+mRGP4cyF4Pp0N98sBGIBMEMOotl6YZ3S61Bmbkm4mAgAh+QQFCgAPACwAAAAADQANAAAENPDJSRSZeA418itN8QiK8BiLITVsFiyBBIoYqnoewAD4xPw9iY4XLGYSjkQR4UAUD45DLwIAIfkEBQoADwAsAAAAAA8ACQAABC\/wyVlamTi3nSdgwFNdhEJgTJoNyoB9ISYoQmdjiZPcj7EYCAeCF1gEDo4Dz2eIAAAh+QQFCgAPACwCAAAADQANAAAEM\/DJBxiYeLKdX3IJZT1FU0iIg2RNKx3OkZVnZ98ToRD4MyiDnkAh6BkNC0MvsAj0kMpHBAAh+QQFCgAPACwGAAAACQAPAAAEMDC59KpFDll73HkAA2wVY5KgiK5b0RRoI6MuzG6EQqCDMlSGheEhUAgqgUUAFRySIgAh+QQFCgAPACwCAAIADQANAAAEM\/DJKZNLND\/kkKaHc3xk+QAMYDKsiaqmZCxGVjSFFCxB1vwy2oOgIDxuucxAMTAJFAJNBAAh+QQFCgAPACwAAAYADwAJAAAEMNAs86q1yaWwwv2Ig0jUZx3OYa4XoRAfwADXoAwfo1+CIjyFRuEho60aSNYlOPxEAAAh+QQFCgAPACwAAAIADQANAAAENPA9s4y8+IUVcqaWJ4qEQozSoAzoIyhCK2NFU2SJk0hNnyEOhKR2AzAAj4Pj4GE4W0bkJQIAOw==\" \/><div class=\"clear pt-cv-clear-pagination\"><\/div><\/div><\/div>\n<p>&nbsp;<\/p>\n<p>&nbsp;<\/p>\n<p style=\"text-align: center\"><\/li><\/ul><\/div><\/div><\/p>\n<p>&nbsp;<\/p>\n<p>&nbsp;<\/p>\n<p>&nbsp;<\/p>\n","protected":false},"excerpt":{"rendered":"<p>Bienvenidos al blog de Atenci\u00f3n&nbsp; Temprana del EOEE de Ja\u00e9n &nbsp; Capilla Eva Muela Mart\u00ednez. Luisa Jim\u00e9nez de la Blanca. &nbsp; &nbsp; ETPOEP-EOEE Equipo de&hellip;<\/p>\n","protected":false},"author":14942,"featured_media":0,"parent":0,"menu_order":0,"comment_status":"closed","ping_status":"closed","template":"","meta":{"ngg_post_thumbnail":0,"footnotes":""},"aioseo_notices":[],"_links":{"self":[{"href":"https:\/\/blogsaverroes.juntadeandalucia.es\/atenciontempranajaen\/wp-json\/wp\/v2\/pages\/59"}],"collection":[{"href":"https:\/\/blogsaverroes.juntadeandalucia.es\/atenciontempranajaen\/wp-json\/wp\/v2\/pages"}],"about":[{"href":"https:\/\/blogsaverroes.juntadeandalucia.es\/atenciontempranajaen\/wp-json\/wp\/v2\/types\/page"}],"author":[{"embeddable":true,"href":"https:\/\/blogsaverroes.juntadeandalucia.es\/atenciontempranajaen\/wp-json\/wp\/v2\/users\/14942"}],"replies":[{"embeddable":true,"href":"https:\/\/blogsaverroes.juntadeandalucia.es\/atenciontempranajaen\/wp-json\/wp\/v2\/comments?post=59"}],"version-history":[{"count":27,"href":"https:\/\/blogsaverroes.juntadeandalucia.es\/atenciontempranajaen\/wp-json\/wp\/v2\/pages\/59\/revisions"}],"predecessor-version":[{"id":215,"href":"https:\/\/blogsaverroes.juntadeandalucia.es\/atenciontempranajaen\/wp-json\/wp\/v2\/pages\/59\/revisions\/215"}],"wp:attachment":[{"href":"https:\/\/blogsaverroes.juntadeandalucia.es\/atenciontempranajaen\/wp-json\/wp\/v2\/media?parent=59"}],"curies":[{"name":"wp","href":"https:\/\/api.w.org\/{rel}","templated":true}]}}