{"id":702,"date":"2021-11-20T21:53:59","date_gmt":"2021-11-20T20:53:59","guid":{"rendered":"https:\/\/blogsaverroes.juntadeandalucia.es\/berta-wilhelmi21\/?page_id=702"},"modified":"2022-03-01T18:05:48","modified_gmt":"2022-03-01T17:05:48","slug":"igualdad","status":"publish","type":"page","link":"https:\/\/blogsaverroes.juntadeandalucia.es\/berta-wilhelmi21\/igualdad\/","title":{"rendered":"Igualdad"},"content":{"rendered":"<p style=\"text-align: center\">&nbsp;<\/p>\n<p style=\"text-align: center\"><span style=\"font-size: 24pt;color: #800080\"><strong>D\u00eda 25 de noviembre<\/strong><\/span><\/p>\n<p style=\"text-align: center\"><span style=\"font-size: 24pt;color: #800080\"><strong>D\u00eda internacional para la eliminaci\u00f3n de la violencia hacia la mujer<\/strong><\/span><\/p>\n<p>&nbsp;<\/p>\n<p><span style=\"color: #800080\"><em><strong><span style=\"font-size: 18pt\">Un \u00e1rbol en nuestro cole para reivindicar el fin de la violencia contra la mujer. Todas nuestras manos unidas por ello.<\/span><\/strong><\/em><\/span><\/p>\n<p><span style=\"font-size: 18pt;color: #800080\"><em><strong>\u00bfCu\u00e1l es la diferencia? Todas, como las olas, a\u00fan en su diversidad, son manos.<\/strong><\/em><\/span><\/p>\nngg_shortcode_0_placeholder\n<p><strong>Actividad de grupo: Mural con \u00e1rbol (Manos con mensaje como hojas)<\/strong><\/p>\n<p>Variedad de colores, formas y tama\u00f1os representando la diversidad pero al mismo tiempo la evidencia de que todas son manos, todas representan a personas con parecidos anhelos, derechos y esperanzas.&nbsp;<\/p>\n<p>&nbsp;<\/p>\n<table style=\"border-collapse: collapse;width: 83.8211%;height: 597px\">\n<tbody>\n<tr>\n<td style=\"width: 75.6679%\">\n<p style=\"text-align: center\"><strong>25 de noviembre: D\u00eda internacional para la erradicaci\u00f3n de la violencia hacia la mujer.<\/strong><\/p>\n<p style=\"text-align: center\"><iframe loading=\"lazy\" src=\"https:\/\/view.genial.ly\/61992f4acfce450dee0a8e0a\" width=\"900px\" height=\"506.25px\" frameborder=\"0\" scrolling=\"yes\"><\/iframe><\/p>\n<\/td>\n<td style=\"width: 31.3932%\">\n<p style=\"text-align: center\"><a href=\"https:\/\/drive.google.com\/drive\/folders\/17v4zrI70naUZZjUa7jNbFy63P_WistxL?usp=sharing\"><strong>Propuestas did\u00e1cticas por etapas<\/strong><img loading=\"lazy\" decoding=\"async\" class=\"alignnone aligncenter\" src=\"https:\/\/4.bp.blogspot.com\/-Ihfimu4DmWM\/WmdtlrnJy6I\/AAAAAAAAkz4\/4wV9uoE3Mm0JnjIh4ZZdLsr_CpvMZIytACLcBGAs\/s1600\/Bibliotecas-icono.jpg\" alt=\"OFIM\u00c1TICA SISTEMAS OPERATIVOS\" width=\"430\" height=\"307\"><\/a><\/p>\n<\/td>\n<\/tr>\n<tr>\n<td style=\"width: 75.6679%\">\n<p style=\"text-align: center\"><strong><iframe loading=\"lazy\" src=\"https:\/\/view.genial.ly\/61879f5ca7e99d0dea4a90ed\" width=\"600px\" height=\"1200px\" frameborder=\"0\" scrolling=\"yes\"><\/iframe><\/strong><\/p>\n<\/td>\n<td style=\"width: 31.3932%\">&nbsp;<\/td>\n<\/tr>\n<\/tbody>\n<\/table>\n<div style=\"width: 100%\">\n<div style=\"padding-bottom: 56.25%;padding-top: 0;height: 0\">&nbsp;<\/div>\n<div>&nbsp;<\/div>\n<\/div>\n<div style=\"width: 100%\">\n<div style=\"padding-bottom: 300%;padding-top: 0;height: 0\">ngg_shortcode_1_placeholder<\/div>\n<\/div>\n","protected":false},"excerpt":{"rendered":"<p>&nbsp; D\u00eda 25 de noviembre D\u00eda internacional para la eliminaci\u00f3n de la violencia hacia la mujer &nbsp; Un \u00e1rbol en nuestro cole para reivindicar el fin de la violencia contra la mujer. Todas nuestras manos unidas por ello. \u00bfCu\u00e1l es la diferencia? Todas, como las olas, a\u00fan en su diversidad, son manos. &nbsp; Actividad de [&hellip;]<\/p>\n","protected":false},"author":13380,"featured_media":0,"parent":0,"menu_order":0,"comment_status":"closed","ping_status":"closed","template":"","meta":{"_et_pb_use_builder":"","_et_pb_old_content":"","_et_gb_content_width":"","ngg_post_thumbnail":0,"footnotes":""},"aioseo_notices":[],"_links":{"self":[{"href":"https:\/\/blogsaverroes.juntadeandalucia.es\/berta-wilhelmi21\/wp-json\/wp\/v2\/pages\/702"}],"collection":[{"href":"https:\/\/blogsaverroes.juntadeandalucia.es\/berta-wilhelmi21\/wp-json\/wp\/v2\/pages"}],"about":[{"href":"https:\/\/blogsaverroes.juntadeandalucia.es\/berta-wilhelmi21\/wp-json\/wp\/v2\/types\/page"}],"author":[{"embeddable":true,"href":"https:\/\/blogsaverroes.juntadeandalucia.es\/berta-wilhelmi21\/wp-json\/wp\/v2\/users\/13380"}],"replies":[{"embeddable":true,"href":"https:\/\/blogsaverroes.juntadeandalucia.es\/berta-wilhelmi21\/wp-json\/wp\/v2\/comments?post=702"}],"version-history":[{"count":13,"href":"https:\/\/blogsaverroes.juntadeandalucia.es\/berta-wilhelmi21\/wp-json\/wp\/v2\/pages\/702\/revisions"}],"predecessor-version":[{"id":712,"href":"https:\/\/blogsaverroes.juntadeandalucia.es\/berta-wilhelmi21\/wp-json\/wp\/v2\/pages\/702\/revisions\/712"}],"wp:attachment":[{"href":"https:\/\/blogsaverroes.juntadeandalucia.es\/berta-wilhelmi21\/wp-json\/wp\/v2\/media?parent=702"}],"curies":[{"name":"wp","href":"https:\/\/api.w.org\/{rel}","templated":true}]}}