{"id":124,"date":"2021-07-08T10:42:59","date_gmt":"2021-07-08T08:42:59","guid":{"rendered":"https:\/\/blogsaverroes.juntadeandalucia.es\/bibliotecapoetajosemarcelo\/?page_id=124"},"modified":"2022-04-06T18:59:33","modified_gmt":"2022-04-06T16:59:33","slug":"inicio","status":"publish","type":"page","link":"https:\/\/blogsaverroes.juntadeandalucia.es\/bibliotecapoetajosemarcelo\/inicio\/","title":{"rendered":"Inicio"},"content":{"rendered":"<p><img loading=\"lazy\" decoding=\"async\" class=\"wp-image-121 alignleft\" src=\"https:\/\/blogsaverroes.juntadeandalucia.es\/bibliotecapoetajosemarcelo\/files\/2020\/04\/logocolegio-001-256x300.jpg\" alt=\"\" width=\"185\" height=\"217\" srcset=\"https:\/\/blogsaverroes.juntadeandalucia.es\/bibliotecapoetajosemarcelo\/files\/2020\/04\/logocolegio-001-256x300.jpg 256w, https:\/\/blogsaverroes.juntadeandalucia.es\/bibliotecapoetajosemarcelo\/files\/2020\/04\/logocolegio-001-768x902.jpg 768w, https:\/\/blogsaverroes.juntadeandalucia.es\/bibliotecapoetajosemarcelo\/files\/2020\/04\/logocolegio-001-872x1024.jpg 872w, https:\/\/blogsaverroes.juntadeandalucia.es\/bibliotecapoetajosemarcelo\/files\/2020\/04\/logocolegio-001-20x24.jpg 20w, https:\/\/blogsaverroes.juntadeandalucia.es\/bibliotecapoetajosemarcelo\/files\/2020\/04\/logocolegio-001-31x36.jpg 31w, https:\/\/blogsaverroes.juntadeandalucia.es\/bibliotecapoetajosemarcelo\/files\/2020\/04\/logocolegio-001-41x48.jpg 41w\" sizes=\"(max-width: 185px) 100vw, 185px\" \/><img loading=\"lazy\" decoding=\"async\" class=\"wp-image-479 alignright\" src=\"https:\/\/blogsaverroes.juntadeandalucia.es\/bibliotecapoetajosemarcelo\/files\/2021\/04\/Jose-Marcelo-300x300.jpeg\" alt=\"\" width=\"201\" height=\"201\" srcset=\"https:\/\/blogsaverroes.juntadeandalucia.es\/bibliotecapoetajosemarcelo\/files\/2021\/04\/Jose-Marcelo-300x300.jpeg 300w, https:\/\/blogsaverroes.juntadeandalucia.es\/bibliotecapoetajosemarcelo\/files\/2021\/04\/Jose-Marcelo-150x150.jpeg 150w, https:\/\/blogsaverroes.juntadeandalucia.es\/bibliotecapoetajosemarcelo\/files\/2021\/04\/Jose-Marcelo.jpeg 646w\" sizes=\"(max-width: 201px) 100vw, 201px\" \/>&nbsp;<\/p>\n<p>&nbsp;<\/p>\n<p>&nbsp; &nbsp; &nbsp; &nbsp;&nbsp;<\/p>\n<p style=\"text-align: center\">&nbsp;<\/p>\n<p style=\"text-align: center\">&nbsp;<\/p>\n<p>&nbsp;<\/p>\n<p style=\"text-align: center\"><span style=\"color: #008000\"><em><span style=\"font-size: 14pt\">\u201c<strong>Siempre imagin\u00e9 que el Para\u00edso ser\u00eda alg\u00fan tipo&nbsp;de biblioteca\u201d<\/strong><\/span><\/em><\/span><\/p>\n<p style=\"text-align: center\"><strong>&nbsp; &nbsp; &nbsp; &nbsp; &nbsp; &nbsp; &nbsp; &nbsp; &nbsp; &nbsp; &nbsp; &nbsp; &nbsp; &nbsp; &nbsp; &nbsp; &nbsp; &nbsp; &nbsp; &nbsp; &nbsp; &nbsp; &nbsp; &nbsp; &nbsp; &nbsp; &nbsp; &nbsp; &nbsp; &nbsp; &nbsp; &nbsp; &nbsp; &nbsp; &nbsp; &nbsp; &nbsp; &nbsp; &nbsp; &nbsp; &nbsp; &nbsp; &nbsp; &nbsp;<\/strong>Jorge Luis Borges<\/p>\n<p style=\"text-align: center\"><span style=\"font-size: 24pt\"><strong><span style=\"font-family: 'comic sans ms', sans-serif;color: #800080\">BIENVENIDOS<\/span><\/strong>&nbsp; &nbsp; &nbsp; &nbsp; <span style=\"color: #ff6600\"><strong><span style=\"font-family: verdana, geneva, sans-serif\">WELCOME<\/span><\/strong><\/span>&nbsp; &nbsp; &nbsp; &nbsp; <span style=\"color: #008000\"><em><strong><span style=\"font-family: tahoma, arial, helvetica, sans-serif\">BIENVENUE<\/span><\/strong><\/em><\/span><\/span><\/p>\n<p style=\"text-align: justify\"><span style=\"color: #0000ff\"><em><strong>\u00abPoeta Jos\u00e9 Marcelo\u00bb<\/strong><\/em><\/span> es el nombre que identifica a la biblioteca escolar de nuestro colegio, el CEIP Vicente Aleixandre de Torre del Mar (M\u00e1laga).<\/p>\n<p style=\"text-align: justify\">Nuestra biblioteca es un espacio de aprendizaje donde el alumnado puede visitar para buscar recursos relacionados con las tareas escolares; disfrutar de ella durante los recreos divertidos; participar en la gran variedad de talleres y charlas que se organizan; o simplemente, disfrutar con la lectura y descubrir los infinitos mundos que se esconden ocultos en los libros de una biblioteca.<\/p>\n<p>Nuestra biblioteca est\u00e1 presente en todas las instalaciones escolares: <em><span style=\"color: #0000ff\">bibliotecas de aula, isla de la lectura, aula de los sue\u00f1os y la redacci\u00f3n de la revista escolar, la radio escolar y en las maletas viajeras.<\/span><\/em><\/p>\n<p style=\"text-align: center\"><img loading=\"lazy\" decoding=\"async\" class=\"alignnone size-medium wp-image-1118\" src=\"https:\/\/blogsaverroes.juntadeandalucia.es\/bibliotecapoetajosemarcelo\/files\/2022\/04\/IMG_20190322_130712_048-300x225.jpg\" alt=\"\" width=\"300\" height=\"225\" srcset=\"https:\/\/blogsaverroes.juntadeandalucia.es\/bibliotecapoetajosemarcelo\/files\/2022\/04\/IMG_20190322_130712_048-300x225.jpg 300w, https:\/\/blogsaverroes.juntadeandalucia.es\/bibliotecapoetajosemarcelo\/files\/2022\/04\/IMG_20190322_130712_048-1024x768.jpg 1024w, https:\/\/blogsaverroes.juntadeandalucia.es\/bibliotecapoetajosemarcelo\/files\/2022\/04\/IMG_20190322_130712_048-768x576.jpg 768w, https:\/\/blogsaverroes.juntadeandalucia.es\/bibliotecapoetajosemarcelo\/files\/2022\/04\/IMG_20190322_130712_048-1536x1152.jpg 1536w, https:\/\/blogsaverroes.juntadeandalucia.es\/bibliotecapoetajosemarcelo\/files\/2022\/04\/IMG_20190322_130712_048-2048x1536.jpg 2048w\" sizes=\"(max-width: 300px) 100vw, 300px\" \/>&nbsp; <img loading=\"lazy\" decoding=\"async\" class=\"alignnone size-medium wp-image-1120\" src=\"https:\/\/blogsaverroes.juntadeandalucia.es\/bibliotecapoetajosemarcelo\/files\/2022\/04\/AULA-DE-LOS-SUE\u00d1OS-300x225.jpg\" alt=\"\" width=\"300\" height=\"225\" srcset=\"https:\/\/blogsaverroes.juntadeandalucia.es\/bibliotecapoetajosemarcelo\/files\/2022\/04\/AULA-DE-LOS-SUE\u00d1OS-300x225.jpg 300w, https:\/\/blogsaverroes.juntadeandalucia.es\/bibliotecapoetajosemarcelo\/files\/2022\/04\/AULA-DE-LOS-SUE\u00d1OS-1024x768.jpg 1024w, https:\/\/blogsaverroes.juntadeandalucia.es\/bibliotecapoetajosemarcelo\/files\/2022\/04\/AULA-DE-LOS-SUE\u00d1OS-768x576.jpg 768w, https:\/\/blogsaverroes.juntadeandalucia.es\/bibliotecapoetajosemarcelo\/files\/2022\/04\/AULA-DE-LOS-SUE\u00d1OS-1536x1152.jpg 1536w, https:\/\/blogsaverroes.juntadeandalucia.es\/bibliotecapoetajosemarcelo\/files\/2022\/04\/AULA-DE-LOS-SUE\u00d1OS-2048x1536.jpg 2048w\" sizes=\"(max-width: 300px) 100vw, 300px\" \/>&nbsp; <img loading=\"lazy\" decoding=\"async\" class=\"alignnone size-medium wp-image-997\" src=\"https:\/\/blogsaverroes.juntadeandalucia.es\/bibliotecapoetajosemarcelo\/files\/2022\/03\/IMG_20220204_134807-300x169.jpg\" alt=\"\" width=\"300\" height=\"169\" srcset=\"https:\/\/blogsaverroes.juntadeandalucia.es\/bibliotecapoetajosemarcelo\/files\/2022\/03\/IMG_20220204_134807-300x169.jpg 300w, https:\/\/blogsaverroes.juntadeandalucia.es\/bibliotecapoetajosemarcelo\/files\/2022\/03\/IMG_20220204_134807-1024x576.jpg 1024w, https:\/\/blogsaverroes.juntadeandalucia.es\/bibliotecapoetajosemarcelo\/files\/2022\/03\/IMG_20220204_134807-768x432.jpg 768w, https:\/\/blogsaverroes.juntadeandalucia.es\/bibliotecapoetajosemarcelo\/files\/2022\/03\/IMG_20220204_134807-1536x864.jpg 1536w, https:\/\/blogsaverroes.juntadeandalucia.es\/bibliotecapoetajosemarcelo\/files\/2022\/03\/IMG_20220204_134807.jpg 1920w\" sizes=\"(max-width: 300px) 100vw, 300px\" \/>&nbsp; <img loading=\"lazy\" decoding=\"async\" class=\"alignnone size-medium wp-image-842\" src=\"https:\/\/blogsaverroes.juntadeandalucia.es\/bibliotecapoetajosemarcelo\/files\/2022\/01\/IMG-20220113-WA0008-300x225.jpg\" alt=\"\" width=\"300\" height=\"225\" srcset=\"https:\/\/blogsaverroes.juntadeandalucia.es\/bibliotecapoetajosemarcelo\/files\/2022\/01\/IMG-20220113-WA0008-300x225.jpg 300w, https:\/\/blogsaverroes.juntadeandalucia.es\/bibliotecapoetajosemarcelo\/files\/2022\/01\/IMG-20220113-WA0008-1024x768.jpg 1024w, https:\/\/blogsaverroes.juntadeandalucia.es\/bibliotecapoetajosemarcelo\/files\/2022\/01\/IMG-20220113-WA0008-768x576.jpg 768w, https:\/\/blogsaverroes.juntadeandalucia.es\/bibliotecapoetajosemarcelo\/files\/2022\/01\/IMG-20220113-WA0008-1536x1152.jpg 1536w, https:\/\/blogsaverroes.juntadeandalucia.es\/bibliotecapoetajosemarcelo\/files\/2022\/01\/IMG-20220113-WA0008.jpg 1600w\" sizes=\"(max-width: 300px) 100vw, 300px\" \/><\/p>\n<p>Un blog se alimenta con la aportaci\u00f3n de toda la Comunidad Educativa. Por ello, queremos que sea un lugar de encuentro donde pasemos buenos ratos; d\u00f3nde la imaginaci\u00f3n, la fantas\u00eda, los sue\u00f1os y los deseos est\u00e9n presentes. Os invitamos a entrar, a que navegu\u00e9is con nosotros en esta magn\u00edfica aventura.<\/p>\n<h1 style=\"text-align: center\"><em><strong><span style=\"color: #008000\">GRACIAS<\/span><\/strong><\/em><\/h1>\n<p>A todo el alumnado, docentes, familias que en alg\u00fan momento han formado parte de nuestro Centro.<\/p>\n<p>&nbsp;<\/p>\n","protected":false},"excerpt":{"rendered":"<p>&nbsp; &nbsp; &nbsp; &nbsp; &nbsp; &nbsp;&nbsp; &nbsp; &nbsp; &nbsp; \u201cSiempre imagin\u00e9 que el Para\u00edso ser\u00eda alg\u00fan tipo&nbsp;de biblioteca\u201d &nbsp; &nbsp; &nbsp; &nbsp; &nbsp; &nbsp; &nbsp; &nbsp; &nbsp; &nbsp; &nbsp; &nbsp; &nbsp; &nbsp; &nbsp; &nbsp; &nbsp; &nbsp; &nbsp; &nbsp; &nbsp; &nbsp; &nbsp; &nbsp; &nbsp; &nbsp; &nbsp; &nbsp; &nbsp; &nbsp; &nbsp; &nbsp; &nbsp; &nbsp; &nbsp; &nbsp; &nbsp; &hellip; <\/p>\n<p><a class=\"more-link btn\" href=\"https:\/\/blogsaverroes.juntadeandalucia.es\/bibliotecapoetajosemarcelo\/inicio\/\">Seguir leyendo<\/a><\/p>\n","protected":false},"author":2262,"featured_media":0,"parent":0,"menu_order":0,"comment_status":"closed","ping_status":"closed","template":"","meta":{"ngg_post_thumbnail":0,"footnotes":""},"aioseo_notices":[],"post_mailing_queue_ids":[],"_links":{"self":[{"href":"https:\/\/blogsaverroes.juntadeandalucia.es\/bibliotecapoetajosemarcelo\/wp-json\/wp\/v2\/pages\/124"}],"collection":[{"href":"https:\/\/blogsaverroes.juntadeandalucia.es\/bibliotecapoetajosemarcelo\/wp-json\/wp\/v2\/pages"}],"about":[{"href":"https:\/\/blogsaverroes.juntadeandalucia.es\/bibliotecapoetajosemarcelo\/wp-json\/wp\/v2\/types\/page"}],"author":[{"embeddable":true,"href":"https:\/\/blogsaverroes.juntadeandalucia.es\/bibliotecapoetajosemarcelo\/wp-json\/wp\/v2\/users\/2262"}],"replies":[{"embeddable":true,"href":"https:\/\/blogsaverroes.juntadeandalucia.es\/bibliotecapoetajosemarcelo\/wp-json\/wp\/v2\/comments?post=124"}],"version-history":[{"count":7,"href":"https:\/\/blogsaverroes.juntadeandalucia.es\/bibliotecapoetajosemarcelo\/wp-json\/wp\/v2\/pages\/124\/revisions"}],"predecessor-version":[{"id":1121,"href":"https:\/\/blogsaverroes.juntadeandalucia.es\/bibliotecapoetajosemarcelo\/wp-json\/wp\/v2\/pages\/124\/revisions\/1121"}],"wp:attachment":[{"href":"https:\/\/blogsaverroes.juntadeandalucia.es\/bibliotecapoetajosemarcelo\/wp-json\/wp\/v2\/media?parent=124"}],"curies":[{"name":"wp","href":"https:\/\/api.w.org\/{rel}","templated":true}]}}