{"id":78,"date":"2022-01-30T12:06:46","date_gmt":"2022-01-30T11:06:46","guid":{"rendered":"https:\/\/blogsaverroes.juntadeandalucia.es\/bibliotecapoetajosemarcelo\/?page_id=78"},"modified":"2022-02-01T09:48:01","modified_gmt":"2022-02-01T08:48:01","slug":"blog","status":"publish","type":"page","link":"https:\/\/blogsaverroes.juntadeandalucia.es\/bibliotecapoetajosemarcelo\/blog\/","title":{"rendered":"Blog\/web"},"content":{"rendered":"<p><img loading=\"lazy\" decoding=\"async\" class=\"alignnone size-full wp-image-903 aligncenter\" src=\"https:\/\/blogsaverroes.juntadeandalucia.es\/bibliotecapoetajosemarcelo\/files\/2022\/02\/blog.jpg\" alt=\"\" width=\"259\" height=\"194\"><\/p>\n<p style=\"text-align: justify\"><span style=\"font-family: 'comic sans ms', sans-serif\">Esta p\u00e1gina est\u00e1 dedicada a los diferentes blogs y canales que el Centro tiene en funcionamiento, y aquellos otros, que por su contenido son importantes para nuestra comunidad educativa.<\/span><\/p>\n<p style=\"text-align: justify\"><span style=\"font-family: 'comic sans ms', sans-serif\">La ense\u00f1anza presencial y telem\u00e1tica tiene que convivir en perfecta armon\u00eda y, nuestro alumnado, los docentes y las familias tenemos&nbsp; que aprender a usar todos los recursos y herramientas digitales.<\/span><\/p>\n<p><span style=\"font-family: 'comic sans ms', sans-serif\">El aprendizaje est\u00e1 presente en cualquier lugar y a lo largo de toda la vida.<\/span><\/p>\n<p><span style=\"font-family: 'comic sans ms', sans-serif\">Os animamos a que se utilice como un recurso m\u00e1s para el desarrollo acad\u00e9mico, personal, emocional y social del alumnado.<\/span><\/p>\n<h3><em><span style=\"color: #0000ff\"><a style=\"color: #0000ff\" href=\"https:\/\/blogsaverroes.juntadeandalucia.es\/ceipvicentealeixandre\/musica-carlos-hidalgo\/\">Canal del maestro de M\u00fasica Carlos Hidalgo<\/a><\/span><\/em><\/h3>\n<p><span style=\"font-family: 'comic sans ms', sans-serif\">Este es el&nbsp;<strong style=\"font-style: inherit\"><a href=\"https:\/\/www.youtube.com\/channel\/UCCihxRKOwBrEBO47aqd1Xrw\">canal de YouTube&nbsp;del \u00e1rea de M\u00fasica<\/a><\/strong>&nbsp;del maestro Carlos Hidalgo Fontana.<\/span><\/p>\n<p><span style=\"font-family: 'comic sans ms', sans-serif\">En \u00e9l encontrar\u00e1s todo el contenido del \u00e1rea seleccionado por cursos.<\/span><\/p>\n<p><span style=\"font-family: 'comic sans ms', sans-serif\">Nuestra Orquestilla ocupa un lugar destacado.<\/span><\/p>\n<p><a href=\"https:\/\/blogsaverroes.juntadeandalucia.es\/ceipvicentealeixandre\/musica-carlos-hidalgo\/\"><img loading=\"lazy\" decoding=\"async\" class=\"alignnone wp-image-87\" src=\"https:\/\/blogsaverroes.juntadeandalucia.es\/bibliotecapoetajosemarcelo\/files\/2020\/04\/Orquestilla.jpg\" alt=\"\" width=\"146\" height=\"161\" srcset=\"https:\/\/blogsaverroes.juntadeandalucia.es\/bibliotecapoetajosemarcelo\/files\/2020\/04\/Orquestilla.jpg 125w, https:\/\/blogsaverroes.juntadeandalucia.es\/bibliotecapoetajosemarcelo\/files\/2020\/04\/Orquestilla-22x24.jpg 22w, https:\/\/blogsaverroes.juntadeandalucia.es\/bibliotecapoetajosemarcelo\/files\/2020\/04\/Orquestilla-33x36.jpg 33w, https:\/\/blogsaverroes.juntadeandalucia.es\/bibliotecapoetajosemarcelo\/files\/2020\/04\/Orquestilla-43x48.jpg 43w\" sizes=\"(max-width: 146px) 100vw, 146px\" \/><\/a><\/p>\n<h3><span style=\"color: #0000ff\"><a style=\"color: #0000ff\" href=\"https:\/\/blogsaverroes.juntadeandalucia.es\/ceipvicentealeixandre\/vicente-aleixandre-en-la-red\/\">Vicente Aleixandre en la red<\/a><\/span><\/h3>\n<p><a href=\"https:\/\/blogsaverroes.juntadeandalucia.es\/ceipvicentealeixandre\/vicente-aleixandre-en-la-red\/\"><img loading=\"lazy\" decoding=\"async\" class=\"alignnone size-full wp-image-904\" src=\"https:\/\/blogsaverroes.juntadeandalucia.es\/bibliotecapoetajosemarcelo\/files\/2022\/02\/logo-tercer-ciclo-300x144-1.png\" alt=\"\" width=\"300\" height=\"144\"><\/a><\/p>\n<p><span style=\"font-family: 'comic sans ms', sans-serif\">Vicente Aleixandre en la red es una blog educativo dirigido al alumnado del 3er Ciclo de Educaci\u00f3n Primaria.<\/span><\/p>\n<p><span style=\"font-family: 'comic sans ms', sans-serif\">Este blog pretende ser un lugar de encuentro, aprendizaje y trabajo colaborativo entre los docentes, el alumnado y la comunidad educativa.<\/span><\/p>\n<p>&nbsp;<\/p>\n<h3><span style=\"color: #0000ff\"><a style=\"color: #0000ff\" href=\"https:\/\/blogsaverroes.juntadeandalucia.es\/ceipvicentealeixandre\/blog\/el-corazon-del-vicente\/\">El coraz\u00f3n del Vicente<\/a><\/span><\/h3>\n<p><a href=\"https:\/\/blogsaverroes.juntadeandalucia.es\/ceipvicentealeixandre\/blog\/el-corazon-del-vicente\/\"><img loading=\"lazy\" decoding=\"async\" class=\"alignnone wp-image-857\" src=\"https:\/\/blogsaverroes.juntadeandalucia.es\/bibliotecapoetajosemarcelo\/files\/2022\/01\/Logo-el-corazon-del-Vicente.jpg\" alt=\"\" width=\"223\" height=\"223\" srcset=\"https:\/\/blogsaverroes.juntadeandalucia.es\/bibliotecapoetajosemarcelo\/files\/2022\/01\/Logo-el-corazon-del-Vicente.jpg 262w, https:\/\/blogsaverroes.juntadeandalucia.es\/bibliotecapoetajosemarcelo\/files\/2022\/01\/Logo-el-corazon-del-Vicente-150x150.jpg 150w\" sizes=\"(max-width: 223px) 100vw, 223px\" \/><\/a><\/p>\n<p><span style=\"font-family: 'comic sans ms', sans-serif\">Una ventana abierta al coraz\u00f3n de nuestro colegio para asomarse a las actividades que llevamos a cabo dirigidas, a la formaci\u00f3n integral en valores de nuestro alumnado.<\/span><\/p>\n","protected":false},"excerpt":{"rendered":"<p>Esta p\u00e1gina est\u00e1 dedicada a los diferentes blogs y canales que el Centro tiene en funcionamiento, y aquellos otros, que por su contenido son importantes para nuestra comunidad educativa. La ense\u00f1anza presencial y telem\u00e1tica tiene que convivir en perfecta armon\u00eda y, nuestro alumnado, los docentes y las familias tenemos&nbsp; que aprender a usar todos los &hellip; <\/p>\n<p><a class=\"more-link btn\" href=\"https:\/\/blogsaverroes.juntadeandalucia.es\/bibliotecapoetajosemarcelo\/blog\/\">Seguir leyendo<\/a><\/p>\n","protected":false},"author":2262,"featured_media":0,"parent":0,"menu_order":0,"comment_status":"closed","ping_status":"closed","template":"","meta":{"ngg_post_thumbnail":0,"footnotes":""},"aioseo_notices":[],"post_mailing_queue_ids":[],"_links":{"self":[{"href":"https:\/\/blogsaverroes.juntadeandalucia.es\/bibliotecapoetajosemarcelo\/wp-json\/wp\/v2\/pages\/78"}],"collection":[{"href":"https:\/\/blogsaverroes.juntadeandalucia.es\/bibliotecapoetajosemarcelo\/wp-json\/wp\/v2\/pages"}],"about":[{"href":"https:\/\/blogsaverroes.juntadeandalucia.es\/bibliotecapoetajosemarcelo\/wp-json\/wp\/v2\/types\/page"}],"author":[{"embeddable":true,"href":"https:\/\/blogsaverroes.juntadeandalucia.es\/bibliotecapoetajosemarcelo\/wp-json\/wp\/v2\/users\/2262"}],"replies":[{"embeddable":true,"href":"https:\/\/blogsaverroes.juntadeandalucia.es\/bibliotecapoetajosemarcelo\/wp-json\/wp\/v2\/comments?post=78"}],"version-history":[{"count":5,"href":"https:\/\/blogsaverroes.juntadeandalucia.es\/bibliotecapoetajosemarcelo\/wp-json\/wp\/v2\/pages\/78\/revisions"}],"predecessor-version":[{"id":907,"href":"https:\/\/blogsaverroes.juntadeandalucia.es\/bibliotecapoetajosemarcelo\/wp-json\/wp\/v2\/pages\/78\/revisions\/907"}],"wp:attachment":[{"href":"https:\/\/blogsaverroes.juntadeandalucia.es\/bibliotecapoetajosemarcelo\/wp-json\/wp\/v2\/media?parent=78"}],"curies":[{"name":"wp","href":"https:\/\/api.w.org\/{rel}","templated":true}]}}