{"id":11144,"date":"2024-11-10T13:48:52","date_gmt":"2024-11-10T12:48:52","guid":{"rendered":"https:\/\/blogsaverroes.juntadeandalucia.es\/blablablas\/?page_id=11144"},"modified":"2026-01-01T19:51:53","modified_gmt":"2026-01-01T18:51:53","slug":"sobre-mi","status":"publish","type":"page","link":"https:\/\/blogsaverroes.juntadeandalucia.es\/blablablas\/sobre-mi\/","title":{"rendered":"Bio"},"content":{"rendered":"<div id=\"content\" class=\"site-content\">\n<div id=\"primary\" class=\"content-area\">\n<p>&nbsp;<\/p>\n<article id=\"post-11112\" class=\"post-11112 page type-page status-publish has-post-thumbnail hentry\">\n<div class=\"entry-thumbnail\"><img loading=\"lazy\" decoding=\"async\" class=\"attachment-penscratch-2-featured size-penscratch-2-featured wp-post-image\" src=\"https:\/\/blasvalentin.com\/wp-content\/uploads\/2024\/08\/06ef55d8-59ca-4828-abe5-c65c2511160d_4_5005_c.jpeg?w=150&amp;h=150&amp;crop=1\" alt=\"foto de Blas Valent\u00edn Moreno\" width=\"150\" height=\"150\" data-attachment-id=\"11214\" data-permalink=\"https:\/\/blasvalentin.com\/06ef55d8-59ca-4828-abe5-c65c2511160d_4_5005_c\/\" data-orig-file=\"https:\/\/blasvalentin.com\/wp-content\/uploads\/2024\/08\/06ef55d8-59ca-4828-abe5-c65c2511160d_4_5005_c.jpeg\" data-orig-size=\"150,150\" data-comments-opened=\"1\" data-image-meta=\"{&quot;aperture&quot;:&quot;0&quot;,&quot;credit&quot;:&quot;&quot;,&quot;camera&quot;:&quot;&quot;,&quot;caption&quot;:&quot;&quot;,&quot;created_timestamp&quot;:&quot;0&quot;,&quot;copyright&quot;:&quot;&quot;,&quot;focal_length&quot;:&quot;0&quot;,&quot;iso&quot;:&quot;0&quot;,&quot;shutter_speed&quot;:&quot;0&quot;,&quot;title&quot;:&quot;&quot;,&quot;orientation&quot;:&quot;0&quot;}\" data-image-title=\"06EF55D8-59CA-4828-ABE5-C65C2511160D_4_5005_c\" data-image-description=\"&lt;p&gt;Blas Valent\u00edn Moreno, escritor blablabl\u00e1s&lt;\/p&gt; \" data-image-caption=\"\" data-medium-file=\"https:\/\/blasvalentin.com\/wp-content\/uploads\/2024\/08\/06ef55d8-59ca-4828-abe5-c65c2511160d_4_5005_c.jpeg?w=150\" data-large-file=\"https:\/\/blasvalentin.com\/wp-content\/uploads\/2024\/08\/06ef55d8-59ca-4828-abe5-c65c2511160d_4_5005_c.jpeg?w=150\"><\/div>\n<div class=\"entry-content\">\n<p><strong>Blas Valent\u00edn Moreno<\/strong>&nbsp;pas\u00f3 su infancia y juventud en el Rinc\u00f3n de Ademuz, una comarca entre Valencia, Teruel y Cuenca. Ese territorio rural ha dejado una huella persistente en su mirada literaria, especialmente en su atenci\u00f3n al conflicto, la memoria y las formas discretas de la lealtad y la ruptura.<\/p>\n<p>Es profesor de Lengua y Literatura. Ha sido docente en la UNED y en centros educativos de la Comunidad Valenciana, Catalu\u00f1a y Andaluc\u00eda.<\/p>\n<p>Su obra explora el desarraigo y los conflictos entre lo individual y lo colectivo en la Espa\u00f1a contempor\u00e1nea.<\/p>\n<h3 class=\"wp-block-heading\"><strong>OBRA LITERARIA<\/strong><\/h3>\n<h4 class=\"wp-block-heading\"><strong>Novelas<\/strong><\/h4>\n<ul class=\"wp-block-list\">\n<li><em>Mientras el r\u00edo fluye<\/em>&nbsp;(2024). Milenio (Pag\u00e8s Editors). ISBN: 978-84-1988-474-9<\/li>\n<li><em>Golpes de cabestro<\/em>&nbsp;(2013). Verbum. ISBN: 978-84-7962-925-0<\/li>\n<li><em>El zarzal<\/em>&nbsp;(2003). Sekotia S.L. ISBN: 978-84-932920-4-1<\/li>\n<\/ul>\n<h4 class=\"wp-block-heading\"><strong>Relatos<\/strong><\/h4>\n<ul class=\"wp-block-list\">\n<li><em>El pico del zorro<\/em>&nbsp;(2008). ISBN: 978-84-612-6506-0<\/li>\n<\/ul>\n<h3 class=\"wp-block-heading\"><strong>OBRA LEXICOGR\u00c1FICA Y ENSAY\u00cdSTICA<\/strong><\/h3>\n<ul class=\"wp-block-list\">\n<li><em>Diccionario del habla del Rinc\u00f3n de Ademuz<\/em>&nbsp;(2016). UNED. ISBN: 978-84-92885-24-4<\/li>\n<li><em>Diccionarios, ideolog\u00eda y uso escolar<\/em>&nbsp;(2018). Monsalvez S.L. ISBN: 978-84-17697-31-0<\/li>\n<\/ul>\n<h3 class=\"wp-block-heading\"><strong>ART\u00cdCULOS Y RESE\u00d1AS<\/strong><\/h3>\n<p>Blas Valent\u00edn Moreno ha publicado art\u00edculos en revistas especializadas y medios literarios como&nbsp;<em>Pen\u00e9lope: Evoluci\u00f3n hist\u00f3rica y literaria desde la antig\u00fcedad<\/em>,&nbsp;<em>Zenda Libros<\/em>, El Peri\u00f3dico de Aqu\u00ed\u2026.<\/p>\n<ul class=\"wp-block-list\">\n<li><a href=\"https:\/\/dialnet.unirioja.es\/servlet\/autor?codigo=5458147\">Producci\u00f3n acad\u00e9mica en DIALNET<\/a><\/li>\n<li>Perfil en&nbsp;<a href=\"https:\/\/www.zendalibros.com\/author\/blasvalentin\/\">Zenda Libros<\/a><\/li>\n<li>Perfil en&nbsp;<a href=\"https:\/\/www.elperiodicodeaqui.com\/equipo\/blas-valentin\">El Peri\u00f3dico de Aqu\u00ed<\/a><\/li>\n<\/ul>\n<h3 class=\"wp-block-heading\"><strong>OBRA RECIENTE:&nbsp;<em>MIENTRAS EL R\u00cdO FLUYE<\/em><\/strong><\/h3>\n<p>Su novela m\u00e1s reciente,&nbsp;<em>Mientras el r\u00edo fluye<\/em>, ofrece un retrato vibrante de la Espa\u00f1a contempor\u00e1nea, abordando la identidad nacional, la lealtad y los conflictos internos desde la mirada de un profesor de castellano en Catalu\u00f1a y un teniente de complemento en el Ej\u00e9rcito. La obra combina intriga, historia y reflexi\u00f3n sobre los dilemas del presente.<\/p>\n<h3 class=\"wp-block-heading\"><strong>CONTACTO<\/strong><\/h3>\n<p>blasvalentinmoreno@gmail.com<\/p>\n<\/div>\n<\/article>\n<p>&nbsp;<\/p>\n<\/div>\n<\/div>\n<footer id=\"colophon\" class=\"site-footer\" role=\"contentinfo\">\n<div class=\"footer-widgets clear\">\n<div class=\"widget-area\">\n<aside id=\"block-6\" class=\"widget widget_block\">\n<blockquote class=\"wp-block-quote is-layout-flow wp-block-quote-is-layout-flow\"><p>Entre la inocencia y el crimen hay franjas de penumbra donde la libertad no desaparece, pero se encoge.<\/p><\/blockquote>\n<\/aside>\n<\/div>\n<\/div>\n<\/footer>\n","protected":false},"excerpt":{"rendered":"<p>&nbsp; Blas Valent\u00edn Moreno&nbsp;pas\u00f3 su infancia y juventud en el Rinc\u00f3n de Ademuz, una comarca entre Valencia, Teruel y Cuenca. Ese territorio rural ha dejado una huella persistente en su&#46;&#46;&#46;<\/p>\n","protected":false},"author":2696,"featured_media":0,"parent":0,"menu_order":0,"comment_status":"closed","ping_status":"closed","template":"","meta":{"ngg_post_thumbnail":0,"footnotes":"","_mc_calendar":[]},"aioseo_notices":[],"_links":{"self":[{"href":"https:\/\/blogsaverroes.juntadeandalucia.es\/blablablas\/wp-json\/wp\/v2\/pages\/11144"}],"collection":[{"href":"https:\/\/blogsaverroes.juntadeandalucia.es\/blablablas\/wp-json\/wp\/v2\/pages"}],"about":[{"href":"https:\/\/blogsaverroes.juntadeandalucia.es\/blablablas\/wp-json\/wp\/v2\/types\/page"}],"author":[{"embeddable":true,"href":"https:\/\/blogsaverroes.juntadeandalucia.es\/blablablas\/wp-json\/wp\/v2\/users\/2696"}],"replies":[{"embeddable":true,"href":"https:\/\/blogsaverroes.juntadeandalucia.es\/blablablas\/wp-json\/wp\/v2\/comments?post=11144"}],"version-history":[{"count":3,"href":"https:\/\/blogsaverroes.juntadeandalucia.es\/blablablas\/wp-json\/wp\/v2\/pages\/11144\/revisions"}],"predecessor-version":[{"id":11154,"href":"https:\/\/blogsaverroes.juntadeandalucia.es\/blablablas\/wp-json\/wp\/v2\/pages\/11144\/revisions\/11154"}],"wp:attachment":[{"href":"https:\/\/blogsaverroes.juntadeandalucia.es\/blablablas\/wp-json\/wp\/v2\/media?parent=11144"}],"curies":[{"name":"wp","href":"https:\/\/api.w.org\/{rel}","templated":true}]}}