{"id":35,"date":"2020-01-09T12:42:54","date_gmt":"2020-01-09T11:42:54","guid":{"rendered":"http:\/\/blogsaverroes.juntadeandalucia.es\/pre\/nuevoceip2v2\/?page_id=35"},"modified":"2025-10-16T10:44:52","modified_gmt":"2025-10-16T09:44:52","slug":"biblioteca","status":"publish","type":"page","link":"https:\/\/blogsaverroes.juntadeandalucia.es\/blog-el-prior\/biblioteca\/","title":{"rendered":"Biblioteca"},"content":{"rendered":"<p>[et_pb_section fb_built=&#8221;1&#8243; _builder_version=&#8221;4.16&#8243; custom_padding=&#8221;0px||0px|&#8221; z_index_tablet=&#8221;500&#8243; box_shadow_horizontal_tablet=&#8221;0px&#8221; box_shadow_vertical_tablet=&#8221;0px&#8221; box_shadow_blur_tablet=&#8221;40px&#8221; box_shadow_spread_tablet=&#8221;0px&#8221; global_colors_info=&#8221;{}&#8221;][et_pb_row _builder_version=&#8221;4.16&#8243; background_size=&#8221;initial&#8221; background_position=&#8221;top_left&#8221; background_repeat=&#8221;repeat&#8221; global_colors_info=&#8221;{}&#8221;][et_pb_column type=&#8221;4_4&#8243; _builder_version=&#8221;4.16&#8243; custom_padding=&#8221;|||&#8221; global_colors_info=&#8221;{}&#8221; custom_padding__hover=&#8221;|||&#8221;][et_pb_image src=&#8221;https:\/\/blogsaverroes.juntadeandalucia.es\/blog-el-prior\/files\/2025\/10\/WhatsApp-Image-2025-10-10-at-09.55.50.jpeg&#8221; title_text=&#8221;WhatsApp Image 2025-10-10 at 09.55.50&#8243; admin_label=&#8221;Imagen de la portada&#8221; _builder_version=&#8221;4.24.2&#8243; hover_enabled=&#8221;0&#8243; z_index_tablet=&#8221;500&#8243; box_shadow_horizontal_tablet=&#8221;0px&#8221; box_shadow_vertical_tablet=&#8221;0px&#8221; box_shadow_blur_tablet=&#8221;40px&#8221; box_shadow_spread_tablet=&#8221;0px&#8221; global_colors_info=&#8221;{}&#8221; width=&#8221;29%&#8221; max_width=&#8221;31%&#8221; min_height=&#8221;358px&#8221; height=&#8221;435px&#8221; max_height=&#8221;454px&#8221; sticky_enabled=&#8221;0&#8243;][\/et_pb_image][et_pb_text admin_label=&#8221;Texto descriptivo&#8221; _builder_version=&#8221;4.24.2&#8243; z_index_tablet=&#8221;500&#8243; text_text_shadow_horizontal_length_tablet=&#8221;0px&#8221; text_text_shadow_vertical_length_tablet=&#8221;0px&#8221; text_text_shadow_blur_strength_tablet=&#8221;1px&#8221; link_text_shadow_horizontal_length_tablet=&#8221;0px&#8221; link_text_shadow_vertical_length_tablet=&#8221;0px&#8221; link_text_shadow_blur_strength_tablet=&#8221;1px&#8221; ul_text_shadow_horizontal_length_tablet=&#8221;0px&#8221; ul_text_shadow_vertical_length_tablet=&#8221;0px&#8221; ul_text_shadow_blur_strength_tablet=&#8221;1px&#8221; ol_text_shadow_horizontal_length_tablet=&#8221;0px&#8221; ol_text_shadow_vertical_length_tablet=&#8221;0px&#8221; ol_text_shadow_blur_strength_tablet=&#8221;1px&#8221; quote_text_shadow_horizontal_length_tablet=&#8221;0px&#8221; quote_text_shadow_vertical_length_tablet=&#8221;0px&#8221; quote_text_shadow_blur_strength_tablet=&#8221;1px&#8221; header_text_shadow_horizontal_length_tablet=&#8221;0px&#8221; header_text_shadow_vertical_length_tablet=&#8221;0px&#8221; header_text_shadow_blur_strength_tablet=&#8221;1px&#8221; header_2_text_shadow_horizontal_length_tablet=&#8221;0px&#8221; header_2_text_shadow_vertical_length_tablet=&#8221;0px&#8221; header_2_text_shadow_blur_strength_tablet=&#8221;1px&#8221; header_3_text_shadow_horizontal_length_tablet=&#8221;0px&#8221; header_3_text_shadow_vertical_length_tablet=&#8221;0px&#8221; header_3_text_shadow_blur_strength_tablet=&#8221;1px&#8221; header_4_text_shadow_horizontal_length_tablet=&#8221;0px&#8221; header_4_text_shadow_vertical_length_tablet=&#8221;0px&#8221; header_4_text_shadow_blur_strength_tablet=&#8221;1px&#8221; header_5_text_shadow_horizontal_length_tablet=&#8221;0px&#8221; header_5_text_shadow_vertical_length_tablet=&#8221;0px&#8221; header_5_text_shadow_blur_strength_tablet=&#8221;1px&#8221; header_6_text_shadow_horizontal_length_tablet=&#8221;0px&#8221; header_6_text_shadow_vertical_length_tablet=&#8221;0px&#8221; header_6_text_shadow_blur_strength_tablet=&#8221;1px&#8221; box_shadow_horizontal_tablet=&#8221;0px&#8221; box_shadow_vertical_tablet=&#8221;0px&#8221; box_shadow_blur_tablet=&#8221;40px&#8221; box_shadow_spread_tablet=&#8221;0px&#8221; global_colors_info=&#8221;{}&#8221;]<\/p>\n<h2>Biblioteca<\/h2>\n<p>En Breve tendremos NOTICIAS muy &#8220;chulas&#8221; sobre nuestra pr\u00f3xima biblioteca virtual.<\/p>\n<div class=\"pt-cv-wrapper et_smooth_scroll_disabled\"><div class=\"pt-cv-view pt-cv-grid pt-cv-colsys\" id=\"pt-cv-view-e0e1a5atvl\"><div data-id=\"pt-cv-page-1\" class=\"pt-cv-page\" data-cvc=\"2\"><div class=\"col-md-6 col-sm-12 col-xs-12 pt-cv-content-item pt-cv-1-col\" ><div class='pt-cv-ifield'><a href=\"https:\/\/blogsaverroes.juntadeandalucia.es\/blog-el-prior\/club-de-lectura-en-familia-2o-trimestre\/\" class=\"_self pt-cv-href-thumbnail pt-cv-thumb-default\" target=\"_self\" ><img loading=\"lazy\" decoding=\"async\" width=\"225\" height=\"300\" src=\"https:\/\/blogsaverroes.juntadeandalucia.es\/blog-el-prior\/files\/2026\/03\/PHOTO-2026-02-23-19-16-482-1-225x300.jpg\" class=\"pt-cv-thumbnail\" alt=\"\" \/><\/a>\n<div class=\"pt-cv-taxoterm above_title\"><a href='https:\/\/blogsaverroes.juntadeandalucia.es\/blog-el-prior\/category\/biblioteca\/' title='Biblioteca' class='pt-cv-tax-biblioteca'>Biblioteca<\/a><a href='https:\/\/blogsaverroes.juntadeandalucia.es\/blog-el-prior\/category\/novedades\/' title='Novedades' class='pt-cv-tax-novedades'>Novedades<\/a><\/div>\n<h4 class=\"pt-cv-title\"><a href=\"https:\/\/blogsaverroes.juntadeandalucia.es\/blog-el-prior\/club-de-lectura-en-familia-2o-trimestre\/\" class=\"_self\" target=\"_self\" >Club de lectura en familia 2\u00ba Trimestre<\/a><\/h4>\n<div class=\"pt-cv-content\">Hace varias semanas, celebramos en nuestra biblioteca la segunda reuni\u00f3n del club de lectura en familia del curso. En esta ...<br \/><div class=\"pt-cv-rmwrap\"><a href=\"https:\/\/blogsaverroes.juntadeandalucia.es\/blog-el-prior\/club-de-lectura-en-familia-2o-trimestre\/\" class=\"_self pt-cv-readmore btn btn-success\" target=\"_self\">Leer M\u00e1s<\/a><\/div><\/div><\/div><\/div>\n<div class=\"col-md-6 col-sm-12 col-xs-12 pt-cv-content-item pt-cv-1-col\" ><div class='pt-cv-ifield'><a href=\"https:\/\/blogsaverroes.juntadeandalucia.es\/blog-el-prior\/dia-del-amor-y-la-amistad-en-la-biblioteca\/\" class=\"_self pt-cv-href-thumbnail pt-cv-thumb-default\" target=\"_self\" ><img loading=\"lazy\" decoding=\"async\" width=\"225\" height=\"300\" src=\"https:\/\/blogsaverroes.juntadeandalucia.es\/blog-el-prior\/files\/2026\/03\/WhatsApp-Image-2026-03-02-at-17.59.49-3-225x300.jpeg\" class=\"pt-cv-thumbnail\" alt=\"\" \/><\/a>\n<div class=\"pt-cv-taxoterm above_title\"><a href='https:\/\/blogsaverroes.juntadeandalucia.es\/blog-el-prior\/category\/biblioteca\/' title='Biblioteca' class='pt-cv-tax-biblioteca'>Biblioteca<\/a><a href='https:\/\/blogsaverroes.juntadeandalucia.es\/blog-el-prior\/category\/novedades\/' title='Novedades' class='pt-cv-tax-novedades'>Novedades<\/a><\/div>\n<h4 class=\"pt-cv-title\"><a href=\"https:\/\/blogsaverroes.juntadeandalucia.es\/blog-el-prior\/dia-del-amor-y-la-amistad-en-la-biblioteca\/\" class=\"_self\" target=\"_self\" >D\u00eda del Amor y la Amistad en la biblioteca<\/a><\/h4>\n<div class=\"pt-cv-content\">El pasado 13 de febrero celebramos en el cole el d\u00eda del Amor y la Amistad. Para ello, nuestra biblioteca ...<br \/><div class=\"pt-cv-rmwrap\"><a href=\"https:\/\/blogsaverroes.juntadeandalucia.es\/blog-el-prior\/dia-del-amor-y-la-amistad-en-la-biblioteca\/\" class=\"_self pt-cv-readmore btn btn-success\" target=\"_self\">Leer M\u00e1s<\/a><\/div><\/div><\/div><\/div>\n<div class=\"col-md-6 col-sm-12 col-xs-12 pt-cv-content-item pt-cv-1-col\" ><div class='pt-cv-ifield'><a href=\"https:\/\/blogsaverroes.juntadeandalucia.es\/blog-el-prior\/1o-reunion-club-de-lectura-en-familia\/\" class=\"_self pt-cv-href-thumbnail pt-cv-thumb-default\" target=\"_self\" ><img loading=\"lazy\" decoding=\"async\" width=\"225\" height=\"300\" src=\"https:\/\/blogsaverroes.juntadeandalucia.es\/blog-el-prior\/files\/2025\/11\/IMG_8074-Copy-225x300.jpg\" class=\"pt-cv-thumbnail\" alt=\"\" \/><\/a>\n<div class=\"pt-cv-taxoterm above_title\"><a href='https:\/\/blogsaverroes.juntadeandalucia.es\/blog-el-prior\/category\/biblioteca\/' title='Biblioteca' class='pt-cv-tax-biblioteca'>Biblioteca<\/a><a href='https:\/\/blogsaverroes.juntadeandalucia.es\/blog-el-prior\/category\/novedades\/' title='Novedades' class='pt-cv-tax-novedades'>Novedades<\/a><\/div>\n<h4 class=\"pt-cv-title\"><a href=\"https:\/\/blogsaverroes.juntadeandalucia.es\/blog-el-prior\/1o-reunion-club-de-lectura-en-familia\/\" class=\"_self\" target=\"_self\" >1\u00ba Reuni\u00f3n club de lectura en familia<\/a><\/h4>\n<div class=\"pt-cv-content\">El pasado 24 de octubre tuvimos la primera reuni\u00f3n del club de lectura en familia celebrado en nuestra biblioteca. Durante ...<br \/><div class=\"pt-cv-rmwrap\"><a href=\"https:\/\/blogsaverroes.juntadeandalucia.es\/blog-el-prior\/1o-reunion-club-de-lectura-en-familia\/\" class=\"_self pt-cv-readmore btn btn-success\" target=\"_self\">Leer M\u00e1s<\/a><\/div><\/div><\/div><\/div>\n<div class=\"col-md-6 col-sm-12 col-xs-12 pt-cv-content-item pt-cv-1-col\" ><div class='pt-cv-ifield'><a href=\"https:\/\/blogsaverroes.juntadeandalucia.es\/blog-el-prior\/visita-de-fran-nuno\/\" class=\"_self pt-cv-href-thumbnail pt-cv-thumb-default\" target=\"_self\" ><img loading=\"lazy\" decoding=\"async\" width=\"300\" height=\"169\" src=\"https:\/\/blogsaverroes.juntadeandalucia.es\/blog-el-prior\/files\/2025\/11\/2c8f672b-82bf-41fc-ad9a-1ecce6f1f664-300x169.jpg\" class=\"pt-cv-thumbnail\" alt=\"\" \/><\/a>\n<div class=\"pt-cv-taxoterm above_title\"><a href='https:\/\/blogsaverroes.juntadeandalucia.es\/blog-el-prior\/category\/biblioteca\/' title='Biblioteca' class='pt-cv-tax-biblioteca'>Biblioteca<\/a><a href='https:\/\/blogsaverroes.juntadeandalucia.es\/blog-el-prior\/category\/galeria\/' title='Galer\u00eda' class='pt-cv-tax-galeria'>Galer\u00eda<\/a><a href='https:\/\/blogsaverroes.juntadeandalucia.es\/blog-el-prior\/category\/novedades\/' title='Novedades' class='pt-cv-tax-novedades'>Novedades<\/a><\/div>\n<h4 class=\"pt-cv-title\"><a href=\"https:\/\/blogsaverroes.juntadeandalucia.es\/blog-el-prior\/visita-de-fran-nuno\/\" class=\"_self\" target=\"_self\" >Visita de Fran Nu\u00f1o<\/a><\/h4>\n<div class=\"pt-cv-content\">La semana pasad tuvimos en nuestro centro una visita muy especial. El autor Fran Nu\u00f1o se col\u00f3 en nuestra biblioteca ...<br \/><div class=\"pt-cv-rmwrap\"><a href=\"https:\/\/blogsaverroes.juntadeandalucia.es\/blog-el-prior\/visita-de-fran-nuno\/\" class=\"_self pt-cv-readmore btn btn-success\" target=\"_self\">Leer M\u00e1s<\/a><\/div><\/div><\/div><\/div>\n<div class=\"col-md-6 col-sm-12 col-xs-12 pt-cv-content-item pt-cv-1-col\" ><div class='pt-cv-ifield'><a href=\"https:\/\/blogsaverroes.juntadeandalucia.es\/blog-el-prior\/dia-del-flamenco-4\/\" class=\"_self pt-cv-href-thumbnail pt-cv-thumb-default\" target=\"_self\" ><img loading=\"lazy\" decoding=\"async\" width=\"300\" height=\"225\" src=\"https:\/\/blogsaverroes.juntadeandalucia.es\/blog-el-prior\/files\/2025\/11\/023229d2-c665-4f39-a79d-deea4493711b-300x225.jpg\" class=\"pt-cv-thumbnail\" alt=\"\" \/><\/a>\n<div class=\"pt-cv-taxoterm above_title\"><a href='https:\/\/blogsaverroes.juntadeandalucia.es\/blog-el-prior\/category\/biblioteca\/' title='Biblioteca' class='pt-cv-tax-biblioteca'>Biblioteca<\/a><a href='https:\/\/blogsaverroes.juntadeandalucia.es\/blog-el-prior\/category\/galeria\/' title='Galer\u00eda' class='pt-cv-tax-galeria'>Galer\u00eda<\/a><a href='https:\/\/blogsaverroes.juntadeandalucia.es\/blog-el-prior\/category\/novedades\/' title='Novedades' class='pt-cv-tax-novedades'>Novedades<\/a><\/div>\n<h4 class=\"pt-cv-title\"><a href=\"https:\/\/blogsaverroes.juntadeandalucia.es\/blog-el-prior\/dia-del-flamenco-4\/\" class=\"_self\" target=\"_self\" >D\u00eda del Flamenco<\/a><\/h4>\n<div class=\"pt-cv-content\">La semana pasada, para celebrar el d\u00eda del flamenco, realizamos distintas actividades en nuestro centro. Los compa\u00f1eros del aula espec\u00edfica ...<br \/><div class=\"pt-cv-rmwrap\"><a href=\"https:\/\/blogsaverroes.juntadeandalucia.es\/blog-el-prior\/dia-del-flamenco-4\/\" class=\"_self pt-cv-readmore btn btn-success\" target=\"_self\">Leer M\u00e1s<\/a><\/div><\/div><\/div><\/div>\n<div class=\"col-md-6 col-sm-12 col-xs-12 pt-cv-content-item pt-cv-1-col\" ><div class='pt-cv-ifield'><a href=\"https:\/\/blogsaverroes.juntadeandalucia.es\/blog-el-prior\/reportaje-dia-de-las-bibliotecas\/\" class=\"_self pt-cv-href-thumbnail pt-cv-thumb-default\" target=\"_self\" ><img loading=\"lazy\" decoding=\"async\" width=\"225\" height=\"300\" src=\"https:\/\/blogsaverroes.juntadeandalucia.es\/blog-el-prior\/files\/2025\/10\/WhatsApp-Image-2025-10-10-at-09.55.52-225x300.jpeg\" class=\"pt-cv-thumbnail\" alt=\"\" \/><\/a>\n<div class=\"pt-cv-taxoterm above_title\"><a href='https:\/\/blogsaverroes.juntadeandalucia.es\/blog-el-prior\/category\/biblioteca\/' title='Biblioteca' class='pt-cv-tax-biblioteca'>Biblioteca<\/a><a href='https:\/\/blogsaverroes.juntadeandalucia.es\/blog-el-prior\/category\/novedades\/' title='Novedades' class='pt-cv-tax-novedades'>Novedades<\/a><\/div>\n<h4 class=\"pt-cv-title\"><a href=\"https:\/\/blogsaverroes.juntadeandalucia.es\/blog-el-prior\/reportaje-dia-de-las-bibliotecas\/\" class=\"_self\" target=\"_self\" >REPORTAJE D\u00cdA DE LAS BIBLIOTECAS<\/a><\/h4>\n<div class=\"pt-cv-content\">Para celebrar el d\u00eda de las bibliotecas, realizamos un reportaje en el cole, con la ayuda del alumnado encargado de ...<br \/><div class=\"pt-cv-rmwrap\"><a href=\"https:\/\/blogsaverroes.juntadeandalucia.es\/blog-el-prior\/reportaje-dia-de-las-bibliotecas\/\" class=\"_self pt-cv-readmore btn btn-success\" target=\"_self\">Leer M\u00e1s<\/a><\/div><\/div><\/div><\/div>\n<div class=\"col-md-6 col-sm-12 col-xs-12 pt-cv-content-item pt-cv-1-col\" ><div class='pt-cv-ifield'><a href=\"https:\/\/blogsaverroes.juntadeandalucia.es\/blog-el-prior\/club-de-lectura-el-prior\/\" class=\"_self pt-cv-href-thumbnail pt-cv-thumb-default\" target=\"_self\" ><img loading=\"lazy\" decoding=\"async\" width=\"300\" height=\"212\" src=\"https:\/\/blogsaverroes.juntadeandalucia.es\/blog-el-prior\/files\/2025\/10\/1-300x212.png\" class=\"pt-cv-thumbnail\" alt=\"\" \/><\/a>\n<div class=\"pt-cv-taxoterm above_title\"><a href='https:\/\/blogsaverroes.juntadeandalucia.es\/blog-el-prior\/category\/biblioteca\/' title='Biblioteca' class='pt-cv-tax-biblioteca'>Biblioteca<\/a><a href='https:\/\/blogsaverroes.juntadeandalucia.es\/blog-el-prior\/category\/novedades\/' title='Novedades' class='pt-cv-tax-novedades'>Novedades<\/a><\/div>\n<h4 class=\"pt-cv-title\"><a href=\"https:\/\/blogsaverroes.juntadeandalucia.es\/blog-el-prior\/club-de-lectura-el-prior\/\" class=\"_self\" target=\"_self\" >Club de lectura &#8220;El Prior&#8221;<\/a><\/h4>\n<div class=\"pt-cv-content\">Este curso estrenamos club de lectura. Con esta actividad pretendemos desarrollar el h\u00e1bito lector en nuestro alumnado haciendo participe a ...<br \/><div class=\"pt-cv-rmwrap\"><a href=\"https:\/\/blogsaverroes.juntadeandalucia.es\/blog-el-prior\/club-de-lectura-el-prior\/\" class=\"_self pt-cv-readmore btn btn-success\" target=\"_self\">Leer M\u00e1s<\/a><\/div><\/div><\/div><\/div>\n<div class=\"col-md-6 col-sm-12 col-xs-12 pt-cv-content-item pt-cv-1-col\" ><div class='pt-cv-ifield'><a href=\"https:\/\/blogsaverroes.juntadeandalucia.es\/blog-el-prior\/dia-de-las-escritoras\/\" class=\"_self pt-cv-href-thumbnail pt-cv-thumb-default\" target=\"_self\" ><img loading=\"lazy\" decoding=\"async\" width=\"225\" height=\"300\" src=\"https:\/\/blogsaverroes.juntadeandalucia.es\/blog-el-prior\/files\/2025\/10\/WhatsApp-Image-2025-10-14-at-21.41.26-2-225x300.jpeg\" class=\"pt-cv-thumbnail\" alt=\"\" \/><\/a>\n<div class=\"pt-cv-taxoterm above_title\"><a href='https:\/\/blogsaverroes.juntadeandalucia.es\/blog-el-prior\/category\/biblioteca\/' title='Biblioteca' class='pt-cv-tax-biblioteca'>Biblioteca<\/a><a href='https:\/\/blogsaverroes.juntadeandalucia.es\/blog-el-prior\/category\/galeria\/' title='Galer\u00eda' class='pt-cv-tax-galeria'>Galer\u00eda<\/a><a href='https:\/\/blogsaverroes.juntadeandalucia.es\/blog-el-prior\/category\/novedades\/' title='Novedades' class='pt-cv-tax-novedades'>Novedades<\/a><\/div>\n<h4 class=\"pt-cv-title\"><a href=\"https:\/\/blogsaverroes.juntadeandalucia.es\/blog-el-prior\/dia-de-las-escritoras\/\" class=\"_self\" target=\"_self\" >D\u00eda de las escritoras<\/a><\/h4>\n<div class=\"pt-cv-content\">El d\u00eda 13 de octubre se celebr\u00f3 el d\u00eda de las escritoras, es por ello que durante la semana pasada, ...<br \/><div class=\"pt-cv-rmwrap\"><a href=\"https:\/\/blogsaverroes.juntadeandalucia.es\/blog-el-prior\/dia-de-las-escritoras\/\" class=\"_self pt-cv-readmore btn btn-success\" target=\"_self\">Leer M\u00e1s<\/a><\/div><\/div><\/div><\/div>\n<div class=\"col-md-6 col-sm-12 col-xs-12 pt-cv-content-item pt-cv-1-col\" ><div class='pt-cv-ifield'><a href=\"https:\/\/blogsaverroes.juntadeandalucia.es\/blog-el-prior\/itinerario-lecto-escritor-curso-2025-2026\/\" class=\"_self pt-cv-href-thumbnail pt-cv-thumb-default\" target=\"_self\" ><img loading=\"lazy\" decoding=\"async\" width=\"212\" height=\"300\" src=\"https:\/\/blogsaverroes.juntadeandalucia.es\/blog-el-prior\/files\/2025\/09\/ITINERARIO-LECTOR-CURSO-2526-212x300.png\" class=\"pt-cv-thumbnail\" alt=\"\" \/><\/a>\n<div class=\"pt-cv-taxoterm above_title\"><a href='https:\/\/blogsaverroes.juntadeandalucia.es\/blog-el-prior\/category\/biblioteca\/' title='Biblioteca' class='pt-cv-tax-biblioteca'>Biblioteca<\/a><a href='https:\/\/blogsaverroes.juntadeandalucia.es\/blog-el-prior\/category\/novedades\/' title='Novedades' class='pt-cv-tax-novedades'>Novedades<\/a><\/div>\n<h4 class=\"pt-cv-title\"><a href=\"https:\/\/blogsaverroes.juntadeandalucia.es\/blog-el-prior\/itinerario-lecto-escritor-curso-2025-2026\/\" class=\"_self\" target=\"_self\" >Itinerario lecto-escritor curso 2025\/2026<\/a><\/h4>\n<div class=\"pt-cv-content\">Ya est\u00e1n actualizados los itinerarios de lectura y escritura para el curso escolar 2025\/2026. Como novedad hemos a\u00f1adido m\u00e1s textos ...<br \/><div class=\"pt-cv-rmwrap\"><a href=\"https:\/\/blogsaverroes.juntadeandalucia.es\/blog-el-prior\/itinerario-lecto-escritor-curso-2025-2026\/\" class=\"_self pt-cv-readmore btn btn-success\" target=\"_self\">Leer M\u00e1s<\/a><\/div><\/div><\/div><\/div><\/div><\/div><\/div>\n<p>[\/et_pb_text][\/et_pb_column][\/et_pb_row][\/et_pb_section]<\/p>\n","protected":false},"excerpt":{"rendered":"<p>Biblioteca En Breve tendremos NOTICIAS muy &#8220;chulas&#8221; sobre nuestra pr\u00f3xima biblioteca virtual. <div class=\"pt-cv-wrapper et_smooth_scroll_disabled\"><div class=\"pt-cv-view pt-cv-grid pt-cv-colsys\" id=\"pt-cv-view-e0e1a5atvl\"><div data-id=\"pt-cv-page-1\" class=\"pt-cv-page\" data-cvc=\"2\"><div class=\"col-md-6 col-sm-12 col-xs-12 pt-cv-content-item pt-cv-1-col\" ><div class='pt-cv-ifield'><a href=\"https:\/\/blogsaverroes.juntadeandalucia.es\/blog-el-prior\/club-de-lectura-en-familia-2o-trimestre\/\" class=\"_self pt-cv-href-thumbnail pt-cv-thumb-default\" target=\"_self\" ><img width=\"225\" height=\"300\" src=\"https:\/\/blogsaverroes.juntadeandalucia.es\/blog-el-prior\/files\/2026\/03\/PHOTO-2026-02-23-19-16-482-1-225x300.jpg\" class=\"pt-cv-thumbnail\" alt=\"\" decoding=\"async\" loading=\"lazy\" \/><\/a>\n<div class=\"pt-cv-taxoterm above_title\"><a href='https:\/\/blogsaverroes.juntadeandalucia.es\/blog-el-prior\/category\/biblioteca\/' title='Biblioteca' class='pt-cv-tax-biblioteca'>Biblioteca<\/a><a href='https:\/\/blogsaverroes.juntadeandalucia.es\/blog-el-prior\/category\/novedades\/' title='Novedades' class='pt-cv-tax-novedades'>Novedades<\/a><\/div>\n<h4 class=\"pt-cv-title\"><a href=\"https:\/\/blogsaverroes.juntadeandalucia.es\/blog-el-prior\/club-de-lectura-en-familia-2o-trimestre\/\" class=\"_self\" target=\"_self\" >Club de lectura en familia 2\u00ba Trimestre<\/a><\/h4>\n<div class=\"pt-cv-content\">Hace varias semanas, celebramos en nuestra biblioteca la segunda reuni\u00f3n del club de lectura en familia del curso. En esta ...<br \/><div class=\"pt-cv-rmwrap\"><a href=\"https:\/\/blogsaverroes.juntadeandalucia.es\/blog-el-prior\/club-de-lectura-en-familia-2o-trimestre\/\" class=\"_self pt-cv-readmore btn btn-success\" target=\"_self\">Leer M\u00e1s<\/a><\/div><\/div><\/div><\/div>\n<div class=\"col-md-6 col-sm-12 col-xs-12 pt-cv-content-item pt-cv-1-col\" ><div class='pt-cv-ifield'><a href=\"https:\/\/blogsaverroes.juntadeandalucia.es\/blog-el-prior\/dia-del-amor-y-la-amistad-en-la-biblioteca\/\" class=\"_self pt-cv-href-thumbnail pt-cv-thumb-default\" target=\"_self\" ><img width=\"225\" height=\"300\" src=\"https:\/\/blogsaverroes.juntadeandalucia.es\/blog-el-prior\/files\/2026\/03\/WhatsApp-Image-2026-03-02-at-17.59.49-3-225x300.jpeg\" class=\"pt-cv-thumbnail\" alt=\"\" decoding=\"async\" loading=\"lazy\" \/><\/a>\n<div class=\"pt-cv-taxoterm above_title\"><a href='https:\/\/blogsaverroes.juntadeandalucia.es\/blog-el-prior\/category\/biblioteca\/' title='Biblioteca' class='pt-cv-tax-biblioteca'>Biblioteca<\/a><a href='https:\/\/blogsaverroes.juntadeandalucia.es\/blog-el-prior\/category\/novedades\/' title='Novedades' class='pt-cv-tax-novedades'>Novedades<\/a><\/div>\n<h4 class=\"pt-cv-title\"><a href=\"https:\/\/blogsaverroes.juntadeandalucia.es\/blog-el-prior\/dia-del-amor-y-la-amistad-en-la-biblioteca\/\" class=\"_self\" target=\"_self\" >D\u00eda del Amor y la Amistad en la biblioteca<\/a><\/h4>\n<div class=\"pt-cv-content\">El pasado 13 de febrero celebramos en el cole el d\u00eda del Amor y la Amistad. Para ello, nuestra biblioteca ...<br \/><div class=\"pt-cv-rmwrap\"><a href=\"https:\/\/blogsaverroes.juntadeandalucia.es\/blog-el-prior\/dia-del-amor-y-la-amistad-en-la-biblioteca\/\" class=\"_self pt-cv-readmore btn btn-success\" target=\"_self\">Leer M\u00e1s<\/a><\/div><\/div><\/div><\/div>\n<div class=\"col-md-6 col-sm-12 col-xs-12 pt-cv-content-item pt-cv-1-col\" ><div class='pt-cv-ifield'><a href=\"https:\/\/blogsaverroes.juntadeandalucia.es\/blog-el-prior\/1o-reunion-club-de-lectura-en-familia\/\" class=\"_self pt-cv-href-thumbnail pt-cv-thumb-default\" target=\"_self\" ><img width=\"225\" height=\"300\" src=\"https:\/\/blogsaverroes.juntadeandalucia.es\/blog-el-prior\/files\/2025\/11\/IMG_8074-Copy-225x300.jpg\" class=\"pt-cv-thumbnail\" alt=\"\" decoding=\"async\" loading=\"lazy\" \/><\/a>\n<div class=\"pt-cv-taxoterm above_title\"><a href='https:\/\/blogsaverroes.juntadeandalucia.es\/blog-el-prior\/category\/biblioteca\/' title='Biblioteca' class='pt-cv-tax-biblioteca'>Biblioteca<\/a><a href='https:\/\/blogsaverroes.juntadeandalucia.es\/blog-el-prior\/category\/novedades\/' title='Novedades' class='pt-cv-tax-novedades'>Novedades<\/a><\/div>\n<h4 class=\"pt-cv-title\"><a href=\"https:\/\/blogsaverroes.juntadeandalucia.es\/blog-el-prior\/1o-reunion-club-de-lectura-en-familia\/\" class=\"_self\" target=\"_self\" >1\u00ba Reuni\u00f3n club de lectura en familia<\/a><\/h4>\n<div class=\"pt-cv-content\">El pasado 24 de octubre tuvimos la primera reuni\u00f3n del club de lectura en familia celebrado en nuestra biblioteca. Durante ...<br \/><div class=\"pt-cv-rmwrap\"><a href=\"https:\/\/blogsaverroes.juntadeandalucia.es\/blog-el-prior\/1o-reunion-club-de-lectura-en-familia\/\" class=\"_self pt-cv-readmore btn btn-success\" target=\"_self\">Leer M\u00e1s<\/a><\/div><\/div><\/div><\/div>\n<div class=\"col-md-6 col-sm-12 col-xs-12 pt-cv-content-item pt-cv-1-col\" ><div class='pt-cv-ifield'><a href=\"https:\/\/blogsaverroes.juntadeandalucia.es\/blog-el-prior\/visita-de-fran-nuno\/\" class=\"_self pt-cv-href-thumbnail pt-cv-thumb-default\" target=\"_self\" ><img width=\"300\" height=\"169\" src=\"https:\/\/blogsaverroes.juntadeandalucia.es\/blog-el-prior\/files\/2025\/11\/2c8f672b-82bf-41fc-ad9a-1ecce6f1f664-300x169.jpg\" class=\"pt-cv-thumbnail\" alt=\"\" decoding=\"async\" loading=\"lazy\" \/><\/a>\n<div class=\"pt-cv-taxoterm above_title\"><a href='https:\/\/blogsaverroes.juntadeandalucia.es\/blog-el-prior\/category\/biblioteca\/' title='Biblioteca' class='pt-cv-tax-biblioteca'>Biblioteca<\/a><a href='https:\/\/blogsaverroes.juntadeandalucia.es\/blog-el-prior\/category\/galeria\/' title='Galer\u00eda' class='pt-cv-tax-galeria'>Galer\u00eda<\/a><a href='https:\/\/blogsaverroes.juntadeandalucia.es\/blog-el-prior\/category\/novedades\/' title='Novedades' class='pt-cv-tax-novedades'>Novedades<\/a><\/div>\n<h4 class=\"pt-cv-title\"><a href=\"https:\/\/blogsaverroes.juntadeandalucia.es\/blog-el-prior\/visita-de-fran-nuno\/\" class=\"_self\" target=\"_self\" >Visita de Fran Nu\u00f1o<\/a><\/h4>\n<div class=\"pt-cv-content\">La semana pasad tuvimos en nuestro centro una visita muy especial. El autor Fran Nu\u00f1o se col\u00f3 en nuestra biblioteca ...<br \/><div class=\"pt-cv-rmwrap\"><a href=\"https:\/\/blogsaverroes.juntadeandalucia.es\/blog-el-prior\/visita-de-fran-nuno\/\" class=\"_self pt-cv-readmore btn btn-success\" target=\"_self\">Leer M\u00e1s<\/a><\/div><\/div><\/div><\/div>\n<div class=\"col-md-6 col-sm-12 col-xs-12 pt-cv-content-item pt-cv-1-col\" ><div class='pt-cv-ifield'><a href=\"https:\/\/blogsaverroes.juntadeandalucia.es\/blog-el-prior\/dia-del-flamenco-4\/\" class=\"_self pt-cv-href-thumbnail pt-cv-thumb-default\" target=\"_self\" ><img width=\"300\" height=\"225\" src=\"https:\/\/blogsaverroes.juntadeandalucia.es\/blog-el-prior\/files\/2025\/11\/023229d2-c665-4f39-a79d-deea4493711b-300x225.jpg\" class=\"pt-cv-thumbnail\" alt=\"\" decoding=\"async\" loading=\"lazy\" \/><\/a>\n<div class=\"pt-cv-taxoterm above_title\"><a href='https:\/\/blogsaverroes.juntadeandalucia.es\/blog-el-prior\/category\/biblioteca\/' title='Biblioteca' class='pt-cv-tax-biblioteca'>Biblioteca<\/a><a href='https:\/\/blogsaverroes.juntadeandalucia.es\/blog-el-prior\/category\/galeria\/' title='Galer\u00eda' class='pt-cv-tax-galeria'>Galer\u00eda<\/a><a href='https:\/\/blogsaverroes.juntadeandalucia.es\/blog-el-prior\/category\/novedades\/' title='Novedades' class='pt-cv-tax-novedades'>Novedades<\/a><\/div>\n<h4 class=\"pt-cv-title\"><a href=\"https:\/\/blogsaverroes.juntadeandalucia.es\/blog-el-prior\/dia-del-flamenco-4\/\" class=\"_self\" target=\"_self\" >D\u00eda del Flamenco<\/a><\/h4>\n<div class=\"pt-cv-content\">La semana pasada, para celebrar el d\u00eda del flamenco, realizamos distintas actividades en nuestro centro. Los compa\u00f1eros del aula espec\u00edfica ...<br \/><div class=\"pt-cv-rmwrap\"><a href=\"https:\/\/blogsaverroes.juntadeandalucia.es\/blog-el-prior\/dia-del-flamenco-4\/\" class=\"_self pt-cv-readmore btn btn-success\" target=\"_self\">Leer M\u00e1s<\/a><\/div><\/div><\/div><\/div>\n<div class=\"col-md-6 col-sm-12 col-xs-12 pt-cv-content-item pt-cv-1-col\" ><div class='pt-cv-ifield'><a href=\"https:\/\/blogsaverroes.juntadeandalucia.es\/blog-el-prior\/reportaje-dia-de-las-bibliotecas\/\" class=\"_self pt-cv-href-thumbnail pt-cv-thumb-default\" target=\"_self\" ><img width=\"225\" height=\"300\" src=\"https:\/\/blogsaverroes.juntadeandalucia.es\/blog-el-prior\/files\/2025\/10\/WhatsApp-Image-2025-10-10-at-09.55.52-225x300.jpeg\" class=\"pt-cv-thumbnail\" alt=\"\" decoding=\"async\" loading=\"lazy\" \/><\/a>\n<div class=\"pt-cv-taxoterm above_title\"><a href='https:\/\/blogsaverroes.juntadeandalucia.es\/blog-el-prior\/category\/biblioteca\/' title='Biblioteca' class='pt-cv-tax-biblioteca'>Biblioteca<\/a><a href='https:\/\/blogsaverroes.juntadeandalucia.es\/blog-el-prior\/category\/novedades\/' title='Novedades' class='pt-cv-tax-novedades'>Novedades<\/a><\/div>\n<h4 class=\"pt-cv-title\"><a href=\"https:\/\/blogsaverroes.juntadeandalucia.es\/blog-el-prior\/reportaje-dia-de-las-bibliotecas\/\" class=\"_self\" target=\"_self\" >REPORTAJE D\u00cdA DE LAS BIBLIOTECAS<\/a><\/h4>\n<div class=\"pt-cv-content\">Para celebrar el d\u00eda de las bibliotecas, realizamos un reportaje en el cole, con la ayuda del alumnado encargado de ...<br \/><div class=\"pt-cv-rmwrap\"><a href=\"https:\/\/blogsaverroes.juntadeandalucia.es\/blog-el-prior\/reportaje-dia-de-las-bibliotecas\/\" class=\"_self pt-cv-readmore btn btn-success\" target=\"_self\">Leer M\u00e1s<\/a><\/div><\/div><\/div><\/div>\n<div class=\"col-md-6 col-sm-12 col-xs-12 pt-cv-content-item pt-cv-1-col\" ><div class='pt-cv-ifield'><a href=\"https:\/\/blogsaverroes.juntadeandalucia.es\/blog-el-prior\/club-de-lectura-el-prior\/\" class=\"_self pt-cv-href-thumbnail pt-cv-thumb-default\" target=\"_self\" ><img width=\"300\" height=\"212\" src=\"https:\/\/blogsaverroes.juntadeandalucia.es\/blog-el-prior\/files\/2025\/10\/1-300x212.png\" class=\"pt-cv-thumbnail\" alt=\"\" decoding=\"async\" loading=\"lazy\" \/><\/a>\n<div class=\"pt-cv-taxoterm above_title\"><a href='https:\/\/blogsaverroes.juntadeandalucia.es\/blog-el-prior\/category\/biblioteca\/' title='Biblioteca' class='pt-cv-tax-biblioteca'>Biblioteca<\/a><a href='https:\/\/blogsaverroes.juntadeandalucia.es\/blog-el-prior\/category\/novedades\/' title='Novedades' class='pt-cv-tax-novedades'>Novedades<\/a><\/div>\n<h4 class=\"pt-cv-title\"><a href=\"https:\/\/blogsaverroes.juntadeandalucia.es\/blog-el-prior\/club-de-lectura-el-prior\/\" class=\"_self\" target=\"_self\" >Club de lectura &#8220;El Prior&#8221;<\/a><\/h4>\n<div class=\"pt-cv-content\">Este curso estrenamos club de lectura. Con esta actividad pretendemos desarrollar el h\u00e1bito lector en nuestro alumnado haciendo participe a ...<br \/><div class=\"pt-cv-rmwrap\"><a href=\"https:\/\/blogsaverroes.juntadeandalucia.es\/blog-el-prior\/club-de-lectura-el-prior\/\" class=\"_self pt-cv-readmore btn btn-success\" target=\"_self\">Leer M\u00e1s<\/a><\/div><\/div><\/div><\/div>\n<div class=\"col-md-6 col-sm-12 col-xs-12 pt-cv-content-item pt-cv-1-col\" ><div class='pt-cv-ifield'><a href=\"https:\/\/blogsaverroes.juntadeandalucia.es\/blog-el-prior\/dia-de-las-escritoras\/\" class=\"_self pt-cv-href-thumbnail pt-cv-thumb-default\" target=\"_self\" ><img width=\"225\" height=\"300\" src=\"https:\/\/blogsaverroes.juntadeandalucia.es\/blog-el-prior\/files\/2025\/10\/WhatsApp-Image-2025-10-14-at-21.41.26-2-225x300.jpeg\" class=\"pt-cv-thumbnail\" alt=\"\" decoding=\"async\" loading=\"lazy\" \/><\/a>\n<div class=\"pt-cv-taxoterm above_title\"><a href='https:\/\/blogsaverroes.juntadeandalucia.es\/blog-el-prior\/category\/biblioteca\/' title='Biblioteca' class='pt-cv-tax-biblioteca'>Biblioteca<\/a><a href='https:\/\/blogsaverroes.juntadeandalucia.es\/blog-el-prior\/category\/galeria\/' title='Galer\u00eda' class='pt-cv-tax-galeria'>Galer\u00eda<\/a><a href='https:\/\/blogsaverroes.juntadeandalucia.es\/blog-el-prior\/category\/novedades\/' title='Novedades' class='pt-cv-tax-novedades'>Novedades<\/a><\/div>\n<h4 class=\"pt-cv-title\"><a href=\"https:\/\/blogsaverroes.juntadeandalucia.es\/blog-el-prior\/dia-de-las-escritoras\/\" class=\"_self\" target=\"_self\" >D\u00eda de las escritoras<\/a><\/h4>\n<div class=\"pt-cv-content\">El d\u00eda 13 de octubre se celebr\u00f3 el d\u00eda de las escritoras, es por ello que durante la semana pasada, ...<br \/><div class=\"pt-cv-rmwrap\"><a href=\"https:\/\/blogsaverroes.juntadeandalucia.es\/blog-el-prior\/dia-de-las-escritoras\/\" class=\"_self pt-cv-readmore btn btn-success\" target=\"_self\">Leer M\u00e1s<\/a><\/div><\/div><\/div><\/div>\n<div class=\"col-md-6 col-sm-12 col-xs-12 pt-cv-content-item pt-cv-1-col\" ><div class='pt-cv-ifield'><a href=\"https:\/\/blogsaverroes.juntadeandalucia.es\/blog-el-prior\/itinerario-lecto-escritor-curso-2025-2026\/\" class=\"_self pt-cv-href-thumbnail pt-cv-thumb-default\" target=\"_self\" ><img width=\"212\" height=\"300\" src=\"https:\/\/blogsaverroes.juntadeandalucia.es\/blog-el-prior\/files\/2025\/09\/ITINERARIO-LECTOR-CURSO-2526-212x300.png\" class=\"pt-cv-thumbnail\" alt=\"\" decoding=\"async\" loading=\"lazy\" \/><\/a>\n<div class=\"pt-cv-taxoterm above_title\"><a href='https:\/\/blogsaverroes.juntadeandalucia.es\/blog-el-prior\/category\/biblioteca\/' title='Biblioteca' class='pt-cv-tax-biblioteca'>Biblioteca<\/a><a href='https:\/\/blogsaverroes.juntadeandalucia.es\/blog-el-prior\/category\/novedades\/' title='Novedades' class='pt-cv-tax-novedades'>Novedades<\/a><\/div>\n<h4 class=\"pt-cv-title\"><a href=\"https:\/\/blogsaverroes.juntadeandalucia.es\/blog-el-prior\/itinerario-lecto-escritor-curso-2025-2026\/\" class=\"_self\" target=\"_self\" >Itinerario lecto-escritor curso 2025\/2026<\/a><\/h4>\n<div class=\"pt-cv-content\">Ya est\u00e1n actualizados los itinerarios de lectura y escritura para el curso escolar 2025\/2026. Como novedad hemos a\u00f1adido m\u00e1s textos ...<br \/><div class=\"pt-cv-rmwrap\"><a href=\"https:\/\/blogsaverroes.juntadeandalucia.es\/blog-el-prior\/itinerario-lecto-escritor-curso-2025-2026\/\" class=\"_self pt-cv-readmore btn btn-success\" target=\"_self\">Leer M\u00e1s<\/a><\/div><\/div><\/div><\/div><\/div><\/div><\/div><\/p>\n","protected":false},"author":13617,"featured_media":0,"parent":0,"menu_order":0,"comment_status":"closed","ping_status":"closed","template":"","meta":{"_et_pb_use_builder":"on","_et_pb_old_content":"","_et_gb_content_width":"","footnotes":""},"aioseo_notices":[],"_links":{"self":[{"href":"https:\/\/blogsaverroes.juntadeandalucia.es\/blog-el-prior\/wp-json\/wp\/v2\/pages\/35"}],"collection":[{"href":"https:\/\/blogsaverroes.juntadeandalucia.es\/blog-el-prior\/wp-json\/wp\/v2\/pages"}],"about":[{"href":"https:\/\/blogsaverroes.juntadeandalucia.es\/blog-el-prior\/wp-json\/wp\/v2\/types\/page"}],"author":[{"embeddable":true,"href":"https:\/\/blogsaverroes.juntadeandalucia.es\/blog-el-prior\/wp-json\/wp\/v2\/users\/13617"}],"replies":[{"embeddable":true,"href":"https:\/\/blogsaverroes.juntadeandalucia.es\/blog-el-prior\/wp-json\/wp\/v2\/comments?post=35"}],"version-history":[{"count":8,"href":"https:\/\/blogsaverroes.juntadeandalucia.es\/blog-el-prior\/wp-json\/wp\/v2\/pages\/35\/revisions"}],"predecessor-version":[{"id":8352,"href":"https:\/\/blogsaverroes.juntadeandalucia.es\/blog-el-prior\/wp-json\/wp\/v2\/pages\/35\/revisions\/8352"}],"wp:attachment":[{"href":"https:\/\/blogsaverroes.juntadeandalucia.es\/blog-el-prior\/wp-json\/wp\/v2\/media?parent=35"}],"curies":[{"name":"wp","href":"https:\/\/api.w.org\/{rel}","templated":true}]}}