{"id":55,"date":"2020-01-09T12:48:16","date_gmt":"2020-01-09T11:48:16","guid":{"rendered":"http:\/\/blogsaverroes.juntadeandalucia.es\/pre\/nuevoceip2v2\/?page_id=55"},"modified":"2025-10-16T10:54:47","modified_gmt":"2025-10-16T09:54:47","slug":"planes-y-proyectos","status":"publish","type":"page","link":"https:\/\/blogsaverroes.juntadeandalucia.es\/blog-el-prior\/planes-y-proyectos\/","title":{"rendered":"Planes y Proyectos"},"content":{"rendered":"<p>[et_pb_section fb_built=&#8221;1&#8243; admin_label=&#8221;section&#8221; _builder_version=&#8221;4.16&#8243; global_colors_info=&#8221;{}&#8221;][et_pb_row admin_label=&#8221;row&#8221; _builder_version=&#8221;4.16&#8243; background_size=&#8221;initial&#8221; background_position=&#8221;top_left&#8221; background_repeat=&#8221;repeat&#8221; custom_margin=&#8221;|auto||311px||&#8221; global_colors_info=&#8221;{}&#8221;][et_pb_column type=&#8221;4_4&#8243; _builder_version=&#8221;4.16&#8243; custom_padding=&#8221;|||&#8221; global_colors_info=&#8221;{}&#8221; custom_padding__hover=&#8221;|||&#8221;][et_pb_text admin_label=&#8221;Text&#8221; _builder_version=&#8221;4.24.2&#8243; background_size=&#8221;initial&#8221; background_position=&#8221;top_left&#8221; background_repeat=&#8221;repeat&#8221; hover_enabled=&#8221;0&#8243; global_colors_info=&#8221;{}&#8221; sticky_enabled=&#8221;0&#8243;]<\/p>\n<p>PLAN DE APERTURA DE CENTRO (Jes\u00fas Salvador M\u00e1rquez Oliva)<\/p>\n<p><span style=\"text-decoration: underline\"><a href=\"https:\/\/drive.google.com\/file\/d\/1-LOCGAeFAFDppXCp2ceEHyfpqw-gix7c\/view?usp=sharing\">BIBLIOTECA ESCOLAR<\/a><\/span> (Juan Antonio Rodr\u00edguez Cordero)<\/p>\n<p><a href=\"https:\/\/blogsaverroes.juntadeandalucia.es\/blog-el-prior\/files\/2023\/09\/Dossier-Actividades-Coeducativas.pdf\">PLAN DE IGUALDAD DE G\u00c9NERO EN EDUCACI\u00d3N<\/a> (\u00c1ngela T. A.)<\/p>\n<p>TRANSFORMACI\u00d3N DIGITAL EDUCATIVA (Juan Antonio Rodr\u00edguez Cordero \/ Laura Jim\u00e9nez Ruiz)<\/p>\n<p>BIENESTAR EMOCIONAL (Gloria Jim\u00e9nez Gavira)<\/p>\n<p>ESCUELA &#8220;ESPACIO DE PAZ&#8221; (Gloria Jim\u00e9nez Gavira)<\/p>\n<p>ALDEA 2025 (Rosa M\u00aa Castro Ruiz)<\/p>\n<p>COMUNICA 2025 (Juan Antonio Rodr\u00edguez Cordero)<\/p>\n<p>H\u00c1BITOS DE VIDA SALUDABLE 2025 (Eva M\u00aa M\u00e1rquez Ord\u00f3\u00f1ez)<\/p>\n<p>PROGRAMA ESCOLAR DE CONSUMO DE FRUTAS, HORTALIZAS Y LECHE (Eva M\u00aa M\u00e1rquez Ord\u00f3\u00f1ez)<\/p>\n<p>PROA+ TRANSF\u00d3RMATE (Jes\u00fas Salvador M\u00e1rquez Oliva)<\/p>\n<p>PROA PARCEP (Jes\u00fas Salvador M\u00e1rquez Oliva)<\/p>\n<p><span style=\"text-decoration: underline\"><a href=\"https:\/\/drive.google.com\/file\/d\/1Rm9EsRVoh9Mhip0i34ozQqNvBoONFfAt\/view?usp=drive_link\">PROGRAMA DE CENTRO BILING\u00dcE<\/a><\/span> (Mar\u00eda del Carmen Retamino Jim\u00e9nez)<\/p>\n<p><a href=\"https:\/\/blogsaverroes.juntadeandalucia.es\/blog-el-prior\/files\/2023\/09\/Pacto-de-Estado-2022_23.pdf\"><span style=\"text-decoration: underline\">PACTO DE ESTADO CONTRA LA VIOLENCIA DE G\u00c9NERO<\/span><\/a> (\u00c1ngela T. A.)<\/p>\n<p>PREVENCI\u00d3N DE RIESGOS LABORALES (Mar\u00eda del Carmen Retamino Jim\u00e9nez)<\/p>\n<p>PRACTICUM GRADO MAESTRO (Mar\u00eda del Carmen Retamino Jim\u00e9nez)<\/p>\n<p>M\u00c1S EQUIDAD (Isabel Carmen Maguilla Morilla)<\/p>\n<p>PROGRAMA DE TR\u00c1NSITO A EDUCACI\u00d3N PRIMARIA Y SECUNDARIA (Mar\u00eda del Carmen Retamino Jim\u00e9nez)<\/p>\n<p>&nbsp;<\/p>\n<p>[\/et_pb_text][\/et_pb_column][\/et_pb_row][\/et_pb_section][et_pb_section fb_built=&#8221;1&#8243; _builder_version=&#8221;4.16&#8243; _module_preset=&#8221;default&#8221; global_colors_info=&#8221;{}&#8221;][\/et_pb_section]<\/p>\n","protected":false},"excerpt":{"rendered":"<p>PLAN DE APERTURA DE CENTRO (Jes\u00fas Salvador M\u00e1rquez Oliva) BIBLIOTECA ESCOLAR (Juan Antonio Rodr\u00edguez Cordero) PLAN DE IGUALDAD DE G\u00c9NERO EN EDUCACI\u00d3N (\u00c1ngela T. A.) TRANSFORMACI\u00d3N DIGITAL EDUCATIVA (Juan Antonio Rodr\u00edguez Cordero \/ Laura Jim\u00e9nez Ruiz) BIENESTAR EMOCIONAL (Gloria Jim\u00e9nez Gavira) ESCUELA &#8220;ESPACIO DE PAZ&#8221; (Gloria Jim\u00e9nez Gavira) ALDEA 2025 (Rosa M\u00aa Castro Ruiz) COMUNICA [&hellip;]<\/p>\n","protected":false},"author":13617,"featured_media":0,"parent":0,"menu_order":0,"comment_status":"closed","ping_status":"closed","template":"","meta":{"_et_pb_use_builder":"on","_et_pb_old_content":"PLAN DE APOYO A LAS FAMILIAS ANDALUZAS (PLAN DE APERTURA) (Jes\u00fas Salvador M\u00e1rquez Oliva)\r\n\r\nPROA+ TRANSF\u00d3RMATE (Laura Naranjo Delgado)\r\n\r\nPROGRAMA DE CENTRO BILING\u00dcE (Mar\u00eda del Carmen Retamino Jim\u00e9nez)\r\n\r\nPLAN DE IGUALDAD DE G\u00c9NERO EN EDUCACI\u00d3N ( Rosa Mar\u00eda Miranda Romero)\r\n\r\nCONVIVENCIA ESCOLAR ( Jes\u00fas Salvador M\u00e1rquez Oliva)\r\n\r\nTRANSFORMACI\u00d3N DIGITAL EDUCATIVA (Miguel Pe\u00f1a Garrido)\r\n\r\nPLAN DE SALUD LABORAL Y P.R.L. (Jes\u00fas Salvador M\u00e1rquez Oliva)\r\n\r\nCRECIENDO EN SALUD ( Carlos Lechuga Pereira)\r\n\r\nBIBLIOTECA ESCOLAR (Marta Mu\u00f1oz Garc\u00eda)\r\n\r\nPRACTICUM GRADO MAESTROS (Mar\u00eda del Carmen Retamino Jim\u00e9nez)\r\n\r\nFORMACI\u00d3N EN CENTRO SOBRE DISE\u00d1O UNIVERSAL DEL APRENDIZAJE (DUA) (Isabel Carmen Maguilla Morilla)","_et_gb_content_width":"","footnotes":""},"aioseo_notices":[],"_links":{"self":[{"href":"https:\/\/blogsaverroes.juntadeandalucia.es\/blog-el-prior\/wp-json\/wp\/v2\/pages\/55"}],"collection":[{"href":"https:\/\/blogsaverroes.juntadeandalucia.es\/blog-el-prior\/wp-json\/wp\/v2\/pages"}],"about":[{"href":"https:\/\/blogsaverroes.juntadeandalucia.es\/blog-el-prior\/wp-json\/wp\/v2\/types\/page"}],"author":[{"embeddable":true,"href":"https:\/\/blogsaverroes.juntadeandalucia.es\/blog-el-prior\/wp-json\/wp\/v2\/users\/13617"}],"replies":[{"embeddable":true,"href":"https:\/\/blogsaverroes.juntadeandalucia.es\/blog-el-prior\/wp-json\/wp\/v2\/comments?post=55"}],"version-history":[{"count":22,"href":"https:\/\/blogsaverroes.juntadeandalucia.es\/blog-el-prior\/wp-json\/wp\/v2\/pages\/55\/revisions"}],"predecessor-version":[{"id":8356,"href":"https:\/\/blogsaverroes.juntadeandalucia.es\/blog-el-prior\/wp-json\/wp\/v2\/pages\/55\/revisions\/8356"}],"wp:attachment":[{"href":"https:\/\/blogsaverroes.juntadeandalucia.es\/blog-el-prior\/wp-json\/wp\/v2\/media?parent=55"}],"curies":[{"name":"wp","href":"https:\/\/api.w.org\/{rel}","templated":true}]}}