{"id":810,"date":"2022-10-28T11:23:55","date_gmt":"2022-10-28T10:23:55","guid":{"rendered":"https:\/\/blogsaverroes.juntadeandalucia.es\/blog-el-prior\/?page_id=810"},"modified":"2023-11-19T20:37:19","modified_gmt":"2023-11-19T19:37:19","slug":"galeria","status":"publish","type":"page","link":"https:\/\/blogsaverroes.juntadeandalucia.es\/blog-el-prior\/galeria\/","title":{"rendered":"GALER\u00cdA"},"content":{"rendered":"<p>[et_pb_section fb_built=&#8221;1&#8243; _builder_version=&#8221;4.14.5&#8243; _module_preset=&#8221;default&#8221; global_colors_info=&#8221;{}&#8221;][et_pb_row _builder_version=&#8221;4.14.5&#8243; _module_preset=&#8221;default&#8221; global_colors_info=&#8221;{}&#8221;][et_pb_column type=&#8221;4_4&#8243; _builder_version=&#8221;4.14.5&#8243; _module_preset=&#8221;default&#8221; global_colors_info=&#8221;{}&#8221;][et_pb_text _builder_version=&#8221;4.14.5&#8243; _module_preset=&#8221;default&#8221; animation_style=&#8221;bounce&#8221; hover_enabled=&#8221;0&#8243; sticky_enabled=&#8221;0&#8243;]<\/p>\n<h1 class=\"entry-title main_title\" style=\"text-align: center\">NUESTROS MOMENTOS<\/h1>\n<p>[\/et_pb_text][et_pb_text _builder_version=&#8221;4.14.5&#8243; _module_preset=&#8221;default&#8221; global_colors_info=&#8221;{}&#8221;]<div class=\"pt-cv-wrapper et_smooth_scroll_disabled\"><div class=\"pt-cv-view pt-cv-grid pt-cv-colsys\" id=\"pt-cv-view-2e965b4go7\"><div data-id=\"pt-cv-page-1\" class=\"pt-cv-page\" data-cvc=\"3\"><div class=\"col-md-4 col-sm-6 col-xs-12 pt-cv-content-item pt-cv-1-col\" ><div class='pt-cv-ifield'><a href=\"https:\/\/blogsaverroes.juntadeandalucia.es\/blog-el-prior\/fotografias-de-semana-santa\/\" class=\"_self pt-cv-href-thumbnail pt-cv-thumb-default\" target=\"_self\" ><img loading=\"lazy\" decoding=\"async\" width=\"225\" height=\"300\" src=\"https:\/\/blogsaverroes.juntadeandalucia.es\/blog-el-prior\/files\/2026\/03\/PHOTO-2026-03-27-12-38-233-225x300.jpg\" class=\"pt-cv-thumbnail\" alt=\"\" \/><\/a>\n<h4 class=\"pt-cv-title\"><a href=\"https:\/\/blogsaverroes.juntadeandalucia.es\/blog-el-prior\/fotografias-de-semana-santa\/\" class=\"_self\" target=\"_self\" >Fotograf\u00edas de Semana Santa<\/a><\/h4>\n<div class=\"pt-cv-content\">Queridas familias: Desde la asignatura de Religi\u00f3n queremos agradecer de todo coraz\u00f3n, la participaci\u00f3n en nuestro I Concurso de Fotograf\u00eda ...<br \/><div class=\"pt-cv-rmwrap\"><a href=\"https:\/\/blogsaverroes.juntadeandalucia.es\/blog-el-prior\/fotografias-de-semana-santa\/\" class=\"_self pt-cv-readmore btn btn-success\" target=\"_self\">Leer M\u00e1s<\/a><\/div><\/div><\/div><\/div>\n<div class=\"col-md-4 col-sm-6 col-xs-12 pt-cv-content-item pt-cv-1-col\" ><div class='pt-cv-ifield'><a href=\"https:\/\/blogsaverroes.juntadeandalucia.es\/blog-el-prior\/v-jornada-semana-cultural-procesion-de-semana-santa-el-prior\/\" class=\"_self pt-cv-href-thumbnail pt-cv-thumb-default\" target=\"_self\" ><img loading=\"lazy\" decoding=\"async\" width=\"225\" height=\"300\" src=\"https:\/\/blogsaverroes.juntadeandalucia.es\/blog-el-prior\/files\/2026\/03\/PHOTO-2026-03-27-12-53-56-225x300.jpg\" class=\"pt-cv-thumbnail\" alt=\"\" \/><\/a>\n<h4 class=\"pt-cv-title\"><a href=\"https:\/\/blogsaverroes.juntadeandalucia.es\/blog-el-prior\/v-jornada-semana-cultural-procesion-de-semana-santa-el-prior\/\" class=\"_self\" target=\"_self\" >V Jornada Semana Cultural Procesi\u00f3n de Semana Santa &#8220;El Prior&#8221;<\/a><\/h4>\n<div class=\"pt-cv-content\">Para terminar nuestra semana cultural, hemos celebrado nuestra primera salida procesional. Los ni\u00f1os y ni\u00f1as estaban muy ilusionados con esta ...<br \/><div class=\"pt-cv-rmwrap\"><a href=\"https:\/\/blogsaverroes.juntadeandalucia.es\/blog-el-prior\/v-jornada-semana-cultural-procesion-de-semana-santa-el-prior\/\" class=\"_self pt-cv-readmore btn btn-success\" target=\"_self\">Leer M\u00e1s<\/a><\/div><\/div><\/div><\/div>\n<div class=\"col-md-4 col-sm-6 col-xs-12 pt-cv-content-item pt-cv-1-col\" ><div class='pt-cv-ifield'><a href=\"https:\/\/blogsaverroes.juntadeandalucia.es\/blog-el-prior\/v-jornada-semana-cultural-cuentacuentos-en-familia\/\" class=\"_self pt-cv-href-thumbnail pt-cv-thumb-default\" target=\"_self\" ><img loading=\"lazy\" decoding=\"async\" width=\"225\" height=\"300\" src=\"https:\/\/blogsaverroes.juntadeandalucia.es\/blog-el-prior\/files\/2026\/03\/PHOTO-2026-03-27-12-38-23-225x300.jpg\" class=\"pt-cv-thumbnail\" alt=\"\" \/><\/a>\n<h4 class=\"pt-cv-title\"><a href=\"https:\/\/blogsaverroes.juntadeandalucia.es\/blog-el-prior\/v-jornada-semana-cultural-cuentacuentos-en-familia\/\" class=\"_self\" target=\"_self\" >V Jornada Semana Cultural Cuentacuentos en familia<\/a><\/h4>\n<div class=\"pt-cv-content\">El \u00faltimo d\u00eda de nuestra semana cultural celebramos el cuentacuentos en familia. Es una actividad muy bonita y entra\u00f1able. Las ...<br \/><div class=\"pt-cv-rmwrap\"><a href=\"https:\/\/blogsaverroes.juntadeandalucia.es\/blog-el-prior\/v-jornada-semana-cultural-cuentacuentos-en-familia\/\" class=\"_self pt-cv-readmore btn btn-success\" target=\"_self\">Leer M\u00e1s<\/a><\/div><\/div><\/div><\/div>\n<div class=\"col-md-4 col-sm-6 col-xs-12 pt-cv-content-item pt-cv-1-col\" ><div class='pt-cv-ifield'><a href=\"https:\/\/blogsaverroes.juntadeandalucia.es\/blog-el-prior\/iv-jornada-semana-cultural\/\" class=\"_self pt-cv-href-thumbnail pt-cv-thumb-default\" target=\"_self\" ><img loading=\"lazy\" decoding=\"async\" width=\"225\" height=\"300\" src=\"https:\/\/blogsaverroes.juntadeandalucia.es\/blog-el-prior\/files\/2026\/03\/PHOTO-2026-03-28-16-14-17-225x300.jpg\" class=\"pt-cv-thumbnail\" alt=\"\" \/><\/a>\n<h4 class=\"pt-cv-title\"><a href=\"https:\/\/blogsaverroes.juntadeandalucia.es\/blog-el-prior\/iv-jornada-semana-cultural\/\" class=\"_self\" target=\"_self\" >IV Jornada Semana Cultural<\/a><\/h4>\n<div class=\"pt-cv-content\">El cuarto d\u00eda de nuestra semana cultural, adem\u00e1s de los teatros, realizamos nuestro pasacalles. Todos los ni\u00f1os y ni\u00f1as, e ...<br \/><div class=\"pt-cv-rmwrap\"><a href=\"https:\/\/blogsaverroes.juntadeandalucia.es\/blog-el-prior\/iv-jornada-semana-cultural\/\" class=\"_self pt-cv-readmore btn btn-success\" target=\"_self\">Leer M\u00e1s<\/a><\/div><\/div><\/div><\/div>\n<div class=\"col-md-4 col-sm-6 col-xs-12 pt-cv-content-item pt-cv-1-col\" ><div class='pt-cv-ifield'><a href=\"https:\/\/blogsaverroes.juntadeandalucia.es\/blog-el-prior\/iii-jornada-semana-cultural-teatros-edades-de-la-historia\/\" class=\"_self pt-cv-href-thumbnail pt-cv-thumb-default\" target=\"_self\" ><img loading=\"lazy\" decoding=\"async\" width=\"300\" height=\"225\" src=\"https:\/\/blogsaverroes.juntadeandalucia.es\/blog-el-prior\/files\/2026\/03\/PHOTO-2026-03-25-13-10-534-300x225.jpg\" class=\"pt-cv-thumbnail\" alt=\"\" \/><\/a>\n<h4 class=\"pt-cv-title\"><a href=\"https:\/\/blogsaverroes.juntadeandalucia.es\/blog-el-prior\/iii-jornada-semana-cultural-teatros-edades-de-la-historia\/\" class=\"_self\" target=\"_self\" >III Jornada Semana Cultural Teatros Edades de la historia<\/a><\/h4>\n<div class=\"pt-cv-content\">Como cada a\u00f1o, hemos vuelto a llevar a cabo nuestros teatros sobre las edades de la historia. Nuestros ni\u00f1os y ...<br \/><div class=\"pt-cv-rmwrap\"><a href=\"https:\/\/blogsaverroes.juntadeandalucia.es\/blog-el-prior\/iii-jornada-semana-cultural-teatros-edades-de-la-historia\/\" class=\"_self pt-cv-readmore btn btn-success\" target=\"_self\">Leer M\u00e1s<\/a><\/div><\/div><\/div><\/div>\n<div class=\"col-md-4 col-sm-6 col-xs-12 pt-cv-content-item pt-cv-1-col\" ><div class='pt-cv-ifield'><a href=\"https:\/\/blogsaverroes.juntadeandalucia.es\/blog-el-prior\/ii-jornada-semana-cultural-poesia-y-autismo\/\" class=\"_self pt-cv-href-thumbnail pt-cv-thumb-default\" target=\"_self\" ><img loading=\"lazy\" decoding=\"async\" width=\"300\" height=\"169\" src=\"https:\/\/blogsaverroes.juntadeandalucia.es\/blog-el-prior\/files\/2026\/03\/a2b2a934-7714-419b-ae06-39e814791e17-300x169.jpg\" class=\"pt-cv-thumbnail\" alt=\"\" \/><\/a>\n<h4 class=\"pt-cv-title\"><a href=\"https:\/\/blogsaverroes.juntadeandalucia.es\/blog-el-prior\/ii-jornada-semana-cultural-poesia-y-autismo\/\" class=\"_self\" target=\"_self\" >II Jornada Semana Cultural Poes\u00eda y Autismo<\/a><\/h4>\n<div class=\"pt-cv-content\">Durante la segunda jornada de la semana cultural hemos vivido un d\u00eda cargado de emociones. En primer lugar celebramos la ...<br \/><div class=\"pt-cv-rmwrap\"><a href=\"https:\/\/blogsaverroes.juntadeandalucia.es\/blog-el-prior\/ii-jornada-semana-cultural-poesia-y-autismo\/\" class=\"_self pt-cv-readmore btn btn-success\" target=\"_self\">Leer M\u00e1s<\/a><\/div><\/div><\/div><\/div><\/div><\/div>\n<div class=\" pt-cv-pagination-wrapper\"><ul class=\"pt-cv-pagination pt-cv-ajax pagination\" data-totalpages=\"27\" data-currentpage=\"1\" data-sid=\"2e965b4go7\" data-unid=\"\" data-isblock=\"\" data-postid=\"\"><li class=\"active\"><a href=\"#\">1<\/a><\/li>\n\t<li ><a class=\"\" href=\"https:\/\/blogsaverroes.juntadeandalucia.es\/blog-el-prior\/wp-json\/wp\/v2\/pages\/810\/?_page=2\">2<\/a><\/li>\n\t<li ><a class=\"\" href=\"https:\/\/blogsaverroes.juntadeandalucia.es\/blog-el-prior\/wp-json\/wp\/v2\/pages\/810\/?_page=3\">3<\/a><\/li>\n\t<li ><a href=\"#\">&hellip;<\/a><\/li>\n\t<li ><a class=\"\" href=\"https:\/\/blogsaverroes.juntadeandalucia.es\/blog-el-prior\/wp-json\/wp\/v2\/pages\/810\/?_page=27\">27<\/a><\/li>\n\t<li ><a class=\" \" href=\"https:\/\/blogsaverroes.juntadeandalucia.es\/blog-el-prior\/wp-json\/wp\/v2\/pages\/810\/?_page=2\">&rsaquo;<\/a><\/li>\n\t<\/ul><img loading=\"lazy\" decoding=\"async\" width=\"15\" height=\"15\" class=\"pt-cv-spinner\" alt=\"Cargando...\" src=\"data:image\/gif;base64,R0lGODlhDwAPALMPAMrKygwMDJOTkz09PZWVla+vr3p6euTk5M7OzuXl5TMzMwAAAJmZmWZmZszMzP\/\/\/yH\/C05FVFNDQVBFMi4wAwEAAAAh+QQFCgAPACwAAAAADwAPAAAEQvDJaZaZOIcV8iQK8VRX4iTYoAwZ4iCYoAjZ4RxejhVNoT+mRGP4cyF4Pp0N98sBGIBMEMOotl6YZ3S61Bmbkm4mAgAh+QQFCgAPACwAAAAADQANAAAENPDJSRSZeA418itN8QiK8BiLITVsFiyBBIoYqnoewAD4xPw9iY4XLGYSjkQR4UAUD45DLwIAIfkEBQoADwAsAAAAAA8ACQAABC\/wyVlamTi3nSdgwFNdhEJgTJoNyoB9ISYoQmdjiZPcj7EYCAeCF1gEDo4Dz2eIAAAh+QQFCgAPACwCAAAADQANAAAEM\/DJBxiYeLKdX3IJZT1FU0iIg2RNKx3OkZVnZ98ToRD4MyiDnkAh6BkNC0MvsAj0kMpHBAAh+QQFCgAPACwGAAAACQAPAAAEMDC59KpFDll73HkAA2wVY5KgiK5b0RRoI6MuzG6EQqCDMlSGheEhUAgqgUUAFRySIgAh+QQFCgAPACwCAAIADQANAAAEM\/DJKZNLND\/kkKaHc3xk+QAMYDKsiaqmZCxGVjSFFCxB1vwy2oOgIDxuucxAMTAJFAJNBAAh+QQFCgAPACwAAAYADwAJAAAEMNAs86q1yaWwwv2Ig0jUZx3OYa4XoRAfwADXoAwfo1+CIjyFRuEho60aSNYlOPxEAAAh+QQFCgAPACwAAAIADQANAAAENPA9s4y8+IUVcqaWJ4qEQozSoAzoIyhCK2NFU2SJk0hNnyEOhKR2AzAAj4Pj4GE4W0bkJQIAOw==\" \/><div class=\"clear pt-cv-clear-pagination\"><\/div><\/div><\/div>[\/et_pb_text][\/et_pb_column][\/et_pb_row][\/et_pb_section]<\/p>\n","protected":false},"excerpt":{"rendered":"<p>NUESTROS MOMENTOS<div class=\"pt-cv-wrapper et_smooth_scroll_disabled\"><div class=\"pt-cv-view pt-cv-grid pt-cv-colsys\" id=\"pt-cv-view-2e965b4go7\"><div data-id=\"pt-cv-page-1\" class=\"pt-cv-page\" data-cvc=\"3\"><div class=\"col-md-4 col-sm-6 col-xs-12 pt-cv-content-item pt-cv-1-col\" ><div class='pt-cv-ifield'><a href=\"https:\/\/blogsaverroes.juntadeandalucia.es\/blog-el-prior\/fotografias-de-semana-santa\/\" class=\"_self pt-cv-href-thumbnail pt-cv-thumb-default\" target=\"_self\" ><img width=\"225\" height=\"300\" src=\"https:\/\/blogsaverroes.juntadeandalucia.es\/blog-el-prior\/files\/2026\/03\/PHOTO-2026-03-27-12-38-233-225x300.jpg\" class=\"pt-cv-thumbnail\" alt=\"\" decoding=\"async\" loading=\"lazy\" \/><\/a>\n<h4 class=\"pt-cv-title\"><a href=\"https:\/\/blogsaverroes.juntadeandalucia.es\/blog-el-prior\/fotografias-de-semana-santa\/\" class=\"_self\" target=\"_self\" >Fotograf\u00edas de Semana Santa<\/a><\/h4>\n<div class=\"pt-cv-content\">Queridas familias: Desde la asignatura de Religi\u00f3n queremos agradecer de todo coraz\u00f3n, la participaci\u00f3n en nuestro I Concurso de Fotograf\u00eda ...<br \/><div class=\"pt-cv-rmwrap\"><a href=\"https:\/\/blogsaverroes.juntadeandalucia.es\/blog-el-prior\/fotografias-de-semana-santa\/\" class=\"_self pt-cv-readmore btn btn-success\" target=\"_self\">Leer M\u00e1s<\/a><\/div><\/div><\/div><\/div>\n<div class=\"col-md-4 col-sm-6 col-xs-12 pt-cv-content-item pt-cv-1-col\" ><div class='pt-cv-ifield'><a href=\"https:\/\/blogsaverroes.juntadeandalucia.es\/blog-el-prior\/v-jornada-semana-cultural-procesion-de-semana-santa-el-prior\/\" class=\"_self pt-cv-href-thumbnail pt-cv-thumb-default\" target=\"_self\" ><img width=\"225\" height=\"300\" src=\"https:\/\/blogsaverroes.juntadeandalucia.es\/blog-el-prior\/files\/2026\/03\/PHOTO-2026-03-27-12-53-56-225x300.jpg\" class=\"pt-cv-thumbnail\" alt=\"\" decoding=\"async\" loading=\"lazy\" \/><\/a>\n<h4 class=\"pt-cv-title\"><a href=\"https:\/\/blogsaverroes.juntadeandalucia.es\/blog-el-prior\/v-jornada-semana-cultural-procesion-de-semana-santa-el-prior\/\" class=\"_self\" target=\"_self\" >V Jornada Semana Cultural Procesi\u00f3n de Semana Santa &#8220;El Prior&#8221;<\/a><\/h4>\n<div class=\"pt-cv-content\">Para terminar nuestra semana cultural, hemos celebrado nuestra primera salida procesional. Los ni\u00f1os y ni\u00f1as estaban muy ilusionados con esta ...<br \/><div class=\"pt-cv-rmwrap\"><a href=\"https:\/\/blogsaverroes.juntadeandalucia.es\/blog-el-prior\/v-jornada-semana-cultural-procesion-de-semana-santa-el-prior\/\" class=\"_self pt-cv-readmore btn btn-success\" target=\"_self\">Leer M\u00e1s<\/a><\/div><\/div><\/div><\/div>\n<div class=\"col-md-4 col-sm-6 col-xs-12 pt-cv-content-item pt-cv-1-col\" ><div class='pt-cv-ifield'><a href=\"https:\/\/blogsaverroes.juntadeandalucia.es\/blog-el-prior\/v-jornada-semana-cultural-cuentacuentos-en-familia\/\" class=\"_self pt-cv-href-thumbnail pt-cv-thumb-default\" target=\"_self\" ><img width=\"225\" height=\"300\" src=\"https:\/\/blogsaverroes.juntadeandalucia.es\/blog-el-prior\/files\/2026\/03\/PHOTO-2026-03-27-12-38-23-225x300.jpg\" class=\"pt-cv-thumbnail\" alt=\"\" decoding=\"async\" loading=\"lazy\" \/><\/a>\n<h4 class=\"pt-cv-title\"><a href=\"https:\/\/blogsaverroes.juntadeandalucia.es\/blog-el-prior\/v-jornada-semana-cultural-cuentacuentos-en-familia\/\" class=\"_self\" target=\"_self\" >V Jornada Semana Cultural Cuentacuentos en familia<\/a><\/h4>\n<div class=\"pt-cv-content\">El \u00faltimo d\u00eda de nuestra semana cultural celebramos el cuentacuentos en familia. Es una actividad muy bonita y entra\u00f1able. Las ...<br \/><div class=\"pt-cv-rmwrap\"><a href=\"https:\/\/blogsaverroes.juntadeandalucia.es\/blog-el-prior\/v-jornada-semana-cultural-cuentacuentos-en-familia\/\" class=\"_self pt-cv-readmore btn btn-success\" target=\"_self\">Leer M\u00e1s<\/a><\/div><\/div><\/div><\/div>\n<div class=\"col-md-4 col-sm-6 col-xs-12 pt-cv-content-item pt-cv-1-col\" ><div class='pt-cv-ifield'><a href=\"https:\/\/blogsaverroes.juntadeandalucia.es\/blog-el-prior\/iv-jornada-semana-cultural\/\" class=\"_self pt-cv-href-thumbnail pt-cv-thumb-default\" target=\"_self\" ><img width=\"225\" height=\"300\" src=\"https:\/\/blogsaverroes.juntadeandalucia.es\/blog-el-prior\/files\/2026\/03\/PHOTO-2026-03-28-16-14-17-225x300.jpg\" class=\"pt-cv-thumbnail\" alt=\"\" decoding=\"async\" loading=\"lazy\" \/><\/a>\n<h4 class=\"pt-cv-title\"><a href=\"https:\/\/blogsaverroes.juntadeandalucia.es\/blog-el-prior\/iv-jornada-semana-cultural\/\" class=\"_self\" target=\"_self\" >IV Jornada Semana Cultural<\/a><\/h4>\n<div class=\"pt-cv-content\">El cuarto d\u00eda de nuestra semana cultural, adem\u00e1s de los teatros, realizamos nuestro pasacalles. Todos los ni\u00f1os y ni\u00f1as, e ...<br \/><div class=\"pt-cv-rmwrap\"><a href=\"https:\/\/blogsaverroes.juntadeandalucia.es\/blog-el-prior\/iv-jornada-semana-cultural\/\" class=\"_self pt-cv-readmore btn btn-success\" target=\"_self\">Leer M\u00e1s<\/a><\/div><\/div><\/div><\/div>\n<div class=\"col-md-4 col-sm-6 col-xs-12 pt-cv-content-item pt-cv-1-col\" ><div class='pt-cv-ifield'><a href=\"https:\/\/blogsaverroes.juntadeandalucia.es\/blog-el-prior\/iii-jornada-semana-cultural-teatros-edades-de-la-historia\/\" class=\"_self pt-cv-href-thumbnail pt-cv-thumb-default\" target=\"_self\" ><img width=\"300\" height=\"225\" src=\"https:\/\/blogsaverroes.juntadeandalucia.es\/blog-el-prior\/files\/2026\/03\/PHOTO-2026-03-25-13-10-534-300x225.jpg\" class=\"pt-cv-thumbnail\" alt=\"\" decoding=\"async\" loading=\"lazy\" \/><\/a>\n<h4 class=\"pt-cv-title\"><a href=\"https:\/\/blogsaverroes.juntadeandalucia.es\/blog-el-prior\/iii-jornada-semana-cultural-teatros-edades-de-la-historia\/\" class=\"_self\" target=\"_self\" >III Jornada Semana Cultural Teatros Edades de la historia<\/a><\/h4>\n<div class=\"pt-cv-content\">Como cada a\u00f1o, hemos vuelto a llevar a cabo nuestros teatros sobre las edades de la historia. Nuestros ni\u00f1os y ...<br \/><div class=\"pt-cv-rmwrap\"><a href=\"https:\/\/blogsaverroes.juntadeandalucia.es\/blog-el-prior\/iii-jornada-semana-cultural-teatros-edades-de-la-historia\/\" class=\"_self pt-cv-readmore btn btn-success\" target=\"_self\">Leer M\u00e1s<\/a><\/div><\/div><\/div><\/div>\n<div class=\"col-md-4 col-sm-6 col-xs-12 pt-cv-content-item pt-cv-1-col\" ><div class='pt-cv-ifield'><a href=\"https:\/\/blogsaverroes.juntadeandalucia.es\/blog-el-prior\/ii-jornada-semana-cultural-poesia-y-autismo\/\" class=\"_self pt-cv-href-thumbnail pt-cv-thumb-default\" target=\"_self\" ><img width=\"300\" height=\"169\" src=\"https:\/\/blogsaverroes.juntadeandalucia.es\/blog-el-prior\/files\/2026\/03\/a2b2a934-7714-419b-ae06-39e814791e17-300x169.jpg\" class=\"pt-cv-thumbnail\" alt=\"\" decoding=\"async\" loading=\"lazy\" \/><\/a>\n<h4 class=\"pt-cv-title\"><a href=\"https:\/\/blogsaverroes.juntadeandalucia.es\/blog-el-prior\/ii-jornada-semana-cultural-poesia-y-autismo\/\" class=\"_self\" target=\"_self\" >II Jornada Semana Cultural Poes\u00eda y Autismo<\/a><\/h4>\n<div class=\"pt-cv-content\">Durante la segunda jornada de la semana cultural hemos vivido un d\u00eda cargado de emociones. En primer lugar celebramos la ...<br \/><div class=\"pt-cv-rmwrap\"><a href=\"https:\/\/blogsaverroes.juntadeandalucia.es\/blog-el-prior\/ii-jornada-semana-cultural-poesia-y-autismo\/\" class=\"_self pt-cv-readmore btn btn-success\" target=\"_self\">Leer M\u00e1s<\/a><\/div><\/div><\/div><\/div><\/div><\/div>\n<div class=\" pt-cv-pagination-wrapper\"><ul class=\"pt-cv-pagination pt-cv-ajax pagination\" data-totalpages=\"27\" data-currentpage=\"1\" data-sid=\"2e965b4go7\" data-unid=\"\" data-isblock=\"\" data-postid=\"\"><li class=\"active\"><a href=\"#\">1<\/a><\/li>\n\t<li ><a class=\"\" href=\"https:\/\/blogsaverroes.juntadeandalucia.es\/blog-el-prior\/wp-json\/wp\/v2\/pages\/810\/?_page=2\">2<\/a><\/li>\n\t<li ><a class=\"\" href=\"https:\/\/blogsaverroes.juntadeandalucia.es\/blog-el-prior\/wp-json\/wp\/v2\/pages\/810\/?_page=3\">3<\/a><\/li>\n\t<li ><a href=\"#\">&hellip;<\/a><\/li>\n\t<li ><a class=\"\" href=\"https:\/\/blogsaverroes.juntadeandalucia.es\/blog-el-prior\/wp-json\/wp\/v2\/pages\/810\/?_page=27\">27<\/a><\/li>\n\t<li ><a class=\" \" href=\"https:\/\/blogsaverroes.juntadeandalucia.es\/blog-el-prior\/wp-json\/wp\/v2\/pages\/810\/?_page=2\">&rsaquo;<\/a><\/li>\n\t<\/ul><img loading=\"lazy\" decoding=\"async\" width=\"15\" height=\"15\" class=\"pt-cv-spinner\" alt=\"Cargando...\" src=\"data:image\/gif;base64,R0lGODlhDwAPALMPAMrKygwMDJOTkz09PZWVla+vr3p6euTk5M7OzuXl5TMzMwAAAJmZmWZmZszMzP\/\/\/yH\/C05FVFNDQVBFMi4wAwEAAAAh+QQFCgAPACwAAAAADwAPAAAEQvDJaZaZOIcV8iQK8VRX4iTYoAwZ4iCYoAjZ4RxejhVNoT+mRGP4cyF4Pp0N98sBGIBMEMOotl6YZ3S61Bmbkm4mAgAh+QQFCgAPACwAAAAADQANAAAENPDJSRSZeA418itN8QiK8BiLITVsFiyBBIoYqnoewAD4xPw9iY4XLGYSjkQR4UAUD45DLwIAIfkEBQoADwAsAAAAAA8ACQAABC\/wyVlamTi3nSdgwFNdhEJgTJoNyoB9ISYoQmdjiZPcj7EYCAeCF1gEDo4Dz2eIAAAh+QQFCgAPACwCAAAADQANAAAEM\/DJBxiYeLKdX3IJZT1FU0iIg2RNKx3OkZVnZ98ToRD4MyiDnkAh6BkNC0MvsAj0kMpHBAAh+QQFCgAPACwGAAAACQAPAAAEMDC59KpFDll73HkAA2wVY5KgiK5b0RRoI6MuzG6EQqCDMlSGheEhUAgqgUUAFRySIgAh+QQFCgAPACwCAAIADQANAAAEM\/DJKZNLND\/kkKaHc3xk+QAMYDKsiaqmZCxGVjSFFCxB1vwy2oOgIDxuucxAMTAJFAJNBAAh+QQFCgAPACwAAAYADwAJAAAEMNAs86q1yaWwwv2Ig0jUZx3OYa4XoRAfwADXoAwfo1+CIjyFRuEho60aSNYlOPxEAAAh+QQFCgAPACwAAAIADQANAAAENPA9s4y8+IUVcqaWJ4qEQozSoAzoIyhCK2NFU2SJk0hNnyEOhKR2AzAAj4Pj4GE4W0bkJQIAOw==\" \/><div class=\"clear pt-cv-clear-pagination\"><\/div><\/div><\/div><\/p>\n","protected":false},"author":13617,"featured_media":837,"parent":0,"menu_order":0,"comment_status":"closed","ping_status":"closed","template":"","meta":{"_et_pb_use_builder":"on","_et_pb_old_content":"<p>[et_pb_section fb_built=\"1\" admin_label=\"Features\" _builder_version=\"3.23.3\" z_index_tablet=\"500\" box_shadow_horizontal_tablet=\"0px\" box_shadow_vertical_tablet=\"0px\" box_shadow_blur_tablet=\"40px\" box_shadow_spread_tablet=\"0px\" custom_width_px__hover=\"1080px\" custom_width_px__hover_enabled=\"1080px\" custom_width_percent__hover=\"80%\" custom_width_percent__hover_enabled=\"80%\" collapsed=\"off\" global_colors_info=\"{}\" gutter_width__hover=\"3\" gutter_width__hover_enabled=\"3\" parallax_1__hover=\"off\" parallax_1__hover_enabled=\"off\" parallax_2__hover=\"off\" parallax_2__hover_enabled=\"off\" parallax_3__hover=\"off\" parallax_3__hover_enabled=\"off\" parallax_method_1__hover=\"on\" parallax_method_1__hover_enabled=\"on\" parallax_method_2__hover=\"on\" parallax_method_2__hover_enabled=\"on\" parallax_method_3__hover=\"on\" parallax_method_3__hover_enabled=\"on\" background_size__hover=\"cover\" background_size__hover_enabled=\"cover\" background_position__hover=\"center\" background_position__hover_enabled=\"center\" use_background_color_gradient__hover=\"off\" use_background_color_gradient__hover_enabled=\"off\" background_color_gradient_start__hover=\"#2b87da\" background_color_gradient_start__hover_enabled=\"#2b87da\" background_color_gradient_end__hover=\"#29c4a9\" background_color_gradient_end__hover_enabled=\"#29c4a9\" background_color_gradient_type__hover=\"linear\" background_color_gradient_type__hover_enabled=\"linear\" background_color_gradient_direction__hover=\"180deg\" background_color_gradient_direction__hover_enabled=\"180deg\" background_color_gradient_direction_radial__hover=\"center\" background_color_gradient_direction_radial__hover_enabled=\"center\" background_color_gradient_start_position__hover=\"0%\" background_color_gradient_start_position__hover_enabled=\"0%\" background_color_gradient_end_position__hover=\"100%\" background_color_gradient_end_position__hover_enabled=\"100%\" background_color_gradient_overlays_image__hover=\"off\" background_color_gradient_overlays_image__hover_enabled=\"off\" parallax__hover=\"off\" parallax__hover_enabled=\"off\" parallax_method__hover=\"on\" parallax_method__hover_enabled=\"on\" background_repeat__hover=\"no-repeat\" background_repeat__hover_enabled=\"no-repeat\" background_blend__hover=\"normal\" background_blend__hover_enabled=\"normal\" allow_player_pause__hover=\"off\" allow_player_pause__hover_enabled=\"off\" background_video_pause_outside_viewport__hover=\"on\" background_video_pause_outside_viewport__hover_enabled=\"on\" inner_shadow__hover=\"off\" inner_shadow__hover_enabled=\"off\" make_fullwidth__hover=\"off\" make_fullwidth__hover_enabled=\"off\" use_custom_width__hover=\"off\" use_custom_width__hover_enabled=\"off\" width_unit__hover=\"on\" width_unit__hover_enabled=\"on\" make_equal__hover=\"off\" make_equal__hover_enabled=\"off\" use_custom_gutter__hover=\"off\" use_custom_gutter__hover_enabled=\"off\" border_radii__hover=\"on||||\" border_radii__hover_enabled=\"on||||\" box_shadow_style__hover=\"none\" box_shadow_style__hover_enabled=\"none\" box_shadow_color__hover=\"rgba(0,0,0,0.3)\" box_shadow_color__hover_enabled=\"rgba(0,0,0,0.3)\" max_width__hover=\"100%\" max_width__hover_enabled=\"100%\" filter_hue_rotate__hover=\"0deg\" filter_hue_rotate__hover_enabled=\"0deg\" filter_saturate__hover=\"100%\" filter_saturate__hover_enabled=\"100%\" filter_brightness__hover=\"100%\" filter_brightness__hover_enabled=\"100%\" filter_contrast__hover=\"100%\" filter_contrast__hover_enabled=\"100%\" filter_invert__hover=\"0%\" filter_invert__hover_enabled=\"0%\" filter_sepia__hover=\"0%\" filter_sepia__hover_enabled=\"0%\" filter_opacity__hover=\"100%\" filter_opacity__hover_enabled=\"100%\" filter_blur__hover=\"0px\" filter_blur__hover_enabled=\"0px\" mix_blend_mode__hover=\"normal\" mix_blend_mode__hover_enabled=\"normal\" animation_style__hover=\"none\" animation_style__hover_enabled=\"none\" animation_repeat__hover=\"once\" animation_repeat__hover_enabled=\"once\" animation_direction__hover=\"center\" animation_direction__hover_enabled=\"center\" animation_duration__hover=\"1000ms\" animation_duration__hover_enabled=\"1000ms\" animation_delay__hover=\"0ms\" animation_delay__hover_enabled=\"0ms\" animation_intensity_slide__hover=\"50%\" animation_intensity_slide__hover_enabled=\"50%\" animation_intensity_zoom__hover=\"50%\" animation_intensity_zoom__hover_enabled=\"50%\" animation_intensity_flip__hover=\"50%\" animation_intensity_flip__hover_enabled=\"50%\" animation_intensity_fold__hover=\"50%\" animation_intensity_fold__hover_enabled=\"50%\" animation_intensity_roll__hover=\"50%\" animation_intensity_roll__hover_enabled=\"50%\" animation_starting_opacity__hover=\"0%\" animation_starting_opacity__hover_enabled=\"0%\" animation_speed_curve__hover=\"ease-in-out\" animation_speed_curve__hover_enabled=\"ease-in-out\" hover_transition_duration__hover=\"300ms\" hover_transition_duration__hover_enabled=\"300ms\" hover_transition_delay__hover=\"0ms\" hover_transition_delay__hover_enabled=\"0ms\" hover_transition_speed_curve__hover=\"ease\" hover_transition_speed_curve__hover_enabled=\"ease\"][et_pb_row _builder_version=\"4.14.5\" _module_preset=\"default\" link_option_url_new_window=\"on\" collapsed=\"off\" global_colors_info=\"{}\"][et_pb_column type=\"4_4\" _builder_version=\"4.14.5\" _module_preset=\"default\" global_colors_info=\"{}\"][et_pb_gallery gallery_ids=\"2940,2945,2944,2943,2942,2941,2956,2939,2938,2937,2936,2935,2934,2933,2932,2931,2930,2929,2928,2927,2926,2925,2924,2923,2922,2921,2920,2919,2918,2917,2916,2915,2914,2913,2912,2911,2910,2909,2908,2907,2906,2905,2904,2903,2902,2901,2900,2899,2898,2897,2896,2895,2894,2893,2892,2891,2890,2889,2888,2887,2886,2885,2884,2883,2882,2881,2880,2879,2878,2877,2876,2875,2874,2873,2872,2871,2870,2869,2868,2867,2866,2865,2864,2863,2862,2861,2860,2859,2858,2857,2856,2855,2854,2853,2852,2851,2850,2849,2848,2847,2846,2845,2844,2843,2842,2841,2840,2839,2838,2837,2836,2835,2834,2833,2832,2831,2830,2829,2828,2827,2826,2825,2824,2823,2822,2821,2820,2819,2818,2817,2816,2815,2814,2813,2812,2811,2810,2809,2808,2807,2806,2805,2804,2803,2802,2801,2800,2799,2798,2797,2796,2795,2794,2793,2792,2791,2790,2789,2788,2787,2786,3005\" orientation=\"portrait\" _builder_version=\"4.14.5\" _module_preset=\"default\" title_text_align=\"center\" title_text_color=\"#FFFFFF\" title_font_size=\"35px\" background_image=\"https:\/\/blogsaverroes.juntadeandalucia.es\/blog-el-prior\/files\/2023\/03\/WhatsApp-Image-2023-03-29-at-13.22.42.jpeg\" text_orientation=\"center\" animation_style=\"roll\" link_option_url_new_window=\"on\" title_text_shadow_style=\"preset3\" text_shadow_style=\"preset3\" text_shadow_color=\"#E02B20\" global_colors_info=\"{}\"][\/et_pb_gallery][\/et_pb_column][\/et_pb_row][et_pb_row _builder_version=\"4.14.5\" _module_preset=\"default\" link_option_url_new_window=\"on\" collapsed=\"off\" global_colors_info=\"{}\"][et_pb_column type=\"4_4\" _builder_version=\"4.14.5\" _module_preset=\"default\" global_colors_info=\"{}\"][et_pb_gallery gallery_ids=\"2778,2745,2746,2747,2748,2752,2753,2754,2755,2756,2757,2777,2758,2759,2760,2761,2762,2763,2764,2765,2766,2767,2768,2769,2770,2771,2772,2773,2774,2775,2776,2779,2780,2781,2782,2783\" orientation=\"portrait\" _builder_version=\"4.14.5\" _module_preset=\"default\" title_text_align=\"center\" title_text_color=\"#FFFFFF\" title_font_size=\"35px\" background_image=\"https:\/\/blogsaverroes.juntadeandalucia.es\/blog-el-prior\/files\/2023\/03\/WhatsApp-Image-2023-03-30-at-14.58.59.jpeg\" text_orientation=\"center\" animation_style=\"roll\" link_option_url_new_window=\"on\" title_text_shadow_style=\"preset3\" text_shadow_style=\"preset3\" text_shadow_color=\"#E02B20\" global_colors_info=\"{}\"][\/et_pb_gallery][\/et_pb_column][\/et_pb_row][et_pb_row _builder_version=\"4.14.5\" _module_preset=\"default\" link_option_url_new_window=\"on\" collapsed=\"off\" global_colors_info=\"{}\"][et_pb_column type=\"4_4\" _builder_version=\"4.14.5\" _module_preset=\"default\" global_colors_info=\"{}\"][et_pb_gallery gallery_ids=\"2684,2689,2690,2691,2692,2693,2694,2695,2696,2697,2698,2699,2700,2701,2702,2703,2704,2705,2706,2707,2708,2709,2710,2711,2712,2713,2714,2715,2716,2717,2718,2719,2720,2721,2722,2723,2724,2725,2726,2727,2728,2729,2730,2731,2732,2733,2734,2735,2736,2737,2738,2739,2740,2741\" orientation=\"portrait\" _builder_version=\"4.14.5\" _module_preset=\"default\" title_text_align=\"center\" title_text_color=\"#FFFFFF\" title_font_size=\"35px\" background_image=\"https:\/\/blogsaverroes.juntadeandalucia.es\/blog-el-prior\/files\/2023\/03\/1680114682168-scaled.jpg\" text_orientation=\"center\" animation_style=\"roll\" link_option_url_new_window=\"on\" title_text_shadow_style=\"preset3\" text_shadow_style=\"preset3\" text_shadow_color=\"#E02B20\" global_colors_info=\"{}\"][\/et_pb_gallery][\/et_pb_column][\/et_pb_row][et_pb_row _builder_version=\"4.14.5\" _module_preset=\"default\" link_option_url_new_window=\"on\" collapsed=\"off\" global_colors_info=\"{}\"][et_pb_column type=\"4_4\" _builder_version=\"4.14.5\" _module_preset=\"default\" global_colors_info=\"{}\"][et_pb_gallery gallery_ids=\"2472,2470,2471,2473,2477,2478,2479,2480,2481,2482,2483,2484,2485,2486,2487,2488,2489,2490,2491,2492,2493,2494,2495,2496,2497,2498,2499,2500,2501,2502,2503,2504,2505,2506,2507,2508,2509,2510,2511,2512,2513,2514,2515,2516,2517,2518,2519,2520,2521,2522,2523,2524,2525,2526,2527,2528,2529,2530,2531,2532,2533,2534,2535,2536,2537,2538,2539,2540,2541,2542,2543,2544,2545,2546,2547,2548,2549,2550,2551,2552,2553,2554,2555,2556,2557,2558,2559,2560,2561,2562,2563,2564,2565,2566,2567,2576\" orientation=\"portrait\" _builder_version=\"4.14.5\" _module_preset=\"default\" title_text_align=\"center\" title_text_color=\"#FFFFFF\" title_font_size=\"35px\" background_image=\"https:\/\/blogsaverroes.juntadeandalucia.es\/blog-el-prior\/files\/2023\/03\/WhatsApp-Image-2023-03-27-at-09.23.20.jpeg\" text_orientation=\"center\" animation_style=\"roll\" link_option_url_new_window=\"on\" title_text_shadow_style=\"preset3\" text_shadow_style=\"preset3\" text_shadow_color=\"#E02B20\" global_colors_info=\"{}\"][\/et_pb_gallery][\/et_pb_column][\/et_pb_row][et_pb_row _builder_version=\"4.14.5\" _module_preset=\"default\" link_option_url_new_window=\"on\" collapsed=\"off\" global_colors_info=\"{}\"][et_pb_column type=\"4_4\" _builder_version=\"4.14.5\" _module_preset=\"default\" global_colors_info=\"{}\"][et_pb_gallery gallery_ids=\"2431,2427,2428,2432,2433,2434,2435,2436,2437,2438,2439,2440,2441,2442,2443,2444,2445,2446,2447,2448,2449,2450,2451,2452,2453,2454,2455,2456,2457,2458,2459,2460,2461,2462,2463,2464,2465,2466,2467\" orientation=\"portrait\" _builder_version=\"4.14.5\" _module_preset=\"default\" title_text_align=\"center\" title_text_color=\"#FFFFFF\" title_font_size=\"35px\" background_image=\"https:\/\/blogsaverroes.juntadeandalucia.es\/blog-el-prior\/files\/2023\/03\/WhatsApp-Image-2023-03-27-at-09.54.29.jpeg\" text_orientation=\"center\" animation_style=\"roll\" link_option_url_new_window=\"on\" title_text_shadow_style=\"preset3\" text_shadow_style=\"preset3\" text_shadow_color=\"#E02B20\" global_colors_info=\"{}\"][\/et_pb_gallery][\/et_pb_column][\/et_pb_row][et_pb_row _builder_version=\"4.14.5\" _module_preset=\"default\" link_option_url_new_window=\"on\" collapsed=\"off\" global_colors_info=\"{}\"][et_pb_column type=\"4_4\" _builder_version=\"4.14.5\" _module_preset=\"default\" global_colors_info=\"{}\"][et_pb_gallery gallery_ids=\"2405,2388,2385,2389,2390,2391,2392,2393,2394,2395,2396,2397,2398,2399,2400,2401,2402,2403,2404,2406,2407,2408,2409,2410,2411,2412,2413,2414,2415,2416\" orientation=\"portrait\" _builder_version=\"4.14.5\" _module_preset=\"default\" title_text_align=\"center\" title_text_color=\"#E02B20\" title_font_size=\"35px\" background_image=\"https:\/\/blogsaverroes.juntadeandalucia.es\/blog-el-prior\/files\/2023\/03\/WhatsApp-Image-2023-03-24-at-09.13.07-3.jpeg\" text_orientation=\"center\" animation_style=\"roll\" link_option_url_new_window=\"on\" title_text_shadow_style=\"preset3\" text_shadow_style=\"preset3\" text_shadow_color=\"#E02B20\" global_colors_info=\"{}\"][\/et_pb_gallery][\/et_pb_column][\/et_pb_row][et_pb_row _builder_version=\"4.14.5\" _module_preset=\"default\" link_option_url_new_window=\"on\" collapsed=\"off\" global_colors_info=\"{}\"][et_pb_column type=\"4_4\" _builder_version=\"4.14.5\" _module_preset=\"default\" global_colors_info=\"{}\"][et_pb_gallery gallery_ids=\"2366,2367,2368,2369,2370,2371,2372,2374\" orientation=\"portrait\" _builder_version=\"4.14.5\" _module_preset=\"default\" title_text_align=\"center\" title_text_color=\"#E02B20\" title_font_size=\"35px\" background_image=\"https:\/\/blogsaverroes.juntadeandalucia.es\/blog-el-prior\/files\/2023\/03\/WhatsApp-Image-2023-03-22-at-10.13.58-1.jpeg\" text_orientation=\"center\" animation_style=\"roll\" link_option_url_new_window=\"on\" title_text_shadow_style=\"preset3\" text_shadow_style=\"preset3\" text_shadow_color=\"#E02B20\" global_colors_info=\"{}\"][\/et_pb_gallery][\/et_pb_column][\/et_pb_row][et_pb_row _builder_version=\"4.14.5\" _module_preset=\"default\" link_option_url_new_window=\"on\" collapsed=\"off\" global_colors_info=\"{}\"][et_pb_column type=\"4_4\" _builder_version=\"4.14.5\" _module_preset=\"default\" global_colors_info=\"{}\"][et_pb_gallery gallery_ids=\"2238,2237,2236,2241,2242,2243,2244,2245,2246,2247,2248,2249,2250,2251,2252,2253,2254,2255,2256,2257,2258,2259,2260,2261,2262,2263,2264,2265,2266,2267,2268,2269,2270,2271,2272,2273,2274,2275,2276,2277,2278,2279,2280,2281,2282,2283,2284,2285,2286,2287,2288,2289,2290,2291,2292,2293,2294,2295,2296,2297,2298,2299,2300,2301,2302,2303,2304,2305,2306,2307,2308,2309,2310,2311,2312,2313,2314,2315,2316,2317,2318,2319,2320,2321,2322,2323,2324,2325,2326,2327,2328,2329,2330,2331,2332,2333,2334,2335,2336,2337,2338,2339,2340,2341,2342,2343,2344,2345,2346,2347,2348,2349,2350,2351,2352,2353,2354,2355,2356\" orientation=\"portrait\" _builder_version=\"4.14.5\" _module_preset=\"default\" title_text_align=\"center\" title_text_color=\"#E02B20\" title_font_size=\"35px\" background_image=\"https:\/\/blogsaverroes.juntadeandalucia.es\/blog-el-prior\/files\/2023\/03\/WhatsApp-Image-2023-03-10-at-20.47.15-1.jpeg\" text_orientation=\"center\" animation_style=\"roll\" link_option_url_new_window=\"on\" title_text_shadow_style=\"preset3\" text_shadow_style=\"preset3\" text_shadow_color=\"#E02B20\" global_colors_info=\"{}\"][\/et_pb_gallery][\/et_pb_column][\/et_pb_row][et_pb_row _builder_version=\"4.14.5\" _module_preset=\"default\" link_option_url_new_window=\"on\" collapsed=\"off\" global_colors_info=\"{}\"][et_pb_column type=\"4_4\" _builder_version=\"4.14.5\" _module_preset=\"default\" global_colors_info=\"{}\"][et_pb_gallery gallery_ids=\"2211,2212,2210,2209,2208,2207,2206,2205,2197,2198,2199,2200,2201,2202,2203,2204,2196,2195,2194,2193,2192,2191,2190,2189,2181,2182,2183,2184,2185,2186,2187,2188,2180,2179,2178,2177,2176,2175,2174,2173,2165,2166,2167,2168,2169,2170,2171,2172,2164,2163,2162,2161,2160,2159,2158,2157,2149,2150,2151,2152,2153,2154,2155,2156,2141,2142,2143,2144,2145,2146,2147,2148,2140,2139,2138,2137,2136,2135,2134,2216,2418,2421,2422,2423\" orientation=\"portrait\" _builder_version=\"4.14.5\" _module_preset=\"default\" title_text_align=\"center\" title_text_color=\"#E02B20\" title_font_size=\"35px\" background_image=\"https:\/\/blogsaverroes.juntadeandalucia.es\/blog-el-prior\/files\/2023\/03\/WhatsApp-Image-2023-03-07-at-16.56.51.jpeg\" text_orientation=\"center\" animation_style=\"roll\" link_option_url_new_window=\"on\" title_text_shadow_style=\"preset3\" text_shadow_style=\"preset3\" text_shadow_color=\"#E02B20\" global_colors_info=\"{}\"][\/et_pb_gallery][\/et_pb_column][\/et_pb_row][et_pb_row _builder_version=\"4.14.5\" _module_preset=\"default\" link_option_url_new_window=\"on\" collapsed=\"off\" global_colors_info=\"{}\"][et_pb_column type=\"4_4\" _builder_version=\"4.14.5\" _module_preset=\"default\" global_colors_info=\"{}\"][et_pb_gallery gallery_ids=\"2094,2093,2092,2091,2090,2089,2088,2080,2081,2082,2083,2084,2085,2086,2087,2079,2078,2077,2076,2075,2074,2073,2072,2064,2065,2066,2067,2068,2069,2070,2071,2063\" orientation=\"portrait\" _builder_version=\"4.14.5\" _module_preset=\"default\" title_text_align=\"center\" title_text_color=\"#E02B20\" title_font_size=\"35px\" background_image=\"https:\/\/blogsaverroes.juntadeandalucia.es\/blog-el-prior\/files\/2023\/03\/WhatsApp-Image-2023-02-24-at-11.39.52.jpeg\" text_orientation=\"center\" animation_style=\"roll\" link_option_url_new_window=\"on\" title_text_shadow_style=\"preset3\" text_shadow_style=\"preset3\" text_shadow_color=\"#E02B20\" global_colors_info=\"{}\"][\/et_pb_gallery][\/et_pb_column][\/et_pb_row][et_pb_row _builder_version=\"4.14.5\" _module_preset=\"default\" link_option_url_new_window=\"on\" collapsed=\"off\" global_colors_info=\"{}\"][et_pb_column type=\"4_4\" _builder_version=\"4.14.5\" _module_preset=\"default\" global_colors_info=\"{}\"][et_pb_gallery gallery_ids=\"2040,2039,2038,2037,2036,2035,2100,2101,2102\" orientation=\"portrait\" _builder_version=\"4.14.5\" _module_preset=\"default\" title_text_align=\"center\" title_text_color=\"#E02B20\" title_font_size=\"35px\" background_image=\"https:\/\/blogsaverroes.juntadeandalucia.es\/blog-el-prior\/files\/2023\/02\/bandera.jpg\" text_orientation=\"center\" animation_style=\"roll\" link_option_url=\"https:\/\/drive.google.com\/file\/d\/1A3pBwFaBOewlJBoYzSgfwMsP-leicR4h\/view?usp=sharing\" link_option_url_new_window=\"on\" title_text_shadow_style=\"preset3\" text_shadow_style=\"preset3\" text_shadow_color=\"#E02B20\" global_colors_info=\"{}\"][\/et_pb_gallery][\/et_pb_column][\/et_pb_row][et_pb_row _builder_version=\"4.14.5\" _module_preset=\"default\" global_colors_info=\"{}\"][et_pb_column type=\"4_4\" _builder_version=\"4.14.5\" _module_preset=\"default\" global_colors_info=\"{}\"][et_pb_gallery gallery_ids=\"2008,1955,1956,1957,1958,1959,1960,1961,1962,1963,1964,1965,1966,1967,1968,1969,1970,1971,1972,1973,1974,1975,1976,1977,1978,1979,1980,1981,1982,1983,1984,1985,1986,1987,1988,1989,1990,1991,1992,1993,1994,1995,1996,1997,1998,2000,2001,2002,2003,2004,2005,2006,2007,2009,2010,2011,2012,2013,2014,2015,2016,2017,2018,2019,2020,2021\" _builder_version=\"4.14.5\" _module_preset=\"default\" title_text_align=\"center\" title_text_color=\"#E02B20\" title_font_size=\"35px\" background_image=\"https:\/\/blogsaverroes.juntadeandalucia.es\/blog-el-prior\/files\/2023\/02\/WhatsApp-Image-2023-02-17-at-15.39.35.jpeg\" text_orientation=\"center\" animation_style=\"roll\" title_text_shadow_style=\"preset3\" text_shadow_style=\"preset3\" text_shadow_color=\"#E02B20\" global_colors_info=\"{}\"][\/et_pb_gallery][\/et_pb_column][\/et_pb_row][et_pb_row _builder_version=\"4.14.5\" _module_preset=\"default\" global_colors_info=\"{}\"][et_pb_column type=\"4_4\" _builder_version=\"4.14.5\" _module_preset=\"default\" global_colors_info=\"{}\"][et_pb_gallery gallery_ids=\"1935,1929,1928,1927,1926,1925,1924,1923,1922,1921,1920,1919,1918,1917,1909,1910,1911,1912,1913,1914,1915,1916,1901,1902,1903,1904,1905,1906,1907,1908,1900,1899,1898,1897,1896,1895,1894,1893,1885,1886,1887,1888,1889,1890,1891,1892,1884,1883,1882,1881,1880,1879,1878,1877,1869,1870,1871,1872,1873,1874,1875,1876,1861,1862,1863,1864,1865,1866,1867,1868,1941,1940\" _builder_version=\"4.14.5\" _module_preset=\"default\" title_text_align=\"center\" title_text_color=\"#E02B20\" title_font_size=\"35px\" background_image=\"https:\/\/blogsaverroes.juntadeandalucia.es\/blog-el-prior\/files\/2023\/02\/WhatsApp-Image-2023-02-19-at-11.04.06.jpeg\" text_orientation=\"center\" animation_style=\"roll\" title_text_shadow_style=\"preset3\" text_shadow_style=\"preset3\" text_shadow_color=\"#E02B20\" global_colors_info=\"{}\"][\/et_pb_gallery][\/et_pb_column][\/et_pb_row][et_pb_row _builder_version=\"4.14.5\" _module_preset=\"default\" global_colors_info=\"{}\"][et_pb_column type=\"4_4\" _builder_version=\"4.14.5\" _module_preset=\"default\" global_colors_info=\"{}\"][et_pb_gallery gallery_ids=\"1771,1770,1769,1768,1767,1766,1765,1764,1763,1762,1761,1760,1759,1758,1757,1756,1755,1754,1753,1752,1751,1750,1749,1748,1747,1746,1745,1744,1743,1742,1741,1740,1732,1733,1734,1735,1736,1737,1738,1739,1731,1730,1729,1728,1727,1726,1725,1724,1716,1717,1718,1719,1720,1721,1722,1723\" _builder_version=\"4.14.5\" _module_preset=\"default\" title_text_align=\"center\" title_text_color=\"#E02B20\" title_font_size=\"35px\" background_image=\"https:\/\/blogsaverroes.juntadeandalucia.es\/blog-el-prior\/files\/2023\/02\/WhatsApp-Image-2023-01-31-at-17.38.08.jpeg\" text_orientation=\"center\" animation_style=\"roll\" title_text_shadow_style=\"preset3\" text_shadow_style=\"preset3\" text_shadow_color=\"#E02B20\" global_colors_info=\"{}\"][\/et_pb_gallery][\/et_pb_column][\/et_pb_row][et_pb_row _builder_version=\"4.14.5\" _module_preset=\"default\" global_colors_info=\"{}\"][et_pb_column type=\"4_4\" _builder_version=\"4.14.5\" _module_preset=\"default\" global_colors_info=\"{}\"][et_pb_gallery gallery_ids=\"1650,1657,1601,1602,1603,1604,1605,1606,1607,1608,1609,1610,1611,1612,1613,1614,1615,1616,1617,1618,1619,1620,1621,1622,1623,1624,1625,1626,1627,1628,1629,1630,1631,1632,1633,1634,1635,1636,1637,1638,1639,1640,1641,1642,1643,1644,1645,1646,1647,1648,1649,1651,1652,1653,1654,1655,1656,1659,1660,1661,1662,1663,1664,1665,1666,1667,1668,1669,1670,1658\" _builder_version=\"4.14.5\" _module_preset=\"default\" title_text_align=\"center\" title_text_color=\"#8300E9\" title_font_size=\"35px\" background_image=\"https:\/\/blogsaverroes.juntadeandalucia.es\/blog-el-prior\/files\/2022\/12\/1671638817017.jpg\" text_orientation=\"center\" animation_style=\"roll\" title_text_shadow_style=\"preset3\" text_shadow_style=\"preset3\" text_shadow_color=\"#E02B20\" global_colors_info=\"{}\"][\/et_pb_gallery][\/et_pb_column][\/et_pb_row][et_pb_row _builder_version=\"4.14.5\" _module_preset=\"default\" global_colors_info=\"{}\"][et_pb_column type=\"4_4\" _builder_version=\"4.14.5\" _module_preset=\"default\" global_colors_info=\"{}\"][et_pb_gallery gallery_ids=\"1590,1589,1588,1587,1586,1585,1584,1583,1582,1581,1580,1579,1578,1577,1576,1575,1574,1573,1572,1571,1570,1569,1568,1567,1566,1565,1564,1563,1562,1561,1560,1559,1558,1557,1556,1555,1554,1553,1552,1551,1550,1549,1548,1547,1546,1545,1544,1543,1539,1540,1541,1542\" _builder_version=\"4.14.5\" _module_preset=\"default\" title_text_align=\"center\" title_text_color=\"#8300E9\" title_font_size=\"35px\" background_image=\"https:\/\/blogsaverroes.juntadeandalucia.es\/blog-el-prior\/files\/2022\/12\/1671639149233.jpg\" text_orientation=\"center\" background_layout=\"dark\" animation_style=\"roll\" title_text_shadow_style=\"preset3\" text_shadow_style=\"preset3\" text_shadow_color=\"#000000\" global_colors_info=\"{}\"][\/et_pb_gallery][\/et_pb_column][\/et_pb_row][et_pb_row _builder_version=\"4.14.5\" _module_preset=\"default\" global_colors_info=\"{}\"][et_pb_column type=\"4_4\" _builder_version=\"4.14.5\" _module_preset=\"default\" global_colors_info=\"{}\"][et_pb_gallery gallery_ids=\"1486,1484,1487,1497,1498,1499\" _builder_version=\"4.14.5\" _module_preset=\"default\" title_text_align=\"center\" title_text_color=\"#E02B20\" title_font_size=\"30px\" background_image=\"https:\/\/blogsaverroes.juntadeandalucia.es\/blog-el-prior\/files\/2022\/12\/1670049762764.jpg\" text_orientation=\"center\" background_layout=\"dark\" animation_style=\"roll\" title_text_shadow_style=\"preset3\" global_colors_info=\"{}\"][\/et_pb_gallery][\/et_pb_column][\/et_pb_row][et_pb_row _builder_version=\"4.14.5\" _module_preset=\"default\" global_colors_info=\"{}\"][et_pb_column type=\"4_4\" _builder_version=\"4.14.5\" _module_preset=\"default\" global_colors_info=\"{}\"][et_pb_gallery gallery_ids=\"1227,1226,1228,1229,1230,1231,1232,1233,1234,1235,1236,1237,1238,1239,1240,1241,1242,1243,1244,1245,1246,1247,1248,1249,1250,1251,1252,1253,1254,1255,1256,1257,1258,1259,1260,1261,1262,1263,1264,1265,1266,1267,1268,1269,1270,1271,1272,1273,1274,1275,1276,1277,1278,1279,1280,1281,1282,1283,1284,1285,1286,1287,1288,1289,1290,1291,1292,1293,1294,1295,1296,1297,1298,1299,1300,1301,1302,1303,1304,1305,1306,1307,1308,1309,1310,1311,1312,1313,1314,1315,1316,1317,1318,1319,1320,1321,1322,1323,1324,1325,1326,1327,1328,1329,1348,1349,1350,1351,1352,1353,1354,1355,1356,1357,1358,1359,1360,1361,1362,1363,1364,1365,1366\" _builder_version=\"4.14.5\" _module_preset=\"default\" title_text_align=\"center\" title_text_color=\"#FFFFFF\" title_font_size=\"35px\" background_image=\"https:\/\/blogsaverroes.juntadeandalucia.es\/blog-el-prior\/files\/2022\/11\/1668927818846-1.jpg\" text_orientation=\"center\" background_layout=\"dark\" animation_style=\"roll\" title_text_shadow_style=\"preset2\" global_colors_info=\"{}\"][\/et_pb_gallery][\/et_pb_column][\/et_pb_row][et_pb_row _builder_version=\"4.14.5\" _module_preset=\"default\" global_colors_info=\"{}\"][et_pb_column type=\"4_4\" _builder_version=\"4.14.5\" _module_preset=\"default\" global_colors_info=\"{}\"][et_pb_gallery gallery_ids=\"1076,1098,1097,1096,1095,1094,1093,1092,1091,1090,1089,1088,1087,1086,1085,1084,1083,1082,1081,1080,1079,1078,1077,1075,1074,1073,1072,1071,1070,1069,1067,1068,1066,1065,1339,1340,1341,1342,1343,1344,1380,1381,1382,1383,1384,1385,1386,1387,1388,1389,1390,1391,1392,1393,1394,1395,1396,1397,1398,1399,1400,1401,1402,1403,1404,1405,1406,1407,1408,1409,1410,1411,1412,1413,1414,1415,1416,1417,1418,1419,1420,1421,1422,1423,1424,1425,1429,1430,1431,1432,1433,1434,1435,1436,1437,1438,1439,1440,1441,1442,1443,1444,1445,1446,1447,1448,1449,1450,1454,1455,1456,1457,1458,1459,1460,1461,1462,1463,1464,1465,1466,1467,1468,1469,1470,1471,1472,1473,1474,1475,1476,1502,1503,1504,1505,1506,1507,1508,1509,1510,1511,1512,1513,1514,1515,1516,1517,1518,1519,1520,1521,1522\" _builder_version=\"4.14.5\" _module_preset=\"default\" title_text_align=\"center\" title_text_color=\"#FFFFFF\" title_font_size=\"40px\" background_image=\"https:\/\/blogsaverroes.juntadeandalucia.es\/blog-el-prior\/files\/2022\/11\/1667992686113-scaled.jpg\" text_orientation=\"center\" animation_style=\"roll\" title_text_shadow_style=\"preset2\" title_text_shadow_color=\"#8300E9\" text_shadow_style=\"preset5\" text_shadow_color=\"#000000\" global_colors_info=\"{}\"][\/et_pb_gallery][\/et_pb_column][\/et_pb_row][et_pb_row _builder_version=\"4.14.5\" _module_preset=\"default\" global_colors_info=\"{}\"][et_pb_column type=\"4_4\" _builder_version=\"4.14.5\" _module_preset=\"default\" global_colors_info=\"{}\"][et_pb_gallery gallery_ids=\"1155,1174,1173,1172,1171,1170,1169,1168,1167,1166,1165,1164,1163,1162,1161,1160,1159,1151,1152,1153,1154,1156,1157,1158,1150,1149,1148,1147,1146,1145,1144,1143,1135,1136,1137,1138,1139,1140,1141,1142,1134,1133,1132,1131,1181,1182,1183,1184,1185,1186,1187,1188,1189,1190,1191,1192,1193,1194,1195,1196,1197,1198,1199,1200,1201,1202,1203,1204,1205\" _builder_version=\"4.14.5\" _module_preset=\"default\" title_text_align=\"center\" title_text_color=\"#FFFFFF\" title_font_size=\"40px\" background_image=\"https:\/\/blogsaverroes.juntadeandalucia.es\/blog-el-prior\/files\/2022\/11\/1668676689941.jpg\" text_orientation=\"center\" animation_style=\"roll\" title_text_shadow_style=\"preset3\" global_colors_info=\"{}\"][\/et_pb_gallery][\/et_pb_column][\/et_pb_row][et_pb_row _builder_version=\"4.14.5\" _module_preset=\"default\" global_colors_info=\"{}\"][et_pb_column type=\"4_4\" _builder_version=\"4.14.5\" _module_preset=\"default\" global_colors_info=\"{}\"][et_pb_gallery gallery_ids=\"1106,1122,1127,1126,1125,1124,1123,1121,1120,1119,1118,1117,1116,1115,1114,1113,1112,1111,1110,1109,1108,1107,1105,1104\" _builder_version=\"4.14.5\" _module_preset=\"default\" title_text_color=\"#FFFFFF\" title_font_size=\"40px\" background_image=\"https:\/\/blogsaverroes.juntadeandalucia.es\/blog-el-prior\/files\/2022\/11\/1668595415454.jpg\" text_orientation=\"center\" animation_style=\"roll\" title_text_shadow_style=\"preset4\" global_colors_info=\"{}\"][\/et_pb_gallery][\/et_pb_column][\/et_pb_row][et_pb_row _builder_version=\"3.25\" custom_margin=\"-30px|||\" z_index_tablet=\"500\" box_shadow_horizontal_tablet=\"0px\" box_shadow_vertical_tablet=\"0px\" box_shadow_blur_tablet=\"40px\" box_shadow_spread_tablet=\"0px\" collapsed=\"off\" global_colors_info=\"{}\"][et_pb_column type=\"4_4\" _builder_version=\"3.25\" custom_padding=\"|||\" global_colors_info=\"{}\" custom_padding__hover=\"|||\"][et_pb_gallery gallery_ids=\"837,994,993,992,991,990,989,982,983,984,985,986,987,988,981,980,979,978,977,976,975,968,961,962,969,970,963,964,971,972,965,966,973,974,967,960,959,958,957,956,955,954,947,948,949,950,951,952,953,946,944,945,943,942,941,940,933,935,936,934,937,938,939,932,931,930,929,928,927,926,919,912,913,920,921,914,915,922,923,916,917,924,925,918,911,910,909,908,907,906,905,898,899,900,901,904,880,881,882,883,884,885,879,877,875,874,873,866,867,872,1370,1371,1372,1373,1374,1375,1376,1377,1378\" _builder_version=\"4.14.5\" _module_preset=\"default\" title_text_align=\"center\" title_text_color=\"#E09900\" title_font_size=\"30px\" background_image=\"https:\/\/blogsaverroes.juntadeandalucia.es\/blog-el-prior\/files\/2022\/10\/origen-halloween.jpg\" text_orientation=\"center\" background_layout=\"dark\" animation_style=\"roll\" link_option_url=\"https:\/\/drive.google.com\/file\/d\/11lac0EEYjbKcCUPmA8UlxzOEpInleBVE\/view?usp=sharing\" link_option_url_new_window=\"on\" box_shadow_style_image=\"preset1\" global_colors_info=\"{}\"][\/et_pb_gallery][\/et_pb_column][\/et_pb_row][\/et_pb_section]<\/p>","_et_gb_content_width":"","footnotes":""},"aioseo_notices":[],"_links":{"self":[{"href":"https:\/\/blogsaverroes.juntadeandalucia.es\/blog-el-prior\/wp-json\/wp\/v2\/pages\/810"}],"collection":[{"href":"https:\/\/blogsaverroes.juntadeandalucia.es\/blog-el-prior\/wp-json\/wp\/v2\/pages"}],"about":[{"href":"https:\/\/blogsaverroes.juntadeandalucia.es\/blog-el-prior\/wp-json\/wp\/v2\/types\/page"}],"author":[{"embeddable":true,"href":"https:\/\/blogsaverroes.juntadeandalucia.es\/blog-el-prior\/wp-json\/wp\/v2\/users\/13617"}],"replies":[{"embeddable":true,"href":"https:\/\/blogsaverroes.juntadeandalucia.es\/blog-el-prior\/wp-json\/wp\/v2\/comments?post=810"}],"version-history":[{"count":80,"href":"https:\/\/blogsaverroes.juntadeandalucia.es\/blog-el-prior\/wp-json\/wp\/v2\/pages\/810\/revisions"}],"predecessor-version":[{"id":4180,"href":"https:\/\/blogsaverroes.juntadeandalucia.es\/blog-el-prior\/wp-json\/wp\/v2\/pages\/810\/revisions\/4180"}],"wp:featuredmedia":[{"embeddable":true,"href":"https:\/\/blogsaverroes.juntadeandalucia.es\/blog-el-prior\/wp-json\/wp\/v2\/media\/837"}],"wp:attachment":[{"href":"https:\/\/blogsaverroes.juntadeandalucia.es\/blog-el-prior\/wp-json\/wp\/v2\/media?parent=810"}],"curies":[{"name":"wp","href":"https:\/\/api.w.org\/{rel}","templated":true}]}}