{"id":2408,"date":"2021-06-18T11:12:21","date_gmt":"2021-06-18T11:12:21","guid":{"rendered":"https:\/\/blogsaverroes.juntadeandalucia.es\/bpmoya\/?page_id=2408"},"modified":"2025-07-22T22:15:28","modified_gmt":"2025-07-22T22:15:28","slug":"inicio","status":"publish","type":"page","link":"https:\/\/blogsaverroes.juntadeandalucia.es\/bpmoya\/","title":{"rendered":"Inicio"},"content":{"rendered":"\t\t<div data-elementor-type=\"wp-page\" data-elementor-id=\"2408\" class=\"elementor elementor-2408\">\n\t\t\t\t\t\t<section class=\"elementor-section elementor-top-section elementor-element elementor-element-49b1529 elementor-section-full_width elementor-section-stretched elementor-section-height-default elementor-section-height-default\" data-id=\"49b1529\" data-element_type=\"section\" data-settings=\"{&quot;stretch_section&quot;:&quot;section-stretched&quot;}\">\n\t\t\t\t\t\t<div class=\"elementor-container elementor-column-gap-default\">\n\t\t\t\t\t<div class=\"elementor-column elementor-col-100 elementor-top-column elementor-element elementor-element-7419e57\" data-id=\"7419e57\" data-element_type=\"column\">\n\t\t\t<div class=\"elementor-widget-wrap elementor-element-populated\">\n\t\t\t\t\t\t<div class=\"elementor-element elementor-element-fec3300 elementor-arrows-position-inside elementor-pagination-position-outside elementor-widget elementor-widget-image-carousel\" data-id=\"fec3300\" data-element_type=\"widget\" data-settings=\"{&quot;slides_to_show&quot;:&quot;1&quot;,&quot;navigation&quot;:&quot;both&quot;,&quot;autoplay&quot;:&quot;yes&quot;,&quot;pause_on_hover&quot;:&quot;yes&quot;,&quot;pause_on_interaction&quot;:&quot;yes&quot;,&quot;autoplay_speed&quot;:5000,&quot;infinite&quot;:&quot;yes&quot;,&quot;effect&quot;:&quot;slide&quot;,&quot;speed&quot;:500}\" data-widget_type=\"image-carousel.default\">\n\t\t\t\t<div class=\"elementor-widget-container\">\n\t\t\t\t\t\t\t<div class=\"elementor-image-carousel-wrapper swiper\" role=\"region\" aria-roledescription=\"carousel\" aria-label=\"Carrusel de im\u00e1genes\" dir=\"ltr\">\n\t\t\t<div class=\"elementor-image-carousel swiper-wrapper\" aria-live=\"off\">\n\t\t\t\t\t\t\t\t<div class=\"swiper-slide\" role=\"group\" aria-roledescription=\"slide\" aria-label=\"1 de 2\"><figure class=\"swiper-slide-inner\"><img decoding=\"async\" class=\"swiper-slide-image\" src=\"https:\/\/blogsaverroes.juntadeandalucia.es\/bpmoya\/files\/2021\/12\/Fachada01-CEIP-BPMoya-1.jpg\" alt=\"Fachada01-CEIP-BPMoya\" \/><\/figure><\/div><div class=\"swiper-slide\" role=\"group\" aria-roledescription=\"slide\" aria-label=\"2 de 2\"><figure class=\"swiper-slide-inner\"><img decoding=\"async\" class=\"swiper-slide-image\" src=\"https:\/\/blogsaverroes.juntadeandalucia.es\/bpmoya\/files\/2021\/12\/Fachada02-CEIP-BPMoya.jpg\" alt=\"Fachada02-CEIP-BPMoya\" \/><\/figure><\/div>\t\t\t<\/div>\n\t\t\t\t\t\t\t\t\t\t\t\t<div class=\"elementor-swiper-button elementor-swiper-button-prev\" role=\"button\" tabindex=\"0\">\n\t\t\t\t\t\t<i aria-hidden=\"true\" class=\"eicon-chevron-left\"><\/i>\t\t\t\t\t<\/div>\n\t\t\t\t\t<div class=\"elementor-swiper-button elementor-swiper-button-next\" role=\"button\" tabindex=\"0\">\n\t\t\t\t\t\t<i aria-hidden=\"true\" class=\"eicon-chevron-right\"><\/i>\t\t\t\t\t<\/div>\n\t\t\t\t\n\t\t\t\t\t\t\t\t\t<div class=\"swiper-pagination\"><\/div>\n\t\t\t\t\t\t\t\t\t<\/div>\n\t\t\t\t\t\t<\/div>\n\t\t\t\t<\/div>\n\t\t\t\t\t<\/div>\n\t\t<\/div>\n\t\t\t\t\t<\/div>\n\t\t<\/section>\n\t\t\t\t<section class=\"elementor-section elementor-top-section elementor-element elementor-element-c5d079a elementor-section-full_width elementor-section-height-default elementor-section-height-default\" data-id=\"c5d079a\" data-element_type=\"section\">\n\t\t\t\t\t\t<div class=\"elementor-container elementor-column-gap-default\">\n\t\t\t\t\t<div class=\"elementor-column elementor-col-100 elementor-top-column elementor-element elementor-element-98ca1ee\" data-id=\"98ca1ee\" data-element_type=\"column\">\n\t\t\t<div class=\"elementor-widget-wrap elementor-element-populated\">\n\t\t\t\t\t\t<div class=\"elementor-element elementor-element-6850d05 elementor-widget elementor-widget-heading\" data-id=\"6850d05\" data-element_type=\"widget\" data-widget_type=\"heading.default\">\n\t\t\t\t<div class=\"elementor-widget-container\">\n\t\t\t\t\t<h2 class=\"elementor-heading-title elementor-size-default\">\u00daltimas Noticias<\/h2>\t\t\t\t<\/div>\n\t\t\t\t<\/div>\n\t\t\t\t<div class=\"elementor-element elementor-element-29ca728 elementor-widget elementor-widget-html\" data-id=\"29ca728\" data-element_type=\"widget\" data-widget_type=\"html.default\">\n\t\t\t\t<div class=\"elementor-widget-container\">\n\t\t\t\t\t<div class=\"pt-cv-wrapper\"><div class=\"pt-cv-view pt-cv-grid pt-cv-colsys\" id=\"pt-cv-view-9e9a891qnu\"><div data-id=\"pt-cv-page-1\" class=\"pt-cv-page\" data-cvc=\"1\"><div class=\"col-md-12 col-sm-12 col-xs-12 pt-cv-content-item pt-cv-1-col\" ><div class='pt-cv-ifield'><a href=\"https:\/\/blogsaverroes.juntadeandalucia.es\/bpmoya\/plan-de-igualdad-y-pacto-de-estado-contra-la-violencia-de-genero-2\/\" class=\"_self pt-cv-href-thumbnail pt-cv-thumb-default\" target=\"_self\" ><img fetchpriority=\"high\" decoding=\"async\" width=\"1600\" height=\"1200\" src=\"https:\/\/blogsaverroes.juntadeandalucia.es\/bpmoya\/files\/2025\/07\/480299521_610796564920502_2506514237669899317_n.jpg\" class=\"pt-cv-thumbnail\" alt=\"\" srcset=\"https:\/\/blogsaverroes.juntadeandalucia.es\/bpmoya\/files\/2025\/07\/480299521_610796564920502_2506514237669899317_n.jpg 1600w, https:\/\/blogsaverroes.juntadeandalucia.es\/bpmoya\/files\/2025\/07\/480299521_610796564920502_2506514237669899317_n-300x225.jpg 300w, https:\/\/blogsaverroes.juntadeandalucia.es\/bpmoya\/files\/2025\/07\/480299521_610796564920502_2506514237669899317_n-1024x768.jpg 1024w, https:\/\/blogsaverroes.juntadeandalucia.es\/bpmoya\/files\/2025\/07\/480299521_610796564920502_2506514237669899317_n-768x576.jpg 768w, https:\/\/blogsaverroes.juntadeandalucia.es\/bpmoya\/files\/2025\/07\/480299521_610796564920502_2506514237669899317_n-1536x1152.jpg 1536w\" sizes=\"(max-width: 1600px) 100vw, 1600px\" \/><\/a>\n<h4 class=\"pt-cv-title\"><a href=\"https:\/\/blogsaverroes.juntadeandalucia.es\/bpmoya\/plan-de-igualdad-y-pacto-de-estado-contra-la-violencia-de-genero-2\/\" class=\"_self\" target=\"_self\" >Plan de Igualdad y Pacto de estado contra la violencia de g\u00e9nero<\/a><\/h4>\n<div class=\"pt-cv-content\">Plan de Igualdad y Pacto de estado contra la violencia de g\u00e9nero El \u00e1mbito educativo tiene un papel decisivo en la sensibilizaci\u00f3n, la prevenci\u00f3n y detecci\u00f3n temprana de la violencia de g\u00e9nero. Actuar ante la violencia de g\u00e9nero es siempre obligatorio, en los centros educativos, adem\u00e1s, hay que tener muy ...<br \/><div class=\"pt-cv-rmwrap\"><a href=\"https:\/\/blogsaverroes.juntadeandalucia.es\/bpmoya\/plan-de-igualdad-y-pacto-de-estado-contra-la-violencia-de-genero-2\/\" class=\"_self pt-cv-readmore btn btn-success\" target=\"_self\">Leer M\u00e1s<\/a><\/div><\/div><\/div><\/div><\/div><\/div><\/div>\t\t\t\t<\/div>\n\t\t\t\t<\/div>\n\t\t\t\t<div class=\"elementor-element elementor-element-ef68cbd elementor-widget elementor-widget-heading\" data-id=\"ef68cbd\" data-element_type=\"widget\" data-widget_type=\"heading.default\">\n\t\t\t\t<div class=\"elementor-widget-container\">\n\t\t\t\t\t<h3 class=\"elementor-heading-title elementor-size-default\"><a href=\"https:\/\/blogsaverroes.juntadeandalucia.es\/bpmoya\/files\/2025\/06\/Alumnado-Refuero-Estival-2024_25.pdf\" target=\"_blank\">PROGRAMA DE REFUERZO EDUCATIVO EN PERIODO ESTIVAL <br>CURSO 2024\/2025: Alumnado admitido.<\/a><\/h3>\t\t\t\t<\/div>\n\t\t\t\t<\/div>\n\t\t\t\t<div class=\"elementor-element elementor-element-5af7b7c5 elementor-widget elementor-widget-heading\" data-id=\"5af7b7c5\" data-element_type=\"widget\" data-widget_type=\"heading.default\">\n\t\t\t\t<div class=\"elementor-widget-container\">\n\t\t\t\t\t<h4 class=\"elementor-heading-title elementor-size-default\"><a href=\"https:\/\/blogsaverroes.juntadeandalucia.es\/bpmoya\/blogs-del-centro\/\">Aventuras diarias, aprendizaje que inspira: \u00a1Forjando el futuro con alegr\u00eda!<\/a><\/h4>\t\t\t\t<\/div>\n\t\t\t\t<\/div>\n\t\t\t\t<div class=\"elementor-element elementor-element-6193176d elementor-widget elementor-widget-heading\" data-id=\"6193176d\" data-element_type=\"widget\" data-widget_type=\"heading.default\">\n\t\t\t\t<div class=\"elementor-widget-container\">\n\t\t\t\t\t<h5 class=\"elementor-heading-title elementor-size-default\"><a href=\"https:\/\/blogsaverroes.juntadeandalucia.es\/bpmoya\/blogs-del-centro\/\">TAMBI\u00c9N EDUCAMOS PARA APRENDER A SER FELIZ<\/a><\/h5>\t\t\t\t<\/div>\n\t\t\t\t<\/div>\n\t\t\t\t<section class=\"elementor-section elementor-inner-section elementor-element elementor-element-311251c5 elementor-section-content-top elementor-section-boxed elementor-section-height-default elementor-section-height-default\" data-id=\"311251c5\" data-element_type=\"section\">\n\t\t\t\t\t\t<div class=\"elementor-container elementor-column-gap-no\">\n\t\t\t\t\t<div class=\"elementor-column elementor-col-50 elementor-inner-column elementor-element elementor-element-49dcafa4\" data-id=\"49dcafa4\" data-element_type=\"column\">\n\t\t\t<div class=\"elementor-widget-wrap elementor-element-populated\">\n\t\t\t\t\t\t<div class=\"elementor-element elementor-element-726ea29 elementor-widget elementor-widget-image-box\" data-id=\"726ea29\" data-element_type=\"widget\" data-widget_type=\"image-box.default\">\n\t\t\t\t<div class=\"elementor-widget-container\">\n\t\t\t\t\t<div class=\"elementor-image-box-wrapper\"><div class=\"elementor-image-box-content\"><h3 class=\"elementor-image-box-title\">Tabl\u00f3n de Anuncios<\/h3><p class=\"elementor-image-box-description\">ACONTECIMIENTOS Y EVENTOS<\/p><\/div><\/div>\t\t\t\t<\/div>\n\t\t\t\t<\/div>\n\t\t\t\t<div class=\"elementor-element elementor-element-a8f626a elementor-widget elementor-widget-html\" data-id=\"a8f626a\" data-element_type=\"widget\" data-widget_type=\"html.default\">\n\t\t\t\t<div class=\"elementor-widget-container\">\n\t\t\t\t\t<div class=\"pt-cv-wrapper\"><div class=\"pt-cv-view pt-cv-grid pt-cv-colsys\" id=\"pt-cv-view-354c5811y3\"><div data-id=\"pt-cv-page-1\" class=\"pt-cv-page\" data-cvc=\"1\"><div class=\"col-md-12 col-sm-12 col-xs-12 pt-cv-content-item pt-cv-1-col\" ><div class='pt-cv-ifield'><a href=\"https:\/\/blogsaverroes.juntadeandalucia.es\/bpmoya\/dia-de-la-mujer\/\" class=\"_self pt-cv-href-thumbnail pt-cv-thumb-default\" target=\"_self\" ><img decoding=\"async\" width=\"702\" height=\"501\" src=\"https:\/\/blogsaverroes.juntadeandalucia.es\/bpmoya\/files\/2024\/03\/Dia-de-la-Mujer.jpg\" class=\"pt-cv-thumbnail\" alt=\"\" srcset=\"https:\/\/blogsaverroes.juntadeandalucia.es\/bpmoya\/files\/2024\/03\/Dia-de-la-Mujer.jpg 702w, https:\/\/blogsaverroes.juntadeandalucia.es\/bpmoya\/files\/2024\/03\/Dia-de-la-Mujer-300x214.jpg 300w\" sizes=\"(max-width: 702px) 100vw, 702px\" \/><\/a>\n<h4 class=\"pt-cv-title\"><a href=\"https:\/\/blogsaverroes.juntadeandalucia.es\/bpmoya\/dia-de-la-mujer\/\" class=\"_self\" target=\"_self\" >D\u00eda de la Mujer<\/a><\/h4>\n<div class=\"pt-cv-content\">D\u00eda de la Mujer - 8 de Marzo ...<br \/><div class=\"pt-cv-rmwrap\"><a href=\"https:\/\/blogsaverroes.juntadeandalucia.es\/bpmoya\/dia-de-la-mujer\/\" class=\"_self pt-cv-readmore btn btn-success\" target=\"_self\">Leer M\u00e1s<\/a><\/div><\/div><\/div><\/div><\/div><\/div><\/div>\t\t\t\t<\/div>\n\t\t\t\t<\/div>\n\t\t\t\t\t<\/div>\n\t\t<\/div>\n\t\t\t\t<div class=\"elementor-column elementor-col-50 elementor-inner-column elementor-element elementor-element-18b2f163\" data-id=\"18b2f163\" data-element_type=\"column\">\n\t\t\t<div class=\"elementor-widget-wrap elementor-element-populated\">\n\t\t\t\t\t\t<div class=\"elementor-element elementor-element-39cf0cc0 elementor-widget elementor-widget-image-box\" data-id=\"39cf0cc0\" data-element_type=\"widget\" data-widget_type=\"image-box.default\">\n\t\t\t\t<div class=\"elementor-widget-container\">\n\t\t\t\t\t<div class=\"elementor-image-box-wrapper\"><div class=\"elementor-image-box-content\"><h3 class=\"elementor-image-box-title\">Noticias Alumnado<\/h3><p class=\"elementor-image-box-description\">MEJORANDO D\u00cdA A D\u00cdA<\/p><\/div><\/div>\t\t\t\t<\/div>\n\t\t\t\t<\/div>\n\t\t\t\t<div class=\"elementor-element elementor-element-3b928ba elementor-widget elementor-widget-html\" data-id=\"3b928ba\" data-element_type=\"widget\" data-widget_type=\"html.default\">\n\t\t\t\t<div class=\"elementor-widget-container\">\n\t\t\t\t\t<div class=\"pt-cv-wrapper\"><div class=\"pt-cv-view pt-cv-grid pt-cv-colsys\" id=\"pt-cv-view-9f2869betd\"><div data-id=\"pt-cv-page-1\" class=\"pt-cv-page\" data-cvc=\"1\"><div class=\"col-md-12 col-sm-12 col-xs-12 pt-cv-content-item pt-cv-1-col\" ><div class='pt-cv-ifield'><a href=\"https:\/\/blogsaverroes.juntadeandalucia.es\/bpmoya\/cima-24-25\/\" class=\"_self pt-cv-href-thumbnail pt-cv-thumb-default\" target=\"_self\" ><img decoding=\"async\" width=\"1200\" height=\"1600\" src=\"https:\/\/blogsaverroes.juntadeandalucia.es\/bpmoya\/files\/2025\/07\/IMG-20250402-WA0009.jpg\" class=\"pt-cv-thumbnail\" alt=\"\" srcset=\"https:\/\/blogsaverroes.juntadeandalucia.es\/bpmoya\/files\/2025\/07\/IMG-20250402-WA0009.jpg 1200w, https:\/\/blogsaverroes.juntadeandalucia.es\/bpmoya\/files\/2025\/07\/IMG-20250402-WA0009-225x300.jpg 225w, https:\/\/blogsaverroes.juntadeandalucia.es\/bpmoya\/files\/2025\/07\/IMG-20250402-WA0009-768x1024.jpg 768w, https:\/\/blogsaverroes.juntadeandalucia.es\/bpmoya\/files\/2025\/07\/IMG-20250402-WA0009-1152x1536.jpg 1152w\" sizes=\"(max-width: 1200px) 100vw, 1200px\" \/><\/a>\n<h4 class=\"pt-cv-title\"><a href=\"https:\/\/blogsaverroes.juntadeandalucia.es\/bpmoya\/cima-24-25\/\" class=\"_self\" target=\"_self\" >CIMA 24-25<\/a><\/h4>\n<div class=\"pt-cv-content\">PROGRAMA CIMA 2024-2025 Con este Programa, se pretende reforzar y consolidar una senda acorde con los objetivos adoptados a nivel ...<br \/><div class=\"pt-cv-rmwrap\"><a href=\"https:\/\/blogsaverroes.juntadeandalucia.es\/bpmoya\/cima-24-25\/\" class=\"_self pt-cv-readmore btn btn-success\" target=\"_self\">Leer M\u00e1s<\/a><\/div><\/div><\/div><\/div><\/div><\/div><\/div>\t\t\t\t<\/div>\n\t\t\t\t<\/div>\n\t\t\t\t\t<\/div>\n\t\t<\/div>\n\t\t\t\t\t<\/div>\n\t\t<\/section>\n\t\t\t\t\t<\/div>\n\t\t<\/div>\n\t\t\t\t\t<\/div>\n\t\t<\/section>\n\t\t\t\t<\/div>\n\t\t","protected":false},"excerpt":{"rendered":"<p>\u00daltimas Noticias PROGRAMA DE REFUERZO EDUCATIVO EN PERIODO ESTIVAL CURSO 2024\/2025: Alumnado admitido. Aventuras diarias, aprendizaje que inspira: \u00a1Forjando el futuro con alegr\u00eda! TAMBI\u00c9N EDUCAMOS&hellip;<\/p>\n","protected":false},"author":10692,"featured_media":2516,"parent":0,"menu_order":0,"comment_status":"closed","ping_status":"closed","template":"elementor_header_footer","meta":{"ngg_post_thumbnail":0,"footnotes":"","_mc_calendar":[]},"aioseo_notices":[],"_links":{"self":[{"href":"https:\/\/blogsaverroes.juntadeandalucia.es\/bpmoya\/wp-json\/wp\/v2\/pages\/2408"}],"collection":[{"href":"https:\/\/blogsaverroes.juntadeandalucia.es\/bpmoya\/wp-json\/wp\/v2\/pages"}],"about":[{"href":"https:\/\/blogsaverroes.juntadeandalucia.es\/bpmoya\/wp-json\/wp\/v2\/types\/page"}],"author":[{"embeddable":true,"href":"https:\/\/blogsaverroes.juntadeandalucia.es\/bpmoya\/wp-json\/wp\/v2\/users\/10692"}],"replies":[{"embeddable":true,"href":"https:\/\/blogsaverroes.juntadeandalucia.es\/bpmoya\/wp-json\/wp\/v2\/comments?post=2408"}],"version-history":[{"count":193,"href":"https:\/\/blogsaverroes.juntadeandalucia.es\/bpmoya\/wp-json\/wp\/v2\/pages\/2408\/revisions"}],"predecessor-version":[{"id":5492,"href":"https:\/\/blogsaverroes.juntadeandalucia.es\/bpmoya\/wp-json\/wp\/v2\/pages\/2408\/revisions\/5492"}],"wp:featuredmedia":[{"embeddable":true,"href":"https:\/\/blogsaverroes.juntadeandalucia.es\/bpmoya\/wp-json\/wp\/v2\/media\/2516"}],"wp:attachment":[{"href":"https:\/\/blogsaverroes.juntadeandalucia.es\/bpmoya\/wp-json\/wp\/v2\/media?parent=2408"}],"curies":[{"name":"wp","href":"https:\/\/api.w.org\/{rel}","templated":true}]}}