{"id":49,"date":"2015-03-13T08:47:05","date_gmt":"2015-03-13T08:47:05","guid":{"rendered":"http:\/\/blogsaverroes.juntadeandalucia.es\/pre\/ceip\/?page_id=49"},"modified":"2024-11-19T22:29:31","modified_gmt":"2024-11-19T22:29:31","slug":"proyecto-educativo","status":"publish","type":"page","link":"https:\/\/blogsaverroes.juntadeandalucia.es\/bpmoya\/proyecto-educativo\/","title":{"rendered":"Proyecto Educativo"},"content":{"rendered":"\t\t<div data-elementor-type=\"wp-page\" data-elementor-id=\"49\" class=\"elementor elementor-49\">\n\t\t\t\t\t\t<section class=\"elementor-section elementor-top-section elementor-element elementor-element-9b88a62 elementor-section-content-middle elementor-section-full_width elementor-section-height-default elementor-section-height-default\" data-id=\"9b88a62\" data-element_type=\"section\" data-settings=\"{&quot;background_background&quot;:&quot;classic&quot;}\">\n\t\t\t\t\t\t\t<div class=\"elementor-background-overlay\"><\/div>\n\t\t\t\t\t\t\t<div class=\"elementor-container elementor-column-gap-no\">\n\t\t\t\t\t<div class=\"elementor-column elementor-col-100 elementor-top-column elementor-element elementor-element-38b203a0\" data-id=\"38b203a0\" data-element_type=\"column\">\n\t\t\t<div class=\"elementor-widget-wrap elementor-element-populated\">\n\t\t\t\t\t\t<div class=\"elementor-element elementor-element-7354b384 elementor-widget elementor-widget-heading\" data-id=\"7354b384\" data-element_type=\"widget\" data-widget_type=\"heading.default\">\n\t\t\t\t<div class=\"elementor-widget-container\">\n\t\t\t\t\t<h1 class=\"elementor-heading-title elementor-size-default\">Proyecto Educativo<\/h1>\t\t\t\t<\/div>\n\t\t\t\t<\/div>\n\t\t\t\t<div class=\"elementor-element elementor-element-29eef11b elementor-widget elementor-widget-heading\" data-id=\"29eef11b\" data-element_type=\"widget\" data-widget_type=\"heading.default\">\n\t\t\t\t<div class=\"elementor-widget-container\">\n\t\t\t\t\t<h5 class=\"elementor-heading-title elementor-size-default\">Elaborado por y para la comunidad educativa.<\/h5>\t\t\t\t<\/div>\n\t\t\t\t<\/div>\n\t\t\t\t\t<\/div>\n\t\t<\/div>\n\t\t\t\t\t<\/div>\n\t\t<\/section>\n\t\t\t\t<section class=\"elementor-section elementor-top-section elementor-element elementor-element-11843a2d elementor-section-boxed elementor-section-height-default elementor-section-height-default\" data-id=\"11843a2d\" data-element_type=\"section\">\n\t\t\t\t\t\t<div class=\"elementor-container elementor-column-gap-default\">\n\t\t\t\t\t<div class=\"elementor-column elementor-col-100 elementor-top-column elementor-element elementor-element-13c3264e\" data-id=\"13c3264e\" data-element_type=\"column\">\n\t\t\t<div class=\"elementor-widget-wrap elementor-element-populated\">\n\t\t\t\t\t\t<div class=\"elementor-element elementor-element-7125121 elementor-widget elementor-widget-text-editor\" data-id=\"7125121\" data-element_type=\"widget\" data-widget_type=\"text-editor.default\">\n\t\t\t\t<div class=\"elementor-widget-container\">\n\t\t\t\t\t\t\t\t\t<p>\u00a0\u00a0\u00a0\u00a0\u00a0\u00a0\u00a0 El <strong>Proyecto Educativo de Centro<\/strong> es un documento pedag\u00f3gico elaborado por y para la comunidad educativa. El PEC es el marco de referencia ya que recoge de forma detallada la identidad, objetivos y organizaci\u00f3n de un centro educativo con el objetivo de dar respuesta eficaz a las necesidades y demandas que se puedan presentar a lo largo del curso escolar. Se trata de un documento institucional de planificaci\u00f3n educativa que establece los valores, los objetivos y las prioridades de actuaci\u00f3n del centro.<\/p><p>\u00a0\u00a0\u00a0\u00a0\u00a0\u00a0\u00a0 El proyecto educativo de centro es de gran importancia tanto para el funcionamiento interno de un colegio o instituto como para que la comunidad escolar y aquellas personas y organizaciones con las que se relacionan conozcan su funcionamiento, sus objetivos y su identidad.<\/p>\t\t\t\t\t\t\t\t<\/div>\n\t\t\t\t<\/div>\n\t\t\t\t<div class=\"elementor-element elementor-element-2575f6b elementor-icon-list--layout-traditional elementor-list-item-link-full_width elementor-widget elementor-widget-icon-list\" data-id=\"2575f6b\" data-element_type=\"widget\" data-widget_type=\"icon-list.default\">\n\t\t\t\t<div class=\"elementor-widget-container\">\n\t\t\t\t\t\t\t<ul class=\"elementor-icon-list-items\">\n\t\t\t\t\t\t\t<li class=\"elementor-icon-list-item\">\n\t\t\t\t\t\t\t\t\t\t\t<a href=\"https:\/\/blogsaverroes.juntadeandalucia.es\/bpmoya\/files\/2024\/07\/1_OBJETIVOS-PROPIOS-PARA-LA-MEJORA-DEL-RENDIMIENTO-ESCOLAR.pdf\" target=\"_blank\">\n\n\t\t\t\t\t\t\t\t\t\t\t\t<span class=\"elementor-icon-list-icon\">\n\t\t\t\t\t\t\t<i aria-hidden=\"true\" class=\"far fa-arrow-alt-circle-right\"><\/i>\t\t\t\t\t\t<\/span>\n\t\t\t\t\t\t\t\t\t\t<span class=\"elementor-icon-list-text\">1 OBJETIVOS  PROPIOS PARA LA MEJORA DEL RENDIMIENTO ESCOLAR<\/span>\n\t\t\t\t\t\t\t\t\t\t\t<\/a>\n\t\t\t\t\t\t\t\t\t<\/li>\n\t\t\t\t\t\t\t\t<li class=\"elementor-icon-list-item\">\n\t\t\t\t\t\t\t\t\t\t\t<a href=\"https:\/\/blogsaverroes.juntadeandalucia.es\/bpmoya\/files\/2024\/07\/2_LINEAS-DE-ACTUACION-PEDAGOGICA.pdf\" target=\"_blank\">\n\n\t\t\t\t\t\t\t\t\t\t\t\t<span class=\"elementor-icon-list-icon\">\n\t\t\t\t\t\t\t<i aria-hidden=\"true\" class=\"far fa-arrow-alt-circle-right\"><\/i>\t\t\t\t\t\t<\/span>\n\t\t\t\t\t\t\t\t\t\t<span class=\"elementor-icon-list-text\">2 LINEAS GENERALES DE ACTUACION PEDAGOGICA<\/span>\n\t\t\t\t\t\t\t\t\t\t\t<\/a>\n\t\t\t\t\t\t\t\t\t<\/li>\n\t\t\t\t\t\t\t\t<li class=\"elementor-icon-list-item\">\n\t\t\t\t\t\t\t\t\t\t\t<a href=\"https:\/\/blogsaverroes.juntadeandalucia.es\/bpmoya\/files\/2022\/04\/4_HORARIO_DE_LAS_PERSONAS_QUE_EJERCEN_COORDINACIONES.pdf\" target=\"_blank\">\n\n\t\t\t\t\t\t\t\t\t\t\t\t<span class=\"elementor-icon-list-icon\">\n\t\t\t\t\t\t\t<i aria-hidden=\"true\" class=\"far fa-arrow-alt-circle-right\"><\/i>\t\t\t\t\t\t<\/span>\n\t\t\t\t\t\t\t\t\t\t<span class=\"elementor-icon-list-text\">3 CRITERIOS DE ELABORACI\u00d3N DE PROPUESTAS PEDAG\u00d3GICAS Y PROGRAMACIONES DID\u00c1CTICAS.<\/span>\n\t\t\t\t\t\t\t\t\t\t\t<\/a>\n\t\t\t\t\t\t\t\t\t<\/li>\n\t\t\t\t\t\t<\/ul>\n\t\t\t\t\t\t<\/div>\n\t\t\t\t<\/div>\n\t\t\t\t<div class=\"elementor-element elementor-element-e68bf63 elementor-widget elementor-widget-toggle\" data-id=\"e68bf63\" data-element_type=\"widget\" data-widget_type=\"toggle.default\">\n\t\t\t\t<div class=\"elementor-widget-container\">\n\t\t\t\t\t\t\t<div class=\"elementor-toggle\">\n\t\t\t\t\t\t\t<div class=\"elementor-toggle-item\">\n\t\t\t\t\t<div id=\"elementor-tab-title-2411\" class=\"elementor-tab-title\" data-tab=\"1\" role=\"button\" aria-controls=\"elementor-tab-content-2411\" aria-expanded=\"false\">\n\t\t\t\t\t\t\t\t\t\t\t\t<span class=\"elementor-toggle-icon elementor-toggle-icon-left\" aria-hidden=\"true\">\n\t\t\t\t\t\t\t\t\t\t\t\t\t\t\t<span class=\"elementor-toggle-icon-closed\"><i class=\"far fa-arrow-alt-circle-right\"><\/i><\/span>\n\t\t\t\t\t\t\t\t<span class=\"elementor-toggle-icon-opened\"><i class=\"elementor-toggle-icon-opened far fa-arrow-alt-circle-right\"><\/i><\/span>\n\t\t\t\t\t\t\t\t\t\t\t\t\t<\/span>\n\t\t\t\t\t\t\t\t\t\t\t\t<a class=\"elementor-toggle-title\" tabindex=\"0\"> 4.1 PROPUESTAS PEDAG\u00d3GICAS INFANTIL 24-25<\/a>\n\t\t\t\t\t<\/div>\n\n\t\t\t\t\t<div id=\"elementor-tab-content-2411\" class=\"elementor-tab-content elementor-clearfix\" data-tab=\"1\" role=\"region\" aria-labelledby=\"elementor-tab-title-2411\"><h4>\u00c1MBITOS 3 A\u00d1OS<\/h4><ul><li style=\"list-style-type: none\"><ul><li style=\"list-style-type: none\"><ul><li style=\"list-style-type: none\"><ul><li><a href=\"https:\/\/blogsaverroes.juntadeandalucia.es\/bpmoya\/files\/2024\/11\/Comunicacion-y-representacion-de-la-realidad-3-Anos.pdf\" target=\"_blank\" rel=\"noopener\">Comunicaci\u00f3n y representaci\u00f3n de la realidad<\/a><\/li><li><a href=\"https:\/\/blogsaverroes.juntadeandalucia.es\/bpmoya\/files\/2024\/11\/Crecimiento-en-Armonia-3-Anos.pdf\" target=\"_blank\" rel=\"noopener\">Crecimiento en Armon\u00eda<\/a><\/li><li><a href=\"https:\/\/blogsaverroes.juntadeandalucia.es\/bpmoya\/files\/2024\/11\/Descubrimiento-y-exploracion-del-entorno-3-Anos.pdf\" target=\"_blank\" rel=\"noopener\">Descubrimiento y exploraci\u00f3n del entorno<\/a><\/li><\/ul><\/li><\/ul><\/li><\/ul><\/li><\/ul><h4>\u00c1MBITOS 4 A\u00d1OS<\/h4><ul><li style=\"list-style-type: none\"><ul><li style=\"list-style-type: none\"><ul><li style=\"list-style-type: none\"><ul><li><a href=\"https:\/\/blogsaverroes.juntadeandalucia.es\/bpmoya\/files\/2024\/11\/Comunicacion-y-representacion-de-la-realidad-4-Anos.pdf\" target=\"_blank\" rel=\"noopener\">Comunicaci\u00f3n y representaci\u00f3n de la realidad<\/a><\/li><li><a href=\"https:\/\/blogsaverroes.juntadeandalucia.es\/bpmoya\/files\/2024\/11\/Crecimiento-en-Armonia-4-Anos.pdf\" target=\"_blank\" rel=\"noopener\">Crecimiento en Armon\u00eda<\/a><\/li><li><a href=\"https:\/\/blogsaverroes.juntadeandalucia.es\/bpmoya\/files\/2024\/11\/Descubrimiento-y-exploracion-del-entorno-4-Anos.pdf\" target=\"_blank\" rel=\"noopener\">Descubrimiento y exploraci\u00f3n del entorno<\/a><\/li><\/ul><\/li><\/ul><\/li><\/ul><\/li><\/ul><h4>\u00c1MBITOS 5 A\u00d1OS<\/h4><ul><li style=\"list-style-type: none\"><ul><li style=\"list-style-type: none\"><ul><li style=\"list-style-type: none\"><ul><li><a href=\"https:\/\/blogsaverroes.juntadeandalucia.es\/bpmoya\/files\/2024\/11\/Comunicacion-y-representacion-de-la-realidad-5-Anos.pdf\" target=\"_blank\" rel=\"noopener\">Comunicaci\u00f3n y representaci\u00f3n de la realidad<\/a><\/li><li><a href=\"https:\/\/blogsaverroes.juntadeandalucia.es\/bpmoya\/files\/2024\/11\/Crecimiento-en-Armonia-5-Anos.pdf\" target=\"_blank\" rel=\"noopener\">Crecimiento en Armon\u00eda<\/a><\/li><li><a href=\"https:\/\/blogsaverroes.juntadeandalucia.es\/bpmoya\/files\/2024\/11\/Descubrimiento-y-exploracion-del-entorno-5-Anos.pdf\" target=\"_blank\" rel=\"noopener\">Descubrimiento y exploraci\u00f3n del entorno<\/a><\/li><\/ul><\/li><\/ul><\/li><\/ul><\/li><\/ul><ul style=\"list-style-type: square\"><li><a href=\"https:\/\/blogsaverroes.juntadeandalucia.es\/bpmoya\/files\/2024\/11\/Religion-Infantil.pdf\">Religi\u00f3n Infantil<\/a><\/li><\/ul><\/div>\n\t\t\t\t<\/div>\n\t\t\t\t\t\t\t\t<\/div>\n\t\t\t\t\t\t<\/div>\n\t\t\t\t<\/div>\n\t\t\t\t<div class=\"elementor-element elementor-element-7eb9194 elementor-widget elementor-widget-spacer\" data-id=\"7eb9194\" data-element_type=\"widget\" data-widget_type=\"spacer.default\">\n\t\t\t\t<div class=\"elementor-widget-container\">\n\t\t\t\t\t\t\t<div class=\"elementor-spacer\">\n\t\t\t<div class=\"elementor-spacer-inner\"><\/div>\n\t\t<\/div>\n\t\t\t\t\t\t<\/div>\n\t\t\t\t<\/div>\n\t\t\t\t<div class=\"elementor-element elementor-element-b1fb6ea elementor-widget elementor-widget-toggle\" data-id=\"b1fb6ea\" data-element_type=\"widget\" data-widget_type=\"toggle.default\">\n\t\t\t\t<div class=\"elementor-widget-container\">\n\t\t\t\t\t\t\t<div class=\"elementor-toggle\">\n\t\t\t\t\t\t\t<div class=\"elementor-toggle-item\">\n\t\t\t\t\t<div id=\"elementor-tab-title-1861\" class=\"elementor-tab-title\" data-tab=\"1\" role=\"button\" aria-controls=\"elementor-tab-content-1861\" aria-expanded=\"false\">\n\t\t\t\t\t\t\t\t\t\t\t\t<span class=\"elementor-toggle-icon elementor-toggle-icon-left\" aria-hidden=\"true\">\n\t\t\t\t\t\t\t\t\t\t\t\t\t\t\t<span class=\"elementor-toggle-icon-closed\"><i class=\"far fa-arrow-alt-circle-right\"><\/i><\/span>\n\t\t\t\t\t\t\t\t<span class=\"elementor-toggle-icon-opened\"><i class=\"elementor-toggle-icon-opened far fa-arrow-alt-circle-right\"><\/i><\/span>\n\t\t\t\t\t\t\t\t\t\t\t\t\t<\/span>\n\t\t\t\t\t\t\t\t\t\t\t\t<a class=\"elementor-toggle-title\" tabindex=\"0\"> 4.2 PROGRAMACI\u00d3N DID\u00c1CTICA DE PRIMARIA<\/a>\n\t\t\t\t\t<\/div>\n\n\t\t\t\t\t<div id=\"elementor-tab-content-1861\" class=\"elementor-tab-content elementor-clearfix\" data-tab=\"1\" role=\"region\" aria-labelledby=\"elementor-tab-title-1861\"><h4>CMSN<\/h4><ul><li style=\"list-style-type: none\"><ul><li style=\"list-style-type: none\"><ul><li style=\"list-style-type: none\"><ul><li><a href=\"https:\/\/blogsaverroes.juntadeandalucia.es\/bpmoya\/files\/2024\/11\/CMSN-1o.pdf\" target=\"_blank\" rel=\"noopener\">CMSN 1\u00ba<\/a><\/li><li><a href=\"https:\/\/blogsaverroes.juntadeandalucia.es\/bpmoya\/files\/2024\/11\/CMSN-2o.pdf\" target=\"_blank\" rel=\"noopener\">CMSN 2\u00ba<\/a><\/li><li><a href=\"https:\/\/blogsaverroes.juntadeandalucia.es\/bpmoya\/files\/2024\/11\/CMSN-3o.pdf\" target=\"_blank\" rel=\"noopener\">CMSN 3\u00ba<\/a><\/li><li><a href=\"https:\/\/blogsaverroes.juntadeandalucia.es\/bpmoya\/files\/2024\/11\/CMSN-4o.pdf\" target=\"_blank\" rel=\"noopener\">CMSN 4\u00ba<\/a><\/li><li><a href=\"https:\/\/blogsaverroes.juntadeandalucia.es\/bpmoya\/files\/2024\/11\/CMSN-5o.pdf\" target=\"_blank\" rel=\"noopener\">CMSN 5\u00ba<\/a><\/li><li><a href=\"https:\/\/blogsaverroes.juntadeandalucia.es\/bpmoya\/files\/2024\/11\/CMSN-6o.pdf\" target=\"_blank\" rel=\"noopener\">CMSN 6\u00ba<\/a><\/li><\/ul><\/li><\/ul><\/li><\/ul><\/li><\/ul><h4>EDUCACI\u00d3N ART\u00cdSTICA<\/h4><ul><li style=\"list-style-type: none\"><ul><li style=\"list-style-type: none\"><ul><li style=\"list-style-type: none\"><ul><li><a href=\"https:\/\/blogsaverroes.juntadeandalucia.es\/bpmoya\/files\/2024\/11\/E-.-Artistica-1o.pdf\" target=\"_blank\" rel=\"noopener\">E. ART\u00cdSTICA 1\u00ba<\/a><\/li><li><a href=\"https:\/\/blogsaverroes.juntadeandalucia.es\/bpmoya\/files\/2024\/11\/E-.-Artistica-2o.pdf\" target=\"_blank\" rel=\"noopener\">E. ART\u00cdSTICA 2\u00ba<\/a><\/li><li><a href=\"https:\/\/blogsaverroes.juntadeandalucia.es\/bpmoya\/files\/2024\/11\/E-.-Artistica-3o.pdf\" target=\"_blank\" rel=\"noopener\">E. ART\u00cdSTICA 3\u00ba<\/a><\/li><li><a href=\"https:\/\/blogsaverroes.juntadeandalucia.es\/bpmoya\/files\/2024\/11\/E-.-Artistica-4o.pdf\" target=\"_blank\" rel=\"noopener\">E. ART\u00cdSTICA 4\u00ba<\/a><\/li><li><a href=\"https:\/\/blogsaverroes.juntadeandalucia.es\/bpmoya\/files\/2024\/11\/E-.-Artistica-5o.pdf\" target=\"_blank\" rel=\"noopener\">E. ART\u00cdSTICA 5\u00ba<\/a><\/li><li><a href=\"https:\/\/blogsaverroes.juntadeandalucia.es\/bpmoya\/files\/2024\/11\/E-.-Artistica-6o.pdf\" target=\"_blank\" rel=\"noopener\">E. ART\u00cdSTICA 6\u00ba<\/a><\/li><\/ul><\/li><\/ul><\/li><\/ul><\/li><\/ul><h4>EDUCACI\u00d3N F\u00cdSICA<\/h4><ul><li style=\"list-style-type: none\"><ul><li style=\"list-style-type: none\"><ul><li style=\"list-style-type: none\"><ul><li><a href=\"https:\/\/blogsaverroes.juntadeandalucia.es\/bpmoya\/files\/2024\/11\/EF-1o.pdf\" target=\"_blank\" rel=\"noopener\">E. F\u00cdSICA 1\u00ba<\/a><\/li><li><a href=\"https:\/\/blogsaverroes.juntadeandalucia.es\/bpmoya\/files\/2024\/11\/EF-2o.pdf\" target=\"_blank\" rel=\"noopener\">E. F\u00cdSICA 2\u00ba<\/a><\/li><li><a href=\"https:\/\/blogsaverroes.juntadeandalucia.es\/bpmoya\/files\/2024\/11\/EF-3o.pdf\" target=\"_blank\" rel=\"noopener\">E. F\u00cdSICA 3\u00ba<\/a><\/li><li><a href=\"https:\/\/blogsaverroes.juntadeandalucia.es\/bpmoya\/files\/2024\/11\/EF-4o.pdf\" target=\"_blank\" rel=\"noopener\">E. F\u00cdSICA 4\u00ba<\/a><\/li><li><a href=\"https:\/\/blogsaverroes.juntadeandalucia.es\/bpmoya\/files\/2024\/11\/EF-5o.pdf\" target=\"_blank\" rel=\"noopener\">E. F\u00cdSICA 5\u00ba<\/a><\/li><li><a href=\"https:\/\/blogsaverroes.juntadeandalucia.es\/bpmoya\/files\/2024\/11\/EF-6o.pdf\" target=\"_blank\" rel=\"noopener\">E. F\u00cdSICA 6\u00ba<\/a><\/li><\/ul><\/li><\/ul><\/li><\/ul><\/li><\/ul><h4>FRANC\u00c9S<\/h4><ul><li style=\"list-style-type: none\"><ul><li style=\"list-style-type: none\"><ul><li style=\"list-style-type: none\"><ul><li><a href=\"https:\/\/blogsaverroes.juntadeandalucia.es\/bpmoya\/files\/2024\/11\/Frances-5o.pdf\" target=\"_blank\" rel=\"noopener\">FRNAC\u00c9S 5\u00ba<\/a><\/li><li><a href=\"https:\/\/blogsaverroes.juntadeandalucia.es\/bpmoya\/files\/2024\/11\/Frances-6o.pdf\" target=\"_blank\" rel=\"noopener\">FRNAC\u00c9S 6\u00ba<\/a><\/li><\/ul><\/li><\/ul><\/li><\/ul><\/li><\/ul><h4>LCL<\/h4><ul><li style=\"list-style-type: none\"><ul><li style=\"list-style-type: none\"><ul><li style=\"list-style-type: none\"><ul><li><a href=\"https:\/\/blogsaverroes.juntadeandalucia.es\/bpmoya\/files\/2024\/11\/LCL-1o.pdf\" target=\"_blank\" rel=\"noopener\">LCL 1\u00ba<\/a><\/li><li><a href=\"https:\/\/blogsaverroes.juntadeandalucia.es\/bpmoya\/files\/2024\/11\/LCL-2o.pdf\" target=\"_blank\" rel=\"noopener\">LCL 2\u00ba<\/a><\/li><li><a href=\"https:\/\/blogsaverroes.juntadeandalucia.es\/bpmoya\/files\/2024\/11\/LCL-3o.pdf\" target=\"_blank\" rel=\"noopener\">LCL 3\u00ba<\/a><\/li><li><a href=\"https:\/\/blogsaverroes.juntadeandalucia.es\/bpmoya\/files\/2024\/11\/LCL-4o.pdf\" target=\"_blank\" rel=\"noopener\">LCL 4\u00ba<\/a><\/li><li><a href=\"https:\/\/blogsaverroes.juntadeandalucia.es\/bpmoya\/files\/2024\/11\/LCL-5o.pdf\" target=\"_blank\" rel=\"noopener\">LCL 5\u00ba<\/a><\/li><li><a href=\"https:\/\/blogsaverroes.juntadeandalucia.es\/bpmoya\/files\/2024\/11\/LCL-6o.pdf\" target=\"_blank\" rel=\"noopener\">LCL 6\u00ba<\/a><\/li><\/ul><\/li><\/ul><\/li><\/ul><\/li><\/ul><h4>MATEM\u00c1TICAS<\/h4><ul><li style=\"list-style-type: none\"><ul><li style=\"list-style-type: none\"><ul><li style=\"list-style-type: none\"><ul><li><a href=\"https:\/\/blogsaverroes.juntadeandalucia.es\/bpmoya\/files\/2024\/11\/MAT-1o.pdf\" target=\"_blank\" rel=\"noopener\">MAT 1\u00ba<\/a><\/li><li><a href=\"https:\/\/blogsaverroes.juntadeandalucia.es\/bpmoya\/files\/2024\/11\/MAT-2o.pdf\" target=\"_blank\" rel=\"noopener\">MAT 2\u00ba<\/a><\/li><li><a href=\"https:\/\/blogsaverroes.juntadeandalucia.es\/bpmoya\/files\/2024\/11\/MAT-3o.pdf\" target=\"_blank\" rel=\"noopener\">MAT 3\u00ba<\/a><\/li><li><a href=\"https:\/\/blogsaverroes.juntadeandalucia.es\/bpmoya\/files\/2024\/11\/MAT-4o.pdf\" target=\"_blank\" rel=\"noopener\">MAT 4\u00ba<\/a><\/li><li><a href=\"https:\/\/blogsaverroes.juntadeandalucia.es\/bpmoya\/files\/2024\/11\/MAT-5o.pdf\" target=\"_blank\" rel=\"noopener\">MAT 5\u00ba<\/a><\/li><li><a href=\"https:\/\/blogsaverroes.juntadeandalucia.es\/bpmoya\/files\/2024\/11\/MAT-6o.pdf\" target=\"_blank\" rel=\"noopener\">MAT 6\u00ba<\/a><\/li><\/ul><\/li><\/ul><\/li><\/ul><\/li><\/ul><h4>RELIGI\u00d3N<\/h4><ul><li style=\"list-style-type: none\"><ul><li style=\"list-style-type: none\"><ul><li style=\"list-style-type: none\"><ul><li><a href=\"https:\/\/blogsaverroes.juntadeandalucia.es\/bpmoya\/files\/2024\/11\/Religion-1o.pdf\" target=\"_blank\" rel=\"noopener\">RELIGI\u00d3N 1\u00ba<\/a><\/li><li><a href=\"https:\/\/blogsaverroes.juntadeandalucia.es\/bpmoya\/files\/2024\/11\/Religion-2o.pdf\" target=\"_blank\" rel=\"noopener\">RELIGI\u00d3N 2\u00ba<\/a><\/li><li><a href=\"https:\/\/blogsaverroes.juntadeandalucia.es\/bpmoya\/files\/2024\/11\/Religion-3o.pdf\" target=\"_blank\" rel=\"noopener\">RELIGI\u00d3N 3\u00ba<\/a><\/li><li><a href=\"https:\/\/blogsaverroes.juntadeandalucia.es\/bpmoya\/files\/2024\/11\/Religion-4o.pdf\" target=\"_blank\" rel=\"noopener\">RELIGI\u00d3N 4\u00ba<\/a><\/li><li><a href=\"https:\/\/blogsaverroes.juntadeandalucia.es\/bpmoya\/files\/2024\/11\/Religion-5o.pdf\" target=\"_blank\" rel=\"noopener\">RELIGI\u00d3N 5\u00ba<\/a><\/li><li><a href=\"https:\/\/blogsaverroes.juntadeandalucia.es\/bpmoya\/files\/2024\/11\/Religion-6o.pdf\" target=\"_blank\" rel=\"noopener\">RELIGI\u00d3N 6\u00ba<\/a><\/li><\/ul><\/li><\/ul><\/li><\/ul><\/li><\/ul><h4>VALORES SOCIALES<\/h4><ul><li style=\"list-style-type: none\"><ul><li style=\"list-style-type: none\"><ul><li style=\"list-style-type: none\"><ul><li><a href=\"https:\/\/blogsaverroes.juntadeandalucia.es\/bpmoya\/files\/2024\/11\/Valores-Sociales-6o.pdf\" target=\"_blank\" rel=\"noopener\">VALORES SOCIALES \u00ba<\/a><\/li><\/ul><\/li><\/ul><\/li><\/ul><\/li><\/ul><p>\u00a0<\/p><ul><li><a href=\"https:\/\/blogsaverroes.juntadeandalucia.es\/bpmoya\/files\/2024\/11\/A-LCT-24-25.pdf\" target=\"_blank\" rel=\"noopener\">A LCT 24-25<\/a><\/li><li><a href=\"https:\/\/blogsaverroes.juntadeandalucia.es\/bpmoya\/files\/2024\/11\/ATEDU-PRIMARIA.pdf\" target=\"_blank\" rel=\"noopener\">ATEDU PRIMARIA<\/a><\/li><\/ul><\/div>\n\t\t\t\t<\/div>\n\t\t\t\t\t\t\t\t<\/div>\n\t\t\t\t\t\t<\/div>\n\t\t\t\t<\/div>\n\t\t\t\t<div class=\"elementor-element elementor-element-e22a3c0 elementor-widget elementor-widget-toggle\" data-id=\"e22a3c0\" data-element_type=\"widget\" data-widget_type=\"toggle.default\">\n\t\t\t\t<div class=\"elementor-widget-container\">\n\t\t\t\t\t\t\t<div class=\"elementor-toggle\">\n\t\t\t\t\t\t\t<div class=\"elementor-toggle-item\">\n\t\t\t\t\t<div id=\"elementor-tab-title-2371\" class=\"elementor-tab-title\" data-tab=\"1\" role=\"button\" aria-controls=\"elementor-tab-content-2371\" aria-expanded=\"false\">\n\t\t\t\t\t\t\t\t\t\t\t\t<span class=\"elementor-toggle-icon elementor-toggle-icon-left\" aria-hidden=\"true\">\n\t\t\t\t\t\t\t\t\t\t\t\t\t\t\t<span class=\"elementor-toggle-icon-closed\"><i class=\"far fa-arrow-alt-circle-right\"><\/i><\/span>\n\t\t\t\t\t\t\t\t<span class=\"elementor-toggle-icon-opened\"><i class=\"elementor-toggle-icon-opened far fa-arrow-alt-circle-right\"><\/i><\/span>\n\t\t\t\t\t\t\t\t\t\t\t\t\t<\/span>\n\t\t\t\t\t\t\t\t\t\t\t\t<a class=\"elementor-toggle-title\" tabindex=\"0\">5 PROCEDIMIENTOS Y CRITERIOS DE EVALUACI\u00d3N DEL ALUMNADO<\/a>\n\t\t\t\t\t<\/div>\n\n\t\t\t\t\t<div id=\"elementor-tab-content-2371\" class=\"elementor-tab-content elementor-clearfix\" data-tab=\"1\" role=\"region\" aria-labelledby=\"elementor-tab-title-2371\"><ul><li style=\"list-style-type: none\"><ul><li style=\"list-style-type: none\"><ul><li style=\"list-style-type: none\"><ul><li><a href=\"https:\/\/blogsaverroes.juntadeandalucia.es\/bpmoya\/files\/2024\/07\/5.1-Evaluacion-educacion-infantil.pdf\" target=\"_blank\" rel=\"noopener\">EVALUACI\u00d3N EDUCACI\u00d3N INFANTIL<\/a><\/li><li><a href=\"https:\/\/blogsaverroes.juntadeandalucia.es\/bpmoya\/files\/2024\/07\/5.2-Evaluacion-educacion-primaria.pdf\" target=\"_blank\" rel=\"noopener\">EVALUACI\u00d3N EDUCACI\u00d3N PRIMARIA<\/a><\/li><li><a href=\"https:\/\/blogsaverroes.juntadeandalucia.es\/bpmoya\/files\/2024\/07\/5.3-Rubricas_de_los_criterios_de_evaluacion_LOMLOE_E_Infantil_y_cursos.pdf\" target=\"_blank\" rel=\"noopener\">R\u00daBRICAS DE CRITERIOS DE EVALUACI\u00d3N<\/a><\/li><li><a href=\"https:\/\/blogsaverroes.juntadeandalucia.es\/bpmoya\/files\/2024\/07\/5.4-Modelos-reclamaciones-evaluacion.pdf\" target=\"_blank\" rel=\"noopener\">MODELOS PARA LAS RECLAMACIONES<\/a><\/li><li><a href=\"https:\/\/blogsaverroes.juntadeandalucia.es\/bpmoya\/files\/2024\/07\/Registros-de-evaluacion_individual_ciclo_centro.pdf\">REGISTRO DE INFORMACI\u00d3N INDIVIDUAL SESI\u00d3N DE EVALUACI\u00d3N<\/a><\/li><\/ul><\/li><\/ul><\/li><\/ul><\/li><\/ul><\/div>\n\t\t\t\t<\/div>\n\t\t\t\t\t\t\t\t<\/div>\n\t\t\t\t\t\t<\/div>\n\t\t\t\t<\/div>\n\t\t\t\t<div class=\"elementor-element elementor-element-4649516 elementor-icon-list--layout-traditional elementor-list-item-link-full_width elementor-widget elementor-widget-icon-list\" data-id=\"4649516\" data-element_type=\"widget\" data-widget_type=\"icon-list.default\">\n\t\t\t\t<div class=\"elementor-widget-container\">\n\t\t\t\t\t\t\t<ul class=\"elementor-icon-list-items\">\n\t\t\t\t\t\t\t<li class=\"elementor-icon-list-item\">\n\t\t\t\t\t\t\t\t\t\t\t<a href=\"https:\/\/blogsaverroes.juntadeandalucia.es\/bpmoya\/files\/2024\/07\/6_PLAN-ATENCION-DIVERSIDAD.pdf\" target=\"_blank\">\n\n\t\t\t\t\t\t\t\t\t\t\t\t<span class=\"elementor-icon-list-icon\">\n\t\t\t\t\t\t\t<i aria-hidden=\"true\" class=\"far fa-arrow-alt-circle-right\"><\/i>\t\t\t\t\t\t<\/span>\n\t\t\t\t\t\t\t\t\t\t<span class=\"elementor-icon-list-text\">6 PLAN DE ATENCI\u00d3N A LA DIVERSIDAD<\/span>\n\t\t\t\t\t\t\t\t\t\t\t<\/a>\n\t\t\t\t\t\t\t\t\t<\/li>\n\t\t\t\t\t\t<\/ul>\n\t\t\t\t\t\t<\/div>\n\t\t\t\t<\/div>\n\t\t\t\t<div class=\"elementor-element elementor-element-7b7c616 elementor-widget elementor-widget-toggle\" data-id=\"7b7c616\" data-element_type=\"widget\" data-widget_type=\"toggle.default\">\n\t\t\t\t<div class=\"elementor-widget-container\">\n\t\t\t\t\t\t\t<div class=\"elementor-toggle\">\n\t\t\t\t\t\t\t<div class=\"elementor-toggle-item\">\n\t\t\t\t\t<div id=\"elementor-tab-title-1291\" class=\"elementor-tab-title\" data-tab=\"1\" role=\"button\" aria-controls=\"elementor-tab-content-1291\" aria-expanded=\"false\">\n\t\t\t\t\t\t\t\t\t\t\t\t<span class=\"elementor-toggle-icon elementor-toggle-icon-left\" aria-hidden=\"true\">\n\t\t\t\t\t\t\t\t\t\t\t\t\t\t\t<span class=\"elementor-toggle-icon-closed\"><i class=\"far fa-arrow-alt-circle-right\"><\/i><\/span>\n\t\t\t\t\t\t\t\t<span class=\"elementor-toggle-icon-opened\"><i class=\"elementor-toggle-icon-opened far fa-arrow-alt-circle-right\"><\/i><\/span>\n\t\t\t\t\t\t\t\t\t\t\t\t\t<\/span>\n\t\t\t\t\t\t\t\t\t\t\t\t<a class=\"elementor-toggle-title\" tabindex=\"0\">7 POAT Y TR\u00c1NSITO<\/a>\n\t\t\t\t\t<\/div>\n\n\t\t\t\t\t<div id=\"elementor-tab-content-1291\" class=\"elementor-tab-content elementor-clearfix\" data-tab=\"1\" role=\"region\" aria-labelledby=\"elementor-tab-title-1291\"><ul><li style=\"list-style-type: none\"><ul><li style=\"list-style-type: none\"><ul><li style=\"list-style-type: none\"><ul><li><a href=\"https:\/\/blogsaverroes.juntadeandalucia.es\/bpmoya\/files\/2024\/07\/5.1-Evaluacion-educacion-infantil.pdf\" target=\"_blank\" rel=\"noopener\">POAT Y TR\u00c1NSITO<\/a><\/li><li><a href=\"https:\/\/blogsaverroes.juntadeandalucia.es\/bpmoya\/files\/2024\/07\/7.2_ANEXO-POAT.ACOGIDA-PROFESORADO-Y-ALUMNADO.pdf\" target=\"_blank\" rel=\"noopener\">ANEXO POAT. ACOGIDA PROFESORADO Y ALUMNADO<\/a><\/li><\/ul><\/li><\/ul><\/li><\/ul><\/li><\/ul><\/div>\n\t\t\t\t<\/div>\n\t\t\t\t\t\t\t\t<\/div>\n\t\t\t\t\t\t<\/div>\n\t\t\t\t<\/div>\n\t\t\t\t<div class=\"elementor-element elementor-element-d548b3e elementor-widget elementor-widget-toggle\" data-id=\"d548b3e\" data-element_type=\"widget\" data-widget_type=\"toggle.default\">\n\t\t\t\t<div class=\"elementor-widget-container\">\n\t\t\t\t\t\t\t<div class=\"elementor-toggle\">\n\t\t\t\t\t\t\t<div class=\"elementor-toggle-item\">\n\t\t\t\t\t<div id=\"elementor-tab-title-2231\" class=\"elementor-tab-title\" data-tab=\"1\" role=\"button\" aria-controls=\"elementor-tab-content-2231\" aria-expanded=\"false\">\n\t\t\t\t\t\t\t\t\t\t\t\t<span class=\"elementor-toggle-icon elementor-toggle-icon-left\" aria-hidden=\"true\">\n\t\t\t\t\t\t\t\t\t\t\t\t\t\t\t<span class=\"elementor-toggle-icon-closed\"><i class=\"far fa-arrow-alt-circle-right\"><\/i><\/span>\n\t\t\t\t\t\t\t\t<span class=\"elementor-toggle-icon-opened\"><i class=\"elementor-toggle-icon-opened far fa-arrow-alt-circle-right\"><\/i><\/span>\n\t\t\t\t\t\t\t\t\t\t\t\t\t<\/span>\n\t\t\t\t\t\t\t\t\t\t\t\t<a class=\"elementor-toggle-title\" tabindex=\"0\">8 PROCEDIMIENTO PARA SUSCRIBIR COMPROMISOS<\/a>\n\t\t\t\t\t<\/div>\n\n\t\t\t\t\t<div id=\"elementor-tab-content-2231\" class=\"elementor-tab-content elementor-clearfix\" data-tab=\"1\" role=\"region\" aria-labelledby=\"elementor-tab-title-2231\"><ul><li style=\"list-style-type: none\"><ul><li style=\"list-style-type: none\"><ul><li style=\"list-style-type: none\"><ul><li><a href=\"https:\/\/blogsaverroes.juntadeandalucia.es\/bpmoya\/files\/2024\/07\/5.1-Evaluacion-educacion-infantil.pdf\" target=\"_blank\" rel=\"noopener\">MODELO COMPROMISO DE CONVIVENCIA<\/a><\/li><li>MODELO COMPROMISO EDUCATIVO<\/li><li><a href=\"https:\/\/blogsaverroes.juntadeandalucia.es\/bpmoya\/files\/2024\/07\/8-PROCEDIMIENTO-PARA-SUSCRIBIR-COMPROMISOS-EDUCATIVOS-Y-DE-CONVIVENCIA-CON-LAS-FAMILIAS.pdf\" target=\"_blank\" rel=\"noopener\">PROCEDIMIENTO PARA SUSCRIBIR COMPROMISOS EDUCATIVOS Y DE CONVIVENCIA CON LAS FAMILIAS<\/a><\/li><\/ul><\/li><\/ul><\/li><\/ul><\/li><\/ul><\/div>\n\t\t\t\t<\/div>\n\t\t\t\t\t\t\t\t<\/div>\n\t\t\t\t\t\t<\/div>\n\t\t\t\t<\/div>\n\t\t\t\t<div class=\"elementor-element elementor-element-a655b1d elementor-icon-list--layout-traditional elementor-list-item-link-full_width elementor-widget elementor-widget-icon-list\" data-id=\"a655b1d\" data-element_type=\"widget\" data-widget_type=\"icon-list.default\">\n\t\t\t\t<div class=\"elementor-widget-container\">\n\t\t\t\t\t\t\t<ul class=\"elementor-icon-list-items\">\n\t\t\t\t\t\t\t<li class=\"elementor-icon-list-item\">\n\t\t\t\t\t\t\t\t\t\t\t<a href=\"https:\/\/blogsaverroes.juntadeandalucia.es\/bpmoya\/files\/2024\/07\/9_PLAN-DE-CONVIVENCIA-2023_-2024.pdf\" target=\"_blank\">\n\n\t\t\t\t\t\t\t\t\t\t\t\t<span class=\"elementor-icon-list-icon\">\n\t\t\t\t\t\t\t<i aria-hidden=\"true\" class=\"far fa-arrow-alt-circle-right\"><\/i>\t\t\t\t\t\t<\/span>\n\t\t\t\t\t\t\t\t\t\t<span class=\"elementor-icon-list-text\">9 PLAN DE CONVIVENCIA<\/span>\n\t\t\t\t\t\t\t\t\t\t\t<\/a>\n\t\t\t\t\t\t\t\t\t<\/li>\n\t\t\t\t\t\t\t\t<li class=\"elementor-icon-list-item\">\n\t\t\t\t\t\t\t\t\t\t\t<a href=\"https:\/\/blogsaverroes.juntadeandalucia.es\/bpmoya\/files\/2024\/07\/10_PLAN-DE-FORMACION-23-24.pdf\" target=\"_blank\">\n\n\t\t\t\t\t\t\t\t\t\t\t\t<span class=\"elementor-icon-list-icon\">\n\t\t\t\t\t\t\t<i aria-hidden=\"true\" class=\"far fa-arrow-alt-circle-right\"><\/i>\t\t\t\t\t\t<\/span>\n\t\t\t\t\t\t\t\t\t\t<span class=\"elementor-icon-list-text\">10 PLAN DE FORMACION<\/span>\n\t\t\t\t\t\t\t\t\t\t\t<\/a>\n\t\t\t\t\t\t\t\t\t<\/li>\n\t\t\t\t\t\t\t\t<li class=\"elementor-icon-list-item\">\n\t\t\t\t\t\t\t\t\t\t\t<a href=\"https:\/\/blogsaverroes.juntadeandalucia.es\/bpmoya\/files\/2024\/07\/11_CRITERIOS-PARA-DISTRIBUIR-EL-TIEMPO-ESCOLAR-Y-PROGRAMAS-DE-INTERVENCION-EN-TIEMPO-EXTRAESCOLAR.pdf\" target=\"_blank\">\n\n\t\t\t\t\t\t\t\t\t\t\t\t<span class=\"elementor-icon-list-icon\">\n\t\t\t\t\t\t\t<i aria-hidden=\"true\" class=\"far fa-arrow-alt-circle-right\"><\/i>\t\t\t\t\t\t<\/span>\n\t\t\t\t\t\t\t\t\t\t<span class=\"elementor-icon-list-text\">11 CRITERIOS PARA DISTRIBUIR EL TIEMPO ESCOLAR Y PROGRAMAS DE INTERVENCI\u00d3N EN TIEMPO EXTRAESCOLAR<\/span>\n\t\t\t\t\t\t\t\t\t\t\t<\/a>\n\t\t\t\t\t\t\t\t\t<\/li>\n\t\t\t\t\t\t<\/ul>\n\t\t\t\t\t\t<\/div>\n\t\t\t\t<\/div>\n\t\t\t\t<div class=\"elementor-element elementor-element-d0e2974 elementor-widget elementor-widget-toggle\" data-id=\"d0e2974\" data-element_type=\"widget\" data-widget_type=\"toggle.default\">\n\t\t\t\t<div class=\"elementor-widget-container\">\n\t\t\t\t\t\t\t<div class=\"elementor-toggle\">\n\t\t\t\t\t\t\t<div class=\"elementor-toggle-item\">\n\t\t\t\t\t<div id=\"elementor-tab-title-2191\" class=\"elementor-tab-title\" data-tab=\"1\" role=\"button\" aria-controls=\"elementor-tab-content-2191\" aria-expanded=\"false\">\n\t\t\t\t\t\t\t\t\t\t\t\t<span class=\"elementor-toggle-icon elementor-toggle-icon-left\" aria-hidden=\"true\">\n\t\t\t\t\t\t\t\t\t\t\t\t\t\t\t<span class=\"elementor-toggle-icon-closed\"><i class=\"far fa-arrow-alt-circle-right\"><\/i><\/span>\n\t\t\t\t\t\t\t\t<span class=\"elementor-toggle-icon-opened\"><i class=\"elementor-toggle-icon-opened far fa-arrow-alt-circle-right\"><\/i><\/span>\n\t\t\t\t\t\t\t\t\t\t\t\t\t<\/span>\n\t\t\t\t\t\t\t\t\t\t\t\t<a class=\"elementor-toggle-title\" tabindex=\"0\">12 PROCEDIMIENTOS DE EVALUACI\u00d3N INTERNA<\/a>\n\t\t\t\t\t<\/div>\n\n\t\t\t\t\t<div id=\"elementor-tab-content-2191\" class=\"elementor-tab-content elementor-clearfix\" data-tab=\"1\" role=\"region\" aria-labelledby=\"elementor-tab-title-2191\"><ul><li style=\"list-style-type: none\"><ul><li style=\"list-style-type: none\"><ul><li style=\"list-style-type: none\"><ul><li><a href=\"https:\/\/blogsaverroes.juntadeandalucia.es\/bpmoya\/files\/2022\/04\/EVALUACI\u00d3N-INTERNA.-Proyecto-educativo.pdf\" target=\"_blank\" rel=\"noopener\">EVALUACI\u00d3N INTERNA<\/a><\/li><li><a href=\"https:\/\/blogsaverroes.juntadeandalucia.es\/bpmoya\/files\/2024\/07\/ITINERARIO-DE-EVALUACION-INTERNA-DEL-CENTRO.pdf\">ITINERARIO DE EVALUACI\u00d3N INTERNA DEL CENTRO<\/a><\/li><li><a href=\"https:\/\/blogsaverroes.juntadeandalucia.es\/bpmoya\/files\/2022\/04\/Anexo-I-Informe-de-Consejo-Escolar.pdf\" target=\"_blank\" rel=\"noopener\">ANEXO I Informe de Consejo Escolar<\/a><\/li><li><a href=\"https:\/\/blogsaverroes.juntadeandalucia.es\/bpmoya\/files\/2022\/04\/Anexo-II-Informe-del-Claustro.pdf\" target=\"_blank\" rel=\"noopener\">ANEXO II Informe del Claustro<\/a><\/li><li><a href=\"https:\/\/blogsaverroes.juntadeandalucia.es\/bpmoya\/anexo-iii-fichas-de-proceso\/\">ANEXO III FICHAS DE PROCESO<\/a><\/li><\/ul><\/li><\/ul><\/li><\/ul><\/li><\/ul><\/div>\n\t\t\t\t<\/div>\n\t\t\t\t\t\t\t\t<\/div>\n\t\t\t\t\t\t<\/div>\n\t\t\t\t<\/div>\n\t\t\t\t<div class=\"elementor-element elementor-element-1164f5d elementor-icon-list--layout-traditional elementor-list-item-link-full_width elementor-widget elementor-widget-icon-list\" data-id=\"1164f5d\" data-element_type=\"widget\" data-widget_type=\"icon-list.default\">\n\t\t\t\t<div class=\"elementor-widget-container\">\n\t\t\t\t\t\t\t<ul class=\"elementor-icon-list-items\">\n\t\t\t\t\t\t\t<li class=\"elementor-icon-list-item\">\n\t\t\t\t\t\t\t\t\t\t\t<a href=\"https:\/\/blogsaverroes.juntadeandalucia.es\/bpmoya\/files\/2024\/07\/13_HORARIO-INDIVIDUAL-DEL-PROFESORADO-Y-DE-LOS-ORGANOS-DE-COORDINACION-DOCENTE-ASIGNACION-DE-TUTORIAS-Y-AGRUPAMIENTOS.pdf\" target=\"_blank\">\n\n\t\t\t\t\t\t\t\t\t\t\t\t<span class=\"elementor-icon-list-icon\">\n\t\t\t\t\t\t\t<i aria-hidden=\"true\" class=\"far fa-arrow-alt-circle-right\"><\/i>\t\t\t\t\t\t<\/span>\n\t\t\t\t\t\t\t\t\t\t<span class=\"elementor-icon-list-text\">13 HORARIO INDIVIDUAL DEL PROFESORADO Y DE LOS \u00d3RGANOS DE COORDINACI\u00d3N DOCENTE ASIGNACI\u00d3N DE TUTOR\u00cdAS Y AGRUPAMIENTOS.<\/span>\n\t\t\t\t\t\t\t\t\t\t\t<\/a>\n\t\t\t\t\t\t\t\t\t<\/li>\n\t\t\t\t\t\t\t\t<li class=\"elementor-icon-list-item\">\n\t\t\t\t\t\t\t\t\t\t\t<a href=\"https:\/\/blogsaverroes.juntadeandalucia.es\/bpmoya\/files\/2024\/07\/14_PLANES-ESTRATEGICOS-QUE-SE-DESARROLLAN-EN-EL-CENTRO.pdf\" target=\"_blank\">\n\n\t\t\t\t\t\t\t\t\t\t\t\t<span class=\"elementor-icon-list-icon\">\n\t\t\t\t\t\t\t<i aria-hidden=\"true\" class=\"far fa-arrow-alt-circle-right\"><\/i>\t\t\t\t\t\t<\/span>\n\t\t\t\t\t\t\t\t\t\t<span class=\"elementor-icon-list-text\">14 PLANES ESTRAT\u00c9GICOS QUE SE DESARROLLAN EN EL CENTRO<\/span>\n\t\t\t\t\t\t\t\t\t\t\t<\/a>\n\t\t\t\t\t\t\t\t\t<\/li>\n\t\t\t\t\t\t<\/ul>\n\t\t\t\t\t\t<\/div>\n\t\t\t\t<\/div>\n\t\t\t\t\t<\/div>\n\t\t<\/div>\n\t\t\t\t\t<\/div>\n\t\t<\/section>\n\t\t\t\t<section class=\"elementor-section elementor-top-section elementor-element elementor-element-db76da1 elementor-section-content-top elementor-section-full_width elementor-section-stretched elementor-section-height-default elementor-section-height-default\" data-id=\"db76da1\" data-element_type=\"section\" data-settings=\"{&quot;stretch_section&quot;:&quot;section-stretched&quot;,&quot;background_background&quot;:&quot;gradient&quot;}\">\n\t\t\t\t\t\t\t<div class=\"elementor-background-overlay\"><\/div>\n\t\t\t\t\t\t\t<div class=\"elementor-container elementor-column-gap-no\">\n\t\t\t\t\t<div class=\"elementor-column elementor-col-100 elementor-top-column elementor-element elementor-element-fd1e83c\" data-id=\"fd1e83c\" data-element_type=\"column\" data-settings=\"{&quot;background_background&quot;:&quot;classic&quot;}\">\n\t\t\t<div class=\"elementor-widget-wrap elementor-element-populated\">\n\t\t\t\t\t<div class=\"elementor-background-overlay\"><\/div>\n\t\t\t\t\t\t<section class=\"elementor-section elementor-inner-section elementor-element elementor-element-12e3ecc elementor-section-boxed elementor-section-height-default elementor-section-height-default\" data-id=\"12e3ecc\" data-element_type=\"section\">\n\t\t\t\t\t\t<div class=\"elementor-container elementor-column-gap-default\">\n\t\t\t\t\t<div class=\"elementor-column elementor-col-50 elementor-inner-column elementor-element elementor-element-f775b4c\" data-id=\"f775b4c\" data-element_type=\"column\">\n\t\t\t<div class=\"elementor-widget-wrap elementor-element-populated\">\n\t\t\t\t\t\t\t<\/div>\n\t\t<\/div>\n\t\t\t\t<div class=\"elementor-column elementor-col-50 elementor-inner-column elementor-element elementor-element-3d81f33\" data-id=\"3d81f33\" data-element_type=\"column\">\n\t\t\t<div class=\"elementor-widget-wrap elementor-element-populated\">\n\t\t\t\t\t\t\t<\/div>\n\t\t<\/div>\n\t\t\t\t\t<\/div>\n\t\t<\/section>\n\t\t\t\t\t<\/div>\n\t\t<\/div>\n\t\t\t\t\t<\/div>\n\t\t<\/section>\n\t\t\t\t<\/div>\n\t\t","protected":false},"excerpt":{"rendered":"<p>Proyecto Educativo Elaborado por y para la comunidad educativa. \u00a0\u00a0\u00a0\u00a0\u00a0\u00a0\u00a0 El Proyecto Educativo de Centro es un documento pedag\u00f3gico elaborado por y para la comunidad&hellip;<\/p>\n","protected":false},"author":1,"featured_media":0,"parent":0,"menu_order":0,"comment_status":"closed","ping_status":"open","template":"elementor_theme","meta":{"ngg_post_thumbnail":0,"footnotes":"","_mc_calendar":[]},"aioseo_notices":[],"_links":{"self":[{"href":"https:\/\/blogsaverroes.juntadeandalucia.es\/bpmoya\/wp-json\/wp\/v2\/pages\/49"}],"collection":[{"href":"https:\/\/blogsaverroes.juntadeandalucia.es\/bpmoya\/wp-json\/wp\/v2\/pages"}],"about":[{"href":"https:\/\/blogsaverroes.juntadeandalucia.es\/bpmoya\/wp-json\/wp\/v2\/types\/page"}],"author":[{"embeddable":true,"href":"https:\/\/blogsaverroes.juntadeandalucia.es\/bpmoya\/wp-json\/wp\/v2\/users\/1"}],"replies":[{"embeddable":true,"href":"https:\/\/blogsaverroes.juntadeandalucia.es\/bpmoya\/wp-json\/wp\/v2\/comments?post=49"}],"version-history":[{"count":401,"href":"https:\/\/blogsaverroes.juntadeandalucia.es\/bpmoya\/wp-json\/wp\/v2\/pages\/49\/revisions"}],"predecessor-version":[{"id":5260,"href":"https:\/\/blogsaverroes.juntadeandalucia.es\/bpmoya\/wp-json\/wp\/v2\/pages\/49\/revisions\/5260"}],"wp:attachment":[{"href":"https:\/\/blogsaverroes.juntadeandalucia.es\/bpmoya\/wp-json\/wp\/v2\/media?parent=49"}],"curies":[{"name":"wp","href":"https:\/\/api.w.org\/{rel}","templated":true}]}}