{"id":3270,"date":"2021-11-25T12:24:57","date_gmt":"2021-11-25T12:24:57","guid":{"rendered":"https:\/\/blogsaverroes.juntadeandalucia.es\/ceeesantarosadelima\/?page_id=3270"},"modified":"2025-10-13T11:55:46","modified_gmt":"2025-10-13T11:55:46","slug":"t-d-e","status":"publish","type":"page","link":"https:\/\/blogsaverroes.juntadeandalucia.es\/ceeesantarosadelima\/t-d-e\/","title":{"rendered":"T.D.E."},"content":{"rendered":"<h4><strong>TRANSFORMACI\u00d3N DIGITAL EDUCATIVA CURSO 25-26<\/strong><\/h4>\n<p style=\"text-align: justify\" data-start=\"255\" data-end=\"722\">El <strong data-start=\"258\" data-end=\"287\">Plan de Actuaci\u00f3n Digital<\/strong> de nuestro centro tiene como finalidad seguir avanzando en la integraci\u00f3n efectiva de las tecnolog\u00edas en los procesos de ense\u00f1anza, aprendizaje y gesti\u00f3n.<br data-start=\"442\" data-end=\"445\"\/>Durante este curso escolar, continuaremos potenciando el uso de <strong data-start=\"509\" data-end=\"528\">S\u00e9neca e iPasen<\/strong> como herramientas de comunicaci\u00f3n y gesti\u00f3n, fomentando la <strong data-start=\"588\" data-end=\"625\">formaci\u00f3n digital del profesorado<\/strong> y la <strong data-start=\"631\" data-end=\"671\">participaci\u00f3n activa de las familias<\/strong> en la vida escolar a trav\u00e9s de medios digitales.<\/p>\n<p style=\"text-align: justify\" data-start=\"724\" data-end=\"964\">Adem\u00e1s, se promover\u00e1n iniciativas para mejorar la <strong data-start=\"774\" data-end=\"805\">competencia digital docente<\/strong>, la <strong data-start=\"810\" data-end=\"848\">actualizaci\u00f3n de la web del centro<\/strong> y la creaci\u00f3n de <strong data-start=\"866\" data-end=\"902\">espacios virtuales colaborativos<\/strong> que faciliten el trabajo en equipo y la toma de decisiones.<\/p>\n<p data-start=\"724\" data-end=\"964\"><a href=\"https:\/\/drive.google.com\/file\/d\/1Q07iIrT3dkesGDi0QT5FqxW8pAfS_t3k\/view?usp=sharing\">Plan de actuaci\u00f3n digital 25-26<\/a><\/p>\n<p><a href=\"https:\/\/blogsaverroes.juntadeandalucia.es\/ceeesantarosadelima\/files\/2025\/10\/PAD-25-26.jpg\"><img loading=\"lazy\" decoding=\"async\" class=\"size-large wp-image-5137 aligncenter\" src=\"https:\/\/blogsaverroes.juntadeandalucia.es\/ceeesantarosadelima\/files\/2025\/10\/PAD-25-26-483x1024.jpg\" alt=\"\" width=\"483\" height=\"1024\" srcset=\"https:\/\/blogsaverroes.juntadeandalucia.es\/ceeesantarosadelima\/files\/2025\/10\/PAD-25-26-483x1024.jpg 483w, https:\/\/blogsaverroes.juntadeandalucia.es\/ceeesantarosadelima\/files\/2025\/10\/PAD-25-26-141x300.jpg 141w, https:\/\/blogsaverroes.juntadeandalucia.es\/ceeesantarosadelima\/files\/2025\/10\/PAD-25-26-768x1629.jpg 768w, https:\/\/blogsaverroes.juntadeandalucia.es\/ceeesantarosadelima\/files\/2025\/10\/PAD-25-26-724x1536.jpg 724w, https:\/\/blogsaverroes.juntadeandalucia.es\/ceeesantarosadelima\/files\/2025\/10\/PAD-25-26.jpg 754w\" sizes=\"(max-width: 483px) 100vw, 483px\" \/><\/a><\/p>\n<p>&nbsp;<\/p>\n<p>&nbsp;<\/p>\n<h4><strong>TRANSFORMACI\u00d3N DIGITAL EDUCATIVA\/iPASEN<\/strong><\/h4>\n<p style=\"text-align: justify\"><span style=\"font-size: 11pt\">Nuestro colegio participa en el programa \u00abTransformaci\u00f3n Digital Educativa\u00bb, implantado por la Consejer\u00eda de Educaci\u00f3n de la Junta de Andaluc\u00eda a trav\u00e9s de nuestro <span style=\"font-size: 12pt\"><a href=\"https:\/\/blogsaverroes.juntadeandalucia.es\/ceeesantarosadelima\/files\/2022\/12\/PAD-22-23.pdf\" target=\"_blank\" rel=\"noopener noreferrer\">Plan de Actuaci\u00f3n Digital<\/a><\/span>. Dentro de este programa, uno de nuestros principales objetivos&nbsp; es continuar<\/span> avanzando en el uso de las comunicaciones entre profesorado y familias a trav\u00e9s de Pasen.&nbsp;&nbsp;Por ello, es muy recomendable que las familias instalen en sus dispositivos m\u00f3viles la aplicaci\u00f3n iPasen, disponible en Android y iPhone, de esta manera, podr\u00e1n recibir notificaciones y mensajes del profesorado y del centro sobre diferentes aspectos, tales como noticias generales del centro, mensajes concretos sobre sus hijos o hijas, calificaciones u observaciones sobre su rendimiento acad\u00e9mico, conducta, etc. Igualmente desde la aplicaci\u00f3n se podr\u00e1n firmar autorizaciones de actividades complementarias y extraescolares y otras funciones.<\/p>\n<p style=\"text-align: justify\">Aqu\u00ed dejamos un tutorial donde se explica c\u00f3mo se instala y sus utilidades.<\/p>\n<h4 style=\"text-align: center\"><a href=\"https:\/\/view.genial.ly\/600fc1a33ac19c0d8615b017\/horizontal-infographic-review-pasen-ipasen\" target=\"_blank\" rel=\"noopener noreferrer\">Tutorial de acceso a la web de iPasen<\/a><\/h4>\n<h4>&nbsp;<\/h4>\n<h4><strong>TRANSFORMACI\u00d3N DIGITAL EDUCATIVA\/iPASEN<\/strong><\/h4>\n\n\t\t<style>\n\t\t\t#gallery-1 {\n\t\t\t\tmargin: auto;\n\t\t\t}\n\t\t\t#gallery-1 .gallery-item {\n\t\t\t\tfloat: left;\n\t\t\t\tmargin-top: 10px;\n\t\t\t\ttext-align: center;\n\t\t\t\twidth: 33%;\n\t\t\t}\n\t\t\t#gallery-1 img {\n\t\t\t\tborder: 2px solid #cfcfcf;\n\t\t\t}\n\t\t\t#gallery-1 .gallery-caption {\n\t\t\t\tmargin-left: 0;\n\t\t\t}\n\t\t\t\/* see gallery_shortcode() in wp-includes\/media.php *\/\n\t\t<\/style>\n\t\t<div id='gallery-1' class='gallery galleryid-3270 gallery-columns-3 gallery-size-medium'><dl class='gallery-item'>\n\t\t\t<dt class='gallery-icon landscape'>\n\t\t\t\t<a href='https:\/\/blogsaverroes.juntadeandalucia.es\/ceeesantarosadelima\/files\/2021\/04\/USO-TIC-1.jpg'><img loading=\"lazy\" decoding=\"async\" width=\"300\" height=\"225\" src=\"https:\/\/blogsaverroes.juntadeandalucia.es\/ceeesantarosadelima\/files\/2021\/04\/USO-TIC-1-300x225.jpg\" class=\"attachment-medium size-medium\" alt=\"\" srcset=\"https:\/\/blogsaverroes.juntadeandalucia.es\/ceeesantarosadelima\/files\/2021\/04\/USO-TIC-1-300x225.jpg 300w, https:\/\/blogsaverroes.juntadeandalucia.es\/ceeesantarosadelima\/files\/2021\/04\/USO-TIC-1-1024x768.jpg 1024w, https:\/\/blogsaverroes.juntadeandalucia.es\/ceeesantarosadelima\/files\/2021\/04\/USO-TIC-1-768x576.jpg 768w, https:\/\/blogsaverroes.juntadeandalucia.es\/ceeesantarosadelima\/files\/2021\/04\/USO-TIC-1-1536x1152.jpg 1536w, https:\/\/blogsaverroes.juntadeandalucia.es\/ceeesantarosadelima\/files\/2021\/04\/USO-TIC-1.jpg 1600w\" sizes=\"(max-width: 300px) 100vw, 300px\" \/><\/a>\n\t\t\t<\/dt><\/dl><dl class='gallery-item'>\n\t\t\t<dt class='gallery-icon landscape'>\n\t\t\t\t<a href='https:\/\/blogsaverroes.juntadeandalucia.es\/ceeesantarosadelima\/files\/2021\/04\/USOTIC-31.jpg'><img loading=\"lazy\" decoding=\"async\" width=\"300\" height=\"225\" src=\"https:\/\/blogsaverroes.juntadeandalucia.es\/ceeesantarosadelima\/files\/2021\/04\/USOTIC-31-300x225.jpg\" class=\"attachment-medium size-medium\" alt=\"\" srcset=\"https:\/\/blogsaverroes.juntadeandalucia.es\/ceeesantarosadelima\/files\/2021\/04\/USOTIC-31-300x225.jpg 300w, https:\/\/blogsaverroes.juntadeandalucia.es\/ceeesantarosadelima\/files\/2021\/04\/USOTIC-31-1024x768.jpg 1024w, https:\/\/blogsaverroes.juntadeandalucia.es\/ceeesantarosadelima\/files\/2021\/04\/USOTIC-31-768x576.jpg 768w, https:\/\/blogsaverroes.juntadeandalucia.es\/ceeesantarosadelima\/files\/2021\/04\/USOTIC-31-1536x1152.jpg 1536w, https:\/\/blogsaverroes.juntadeandalucia.es\/ceeesantarosadelima\/files\/2021\/04\/USOTIC-31.jpg 1600w\" sizes=\"(max-width: 300px) 100vw, 300px\" \/><\/a>\n\t\t\t<\/dt><\/dl><dl class='gallery-item'>\n\t\t\t<dt class='gallery-icon landscape'>\n\t\t\t\t<a href='https:\/\/blogsaverroes.juntadeandalucia.es\/ceeesantarosadelima\/files\/2021\/04\/USO-TIC-23.jpg'><img loading=\"lazy\" decoding=\"async\" width=\"300\" height=\"225\" src=\"https:\/\/blogsaverroes.juntadeandalucia.es\/ceeesantarosadelima\/files\/2021\/04\/USO-TIC-23-300x225.jpg\" class=\"attachment-medium size-medium\" alt=\"\" srcset=\"https:\/\/blogsaverroes.juntadeandalucia.es\/ceeesantarosadelima\/files\/2021\/04\/USO-TIC-23-300x225.jpg 300w, https:\/\/blogsaverroes.juntadeandalucia.es\/ceeesantarosadelima\/files\/2021\/04\/USO-TIC-23-1024x768.jpg 1024w, https:\/\/blogsaverroes.juntadeandalucia.es\/ceeesantarosadelima\/files\/2021\/04\/USO-TIC-23-768x576.jpg 768w, https:\/\/blogsaverroes.juntadeandalucia.es\/ceeesantarosadelima\/files\/2021\/04\/USO-TIC-23-1536x1152.jpg 1536w, https:\/\/blogsaverroes.juntadeandalucia.es\/ceeesantarosadelima\/files\/2021\/04\/USO-TIC-23.jpg 1600w\" sizes=\"(max-width: 300px) 100vw, 300px\" \/><\/a>\n\t\t\t<\/dt><\/dl><br style=\"clear: both\" \/><dl class='gallery-item'>\n\t\t\t<dt class='gallery-icon portrait'>\n\t\t\t\t<a href='https:\/\/blogsaverroes.juntadeandalucia.es\/ceeesantarosadelima\/files\/2021\/04\/USO-TIC-41.jpg'><img loading=\"lazy\" decoding=\"async\" width=\"225\" height=\"300\" src=\"https:\/\/blogsaverroes.juntadeandalucia.es\/ceeesantarosadelima\/files\/2021\/04\/USO-TIC-41-225x300.jpg\" class=\"attachment-medium size-medium\" alt=\"\" srcset=\"https:\/\/blogsaverroes.juntadeandalucia.es\/ceeesantarosadelima\/files\/2021\/04\/USO-TIC-41-225x300.jpg 225w, https:\/\/blogsaverroes.juntadeandalucia.es\/ceeesantarosadelima\/files\/2021\/04\/USO-TIC-41-768x1024.jpg 768w, https:\/\/blogsaverroes.juntadeandalucia.es\/ceeesantarosadelima\/files\/2021\/04\/USO-TIC-41-1152x1536.jpg 1152w, https:\/\/blogsaverroes.juntadeandalucia.es\/ceeesantarosadelima\/files\/2021\/04\/USO-TIC-41.jpg 1200w\" sizes=\"(max-width: 225px) 100vw, 225px\" \/><\/a>\n\t\t\t<\/dt><\/dl><dl class='gallery-item'>\n\t\t\t<dt class='gallery-icon portrait'>\n\t\t\t\t<a href='https:\/\/blogsaverroes.juntadeandalucia.es\/ceeesantarosadelima\/files\/2021\/04\/USO-TIC-21.jpg'><img loading=\"lazy\" decoding=\"async\" width=\"225\" height=\"300\" src=\"https:\/\/blogsaverroes.juntadeandalucia.es\/ceeesantarosadelima\/files\/2021\/04\/USO-TIC-21-225x300.jpg\" class=\"attachment-medium size-medium\" alt=\"\" srcset=\"https:\/\/blogsaverroes.juntadeandalucia.es\/ceeesantarosadelima\/files\/2021\/04\/USO-TIC-21-225x300.jpg 225w, https:\/\/blogsaverroes.juntadeandalucia.es\/ceeesantarosadelima\/files\/2021\/04\/USO-TIC-21-768x1024.jpg 768w, https:\/\/blogsaverroes.juntadeandalucia.es\/ceeesantarosadelima\/files\/2021\/04\/USO-TIC-21-1152x1536.jpg 1152w, https:\/\/blogsaverroes.juntadeandalucia.es\/ceeesantarosadelima\/files\/2021\/04\/USO-TIC-21.jpg 1200w\" sizes=\"(max-width: 225px) 100vw, 225px\" \/><\/a>\n\t\t\t<\/dt><\/dl><dl class='gallery-item'>\n\t\t\t<dt class='gallery-icon portrait'>\n\t\t\t\t<a href='https:\/\/blogsaverroes.juntadeandalucia.es\/ceeesantarosadelima\/files\/2021\/04\/USO-TIC-34.jpg'><img loading=\"lazy\" decoding=\"async\" width=\"225\" height=\"300\" src=\"https:\/\/blogsaverroes.juntadeandalucia.es\/ceeesantarosadelima\/files\/2021\/04\/USO-TIC-34-225x300.jpg\" class=\"attachment-medium size-medium\" alt=\"\" srcset=\"https:\/\/blogsaverroes.juntadeandalucia.es\/ceeesantarosadelima\/files\/2021\/04\/USO-TIC-34-225x300.jpg 225w, https:\/\/blogsaverroes.juntadeandalucia.es\/ceeesantarosadelima\/files\/2021\/04\/USO-TIC-34-768x1024.jpg 768w, https:\/\/blogsaverroes.juntadeandalucia.es\/ceeesantarosadelima\/files\/2021\/04\/USO-TIC-34-1152x1536.jpg 1152w, https:\/\/blogsaverroes.juntadeandalucia.es\/ceeesantarosadelima\/files\/2021\/04\/USO-TIC-34.jpg 1200w\" sizes=\"(max-width: 225px) 100vw, 225px\" \/><\/a>\n\t\t\t<\/dt><\/dl><br style=\"clear: both\" \/><dl class='gallery-item'>\n\t\t\t<dt class='gallery-icon landscape'>\n\t\t\t\t<a href='https:\/\/blogsaverroes.juntadeandalucia.es\/ceeesantarosadelima\/files\/2021\/04\/USO-TIC-38.jpg'><img loading=\"lazy\" decoding=\"async\" width=\"300\" height=\"146\" src=\"https:\/\/blogsaverroes.juntadeandalucia.es\/ceeesantarosadelima\/files\/2021\/04\/USO-TIC-38-300x146.jpg\" class=\"attachment-medium size-medium\" alt=\"\" srcset=\"https:\/\/blogsaverroes.juntadeandalucia.es\/ceeesantarosadelima\/files\/2021\/04\/USO-TIC-38-300x146.jpg 300w, https:\/\/blogsaverroes.juntadeandalucia.es\/ceeesantarosadelima\/files\/2021\/04\/USO-TIC-38-1024x498.jpg 1024w, https:\/\/blogsaverroes.juntadeandalucia.es\/ceeesantarosadelima\/files\/2021\/04\/USO-TIC-38-768x373.jpg 768w, https:\/\/blogsaverroes.juntadeandalucia.es\/ceeesantarosadelima\/files\/2021\/04\/USO-TIC-38-1536x747.jpg 1536w, https:\/\/blogsaverroes.juntadeandalucia.es\/ceeesantarosadelima\/files\/2021\/04\/USO-TIC-38.jpg 1600w\" sizes=\"(max-width: 300px) 100vw, 300px\" \/><\/a>\n\t\t\t<\/dt><\/dl><dl class='gallery-item'>\n\t\t\t<dt class='gallery-icon landscape'>\n\t\t\t\t<a href='https:\/\/blogsaverroes.juntadeandalucia.es\/ceeesantarosadelima\/files\/2021\/04\/USO-TIC-13.jpg'><img loading=\"lazy\" decoding=\"async\" width=\"300\" height=\"225\" src=\"https:\/\/blogsaverroes.juntadeandalucia.es\/ceeesantarosadelima\/files\/2021\/04\/USO-TIC-13-300x225.jpg\" class=\"attachment-medium size-medium\" alt=\"\" srcset=\"https:\/\/blogsaverroes.juntadeandalucia.es\/ceeesantarosadelima\/files\/2021\/04\/USO-TIC-13-300x225.jpg 300w, https:\/\/blogsaverroes.juntadeandalucia.es\/ceeesantarosadelima\/files\/2021\/04\/USO-TIC-13-1024x769.jpg 1024w, https:\/\/blogsaverroes.juntadeandalucia.es\/ceeesantarosadelima\/files\/2021\/04\/USO-TIC-13-768x576.jpg 768w, https:\/\/blogsaverroes.juntadeandalucia.es\/ceeesantarosadelima\/files\/2021\/04\/USO-TIC-13-1536x1153.jpg 1536w, https:\/\/blogsaverroes.juntadeandalucia.es\/ceeesantarosadelima\/files\/2021\/04\/USO-TIC-13.jpg 1600w\" sizes=\"(max-width: 300px) 100vw, 300px\" \/><\/a>\n\t\t\t<\/dt><\/dl><dl class='gallery-item'>\n\t\t\t<dt class='gallery-icon landscape'>\n\t\t\t\t<a href='https:\/\/blogsaverroes.juntadeandalucia.es\/ceeesantarosadelima\/files\/2021\/04\/USO-TIC-19.jpg'><img loading=\"lazy\" decoding=\"async\" width=\"300\" height=\"146\" src=\"https:\/\/blogsaverroes.juntadeandalucia.es\/ceeesantarosadelima\/files\/2021\/04\/USO-TIC-19-300x146.jpg\" class=\"attachment-medium size-medium\" alt=\"\" srcset=\"https:\/\/blogsaverroes.juntadeandalucia.es\/ceeesantarosadelima\/files\/2021\/04\/USO-TIC-19-300x146.jpg 300w, https:\/\/blogsaverroes.juntadeandalucia.es\/ceeesantarosadelima\/files\/2021\/04\/USO-TIC-19-1024x497.jpg 1024w, https:\/\/blogsaverroes.juntadeandalucia.es\/ceeesantarosadelima\/files\/2021\/04\/USO-TIC-19-768x373.jpg 768w, https:\/\/blogsaverroes.juntadeandalucia.es\/ceeesantarosadelima\/files\/2021\/04\/USO-TIC-19-1536x746.jpg 1536w, https:\/\/blogsaverroes.juntadeandalucia.es\/ceeesantarosadelima\/files\/2021\/04\/USO-TIC-19.jpg 1600w\" sizes=\"(max-width: 300px) 100vw, 300px\" \/><\/a>\n\t\t\t<\/dt><\/dl><br style=\"clear: both\" \/><dl class='gallery-item'>\n\t\t\t<dt class='gallery-icon portrait'>\n\t\t\t\t<a href='https:\/\/blogsaverroes.juntadeandalucia.es\/ceeesantarosadelima\/files\/2021\/04\/USO-TIC-5.jpg'><img loading=\"lazy\" decoding=\"async\" width=\"225\" height=\"300\" src=\"https:\/\/blogsaverroes.juntadeandalucia.es\/ceeesantarosadelima\/files\/2021\/04\/USO-TIC-5-225x300.jpg\" class=\"attachment-medium size-medium\" alt=\"\" srcset=\"https:\/\/blogsaverroes.juntadeandalucia.es\/ceeesantarosadelima\/files\/2021\/04\/USO-TIC-5-225x300.jpg 225w, https:\/\/blogsaverroes.juntadeandalucia.es\/ceeesantarosadelima\/files\/2021\/04\/USO-TIC-5-769x1024.jpg 769w, https:\/\/blogsaverroes.juntadeandalucia.es\/ceeesantarosadelima\/files\/2021\/04\/USO-TIC-5-768x1023.jpg 768w, https:\/\/blogsaverroes.juntadeandalucia.es\/ceeesantarosadelima\/files\/2021\/04\/USO-TIC-5-1153x1536.jpg 1153w, https:\/\/blogsaverroes.juntadeandalucia.es\/ceeesantarosadelima\/files\/2021\/04\/USO-TIC-5.jpg 1201w\" sizes=\"(max-width: 225px) 100vw, 225px\" \/><\/a>\n\t\t\t<\/dt><\/dl><dl class='gallery-item'>\n\t\t\t<dt class='gallery-icon portrait'>\n\t\t\t\t<a href='https:\/\/blogsaverroes.juntadeandalucia.es\/ceeesantarosadelima\/files\/2021\/04\/USO-TIC-8.jpg'><img loading=\"lazy\" decoding=\"async\" width=\"225\" height=\"300\" src=\"https:\/\/blogsaverroes.juntadeandalucia.es\/ceeesantarosadelima\/files\/2021\/04\/USO-TIC-8-225x300.jpg\" class=\"attachment-medium size-medium\" alt=\"\" srcset=\"https:\/\/blogsaverroes.juntadeandalucia.es\/ceeesantarosadelima\/files\/2021\/04\/USO-TIC-8-225x300.jpg 225w, https:\/\/blogsaverroes.juntadeandalucia.es\/ceeesantarosadelima\/files\/2021\/04\/USO-TIC-8-769x1024.jpg 769w, https:\/\/blogsaverroes.juntadeandalucia.es\/ceeesantarosadelima\/files\/2021\/04\/USO-TIC-8-768x1023.jpg 768w, https:\/\/blogsaverroes.juntadeandalucia.es\/ceeesantarosadelima\/files\/2021\/04\/USO-TIC-8-1153x1536.jpg 1153w, https:\/\/blogsaverroes.juntadeandalucia.es\/ceeesantarosadelima\/files\/2021\/04\/USO-TIC-8.jpg 1201w\" sizes=\"(max-width: 225px) 100vw, 225px\" \/><\/a>\n\t\t\t<\/dt><\/dl><dl class='gallery-item'>\n\t\t\t<dt class='gallery-icon portrait'>\n\t\t\t\t<a href='https:\/\/blogsaverroes.juntadeandalucia.es\/ceeesantarosadelima\/files\/2021\/04\/USO-TIC-9.jpg'><img loading=\"lazy\" decoding=\"async\" width=\"225\" height=\"300\" src=\"https:\/\/blogsaverroes.juntadeandalucia.es\/ceeesantarosadelima\/files\/2021\/04\/USO-TIC-9-225x300.jpg\" class=\"attachment-medium size-medium\" alt=\"\" srcset=\"https:\/\/blogsaverroes.juntadeandalucia.es\/ceeesantarosadelima\/files\/2021\/04\/USO-TIC-9-225x300.jpg 225w, https:\/\/blogsaverroes.juntadeandalucia.es\/ceeesantarosadelima\/files\/2021\/04\/USO-TIC-9-768x1024.jpg 768w, https:\/\/blogsaverroes.juntadeandalucia.es\/ceeesantarosadelima\/files\/2021\/04\/USO-TIC-9-1152x1536.jpg 1152w, https:\/\/blogsaverroes.juntadeandalucia.es\/ceeesantarosadelima\/files\/2021\/04\/USO-TIC-9.jpg 1200w\" sizes=\"(max-width: 225px) 100vw, 225px\" \/><\/a>\n\t\t\t<\/dt><\/dl><br style=\"clear: both\" \/><dl class='gallery-item'>\n\t\t\t<dt class='gallery-icon landscape'>\n\t\t\t\t<a href='https:\/\/blogsaverroes.juntadeandalucia.es\/ceeesantarosadelima\/files\/2021\/04\/USO-TIC-12.jpg'><img loading=\"lazy\" decoding=\"async\" width=\"300\" height=\"146\" src=\"https:\/\/blogsaverroes.juntadeandalucia.es\/ceeesantarosadelima\/files\/2021\/04\/USO-TIC-12-300x146.jpg\" class=\"attachment-medium size-medium\" alt=\"\" srcset=\"https:\/\/blogsaverroes.juntadeandalucia.es\/ceeesantarosadelima\/files\/2021\/04\/USO-TIC-12-300x146.jpg 300w, https:\/\/blogsaverroes.juntadeandalucia.es\/ceeesantarosadelima\/files\/2021\/04\/USO-TIC-12-1024x498.jpg 1024w, https:\/\/blogsaverroes.juntadeandalucia.es\/ceeesantarosadelima\/files\/2021\/04\/USO-TIC-12-768x374.jpg 768w, https:\/\/blogsaverroes.juntadeandalucia.es\/ceeesantarosadelima\/files\/2021\/04\/USO-TIC-12.jpg 1480w\" sizes=\"(max-width: 300px) 100vw, 300px\" \/><\/a>\n\t\t\t<\/dt><\/dl><dl class='gallery-item'>\n\t\t\t<dt class='gallery-icon landscape'>\n\t\t\t\t<a href='https:\/\/blogsaverroes.juntadeandalucia.es\/ceeesantarosadelima\/files\/2021\/04\/USO-TIC-11.jpg'><img loading=\"lazy\" decoding=\"async\" width=\"300\" height=\"146\" src=\"https:\/\/blogsaverroes.juntadeandalucia.es\/ceeesantarosadelima\/files\/2021\/04\/USO-TIC-11-300x146.jpg\" class=\"attachment-medium size-medium\" alt=\"\" srcset=\"https:\/\/blogsaverroes.juntadeandalucia.es\/ceeesantarosadelima\/files\/2021\/04\/USO-TIC-11-300x146.jpg 300w, https:\/\/blogsaverroes.juntadeandalucia.es\/ceeesantarosadelima\/files\/2021\/04\/USO-TIC-11-1024x498.jpg 1024w, https:\/\/blogsaverroes.juntadeandalucia.es\/ceeesantarosadelima\/files\/2021\/04\/USO-TIC-11-768x374.jpg 768w, https:\/\/blogsaverroes.juntadeandalucia.es\/ceeesantarosadelima\/files\/2021\/04\/USO-TIC-11.jpg 1480w\" sizes=\"(max-width: 300px) 100vw, 300px\" \/><\/a>\n\t\t\t<\/dt><\/dl>\n\t\t\t<br style='clear: both' \/>\n\t\t<\/div>\n\n<p>&nbsp;<\/p>\n<p>&nbsp;<\/p>\n<p>&nbsp;<\/p>\n","protected":false},"excerpt":{"rendered":"<p>TRANSFORMACI\u00d3N DIGITAL EDUCATIVA CURSO 25-26 El Plan de Actuaci\u00f3n Digital de nuestro centro tiene como finalidad seguir avanzando en la integraci\u00f3n efectiva de las tecnolog\u00edas en los procesos de ense\u00f1anza, aprendizaje y gesti\u00f3n.Durante este&#46;&#46;&#46;<\/p>\n","protected":false},"author":2004,"featured_media":0,"parent":0,"menu_order":0,"comment_status":"closed","ping_status":"closed","template":"","meta":{"ngg_post_thumbnail":0,"footnotes":""},"aioseo_notices":[],"_links":{"self":[{"href":"https:\/\/blogsaverroes.juntadeandalucia.es\/ceeesantarosadelima\/wp-json\/wp\/v2\/pages\/3270"}],"collection":[{"href":"https:\/\/blogsaverroes.juntadeandalucia.es\/ceeesantarosadelima\/wp-json\/wp\/v2\/pages"}],"about":[{"href":"https:\/\/blogsaverroes.juntadeandalucia.es\/ceeesantarosadelima\/wp-json\/wp\/v2\/types\/page"}],"author":[{"embeddable":true,"href":"https:\/\/blogsaverroes.juntadeandalucia.es\/ceeesantarosadelima\/wp-json\/wp\/v2\/users\/2004"}],"replies":[{"embeddable":true,"href":"https:\/\/blogsaverroes.juntadeandalucia.es\/ceeesantarosadelima\/wp-json\/wp\/v2\/comments?post=3270"}],"version-history":[{"count":21,"href":"https:\/\/blogsaverroes.juntadeandalucia.es\/ceeesantarosadelima\/wp-json\/wp\/v2\/pages\/3270\/revisions"}],"predecessor-version":[{"id":5138,"href":"https:\/\/blogsaverroes.juntadeandalucia.es\/ceeesantarosadelima\/wp-json\/wp\/v2\/pages\/3270\/revisions\/5138"}],"wp:attachment":[{"href":"https:\/\/blogsaverroes.juntadeandalucia.es\/ceeesantarosadelima\/wp-json\/wp\/v2\/media?parent=3270"}],"curies":[{"name":"wp","href":"https:\/\/api.w.org\/{rel}","templated":true}]}}