{"id":1239,"date":"2022-03-16T12:39:26","date_gmt":"2022-03-16T11:39:26","guid":{"rendered":"https:\/\/blogsaverroes.juntadeandalucia.es\/ceip-barca-de-la-florida\/?page_id=1239"},"modified":"2022-03-17T10:03:40","modified_gmt":"2022-03-17T09:03:40","slug":"matriculacion","status":"publish","type":"page","link":"https:\/\/blogsaverroes.juntadeandalucia.es\/ceip-barca-de-la-florida\/matriculacion\/","title":{"rendered":"matriculaci\u00f3n"},"content":{"rendered":"<p>[et_pb_section fb_built=&#8221;1&#8243; _builder_version=&#8221;4.14.5&#8243; _module_preset=&#8221;default&#8221; global_colors_info=&#8221;{}&#8221;][et_pb_row _builder_version=&#8221;4.14.5&#8243; _module_preset=&#8221;default&#8221; global_colors_info=&#8221;{}&#8221;][et_pb_column type=&#8221;4_4&#8243; _builder_version=&#8221;4.14.5&#8243; _module_preset=&#8221;default&#8221; global_colors_info=&#8221;{}&#8221;][et_pb_text _builder_version=&#8221;4.14.5&#8243; _module_preset=&#8221;default&#8221; custom_padding=&#8221;|||0px||&#8221; global_colors_info=&#8221;{}&#8221;]<\/p>\n<p>&nbsp;<\/p>\n<p style=\"text-align: center\"><span style=\"font-family: impact, sans-serif;font-size: 36pt\">MATRICULACI\u00d3N<\/span><\/p>\n<p>Para matricular a su hijo\/a en nuestro centro, deber\u00e1 cumplimentar en primer lugar el <a href=\"https:\/\/blogsaverroes.juntadeandalucia.es\/ceip-barca-de-la-florida\/files\/2022\/03\/anexo-IX.pdf\">ANEXO IX<\/a> solicitando plaza y, posteriormente, el IMPRESO DE MATRICULA, y deber\u00e1 presentar los dos en la secretar\u00eda del centro, de lunes a viernes, en horario de 9:00 a 11:30 y de 12:00 a 14:00.<\/p>\n<p><img loading=\"lazy\" decoding=\"async\" class=\"alignnone  wp-image-999\" src=\"https:\/\/blogsaverroes.juntadeandalucia.es\/ceip-barca-de-la-florida\/files\/2022\/02\/images.jpg\" alt=\"\" width=\"88\" height=\"110\" \/><span style=\"font-size: 13px\">\u00a0 \u00a0 \u00a0 \u00a0 \u00a0 \u00a0 <\/span><span style=\"font-size: 13px\">\u00a0 \u00a0 \u00a0 \u00a0 \u00a0 \u00a0 \u00a0 \u00a0\u00a0<\/span><span style=\"font-size: 13px\">\u00a0 \u00a0 \u00a0 \u00a0 \u00a0 \u00a0 \u00a0 \u00a0\u00a0<\/span><span style=\"font-size: 13px\">\u00a0 \u00a0 \u00a0 \u00a0 \u00a0 \u00a0 \u00a0 \u00a0 \u00a0 \u00a0 \u00a0 \u00a0 \u00a0 \u00a0 \u00a0 \u00a0 \u00a0 \u00a0 \u00a0 \u00a0 \u00a0 \u00a0 \u00a0\u00a0<\/span><img loading=\"lazy\" decoding=\"async\" class=\"alignnone  wp-image-999\" src=\"https:\/\/blogsaverroes.juntadeandalucia.es\/ceip-barca-de-la-florida\/files\/2022\/02\/images.jpg\" alt=\"\" width=\"89\" height=\"111\" style=\"font-size: 13px;background-color: #ffffff\" \/><span style=\"font-size: 13px\">\u00a0 \u00a0 \u00a0 \u00a0 \u00a0 \u00a0 \u00a0 \u00a0 \u00a0 \u00a0 \u00a0 \u00a0 \u00a0 \u00a0 \u00a0 \u00a0 <\/span><span style=\"font-size: 13px\">\u00a0 \u00a0 \u00a0 \u00a0 \u00a0\u00a0<span style=\"font-size: medium\">\u00a0 \u00a0 \u00a0 \u00a0 \u00a0 \u00a0 \u00a0 \u00a0 \u00a0 \u00a0 \u00a0 \u00a0 \u00a0 \u00a0 \u00a0 \u00a0 \u00a0 \u00a0 \u00a0 \u00a0 \u00a0 \u00a0 \u00a0 \u00a0 \u00a0 \u00a0 \u00a0 \u00a0<\/span><\/span><img loading=\"lazy\" decoding=\"async\" class=\"alignnone  wp-image-999\" src=\"https:\/\/blogsaverroes.juntadeandalucia.es\/ceip-barca-de-la-florida\/files\/2022\/02\/images.jpg\" alt=\"\" width=\"88\" height=\"109\" style=\"font-size: 13px;background-color: #ffffff\" \/><span style=\"font-size: 13px\"><span style=\"font-size: medium\">\u00a0\u00a0 \u00a0\u00a0 \u00a0\u00a0 \u00a0\u00a0 \u00a0\u00a0 \u00a0\u00a0 \u00a0\u00a0 \u00a0\u00a0 \u00a0\u00a0 \u00a0\u00a0 \u00a0\u00a0 \u00a0\u00a0 \u00a0\u00a0 \u00a0\u00a0 \u00a0\u00a0 \u00a0\u00a0 \u00a0 <a href=\"https:\/\/blogsaverroes.juntadeandalucia.es\/ceip-barca-de-la-florida\/files\/2022\/03\/anexo-IX.pdf\">ANEXO IX<\/a> \u00a0 \u00a0 \u00a0 \u00a0\u00a0<\/span><\/span><span style=\"font-size: medium\">\u00a0 \u00a0 \u00a0 \u00a0\u00a0 \u00a0\u00a0 \u00a0\u00a0 \u00a0\u00a0 \u00a0\u00a0 \u00a0\u00a0 \u00a0\u00a0 \u00a0\u00a0 \u00a0\u00a0 \u00a0\u00a0 \u00a0\u00a0 \u00a0\u00a0 \u00a0\u00a0 \u00a0\u00a0 \u00a0\u00a0 \u00a0\u00a0 \u00a0\u00a0 \u00a0\u00a0 \u00a0\u00a0 \u00a0\u00a0 \u00a0<a href=\"https:\/\/blogsaverroes.juntadeandalucia.es\/ceip-barca-de-la-florida\/files\/2022\/03\/MATRICULA.pdf\">M.\u00a0 INFANTIL\u00a0<\/a> \u00a0 \u00a0 \u00a0 \u00a0<\/span><span style=\"font-size: 13px\"><span style=\"font-size: x-small\"><span style=\"font-size: medium\">\u00a0 \u00a0\u00a0 \u00a0\u00a0 \u00a0\u00a0 \u00a0\u00a0 \u00a0\u00a0 \u00a0\u00a0 \u00a0\u00a0 \u00a0\u00a0 \u00a0\u00a0 \u00a0\u00a0 \u00a0\u00a0 \u00a0\u00a0 \u00a0\u00a0 \u00a0\u00a0 \u00a0\u00a0 \u00a0\u00a0 \u00a0\u00a0 \u00a0\u00a0 \u00a0\u00a0 \u00a0\u00a0 \u00a0\u00a0 \u00a0\u00a0 \u00a0\u00a0 \u00a0\u00a0 \u00a0\u00a0 <a href=\"https:\/\/blogsaverroes.juntadeandalucia.es\/ceip-barca-de-la-florida\/files\/2022\/03\/MATRICULA-PRIMARIA.pdf\">M.\u00a0 PRIMARIA<\/a>\u00a0\u00a0 \u00a0 <\/span>\u00a0 \u00a0 \u00a0 \u00a0 \u00a0 \u00a0 \u00a0 \u00a0 \u00a0 \u00a0 <\/span><\/span><span style=\"font-size: 13px\"><span style=\"font-size: x-small\">\u00a0 \u00a0 \u00a0 \u00a0 \u00a0 \u00a0 \u00a0 \u00a0 \u00a0 \u00a0 \u00a0 \u00a0 \u00a0 \u00a0 \u00a0 \u00a0 \u00a0 \u00a0 \u00a0 \u00a0<\/span>\u00a0 \u00a0 \u00a0 \u00a0 \u00a0 \u00a0 \u00a0 \u00a0 \u00a0 \u00a0 \u00a0 \u00a0 \u00a0 \u00a0 \u00a0 \u00a0 \u00a0 \u00a0 \u00a0 \u00a0 \u00a0 \u00a0 \u00a0 \u00a0 \u00a0 \u00a0 \u00a0 \u00a0 \u00a0\u00a0<\/span><\/p>\n<p><span style=\"font-size: x-small\"><a href=\"https:\/\/blogsaverroes.juntadeandalucia.es\/ceip-barca-de-la-florida\/files\/2022\/03\/anexo-IX.pdf\">\u00a0 \u00a0 \u00a0<\/a>\u00a0 <\/span>\u00a0 \u00a0 \u00a0 \u00a0 \u00a0 \u00a0 \u00a0 \u00a0 \u00a0 \u00a0 \u00a0 \u00a0 \u00a0 \u00a0 \u00a0 \u00a0 \u00a0 \u00a0 \u00a0 \u00a0 \u00a0 \u00a0 \u00a0 \u00a0 \u00a0 \u00a0 \u00a0 \u00a0 \u00a0 \u00a0 \u00a0 \u00a0 \u00a0 \u00a0 \u00a0 \u00a0 \u00a0\u00a0<a href=\"https:\/\/blogsaverroes.juntadeandalucia.es\/ceip-barca-de-la-florida\/files\/2022\/03\/MATRICULA-PRIMARIA.pdf\"><\/a><\/p>\n<p>[\/et_pb_text][\/et_pb_column][\/et_pb_row][\/et_pb_section]<\/p>\n","protected":false},"excerpt":{"rendered":"<p>&nbsp; MATRICULACI\u00d3N Para matricular a su hijo\/a en nuestro centro, deber\u00e1 cumplimentar en primer lugar el ANEXO IX solicitando plaza y, posteriormente, el IMPRESO DE MATRICULA, y deber\u00e1 presentar los dos en la secretar\u00eda del centro, de lunes a viernes, en horario de 9:00 a 11:30 y de 12:00 a 14:00. \u00a0 \u00a0 \u00a0 \u00a0 [&hellip;]<\/p>\n","protected":false},"author":14513,"featured_media":0,"parent":0,"menu_order":0,"comment_status":"closed","ping_status":"closed","template":"","meta":{"_et_pb_use_builder":"on","_et_pb_old_content":"","_et_gb_content_width":"","ngg_post_thumbnail":0,"footnotes":""},"aioseo_notices":[],"_links":{"self":[{"href":"https:\/\/blogsaverroes.juntadeandalucia.es\/ceip-barca-de-la-florida\/wp-json\/wp\/v2\/pages\/1239"}],"collection":[{"href":"https:\/\/blogsaverroes.juntadeandalucia.es\/ceip-barca-de-la-florida\/wp-json\/wp\/v2\/pages"}],"about":[{"href":"https:\/\/blogsaverroes.juntadeandalucia.es\/ceip-barca-de-la-florida\/wp-json\/wp\/v2\/types\/page"}],"author":[{"embeddable":true,"href":"https:\/\/blogsaverroes.juntadeandalucia.es\/ceip-barca-de-la-florida\/wp-json\/wp\/v2\/users\/14513"}],"replies":[{"embeddable":true,"href":"https:\/\/blogsaverroes.juntadeandalucia.es\/ceip-barca-de-la-florida\/wp-json\/wp\/v2\/comments?post=1239"}],"version-history":[{"count":15,"href":"https:\/\/blogsaverroes.juntadeandalucia.es\/ceip-barca-de-la-florida\/wp-json\/wp\/v2\/pages\/1239\/revisions"}],"predecessor-version":[{"id":1274,"href":"https:\/\/blogsaverroes.juntadeandalucia.es\/ceip-barca-de-la-florida\/wp-json\/wp\/v2\/pages\/1239\/revisions\/1274"}],"wp:attachment":[{"href":"https:\/\/blogsaverroes.juntadeandalucia.es\/ceip-barca-de-la-florida\/wp-json\/wp\/v2\/media?parent=1239"}],"curies":[{"name":"wp","href":"https:\/\/api.w.org\/{rel}","templated":true}]}}