{"id":2720,"date":"2020-10-09T07:30:43","date_gmt":"2020-10-09T07:30:43","guid":{"rendered":"https:\/\/blogsaverroes.juntadeandalucia.es\/ceip-blas-infante\/?page_id=2720"},"modified":"2021-11-26T12:23:44","modified_gmt":"2021-11-26T12:23:44","slug":"proyecto-de-igualdad","status":"publish","type":"page","link":"https:\/\/blogsaverroes.juntadeandalucia.es\/ceip-blas-infante\/proyecto-de-igualdad\/","title":{"rendered":"Proyecto de igualdad"},"content":{"rendered":"<p>En esta p\u00e1gina os iremos contando todas las actividades que hagamos dentro del plan de igualdad en nuestro centro.<\/p>\n<p>&nbsp;<\/p>\n<p><a href=\"https:\/\/blogsaverroes.juntadeandalucia.es\/ceip-blas-infante\/files\/2021\/03\/Banner-tres-logos.jpg\"><img loading=\"lazy\" decoding=\"async\" class=\"aligncenter size-large wp-image-3713\" src=\"https:\/\/blogsaverroes.juntadeandalucia.es\/ceip-blas-infante\/files\/2021\/03\/Banner-tres-logos-1024x173.jpg\" alt=\"\" width=\"843\" height=\"142\" srcset=\"https:\/\/blogsaverroes.juntadeandalucia.es\/ceip-blas-infante\/files\/2021\/03\/Banner-tres-logos-1024x173.jpg 1024w, https:\/\/blogsaverroes.juntadeandalucia.es\/ceip-blas-infante\/files\/2021\/03\/Banner-tres-logos-300x51.jpg 300w, https:\/\/blogsaverroes.juntadeandalucia.es\/ceip-blas-infante\/files\/2021\/03\/Banner-tres-logos-768x129.jpg 768w, https:\/\/blogsaverroes.juntadeandalucia.es\/ceip-blas-infante\/files\/2021\/03\/Banner-tres-logos.jpg 1175w\" sizes=\"(max-width: 843px) 100vw, 843px\" \/><\/a><\/p>\n<p><a href=\"https:\/\/blogsaverroes.juntadeandalucia.es\/ceip-blas-infante\/files\/2020\/10\/human-rights-3805188_1920.jpg\"><img loading=\"lazy\" decoding=\"async\" class=\"aligncenter wp-image-2729 size-medium\" src=\"https:\/\/blogsaverroes.juntadeandalucia.es\/ceip-blas-infante\/files\/2020\/10\/human-rights-3805188_1920-300x200.jpg\" alt=\"\" width=\"300\" height=\"200\" srcset=\"https:\/\/blogsaverroes.juntadeandalucia.es\/ceip-blas-infante\/files\/2020\/10\/human-rights-3805188_1920-300x200.jpg 300w, https:\/\/blogsaverroes.juntadeandalucia.es\/ceip-blas-infante\/files\/2020\/10\/human-rights-3805188_1920-1024x683.jpg 1024w, https:\/\/blogsaverroes.juntadeandalucia.es\/ceip-blas-infante\/files\/2020\/10\/human-rights-3805188_1920-768x512.jpg 768w, https:\/\/blogsaverroes.juntadeandalucia.es\/ceip-blas-infante\/files\/2020\/10\/human-rights-3805188_1920-1536x1024.jpg 1536w, https:\/\/blogsaverroes.juntadeandalucia.es\/ceip-blas-infante\/files\/2020\/10\/human-rights-3805188_1920-24x16.jpg 24w, https:\/\/blogsaverroes.juntadeandalucia.es\/ceip-blas-infante\/files\/2020\/10\/human-rights-3805188_1920-36x24.jpg 36w, https:\/\/blogsaverroes.juntadeandalucia.es\/ceip-blas-infante\/files\/2020\/10\/human-rights-3805188_1920-48x32.jpg 48w, https:\/\/blogsaverroes.juntadeandalucia.es\/ceip-blas-infante\/files\/2020\/10\/human-rights-3805188_1920.jpg 1600w\" sizes=\"(max-width: 300px) 100vw, 300px\" \/><\/a><\/p>\n<p>&nbsp;<\/p>\n<div style=\"width: 100%\">\n<div style=\"padding-bottom: 56.25%;padding-top: 0;height: 0\"><iframe loading=\"lazy\" src=\"https:\/\/view.genial.ly\/617acdcf6ad0620d71e07823\" width=\"1200\" height=\"675\" frameborder=\"0\" scrolling=\"yes\"><\/iframe><\/div>\n<\/div>\n<p>&nbsp;<\/p>\n<p>Para el pr\u00f3ximo 25 de noviembre tendremos como eje central esta canci\u00f3n&#8230; Iremos colgando las actividades que realizaremos la semana que viene.<\/p>\n<div class=\"embed-container\"><iframe loading=\"lazy\" title=\"SO\u0301LO QUIERO BAILAR\" width=\"750\" height=\"422\" src=\"https:\/\/www.youtube.com\/embed\/VzW1bgMLjQY?feature=oembed\" frameborder=\"0\" allow=\"accelerometer; autoplay; clipboard-write; encrypted-media; gyroscope; picture-in-picture; web-share\" referrerpolicy=\"strict-origin-when-cross-origin\" allowfullscreen><\/iframe><\/div>\n<p>Aqu\u00ed ten\u00e9is el v\u00eddeo de nuestro Arco Iris de los Buenos Tratos.<\/p>\n<p>&nbsp;<\/p>\n<p>Con motivo de la celebraci\u00f3n en nuestro centro del D\u00eda del Oto\u00f1o, decidimos organizar un concurso de Fotograf\u00eda y Dibujo, con el tema \u00abLa mujer en el Oto\u00f1o\u00bb. Aqu\u00ed abajo pod\u00e9is ver los grandes trabajos presentados por nuestro alumnado.<\/p>\nngg_shortcode_0_placeholder\n<h3>Im\u00e1genes Relacionadas:<\/h3>","protected":false},"excerpt":{"rendered":"<p>En esta p\u00e1gina os iremos contando todas las actividades que hagamos dentro del plan de igualdad en nuestro centro. &nbsp; &nbsp; &nbsp; Para el pr\u00f3ximo 25 de noviembre tendremos como eje central esta canci\u00f3n&#8230; Iremos colgando las actividades que realizaremos la semana que viene. Aqu\u00ed ten\u00e9is el v\u00eddeo de nuestro Arco Iris de los Buenos &hellip; <\/p>\n<p><a class=\"more-link btn\" href=\"https:\/\/blogsaverroes.juntadeandalucia.es\/ceip-blas-infante\/proyecto-de-igualdad\/\">Seguir leyendo<\/a><\/p>\n","protected":false},"author":9001,"featured_media":0,"parent":0,"menu_order":0,"comment_status":"closed","ping_status":"closed","template":"","meta":{"ngg_post_thumbnail":0,"footnotes":"","_mc_calendar":[]},"aioseo_notices":[],"post_mailing_queue_ids":[],"_links":{"self":[{"href":"https:\/\/blogsaverroes.juntadeandalucia.es\/ceip-blas-infante\/wp-json\/wp\/v2\/pages\/2720"}],"collection":[{"href":"https:\/\/blogsaverroes.juntadeandalucia.es\/ceip-blas-infante\/wp-json\/wp\/v2\/pages"}],"about":[{"href":"https:\/\/blogsaverroes.juntadeandalucia.es\/ceip-blas-infante\/wp-json\/wp\/v2\/types\/page"}],"author":[{"embeddable":true,"href":"https:\/\/blogsaverroes.juntadeandalucia.es\/ceip-blas-infante\/wp-json\/wp\/v2\/users\/9001"}],"replies":[{"embeddable":true,"href":"https:\/\/blogsaverroes.juntadeandalucia.es\/ceip-blas-infante\/wp-json\/wp\/v2\/comments?post=2720"}],"version-history":[{"count":9,"href":"https:\/\/blogsaverroes.juntadeandalucia.es\/ceip-blas-infante\/wp-json\/wp\/v2\/pages\/2720\/revisions"}],"predecessor-version":[{"id":4126,"href":"https:\/\/blogsaverroes.juntadeandalucia.es\/ceip-blas-infante\/wp-json\/wp\/v2\/pages\/2720\/revisions\/4126"}],"wp:attachment":[{"href":"https:\/\/blogsaverroes.juntadeandalucia.es\/ceip-blas-infante\/wp-json\/wp\/v2\/media?parent=2720"}],"curies":[{"name":"wp","href":"https:\/\/api.w.org\/{rel}","templated":true}]}}