{"id":3074,"date":"2020-11-20T08:25:25","date_gmt":"2020-11-20T08:25:25","guid":{"rendered":"https:\/\/blogsaverroes.juntadeandalucia.es\/ceip-blas-infante\/?page_id=3074"},"modified":"2022-01-24T11:02:58","modified_gmt":"2022-01-24T11:02:58","slug":"programaciones-de-aula","status":"publish","type":"page","link":"https:\/\/blogsaverroes.juntadeandalucia.es\/ceip-blas-infante\/el-centro-2\/programaciones-de-aula\/","title":{"rendered":"Programaciones de aula"},"content":{"rendered":"<p>En esta p\u00e1gina pod\u00e9is encontrar las programaciones de las distintas \u00e1reas y ciclos. S\u00f3lo ten\u00e9is que seguir los enlaces.<\/p>\n<table style=\"border-collapse: collapse;width: 100%;height: 192px\">\n<tbody>\n<tr style=\"height: 48px\">\n<td style=\"width: 687px;height: 48px\"><a href=\"https:\/\/blogsaverroes.juntadeandalucia.es\/ceip-blas-infante\/files\/2022\/01\/Programaci\u00f3n-3-a\u00f1os.pdf\" target=\"_blank\" rel=\"noopener noreferrer\">Programaci\u00f3n 3 a\u00f1os<\/a><\/td>\n<td style=\"width: 687px;height: 48px\"><a href=\"https:\/\/blogsaverroes.juntadeandalucia.es\/ceip-blas-infante\/files\/2022\/01\/Programaci\u00f3n-Ciencias-Naturales.pdf\" target=\"_blank\" rel=\"noopener noreferrer\">Programaci\u00f3n Ciencias Naturales<\/a><\/td>\n<\/tr>\n<tr style=\"height: 24px\">\n<td style=\"width: 687px;height: 25px\"><a href=\"https:\/\/blogsaverroes.juntadeandalucia.es\/ceip-blas-infante\/files\/2022\/01\/Programaci\u00f3n-4-a\u00f1os.pdf\" target=\"_blank\" rel=\"noopener noreferrer\">Programaci\u00f3n 4 a\u00f1os<\/a><\/td>\n<td style=\"width: 687px;height: 25px\"><a href=\"https:\/\/blogsaverroes.juntadeandalucia.es\/ceip-blas-infante\/files\/2022\/01\/Programaci\u00f3n-Ciencias-Sociales.pdf\" target=\"_blank\" rel=\"noopener noreferrer\">Programaci\u00f3n Ciencias Sociales<\/a><\/td>\n<\/tr>\n<tr style=\"height: 24px\">\n<td style=\"width: 687px;height: 24px\"><a href=\"https:\/\/blogsaverroes.juntadeandalucia.es\/ceip-blas-infante\/files\/2022\/01\/Programaci\u00f3n-5-a\u00f1os.pdf\" target=\"_blank\" rel=\"noopener noreferrer\">Programaci\u00f3n 5 a\u00f1os<\/a><\/td>\n<td style=\"width: 687px;height: 24px\"><a href=\"https:\/\/blogsaverroes.juntadeandalucia.es\/ceip-blas-infante\/files\/2022\/01\/Programaci\u00f3n-Ingl\u00e9s.pdf\" target=\"_blank\" rel=\"noopener noreferrer\">Programaci\u00f3n Ingl\u00e9s<\/a><\/td>\n<\/tr>\n<tr style=\"height: 24px\">\n<td style=\"width: 687px;height: 26px\"><a href=\"https:\/\/blogsaverroes.juntadeandalucia.es\/ceip-blas-infante\/files\/2022\/01\/Programaci\u00f3n-EF.pdf\" target=\"_blank\" rel=\"noopener noreferrer\">Programaci\u00f3n EF<\/a><\/td>\n<td style=\"width: 687px;height: 26px\"><a href=\"https:\/\/blogsaverroes.juntadeandalucia.es\/ceip-blas-infante\/files\/2022\/01\/Programaci\u00f3n-Matem\u00e1ticas.pdf\" target=\"_blank\" rel=\"noopener noreferrer\">Programaci\u00f3n Matem\u00e1ticas<\/a><\/td>\n<\/tr>\n<tr style=\"height: 24px\">\n<td style=\"width: 687px;height: 24px\"><a href=\"https:\/\/blogsaverroes.juntadeandalucia.es\/ceip-blas-infante\/files\/2022\/01\/Programaci\u00f3n-Lengua.pdf\" target=\"_blank\" rel=\"noopener noreferrer\">Programaci\u00f3n Lengua<\/a><\/td>\n<td style=\"width: 687px;height: 24px\">&nbsp;<\/td>\n<\/tr>\n<\/tbody>\n<\/table>\n<h3>Im\u00e1genes Relacionadas:<\/h3>","protected":false},"excerpt":{"rendered":"<p>En esta p\u00e1gina pod\u00e9is encontrar las programaciones de las distintas \u00e1reas y ciclos. S\u00f3lo ten\u00e9is que seguir los enlaces. Programaci\u00f3n 3 a\u00f1os Programaci\u00f3n Ciencias Naturales Programaci\u00f3n 4 a\u00f1os Programaci\u00f3n Ciencias Sociales Programaci\u00f3n 5 a\u00f1os Programaci\u00f3n Ingl\u00e9s Programaci\u00f3n EF Programaci\u00f3n Matem\u00e1ticas Programaci\u00f3n Lengua &nbsp; Im\u00e1genes Relacionadas:<\/p>\n","protected":false},"author":9001,"featured_media":0,"parent":35,"menu_order":0,"comment_status":"closed","ping_status":"closed","template":"","meta":{"ngg_post_thumbnail":0,"footnotes":"","_mc_calendar":[]},"aioseo_notices":[],"post_mailing_queue_ids":[],"_links":{"self":[{"href":"https:\/\/blogsaverroes.juntadeandalucia.es\/ceip-blas-infante\/wp-json\/wp\/v2\/pages\/3074"}],"collection":[{"href":"https:\/\/blogsaverroes.juntadeandalucia.es\/ceip-blas-infante\/wp-json\/wp\/v2\/pages"}],"about":[{"href":"https:\/\/blogsaverroes.juntadeandalucia.es\/ceip-blas-infante\/wp-json\/wp\/v2\/types\/page"}],"author":[{"embeddable":true,"href":"https:\/\/blogsaverroes.juntadeandalucia.es\/ceip-blas-infante\/wp-json\/wp\/v2\/users\/9001"}],"replies":[{"embeddable":true,"href":"https:\/\/blogsaverroes.juntadeandalucia.es\/ceip-blas-infante\/wp-json\/wp\/v2\/comments?post=3074"}],"version-history":[{"count":11,"href":"https:\/\/blogsaverroes.juntadeandalucia.es\/ceip-blas-infante\/wp-json\/wp\/v2\/pages\/3074\/revisions"}],"predecessor-version":[{"id":4157,"href":"https:\/\/blogsaverroes.juntadeandalucia.es\/ceip-blas-infante\/wp-json\/wp\/v2\/pages\/3074\/revisions\/4157"}],"up":[{"embeddable":true,"href":"https:\/\/blogsaverroes.juntadeandalucia.es\/ceip-blas-infante\/wp-json\/wp\/v2\/pages\/35"}],"wp:attachment":[{"href":"https:\/\/blogsaverroes.juntadeandalucia.es\/ceip-blas-infante\/wp-json\/wp\/v2\/media?parent=3074"}],"curies":[{"name":"wp","href":"https:\/\/api.w.org\/{rel}","templated":true}]}}