{"id":1335,"date":"2025-03-02T16:42:52","date_gmt":"2025-03-02T15:42:52","guid":{"rendered":"https:\/\/blogsaverroes.juntadeandalucia.es\/ceip-severo-ochoa\/?page_id=1335"},"modified":"2025-03-11T00:15:46","modified_gmt":"2025-03-10T23:15:46","slug":"huerto-escolar","status":"publish","type":"page","link":"https:\/\/blogsaverroes.juntadeandalucia.es\/ceip-severo-ochoa\/huerto-escolar\/","title":{"rendered":"Huerto escolar"},"content":{"rendered":"<p>[et_pb_section fb_built=&#8221;1&#8243; _builder_version=&#8221;4.16&#8243; global_colors_info=&#8221;{}&#8221;][et_pb_row _builder_version=&#8221;4.24.2&#8243; background_enable_image=&#8221;off&#8221; parallax=&#8221;on&#8221; global_colors_info=&#8221;{}&#8221;][et_pb_column type=&#8221;4_4&#8243; _builder_version=&#8221;4.16&#8243; custom_padding=&#8221;|||&#8221; global_colors_info=&#8221;{}&#8221; custom_padding__hover=&#8221;|||&#8221;][et_pb_text _builder_version=&#8221;4.24.2&#8243; background_enable_image=&#8221;off&#8221; background_blend=&#8221;lighten&#8221; global_colors_info=&#8221;{}&#8221;]<\/p>\n<h1><span style=\"color: #000000\"><img loading=\"lazy\" decoding=\"async\" class=\"wp-image-1377 alignleft size-full\" src=\"https:\/\/blogsaverroes.juntadeandalucia.es\/ceip-severo-ochoa\/files\/2025\/03\/claro-y-cielo.png\" alt=\"\" width=\"1024\" height=\"450\" srcset=\"https:\/\/blogsaverroes.juntadeandalucia.es\/ceip-severo-ochoa\/files\/2025\/03\/claro-y-cielo.png 1024w, https:\/\/blogsaverroes.juntadeandalucia.es\/ceip-severo-ochoa\/files\/2025\/03\/claro-y-cielo-980x431.png 980w, https:\/\/blogsaverroes.juntadeandalucia.es\/ceip-severo-ochoa\/files\/2025\/03\/claro-y-cielo-480x211.png 480w\" sizes=\"(min-width: 0px) and (max-width: 480px) 480px, (min-width: 481px) and (max-width: 980px) 980px, (min-width: 981px) 1024px, 100vw\" \/>Huerto escolar<\/span><\/h1>\n<p style=\"text-align: left\"><span style=\"font-size: 12pt;color: #000000\">Desde el a\u00f1o 2016 el colegio recuper\u00f3 un espacio tras presentar un proyecto. <\/span><span style=\"font-size: 12pt;color: #000000\"><span style=\"color: #0c71c3\"><strong><a style=\"color: #0c71c3\" href=\"https:\/\/huertum.com\/proyecto\/huertos-escolares\/\" target=\"_blank\" rel=\"noopener\">Empresas<\/a><\/strong><\/span>, familias del alumnado y maestros colaboraron en su creaci\u00f3n.<\/span><span style=\"font-size: 12pt;color: #000000\">Hoy en d\u00eda el huerto y sus actividades forman parte de la vida cotidiana del centro y sus ense\u00f1anzas.\u00a0<\/span><span style=\"font-size: 12pt;color: #000000\">Las acciones que promueve y desarrolla est\u00e1n integradas en los \u00e1mbitos de actuaci\u00f3n del <a style=\"color: #000000\" href=\"https:\/\/blogsaverroes.juntadeandalucia.es\/ceip-severo-ochoa\/planes-y-proyectos\/\" target=\"_blank\" rel=\"noopener\"><span style=\"color: #0c71c3\"><strong>Programa CIMA<\/strong><\/span><\/a> de la Consejer\u00eda de Educaci\u00f3n.<\/span><\/p>\n<p>&nbsp;<\/p>\n<p>[\/et_pb_text][et_pb_gallery gallery_ids=&#8221;1344,1350,1349,1347,1345,1348,1346&#8243; fullwidth=&#8221;on&#8221; _builder_version=&#8221;4.24.2&#8243; _module_preset=&#8221;default&#8221; box_shadow_style=&#8221;preset2&#8243; global_colors_info=&#8221;{}&#8221;][\/et_pb_gallery][et_pb_divider _builder_version=&#8221;4.24.2&#8243; _module_preset=&#8221;default&#8221; global_colors_info=&#8221;{}&#8221;][\/et_pb_divider][et_pb_heading title=&#8221;Blog del huerto escolar&#8221; _builder_version=&#8221;4.24.2&#8243; _module_preset=&#8221;default&#8221; global_colors_info=&#8221;{}&#8221;][\/et_pb_heading][et_pb_blog include_categories=&#8221;32&#8243; show_more=&#8221;on&#8221; _builder_version=&#8221;4.24.2&#8243; _module_preset=&#8221;default&#8221; global_colors_info=&#8221;{}&#8221;][\/et_pb_blog][\/et_pb_column][\/et_pb_row][\/et_pb_section]<\/p>\n","protected":false},"excerpt":{"rendered":"<p>Huerto escolar Desde el a\u00f1o 2016 el colegio recuper\u00f3 un espacio tras presentar un proyecto. Empresas, familias del alumnado y maestros colaboraron en su creaci\u00f3n.Hoy en d\u00eda el huerto y sus actividades forman parte de la vida cotidiana del centro y sus ense\u00f1anzas.\u00a0Las acciones que promueve y desarrolla est\u00e1n integradas en los \u00e1mbitos de actuaci\u00f3n [&hellip;]<\/p>\n","protected":false},"author":15140,"featured_media":0,"parent":0,"menu_order":0,"comment_status":"closed","ping_status":"closed","template":"","meta":{"_et_pb_use_builder":"on","_et_pb_old_content":"<p>Desde el a\u00f1o 2016 el colegio recuper\u00f3 un espacio tras presentar un proyecto. <a href=\"https:\/\/huertum.com\/proyecto\/huertos-escolares\/\" target=\"_blank\" rel=\"noopener\">Empresas<\/a>, familias del alumnado y maestros colaboraron en su creaci\u00f3n. Hoy en d\u00eda el huerto y sus actividades forman parte de la vida cotidiana del centro y sus ense\u00f1anzas.\u00a0 Las acciones que promueve y desarrolla est\u00e1n integradas en los \u00e1mbitos de actuaci\u00f3n del <a href=\"https:\/\/blogsaverroes.juntadeandalucia.es\/ceip-severo-ochoa\/planes-y-proyectos\/\" target=\"_blank\" rel=\"noopener\">Programa CIMA<\/a> de la Consejer\u00eda de Educaci\u00f3n.<\/p><p>\u00a0<\/p>","_et_gb_content_width":"","ngg_post_thumbnail":0,"footnotes":""},"aioseo_notices":[],"_links":{"self":[{"href":"https:\/\/blogsaverroes.juntadeandalucia.es\/ceip-severo-ochoa\/wp-json\/wp\/v2\/pages\/1335"}],"collection":[{"href":"https:\/\/blogsaverroes.juntadeandalucia.es\/ceip-severo-ochoa\/wp-json\/wp\/v2\/pages"}],"about":[{"href":"https:\/\/blogsaverroes.juntadeandalucia.es\/ceip-severo-ochoa\/wp-json\/wp\/v2\/types\/page"}],"author":[{"embeddable":true,"href":"https:\/\/blogsaverroes.juntadeandalucia.es\/ceip-severo-ochoa\/wp-json\/wp\/v2\/users\/15140"}],"replies":[{"embeddable":true,"href":"https:\/\/blogsaverroes.juntadeandalucia.es\/ceip-severo-ochoa\/wp-json\/wp\/v2\/comments?post=1335"}],"version-history":[{"count":27,"href":"https:\/\/blogsaverroes.juntadeandalucia.es\/ceip-severo-ochoa\/wp-json\/wp\/v2\/pages\/1335\/revisions"}],"predecessor-version":[{"id":2003,"href":"https:\/\/blogsaverroes.juntadeandalucia.es\/ceip-severo-ochoa\/wp-json\/wp\/v2\/pages\/1335\/revisions\/2003"}],"wp:attachment":[{"href":"https:\/\/blogsaverroes.juntadeandalucia.es\/ceip-severo-ochoa\/wp-json\/wp\/v2\/media?parent=1335"}],"curies":[{"name":"wp","href":"https:\/\/api.w.org\/{rel}","templated":true}]}}