{"id":158,"date":"2016-02-05T09:38:32","date_gmt":"2016-02-05T08:38:32","guid":{"rendered":"http:\/\/blogsaverroes.juntadeandalucia.es\/ceipalandalus\/?page_id=158"},"modified":"2025-09-11T12:44:55","modified_gmt":"2025-09-11T11:44:55","slug":"calendario-escolar","status":"publish","type":"page","link":"https:\/\/blogsaverroes.juntadeandalucia.es\/ceipalandalus\/calendario-escolar\/","title":{"rendered":"Calendario Escolar"},"content":{"rendered":"<h3 style=\"text-align: center\">CALENDARIO ESCOLAR 2025\/2026<\/h3>\n<p style=\"text-align: center\"><a href=\"https:\/\/blogsaverroes.juntadeandalucia.es\/ceipalandalus\/files\/2025\/09\/CALENDARIO-ESCOLAR-2025-2026.pdf\" target=\"_blank\" rel=\"noopener\"><img loading=\"lazy\" decoding=\"async\" class=\"alignnone size-medium wp-image-3164\" src=\"https:\/\/blogsaverroes.juntadeandalucia.es\/ceipalandalus\/files\/2025\/09\/CALENDARIO-ESCOLAR-2025-2026-280x300.jpg\" alt=\"\" width=\"280\" height=\"300\" srcset=\"https:\/\/blogsaverroes.juntadeandalucia.es\/ceipalandalus\/files\/2025\/09\/CALENDARIO-ESCOLAR-2025-2026-280x300.jpg 280w, https:\/\/blogsaverroes.juntadeandalucia.es\/ceipalandalus\/files\/2025\/09\/CALENDARIO-ESCOLAR-2025-2026-956x1024.jpg 956w, https:\/\/blogsaverroes.juntadeandalucia.es\/ceipalandalus\/files\/2025\/09\/CALENDARIO-ESCOLAR-2025-2026-768x823.jpg 768w, https:\/\/blogsaverroes.juntadeandalucia.es\/ceipalandalus\/files\/2025\/09\/CALENDARIO-ESCOLAR-2025-2026.jpg 1162w\" sizes=\"(max-width: 280px) 100vw, 280px\" \/><\/a><\/p>\n<p style=\"text-align: center\">&nbsp;<\/p>\n<p><strong>Notas:<\/strong><\/p>\n<ul>\n<li>Las clases ordinarias comenzar\u00e1n el 10.09.2025 y finalizar\u00e1n el 22.06.2026.<\/li>\n<li>Las Vacaciones de Navidad estar\u00e1n comprendidas entre el 23.12.2025 y el 07.01.2026 (ambos incluidos).<\/li>\n<li>El D\u00eda de la Comunidad Educativa se celebrar\u00e1 el 02.03.2026.<\/li>\n<li>La Semana Santa estar\u00e1 comprendida entre los d\u00edas 30.03.2026 y el 05.04.2026 (ambos incluidos).<\/li>\n<li>Los d\u00edas 14.10.2025 y 27\/02\/2026 no habr\u00e1 clase por ser&nbsp; los d\u00edas elegidos como libre disposici\u00f3n por el Consejo Escolar Municipal.<\/li>\n<li>Los d\u00edas 21.05.2026, 22.05.2026 y 25.05.2026 no habr\u00e1 clases por la festividad de la Virgen de El Roc\u00edo.<\/li>\n<li>El Servicio de Comedor comenzar\u00e1 el d\u00eda 10.09.2025 y finalizar\u00e1 el 22.06.2026.<\/li>\n<li>El Aula Matinal comenzar\u00e1 el 11.09.2025 y finalizar\u00e1 el 22.06.2026.<\/li>\n<li>Las actividades extraescolares comenzar\u00e1n el 01\/10\/2025.<\/li>\n<\/ul>\n","protected":false},"excerpt":{"rendered":"<p>CALENDARIO ESCOLAR 2025\/2026 &nbsp; Notas: Las clases ordinarias comenzar\u00e1n el 10.09.2025 y finalizar\u00e1n el 22.06.2026. Las Vacaciones de Navidad estar\u00e1n comprendidas entre el 23.12.2025 y el 07.01.2026 (ambos incluidos). El D\u00eda de la Comunidad&#46;&#46;&#46;<\/p>\n","protected":false},"author":2235,"featured_media":0,"parent":0,"menu_order":0,"comment_status":"closed","ping_status":"closed","template":"","meta":{"ngg_post_thumbnail":0,"footnotes":""},"aioseo_notices":[],"_links":{"self":[{"href":"https:\/\/blogsaverroes.juntadeandalucia.es\/ceipalandalus\/wp-json\/wp\/v2\/pages\/158"}],"collection":[{"href":"https:\/\/blogsaverroes.juntadeandalucia.es\/ceipalandalus\/wp-json\/wp\/v2\/pages"}],"about":[{"href":"https:\/\/blogsaverroes.juntadeandalucia.es\/ceipalandalus\/wp-json\/wp\/v2\/types\/page"}],"author":[{"embeddable":true,"href":"https:\/\/blogsaverroes.juntadeandalucia.es\/ceipalandalus\/wp-json\/wp\/v2\/users\/2235"}],"replies":[{"embeddable":true,"href":"https:\/\/blogsaverroes.juntadeandalucia.es\/ceipalandalus\/wp-json\/wp\/v2\/comments?post=158"}],"version-history":[{"count":33,"href":"https:\/\/blogsaverroes.juntadeandalucia.es\/ceipalandalus\/wp-json\/wp\/v2\/pages\/158\/revisions"}],"predecessor-version":[{"id":3167,"href":"https:\/\/blogsaverroes.juntadeandalucia.es\/ceipalandalus\/wp-json\/wp\/v2\/pages\/158\/revisions\/3167"}],"wp:attachment":[{"href":"https:\/\/blogsaverroes.juntadeandalucia.es\/ceipalandalus\/wp-json\/wp\/v2\/media?parent=158"}],"curies":[{"name":"wp","href":"https:\/\/api.w.org\/{rel}","templated":true}]}}