{"id":2359,"date":"2021-09-10T08:07:05","date_gmt":"2021-09-10T08:07:05","guid":{"rendered":"https:\/\/blogsaverroes.juntadeandalucia.es\/ceipalandaluschiclana\/?page_id=2359"},"modified":"2025-09-10T18:21:14","modified_gmt":"2025-09-10T18:21:14","slug":"claustro-de-profesores","status":"publish","type":"page","link":"https:\/\/blogsaverroes.juntadeandalucia.es\/ceipalandaluschiclana\/claustro-de-profesores\/","title":{"rendered":"Claustro de Profesores 2025\/2026"},"content":{"rendered":"<ul>\n<li><strong class=\"system-pagebreak\">EQUIPO DIRECTIVO:<\/strong><\/li>\n<\/ul>\n<p>Director: Francisco Beltr\u00e1n Jim\u00e9nez<\/p>\n<p>Jefa de Estudios: Sof\u00eda Forero Pi\u00f1ero<\/p>\n<p>Secretaria: Ana Alba Ortiz<\/p>\n<p>&nbsp;<\/p>\n<ul>\n<li><strong>TUTORES\/-AS DE EDUCACI\u00d3N INFANTIL:<\/strong><\/li>\n<\/ul>\n<p>3 A\u00d1OS A: Diana Raya Madue\u00f1o<\/p>\n<p>3 A\u00d1OS B: Irene Mart\u00edn Perea<\/p>\n<p>&nbsp;<\/p>\n<p>4 A\u00d1OS A:&nbsp; Marta Rey Delgado<\/p>\n<p>4 A\u00d1OS B: Laura Ram\u00edrez Rueda<\/p>\n<p>&nbsp;<\/p>\n<p>5 A\u00d1OS A: M\u00aa Jos\u00e9 Gonz\u00e1lez Romero<\/p>\n<p>5 A\u00d1OS B: Ana Isabel Barberi Garc\u00eda<\/p>\n<p>&nbsp;&nbsp;<\/p>\n<p>APOYO: Mar\u00eda Rivas Peralta<\/p>\n<p>INGL\u00c9S:&nbsp; Ana M\u00aa Guerrero Uria<\/p>\n<p>&nbsp; &nbsp; &nbsp; &nbsp; &nbsp; &nbsp; &nbsp; &nbsp;&nbsp;<\/p>\n<p>&nbsp;<\/p>\n<ul>\n<li><strong>TUTORA DEL AULA ESPEC\u00cdFICA<\/strong><\/li>\n<\/ul>\n<p>Raquel Arroyo Garc\u00eda<\/p>\n<p>&nbsp;<\/p>\n<ul>\n<li><strong>TUTORES\/-AS DE PRIMARIA:<\/strong><\/li>\n<\/ul>\n<p><strong>PRIMER CICLO:<\/strong><\/p>\n<p>1\u00ba A:&nbsp; Ana M\u00aa S\u00e1nchez Umbr\u00eda<\/p>\n<p>1\u00ba B: Mafalda Caro Gonz\u00e1lez<\/p>\n<p>&nbsp;<\/p>\n<p>2\u00ba A: Irene Alba Marcial&nbsp;<\/p>\n<p>2\u00ba B: Ana M\u00aa Guerrero Uria<\/p>\n<p>&nbsp;<\/p>\n<p><strong>SEGUNDO CICLO:<\/strong><\/p>\n<p>3\u00ba A:&nbsp; M\u00aa Luz Mu\u00f1oz Romero<\/p>\n<p>3\u00ba B: Rosa Mar\u00eda Otero Iglesias&nbsp;<\/p>\n<p>3\u00ba C: M\u00aa Luisa Lend\u00ednez Gonz\u00e1lez<\/p>\n<p>&nbsp; &nbsp;<\/p>\n<p>4\u00ba A:&nbsp; Paula P\u00e9rez Alc\u00e1ntara<\/p>\n<p>4\u00ba B:&nbsp; Ana Alba Ortiz<\/p>\n<p>4\u00ba C: Sandra Garc\u00eda Iglesias<\/p>\n<p>&nbsp;<\/p>\n<p><strong>TERCER CICLO:<\/strong><\/p>\n<p>5\u00ba A: Sof\u00eda Forero Pi\u00f1ero<\/p>\n<p>5\u00ba B:&nbsp; Jos\u00e9 Mart\u00ednez Vilas<\/p>\n<p>5\u00ba C:&nbsp; Gloria M\u00aa Cort\u00e9s Penco<\/p>\n<p>&nbsp;<\/p>\n<p>6\u00ba A: \u00c1ngel Robles Alguacil&nbsp;<\/p>\n<p>6\u00ba B: Vanesa Jim\u00e9nez Moral&nbsp;&nbsp;<\/p>\n<p>6\u00ba C:M\u00aa \u00c1ngeles Guti\u00e9rrez de las Mulas<\/p>\n<p>&nbsp;<\/p>\n<p>EDUCACI\u00d3N F\u00cdSICA:<\/p>\n<p>M\u00aa \u00c1ngeles Guti\u00e9rrez de las Mulas<\/p>\n<p>Ana Ortiz Monteagudo<\/p>\n<p>Javier Jim\u00e9nez S\u00e1nchez<\/p>\n<p>&nbsp;<\/p>\n<p>EDUCACI\u00d3N PRIMARIA BILING\u00dcE:<\/p>\n<p>Sof\u00efa Guti\u00e9rrez Torrej\u00f3n<\/p>\n<p>&nbsp;<\/p>\n<p>M\u00daSICA-BILING\u00dcE-INGL\u00c9S:<\/p>\n<p>Paula P\u00e9rez Alc\u00e1ntara<\/p>\n<p>&nbsp;<\/p>\n<p>&nbsp;FRANC\u00c9S:<\/p>\n<p>Gloria M\u00aa Cort\u00e9s Penco<\/p>\n<p>&nbsp;<\/p>\n<p>APOYO PRIMARIA:<\/p>\n<p>Antonio Soler Moreno<\/p>\n<p>Francisco Beltr\u00e1n Jim\u00e9nez<\/p>\n<p>&nbsp;<\/p>\n<p>PEDAGOG\u00cdA TERAP\u00c9UTICA:<\/p>\n<p>M\u00aa Carmen Iraizoz Coello<\/p>\n<p>Cinta M\u00aa Gal\u00e1n \u00c1vila<\/p>\n<p>&nbsp;<\/p>\n<p>LOGOPEDIA:<\/p>\n<p>Milagros Montero Guti\u00e9rrez<\/p>\n<p>&nbsp;<\/p>\n<p>RELIGI\u00d3N:<\/p>\n<p>Inmaculada Gonz\u00e1lez Parrado<\/p>\n<p>Ana Mar\u00eda Mesa Mac\u00edas&nbsp;<\/p>\n<p>&nbsp;<\/p>\n<p>ORIENTADORA:<\/p>\n<p>Sara Visuara Bravo<\/p>\n<p>&nbsp;<\/p>\n<p>&nbsp;<\/p>\n<p>&nbsp;<\/p>\n<p>&nbsp;<\/p>\n<p>&nbsp;<\/p>\n<p>&nbsp;<\/p>\n<p>&nbsp;<\/p>\n","protected":false},"excerpt":{"rendered":"<p>EQUIPO DIRECTIVO: Director: Francisco Beltr\u00e1n Jim\u00e9nez Jefa de Estudios: Sof\u00eda Forero Pi\u00f1ero Secretaria: Ana Alba Ortiz &nbsp; TUTORES\/-AS DE EDUCACI\u00d3N INFANTIL: 3 A\u00d1OS A: Diana Raya Madue\u00f1o 3 A\u00d1OS B: Irene Mart\u00edn Perea &nbsp;&#46;&#46;&#46;<\/p>\n","protected":false},"author":7536,"featured_media":0,"parent":0,"menu_order":0,"comment_status":"closed","ping_status":"closed","template":"","meta":{"ngg_post_thumbnail":0,"footnotes":"","_mc_calendar":[]},"aioseo_notices":[],"_links":{"self":[{"href":"https:\/\/blogsaverroes.juntadeandalucia.es\/ceipalandaluschiclana\/wp-json\/wp\/v2\/pages\/2359"}],"collection":[{"href":"https:\/\/blogsaverroes.juntadeandalucia.es\/ceipalandaluschiclana\/wp-json\/wp\/v2\/pages"}],"about":[{"href":"https:\/\/blogsaverroes.juntadeandalucia.es\/ceipalandaluschiclana\/wp-json\/wp\/v2\/types\/page"}],"author":[{"embeddable":true,"href":"https:\/\/blogsaverroes.juntadeandalucia.es\/ceipalandaluschiclana\/wp-json\/wp\/v2\/users\/7536"}],"replies":[{"embeddable":true,"href":"https:\/\/blogsaverroes.juntadeandalucia.es\/ceipalandaluschiclana\/wp-json\/wp\/v2\/comments?post=2359"}],"version-history":[{"count":31,"href":"https:\/\/blogsaverroes.juntadeandalucia.es\/ceipalandaluschiclana\/wp-json\/wp\/v2\/pages\/2359\/revisions"}],"predecessor-version":[{"id":5127,"href":"https:\/\/blogsaverroes.juntadeandalucia.es\/ceipalandaluschiclana\/wp-json\/wp\/v2\/pages\/2359\/revisions\/5127"}],"wp:attachment":[{"href":"https:\/\/blogsaverroes.juntadeandalucia.es\/ceipalandaluschiclana\/wp-json\/wp\/v2\/media?parent=2359"}],"curies":[{"name":"wp","href":"https:\/\/api.w.org\/{rel}","templated":true}]}}