{"id":2222,"date":"2016-11-06T19:15:43","date_gmt":"2016-11-06T19:15:43","guid":{"rendered":"http:\/\/blogsaverroes.juntadeandalucia.es\/ceipalandalusjerez\/?page_id=2222"},"modified":"2026-04-21T10:25:40","modified_gmt":"2026-04-21T10:25:40","slug":"datos-del-centro-2","status":"publish","type":"page","link":"https:\/\/blogsaverroes.juntadeandalucia.es\/ceipalandalusjerez\/","title":{"rendered":"Datos del centro"},"content":{"rendered":"<p><a href=\"https:\/\/blogsaverroes.juntadeandalucia.es\/ceipalandalusjerez\/files\/2026\/04\/logo.png\"><img loading=\"lazy\" decoding=\"async\" class=\"alignnone wp-image-2694 size-full\" src=\"https:\/\/blogsaverroes.juntadeandalucia.es\/ceipalandalusjerez\/files\/2026\/04\/logo.png\" alt=\"\" width=\"1072\" height=\"75\" srcset=\"https:\/\/blogsaverroes.juntadeandalucia.es\/ceipalandalusjerez\/files\/2026\/04\/logo.png 1072w, https:\/\/blogsaverroes.juntadeandalucia.es\/ceipalandalusjerez\/files\/2026\/04\/logo-300x21.png 300w, https:\/\/blogsaverroes.juntadeandalucia.es\/ceipalandalusjerez\/files\/2026\/04\/logo-1024x72.png 1024w, https:\/\/blogsaverroes.juntadeandalucia.es\/ceipalandalusjerez\/files\/2026\/04\/logo-768x54.png 768w\" sizes=\"(max-width: 1072px) 100vw, 1072px\" \/><\/a><\/p>\n<p><a href=\"https:\/\/blogsaverroes.juntadeandalucia.es\/ceipalandalusjerez\/files\/2026\/04\/logo5-1.jpg\"><img loading=\"lazy\" decoding=\"async\" class=\" wp-image-2695 aligncenter\" src=\"https:\/\/blogsaverroes.juntadeandalucia.es\/ceipalandalusjerez\/files\/2026\/04\/logo5-1-300x193.jpg\" alt=\"\" width=\"219\" height=\"141\" srcset=\"https:\/\/blogsaverroes.juntadeandalucia.es\/ceipalandalusjerez\/files\/2026\/04\/logo5-1-300x193.jpg 300w, https:\/\/blogsaverroes.juntadeandalucia.es\/ceipalandalusjerez\/files\/2026\/04\/logo5-1-1024x660.jpg 1024w, https:\/\/blogsaverroes.juntadeandalucia.es\/ceipalandalusjerez\/files\/2026\/04\/logo5-1-768x495.jpg 768w, https:\/\/blogsaverroes.juntadeandalucia.es\/ceipalandalusjerez\/files\/2026\/04\/logo5-1-1536x990.jpg 1536w, https:\/\/blogsaverroes.juntadeandalucia.es\/ceipalandalusjerez\/files\/2026\/04\/logo5-1-2048x1319.jpg 2048w, https:\/\/blogsaverroes.juntadeandalucia.es\/ceipalandalusjerez\/files\/2026\/04\/logo5-1.jpg 1600w\" sizes=\"(max-width: 219px) 100vw, 219px\" \/><\/a><\/p>\n<p>CEIP AL-\u00c1NDALUS<\/p>\n<p><strong>Direcci\u00f3n:<\/strong> Plaza Cristo de la Expiraci\u00f3n s\/n, Jerez de la Frontera 11401 C\u00e1diz<\/p>\n<p><strong>Tel\u00e9fono: <\/strong>856811965 \/ 697950355<\/p>\n<p><strong>FAX:<\/strong> 856811966<\/p>\n<p><strong>Email:<\/strong> 11002523.edu@juntadeandalucia.es<\/p>\n<p><strong>C\u00f3digo<\/strong> <strong>del Centro:<\/strong> 11002523<\/p>\n<h4>&nbsp;<\/h4>\n<h4><strong>Oferta educativa y Recursos Humanos con los que cuenta el centro:<br \/>\n<\/strong><\/h4>\n<p>Educaci\u00f3n Infantil y Primaria<\/p>\n<p>Centro de Compensatoria (Maestra de Apoyo Compensatoria)<\/p>\n<p>Aula de Pedagog\u00eda Terap\u00e9utica (Maestra de P.T.)<\/p>\n<p>Aula de Audici\u00f3n y Lenguaje (Maestra de A.L.)<\/p>\n<p>Aula Temporal de Acompa\u00f1amiento Ling\u00fc\u00edstico (Maestro de A.T.A.L.)<\/p>\n<p>Orientadora Equipo Orientaci\u00f3n Educativa<\/p>\n<h4><strong>Planes y Programas:<\/strong><\/h4>\n<ul>\n<li>Plan de Apertura:\n<ul>\n<li>AULA MATINAL<\/li>\n<li>SERVICIO DE COMEDOR<\/li>\n<li>ACTIVIDADES EXTRAESCOLARES (Inform\u00e1tica, Baile, Multideportes)<\/li>\n<\/ul>\n<\/li>\n<li>Plan de Igualdad de G\u00e9nero en Educaci\u00f3n de Andaluc\u00eda<\/li>\n<li>Pacto de Estado. Prevenci\u00f3n de la violencia de g\u00e9nero<\/li>\n<li>Transformaci\u00f3n Digital Educativa (TDE)<\/li>\n<li>Programa Bienestar Emocional<\/li>\n<li>Plan de Compensatoria<\/li>\n<li>Programa M\u00e1s Equidad<\/li>\n<li>Programa Apoyo Curricular Alumnado NEAE. <em>(Cofinanciado por Fondo Social Europeo Plus)<\/em><\/li>\n<li>Programa PROA+ \u00abTransf\u00f3rmate\u00bb <em>(Cofinanciado por Fondo Social Europeo Plus)<\/em><\/li>\n<li>Programa H\u00e1bitos Saludables<\/li>\n<li>Pr\u00e1cticum Grado Maestros<\/li>\n<li>Programa de Atenci\u00f3n Socioeducativa en Zonas con Necesidades de Transformaci\u00f3n Social (ZNTS). <em>(Cofinanciado por Fondo Social Europeo Plus)<\/em><\/li>\n<li>Escuela Espacio de Paz con certificado de Convivencia +<\/li>\n<li>Programa de Acompa\u00f1amiento Escolar (PROA) <em>(Cofinanciado por Fondo Social Europeo Plus)<\/em><\/li>\n<li>Plan de Biblioteca Escolar (grupo de teatro)<\/li>\n<li>Radio Escolar<\/li>\n<li>Huerto Escolar<\/li>\n<\/ul>\n<p><a href=\"https:\/\/blogsaverroes.juntadeandalucia.es\/ceipalandalusjerez\/files\/2026\/04\/FSE-Prioridad-3-PT_PROA_Estival_ZTS-Orient.png\"><img loading=\"lazy\" decoding=\"async\" class=\"alignnone size-medium wp-image-2698\" src=\"https:\/\/blogsaverroes.juntadeandalucia.es\/ceipalandalusjerez\/files\/2026\/04\/FSE-Prioridad-3-PT_PROA_Estival_ZTS-Orient-212x300.png\" alt=\"\" width=\"212\" height=\"300\" srcset=\"https:\/\/blogsaverroes.juntadeandalucia.es\/ceipalandalusjerez\/files\/2026\/04\/FSE-Prioridad-3-PT_PROA_Estival_ZTS-Orient-212x300.png 212w, https:\/\/blogsaverroes.juntadeandalucia.es\/ceipalandalusjerez\/files\/2026\/04\/FSE-Prioridad-3-PT_PROA_Estival_ZTS-Orient-724x1024.png 724w, https:\/\/blogsaverroes.juntadeandalucia.es\/ceipalandalusjerez\/files\/2026\/04\/FSE-Prioridad-3-PT_PROA_Estival_ZTS-Orient-768x1086.png 768w, https:\/\/blogsaverroes.juntadeandalucia.es\/ceipalandalusjerez\/files\/2026\/04\/FSE-Prioridad-3-PT_PROA_Estival_ZTS-Orient-1086x1536.png 1086w, https:\/\/blogsaverroes.juntadeandalucia.es\/ceipalandalusjerez\/files\/2026\/04\/FSE-Prioridad-3-PT_PROA_Estival_ZTS-Orient-1448x2048.png 1448w, https:\/\/blogsaverroes.juntadeandalucia.es\/ceipalandalusjerez\/files\/2026\/04\/FSE-Prioridad-3-PT_PROA_Estival_ZTS-Orient.png 1587w\" sizes=\"(max-width: 212px) 100vw, 212px\" \/><\/a><\/p>\n<p>&nbsp;<\/p>\n<p><a href=\"https:\/\/blogsaverroes.juntadeandalucia.es\/ceipalandalusjerez\/files\/2026\/02\/Carteleria_Prioridad-7-1-212x300-1.png\"><img loading=\"lazy\" decoding=\"async\" class=\"alignnone size-full wp-image-2690\" src=\"https:\/\/blogsaverroes.juntadeandalucia.es\/ceipalandalusjerez\/files\/2026\/02\/Carteleria_Prioridad-7-1-212x300-1.png\" alt=\"\" width=\"212\" height=\"300\"><\/a><\/p>\n<p><a href=\"https:\/\/blogsaverroes.juntadeandalucia.es\/ceipalandalusjerez\/files\/2026\/02\/Captura-de-pantalla-145.png\"><img loading=\"lazy\" decoding=\"async\" class=\"alignnone size-medium wp-image-2689\" src=\"https:\/\/blogsaverroes.juntadeandalucia.es\/ceipalandalusjerez\/files\/2026\/02\/Captura-de-pantalla-145-300x215.png\" alt=\"\" width=\"300\" height=\"215\" srcset=\"https:\/\/blogsaverroes.juntadeandalucia.es\/ceipalandalusjerez\/files\/2026\/02\/Captura-de-pantalla-145-300x215.png 300w, https:\/\/blogsaverroes.juntadeandalucia.es\/ceipalandalusjerez\/files\/2026\/02\/Captura-de-pantalla-145.png 646w\" sizes=\"(max-width: 300px) 100vw, 300px\" \/><\/a><\/p>\n<p>&nbsp;<\/p>\n","protected":false},"excerpt":{"rendered":"<p>CEIP AL-\u00c1NDALUS Direcci\u00f3n: Plaza Cristo de la Expiraci\u00f3n s\/n, Jerez de la Frontera 11401 C\u00e1diz Tel\u00e9fono: 856811965 \/ 697950355 FAX: 856811966 Email: 11002523.edu@juntadeandalucia.es C\u00f3digo del Centro: 11002523 &nbsp; Oferta educativa y Recursos Humanos con&#46;&#46;&#46;<\/p>\n","protected":false},"author":3955,"featured_media":0,"parent":0,"menu_order":0,"comment_status":"closed","ping_status":"open","template":"","meta":{"ngg_post_thumbnail":0,"footnotes":"","_mc_calendar":[]},"aioseo_notices":[],"_links":{"self":[{"href":"https:\/\/blogsaverroes.juntadeandalucia.es\/ceipalandalusjerez\/wp-json\/wp\/v2\/pages\/2222"}],"collection":[{"href":"https:\/\/blogsaverroes.juntadeandalucia.es\/ceipalandalusjerez\/wp-json\/wp\/v2\/pages"}],"about":[{"href":"https:\/\/blogsaverroes.juntadeandalucia.es\/ceipalandalusjerez\/wp-json\/wp\/v2\/types\/page"}],"author":[{"embeddable":true,"href":"https:\/\/blogsaverroes.juntadeandalucia.es\/ceipalandalusjerez\/wp-json\/wp\/v2\/users\/3955"}],"replies":[{"embeddable":true,"href":"https:\/\/blogsaverroes.juntadeandalucia.es\/ceipalandalusjerez\/wp-json\/wp\/v2\/comments?post=2222"}],"version-history":[{"count":22,"href":"https:\/\/blogsaverroes.juntadeandalucia.es\/ceipalandalusjerez\/wp-json\/wp\/v2\/pages\/2222\/revisions"}],"predecessor-version":[{"id":2699,"href":"https:\/\/blogsaverroes.juntadeandalucia.es\/ceipalandalusjerez\/wp-json\/wp\/v2\/pages\/2222\/revisions\/2699"}],"wp:attachment":[{"href":"https:\/\/blogsaverroes.juntadeandalucia.es\/ceipalandalusjerez\/wp-json\/wp\/v2\/media?parent=2222"}],"curies":[{"name":"wp","href":"https:\/\/api.w.org\/{rel}","templated":true}]}}