{"id":5973,"date":"2017-09-08T13:08:14","date_gmt":"2017-09-08T12:08:14","guid":{"rendered":"http:\/\/blogsaverroes.juntadeandalucia.es\/ceipalandalusutrera\/?page_id=5973"},"modified":"2022-03-01T20:26:14","modified_gmt":"2022-03-01T19:26:14","slug":"consejo-escolar","status":"publish","type":"page","link":"https:\/\/blogsaverroes.juntadeandalucia.es\/ceipalandalusutrera\/consejo-escolar\/","title":{"rendered":"Consejo Escolar"},"content":{"rendered":"<h5 style=\"text-align: justify\">El Consejo escolar es un \u00f3rgano colegiado de Participaci\u00f3n de la comunidad educativa en el gobierno del centro. La Constituci\u00f3n Espa\u00f1ola, en su art\u00edculo 27, establece que \u00abLos profesores, los padres y, en su caso, los alumnos intervendr\u00e1n en el control y gesti\u00f3n de todos los centros sostenidos por la Administraci\u00f3n con fondos p\u00fablicos\u00bb; este principio de participaci\u00f3n constituye el principal instrumento para que toda la comunidad educativa pueda implicarse directamente en la toma de decisiones del mismo.&nbsp;<\/h5>\n<h5 style=\"text-align: justify\">&nbsp;<\/h5>\n<h5 style=\"text-align: justify\">Composici\u00f3n del Consejo Escolar de nuestro Centro (Nombramiento 16\/11\/2021):<\/h5>\n<p>&nbsp;<\/p>\n<table width=\"498\">\n<tbody>\n<tr>\n<td width=\"188\">\n<h5>Equipo Directivo<\/h5>\n<\/td>\n<td width=\"309\">\n<h5>Guti\u00e9rrez Borrego, Manuela (Directora)<\/h5>\n<\/td>\n<\/tr>\n<tr>\n<td width=\"188\">\n<h5>Equipo Directivo<\/h5>\n<\/td>\n<td width=\"309\">\n<h5>Cremades Begines, Antonio (Jefe de Estudios)<\/h5>\n<\/td>\n<\/tr>\n<tr>\n<td width=\"188\">\n<h5>Equipo Directivo<\/h5>\n<\/td>\n<td width=\"309\">\n<h5>Al\u00e9 Dom\u00ednguez, Consuelo (Secretaria)<\/h5>\n<\/td>\n<\/tr>\n<tr>\n<td width=\"188\">\n<h5>Profesorado<\/h5>\n<\/td>\n<td width=\"309\">\n<h5>Aguilar Hurtado, Jos\u00e9 Luis<\/h5>\n<\/td>\n<\/tr>\n<tr>\n<td width=\"188\">\n<h5>Profesorado<\/h5>\n<\/td>\n<td width=\"309\">\n<h5>Gayango P\u00e9rez, Eva<\/h5>\n<\/td>\n<\/tr>\n<tr>\n<td width=\"188\">\n<h5>Profesorado<\/h5>\n<\/td>\n<td width=\"309\">\n<h5>Gonz\u00e1lez Montesinos, M\u00aa Teresa<\/h5>\n<\/td>\n<\/tr>\n<tr>\n<td width=\"188\">\n<h5>Profesorado<\/h5>\n<\/td>\n<td width=\"309\">\n<h5>Mart\u00edn Revuelta, M\u00aa Carmen<\/h5>\n<\/td>\n<\/tr>\n<tr>\n<td width=\"188\">\n<h5>Profesorado<\/h5>\n<\/td>\n<td width=\"309\">\n<h5>Nieto Maestre, Blanca<\/h5>\n<\/td>\n<\/tr>\n<tr>\n<td width=\"188\">\n<h5>Profesorado<\/h5>\n<\/td>\n<td width=\"309\">\n<h5>Rold\u00e1n Barrera, Yolanda<\/h5>\n<\/td>\n<\/tr>\n<tr>\n<td>\n<h5>Profesorado\/Fomento de Igualdad<\/h5>\n<\/td>\n<td>\n<h5>Cano-Caballero Fuentes, Silvia<\/h5>\n<\/td>\n<\/tr>\n<tr>\n<td width=\"188\">\n<h5>Madres\/Padres<\/h5>\n<\/td>\n<td width=\"309\">\n<h5>Calvillo Romero, Consolaci\u00f3n<\/h5>\n<\/td>\n<\/tr>\n<tr>\n<td width=\"188\">\n<h5>Madres\/Padres<\/h5>\n<\/td>\n<td width=\"309\">\n<h5>Fern\u00e1ndez Romero, Mar\u00eda del Pilar<\/h5>\n<\/td>\n<\/tr>\n<tr>\n<td width=\"188\">\n<h5>Madres\/Padres<\/h5>\n<\/td>\n<td width=\"309\">\n<h5>Hammond Garc\u00eda, M\u00aa \u00c1ngeles<\/h5>\n<\/td>\n<\/tr>\n<tr>\n<td width=\"188\">\n<h5>Madres\/Padres<\/h5>\n<\/td>\n<td width=\"309\">\n<h5>Maestre Garc\u00eda, Vicente<\/h5>\n<\/td>\n<\/tr>\n<tr>\n<td width=\"188\">\n<h5>Madres\/Padres<\/h5>\n<\/td>\n<td width=\"309\">\n<h5>Navarro Gonz\u00e1lez, Miguel \u00c1ngel<\/h5>\n<\/td>\n<\/tr>\n<tr>\n<td width=\"188\">\n<h5>Madres\/Padres<\/h5>\n<\/td>\n<td width=\"309\">\n<h5>Tirado Gonz\u00e1lez, Roc\u00edo ( Presidenta AMPA)<\/h5>\n<\/td>\n<\/tr>\n<tr>\n<td width=\"188\">\n<h5>Madres\/Padres<\/h5>\n<\/td>\n<td width=\"309\">\n<h5>Valderrama \u00c1lvarez, Antonio<\/h5>\n<\/td>\n<\/tr>\n<tr>\n<td width=\"188\">\n<h5>Personal Adm\u00f3n. y Servicios<\/h5>\n<\/td>\n<td width=\"309\">\n<h5>Rayo Gonz\u00e1lez, M\u00aa Carmen<\/h5>\n<\/td>\n<\/tr>\n<tr>\n<td width=\"188\">\n<h5>Ayuntamiento<\/h5>\n<\/td>\n<td width=\"309\">\n<h5>Fern\u00e1ndez Terrino, Carmen Violeta<\/h5>\n<\/td>\n<\/tr>\n<tr>\n<td width=\"188\">\n<h5>Personal Atenci\u00f3n Educativa<\/h5>\n<\/td>\n<td width=\"309\">\n<h5>Cotrino Garc\u00eda, Lourdes<\/h5>\n<\/td>\n<\/tr>\n<\/tbody>\n<\/table>\n<p>&nbsp;<\/p>\n","protected":false},"excerpt":{"rendered":"<p>El Consejo escolar es un \u00f3rgano colegiado de Participaci\u00f3n de la comunidad educativa en el gobierno del centro. La Constituci\u00f3n Espa\u00f1ola, en su art\u00edculo 27,&hellip;<\/p>\n","protected":false},"author":4061,"featured_media":0,"parent":0,"menu_order":0,"comment_status":"closed","ping_status":"closed","template":"","meta":{"ngg_post_thumbnail":0,"footnotes":"","_mc_calendar":[]},"aioseo_notices":[],"_links":{"self":[{"href":"https:\/\/blogsaverroes.juntadeandalucia.es\/ceipalandalusutrera\/wp-json\/wp\/v2\/pages\/5973"}],"collection":[{"href":"https:\/\/blogsaverroes.juntadeandalucia.es\/ceipalandalusutrera\/wp-json\/wp\/v2\/pages"}],"about":[{"href":"https:\/\/blogsaverroes.juntadeandalucia.es\/ceipalandalusutrera\/wp-json\/wp\/v2\/types\/page"}],"author":[{"embeddable":true,"href":"https:\/\/blogsaverroes.juntadeandalucia.es\/ceipalandalusutrera\/wp-json\/wp\/v2\/users\/4061"}],"replies":[{"embeddable":true,"href":"https:\/\/blogsaverroes.juntadeandalucia.es\/ceipalandalusutrera\/wp-json\/wp\/v2\/comments?post=5973"}],"version-history":[{"count":6,"href":"https:\/\/blogsaverroes.juntadeandalucia.es\/ceipalandalusutrera\/wp-json\/wp\/v2\/pages\/5973\/revisions"}],"predecessor-version":[{"id":7087,"href":"https:\/\/blogsaverroes.juntadeandalucia.es\/ceipalandalusutrera\/wp-json\/wp\/v2\/pages\/5973\/revisions\/7087"}],"wp:attachment":[{"href":"https:\/\/blogsaverroes.juntadeandalucia.es\/ceipalandalusutrera\/wp-json\/wp\/v2\/media?parent=5973"}],"curies":[{"name":"wp","href":"https:\/\/api.w.org\/{rel}","templated":true}]}}