{"id":15,"date":"2020-01-09T10:56:20","date_gmt":"2020-01-09T09:56:20","guid":{"rendered":"http:\/\/blogsaverroes.juntadeandalucia.es\/pre\/nuevoceipv2\/?page_id=15"},"modified":"2025-01-13T12:38:07","modified_gmt":"2025-01-13T11:38:07","slug":"inicio","status":"publish","type":"page","link":"https:\/\/blogsaverroes.juntadeandalucia.es\/ceipalcaldejoaquingarcia\/","title":{"rendered":"Inicio"},"content":{"rendered":"<p>[et_pb_section fb_built=&#8221;1&#8243; _builder_version=&#8221;4.16&#8243; _module_preset=&#8221;default&#8221; background_image=&#8221;https:\/\/blogsaverroes.juntadeandalucia.es\/ceipalcaldejoaquingarcia\/files\/2021\/05\/foto-2.jpeg&#8221; custom_padding=&#8221;0px|0px||0px|false|false&#8221; background_last_edited=&#8221;off|desktop&#8221; background_image_phone=&#8221;https:\/\/blogsaverroes.juntadeandalucia.es\/ceipalcaldejoaquingarcia\/files\/2021\/05\/foto-2.jpeg&#8221; background_enable_image_phone=&#8221;on&#8221; parallax_phone=&#8221;off&#8221; background_size_phone=&#8221;cover&#8221; locked=&#8221;off&#8221; global_colors_info=&#8221;{}&#8221; title_text_phone=&#8221;foto 2&#8243; background__hover_enabled=&#8221;off|desktop&#8221;][et_pb_row column_structure=&#8221;1_2,1_2&#8243; make_equal=&#8221;on&#8221; custom_padding_last_edited=&#8221;on|phone&#8221; _builder_version=&#8221;4.16&#8243; _module_preset=&#8221;default&#8221; width=&#8221;100%&#8221; module_alignment=&#8221;center&#8221; min_height=&#8221;286px&#8221; custom_padding=&#8221;0px||5px||false|false&#8221; custom_padding_tablet=&#8221;&#8221; custom_padding_phone=&#8221;&#8221; global_colors_info=&#8221;{}&#8221;][et_pb_column type=&#8221;1_2&#8243; _builder_version=&#8221;4.16&#8243; _module_preset=&#8221;default&#8221; global_colors_info=&#8221;{}&#8221;][et_pb_image src=&#8221;https:\/\/blogsaverroes.juntadeandalucia.es\/ceipalcaldejoaquingarcia\/files\/2021\/05\/logo1.png&#8221; title_text=&#8221;logo1&#8243; align=&#8221;center&#8221; _builder_version=&#8221;4.16&#8243; _module_preset=&#8221;default&#8221; width=&#8221;67.9%&#8221; min_height=&#8221;35px&#8221; custom_margin=&#8221;11px|57px|32px|57px|false|true&#8221; custom_padding=&#8221;39px|6px|0px|46px|false|false&#8221; global_colors_info=&#8221;{}&#8221;][\/et_pb_image][\/et_pb_column][et_pb_column type=&#8221;1_2&#8243; _builder_version=&#8221;4.16&#8243; _module_preset=&#8221;default&#8221; global_colors_info=&#8221;{}&#8221;][et_pb_text content_tablet=&#8221;<\/p>\n<p><span><strong>CEIP <\/strong><strong>ALCALDE <\/strong><strong>JOAQU\u00cdN GARC\u00cdA<\/strong><\/span><\/p>\n<p><span><strong>ALCAL\u00c1  DE <\/strong><strong>GUADA\u00cdRA<\/strong><\/span><\/p>\n<p>&#8221; content_phone=&#8221;<\/p>\n<p><span><strong>Ceip <\/strong><strong>Alcalde Joaqu\u00edn Garc\u00eda<\/strong><\/span><\/p>\n<p><span><strong> Alcal\u00e1 de Guada\u00edra<\/strong><\/span><\/p>\n<p>&#8221; content_last_edited=&#8221;on|phone&#8221; _builder_version=&#8221;4.16&#8243; _module_preset=&#8221;default&#8221; text_text_color=&#8221;#ffffff&#8221; text_font_size=&#8221;20px&#8221; text_letter_spacing=&#8221;6px&#8221; text_line_height=&#8221;1em&#8221; header_text_color=&#8221;#ffffff&#8221; header_font_size=&#8221;41px&#8221; header_line_height=&#8221;1.5em&#8221; header_2_font_size=&#8221;25px&#8221; text_orientation=&#8221;center&#8221; width=&#8221;100%&#8221; max_width=&#8221;100%&#8221; min_height=&#8221;81px&#8221; custom_margin=&#8221;0px|10px|6px|10px|false|false&#8221; custom_padding=&#8221;122px|10px|122px|0px|true|false&#8221; custom_padding_tablet=&#8221;0px||0px||true|false&#8221; custom_padding_phone=&#8221;&#8221; custom_padding_last_edited=&#8221;on|phone&#8221; text_letter_spacing_tablet=&#8221;&#8221; text_letter_spacing_phone=&#8221;0px&#8221; text_letter_spacing_last_edited=&#8221;on|desktop&#8221; text_text_shadow_style=&#8221;preset1&#8243; text_text_shadow_horizontal_length_tablet=&#8221;&#8221; text_text_shadow_horizontal_length_phone=&#8221;&#8221; text_text_shadow_horizontal_length_last_edited=&#8221;on|desktop&#8221; header_text_shadow_style=&#8221;preset5&#8243; header_2_text_shadow_style=&#8221;preset5&#8243; inline_fonts=&#8221;Montserrat&#8221; global_colors_info=&#8221;{}&#8221;]<\/p>\n<p style=\"text-align: center\"><span style=\"font-size: x-large;font-family: Montserrat;font-weight: normal\"><strong>CEIP\u00a0\u00a0<\/strong><strong>ALCALDE\u00a0<\/strong><strong style=\"text-align: center\">JOAQU\u00cdN GARC\u00cdA<\/strong><\/span><\/p>\n<p style=\"text-align: center\"><span style=\"font-size: x-large;font-family: Montserrat;font-weight: normal\"><strong>ALCAL\u00c1\u00a0 DE\u00a0<\/strong><strong style=\"text-align: center\">GUADA\u00cdRA<\/strong><\/span><\/p>\n<p>[\/et_pb_text][\/et_pb_column][\/et_pb_row][\/et_pb_section][et_pb_section fb_built=&#8221;1&#8243; _builder_version=&#8221;4.16&#8243; background_color=&#8221;#ffffff&#8221; min_height=&#8221;521px&#8221; custom_margin=&#8221;-124em||||false|false&#8221; custom_margin_tablet=&#8221;0em||||false|false&#8221; custom_margin_phone=&#8221;0em||||false|false&#8221; custom_margin_last_edited=&#8221;on|desktop&#8221; custom_padding=&#8221;0px|||||&#8221; z_index_tablet=&#8221;500&#8243; box_shadow_horizontal_tablet=&#8221;0px&#8221; box_shadow_vertical_tablet=&#8221;0px&#8221; box_shadow_blur_tablet=&#8221;40px&#8221; box_shadow_spread_tablet=&#8221;0px&#8221; global_colors_info=&#8221;{}&#8221;][et_pb_row column_structure=&#8221;1_4,3_4&#8243; disabled_on=&#8221;off|off|off&#8221; _builder_version=&#8221;4.16&#8243; width=&#8221;95%&#8221; min_height=&#8221;290px&#8221; custom_margin=&#8221;124em|auto|-6em|auto|false|false&#8221; custom_margin_tablet=&#8221;&#8221; custom_margin_phone=&#8221;0em||-7em||false|false&#8221; custom_margin_last_edited=&#8221;on|phone&#8221; custom_padding=&#8221;||2px||false|false&#8221; z_index_tablet=&#8221;500&#8243; box_shadow_horizontal_tablet=&#8221;0px&#8221; box_shadow_vertical_tablet=&#8221;0px&#8221; box_shadow_blur_tablet=&#8221;40px&#8221; box_shadow_spread_tablet=&#8221;0px&#8221; global_colors_info=&#8221;{}&#8221;][et_pb_column type=&#8221;1_4&#8243; _builder_version=&#8221;4.16&#8243; custom_padding=&#8221;|||&#8221; global_colors_info=&#8221;{}&#8221; custom_padding__hover=&#8221;|||&#8221;][et_pb_toggle title=&#8221;Secretar\u00eda&#8221; open_toggle_text_color=&#8221;#333333&#8243; open_toggle_background_color=&#8221;#88c4dd&#8221; closed_toggle_text_color=&#8221;#ffffff&#8221; closed_toggle_background_color=&#8221;#76c1e6&#8243; icon_color=&#8221;#9ad6f3&#8243; open_icon_color=&#8221;#9ad6f3&#8243; disabled_on=&#8221;on|on|&#8221; admin_label=&#8221;Desplegable secretar\u00eda&#8221; _builder_version=&#8221;4.16&#8243; title_text_color=&#8221;#ffffff&#8221; title_font=&#8221;Open Sans|700|||||||&#8221; title_font_size=&#8221;14px&#8221; title_line_height=&#8221;1.4em&#8221; closed_title_font=&#8221;Open Sans||||||||&#8221; body_font=&#8221;Open Sans||||||||&#8221; body_text_color=&#8221;#333333&#8243; body_line_height=&#8221;1em&#8221; background_color=&#8221;#88c4dd&#8221; min_height=&#8221;75px&#8221; min_height_phone=&#8221;auto&#8221; custom_margin=&#8221;10px||0px||false|false&#8221; custom_padding=&#8221;10px||15px|&#8221; animation_style=&#8221;zoom&#8221; animation_intensity_zoom=&#8221;10%&#8221; z_index_tablet=&#8221;500&#8243; title_text_shadow_horizontal_length_tablet=&#8221;0px&#8221; title_text_shadow_vertical_length_tablet=&#8221;0px&#8221; title_text_shadow_blur_strength_tablet=&#8221;1px&#8221; closed_title_text_shadow_horizontal_length_tablet=&#8221;0px&#8221; closed_title_text_shadow_vertical_length_tablet=&#8221;0px&#8221; closed_title_text_shadow_blur_strength_tablet=&#8221;1px&#8221; body_text_shadow_horizontal_length_tablet=&#8221;0px&#8221; body_text_shadow_vertical_length_tablet=&#8221;0px&#8221; body_text_shadow_blur_strength_tablet=&#8221;1px&#8221; body_link_text_shadow_horizontal_length_tablet=&#8221;0px&#8221; body_link_text_shadow_vertical_length_tablet=&#8221;0px&#8221; body_link_text_shadow_blur_strength_tablet=&#8221;1px&#8221; body_ul_text_shadow_horizontal_length_tablet=&#8221;0px&#8221; body_ul_text_shadow_vertical_length_tablet=&#8221;0px&#8221; body_ul_text_shadow_blur_strength_tablet=&#8221;1px&#8221; body_ol_text_shadow_horizontal_length_tablet=&#8221;0px&#8221; body_ol_text_shadow_vertical_length_tablet=&#8221;0px&#8221; body_ol_text_shadow_blur_strength_tablet=&#8221;1px&#8221; body_quote_text_shadow_horizontal_length_tablet=&#8221;0px&#8221; body_quote_text_shadow_vertical_length_tablet=&#8221;0px&#8221; body_quote_text_shadow_blur_strength_tablet=&#8221;1px&#8221; border_radii=&#8221;|10px|10px||&#8221; border_width_all=&#8221;0px&#8221; border_color_all=&#8221;#ffffff&#8221; border_style_all=&#8221;none&#8221; border_width_bottom=&#8221;2px&#8221; border_color_bottom=&#8221;rgba(0,0,0,0.22)&#8221; border_width_bottom_tablet=&#8221;2px&#8221; border_width_bottom_phone=&#8221;2px&#8221; box_shadow_style=&#8221;preset1&#8243; box_shadow_horizontal_tablet=&#8221;0px&#8221; box_shadow_vertical_tablet=&#8221;0px&#8221; box_shadow_blur_tablet=&#8221;40px&#8221; box_shadow_spread_tablet=&#8221;0px&#8221; text_shadow_horizontal_length_tablet=&#8221;0px&#8221; text_shadow_vertical_length_tablet=&#8221;0px&#8221; text_shadow_blur_strength_tablet=&#8221;1px&#8221; global_colors_info=&#8221;{}&#8221;]<\/p>\n<p>De <b>l<\/b>unes a <b>v<\/b>iernes, en horario de 9:30h a 12:00h.\u00a0<\/p>\n<p>[\/et_pb_toggle][et_pb_toggle title=&#8221;Calendario escolar&#8221; open_toggle_text_color=&#8221;#333333&#8243; open_toggle_background_color=&#8221;#f6f6f6&#8243; closed_toggle_text_color=&#8221;#ffffff&#8221; closed_toggle_background_color=&#8221;#76c1e6&#8243; icon_color=&#8221;#9ad6f3&#8243; open_icon_color=&#8221;#9ad6f3&#8243; disabled_on=&#8221;on|on|&#8221; admin_label=&#8221;Desplegable calendario&#8221; _builder_version=&#8221;4.16&#8243; title_text_color=&#8221;#ffffff&#8221; title_font=&#8221;Open Sans|700|||||||&#8221; title_font_size=&#8221;14px&#8221; title_line_height=&#8221;1.4em&#8221; closed_title_font=&#8221;Open Sans||||||||&#8221; body_font=&#8221;Open Sans||||||||&#8221; body_text_color=&#8221;#333333&#8243; body_line_height=&#8221;1em&#8221; min_height=&#8221;75px&#8221; min_height_phone=&#8221;auto&#8221; custom_margin=&#8221;||0px|&#8221; custom_padding=&#8221;5px||10px|&#8221; animation_style=&#8221;zoom&#8221; animation_intensity_zoom=&#8221;10%&#8221; link_option_url=&#8221;https:\/\/www.juntadeandalucia.es\/educacion\/portals\/delegate\/content\/21355491-8a37-423e-bdb5-10897cd68b84\/Calendario%20Sevilla%202021_2022&#8243; z_index_tablet=&#8221;500&#8243; title_text_shadow_horizontal_length_tablet=&#8221;0px&#8221; title_text_shadow_vertical_length_tablet=&#8221;0px&#8221; title_text_shadow_blur_strength_tablet=&#8221;1px&#8221; closed_title_text_shadow_horizontal_length_tablet=&#8221;0px&#8221; closed_title_text_shadow_vertical_length_tablet=&#8221;0px&#8221; closed_title_text_shadow_blur_strength_tablet=&#8221;1px&#8221; body_text_shadow_horizontal_length_tablet=&#8221;0px&#8221; body_text_shadow_vertical_length_tablet=&#8221;0px&#8221; body_text_shadow_blur_strength_tablet=&#8221;1px&#8221; body_link_text_shadow_horizontal_length_tablet=&#8221;0px&#8221; body_link_text_shadow_vertical_length_tablet=&#8221;0px&#8221; body_link_text_shadow_blur_strength_tablet=&#8221;1px&#8221; body_ul_text_shadow_horizontal_length_tablet=&#8221;0px&#8221; body_ul_text_shadow_vertical_length_tablet=&#8221;0px&#8221; body_ul_text_shadow_blur_strength_tablet=&#8221;1px&#8221; body_ol_text_shadow_horizontal_length_tablet=&#8221;0px&#8221; body_ol_text_shadow_vertical_length_tablet=&#8221;0px&#8221; body_ol_text_shadow_blur_strength_tablet=&#8221;1px&#8221; body_quote_text_shadow_horizontal_length_tablet=&#8221;0px&#8221; body_quote_text_shadow_vertical_length_tablet=&#8221;0px&#8221; body_quote_text_shadow_blur_strength_tablet=&#8221;1px&#8221; border_radii=&#8221;|0px|0px|0px|0px&#8221; border_width_all=&#8221;0px&#8221; border_color_all=&#8221;#ffffff&#8221; border_style_all=&#8221;none&#8221; border_width_bottom=&#8221;2px&#8221; border_color_bottom=&#8221;rgba(0,0,0,0.22)&#8221; border_width_bottom_tablet=&#8221;2px&#8221; border_width_bottom_phone=&#8221;2px&#8221; box_shadow_style=&#8221;preset1&#8243; box_shadow_horizontal_tablet=&#8221;0px&#8221; box_shadow_vertical_tablet=&#8221;0px&#8221; box_shadow_blur_tablet=&#8221;40px&#8221; box_shadow_spread_tablet=&#8221;0px&#8221; text_shadow_horizontal_length_tablet=&#8221;0px&#8221; text_shadow_vertical_length_tablet=&#8221;0px&#8221; text_shadow_blur_strength_tablet=&#8221;1px&#8221; global_colors_info=&#8221;{}&#8221;]<\/p>\n<p><a href=\"https:\/\/www.juntadeandalucia.es\/educacion\/portals\/delegate\/content\/5ff573f6-53d5-4fed-9ec2-c6532231df6f\/CALENDARIO%20Sevilla%202022_2023\">Calendario escolar 22\/23<\/a><\/p>\n<p>[\/et_pb_toggle][et_pb_toggle title=&#8221;Servicios&#8221; open_toggle_text_color=&#8221;#333333&#8243; open_toggle_background_color=&#8221;#f6f6f6&#8243; closed_toggle_text_color=&#8221;#ffffff&#8221; closed_toggle_background_color=&#8221;#76c1e6&#8243; icon_color=&#8221;#9ad6f3&#8243; open_icon_color=&#8221;#9ad6f3&#8243; disabled_on=&#8221;on|on|&#8221; admin_label=&#8221;Desplegable servicios&#8221; _builder_version=&#8221;4.16&#8243; title_text_color=&#8221;#ffffff&#8221; title_font=&#8221;Open Sans|700|||||||&#8221; title_font_size=&#8221;14px&#8221; title_line_height=&#8221;1.4em&#8221; closed_title_font=&#8221;Open Sans||||||||&#8221; body_font=&#8221;Open Sans||||||||&#8221; body_text_color=&#8221;#333333&#8243; body_line_height=&#8221;1em&#8221; min_height=&#8221;75px&#8221; custom_margin=&#8221;||0px|&#8221; custom_padding=&#8221;5px||10px|&#8221; animation_style=&#8221;zoom&#8221; animation_intensity_zoom=&#8221;10%&#8221; z_index_tablet=&#8221;500&#8243; title_text_shadow_horizontal_length_tablet=&#8221;0px&#8221; title_text_shadow_vertical_length_tablet=&#8221;0px&#8221; title_text_shadow_blur_strength_tablet=&#8221;1px&#8221; closed_title_text_shadow_horizontal_length_tablet=&#8221;0px&#8221; closed_title_text_shadow_vertical_length_tablet=&#8221;0px&#8221; closed_title_text_shadow_blur_strength_tablet=&#8221;1px&#8221; body_text_shadow_horizontal_length_tablet=&#8221;0px&#8221; body_text_shadow_vertical_length_tablet=&#8221;0px&#8221; body_text_shadow_blur_strength_tablet=&#8221;1px&#8221; body_link_text_shadow_horizontal_length_tablet=&#8221;0px&#8221; body_link_text_shadow_vertical_length_tablet=&#8221;0px&#8221; body_link_text_shadow_blur_strength_tablet=&#8221;1px&#8221; body_ul_text_shadow_horizontal_length_tablet=&#8221;0px&#8221; body_ul_text_shadow_vertical_length_tablet=&#8221;0px&#8221; body_ul_text_shadow_blur_strength_tablet=&#8221;1px&#8221; body_ol_text_shadow_horizontal_length_tablet=&#8221;0px&#8221; body_ol_text_shadow_vertical_length_tablet=&#8221;0px&#8221; body_ol_text_shadow_blur_strength_tablet=&#8221;1px&#8221; body_quote_text_shadow_horizontal_length_tablet=&#8221;0px&#8221; body_quote_text_shadow_vertical_length_tablet=&#8221;0px&#8221; body_quote_text_shadow_blur_strength_tablet=&#8221;1px&#8221; border_radii=&#8221;|0px|0px|0px|0px&#8221; border_width_all=&#8221;0px&#8221; border_color_all=&#8221;#ffffff&#8221; border_style_all=&#8221;none&#8221; border_width_bottom=&#8221;2px&#8221; border_color_bottom=&#8221;rgba(0,0,0,0.22)&#8221; border_width_bottom_tablet=&#8221;2px&#8221; border_width_bottom_phone=&#8221;2px&#8221; box_shadow_style=&#8221;preset1&#8243; box_shadow_horizontal_tablet=&#8221;0px&#8221; box_shadow_vertical_tablet=&#8221;0px&#8221; box_shadow_blur_tablet=&#8221;40px&#8221; box_shadow_spread_tablet=&#8221;0px&#8221; text_shadow_horizontal_length_tablet=&#8221;0px&#8221; text_shadow_vertical_length_tablet=&#8221;0px&#8221; text_shadow_blur_strength_tablet=&#8221;1px&#8221; global_colors_info=&#8221;{}&#8221;]<\/p>\n<ul>\n<li><a title=\"Aula matinal\" href=\"https:\/\/blogsaverroes.juntadeandalucia.es\/ceipalcaldejoaquingarcia\/aula-matinal\/\">Aula matinal<\/a>.<\/li>\n<li><a title=\"Comedor escolar\" href=\"https:\/\/blogsaverroes.juntadeandalucia.es\/ceipalcaldejoaquingarcia\/comedor-escolar\/\">Comedor escolar<\/a>.<\/li>\n<li><a title=\"Actividades extraescolares\" href=\"https:\/\/blogsaverroes.juntadeandalucia.es\/ceipalcaldejoaquingarcia\/actividades-extraescolares\/\">Actividades extraescolares<\/a>.<\/li>\n<\/ul>\n<p>[\/et_pb_toggle][et_pb_toggle title=&#8221;Proyecto de Centro&#8221; open_toggle_text_color=&#8221;#333333&#8243; open_toggle_background_color=&#8221;#f6f6f6&#8243; closed_toggle_text_color=&#8221;#ffffff&#8221; closed_toggle_background_color=&#8221;#76c1e6&#8243; icon_color=&#8221;#9ad6f3&#8243; open_icon_color=&#8221;#9ad6f3&#8243; disabled_on=&#8221;on|on|&#8221; admin_label=&#8221;Desplegable proyecto de centro&#8221; _builder_version=&#8221;4.16&#8243; title_text_color=&#8221;#ffffff&#8221; title_font=&#8221;Open Sans|700|||||||&#8221; title_font_size=&#8221;14px&#8221; title_line_height=&#8221;1.4em&#8221; closed_title_font=&#8221;Open Sans||||||||&#8221; body_font=&#8221;Open Sans||||||||&#8221; body_text_color=&#8221;#333333&#8243; body_line_height=&#8221;1em&#8221; min_height=&#8221;75px&#8221; custom_margin=&#8221;||0px|&#8221; custom_padding=&#8221;5px||10px|&#8221; animation_style=&#8221;zoom&#8221; animation_intensity_zoom=&#8221;10%&#8221; z_index_tablet=&#8221;500&#8243; title_text_shadow_horizontal_length_tablet=&#8221;0px&#8221; title_text_shadow_vertical_length_tablet=&#8221;0px&#8221; title_text_shadow_blur_strength_tablet=&#8221;1px&#8221; closed_title_text_shadow_horizontal_length_tablet=&#8221;0px&#8221; closed_title_text_shadow_vertical_length_tablet=&#8221;0px&#8221; closed_title_text_shadow_blur_strength_tablet=&#8221;1px&#8221; body_text_shadow_horizontal_length_tablet=&#8221;0px&#8221; body_text_shadow_vertical_length_tablet=&#8221;0px&#8221; body_text_shadow_blur_strength_tablet=&#8221;1px&#8221; body_link_text_shadow_horizontal_length_tablet=&#8221;0px&#8221; body_link_text_shadow_vertical_length_tablet=&#8221;0px&#8221; body_link_text_shadow_blur_strength_tablet=&#8221;1px&#8221; body_ul_text_shadow_horizontal_length_tablet=&#8221;0px&#8221; body_ul_text_shadow_vertical_length_tablet=&#8221;0px&#8221; body_ul_text_shadow_blur_strength_tablet=&#8221;1px&#8221; body_ol_text_shadow_horizontal_length_tablet=&#8221;0px&#8221; body_ol_text_shadow_vertical_length_tablet=&#8221;0px&#8221; body_ol_text_shadow_blur_strength_tablet=&#8221;1px&#8221; body_quote_text_shadow_horizontal_length_tablet=&#8221;0px&#8221; body_quote_text_shadow_vertical_length_tablet=&#8221;0px&#8221; body_quote_text_shadow_blur_strength_tablet=&#8221;1px&#8221; border_radii=&#8221;|0px|0px|10px|10px&#8221; border_width_all=&#8221;0px&#8221; border_color_all=&#8221;#ffffff&#8221; border_style_all=&#8221;none&#8221; border_width_bottom=&#8221;2px&#8221; border_color_bottom=&#8221;rgba(0,0,0,0.22)&#8221; border_width_bottom_tablet=&#8221;2px&#8221; border_width_bottom_phone=&#8221;2px&#8221; box_shadow_style=&#8221;preset1&#8243; box_shadow_horizontal_tablet=&#8221;0px&#8221; box_shadow_vertical_tablet=&#8221;0px&#8221; box_shadow_blur_tablet=&#8221;40px&#8221; box_shadow_spread_tablet=&#8221;0px&#8221; text_shadow_horizontal_length_tablet=&#8221;0px&#8221; text_shadow_vertical_length_tablet=&#8221;0px&#8221; text_shadow_blur_strength_tablet=&#8221;1px&#8221; global_colors_info=&#8221;{}&#8221;]<\/p>\n<p><a title=\"Planes y Proyectos\" href=\"https:\/\/blogsaverroes.juntadeandalucia.es\/ceipalcaldejoaquingarcia\/planes-y-proyectos\/\">Acceso al Proyecto educativo, Proyecto de gesti\u00f3n y ROF<\/a><\/p>\n<p>[\/et_pb_toggle][et_pb_toggle title=&#8221;PLAN ACTUALIZACI\u00d3N DIGITAL &#8221; _builder_version=&#8221;4.24.2&#8243; _module_preset=&#8221;default&#8221; toggle_icon=&#8221;&#xe0e9;||divi||400&#8243; hover_enabled=&#8221;0&#8243; sticky_enabled=&#8221;0&#8243;]<\/p>\n<p><a href=\"https:\/\/drive.google.com\/file\/d\/17xK2o_Mty8iob1R7p__gf9ovkAHYZmWj\/view?usp=sharing\">PLAN ACTUALIZACI\u00d3N DIGITAL 24-25<\/a>Your content goes here. Edit or remove this text inline or in the module Content settings. You can also style every aspect of this content in the module Design settings and even apply custom CSS to this text in the module Advanced settings.<\/p>\n<p>[\/et_pb_toggle][\/et_pb_column][et_pb_column type=&#8221;3_4&#8243; _builder_version=&#8221;4.16&#8243; custom_padding=&#8221;|||&#8221; global_colors_info=&#8221;{}&#8221; custom_padding__hover=&#8221;|||&#8221;][et_pb_text _builder_version=&#8221;4.16&#8243; _module_preset=&#8221;default&#8221; width=&#8221;100%&#8221; custom_margin=&#8221;-37px||-9px||false|false&#8221; custom_padding=&#8221;21px||7px||false|false&#8221; global_colors_info=&#8221;{}&#8221;]<\/p>\n<h4><span style=\"color: #3366ff\"><strong>NOVEDADES<\/strong><\/span><\/h4>\n<p>[\/et_pb_text][et_pb_slider show_arrows=&#8221;off&#8221; _builder_version=&#8221;4.16&#8243; _module_preset=&#8221;default&#8221; background_image=&#8221;https:\/\/blogsaverroes.juntadeandalucia.es\/ceipalcaldejoaquingarcia\/files\/2021\/07\/Jornadas-de-puertas-abiertas.jpg&#8221; width=&#8221;99.9%&#8221; min_height=&#8221;90px&#8221; custom_margin=&#8221;|-26px|-10px|-41px|false|false&#8221; custom_margin_tablet=&#8221;&#8221; custom_margin_phone=&#8221;||0px|2px|false|false&#8221; custom_margin_last_edited=&#8221;on|phone&#8221; custom_padding=&#8221;|3px|0px|0px|false|false&#8221; auto=&#8221;on&#8221; hover_transition_duration=&#8221;2000ms&#8221; hover_transition_delay=&#8221;300ms&#8221; hover_transition_speed_curve=&#8221;ease-in-out&#8221; border_radii=&#8221;on|10px|10px|10px|10px&#8221; border_radii_image=&#8221;on|10px|10px|10px|10px&#8221; box_shadow_style=&#8221;preset1&#8243; global_colors_info=&#8221;{}&#8221;][et_pb_slide heading=&#8221;%22Sorbitos de Lectura%22 D\u00eda del Libro (23 abril)&#8221; button_text=&#8221;Clics&#8221; button_link=&#8221;https:\/\/docs.google.com\/presentation\/d\/e\/2PACX-1vQDjMCPvIvMhcJRE2Y27sRKW0ljbr7PnrUIRWKbG-RRgBcDdTWTfORSnesLQew-PaXEeh0EzzepHT-F\/pub?start=true&amp;loop=true&amp;delayms=3000&#8243; _builder_version=&#8221;4.16&#8243; _module_preset=&#8221;default&#8221; background_image=&#8221;https:\/\/blogsaverroes.juntadeandalucia.es\/ceipalcaldejoaquingarcia\/files\/2022\/05\/portada-sorbitos-de-lectura.jpg&#8221; background_enable_image=&#8221;on&#8221; background_size=&#8221;contain&#8221; link_option_url=&#8221;https:\/\/docs.google.com\/presentation\/d\/e\/2PACX-1vQDjMCPvIvMhcJRE2Y27sRKW0ljbr7PnrUIRWKbG-RRgBcDdTWTfORSnesLQew-PaXEeh0EzzepHT-F\/pub?start=true&amp;loop=true&amp;delayms=3000&#8243; global_colors_info=&#8221;{}&#8221; sticky_transition=&#8221;on&#8221;][\/et_pb_slide][et_pb_slide heading=&#8221;Calendario Escolarizaci\u00f3n 2022-23&#8243; button_text=&#8221;Clics&#8221; button_link=&#8221;https:\/\/drive.google.com\/file\/d\/1BLuzYWYliQANfKlF2W4I3bpp-LBPQtuR\/view?usp=sharing&#8221; _builder_version=&#8221;4.16&#8243; _module_preset=&#8221;default&#8221; background_image=&#8221;https:\/\/blogsaverroes.juntadeandalucia.es\/ceipalcaldejoaquingarcia\/files\/2022\/03\/escolarizacion.jpg&#8221; background_enable_image=&#8221;on&#8221; global_colors_info=&#8221;{}&#8221; sticky_transition=&#8221;on&#8221;][\/et_pb_slide][et_pb_slide heading=&#8221;Bienvenida Curso 2021-2022&#8243; button_text=&#8221;Clics&#8221; button_link=&#8221;https:\/\/drive.google.com\/file\/d\/1OEIugoCRooHzTqBvCPRgvdaEGOog0y0P\/view?usp=sharing&#8221; _builder_version=&#8221;4.16&#8243; _module_preset=&#8221;default&#8221; header_level=&#8221;h2&#8243; header_font=&#8221;||||||||&#8221; header_text_align=&#8221;center&#8221; header_text_color=&#8221;#0c71c3&#8243; header_font_size=&#8221;50px&#8221; background_image=&#8221;https:\/\/blogsaverroes.juntadeandalucia.es\/ceipalcaldejoaquingarcia\/files\/2021\/09\/bienvenida3-1.jpg&#8221; background_enable_image=&#8221;on&#8221; background_size=&#8221;contain&#8221; custom_button=&#8221;on&#8221; button_text_color=&#8221;#0c71c3&#8243; link_option_url=&#8221;https:\/\/drive.google.com\/file\/d\/1OEIugoCRooHzTqBvCPRgvdaEGOog0y0P\/view?usp=sharing&#8221; global_colors_info=&#8221;{}&#8221; sticky_transition=&#8221;on&#8221;][\/et_pb_slide][et_pb_slide heading=&#8221;Material escolar&#8221; _builder_version=&#8221;4.16&#8243; _module_preset=&#8221;default&#8221; background_image=&#8221;https:\/\/blogsaverroes.juntadeandalucia.es\/ceipalcaldejoaquingarcia\/files\/2021\/07\/material-escolar2.jpg&#8221; background_enable_image=&#8221;on&#8221; link_option_url=&#8221;https:\/\/blogsaverroes.juntadeandalucia.es\/ceipalcaldejoaquingarcia\/files\/2021\/07\/LISTADO-MATERIAL-curso-202-2022-1.pdf&#8221; global_colors_info=&#8221;{}&#8221; sticky_transition=&#8221;on&#8221;][\/et_pb_slide][et_pb_slide heading=&#8221;Actualizaci\u00f3n curso 2021-2022&#8243; _builder_version=&#8221;4.16&#8243; _module_preset=&#8221;default&#8221; background_image=&#8221;https:\/\/blogsaverroes.juntadeandalucia.es\/ceipalcaldejoaquingarcia\/files\/2020\/02\/Sin-t\u00edtulo.jpg&#8221; background_enable_image=&#8221;on&#8221; link_option_url=&#8221;https:\/\/drive.google.com\/file\/d\/1s0T-abesB2u9q_j36dkrfTP9Q8WxuMQ9\/view?usp=sharing&#8221; global_colors_info=&#8221;{}&#8221; sticky_transition=&#8221;on&#8221;][\/et_pb_slide][et_pb_slide _builder_version=&#8221;4.16&#8243; _module_preset=&#8221;default&#8221; background_image=&#8221;https:\/\/blogsaverroes.juntadeandalucia.es\/ceipalcaldejoaquingarcia\/files\/2021\/07\/Jornadas-de-puertas-abiertas.jpg&#8221; background_enable_image=&#8221;on&#8221; link_option_url=&#8221;https:\/\/docs.google.com\/presentation\/d\/e\/2PACX-1vSQwqAyFqLJ5aHupBct5Edyjk3N-K3ztIgijrgYTbRmsV1TYFLkI6rGWonwVSAqRrPUIZyp-l6pHEBT\/pub?start=true&amp;loop=true&amp;delayms=5000&#8243; global_colors_info=&#8221;{}&#8221; sticky_transition=&#8221;on&#8221;][\/et_pb_slide][\/et_pb_slider][\/et_pb_column][\/et_pb_row][et_pb_row column_structure=&#8221;1_2,1_2&#8243; _builder_version=&#8221;4.16&#8243; _module_preset=&#8221;default&#8221; global_colors_info=&#8221;{}&#8221;][et_pb_column type=&#8221;1_2&#8243; _builder_version=&#8221;4.16&#8243; _module_preset=&#8221;default&#8221; global_colors_info=&#8221;{}&#8221;][\/et_pb_column][et_pb_column type=&#8221;1_2&#8243; _builder_version=&#8221;4.16&#8243; _module_preset=&#8221;default&#8221; global_colors_info=&#8221;{}&#8221;][\/et_pb_column][\/et_pb_row][\/et_pb_section][et_pb_section fb_built=&#8221;1&#8243; _builder_version=&#8221;4.16&#8243; _module_preset=&#8221;default&#8221; background_color=&#8221;#ffffff&#8221; min_height=&#8221;444px&#8221; custom_margin=&#8221;-210px||109px||false|false&#8221; custom_padding=&#8221;|||2px||&#8221; global_colors_info=&#8221;{}&#8221;][et_pb_row column_structure=&#8221;1_3,1_3,1_3&#8243; _builder_version=&#8221;4.24.2&#8243; _module_preset=&#8221;default&#8221; width=&#8221;97.6%&#8221; min_height=&#8221;431px&#8221; custom_margin=&#8221;|auto||20px||&#8221; custom_padding=&#8221;36px|20px|24px|||&#8221; hover_enabled=&#8221;0&#8243; global_colors_info=&#8221;{}&#8221; box_shadow_style=&#8221;preset5&#8243; box_shadow_color=&#8221;#0C71C3&#8243; sticky_enabled=&#8221;0&#8243;][et_pb_column type=&#8221;1_3&#8243; _builder_version=&#8221;4.16&#8243; _module_preset=&#8221;default&#8221; global_colors_info=&#8221;{}&#8221;][et_pb_sidebar area=&#8221;et_pb_widget_area_1&#8243; _builder_version=&#8221;4.16&#8243; _module_preset=&#8221;default&#8221; custom_margin=&#8221;||-94px||false|false&#8221; custom_margin_tablet=&#8221;&#8221; custom_margin_phone=&#8221;||-89px||false|false&#8221; custom_margin_last_edited=&#8221;on|phone&#8221; custom_padding=&#8221;||15px||false|false&#8221; box_shadow_style=&#8221;preset1&#8243; global_colors_info=&#8221;{}&#8221;][\/et_pb_sidebar][\/et_pb_column][et_pb_column type=&#8221;1_3&#8243; _builder_version=&#8221;4.16&#8243; _module_preset=&#8221;default&#8221; global_colors_info=&#8221;{}&#8221;][et_pb_text _builder_version=&#8221;4.16&#8243; _module_preset=&#8221;default&#8221; width=&#8221;100%&#8221; custom_margin=&#8221;-68px||4px|280px|false|false&#8221; custom_margin_tablet=&#8221;&#8221; custom_margin_phone=&#8221;-19px|||59px|false|false&#8221; custom_margin_last_edited=&#8221;on|desktop&#8221; custom_padding=&#8221;21px||7px||false|false&#8221; global_colors_info=&#8221;{}&#8221;]<\/p>\n<h4><span style=\"color: #3366ff\"><strong>\u00a0EXPERIENCIAS EDUCATIVAS<\/strong><\/span><\/h4>\n<p>[\/et_pb_text][et_pb_slider _builder_version=&#8221;4.16&#8243; _module_preset=&#8221;default&#8221; background_image=&#8221;https:\/\/blogsaverroes.juntadeandalucia.es\/ceipalcaldejoaquingarcia\/files\/2022\/05\/Sin-t\u00edtulo-3-250&#215;300.jpg&#8221; max_width=&#8221;100%&#8221; min_height=&#8221;394px&#8221; custom_margin_tablet=&#8221;&#8221; custom_margin_phone=&#8221;|11px|||false|false&#8221; custom_margin_last_edited=&#8221;on|phone&#8221; custom_padding=&#8221;||343px||false|false&#8221; auto=&#8221;on&#8221; auto_ignore_hover=&#8221;on&#8221; link_option_url=&#8221;https:\/\/docs.google.com\/presentation\/d\/e\/2PACX-1vQDjMCPvIvMhcJRE2Y27sRKW0ljbr7PnrUIRWKbG-RRgBcDdTWTfORSnesLQew-PaXEeh0EzzepHT-F\/pub?start=true&amp;loop=true&amp;delayms=3000&#8243; border_radii=&#8221;on|10px|10px|10px|10px&#8221; border_color_all=&#8221;#8300E9&#8243; box_shadow_style=&#8221;preset1&#8243; global_colors_info=&#8221;{}&#8221;][et_pb_slide button_text=&#8221;Clics&#8221; button_link=&#8221;https:\/\/docs.google.com\/presentation\/d\/e\/2PACX-1vSuisnZubHwRN85lvEeOQ0NPWT3BnNvdltkRcGqGde9l6dM8ZKpyf0ykr5yuMwlrpI7C5F54KeqeN5E\/pub?start=true&amp;loop=true&amp;delayms=5000&#8243; _builder_version=&#8221;4.16&#8243; _module_preset=&#8221;default&#8221; background_color=&#8221;#FFFFFF&#8221; background_enable_color=&#8221;on&#8221; background_image=&#8221;https:\/\/blogsaverroes.juntadeandalucia.es\/ceipalcaldejoaquingarcia\/files\/2022\/05\/portada.jpg&#8221; background_enable_image=&#8221;on&#8221; background_size=&#8221;initial&#8221; link_option_url=&#8221;https:\/\/docs.google.com\/presentation\/d\/e\/2PACX-1vSuisnZubHwRN85lvEeOQ0NPWT3BnNvdltkRcGqGde9l6dM8ZKpyf0ykr5yuMwlrpI7C5F54KeqeN5E\/pub?start=true&amp;loop=true&amp;delayms=5000&#8243; global_colors_info=&#8221;{}&#8221; sticky_transition=&#8221;on&#8221;][\/et_pb_slide][et_pb_slide button_text=&#8221;Clics&#8221; button_link=&#8221;https:\/\/docs.google.com\/presentation\/d\/e\/2PACX-1vR0HoLM5L25toujUkivm101az6O0uBp1DbTmEvw8oSw46gfojLfQheaKt7BxpoMPwBCNAWV1CSNmyxu\/pub?start=true&amp;loop=true&amp;delayms=3000&#8243; _builder_version=&#8221;4.16&#8243; _module_preset=&#8221;default&#8221; background_image=&#8221;https:\/\/blogsaverroes.juntadeandalucia.es\/ceipalcaldejoaquingarcia\/files\/2022\/05\/Sin-t\u00edtulo2.jpg&#8221; background_enable_image=&#8221;on&#8221; link_option_url=&#8221;https:\/\/docs.google.com\/presentation\/d\/e\/2PACX-1vR0HoLM5L25toujUkivm101az6O0uBp1DbTmEvw8oSw46gfojLfQheaKt7BxpoMPwBCNAWV1CSNmyxu\/pub?start=true&amp;loop=true&amp;delayms=3000&#8243; global_colors_info=&#8221;{}&#8221; sticky_transition=&#8221;on&#8221;][\/et_pb_slide][et_pb_slide heading=&#8221;%22Sorbitos de Lectura%22&#8243; button_text=&#8221;Clics&#8221; button_link=&#8221;https:\/\/docs.google.com\/presentation\/d\/e\/2PACX-1vQDjMCPvIvMhcJRE2Y27sRKW0ljbr7PnrUIRWKbG-RRgBcDdTWTfORSnesLQew-PaXEeh0EzzepHT-F\/pub?start=true&amp;loop=true&amp;delayms=3000&#8243; _builder_version=&#8221;4.16&#8243; _module_preset=&#8221;default&#8221; background_enable_color=&#8221;off&#8221; background_image=&#8221;https:\/\/blogsaverroes.juntadeandalucia.es\/ceipalcaldejoaquingarcia\/files\/2022\/05\/Sorbitos-lectura1-1.jpg&#8221; background_enable_image=&#8221;on&#8221; global_colors_info=&#8221;{}&#8221; sticky_transition=&#8221;on&#8221;][\/et_pb_slide][et_pb_slide heading=&#8221;Experiencias educativas.Biblioteca &#8221; button_text=&#8221;Clics&#8221; button_link=&#8221;https:\/\/docs.google.com\/presentation\/d\/e\/2PACX-1vTySdV0UM2TbL7FP-id51MBahGcmWhLmyI6o6PEV0e_OJimtbYFwVQCSW-6Of4RSt1erB2uTud49Zpd\/pub?start=true&amp;loop=true&amp;delayms=5000&#8243; _builder_version=&#8221;4.16&#8243; _module_preset=&#8221;default&#8221; background_image=&#8221;https:\/\/blogsaverroes.juntadeandalucia.es\/ceipalcaldejoaquingarcia\/files\/2021\/07\/WhatsApp-Image-2021-06-16-at-12.25.24.jpeg&#8221; background_enable_image=&#8221;on&#8221; global_colors_info=&#8221;{}&#8221; sticky_transition=&#8221;on&#8221;][\/et_pb_slide][\/et_pb_slider][\/et_pb_column][et_pb_column type=&#8221;1_3&#8243; _builder_version=&#8221;4.16&#8243; _module_preset=&#8221;default&#8221; global_colors_info=&#8221;{}&#8221;][et_pb_slider _builder_version=&#8221;4.16&#8243; _module_preset=&#8221;default&#8221; width=&#8221;100%&#8221; max_width=&#8221;98%&#8221; min_height=&#8221;512px&#8221; custom_margin=&#8221;-4px|24px|3px||false|false&#8221; custom_margin_tablet=&#8221;&#8221; custom_margin_phone=&#8221;|11px|12px||false|false&#8221; custom_margin_last_edited=&#8221;on|phone&#8221; custom_padding=&#8221;|19px|18px||false|false&#8221; auto=&#8221;on&#8221; auto_speed=&#8221;5000&#8243; link_option_url=&#8221;https:\/\/padlet.com\/mariajosesanvicente\/ucjrkgcgwycw8h67&#8243; border_radii=&#8221;on|10px|10px|10px|10px&#8221; box_shadow_style=&#8221;preset1&#8243; global_colors_info=&#8221;{}&#8221;][et_pb_slide heading=&#8221;Experiencias educativas. Igualdad&#8221; button_text=&#8221;Clics&#8221; button_link=&#8221;https:\/\/padlet.com\/mariajosesanvicente\/ucjrkgcgwycw8h67&#8243; _builder_version=&#8221;4.16&#8243; _module_preset=&#8221;default&#8221; background_image=&#8221;https:\/\/blogsaverroes.juntadeandalucia.es\/ceipalcaldejoaquingarcia\/files\/2021\/07\/portada-igualdad.png&#8221; background_enable_image=&#8221;on&#8221; custom_button=&#8221;on&#8221; global_colors_info=&#8221;{}&#8221; sticky_transition=&#8221;on&#8221;][\/et_pb_slide][et_pb_slide heading=&#8221;Teatro Igualdad.%22La ratita presumida e inteligente%22&#8243; button_text=&#8221;Clics&#8221; button_link=&#8221;https:\/\/youtu.be\/JrRLlPjvyNA&#8221; _builder_version=&#8221;4.16&#8243; _module_preset=&#8221;default&#8221; background_image=&#8221;https:\/\/blogsaverroes.juntadeandalucia.es\/ceipalcaldejoaquingarcia\/files\/2021\/07\/teatro-portada.png&#8221; background_enable_image=&#8221;on&#8221; global_colors_info=&#8221;{}&#8221; sticky_transition=&#8221;on&#8221;][\/et_pb_slide][et_pb_slide heading=&#8221;Actividad de centro.D\u00eda de la Paz 30-E&#8221; button_text=&#8221;Clics&#8221; video_url=&#8221;https:\/\/blogsaverroes.juntadeandalucia.es\/ceipalcaldejoaquingarcia\/files\/2021\/07\/Video-Paz-19.37.22.mp4&#8243; _builder_version=&#8221;4.16&#8243; _module_preset=&#8221;default&#8221; background_image=&#8221;https:\/\/blogsaverroes.juntadeandalucia.es\/ceipalcaldejoaquingarcia\/files\/2021\/07\/Imagen-d\u00eda-de-la-Pz.jpg&#8221; background_enable_image=&#8221;on&#8221; global_colors_info=&#8221;{}&#8221; sticky_transition=&#8221;on&#8221;][\/et_pb_slide][\/et_pb_slider][\/et_pb_column][\/et_pb_row][\/et_pb_section][et_pb_section fb_built=&#8221;1&#8243; _builder_version=&#8221;4.16&#8243; _module_preset=&#8221;default&#8221; background_image=&#8221;https:\/\/blogsaverroes.juntadeandalucia.es\/ceipalcaldejoaquingarcia\/files\/2021\/07\/panar\u00e1mica1.jpg&#8221; min_height=&#8221;309px&#8221; custom_margin=&#8221;-105px||||false|false&#8221; custom_padding=&#8221;||21px|||&#8221; global_colors_info=&#8221;{}&#8221;][et_pb_row column_structure=&#8221;1_5,1_5,1_5,1_5,1_5&#8243; _builder_version=&#8221;4.16&#8243; _module_preset=&#8221;default&#8221; custom_margin=&#8221;-25px||||false|false&#8221; global_colors_info=&#8221;{}&#8221;][et_pb_column type=&#8221;1_5&#8243; _builder_version=&#8221;4.16&#8243; _module_preset=&#8221;default&#8221; global_colors_info=&#8221;{}&#8221;][et_pb_button button_url=&#8221;https:\/\/blogsaverroes.juntadeandalucia.es\/ceipalcaldejoaquingarcia\/?page_id=1799&amp;preview=true&#8221; button_text=&#8221;CENTRO&#8221; button_alignment=&#8221;center&#8221; _builder_version=&#8221;4.16&#8243; _module_preset=&#8221;default&#8221; custom_button=&#8221;on&#8221; button_text_size=&#8221;19px&#8221; button_text_color=&#8221;#ffffff&#8221; button_border_width=&#8221;2px&#8221; button_border_radius=&#8221;12px&#8221; custom_margin=&#8221;45px||0px||false|false&#8221; custom_padding=&#8221;||6px||false|false&#8221; global_colors_info=&#8221;{}&#8221;][\/et_pb_button][\/et_pb_column][et_pb_column type=&#8221;1_5&#8243; _builder_version=&#8221;4.16&#8243; _module_preset=&#8221;default&#8221; global_colors_info=&#8221;{}&#8221;][\/et_pb_column][et_pb_column type=&#8221;1_5&#8243; _builder_version=&#8221;4.16&#8243; _module_preset=&#8221;default&#8221; global_colors_info=&#8221;{}&#8221;][et_pb_button button_text=&#8221;INSTALACIONES&#8221; button_alignment=&#8221;center&#8221; _builder_version=&#8221;4.16&#8243; _module_preset=&#8221;default&#8221; custom_button=&#8221;on&#8221; button_text_size=&#8221;19px&#8221; button_text_color=&#8221;#ffffff&#8221; button_border_width=&#8221;2px&#8221; button_border_radius=&#8221;12px&#8221; custom_margin=&#8221;42px||0px|-6px|false|false&#8221; custom_padding=&#8221;3px||7px||false|false&#8221; global_colors_info=&#8221;{}&#8221;][\/et_pb_button][\/et_pb_column][et_pb_column type=&#8221;1_5&#8243; _builder_version=&#8221;4.16&#8243; _module_preset=&#8221;default&#8221; global_colors_info=&#8221;{}&#8221;][\/et_pb_column][et_pb_column type=&#8221;1_5&#8243; _builder_version=&#8221;4.16&#8243; _module_preset=&#8221;default&#8221; global_colors_info=&#8221;{}&#8221;][et_pb_button button_text=&#8221;OFERTA EDUCATIVA&#8221; button_alignment=&#8221;center&#8221; _builder_version=&#8221;4.16&#8243; _module_preset=&#8221;default&#8221; custom_button=&#8221;on&#8221; button_text_size=&#8221;19px&#8221; button_text_color=&#8221;#ffffff&#8221; button_border_width=&#8221;2px&#8221; button_border_radius=&#8221;12px&#8221; button_letter_spacing=&#8221;0px&#8221; custom_margin=&#8221;23px|10px|-5px|4px|false|false&#8221; custom_padding=&#8221;8px||4px||false|false&#8221; global_colors_info=&#8221;{}&#8221;][\/et_pb_button][\/et_pb_column][\/et_pb_row][\/et_pb_section][et_pb_section fb_built=&#8221;1&#8243; _builder_version=&#8221;4.16&#8243; _module_preset=&#8221;default&#8221; background_color=&#8221;#d6d6d6&#8243; global_colors_info=&#8221;{}&#8221;][et_pb_row column_structure=&#8221;1_3,1_3,1_3&#8243; _builder_version=&#8221;4.16&#8243; _module_preset=&#8221;default&#8221; global_colors_info=&#8221;{}&#8221;][et_pb_column type=&#8221;1_3&#8243; _builder_version=&#8221;4.16&#8243; _module_preset=&#8221;default&#8221; global_colors_info=&#8221;{}&#8221;][et_pb_video src=&#8221;https:\/\/youtu.be\/7ShGT1uK_Wg&#8221; _builder_version=&#8221;4.16&#8243; _module_preset=&#8221;default&#8221; global_colors_info=&#8221;{}&#8221;][\/et_pb_video][et_pb_text _builder_version=&#8221;4.16&#8243; _module_preset=&#8221;default&#8221; global_colors_info=&#8221;{}&#8221;]<\/p>\n<h3 style=\"text-align: center\"><strong><span style=\"color: #3366ff\">Acceso a Pasen Web<\/span><\/strong><\/h3>\n<p>[\/et_pb_text][\/et_pb_column][et_pb_column type=&#8221;1_3&#8243; _builder_version=&#8221;4.16&#8243; _module_preset=&#8221;default&#8221; global_colors_info=&#8221;{}&#8221;][et_pb_video src=&#8221;https:\/\/youtu.be\/bjQmLlB_v14&#8243; _builder_version=&#8221;4.16&#8243; _module_preset=&#8221;default&#8221; global_colors_info=&#8221;{}&#8221;][\/et_pb_video][et_pb_text _builder_version=&#8221;4.16&#8243; _module_preset=&#8221;default&#8221; global_colors_info=&#8221;{}&#8221;]<\/p>\n<h3 style=\"text-align: center\"><strong><span style=\"color: #3366ff\">Instalar IPasen ANDROID<\/span><\/strong><\/h3>\n<p>[\/et_pb_text][\/et_pb_column][et_pb_column type=&#8221;1_3&#8243; _builder_version=&#8221;4.16&#8243; _module_preset=&#8221;default&#8221; global_colors_info=&#8221;{}&#8221;][et_pb_video src=&#8221;https:\/\/youtu.be\/SiGPrsi2Wgc&#8221; _builder_version=&#8221;4.16&#8243; _module_preset=&#8221;default&#8221; global_colors_info=&#8221;{}&#8221;][\/et_pb_video][et_pb_text _builder_version=&#8221;4.16&#8243; _module_preset=&#8221;default&#8221; global_colors_info=&#8221;{}&#8221;]<\/p>\n<h3 style=\"text-align: center\"><strong><span style=\"color: #3366ff\">Instalar IPasen IOS<\/span><\/strong><\/h3>\n<p>[\/et_pb_text][\/et_pb_column][\/et_pb_row][\/et_pb_section][et_pb_section fb_built=&#8221;1&#8243; _builder_version=&#8221;4.16&#8243; _module_preset=&#8221;default&#8221; global_colors_info=&#8221;{}&#8221;][et_pb_row column_structure=&#8221;1_4,1_4,1_4,1_4&#8243; _builder_version=&#8221;4.16&#8243; _module_preset=&#8221;default&#8221; custom_margin=&#8221;-35px||||false|false&#8221; global_colors_info=&#8221;{}&#8221;][et_pb_column type=&#8221;1_4&#8243; _builder_version=&#8221;4.16&#8243; _module_preset=&#8221;default&#8221; global_colors_info=&#8221;{}&#8221;][et_pb_image src=&#8221;https:\/\/blogsaverroes.juntadeandalucia.es\/ceipalcaldejoaquingarcia\/files\/2021\/07\/Junta.jpg&#8221; title_text=&#8221;Junta&#8221; url=&#8221;https:\/\/www.juntadeandalucia.es\/educacion\/portaldocente\/&#8221; _builder_version=&#8221;4.16&#8243; _module_preset=&#8221;default&#8221; background_enable_image=&#8221;off&#8221; width=&#8221;94.5%&#8221; custom_margin=&#8221;47px||30px|-19px|false|false&#8221; custom_margin_tablet=&#8221;&#8221; custom_margin_phone=&#8221;47px||30px|8px|false|false&#8221; custom_margin_last_edited=&#8221;on|desktop&#8221; custom_padding=&#8221;|||34px|false|false&#8221; global_colors_info=&#8221;{}&#8221;][\/et_pb_image][\/et_pb_column][et_pb_column type=&#8221;1_4&#8243; _builder_version=&#8221;4.16&#8243; _module_preset=&#8221;default&#8221; global_colors_info=&#8221;{}&#8221;][et_pb_slider _builder_version=&#8221;4.16&#8243; _module_preset=&#8221;default&#8221; background_enable_color=&#8221;off&#8221; background_image=&#8221;https:\/\/blogsaverroes.juntadeandalucia.es\/ceipalcaldejoaquingarcia\/files\/2021\/07\/moodle1.jpg&#8221; custom_margin=&#8221;-18px|-6px||32px|false|false&#8221; custom_padding=&#8221;0px||0px|0px|false|false&#8221; auto=&#8221;on&#8221; auto_speed=&#8221;5000&#8243; link_option_url=&#8221;https:\/\/drive.google.com\/file\/d\/1xMUrP8EYGLk-dPqI5MQ9PIInumqrOLOj\/view?usp=sharing&#8221; background_last_edited=&#8221;on|phone&#8221; global_colors_info=&#8221;{}&#8221;][et_pb_slide heading=&#8221;P\u00e1gina Principal&#8221; button_text=&#8221;Clics&#8221; button_link=&#8221;https:\/\/educacionadistancia.juntadeandalucia.es\/centros\/sevilla\/login\/index.php&#8221; image=&#8221;https:\/\/blogsaverroes.juntadeandalucia.es\/ceipalcaldejoaquingarcia\/files\/2021\/07\/moodle.jpg&#8221; _builder_version=&#8221;4.16&#8243; _module_preset=&#8221;default&#8221; custom_padding=&#8221;0px||15px||false|false&#8221; link_option_url=&#8221;https:\/\/educacionadistancia.juntadeandalucia.es\/centros\/sevilla\/login\/index.php&#8221; global_colors_info=&#8221;{}&#8221; sticky_transition=&#8221;on&#8221;][\/et_pb_slide][et_pb_slide heading=&#8221;Tutorial&#8221; button_text=&#8221;Clics&#8221; button_link=&#8221;https:\/\/drive.google.com\/file\/d\/1xMUrP8EYGLk-dPqI5MQ9PIInumqrOLOj\/view?usp=sharing&#8221; image=&#8221;https:\/\/blogsaverroes.juntadeandalucia.es\/ceipalcaldejoaquingarcia\/files\/2021\/07\/moodle.jpg&#8221; _builder_version=&#8221;4.16&#8243; _module_preset=&#8221;default&#8221; custom_padding=&#8221;0px||15px||false|false&#8221; global_colors_info=&#8221;{}&#8221; sticky_transition=&#8221;on&#8221;][\/et_pb_slide][\/et_pb_slider][\/et_pb_column][et_pb_column type=&#8221;1_4&#8243; _builder_version=&#8221;4.16&#8243; _module_preset=&#8221;default&#8221; global_colors_info=&#8221;{}&#8221;][et_pb_image src=&#8221;https:\/\/blogsaverroes.juntadeandalucia.es\/ceipalcaldejoaquingarcia\/files\/2021\/07\/seneca-1.jpg&#8221; title_text=&#8221;seneca&#8221; _builder_version=&#8221;4.16&#8243; _module_preset=&#8221;default&#8221; background_enable_image=&#8221;off&#8221; custom_margin=&#8221;46px|-16px||26px|false|false&#8221; global_colors_info=&#8221;{}&#8221;][\/et_pb_image][\/et_pb_column][et_pb_column type=&#8221;1_4&#8243; _builder_version=&#8221;4.16&#8243; _module_preset=&#8221;default&#8221; global_colors_info=&#8221;{}&#8221;][et_pb_image src=&#8221;https:\/\/blogsaverroes.juntadeandalucia.es\/ceipalcaldejoaquingarcia\/files\/2021\/07\/junta2.jpg&#8221; title_text=&#8221;junta2&#8243; _builder_version=&#8221;4.16&#8243; _module_preset=&#8221;default&#8221; background_enable_image=&#8221;off&#8221; min_height=&#8221;145px&#8221; custom_margin_tablet=&#8221;&#8221; custom_margin_phone=&#8221;|-12px||59px|false|false&#8221; custom_margin_last_edited=&#8221;on|phone&#8221; custom_padding=&#8221;||0px|||&#8221; global_colors_info=&#8221;{}&#8221;][\/et_pb_image][\/et_pb_column][\/et_pb_row][\/et_pb_section][et_pb_section fb_built=&#8221;1&#8243; admin_label=&#8221;Testimonials&#8221; _builder_version=&#8221;4.16&#8243; use_background_color_gradient=&#8221;on&#8221; background_color_gradient_stops=&#8221;#e3e3e8 0%|#ffffff 100%&#8221; background_color_gradient_start=&#8221;#e3e3e8&#8243; background_color_gradient_end=&#8221;#ffffff&#8221; background_image=&#8221;https:\/\/blogsaverroes.juntadeandalucia.es\/ceipalcaldejoaquingarcia\/files\/2020\/01\/shapes-bg-1.png&#8221; parallax=&#8221;on&#8221; inner_width_tablet=&#8221;50px&#8221; inner_max_width_tablet=&#8221;50px&#8221; min_height=&#8221;534px&#8221; custom_padding=&#8221;24px|||||&#8221; z_index_tablet=&#8221;500&#8243; box_shadow_horizontal_tablet=&#8221;0px&#8221; box_shadow_vertical_tablet=&#8221;0px&#8221; box_shadow_blur_tablet=&#8221;40px&#8221; box_shadow_spread_tablet=&#8221;0px&#8221; global_colors_info=&#8221;{}&#8221;][et_pb_row column_structure=&#8221;1_2,1_2&#8243; _builder_version=&#8221;4.16&#8243; background_color=&#8221;#ffffff&#8221; min_height=&#8221;317px&#8221; custom_margin=&#8221;13px|auto|1em|auto|false|false&#8221; custom_padding=&#8221;135px|30px|61px|30px|false|false&#8221; z_index_tablet=&#8221;500&#8243; border_radii=&#8221;on|3px|3px|3px|3px&#8221; border_width_top=&#8221;10px&#8221; border_color_top=&#8221;#b77abd&#8221; border_width_top_tablet=&#8221;10px&#8221; border_width_top_phone=&#8221;10px&#8221; box_shadow_style=&#8221;preset1&#8243; box_shadow_vertical_tablet=&#8221;0px&#8221; box_shadow_blur_tablet=&#8221;40px&#8221; box_shadow_spread_tablet=&#8221;0px&#8221; global_colors_info=&#8221;{}&#8221;][et_pb_column type=&#8221;1_2&#8243; _builder_version=&#8221;4.16&#8243; custom_padding=&#8221;|||&#8221; global_colors_info=&#8221;{}&#8221; custom_padding__hover=&#8221;|||&#8221;][et_pb_text content_tablet=&#8221;&#8221; content_phone=&#8221;<\/p>\n<h2><span><strong>Datos del Centro<\/strong><\/span><\/h2>\n<p><strong>Nombre:<\/strong> Ceip ALCALDE JOAQU\u00cdN GARC\u00cdA<br \/> <strong>Direcci\u00f3n:<\/strong> c\/ Escultor Esteban Dom\u00ednguez s\/n. 41500. Alcal\u00e1 de Guada\u00edra<br \/> <strong>Tel\u00e9fono:<\/strong> 955622736\/ 37(fax)<br \/> <strong>Correo electr\u00f3nico:<\/strong> 41000296.edu@juntadeandalucia.es<\/p>\n<p>&#8221; content_last_edited=&#8221;on|phone&#8221; admin_label=&#8221;Datos del centro (t\u00edtulo y datos)&#8221; _builder_version=&#8221;4.16&#8243; text_text_color=&#8221;#333333&#8243; header_2_text_color=&#8221;#333333&#8243; header_2_font_size=&#8221;40px&#8221; header_2_line_height=&#8221;48px&#8221; custom_margin=&#8221;-102px||||false|false&#8221; custom_padding=&#8221;0px||||false|false&#8221; z_index_tablet=&#8221;500&#8243; text_text_shadow_horizontal_length_tablet=&#8221;0px&#8221; text_text_shadow_vertical_length_tablet=&#8221;0px&#8221; text_text_shadow_blur_strength_tablet=&#8221;1px&#8221; link_text_shadow_horizontal_length_tablet=&#8221;0px&#8221; link_text_shadow_vertical_length_tablet=&#8221;0px&#8221; link_text_shadow_blur_strength_tablet=&#8221;1px&#8221; ul_text_shadow_horizontal_length_tablet=&#8221;0px&#8221; ul_text_shadow_vertical_length_tablet=&#8221;0px&#8221; ul_text_shadow_blur_strength_tablet=&#8221;1px&#8221; ol_text_shadow_horizontal_length_tablet=&#8221;0px&#8221; ol_text_shadow_vertical_length_tablet=&#8221;0px&#8221; ol_text_shadow_blur_strength_tablet=&#8221;1px&#8221; quote_text_shadow_horizontal_length_tablet=&#8221;0px&#8221; quote_text_shadow_vertical_length_tablet=&#8221;0px&#8221; quote_text_shadow_blur_strength_tablet=&#8221;1px&#8221; header_text_shadow_horizontal_length_tablet=&#8221;0px&#8221; header_text_shadow_vertical_length_tablet=&#8221;0px&#8221; header_text_shadow_blur_strength_tablet=&#8221;1px&#8221; header_2_text_shadow_horizontal_length_tablet=&#8221;0px&#8221; header_2_text_shadow_vertical_length_tablet=&#8221;0px&#8221; header_2_text_shadow_blur_strength_tablet=&#8221;1px&#8221; header_3_text_shadow_horizontal_length_tablet=&#8221;0px&#8221; header_3_text_shadow_vertical_length_tablet=&#8221;0px&#8221; header_3_text_shadow_blur_strength_tablet=&#8221;1px&#8221; header_4_text_shadow_horizontal_length_tablet=&#8221;0px&#8221; header_4_text_shadow_vertical_length_tablet=&#8221;0px&#8221; header_4_text_shadow_blur_strength_tablet=&#8221;1px&#8221; header_5_text_shadow_horizontal_length_tablet=&#8221;0px&#8221; header_5_text_shadow_vertical_length_tablet=&#8221;0px&#8221; header_5_text_shadow_blur_strength_tablet=&#8221;1px&#8221; header_6_text_shadow_horizontal_length_tablet=&#8221;0px&#8221; header_6_text_shadow_vertical_length_tablet=&#8221;0px&#8221; header_6_text_shadow_blur_strength_tablet=&#8221;1px&#8221; box_shadow_horizontal_tablet=&#8221;0px&#8221; box_shadow_vertical_tablet=&#8221;0px&#8221; box_shadow_blur_tablet=&#8221;40px&#8221; box_shadow_spread_tablet=&#8221;0px&#8221; global_colors_info=&#8221;{}&#8221;]<\/p>\n<h2><span style=\"font-size: 28px\"><strong>Datos del Centro<\/strong><\/span><\/h2>\n<p><strong>Nombre:<\/strong> Ceip ALCALDE JOAQU\u00cdN GARC\u00cdA<br \/> <strong>Direcci\u00f3n:<\/strong> c\/ Escultor Esteban Dom\u00ednguez s\/n. 41500. Alcal\u00e1 de Guada\u00edra<br \/> <strong>Tel\u00e9fono:<\/strong> 955622736\/ 37(fax)<br \/> <strong>Correo electr\u00f3nico:<\/strong> 41000296.edu@juntadeandalucia.es<\/p>\n<p>[\/et_pb_text][\/et_pb_column][et_pb_column type=&#8221;1_2&#8243; _builder_version=&#8221;4.16&#8243; custom_padding=&#8221;|||&#8221; global_colors_info=&#8221;{}&#8221; custom_padding__hover=&#8221;|||&#8221;][et_pb_text content_tablet=&#8221;&#8221; content_phone=&#8221;<\/p>\n<p><span><\/span><\/p>\n<p><span><\/span><\/p>\n<p><span><\/span><\/p>\n<p><span><\/span><\/p>\n<p><span><\/span><\/p>\n<p><span><\/span><\/p>\n<p><span><\/span><\/p>\n<p><span>         \u00bfD\u00f3nde estamos?<\/span><span><\/span><\/p>\n<p><span><\/span><\/p>\n<p>&#8221; content_last_edited=&#8221;on|phone&#8221; _builder_version=&#8221;4.16&#8243; custom_margin=&#8221;-90px|0px||63px|false|false&#8221; custom_padding_tablet=&#8221;&#8221; custom_padding_phone=&#8221;||0px|0px|false|false&#8221; custom_padding_last_edited=&#8221;on|phone&#8221; z_index_tablet=&#8221;500&#8243; text_text_shadow_horizontal_length_tablet=&#8221;0px&#8221; text_text_shadow_vertical_length_tablet=&#8221;0px&#8221; text_text_shadow_blur_strength_tablet=&#8221;1px&#8221; link_text_shadow_horizontal_length_tablet=&#8221;0px&#8221; link_text_shadow_vertical_length_tablet=&#8221;0px&#8221; link_text_shadow_blur_strength_tablet=&#8221;1px&#8221; ul_text_shadow_horizontal_length_tablet=&#8221;0px&#8221; ul_text_shadow_vertical_length_tablet=&#8221;0px&#8221; ul_text_shadow_blur_strength_tablet=&#8221;1px&#8221; ol_text_shadow_horizontal_length_tablet=&#8221;0px&#8221; ol_text_shadow_vertical_length_tablet=&#8221;0px&#8221; ol_text_shadow_blur_strength_tablet=&#8221;1px&#8221; quote_text_shadow_horizontal_length_tablet=&#8221;0px&#8221; quote_text_shadow_vertical_length_tablet=&#8221;0px&#8221; quote_text_shadow_blur_strength_tablet=&#8221;1px&#8221; header_text_shadow_horizontal_length_tablet=&#8221;0px&#8221; header_text_shadow_vertical_length_tablet=&#8221;0px&#8221; header_text_shadow_blur_strength_tablet=&#8221;1px&#8221; header_2_text_shadow_horizontal_length_tablet=&#8221;0px&#8221; header_2_text_shadow_vertical_length_tablet=&#8221;0px&#8221; header_2_text_shadow_blur_strength_tablet=&#8221;1px&#8221; header_3_text_shadow_horizontal_length_tablet=&#8221;0px&#8221; header_3_text_shadow_vertical_length_tablet=&#8221;0px&#8221; header_3_text_shadow_blur_strength_tablet=&#8221;1px&#8221; header_4_text_shadow_horizontal_length_tablet=&#8221;0px&#8221; header_4_text_shadow_vertical_length_tablet=&#8221;0px&#8221; header_4_text_shadow_blur_strength_tablet=&#8221;1px&#8221; header_5_text_shadow_horizontal_length_tablet=&#8221;0px&#8221; header_5_text_shadow_vertical_length_tablet=&#8221;0px&#8221; header_5_text_shadow_blur_strength_tablet=&#8221;1px&#8221; header_6_text_shadow_horizontal_length_tablet=&#8221;0px&#8221; header_6_text_shadow_vertical_length_tablet=&#8221;0px&#8221; header_6_text_shadow_blur_strength_tablet=&#8221;1px&#8221; box_shadow_horizontal_tablet=&#8221;0px&#8221; box_shadow_vertical_tablet=&#8221;0px&#8221; box_shadow_blur_tablet=&#8221;40px&#8221; box_shadow_spread_tablet=&#8221;0px&#8221; global_colors_info=&#8221;{}&#8221;]<\/p>\n<p><span style=\"font-size: 24pt\"><\/span><\/p>\n<p><span style=\"font-size: 24pt\"><\/span><\/p>\n<p><span style=\"font-size: 24pt\"><\/span><\/p>\n<p><span style=\"font-size: 24pt\"><\/span><\/p>\n<p><span style=\"font-size: 24pt\"><\/span><\/p>\n<p><span style=\"font-size: 24pt\"><\/span><\/p>\n<p><span style=\"font-size: 24pt\">\u00bfD\u00f3nde estamos?<\/span><span style=\"font-size: 24pt\"><\/span><\/p>\n<p><span style=\"font-size: 24pt\"><\/span><\/p>\n<p><span style=\"font-size: 24pt\"><\/span><\/p>\n<p>[\/et_pb_text][et_pb_code _builder_version=&#8221;4.16&#8243; _module_preset=&#8221;default&#8221; global_colors_info=&#8221;{}&#8221;]<iframe loading=\"lazy\" src=\"https:\/\/www.google.com\/maps\/embed?pb=!1m18!1m12!1m3!1d1585.9245582516567!2d-5.839242005973731!3d37.34608065282313!2m3!1f0!2f0!3f0!3m2!1i1024!2i768!4f13.1!3m3!1m2!1s0xd1264ea665d88d9%3A0x33fe6bbf3e65fbd7!2sCalle%20Escultor%20Esteban%20Dom%C3%ADnguez%2C%2041500%20Alcal%C3%A1%20de%20Guada%C3%ADra%2C%20Sevilla!5e0!3m2!1ses!2ses!4v1625746718289!5m2!1ses!2ses\" width=\"400\" height=\"300\"><\/iframe>[\/et_pb_code][\/et_pb_column][\/et_pb_row][\/et_pb_section][et_pb_section fb_built=&#8221;1&#8243; _builder_version=&#8221;4.16&#8243; _module_preset=&#8221;default&#8221; background_color=&#8221;#88c4dd&#8221; width=&#8221;100%&#8221; min_height=&#8221;81px&#8221; custom_margin=&#8221;-20px||4px|0px|false|false&#8221; custom_margin_tablet=&#8221;&#8221; custom_margin_phone=&#8221;-20px||0px|0px|false|false&#8221; custom_margin_last_edited=&#8221;on|phone&#8221; custom_padding=&#8221;|0px|26px|0px|false|false&#8221; global_colors_info=&#8221;{}&#8221;][et_pb_row column_structure=&#8221;1_2,1_2&#8243; _builder_version=&#8221;4.16&#8243; _module_preset=&#8221;default&#8221; width=&#8221;97.3%&#8221; min_height=&#8221;116px&#8221; custom_margin=&#8221;-8px|auto|7px|152px|false|false&#8221; custom_margin_tablet=&#8221;&#8221; custom_margin_phone=&#8221;|||4px|false|false&#8221; custom_margin_last_edited=&#8221;on|desktop&#8221; custom_padding=&#8221;|10px||||&#8221; global_colors_info=&#8221;{}&#8221;][et_pb_column type=&#8221;1_2&#8243; _builder_version=&#8221;4.16&#8243; _module_preset=&#8221;default&#8221; global_colors_info=&#8221;{}&#8221;][et_pb_text _builder_version=&#8221;4.16&#8243; _module_preset=&#8221;default&#8221; background_enable_color=&#8221;off&#8221; width=&#8221;100%&#8221; min_height=&#8221;122px&#8221; custom_margin=&#8221;-35px||-41px|76px|false|false&#8221; custom_margin_tablet=&#8221;&#8221; custom_margin_phone=&#8221;-23px||-17px|41px|false|false&#8221; custom_margin_last_edited=&#8221;on|desktop&#8221; custom_padding=&#8221;||20px||false|false&#8221; global_colors_info=&#8221;{}&#8221;]<\/p>\n<h2><strong>\u00a0 \u00a0 Ceip Alcalde Joaqu\u00edn Garc\u00eda\u00a0<\/strong><\/h2>\n<p>\u00a0 \u00a0 \u00a0 \u00a0 \u00a0 \u00a0 \u00a0 \u00a0 \u00a0 \u00a0 \u00a0 \u00a0 \u00a0 \u00a0 \u00a0\u00a9 Alcalde Joaqu\u00edn Garc\u00eda<\/p>\n<p>\u00a0 \u00a0 \u00a0 \u00a0 \u00a0Powered by WorPress-Pencil WordPress Themes<\/p>\n<p>[\/et_pb_text][\/et_pb_column][et_pb_column type=&#8221;1_2&#8243; _builder_version=&#8221;4.16&#8243; _module_preset=&#8221;default&#8221; global_colors_info=&#8221;{}&#8221;][et_pb_text _builder_version=&#8221;4.16&#8243; _module_preset=&#8221;default&#8221; background_enable_color=&#8221;off&#8221; width=&#8221;100%&#8221; min_height=&#8221;122px&#8221; custom_margin=&#8221;-35px||-41px|76px|false|false&#8221; custom_margin_tablet=&#8221;&#8221; custom_margin_phone=&#8221;-23px||-17px|45px|false|false&#8221; custom_margin_last_edited=&#8221;on|desktop&#8221; custom_padding=&#8221;||20px||false|false&#8221; global_colors_info=&#8221;{}&#8221;]<\/p>\n<h2><\/h2>\n<h1><strong>\u00a0 \u00a0 \u00a0 \u00a0 \u00a0 \u00a0 Cont\u00e1ctanos<\/strong><\/h1>\n<h4>\u00a0 \u00a0 \u00a0 \u00a0 \u00a0 \u00a0 \u00a0 \u00a0 \u00a0 \u00a0 \u00a0 \u00a0 \u00a0955622736\/ 37(fax)<\/h4>\n<h4>\u00a0 \u00a0 \u00a0 \u00a0 \u00a0 41000296.edu@juntadeandalucia.es<\/h4>\n<p>[\/et_pb_text][\/et_pb_column][\/et_pb_row][\/et_pb_section]<\/p>\n","protected":false},"excerpt":{"rendered":"<p>CEIP\u00a0\u00a0ALCALDE\u00a0JOAQU\u00cdN GARC\u00cdA ALCAL\u00c1\u00a0 DE\u00a0GUADA\u00cdRADe lunes a viernes, en horario de 9:30h a 12:00h.\u00a0Calendario escolar 22\/23 Aula matinal. Comedor escolar. Actividades extraescolares. Acceso al Proyecto educativo, Proyecto de gesti\u00f3n y ROFPLAN ACTUALIZACI\u00d3N DIGITAL 24-25Your content goes here. Edit or remove this text inline or in the module Content settings. You can also style every aspect of [&hellip;]<\/p>\n","protected":false},"author":7051,"featured_media":0,"parent":0,"menu_order":0,"comment_status":"closed","ping_status":"closed","template":"","meta":{"_et_pb_use_builder":"on","_et_pb_old_content":"","_et_gb_content_width":"","ngg_post_thumbnail":0,"footnotes":""},"aioseo_notices":[],"_links":{"self":[{"href":"https:\/\/blogsaverroes.juntadeandalucia.es\/ceipalcaldejoaquingarcia\/wp-json\/wp\/v2\/pages\/15"}],"collection":[{"href":"https:\/\/blogsaverroes.juntadeandalucia.es\/ceipalcaldejoaquingarcia\/wp-json\/wp\/v2\/pages"}],"about":[{"href":"https:\/\/blogsaverroes.juntadeandalucia.es\/ceipalcaldejoaquingarcia\/wp-json\/wp\/v2\/types\/page"}],"author":[{"embeddable":true,"href":"https:\/\/blogsaverroes.juntadeandalucia.es\/ceipalcaldejoaquingarcia\/wp-json\/wp\/v2\/users\/7051"}],"replies":[{"embeddable":true,"href":"https:\/\/blogsaverroes.juntadeandalucia.es\/ceipalcaldejoaquingarcia\/wp-json\/wp\/v2\/comments?post=15"}],"version-history":[{"count":493,"href":"https:\/\/blogsaverroes.juntadeandalucia.es\/ceipalcaldejoaquingarcia\/wp-json\/wp\/v2\/pages\/15\/revisions"}],"predecessor-version":[{"id":2315,"href":"https:\/\/blogsaverroes.juntadeandalucia.es\/ceipalcaldejoaquingarcia\/wp-json\/wp\/v2\/pages\/15\/revisions\/2315"}],"wp:attachment":[{"href":"https:\/\/blogsaverroes.juntadeandalucia.es\/ceipalcaldejoaquingarcia\/wp-json\/wp\/v2\/media?parent=15"}],"curies":[{"name":"wp","href":"https:\/\/api.w.org\/{rel}","templated":true}]}}