{"id":980,"date":"2021-05-11T18:57:39","date_gmt":"2021-05-11T17:57:39","guid":{"rendered":"https:\/\/blogsaverroes.juntadeandalucia.es\/ceipalcaldejoaquingarcia\/?page_id=980"},"modified":"2023-05-18T20:52:11","modified_gmt":"2023-05-18T19:52:11","slug":"claustro","status":"publish","type":"page","link":"https:\/\/blogsaverroes.juntadeandalucia.es\/ceipalcaldejoaquingarcia\/claustro\/","title":{"rendered":"Claustro"},"content":{"rendered":"<p>[et_pb_section fb_built=&#8221;1&#8243; _builder_version=&#8221;4.5.0&#8243; _module_preset=&#8221;default&#8221; custom_padding=&#8221;0px|||||&#8221; global_colors_info=&#8221;{}&#8221;][et_pb_row column_structure=&#8221;1_2,1_2&#8243; _builder_version=&#8221;4.14.5&#8243; _module_preset=&#8221;default&#8221; hover_enabled=&#8221;0&#8243; global_colors_info=&#8221;{}&#8221; sticky_enabled=&#8221;0&#8243;][et_pb_column type=&#8221;1_2&#8243; _builder_version=&#8221;4.5.0&#8243; _module_preset=&#8221;default&#8221; global_colors_info=&#8221;{}&#8221;][et_pb_accordion open_toggle_background_color=&#8221;#ffffff&#8221; closed_toggle_background_color=&#8221;#d6d6d6&#8243; icon_color=&#8221;#8300e9&#8243; _builder_version=&#8221;4.14.5&#8243; _module_preset=&#8221;default&#8221; box_shadow_style=&#8221;preset2&#8243; global_colors_info=&#8221;{}&#8221; custom_margin=&#8221;||41px|||&#8221;][et_pb_accordion_item title=&#8221;Su t\u00edtulo va aqu\u00ed&#8221; open=&#8221;off&#8221; _builder_version=&#8221;4.5.0&#8243; _module_preset=&#8221;default&#8221; custom_css_main_element=&#8221;display:none;&#8221; global_colors_info=&#8221;{}&#8221;][\/et_pb_accordion_item][et_pb_accordion_item title=&#8221;EQUIPO DIRECTIVO&#8221; icon_color=&#8221;#8300e9&#8243; _builder_version=&#8221;4.5.0&#8243; _module_preset=&#8221;default&#8221; custom_margin=&#8221;||2px||false|false&#8221; border_radii=&#8221;on|10px|10px|10px|10px&#8221; global_colors_info=&#8221;{}&#8221; open=&#8221;off&#8221;]<\/p>\n<p>&nbsp;<\/p>\n<table>\n<tbody>\n<tr style=\"height: 24px\">\n<td style=\"height: 24px\"><strong><em>Direcci\u00f3n<\/em><\/strong><\/td>\n<td style=\"height: 24px\">\u00a0D\u00f1a. Ana Garc\u00eda Ag\u00fcero<\/td>\n<\/tr>\n<tr style=\"height: 24px\">\n<td style=\"height: 24px\"><strong><em>Jefatura de Estudios<\/em><\/strong><\/td>\n<td style=\"height: 24px\"><strong>\u00a0<\/strong>D\u00f1a.<strong>\u00a0<\/strong>Carmen M\u00aa Berm\u00fadez Holgu\u00edn<\/td>\n<\/tr>\n<tr style=\"height: 9px\">\n<td style=\"height: 9px\"><strong><em>Secretar\u00eda\u00a0<\/em><\/strong><\/td>\n<td style=\"height: 9px\">\n<p>\u00a0D. Joaqu\u00edn Celis Barquero<\/p>\n<\/td>\n<\/tr>\n<\/tbody>\n<\/table>\n<p>[\/et_pb_accordion_item][et_pb_accordion_item title=&#8221;TUTOR\u00cdAS EDUCACI\u00d3N INFANTIL&#8221; icon_color=&#8221;#8300e9&#8243; _builder_version=&#8221;4.14.5&#8243; _module_preset=&#8221;default&#8221; custom_margin=&#8221;25px||2px||false|false&#8221; border_radii=&#8221;on|10px|10px|10px|10px&#8221; global_colors_info=&#8221;{}&#8221; open=&#8221;on&#8221;]<\/p>\n<p style=\"text-align: center\">E.I.4 A\u00d1OS B. D\u00f1a\u00a0 Margarita Blanco Salinas<\/p>\n<p style=\"text-align: center\">E.I. 4 A\u00d1OS A.\u00a0 D.\u00d3scar Dom\u00ednguez Mart\u00edn<\/p>\n<p style=\"text-align: center\">E.I.5A\u00d1OS A. D\u00f1a Eva Mar\u00eda Portillo Lera<\/p>\n<p style=\"text-align: center\">E.I.5A\u00d1OS B. D\u00f1a Mar\u00eda del Carmen Torres Ordo\u00f1ez<\/p>\n<p style=\"text-align: center\">E.I. 3A\u00d1OS A. D\u00f1a Encarnaci\u00f3n Velo Algaba<\/p>\n<p style=\"text-align: center\">E.I. 3A\u00d1OS B. D\u00f1a Concepci\u00f3n Galbarro Benjumea<\/p>\n<p>[\/et_pb_accordion_item][et_pb_accordion_item title=&#8221;TUTOR\u00cdAS EDUCACI\u00d3N PRIMARIA&#8221; _builder_version=&#8221;4.14.5&#8243; _module_preset=&#8221;default&#8221; custom_margin=&#8221;0px||2px||false|false&#8221; border_radii=&#8221;on|10px|10px|10px|10px&#8221; global_colors_info=&#8221;{}&#8221; open=&#8221;off&#8221;]<\/p>\n<p>c<\/p>\n<table style=\"width: 284px\">\n<tbody>\n<tr>\n<td style=\"width: 35.9531px\">2\u00baA.<\/td>\n<td style=\"width: 232.047px\">D\u00f1a. Lorena Rivas Fern\u00e1ndez<\/td>\n<\/tr>\n<tr>\n<td style=\"width: 35.9531px\">2\u00baB.<\/td>\n<td style=\"width: 232.047px\"><span>D\u00f1a. M\u00f3nica de la Paz Gallardo<\/span><\/td>\n<\/tr>\n<tr>\n<td style=\"width: 35.9531px\">1\u00baA<\/td>\n<td style=\"width: 232.047px\">D\u00f1a. Rosa Blanca P\u00e9rez Machado<\/td>\n<\/tr>\n<tr>\n<td style=\"width: 35.9531px\">1\u00baB.<\/td>\n<td style=\"width: 232.047px\">D\u00f1a. Elena Velasco Fern\u00e1ndez de Boadilla<\/td>\n<\/tr>\n<tr>\n<td style=\"width: 35.9531px\">3\u00baA<\/td>\n<td style=\"width: 232.047px\">D\u00f1a. Cintia Garc\u00eda Morilla<\/td>\n<\/tr>\n<tr>\n<td style=\"width: 35.9531px\">3\u00baB<\/td>\n<td style=\"width: 232.047px\">D. Jes\u00fas A. Dom\u00ednguez P\u00e9rez<\/td>\n<\/tr>\n<tr>\n<td style=\"width: 35.9531px\">3\u00baC<\/td>\n<td style=\"width: 232.047px\">D\u00f1a J\u00e9sica Portillo Zayas<\/td>\n<\/tr>\n<tr>\n<td style=\"width: 35.9531px\">4\u00baA.<\/td>\n<td style=\"width: 232.047px\">D\u00f1a. Carmen Fern\u00e1ndez Vela<\/td>\n<\/tr>\n<tr>\n<td style=\"width: 35.9531px\">4\u00baB<\/td>\n<td style=\"width: 232.047px\">\n<blockquote>\n<p>D\u00f1a. Carmen M\u00aa Berm\u00fadez Holgu\u00edn<\/p>\n<\/blockquote>\n<\/td>\n<\/tr>\n<tr>\n<td style=\"width: 35.9531px\">4\u00baC<\/td>\n<td style=\"width: 232.047px\">D\u00f1a. M\u00aa Jos\u00e9 Pastor Ortega\/ Carmen Ort\u00edz\u00a0<\/td>\n<\/tr>\n<tr>\n<td style=\"width: 35.9531px\">5\u00baA<\/td>\n<td style=\"width: 232.047px\">D\u00f1a.Concepci\u00f3n Benjumea Cabrera<\/td>\n<\/tr>\n<tr>\n<td style=\"width: 35.9531px\">5\u00baB<\/td>\n<td style=\"width: 232.047px\">D\u00f1a. Raquel Rodr\u00edguez Garr\u00e1n\u00a0<\/td>\n<\/tr>\n<tr>\n<td style=\"width: 35.9531px\">5\u00baC<\/td>\n<td style=\"width: 232.047px\">D\u00f1a. Dolores Mart\u00edn L\u00f3pez<\/td>\n<\/tr>\n<tr>\n<td style=\"width: 35.9531px\">6\u00baD.<\/td>\n<td style=\"width: 232.047px\">D. Jos\u00e9 Ignacio Gonz\u00e1lez\u00a0<\/td>\n<\/tr>\n<tr>\n<td style=\"width: 35.9531px\">6\u00baA.<\/td>\n<td style=\"width: 232.047px\">D\u00f1a. M Jos\u00e9 Jaime\/ Milagros Torres<\/td>\n<\/tr>\n<tr>\n<td style=\"width: 35.9531px\">6\u00baB.<\/td>\n<td style=\"width: 232.047px\">D. Fernando Escoz Fuentesal<\/td>\n<\/tr>\n<tr>\n<td style=\"width: 35.9531px\">6\u00baC.<\/td>\n<td style=\"width: 232.047px\">D\u00f1a. Saoussen Sghaier Maaquia<\/td>\n<\/tr>\n<\/tbody>\n<\/table>\n<p style=\"text-align: justify\">\n<p>[\/et_pb_accordion_item][et_pb_accordion_item title=&#8221;ESPECIALIDADES&#8221; _builder_version=&#8221;4.14.5&#8243; _module_preset=&#8221;default&#8221; custom_margin=&#8221;||-1px||false|false&#8221; border_radii=&#8221;on|10px|10px|10px|10px&#8221; global_colors_info=&#8221;{}&#8221; open=&#8221;off&#8221;]<\/p>\n<p style=\"text-align: center\"><strong><\/strong><\/p>\n<p style=\"text-align: center\"><strong>EDUCACI\u00d3N F\u00cdSICA<\/strong><\/p>\n<p style=\"text-align: center\">D. Luis Basallote\/ Laura Ruiz Cejas<\/p>\n<p style=\"text-align: center\">D. Joaqu\u00edn Celis Barquero<\/p>\n<p style=\"text-align: center\"><strong>M\u00daSICA<\/strong><\/p>\n<p style=\"text-align: center\">D. Jes\u00fas Alberto Dom\u00ednguez P\u00e9rez<\/p>\n<p style=\"text-align: center\">D. Jos\u00e9 Ignacio Gonz\u00e1lez S\u00e1nchez<\/p>\n<p style=\"text-align: center\"><strong>LENGUA EXTRANJERA (INGL\u00c9S)<\/strong><\/p>\n<p style=\"text-align: center\">D\u00f1a. Concepci\u00f3n Benjumea Cabrera<\/p>\n<p style=\"text-align: center\">D\u00f1a. Cinthia Garc\u00eda Morilla<\/p>\n<p style=\"text-align: center\">D\u00f1a. Estefan\u00eda Carmona Barroso<\/p>\n<p style=\"text-align: center\"><strong>LENGUA EXTRANJERA (FRANC\u00c9S)<\/strong><\/p>\n<p style=\"text-align: center\">D\u00f1a. Saoussen Sghaier Maaquia\u00a0<\/p>\n<p style=\"text-align: center\"><strong>PEDAGOG\u00cdA TERAPA\u00daTICA<\/strong><\/p>\n<p style=\"text-align: center\">D. Mois\u00e9s Luque Romero<\/p>\n<p style=\"text-align: center\">D\u00f1a. Mar\u00eda del Carmen Gonz\u00e1lez Ch\u00e1vez<\/p>\n<p style=\"text-align: center\"><strong>AUDICI\u00d3N Y LENGUA<\/strong><\/p>\n<p style=\"text-align: center\">D\u00f1a. Mar\u00eda Elena Ja\u00e9n Conde<\/p>\n<p style=\"text-align: center\"><strong>RELIGI\u00d3N<\/strong><\/p>\n<p style=\"text-align: center\">D\u00f1a. Clara Isabel Romero Estrada<\/p>\n<p style=\"text-align: center\">D\u00f1a. F\u00e1tima Mar\u00eda Molina Villacreces<\/p>\n<p style=\"text-align: center\"><strong>APOYO Y REFUERZO<\/strong><\/p>\n<p style=\"text-align: center\">D. Iv\u00e1n Moreno Calero\u00a0 (Infantil)<\/p>\n<p style=\"text-align: center\"><b>MONITORA EDUCACI\u00d3N ESPECIAL<\/b><\/p>\n<p style=\"text-align: center\">D\u00f1a. Carmen Fern\u00e1ndez Balbuena<b><\/b><\/p>\n<p style=\"text-align: center\">\n<p style=\"text-align: center\">\n<p style=\"text-align: center\">\n<p style=\"text-align: center\">\n<p style=\"text-align: center\">\n<p>[\/et_pb_accordion_item][et_pb_accordion_item title=&#8221;EQUIPO DE ORIENTACI\u00d3N EDUCATIVA&#8221; _builder_version=&#8221;4.14.5&#8243; _module_preset=&#8221;default&#8221; custom_margin=&#8221;0px||||false|false&#8221; border_radii=&#8221;on|10px|10px|10px|10px&#8221; global_colors_info=&#8221;{}&#8221; open=&#8221;off&#8221;]<\/p>\n<p style=\"text-align: center\"><strong>ORIENTACI\u00d3N\u00a0<\/strong><\/p>\n<p style=\"text-align: center\">D. Jonatha Acedo Morcillo<\/p>\n<p style=\"text-align: center\">\n<p>[\/et_pb_accordion_item][et_pb_accordion_item title=&#8221;PERSONAL DE ADMINISTRACI\u00d3N Y SERVICIOS (PAS)&#8221; _builder_version=&#8221;4.14.5&#8243; _module_preset=&#8221;default&#8221; border_radii=&#8221;on|10px|10px|10px|10px&#8221; global_colors_info=&#8221;{}&#8221; open=&#8221;off&#8221;]<\/p>\n<p style=\"text-align: center\"><b>GUARDA MANTENEDOR<\/b><\/p>\n<p style=\"text-align: center\">D. Juan Raya Ramos<\/p>\n<p style=\"text-align: center\"><strong>MONITOR\/A ESCOLAR<\/strong><\/p>\n<p style=\"text-align: center\">D. Jos\u00e9 Mar\u00eda C\u00f3rdoba Higuero<\/p>\n<p style=\"text-align: center\">[\/et_pb_accordion_item][\/et_pb_accordion][\/et_pb_column][et_pb_column type=&#8221;1_2&#8243; _builder_version=&#8221;4.5.0&#8243; _module_preset=&#8221;default&#8221; global_colors_info=&#8221;{}&#8221;][et_pb_image src=&#8221;https:\/\/blogsaverroes.juntadeandalucia.es\/ceipalcaldejoaquingarcia\/files\/2021\/05\/beneficios-trabajo-en-equipo1.jpg&#8221; title_text=&#8221;beneficios-trabajo-en-equipo1&#8243; src_tablet=&#8221;&#8221; src_phone=&#8221;https:\/\/blogsaverroes.juntadeandalucia.es\/ceipalcaldejoaquingarcia\/files\/2021\/05\/beneficios-trabajo-en-equipo1.jpg&#8221; src_last_edited=&#8221;on|phone&#8221; _builder_version=&#8221;4.5.0&#8243; _module_preset=&#8221;default&#8221; custom_margin=&#8221;8px||||false|false&#8221; custom_padding=&#8221;9px||||false|false&#8221; custom_padding_tablet=&#8221;&#8221; custom_padding_phone=&#8221;14px||||false|false&#8221; custom_padding_last_edited=&#8221;on|phone&#8221; border_radii=&#8221;on|10px|10px|10px|10px&#8221; box_shadow_style=&#8221;preset5&#8243; global_colors_info=&#8221;{}&#8221;][\/et_pb_image][et_pb_text _builder_version=&#8221;4.5.0&#8243; _module_preset=&#8221;default&#8221; text_orientation=&#8221;center&#8221; min_height=&#8221;64px&#8221; custom_margin=&#8221;-15px||1px|-54px|false|false&#8221; custom_padding=&#8221;51px|0px|0px|||&#8221; global_colors_info=&#8221;{}&#8221;]<\/p>\n<p style=\"text-align: center\"><strong><em>\u00a0 \u00a0 \u00a0 \u00a0 \u00a0 \u00a0 \u00a0 \u00a0&#8221; Las fortalezas est\u00e1n en nuestras diferencias, no en nuestras\u00a0 similitudes&#8221;<\/em><\/strong><span>\u00a0<\/span><\/p>\n<p style=\"text-align: center\"><span>(Stephen Covey)<\/span><\/p>\n<p>[\/et_pb_text][\/et_pb_column][\/et_pb_row][\/et_pb_section]<\/p>\n","protected":false},"excerpt":{"rendered":"<p>&nbsp; Direcci\u00f3n \u00a0D\u00f1a. Ana Garc\u00eda Ag\u00fcero Jefatura de Estudios \u00a0D\u00f1a.\u00a0Carmen M\u00aa Berm\u00fadez Holgu\u00edn Secretar\u00eda\u00a0 \u00a0D. Joaqu\u00edn Celis Barquero E.I.4 A\u00d1OS B. D\u00f1a\u00a0 Margarita Blanco Salinas E.I. 4 A\u00d1OS A.\u00a0 D.\u00d3scar Dom\u00ednguez Mart\u00edn E.I.5A\u00d1OS A. D\u00f1a Eva Mar\u00eda Portillo Lera E.I.5A\u00d1OS B. D\u00f1a Mar\u00eda del Carmen Torres Ordo\u00f1ez E.I. 3A\u00d1OS A. D\u00f1a Encarnaci\u00f3n Velo Algaba E.I. [&hellip;]<\/p>\n","protected":false},"author":1655,"featured_media":0,"parent":0,"menu_order":0,"comment_status":"closed","ping_status":"closed","template":"","meta":{"_et_pb_use_builder":"on","_et_pb_old_content":"","_et_gb_content_width":"","ngg_post_thumbnail":0,"footnotes":""},"aioseo_notices":[],"_links":{"self":[{"href":"https:\/\/blogsaverroes.juntadeandalucia.es\/ceipalcaldejoaquingarcia\/wp-json\/wp\/v2\/pages\/980"}],"collection":[{"href":"https:\/\/blogsaverroes.juntadeandalucia.es\/ceipalcaldejoaquingarcia\/wp-json\/wp\/v2\/pages"}],"about":[{"href":"https:\/\/blogsaverroes.juntadeandalucia.es\/ceipalcaldejoaquingarcia\/wp-json\/wp\/v2\/types\/page"}],"author":[{"embeddable":true,"href":"https:\/\/blogsaverroes.juntadeandalucia.es\/ceipalcaldejoaquingarcia\/wp-json\/wp\/v2\/users\/1655"}],"replies":[{"embeddable":true,"href":"https:\/\/blogsaverroes.juntadeandalucia.es\/ceipalcaldejoaquingarcia\/wp-json\/wp\/v2\/comments?post=980"}],"version-history":[{"count":39,"href":"https:\/\/blogsaverroes.juntadeandalucia.es\/ceipalcaldejoaquingarcia\/wp-json\/wp\/v2\/pages\/980\/revisions"}],"predecessor-version":[{"id":2292,"href":"https:\/\/blogsaverroes.juntadeandalucia.es\/ceipalcaldejoaquingarcia\/wp-json\/wp\/v2\/pages\/980\/revisions\/2292"}],"wp:attachment":[{"href":"https:\/\/blogsaverroes.juntadeandalucia.es\/ceipalcaldejoaquingarcia\/wp-json\/wp\/v2\/media?parent=980"}],"curies":[{"name":"wp","href":"https:\/\/api.w.org\/{rel}","templated":true}]}}