{"id":2331,"date":"2021-02-14T21:32:46","date_gmt":"2021-02-14T21:32:46","guid":{"rendered":"https:\/\/blogsaverroes.juntadeandalucia.es\/ceipalcaldeleonrios\/?page_id=2331"},"modified":"2025-02-03T08:58:23","modified_gmt":"2025-02-03T08:58:23","slug":"equipo-de-orientacion","status":"publish","type":"page","link":"https:\/\/blogsaverroes.juntadeandalucia.es\/ceipalcaldeleonrios\/equipo-de-orientacion\/","title":{"rendered":"Equipo de Orientaci\u00f3n curso 2024\/25"},"content":{"rendered":"<p>El equipo de Orientaci\u00f3n del CEIP ALCALDE LE\u00d3N R\u00cdOS, est\u00e1 formado por:<\/p>\n<table style=\"width: 98.4869%;height: 120px\" border=\"0\" cellspacing=\"0\">\n<colgroup width=\"420\"><\/colgroup>\n<colgroup width=\"404\"><\/colgroup>\n<tbody>\n<tr style=\"height: 24px\">\n<td style=\"width: 420px;height: 24px\" align=\"left\" valign=\"bottom\" height=\"21\"><span style=\"color: #000000;font-size: medium\">MAR\u00cdA DOLORES BEN\u00cdTEZ ALGABA (PT)<\/span><\/td>\n<td style=\"width: 404px;height: 24px\" align=\"left\" valign=\"bottom\"><u><span style=\"color: #0000ff;font-size: medium\">mbenalg473@g.educaand.es<\/span><\/u><\/td>\n<\/tr>\n<tr style=\"height: 24px\">\n<td style=\"width: 420px;height: 24px\" align=\"left\" valign=\"bottom\" height=\"21\"><span style=\"color: #000000;font-size: medium\">ROC\u00cdO CAPITA PRIETO (Aula Espec\u00edfica)<\/span><\/td>\n<td style=\"width: 404px;height: 24px\" align=\"left\" valign=\"bottom\">rcappri293@g.educaand.es<u><\/u><\/td>\n<\/tr>\n<tr style=\"height: 24px\">\n<td style=\"width: 420px;height: 24px\" align=\"left\" valign=\"bottom\" height=\"21\"><span style=\"color: #000000;font-size: medium\">ANTONIA GUILL\u00c9N RUBIO (AL)<\/span><\/td>\n<td style=\"width: 404px;height: 24px\" align=\"left\" valign=\"bottom\"><u><span style=\"color: #0000ff;font-size: medium\">aguirub873@g.educaand.es<\/span><\/u><\/td>\n<\/tr>\n<tr style=\"height: 24px\">\n<td style=\"width: 420px;height: 24px\" align=\"left\" valign=\"bottom\" height=\"21\"><span style=\"color: #000000;font-size: medium\">MARTA M\u00c1RQUEZ ALONSO (PT)<\/span><\/td>\n<td style=\"width: 404px;height: 24px\" align=\"left\" valign=\"bottom\"><u><span style=\"color: #0000ff;font-size: medium\">mmaralo274@g.educaand.es<\/span><\/u><\/td>\n<\/tr>\n<tr style=\"height: 24px\">\n<td style=\"width: 420px;height: 24px\" align=\"left\" valign=\"bottom\" height=\"21\">MAR\u00cdA DE GRACIA ESPINOSA MEDIAVILLA (PT)<\/td>\n<td style=\"width: 404px;height: 24px\" align=\"left\" valign=\"bottom\">mespmed053@g.educaand.es<\/td>\n<\/tr>\n<\/tbody>\n<\/table>\n<table style=\"width: 98%;height: 22px\" border=\"0\" cellspacing=\"0\">\n<colgroup width=\"420\"><\/colgroup>\n<colgroup width=\"404\"><\/colgroup>\n<tbody>\n<tr style=\"height: 22px\">\n<td style=\"width: 400.562px;height: 22px\" align=\"left\" valign=\"bottom\" height=\"21\">ISABEL MAR\u00cdA JIM\u00c9NEZ S\u00c1NCHEZ&nbsp; (Orientadora del centro)<\/td>\n<td style=\"width: 384.531px;height: 22px\" align=\"left\" valign=\"bottom\">ijimsan634@g.educaand.es<\/td>\n<\/tr>\n<\/tbody>\n<\/table>\n<table border=\"0\" cellspacing=\"0\">\n<colgroup width=\"420\"><\/colgroup>\n<colgroup width=\"404\"><\/colgroup>\n<tbody>\n<tr>\n<td style=\"width: 400.562px\" align=\"left\" valign=\"bottom\" height=\"21\">MAR\u00cdA ASCENCI\u00d3N MATEOS CARRASCAL (AL)<\/td>\n<td style=\"width: 384.531px\" align=\"left\" valign=\"bottom\">amatcar138@g.educaand.es<\/td>\n<\/tr>\n<\/tbody>\n<\/table>\n<table style=\"width: 98%;height: 22px\" border=\"0\" cellspacing=\"0\">\n<colgroup width=\"420\"><\/colgroup>\n<colgroup width=\"404\"><\/colgroup>\n<tbody>\n<tr style=\"height: 22px\">\n<td style=\"width: 400.562px;height: 22px\" align=\"left\" valign=\"bottom\" height=\"21\">MACARENA MURILLO GALLEGO (PT)<\/td>\n<td style=\"width: 384.531px;height: 22px\" align=\"left\" valign=\"bottom\">mmurgal930@g.educaand.es<\/td>\n<\/tr>\n<\/tbody>\n<\/table>\n<table border=\"0\" cellspacing=\"0\">\n<colgroup width=\"420\"><\/colgroup>\n<colgroup width=\"404\"><\/colgroup>\n<tbody>\n<tr style=\"height: 22px\">\n<td style=\"width: 400.562px;height: 22px\" align=\"left\" valign=\"bottom\" height=\"21\">MARTA BELTR\u00c1N FERN\u00c1NDEZ (AL)<\/td>\n<td style=\"width: 384.531px;height: 22px\" align=\"left\" valign=\"bottom\">mbelfer492@g.educaand.es<\/td>\n<\/tr>\n<\/tbody>\n<\/table>\n<p>&nbsp;<\/p>\n","protected":false},"excerpt":{"rendered":"<p>El equipo de Orientaci\u00f3n del CEIP ALCALDE LE\u00d3N R\u00cdOS, est\u00e1 formado por: MAR\u00cdA DOLORES BEN\u00cdTEZ ALGABA (PT) mbenalg473@g.educaand.es ROC\u00cdO CAPITA PRIETO (Aula Espec\u00edfica) rcappri293@g.educaand.es ANTONIA GUILL\u00c9N RUBIO (AL) aguirub873@g.educaand.es MARTA M\u00c1RQUEZ ALONSO (PT) mmaralo274@g.educaand.es&#46;&#46;&#46;<\/p>\n","protected":false},"author":11952,"featured_media":0,"parent":0,"menu_order":0,"comment_status":"closed","ping_status":"closed","template":"","meta":{"ngg_post_thumbnail":0,"footnotes":"","_mc_calendar":[]},"aioseo_notices":[],"_links":{"self":[{"href":"https:\/\/blogsaverroes.juntadeandalucia.es\/ceipalcaldeleonrios\/wp-json\/wp\/v2\/pages\/2331"}],"collection":[{"href":"https:\/\/blogsaverroes.juntadeandalucia.es\/ceipalcaldeleonrios\/wp-json\/wp\/v2\/pages"}],"about":[{"href":"https:\/\/blogsaverroes.juntadeandalucia.es\/ceipalcaldeleonrios\/wp-json\/wp\/v2\/types\/page"}],"author":[{"embeddable":true,"href":"https:\/\/blogsaverroes.juntadeandalucia.es\/ceipalcaldeleonrios\/wp-json\/wp\/v2\/users\/11952"}],"replies":[{"embeddable":true,"href":"https:\/\/blogsaverroes.juntadeandalucia.es\/ceipalcaldeleonrios\/wp-json\/wp\/v2\/comments?post=2331"}],"version-history":[{"count":13,"href":"https:\/\/blogsaverroes.juntadeandalucia.es\/ceipalcaldeleonrios\/wp-json\/wp\/v2\/pages\/2331\/revisions"}],"predecessor-version":[{"id":5119,"href":"https:\/\/blogsaverroes.juntadeandalucia.es\/ceipalcaldeleonrios\/wp-json\/wp\/v2\/pages\/2331\/revisions\/5119"}],"wp:attachment":[{"href":"https:\/\/blogsaverroes.juntadeandalucia.es\/ceipalcaldeleonrios\/wp-json\/wp\/v2\/media?parent=2331"}],"curies":[{"name":"wp","href":"https:\/\/api.w.org\/{rel}","templated":true}]}}