{"id":2334,"date":"2021-02-14T21:38:13","date_gmt":"2021-02-14T21:38:13","guid":{"rendered":"https:\/\/blogsaverroes.juntadeandalucia.es\/ceipalcaldeleonrios\/?page_id=2334"},"modified":"2025-02-03T09:06:55","modified_gmt":"2025-02-03T09:06:55","slug":"idiomas-lengua-extranjera","status":"publish","type":"page","link":"https:\/\/blogsaverroes.juntadeandalucia.es\/ceipalcaldeleonrios\/idiomas-lengua-extranjera\/","title":{"rendered":"Idiomas\/Lengua extranjera"},"content":{"rendered":"<p>Los especialista de Idiomas del CEIP ALCALDE LE\u00d3N R\u00cdOS en el curso 2024\/25 son:<\/p>\n<table border=\"0\" cellspacing=\"0\">\n<colgroup width=\"420\"><\/colgroup>\n<colgroup width=\"404\"><\/colgroup>\n<tbody>\n<tr>\n<td align=\"left\" valign=\"bottom\" height=\"21\"><span style=\"color: #000000;font-size: medium\">MAR\u00cdA CARMEN ANGUITA IZQUIERDO (Ingl\u00e9s)<\/span><\/td>\n<td align=\"left\" valign=\"bottom\"><u><span style=\"color: #0000ff;font-size: medium\">mangizq451@g.educaand.es<\/span><\/u><\/td>\n<\/tr>\n<\/tbody>\n<\/table>\n<table style=\"width: 98.2484%;height: 24px\" border=\"0\" cellspacing=\"0\">\n<colgroup width=\"420\"><\/colgroup>\n<colgroup width=\"404\"><\/colgroup>\n<tbody>\n<tr style=\"height: 24px\">\n<td style=\"height: 24px\" align=\"left\" valign=\"bottom\" height=\"21\"><span style=\"color: #000000;font-size: medium\">ELENA S\u00c1NCHEZ P\u00c9REZ (Ingl\u00e9s)<\/span><\/td>\n<td style=\"height: 24px\" align=\"left\" valign=\"bottom\">esanper875@g.educaand.es<\/td>\n<\/tr>\n<\/tbody>\n<\/table>\n<table style=\"width: 100.164%;height: 168px\" border=\"0\" cellspacing=\"0\">\n<colgroup width=\"328\"><\/colgroup>\n<colgroup width=\"384\"><\/colgroup>\n<tbody>\n<tr style=\"height: 24px\">\n<td style=\"height: 24px;width: 49.6574%\" align=\"left\" valign=\"bottom\" height=\"21\"><span style=\"color: #000000;font-size: medium\">FRANCISCO RU\u00cdZ L\u00d3PEZ (Ingl\u00e9s)<\/span><\/td>\n<td style=\"height: 24px;width: 60.4978%\" align=\"left\" valign=\"bottom\">fruilop002@g.educaand.es<\/td>\n<\/tr>\n<tr>\n<td style=\"width: 49.6574%\" align=\"left\" valign=\"bottom\" height=\"21\">BEL\u00c9N FERN\u00c1NDEZ MURILLO <span style=\"color: #000000;font-size: medium\">(Ingl\u00e9s)<\/span><\/td>\n<td class=\"text-left cuerpo1Reducido snc-col-7 celdaConEnlaces\" style=\"width: 60.4978%\">\n<div class=\"d-block\">bfermur292@g.educaand.es<\/div>\n<\/td>\n<\/tr>\n<tr>\n<td style=\"width: 49.6574%\" align=\"left\" valign=\"bottom\" height=\"21\">NOELIA HERRERA ALLER <span style=\"color: #000000;font-size: medium\">(Ingl\u00e9s)<\/span><\/td>\n<td style=\"width: 60.4978%\" align=\"left\" valign=\"bottom\">nherall513@g.educaand.es<\/td>\n<\/tr>\n<tr>\n<td style=\"width: 49.6574%\" align=\"left\" valign=\"bottom\" height=\"21\">CYNTHIA ALGAR NAVARRO (Franc\u00e9s)<\/td>\n<td style=\"width: 60.4978%\" align=\"left\" valign=\"bottom\">calgnav648@g.educaand.es<\/td>\n<\/tr>\n<tr style=\"height: 24px\">\n<td style=\"height: 24px;width: 49.6574%\" align=\"left\" valign=\"bottom\" height=\"21\">&nbsp;<\/td>\n<td style=\"height: 24px;width: 60.4978%\" align=\"left\" valign=\"bottom\">&nbsp;<\/td>\n<\/tr>\n<tr style=\"height: 24px\">\n<td style=\"height: 24px;width: 49.6574%\" align=\"left\" valign=\"bottom\" height=\"21\"><span style=\"color: #000000;font-size: medium\">&nbsp;<\/span><\/td>\n<td style=\"height: 24px;width: 60.4978%\" align=\"left\" valign=\"bottom\"><span style=\"color: #000000;font-size: medium\">&nbsp;<\/span><\/td>\n<\/tr>\n<tr style=\"height: 24px\">\n<td style=\"height: 24px;width: 49.6574%\" align=\"left\" valign=\"bottom\" height=\"21\">&nbsp;<\/td>\n<td style=\"height: 24px;width: 60.4978%\" align=\"left\" valign=\"bottom\">&nbsp;<\/td>\n<\/tr>\n<\/tbody>\n<\/table>\n","protected":false},"excerpt":{"rendered":"<p>Los especialista de Idiomas del CEIP ALCALDE LE\u00d3N R\u00cdOS en el curso 2024\/25 son: MAR\u00cdA CARMEN ANGUITA IZQUIERDO (Ingl\u00e9s) mangizq451@g.educaand.es ELENA S\u00c1NCHEZ P\u00c9REZ (Ingl\u00e9s) esanper875@g.educaand.es FRANCISCO RU\u00cdZ L\u00d3PEZ (Ingl\u00e9s) fruilop002@g.educaand.es BEL\u00c9N FERN\u00c1NDEZ MURILLO (Ingl\u00e9s)&#46;&#46;&#46;<\/p>\n","protected":false},"author":11952,"featured_media":0,"parent":0,"menu_order":0,"comment_status":"closed","ping_status":"closed","template":"","meta":{"ngg_post_thumbnail":0,"footnotes":"","_mc_calendar":[]},"aioseo_notices":[],"_links":{"self":[{"href":"https:\/\/blogsaverroes.juntadeandalucia.es\/ceipalcaldeleonrios\/wp-json\/wp\/v2\/pages\/2334"}],"collection":[{"href":"https:\/\/blogsaverroes.juntadeandalucia.es\/ceipalcaldeleonrios\/wp-json\/wp\/v2\/pages"}],"about":[{"href":"https:\/\/blogsaverroes.juntadeandalucia.es\/ceipalcaldeleonrios\/wp-json\/wp\/v2\/types\/page"}],"author":[{"embeddable":true,"href":"https:\/\/blogsaverroes.juntadeandalucia.es\/ceipalcaldeleonrios\/wp-json\/wp\/v2\/users\/11952"}],"replies":[{"embeddable":true,"href":"https:\/\/blogsaverroes.juntadeandalucia.es\/ceipalcaldeleonrios\/wp-json\/wp\/v2\/comments?post=2334"}],"version-history":[{"count":7,"href":"https:\/\/blogsaverroes.juntadeandalucia.es\/ceipalcaldeleonrios\/wp-json\/wp\/v2\/pages\/2334\/revisions"}],"predecessor-version":[{"id":5125,"href":"https:\/\/blogsaverroes.juntadeandalucia.es\/ceipalcaldeleonrios\/wp-json\/wp\/v2\/pages\/2334\/revisions\/5125"}],"wp:attachment":[{"href":"https:\/\/blogsaverroes.juntadeandalucia.es\/ceipalcaldeleonrios\/wp-json\/wp\/v2\/media?parent=2334"}],"curies":[{"name":"wp","href":"https:\/\/api.w.org\/{rel}","templated":true}]}}