{"id":35,"date":"2015-03-13T08:21:43","date_gmt":"2015-03-13T08:21:43","guid":{"rendered":"http:\/\/blogsaverroes.juntadeandalucia.es\/pre\/ceip\/?page_id=35"},"modified":"2021-03-07T17:28:44","modified_gmt":"2021-03-07T17:28:44","slug":"el-centro-2","status":"publish","type":"page","link":"https:\/\/blogsaverroes.juntadeandalucia.es\/ceipalejandrogarciagarrido\/el-centro-2\/","title":{"rendered":"Datos del centro"},"content":{"rendered":"<p><a href=\"https:\/\/www.google.com\/maps\/place\/Colegio+P%C3%BAblico+Alejandro+Garc%C3%ADa+Garrido\/@36.903879,-4.1129312,15z\/data=!4m5!3m4!1s0x0:0x78e8e879b96b7aee!8m2!3d36.903879!4d-4.1129312\"><img loading=\"lazy\" decoding=\"async\" class=\"alignnone size-medium wp-image-2239\" src=\"https:\/\/blogsaverroes.juntadeandalucia.es\/ceipalejandrogarciagarrido\/files\/2020\/09\/mapa-google-colegio-300x147.jpg\" alt=\"\" width=\"300\" height=\"147\" srcset=\"https:\/\/blogsaverroes.juntadeandalucia.es\/ceipalejandrogarciagarrido\/files\/2020\/09\/mapa-google-colegio-300x147.jpg 300w, https:\/\/blogsaverroes.juntadeandalucia.es\/ceipalejandrogarciagarrido\/files\/2020\/09\/mapa-google-colegio-1024x502.jpg 1024w, https:\/\/blogsaverroes.juntadeandalucia.es\/ceipalejandrogarciagarrido\/files\/2020\/09\/mapa-google-colegio-768x377.jpg 768w, https:\/\/blogsaverroes.juntadeandalucia.es\/ceipalejandrogarciagarrido\/files\/2020\/09\/mapa-google-colegio-1536x753.jpg 1536w, https:\/\/blogsaverroes.juntadeandalucia.es\/ceipalejandrogarciagarrido\/files\/2020\/09\/mapa-google-colegio-24x12.jpg 24w, https:\/\/blogsaverroes.juntadeandalucia.es\/ceipalejandrogarciagarrido\/files\/2020\/09\/mapa-google-colegio-36x18.jpg 36w, https:\/\/blogsaverroes.juntadeandalucia.es\/ceipalejandrogarciagarrido\/files\/2020\/09\/mapa-google-colegio-48x24.jpg 48w, https:\/\/blogsaverroes.juntadeandalucia.es\/ceipalejandrogarciagarrido\/files\/2020\/09\/mapa-google-colegio.jpg 1600w\" sizes=\"(max-width: 300px) 100vw, 300px\" \/><\/a><\/p>\n<h2><span style=\"color: #000080\">Datos de contacto<\/span><\/h2>\n<p>CEIP Alejandro Garc\u00eda Garrido<\/p>\n<p><strong>Direcci\u00f3n:<\/strong>&nbsp; Calle Carri\u00f3n, n\u00famero 2, 29711 &#8211; Alcauc\u00edn (M\u00e1laga)<\/p>\n<p><strong>Tel\u00e9fono&nbsp; 951 289 962&nbsp; \/ FAX: 951&nbsp; 289 963<\/strong><br \/>\n<strong>Email:<\/strong> 29009041.edu@juntadeandalucia.es<\/p>\n<h2><span style=\"color: #000080\">Horarios<\/span><\/h2>\n<p><span style=\"color: #99ccff\">Aula matinal:<\/span> 7:30h a 9:30h<\/p>\n<p><span style=\"color: #99ccff\">Actividades lectivas:&nbsp;<\/span> &nbsp; de 8:00h a 14:30h 1\u00baciclo de ESO,&nbsp; &nbsp; &nbsp;de 9:30h a 14:30h Educaci\u00f3n Infantil y Primaria.<\/p>\n<p><span style=\"color: #99ccff\">Comedor:&nbsp;<\/span> de 14:30h a 16:00h<\/p>\n<p><span style=\"color: #99ccff\">Plan de Acompa\u00f1amiento:<\/span> martes y jueves de 16:00h a 18:00h<\/p>\n<p><span style=\"color: #99ccff\">Actividades extraescolares.<\/span><\/p>\n<h2><span style=\"color: #000080\"><strong>Oferta educativa<\/strong><\/span><\/h2>\n<ul>\n<li>2\u00ba Ciclo de Educaci\u00f3n Infantil<\/li>\n<li>Educaci\u00f3n Primaria<\/li>\n<li>1\u00ba ciclo de ESO<\/li>\n<\/ul>\n<h4>Instalaciones<\/h4>\n<p><!-- default-view.php -->\n<div\n\tclass=\"ngg-galleryoverview default-view\n\t ngg-ajax-pagination-none\t\"\n\tid=\"ngg-gallery-7bd57b0a1e84a07a972d91eb4118437e-1\">\n\n\t\t<!-- Thumbnails -->\n\t\t\t\t<div id=\"ngg-image-0\" class=\"ngg-gallery-thumbnail-box\n\t\t\t\t\t\t\t\t\t\t\t\"\n\t\t\t>\n\t\t\t\t\t\t<div class=\"ngg-gallery-thumbnail\">\n\t\t\t<a href=\"https:\/\/blogsaverroes.juntadeandalucia.es\/ceipalejandrogarciagarrido\/wp-content\/uploads\/sites\/797\/nggallery\/el-centro\/instalacion01.jpg\"\n\t\t\t\ttitle=\"\"\n\t\t\t\tdata-src=\"https:\/\/blogsaverroes.juntadeandalucia.es\/ceipalejandrogarciagarrido\/wp-content\/uploads\/sites\/797\/nggallery\/el-centro\/instalacion01.jpg\"\n\t\t\t\tdata-thumbnail=\"https:\/\/blogsaverroes.juntadeandalucia.es\/ceipalejandrogarciagarrido\/wp-content\/uploads\/sites\/797\/nggallery\/el-centro\/thumbs\/thumbs_instalacion01.jpg\"\n\t\t\t\tdata-image-id=\"14\"\n\t\t\t\tdata-title=\"instalacion01\"\n\t\t\t\tdata-description=\"\"\n\t\t\t\tdata-image-slug=\"instalacion01-1\"\n\t\t\t\tclass=\"ngg-fancybox\" rel=\"7bd57b0a1e84a07a972d91eb4118437e\">\n\t\t\t\t<img\n\t\t\t\t\ttitle=\"instalacion01\"\n\t\t\t\t\talt=\"instalacion01\"\n\t\t\t\t\tsrc=\"https:\/\/blogsaverroes.juntadeandalucia.es\/ceipalejandrogarciagarrido\/wp-content\/uploads\/sites\/797\/nggallery\/el-centro\/thumbs\/thumbs_instalacion01.jpg\"\n\t\t\t\t\twidth=\"120\"\n\t\t\t\t\theight=\"90\"\n\t\t\t\t\tstyle=\"max-width:100%;\"\n\t\t\t\t\/>\n\t\t\t<\/a>\n\t\t<\/div>\n\t\t\t\t\t\t\t<\/div>\n\t\t\t\n\t\t\t\t<div id=\"ngg-image-1\" class=\"ngg-gallery-thumbnail-box\n\t\t\t\t\t\t\t\t\t\t\t\"\n\t\t\t>\n\t\t\t\t\t\t<div class=\"ngg-gallery-thumbnail\">\n\t\t\t<a href=\"https:\/\/blogsaverroes.juntadeandalucia.es\/ceipalejandrogarciagarrido\/wp-content\/uploads\/sites\/797\/nggallery\/el-centro\/instalacion02.jpg\"\n\t\t\t\ttitle=\"\"\n\t\t\t\tdata-src=\"https:\/\/blogsaverroes.juntadeandalucia.es\/ceipalejandrogarciagarrido\/wp-content\/uploads\/sites\/797\/nggallery\/el-centro\/instalacion02.jpg\"\n\t\t\t\tdata-thumbnail=\"https:\/\/blogsaverroes.juntadeandalucia.es\/ceipalejandrogarciagarrido\/wp-content\/uploads\/sites\/797\/nggallery\/el-centro\/thumbs\/thumbs_instalacion02.jpg\"\n\t\t\t\tdata-image-id=\"15\"\n\t\t\t\tdata-title=\"instalacion02\"\n\t\t\t\tdata-description=\"\"\n\t\t\t\tdata-image-slug=\"instalacion02-1\"\n\t\t\t\tclass=\"ngg-fancybox\" rel=\"7bd57b0a1e84a07a972d91eb4118437e\">\n\t\t\t\t<img\n\t\t\t\t\ttitle=\"instalacion02\"\n\t\t\t\t\talt=\"instalacion02\"\n\t\t\t\t\tsrc=\"https:\/\/blogsaverroes.juntadeandalucia.es\/ceipalejandrogarciagarrido\/wp-content\/uploads\/sites\/797\/nggallery\/el-centro\/thumbs\/thumbs_instalacion02.jpg\"\n\t\t\t\t\twidth=\"120\"\n\t\t\t\t\theight=\"90\"\n\t\t\t\t\tstyle=\"max-width:100%;\"\n\t\t\t\t\/>\n\t\t\t<\/a>\n\t\t<\/div>\n\t\t\t\t\t\t\t<\/div>\n\t\t\t\n\t\t\t\t<div id=\"ngg-image-2\" class=\"ngg-gallery-thumbnail-box\n\t\t\t\t\t\t\t\t\t\t\t\"\n\t\t\t>\n\t\t\t\t\t\t<div class=\"ngg-gallery-thumbnail\">\n\t\t\t<a href=\"https:\/\/blogsaverroes.juntadeandalucia.es\/ceipalejandrogarciagarrido\/wp-content\/uploads\/sites\/797\/nggallery\/el-centro\/instalacion03.jpg\"\n\t\t\t\ttitle=\"\"\n\t\t\t\tdata-src=\"https:\/\/blogsaverroes.juntadeandalucia.es\/ceipalejandrogarciagarrido\/wp-content\/uploads\/sites\/797\/nggallery\/el-centro\/instalacion03.jpg\"\n\t\t\t\tdata-thumbnail=\"https:\/\/blogsaverroes.juntadeandalucia.es\/ceipalejandrogarciagarrido\/wp-content\/uploads\/sites\/797\/nggallery\/el-centro\/thumbs\/thumbs_instalacion03.jpg\"\n\t\t\t\tdata-image-id=\"16\"\n\t\t\t\tdata-title=\"instalacion03\"\n\t\t\t\tdata-description=\"\"\n\t\t\t\tdata-image-slug=\"instalacion03-1\"\n\t\t\t\tclass=\"ngg-fancybox\" rel=\"7bd57b0a1e84a07a972d91eb4118437e\">\n\t\t\t\t<img\n\t\t\t\t\ttitle=\"instalacion03\"\n\t\t\t\t\talt=\"instalacion03\"\n\t\t\t\t\tsrc=\"https:\/\/blogsaverroes.juntadeandalucia.es\/ceipalejandrogarciagarrido\/wp-content\/uploads\/sites\/797\/nggallery\/el-centro\/thumbs\/thumbs_instalacion03.jpg\"\n\t\t\t\t\twidth=\"120\"\n\t\t\t\t\theight=\"90\"\n\t\t\t\t\tstyle=\"max-width:100%;\"\n\t\t\t\t\/>\n\t\t\t<\/a>\n\t\t<\/div>\n\t\t\t\t\t\t\t<\/div>\n\t\t\t\n\t\t\t\t<div id=\"ngg-image-3\" class=\"ngg-gallery-thumbnail-box\n\t\t\t\t\t\t\t\t\t\t\t\"\n\t\t\t>\n\t\t\t\t\t\t<div class=\"ngg-gallery-thumbnail\">\n\t\t\t<a href=\"https:\/\/blogsaverroes.juntadeandalucia.es\/ceipalejandrogarciagarrido\/wp-content\/uploads\/sites\/797\/nggallery\/el-centro\/instalacion04.jpg\"\n\t\t\t\ttitle=\"\"\n\t\t\t\tdata-src=\"https:\/\/blogsaverroes.juntadeandalucia.es\/ceipalejandrogarciagarrido\/wp-content\/uploads\/sites\/797\/nggallery\/el-centro\/instalacion04.jpg\"\n\t\t\t\tdata-thumbnail=\"https:\/\/blogsaverroes.juntadeandalucia.es\/ceipalejandrogarciagarrido\/wp-content\/uploads\/sites\/797\/nggallery\/el-centro\/thumbs\/thumbs_instalacion04.jpg\"\n\t\t\t\tdata-image-id=\"17\"\n\t\t\t\tdata-title=\"instalacion04\"\n\t\t\t\tdata-description=\"\"\n\t\t\t\tdata-image-slug=\"instalacion04-1\"\n\t\t\t\tclass=\"ngg-fancybox\" rel=\"7bd57b0a1e84a07a972d91eb4118437e\">\n\t\t\t\t<img\n\t\t\t\t\ttitle=\"instalacion04\"\n\t\t\t\t\talt=\"instalacion04\"\n\t\t\t\t\tsrc=\"https:\/\/blogsaverroes.juntadeandalucia.es\/ceipalejandrogarciagarrido\/wp-content\/uploads\/sites\/797\/nggallery\/el-centro\/thumbs\/thumbs_instalacion04.jpg\"\n\t\t\t\t\twidth=\"120\"\n\t\t\t\t\theight=\"90\"\n\t\t\t\t\tstyle=\"max-width:100%;\"\n\t\t\t\t\/>\n\t\t\t<\/a>\n\t\t<\/div>\n\t\t\t\t\t\t\t<\/div>\n\t\t\t\n\t\n\t<br style=\"clear: both\" \/>\n\n\t\t<div class=\"slideshowlink\">\n\t\t<a href='https:\/\/blogsaverroes.juntadeandalucia.es\/ceipalejandrogarciagarrido\/el-centro-2\/nggallery\/slideshow'>[Mostrar presentaci\u00f3n de diapositivas]<\/a>\n\n\t<\/div>\n\t\n\t\t<!-- Pagination -->\n\t\t<div class='ngg-clear'><\/div>\t<\/div>\n<a href=\"https:\/\/www.juntadeandalucia.es\/educacion\/secretariavirtual\/consulta\/calendario-escolar\/mostrar\/\">Google maps<\/a><\/p>\n","protected":false},"excerpt":{"rendered":"<p>Datos de contacto CEIP Alejandro Garc\u00eda Garrido Direcci\u00f3n:&nbsp; Calle Carri\u00f3n, n\u00famero 2, 29711 &#8211; Alcauc\u00edn (M\u00e1laga) Tel\u00e9fono&nbsp; 951 289 962&nbsp; \/ FAX: 951&nbsp; 289 963 Email: 29009041.edu@juntadeandalucia.es Horarios Aula matinal: 7:30h a 9:30h Actividades lectivas:&nbsp; &nbsp; de 8:00h a 14:30h 1\u00baciclo de ESO,&nbsp; &nbsp; &nbsp;de 9:30h a 14:30h Educaci\u00f3n Infantil y Primaria. Comedor:&nbsp; de 14:30h &hellip; <\/p>\n<p><a class=\"more-link btn\" href=\"https:\/\/blogsaverroes.juntadeandalucia.es\/ceipalejandrogarciagarrido\/el-centro-2\/\">Seguir leyendo<\/a><\/p>\n","protected":false},"author":1,"featured_media":0,"parent":0,"menu_order":0,"comment_status":"closed","ping_status":"open","template":"","meta":{"ngg_post_thumbnail":0,"footnotes":"","_mc_calendar":[]},"aioseo_notices":[],"_links":{"self":[{"href":"https:\/\/blogsaverroes.juntadeandalucia.es\/ceipalejandrogarciagarrido\/wp-json\/wp\/v2\/pages\/35"}],"collection":[{"href":"https:\/\/blogsaverroes.juntadeandalucia.es\/ceipalejandrogarciagarrido\/wp-json\/wp\/v2\/pages"}],"about":[{"href":"https:\/\/blogsaverroes.juntadeandalucia.es\/ceipalejandrogarciagarrido\/wp-json\/wp\/v2\/types\/page"}],"author":[{"embeddable":true,"href":"https:\/\/blogsaverroes.juntadeandalucia.es\/ceipalejandrogarciagarrido\/wp-json\/wp\/v2\/users\/1"}],"replies":[{"embeddable":true,"href":"https:\/\/blogsaverroes.juntadeandalucia.es\/ceipalejandrogarciagarrido\/wp-json\/wp\/v2\/comments?post=35"}],"version-history":[{"count":23,"href":"https:\/\/blogsaverroes.juntadeandalucia.es\/ceipalejandrogarciagarrido\/wp-json\/wp\/v2\/pages\/35\/revisions"}],"predecessor-version":[{"id":2274,"href":"https:\/\/blogsaverroes.juntadeandalucia.es\/ceipalejandrogarciagarrido\/wp-json\/wp\/v2\/pages\/35\/revisions\/2274"}],"wp:attachment":[{"href":"https:\/\/blogsaverroes.juntadeandalucia.es\/ceipalejandrogarciagarrido\/wp-json\/wp\/v2\/media?parent=35"}],"curies":[{"name":"wp","href":"https:\/\/api.w.org\/{rel}","templated":true}]}}