{"id":49,"date":"2015-03-13T08:47:05","date_gmt":"2015-03-13T08:47:05","guid":{"rendered":"http:\/\/blogsaverroes.juntadeandalucia.es\/pre\/ceip\/?page_id=49"},"modified":"2026-02-07T05:16:34","modified_gmt":"2026-02-07T05:16:34","slug":"proyecto-educativo","status":"publish","type":"page","link":"https:\/\/blogsaverroes.juntadeandalucia.es\/ceipalejandrogarciagarrido\/proyecto-educativo\/","title":{"rendered":"Proyecto Educativo"},"content":{"rendered":"<p>Un centro se define en gran medida por su <strong>Proyecto Educativo<\/strong>. En \u00e9l se plasma el modelo educativo y la concreci\u00f3n de la normativa que un centro realiza respecto a las ense\u00f1anzas que imparte. Aspectos tales como las finales educativas, objetivos, atenci\u00f3n a la diversidad, etc.<\/p>\n<p><a href=\"https:\/\/blogsaverroes.juntadeandalucia.es\/ceipalejandrogarciagarrido\/files\/2026\/02\/grupo-hombres-negocios-ocasional-vestidos-que-discuten-ideas-oficina_7861-1634.jpg\"><img loading=\"lazy\" decoding=\"async\" class=\"aligncenter size-medium wp-image-2682\" src=\"https:\/\/blogsaverroes.juntadeandalucia.es\/ceipalejandrogarciagarrido\/files\/2026\/02\/grupo-hombres-negocios-ocasional-vestidos-que-discuten-ideas-oficina_7861-1634-300x169.jpg\" alt=\"\" width=\"300\" height=\"169\" srcset=\"https:\/\/blogsaverroes.juntadeandalucia.es\/ceipalejandrogarciagarrido\/files\/2026\/02\/grupo-hombres-negocios-ocasional-vestidos-que-discuten-ideas-oficina_7861-1634-300x169.jpg 300w, https:\/\/blogsaverroes.juntadeandalucia.es\/ceipalejandrogarciagarrido\/files\/2026\/02\/grupo-hombres-negocios-ocasional-vestidos-que-discuten-ideas-oficina_7861-1634.jpg 740w\" sizes=\"(max-width: 300px) 100vw, 300px\" \/><\/a><\/p>\n<p style=\"text-align: center\"><a href=\"https:\/\/blogsaverroes.juntadeandalucia.es\/ceipalejandrogarciagarrido\/files\/2026\/02\/PROYECTO_EDUCATIVO_actualizado_2025.pdf\" target=\"_blank\" rel=\"noopener\">PROYECTO_EDUCATIVO_actualizado_2025<\/a><\/p>\n<p style=\"text-align: center\"><a href=\"https:\/\/blogsaverroes.juntadeandalucia.es\/ceipalejandrogarciagarrido\/files\/2026\/02\/ROF.pdf\" target=\"_blank\" rel=\"noopener\">ROF<\/a><\/p>\n<p style=\"text-align: center\"><a href=\"https:\/\/blogsaverroes.juntadeandalucia.es\/ceipalejandrogarciagarrido\/files\/2026\/02\/PROYECTO-DE-GESTION-2014.pdf\" target=\"_blank\" rel=\"noopener\">PROYECTO DE GESTI\u00d3N<\/a><\/p>\n","protected":false},"excerpt":{"rendered":"<p>Un centro se define en gran medida por su Proyecto Educativo. En \u00e9l se plasma el modelo educativo y la concreci\u00f3n de la normativa que un centro realiza respecto a las ense\u00f1anzas que imparte. Aspectos tales como las finales educativas, objetivos, atenci\u00f3n a la diversidad, etc. PROYECTO_EDUCATIVO_actualizado_2025 ROF PROYECTO DE GESTI\u00d3N<\/p>\n","protected":false},"author":1,"featured_media":0,"parent":0,"menu_order":0,"comment_status":"closed","ping_status":"open","template":"","meta":{"ngg_post_thumbnail":0,"footnotes":"","_mc_calendar":[]},"aioseo_notices":[],"_links":{"self":[{"href":"https:\/\/blogsaverroes.juntadeandalucia.es\/ceipalejandrogarciagarrido\/wp-json\/wp\/v2\/pages\/49"}],"collection":[{"href":"https:\/\/blogsaverroes.juntadeandalucia.es\/ceipalejandrogarciagarrido\/wp-json\/wp\/v2\/pages"}],"about":[{"href":"https:\/\/blogsaverroes.juntadeandalucia.es\/ceipalejandrogarciagarrido\/wp-json\/wp\/v2\/types\/page"}],"author":[{"embeddable":true,"href":"https:\/\/blogsaverroes.juntadeandalucia.es\/ceipalejandrogarciagarrido\/wp-json\/wp\/v2\/users\/1"}],"replies":[{"embeddable":true,"href":"https:\/\/blogsaverroes.juntadeandalucia.es\/ceipalejandrogarciagarrido\/wp-json\/wp\/v2\/comments?post=49"}],"version-history":[{"count":15,"href":"https:\/\/blogsaverroes.juntadeandalucia.es\/ceipalejandrogarciagarrido\/wp-json\/wp\/v2\/pages\/49\/revisions"}],"predecessor-version":[{"id":2683,"href":"https:\/\/blogsaverroes.juntadeandalucia.es\/ceipalejandrogarciagarrido\/wp-json\/wp\/v2\/pages\/49\/revisions\/2683"}],"wp:attachment":[{"href":"https:\/\/blogsaverroes.juntadeandalucia.es\/ceipalejandrogarciagarrido\/wp-json\/wp\/v2\/media?parent=49"}],"curies":[{"name":"wp","href":"https:\/\/api.w.org\/{rel}","templated":true}]}}