{"id":713,"date":"2015-12-04T12:44:52","date_gmt":"2015-12-04T12:44:52","guid":{"rendered":"http:\/\/blogsaverroes.juntadeandalucia.es\/ceipalvarocecilia\/?page_id=713"},"modified":"2015-12-04T12:45:13","modified_gmt":"2015-12-04T12:45:13","slug":"escuela-espacio-de-paz","status":"publish","type":"page","link":"https:\/\/blogsaverroes.juntadeandalucia.es\/ceipalvarocecilia\/proyectos\/escuela-espacio-de-paz\/","title":{"rendered":"Escuela Espacio de Paz"},"content":{"rendered":"<div style=\"text-align: justify\"><!--StartFragment -->El proyecto Escuela Espacio de Paz, lo venimos desarrollando en el centro desde el curso 2006\/2007, y es un proyecto cuyas actividades van encaminadas \u00a0a reflexionar sobre la Paz en el mundo, en todos sus aspectos y mnanifestaciones, entendiendo esta no s\u00f3lo como la \u00abno-guerra\u00bb, sino \u00a0intentando inclulcar en los alumnos y alumnas otros valores como la no discrimnaci\u00f3n, la tolerancia., la solidaridad, el respeto, la comprensi\u00f3n&#8230; En concreto, pretendemos inculcar a trav\u00e9s de \u00e9l una actitud personal de vida. asumiendo todos aquellos valores que fomenten la vida en sociedad.<\/div>\n<div style=\"text-align: justify\"><!--StartFragment --> Durante el presente curso venimos desarrollando las siguientes actividades:<\/div>\n<div style=\"text-align: left\"><small>\u00a0 \u00a0 \u00a0&#8211; Colaboraci\u00f3n en campa\u00f1as solidarias:<br \/>\n* Campa\u00f1a de en colaboraci\u00f3n con San Juan de Dios<br \/>\n* Colaboraci\u00f3n con Manos Unidas<br \/>\n* Recogida de tapones para colaborar con la Asociaci\u00f3n AFADEFER de nuestra localidad<\/small><\/div>\n<div style=\"text-align: left\">\u00a0 \u00a0 \u00a0&#8211; Lecturas murales sobre los principales derechos recogidos en la Constituci\u00f3n.<\/div>\n<div style=\"text-align: left\">\u00a0 \u00a0 \u00a0&#8211; Biograf\u00eda de personas relevantes en la lucha por la Paz<\/div>\n<div style=\"text-align: left\">\u00a0 \u00a0 \u00a0&#8211; Participaci\u00f3n en juegos cooperativos dentro del aula de Educaci\u00f3n F\u00edsica<\/div>\n<div style=\"text-align: left\">\u00a0 \u00a0 \u00a0&#8211;\u00a0<!--StartFragment --> <small>Dibujos y redacciones sobre la fiesta tradicional del Jueves Lardero y elaboraci\u00f3n en algunas clases del \u00abhornazo\u00bb.<\/small><\/div>\n<div style=\"text-align: left\">\u00a0 \u00a0 \u00a0&#8211;\u00a0<!--StartFragment --> <small>Actividades relacionadas con el d\u00eda de Andalucia:<br \/>\n\u00ba Realizaci\u00f3n de murales, dibujos, comentarios&#8230;.<br \/>\n\u00ba Desayuno Molinero<br \/>\n\u00ba Interpretaci\u00f3n del himno: vocal y con flauta<br \/>\n\u00ba Izada de banderas<\/small><\/div>\n<div style=\"text-align: left\">\u00a0 \u00a0 \u00a0-Coonfecci\u00f3n<small>\u00a0de murales relacionados con la Semana Santa<br \/>\n&#8211; Realizaci\u00f3n de trabajos \u00a0en relaci\u00f3n con la festividad de San Isidro.<\/small><\/div>\n<div style=\"text-align: left\"><\/div>\n","protected":false},"excerpt":{"rendered":"<p>El proyecto Escuela Espacio de Paz, lo venimos desarrollando en el centro desde el curso 2006\/2007, y es un proyecto cuyas actividades van encaminadas \u00a0a reflexionar sobre la Paz en el mundo, en todos&#46;&#46;&#46;<\/p>\n","protected":false},"author":2169,"featured_media":0,"parent":465,"menu_order":0,"comment_status":"open","ping_status":"open","template":"","meta":{"ngg_post_thumbnail":0,"footnotes":""},"aioseo_notices":[],"_links":{"self":[{"href":"https:\/\/blogsaverroes.juntadeandalucia.es\/ceipalvarocecilia\/wp-json\/wp\/v2\/pages\/713"}],"collection":[{"href":"https:\/\/blogsaverroes.juntadeandalucia.es\/ceipalvarocecilia\/wp-json\/wp\/v2\/pages"}],"about":[{"href":"https:\/\/blogsaverroes.juntadeandalucia.es\/ceipalvarocecilia\/wp-json\/wp\/v2\/types\/page"}],"author":[{"embeddable":true,"href":"https:\/\/blogsaverroes.juntadeandalucia.es\/ceipalvarocecilia\/wp-json\/wp\/v2\/users\/2169"}],"replies":[{"embeddable":true,"href":"https:\/\/blogsaverroes.juntadeandalucia.es\/ceipalvarocecilia\/wp-json\/wp\/v2\/comments?post=713"}],"version-history":[{"count":2,"href":"https:\/\/blogsaverroes.juntadeandalucia.es\/ceipalvarocecilia\/wp-json\/wp\/v2\/pages\/713\/revisions"}],"predecessor-version":[{"id":715,"href":"https:\/\/blogsaverroes.juntadeandalucia.es\/ceipalvarocecilia\/wp-json\/wp\/v2\/pages\/713\/revisions\/715"}],"up":[{"embeddable":true,"href":"https:\/\/blogsaverroes.juntadeandalucia.es\/ceipalvarocecilia\/wp-json\/wp\/v2\/pages\/465"}],"wp:attachment":[{"href":"https:\/\/blogsaverroes.juntadeandalucia.es\/ceipalvarocecilia\/wp-json\/wp\/v2\/media?parent=713"}],"curies":[{"name":"wp","href":"https:\/\/api.w.org\/{rel}","templated":true}]}}