{"id":8483,"date":"2016-05-25T08:22:54","date_gmt":"2016-05-25T08:22:54","guid":{"rendered":"http:\/\/blogsaverroes.juntadeandalucia.es\/ceipalvarocecilia\/?page_id=8483"},"modified":"2023-05-31T05:48:50","modified_gmt":"2023-05-31T05:48:50","slug":"impresos","status":"publish","type":"page","link":"https:\/\/blogsaverroes.juntadeandalucia.es\/ceipalvarocecilia\/secretaria-2\/impresos\/","title":{"rendered":"Impresos"},"content":{"rendered":"<p style=\"text-align: center\"><span style=\"text-decoration: underline\"><strong>IMPRESOS DISPONIBLES EN PDF<\/strong><\/span><\/p>\n<table style=\"border-collapse: collapse;width: 100%;height: 283px\">\n<tbody>\n<tr>\n<td style=\"width: 100%;text-align: left\">\n<p style=\"text-align: center\"><span style=\"text-decoration: underline\"><strong>JUSTIFICANTES FALTAS DE ASISTENCIA<\/strong><\/span><\/p>\n<ul>\n<li><a href=\"https:\/\/blogsaverroes.juntadeandalucia.es\/ceipalvarocecilia\/files\/2020\/09\/justificacion_falta.pdf\" target=\"_blank\" rel=\"noopener noreferrer\">Justificante faltas jornada completa.<\/a><\/li>\n<li><a href=\"https:\/\/blogsaverroes.juntadeandalucia.es\/ceipalvarocecilia\/files\/2020\/09\/Asistencia.pdf\" target=\"_blank\" rel=\"noopener noreferrer\">Justificante faltas horas sueltas<\/a><\/li>\n<\/ul>\n<\/td>\n<\/tr>\n<tr style=\"height: 260px\">\n<td style=\"width: 100%;text-align: left;height: 260px\">\n<p style=\"text-align: center\"><span style=\"text-decoration: underline\"><strong>IMPRESOS DE ESCOLARIZACI\u00d3N<\/strong><\/span><\/p>\n<ul style=\"list-style-type: disc\">\n<li style=\"text-align: justify\"><a href=\"https:\/\/blogsaverroes.juntadeandalucia.es\/ceipalvarocecilia\/files\/2022\/05\/Impreso-Matr\u00edcula-Ed.-Infantil-22-23.pdf\" target=\"_blank\" rel=\"noopener noreferrer\">Impreso de matriculaci\u00f3n&nbsp;Educaci\u00f3n Infantil<\/a><\/li>\n<li style=\"text-align: left\"><a href=\"https:\/\/blogsaverroes.juntadeandalucia.es\/ceipalvarocecilia\/files\/2022\/05\/Impreso-Matr\u00edcula-Ed.-Primaria-22-23.pdf\" target=\"_blank\" rel=\"noopener noreferrer\">Impreso de matriculaci\u00f3n Educaci\u00f3n Primaria<\/a><\/li>\n<li style=\"text-align: left\"><a href=\"https:\/\/blogsaverroes.juntadeandalucia.es\/ceipalvarocecilia\/files\/2020\/05\/Religi\u00f3n-valores-20-21.pdf\" target=\"_blank\" rel=\"noopener noreferrer\">Impreso de solicitud para cursar la ense\u00f1anza de la Religi\u00f3n o Educaci\u00f3n en valores<\/a><\/li>\n<li style=\"text-align: left\"><a href=\"http:\/\/blogsaverroes.juntadeandalucia.es\/ceipalvarocecilia\/files\/2015\/11\/Autorizaci\u00f3n-pagina-web.pdf\" target=\"_blank\" rel=\"noopener noreferrer\">Autorizaci\u00f3n publicaci\u00f3n fotos p\u00e1gina web<\/a><\/li>\n<li style=\"text-align: left\"><a style=\"line-height: 1.5\" href=\"https:\/\/blogsaverroes.juntadeandalucia.es\/ceipalvarocecilia\/files\/2023\/05\/Aula-matinal.-comedor-actividades-extraescolares.pdf\" target=\"_blank\" rel=\"noopener noreferrer\">Solicitud de comedor, Aula Matinal y Actividades Extraescolares<\/a><\/li>\n<li style=\"text-align: left\"><a href=\"https:\/\/blogsaverroes.juntadeandalucia.es\/ceipalvarocecilia\/files\/2015\/11\/ANEXO-IX.pdf\" target=\"_blank\" rel=\"noopener noreferrer\">Anexo IX (Procedimiento extraordinario de Admisi\u00f3n)<\/a><\/li>\n<li style=\"text-align: left\"><a href=\"https:\/\/blogsaverroes.juntadeandalucia.es\/ceipalvarocecilia\/files\/2021\/03\/Solicitud-admision.pdf\">Solicitud de admisi\u00f3n.<\/a><\/li>\n<\/ul>\n<\/td>\n<\/tr>\n<\/tbody>\n<\/table>\n","protected":false},"excerpt":{"rendered":"<p>IMPRESOS DISPONIBLES EN PDF JUSTIFICANTES FALTAS DE ASISTENCIA Justificante faltas jornada completa. Justificante faltas horas sueltas IMPRESOS DE ESCOLARIZACI\u00d3N Impreso de matriculaci\u00f3n&nbsp;Educaci\u00f3n Infantil Impreso de matriculaci\u00f3n Educaci\u00f3n Primaria Impreso de solicitud para cursar la&#46;&#46;&#46;<\/p>\n","protected":false},"author":2169,"featured_media":0,"parent":8508,"menu_order":0,"comment_status":"closed","ping_status":"closed","template":"","meta":{"ngg_post_thumbnail":0,"footnotes":""},"aioseo_notices":[],"_links":{"self":[{"href":"https:\/\/blogsaverroes.juntadeandalucia.es\/ceipalvarocecilia\/wp-json\/wp\/v2\/pages\/8483"}],"collection":[{"href":"https:\/\/blogsaverroes.juntadeandalucia.es\/ceipalvarocecilia\/wp-json\/wp\/v2\/pages"}],"about":[{"href":"https:\/\/blogsaverroes.juntadeandalucia.es\/ceipalvarocecilia\/wp-json\/wp\/v2\/types\/page"}],"author":[{"embeddable":true,"href":"https:\/\/blogsaverroes.juntadeandalucia.es\/ceipalvarocecilia\/wp-json\/wp\/v2\/users\/2169"}],"replies":[{"embeddable":true,"href":"https:\/\/blogsaverroes.juntadeandalucia.es\/ceipalvarocecilia\/wp-json\/wp\/v2\/comments?post=8483"}],"version-history":[{"count":39,"href":"https:\/\/blogsaverroes.juntadeandalucia.es\/ceipalvarocecilia\/wp-json\/wp\/v2\/pages\/8483\/revisions"}],"predecessor-version":[{"id":37631,"href":"https:\/\/blogsaverroes.juntadeandalucia.es\/ceipalvarocecilia\/wp-json\/wp\/v2\/pages\/8483\/revisions\/37631"}],"up":[{"embeddable":true,"href":"https:\/\/blogsaverroes.juntadeandalucia.es\/ceipalvarocecilia\/wp-json\/wp\/v2\/pages\/8508"}],"wp:attachment":[{"href":"https:\/\/blogsaverroes.juntadeandalucia.es\/ceipalvarocecilia\/wp-json\/wp\/v2\/media?parent=8483"}],"curies":[{"name":"wp","href":"https:\/\/api.w.org\/{rel}","templated":true}]}}