{"id":4468,"date":"2024-02-18T22:16:23","date_gmt":"2024-02-18T21:16:23","guid":{"rendered":"https:\/\/blogsaverroes.juntadeandalucia.es\/ceipalyussana\/?page_id=4468"},"modified":"2026-03-01T10:53:10","modified_gmt":"2026-03-01T09:53:10","slug":"escolarizacion","status":"publish","type":"page","link":"https:\/\/blogsaverroes.juntadeandalucia.es\/ceipalyussana\/escolarizacion\/","title":{"rendered":"Admisi\u00f3n del alumnado"},"content":{"rendered":"<!--themify_builder_content-->\n<div id=\"themify_builder_content-4468\" data-postid=\"4468\" class=\"themify_builder_content themify_builder_content-4468 themify_builder tf_clear\">\n                    <div  data-lazy=\"1\" class=\"module_row themify_builder_row tb_m9qx967 tb_first tf_w\">\n                        <div class=\"row_inner col_align_top tb_col_count_2 tf_box tf_rel\">\n                        <div  data-lazy=\"1\" class=\"module_column tb-column tb_rgp9968 first\">\n                    <!-- module text -->\n<div  class=\"module module-text tb_oeq2135   \" data-lazy=\"1\">\n        <div  class=\"tb_text_wrap\">\n        <p><span style=\"font-family: 'comic sans ms', sans-serif\"><strong>INFANTIL 3 A\u00d1OS \/ NUEVO INGRESO<\/strong><\/span><\/p>    <\/div>\n<\/div>\n<!-- \/module text -->        <div  data-lazy=\"1\" class=\"module_subrow themify_builder_sub_row tf_w col_align_top tb_col_count_1 tb_2kc2816\">\n                <div  data-lazy=\"1\" class=\"module_column sub_column col-full tb_0w24818 first\">\n                    <!-- module text -->\n<div  class=\"module module-text tb_1hny81   \" data-lazy=\"1\">\n        <div  class=\"tb_text_wrap\">\n        <p><strong>Atenci\u00f3n de Secretar\u00eda (marzo)<\/strong>:<\/p><ul><li>Lunes viernes de 8:45 a 14:45 h<ul><li>Tardes 16:00 a 18:00 h.<\/li><\/ul><\/li><\/ul><p>Telem\u00e1tico ( enlace de abajo)\u00a0<\/p><ul><li><a href=\"https:\/\/secretariavirtual.juntadeandalucia.es\/secretariavirtual\/solicitudes\/\">Secretar\u00eda virtual (1 al 31 de marzo 2026)<\/a><\/li><\/ul><p>Periodo de <strong>preinscripci\u00f3n<\/strong>: Del 01 marzo al 31 marzo 2026<\/p><ul><li><a href=\"https:\/\/drive.google.com\/file\/d\/1j-8DR6L1Z1YexJGVvJEJyfMFqg7A0ImT\/view?usp=sharing\">Nota Informativa, familias.\u00a0<\/a><\/li><li><a href=\"https:\/\/drive.google.com\/file\/d\/1fgNZeLVWTfeTAWqGKsPE9KHfGI-kI3H4\/view?usp=sharing\">Cuadro Resumen.\u00a0<\/a><\/li><li><a href=\"https:\/\/www.juntadeandalucia.es\/educacion\/portales\/web\/escolarizacion\/infantil-a-bachillerato\/calendario\" target=\"_blank\" rel=\"noopener\">Calendario<\/a> del proceso de escolarizaci\u00f3n<\/li><li><a href=\"https:\/\/www.juntadeandalucia.es\/educacion\/portales\/web\/escolarizacion\/infantil-a-bachillerato\/impresos\" target=\"_blank\" rel=\"noopener\">Impresos<\/a> Anexo III de admisi\u00f3n y matriculaci\u00f3n<\/li><li><a href=\"https:\/\/www.juntadeandalucia.es\/educacion\/portales\/web\/escolarizacion\/infantil-a-bachillerato\/autobaremo\" target=\"_blank\" rel=\"noopener\">Autobaremo<\/a><\/li><li><a href=\"https:\/\/www.juntadeandalucia.es\/educacion\/portales\/web\/escolarizacion\/infantil-a-bachillerato\/normativa\" target=\"_blank\" rel=\"noopener\">Normativa<\/a><\/li><li><a href=\"https:\/\/www.juntadeandalucia.es\/educacion\/portales\/web\/escolarizacion\/infantil-a-bachillerato\/preguntas-frecuentes\" target=\"_blank\" rel=\"noopener\">Preguntas frecuentes sobre escolarizaci\u00f3n<\/a><\/li><li><a href=\"https:\/\/www.juntadeandalucia.es\/educacion\/educasig\/escolarizacion\/\" target=\"_blank\" rel=\"noopener\">\u00c1reas de influencia<\/a><\/li><\/ul>    <\/div>\n<\/div>\n<!-- \/module text --><!-- module gallery -->\n<div  class=\"module gallery module-gallery tb_djpl188 layout-slider  \" data-lazy=\"1\">\n                <div class=\"tf_swiper-container tf_carousel themify_builder_slider tf_rel tf_overflow\"\n              data-lazy=\"1\"                data-pager=\"0\"\n                data-speed=\"1\"\n                data-slider_nav=\"0\"\n                data-wrapvar=\"1\"\n                data-height=\"variable\"\n                                    data-effect=\"scroll\"\n                                        data-css_url=\"https:\/\/blogsaverroes.juntadeandalucia.es\/ceipalyussana\/wp-content\/themes\/themify-ultra\/themify\/themify-builder\/css\/modules\/sliders\/carousel,https:\/\/blogsaverroes.juntadeandalucia.es\/ceipalyussana\/wp-content\/themes\/themify-ultra\/themify\/themify-builder\/css\/modules\/sliders\/gallery\"\n                                        data-auto=\"4\"\n                    data-pause_hover=\"1\"\n                                                                                                                data-thumbs=\"tb_djpl188_thumbs\"\n                                                             >\n            <div class=\"tf_swiper-wrapper tf_lazy tf_rel tf_w tf_h tf_textc\">\n                                                    <div class=\"tf_swiper-slide\" style=\"\">\n                        <div class=\"slide-inner-wrap\">\n                            <div class=\"tf_lazy slide-image gallery-icon\">\n                            <a href=\"https:\/\/blogsaverroes.juntadeandalucia.es\/ceipalyussana\/files\/2025\/02\/Captura-de-pantalla-2025-02-27-a-las-18.28.26.png\" class=\"themify_lightbox\"><img src=\"data:image\/svg+xml,%3Csvg%20xmlns=%27http:\/\/www.w3.org\/2000\/svg%27%20width='1032'%20height='1450'%20viewBox=%270%200%201032%201450%27%3E%3C\/svg%3E\" loading=\"lazy\" data-lazy=\"1\" data-tf-not-load=\"1\" style=\"background:linear-gradient(to right,#e6e6e6 25%,#e6e6e6 25% 50%,#e6e6e6 50% 75%,#949494 75%),linear-gradient(to right,#d6fefe 25%,#d6fefe 25% 50%,#d6fefe 50% 75%,#8aa4a4 75%),linear-gradient(to right,#f7cea0 25%,#edc69a 25% 50%,#f7cea0 50% 75%,#9f8567 75%),linear-gradient(to right,#e6e6fd 25%,#e6e6fd 25% 50%,#e6e6fd 50% 75%,#9494a3 75%)\" decoding=\"async\" width=\"1032\" height=\"1450\" data-tf-src=\"https:\/\/blogsaverroes.juntadeandalucia.es\/ceipalyussana\/files\/2025\/02\/Captura-de-pantalla-2025-02-27-a-las-18.28.26.png\" class=\"tf_svg_lazy wp-post-image wp-image-6583\" title=\"Cuadro Resumen\" alt=\"Cuadro Resumen\" data-tf-srcset=\"https:\/\/blogsaverroes.juntadeandalucia.es\/ceipalyussana\/files\/2025\/02\/Captura-de-pantalla-2025-02-27-a-las-18.28.26.png 1032w, https:\/\/blogsaverroes.juntadeandalucia.es\/ceipalyussana\/files\/2025\/02\/Captura-de-pantalla-2025-02-27-a-las-18.28.26-214x300.png 214w, https:\/\/blogsaverroes.juntadeandalucia.es\/ceipalyussana\/files\/2025\/02\/Captura-de-pantalla-2025-02-27-a-las-18.28.26-729x1024.png 729w, https:\/\/blogsaverroes.juntadeandalucia.es\/ceipalyussana\/files\/2025\/02\/Captura-de-pantalla-2025-02-27-a-las-18.28.26-768x1079.png 768w\" data-tf-sizes=\"(max-width: 1032px) 100vw, 1032px\" \/><noscript><img loading=\"lazy\" decoding=\"async\" width=\"1032\" height=\"1450\" data-tf-not-load src=\"https:\/\/blogsaverroes.juntadeandalucia.es\/ceipalyussana\/files\/2025\/02\/Captura-de-pantalla-2025-02-27-a-las-18.28.26.png\" class=\"wp-post-image wp-image-6583\" title=\"Cuadro Resumen\" alt=\"Cuadro Resumen\" srcset=\"https:\/\/blogsaverroes.juntadeandalucia.es\/ceipalyussana\/files\/2025\/02\/Captura-de-pantalla-2025-02-27-a-las-18.28.26.png 1032w, https:\/\/blogsaverroes.juntadeandalucia.es\/ceipalyussana\/files\/2025\/02\/Captura-de-pantalla-2025-02-27-a-las-18.28.26-214x300.png 214w, https:\/\/blogsaverroes.juntadeandalucia.es\/ceipalyussana\/files\/2025\/02\/Captura-de-pantalla-2025-02-27-a-las-18.28.26-729x1024.png 729w, https:\/\/blogsaverroes.juntadeandalucia.es\/ceipalyussana\/files\/2025\/02\/Captura-de-pantalla-2025-02-27-a-las-18.28.26-768x1079.png 768w\" sizes=\"(max-width: 1032px) 100vw, 1032px\" \/><\/noscript><\/a>                            <\/div>\n                                                    <\/div><\/div>\n                                    <div class=\"tf_swiper-slide\" style=\"display:none\">\n                        <div class=\"slide-inner-wrap\">\n                            <div class=\"tf_lazy slide-image gallery-icon\">\n                            <a href=\"https:\/\/blogsaverroes.juntadeandalucia.es\/ceipalyussana\/files\/2025\/02\/Captura-de-pantalla-2025-02-27-a-las-18.28.40.png\" class=\"themify_lightbox\"><img src=\"data:image\/svg+xml,%3Csvg%20xmlns=%27http:\/\/www.w3.org\/2000\/svg%27%20width='1042'%20height='1480'%20viewBox=%270%200%201042%201480%27%3E%3C\/svg%3E\" loading=\"lazy\" data-lazy=\"1\" data-tf-not-load=\"1\" style=\"background:linear-gradient(to right,#e6e6fd 25%,#e6e6fd 25% 50%,#e6e6fd 50% 75%,#e6e6fd 75%),linear-gradient(to right,#e6e6fd 25%,#e6e6fd 25% 50%,#e6e6fd 50% 75%,#e6e6fd 75%),linear-gradient(to right,#ffcc99 25%,#82684d 25% 50%,#82684d 50% 75%,#7f664c 75%),linear-gradient(to right,#e6e6fd 25%,#f7ce46 25% 50%,#f7ce46 50% 75%,#f7ce46 75%)\" decoding=\"async\" width=\"1042\" height=\"1480\" data-tf-src=\"https:\/\/blogsaverroes.juntadeandalucia.es\/ceipalyussana\/files\/2025\/02\/Captura-de-pantalla-2025-02-27-a-las-18.28.40.png\" class=\"tf_svg_lazy wp-post-image wp-image-6584\" title=\"Nota informativa\" alt=\"Nota informativa\" data-tf-srcset=\"https:\/\/blogsaverroes.juntadeandalucia.es\/ceipalyussana\/files\/2025\/02\/Captura-de-pantalla-2025-02-27-a-las-18.28.40.png 1042w, https:\/\/blogsaverroes.juntadeandalucia.es\/ceipalyussana\/files\/2025\/02\/Captura-de-pantalla-2025-02-27-a-las-18.28.40-211x300.png 211w, https:\/\/blogsaverroes.juntadeandalucia.es\/ceipalyussana\/files\/2025\/02\/Captura-de-pantalla-2025-02-27-a-las-18.28.40-721x1024.png 721w, https:\/\/blogsaverroes.juntadeandalucia.es\/ceipalyussana\/files\/2025\/02\/Captura-de-pantalla-2025-02-27-a-las-18.28.40-768x1091.png 768w\" data-tf-sizes=\"(max-width: 1042px) 100vw, 1042px\" \/><noscript><img loading=\"lazy\" decoding=\"async\" width=\"1042\" height=\"1480\" data-tf-not-load src=\"https:\/\/blogsaverroes.juntadeandalucia.es\/ceipalyussana\/files\/2025\/02\/Captura-de-pantalla-2025-02-27-a-las-18.28.40.png\" class=\"wp-post-image wp-image-6584\" title=\"Nota informativa\" alt=\"Nota informativa\" srcset=\"https:\/\/blogsaverroes.juntadeandalucia.es\/ceipalyussana\/files\/2025\/02\/Captura-de-pantalla-2025-02-27-a-las-18.28.40.png 1042w, https:\/\/blogsaverroes.juntadeandalucia.es\/ceipalyussana\/files\/2025\/02\/Captura-de-pantalla-2025-02-27-a-las-18.28.40-211x300.png 211w, https:\/\/blogsaverroes.juntadeandalucia.es\/ceipalyussana\/files\/2025\/02\/Captura-de-pantalla-2025-02-27-a-las-18.28.40-721x1024.png 721w, https:\/\/blogsaverroes.juntadeandalucia.es\/ceipalyussana\/files\/2025\/02\/Captura-de-pantalla-2025-02-27-a-las-18.28.40-768x1091.png 768w\" sizes=\"(max-width: 1042px) 100vw, 1042px\" \/><\/noscript><\/a>                            <\/div>\n                                                    <\/div><\/div>\n                            <\/div>\n        <\/div>\n                    <div class=\"themify_builder_slider_vertical tf_rel\">\n                <div class=\"tf_swiper-container tf_carousel themify_builder_slider tb_djpl188_thumbs tf_swiper-thumbs tf_rel tf_overflow\"\n              data-lazy=\"1\"                data-pager=\"1\"\n                data-speed=\"1\"\n                data-slider_nav=\"1\"\n                data-wrapvar=\"1\"\n                data-height=\"variable\"\n                                                                            data-thumbs-id=\"tb_djpl188_thumbs\"\n                                                                 data-visible=\"4\" \n                data-tab-visible=\"1\"\n                data-mob-visible=\"\"\n                data-scroll=\"1\"\n                                         >\n            <div class=\"tf_swiper-wrapper tf_lazy tf_rel tf_w tf_h tf_textc\">\n                                                    <div class=\"tf_swiper-slide\" style=\"\">\n                        <div class=\"slide-inner-wrap\">\n                            <div class=\"tf_lazy slide-image gallery-icon\">\n                            <img src=\"data:image\/svg+xml,%3Csvg%20xmlns=%27http:\/\/www.w3.org\/2000\/svg%27%20width='300'%20height='200'%20viewBox=%270%200%20300%20200%27%3E%3C\/svg%3E\" loading=\"lazy\" data-lazy=\"1\" data-tf-not-load=\"1\" style=\"background:linear-gradient(to right,#bb9cbf 25%,#f7cefc 25% 50%,#f7cefc 50% 75%,#f0c8f5 75%),linear-gradient(to right,#9fbdbd 25%,#809898 25% 50%,#d6fefe 50% 75%,#d0f7f7 75%),linear-gradient(to right,#f6cd9f 25%,#9e8466 25% 50%,#f7cea0 50% 75%,#f0c89c 75%),linear-gradient(to right,#ffffd1 25%,#7a7a64 25% 50%,#9e9e81 50% 75%,#f7f7ca 75%)\" decoding=\"async\" data-tf-src=\"https:\/\/blogsaverroes.juntadeandalucia.es\/ceipalyussana\/files\/2025\/02\/Captura-de-pantalla-2025-02-27-a-las-18.28.26-729x1024-300x200.png\" width=\"300\" height=\"200\" class=\"tf_svg_lazy wp-post-image wp-image-6583\" title=\"Cuadro Resumen\" alt=\"Cuadro Resumen\"><noscript><img loading=\"lazy\" decoding=\"async\" data-tf-not-load src=\"https:\/\/blogsaverroes.juntadeandalucia.es\/ceipalyussana\/files\/2025\/02\/Captura-de-pantalla-2025-02-27-a-las-18.28.26-729x1024-300x200.png\" width=\"300\" height=\"200\" class=\"wp-post-image wp-image-6583\" title=\"Cuadro Resumen\" alt=\"Cuadro Resumen\"><\/noscript>                            <\/div>\n                                                    <\/div><\/div>\n                                    <div class=\"tf_swiper-slide\" style=\"\">\n                        <div class=\"slide-inner-wrap\">\n                            <div class=\"tf_lazy slide-image gallery-icon\">\n                            <img src=\"data:image\/svg+xml,%3Csvg%20xmlns=%27http:\/\/www.w3.org\/2000\/svg%27%20width='300'%20height='200'%20viewBox=%270%200%20300%20200%27%3E%3C\/svg%3E\" loading=\"lazy\" data-lazy=\"1\" data-tf-not-load=\"1\" style=\"background:linear-gradient(to right,#e6e6fd 25%,#e6e6fd 25% 50%,#e6e6fd 50% 75%,#e6e6fd 75%),linear-gradient(to right,#d4e6f3 25%,#d4e6f3 25% 50%,#d1f8f8 50% 75%,#d2fafa 75%),linear-gradient(to right,#9a9aaa 25%,#e6e6fd 25% 50%,#e6e6fd 50% 75%,#e6e6fd 75%),linear-gradient(to right,#e2b78a 25%,#fecb98 25% 50%,#fecb98 50% 75%,#fecb98 75%)\" decoding=\"async\" data-tf-src=\"https:\/\/blogsaverroes.juntadeandalucia.es\/ceipalyussana\/files\/2025\/02\/Captura-de-pantalla-2025-02-27-a-las-18.28.40-721x1024-300x200.png\" width=\"300\" height=\"200\" class=\"tf_svg_lazy wp-post-image wp-image-6584\" title=\"Nota informativa\" alt=\"Nota informativa\"><noscript><img loading=\"lazy\" decoding=\"async\" data-tf-not-load src=\"https:\/\/blogsaverroes.juntadeandalucia.es\/ceipalyussana\/files\/2025\/02\/Captura-de-pantalla-2025-02-27-a-las-18.28.40-721x1024-300x200.png\" width=\"300\" height=\"200\" class=\"wp-post-image wp-image-6584\" title=\"Nota informativa\" alt=\"Nota informativa\"><\/noscript>                            <\/div>\n                                                    <\/div><\/div>\n                            <\/div>\n        <\/div>\n                <\/div>\n    <\/div>\n<!-- \/module gallery -->        <\/div>\n                    <\/div>\n                <\/div>\n                    <div  data-lazy=\"1\" class=\"module_column tb-column tb_0t6d968 last\">\n                    <!-- module image -->\n<div  class=\"module module-image tb_k40x813 image-top   tf_mw\" data-lazy=\"1\">\n    <h3 class=\"module-title\">AYUDA PRESENTACI\u00d3N (DAR ABAJO \ud83d\udc47)<\/h3>    <div class=\"image-wrap tf_rel tf_mw\">\n            <a href=\"https:\/\/view.genial.ly\/65928c11e0ec66001331719a\/learning-experience-challenges-admisiones-20242025-ceip-al-yussana\">\n                   <img loading=\"lazy\" decoding=\"async\" width=\"1942\" height=\"1096\" src=\"https:\/\/blogsaverroes.juntadeandalucia.es\/ceipalyussana\/files\/2026\/03\/Captura-de-pantalla-2026-03-01-a-las-8.30.17.png\" class=\"wp-post-image wp-image-9307\" title=\"Admisi\u00f3n 26-27\" alt=\"Admisi\u00f3n 26-27\" srcset=\"https:\/\/blogsaverroes.juntadeandalucia.es\/ceipalyussana\/files\/2026\/03\/Captura-de-pantalla-2026-03-01-a-las-8.30.17.png 1942w, https:\/\/blogsaverroes.juntadeandalucia.es\/ceipalyussana\/files\/2026\/03\/Captura-de-pantalla-2026-03-01-a-las-8.30.17-300x169.png 300w, https:\/\/blogsaverroes.juntadeandalucia.es\/ceipalyussana\/files\/2026\/03\/Captura-de-pantalla-2026-03-01-a-las-8.30.17-1024x578.png 1024w, https:\/\/blogsaverroes.juntadeandalucia.es\/ceipalyussana\/files\/2026\/03\/Captura-de-pantalla-2026-03-01-a-las-8.30.17-768x433.png 768w, https:\/\/blogsaverroes.juntadeandalucia.es\/ceipalyussana\/files\/2026\/03\/Captura-de-pantalla-2026-03-01-a-las-8.30.17-1536x867.png 1536w\" sizes=\"(max-width: 1942px) 100vw, 1942px\" \/>        <\/a>\n    \n        <\/div>\n    <!-- \/image-wrap -->\n    \n        <\/div>\n<!-- \/module image --><!-- module image -->\n<div  class=\"module module-image tb_lo34566 image-top   tf_mw\" data-lazy=\"1\">\n        <div class=\"image-wrap tf_rel tf_mw\">\n            <a href=\"https:\/\/www.juntadeandalucia.es\/educacion\/secretariavirtual\/accesoTramite\/543\/\">\n                   <img loading=\"lazy\" decoding=\"async\" width=\"1080\" height=\"1080\" src=\"https:\/\/blogsaverroes.juntadeandalucia.es\/ceipalyussana\/files\/2026\/03\/Admision-20262027.png\" class=\"wp-post-image wp-image-9298\" title=\"Admisio\u0301n 20262027\" alt=\"Admisio\u0301n 20262027\" srcset=\"https:\/\/blogsaverroes.juntadeandalucia.es\/ceipalyussana\/files\/2026\/03\/Admision-20262027.png 1080w, https:\/\/blogsaverroes.juntadeandalucia.es\/ceipalyussana\/files\/2026\/03\/Admision-20262027-1024x1024-300x300.png 300w, https:\/\/blogsaverroes.juntadeandalucia.es\/ceipalyussana\/files\/2026\/03\/Admision-20262027-1024x1024.png 1024w, https:\/\/blogsaverroes.juntadeandalucia.es\/ceipalyussana\/files\/2026\/03\/Admision-20262027-150x150.png 150w, https:\/\/blogsaverroes.juntadeandalucia.es\/ceipalyussana\/files\/2026\/03\/Admision-20262027-768x768.png 768w\" sizes=\"(max-width: 1080px) 100vw, 1080px\" \/>        <\/a>\n    \n        <\/div>\n    <!-- \/image-wrap -->\n    \n        <\/div>\n<!-- \/module image --><!-- module gallery -->\n<div  class=\"module gallery module-gallery tb_s0sy618 layout-slider  \" data-lazy=\"1\">\n                <div class=\"tf_swiper-container tf_carousel themify_builder_slider tf_rel tf_overflow\"\n              data-lazy=\"1\"                data-pager=\"0\"\n                data-speed=\"1\"\n                data-slider_nav=\"0\"\n                data-wrapvar=\"1\"\n                data-height=\"variable\"\n                                    data-effect=\"scroll\"\n                                        data-css_url=\"https:\/\/blogsaverroes.juntadeandalucia.es\/ceipalyussana\/wp-content\/themes\/themify-ultra\/themify\/themify-builder\/css\/modules\/sliders\/carousel,https:\/\/blogsaverroes.juntadeandalucia.es\/ceipalyussana\/wp-content\/themes\/themify-ultra\/themify\/themify-builder\/css\/modules\/sliders\/gallery\"\n                                        data-auto=\"4\"\n                    data-pause_hover=\"1\"\n                                                                                                                data-thumbs=\"tb_s0sy618_thumbs\"\n                                                             >\n            <div class=\"tf_swiper-wrapper tf_lazy tf_rel tf_w tf_h tf_textc\">\n                                                    <div class=\"tf_swiper-slide\" style=\"\">\n                        <div class=\"slide-inner-wrap\">\n                            <div class=\"tf_lazy slide-image gallery-icon\">\n                            <a href=\"https:\/\/blogsaverroes.juntadeandalucia.es\/ceipalyussana\/files\/2026\/02\/Diptico.png\" class=\"themify_lightbox\"><img src=\"data:image\/svg+xml,%3Csvg%20xmlns=%27http:\/\/www.w3.org\/2000\/svg%27%20width='2000'%20height='1414'%20viewBox=%270%200%202000%201414%27%3E%3C\/svg%3E\" loading=\"lazy\" data-lazy=\"1\" data-tf-not-load=\"1\" style=\"background:linear-gradient(to right,#ffb200 25%,#277bc0 25% 50%,#277bc0 50% 75%,#277bc0 75%),linear-gradient(to right,#ffb200 25%,#277bc0 25% 50%,#277bc0 50% 75%,#8b4e54 75%),linear-gradient(to right,#fc94c5 25%,#277bc0 25% 50%,#277bc0 50% 75%,#462e29 75%),linear-gradient(to right,#f3bcc8 25%,#514a42 25% 50%,#907d75 50% 75%,#277bc0 75%)\" decoding=\"async\" width=\"2000\" height=\"1414\" data-tf-src=\"https:\/\/blogsaverroes.juntadeandalucia.es\/ceipalyussana\/files\/2026\/02\/Diptico.png\" class=\"tf_svg_lazy wp-post-image wp-image-8898\" title=\"Di\u0301ptico\" alt=\"Di\u0301ptico\" data-tf-srcset=\"https:\/\/blogsaverroes.juntadeandalucia.es\/ceipalyussana\/files\/2026\/02\/Diptico.png 2000w, https:\/\/blogsaverroes.juntadeandalucia.es\/ceipalyussana\/files\/2026\/02\/Diptico-300x212.png 300w, https:\/\/blogsaverroes.juntadeandalucia.es\/ceipalyussana\/files\/2026\/02\/Diptico-1024x724.png 1024w, https:\/\/blogsaverroes.juntadeandalucia.es\/ceipalyussana\/files\/2026\/02\/Diptico-768x543.png 768w, https:\/\/blogsaverroes.juntadeandalucia.es\/ceipalyussana\/files\/2026\/02\/Diptico-1536x1086.png 1536w\" data-tf-sizes=\"(max-width: 2000px) 100vw, 2000px\" \/><noscript><img loading=\"lazy\" decoding=\"async\" width=\"2000\" height=\"1414\" data-tf-not-load src=\"https:\/\/blogsaverroes.juntadeandalucia.es\/ceipalyussana\/files\/2026\/02\/Diptico.png\" class=\"wp-post-image wp-image-8898\" title=\"Di\u0301ptico\" alt=\"Di\u0301ptico\" srcset=\"https:\/\/blogsaverroes.juntadeandalucia.es\/ceipalyussana\/files\/2026\/02\/Diptico.png 2000w, https:\/\/blogsaverroes.juntadeandalucia.es\/ceipalyussana\/files\/2026\/02\/Diptico-300x212.png 300w, https:\/\/blogsaverroes.juntadeandalucia.es\/ceipalyussana\/files\/2026\/02\/Diptico-1024x724.png 1024w, https:\/\/blogsaverroes.juntadeandalucia.es\/ceipalyussana\/files\/2026\/02\/Diptico-768x543.png 768w, https:\/\/blogsaverroes.juntadeandalucia.es\/ceipalyussana\/files\/2026\/02\/Diptico-1536x1086.png 1536w\" sizes=\"(max-width: 2000px) 100vw, 2000px\" \/><\/noscript><\/a>                            <\/div>\n                                                    <\/div><\/div>\n                                    <div class=\"tf_swiper-slide\" style=\"display:none\">\n                        <div class=\"slide-inner-wrap\">\n                            <div class=\"tf_lazy slide-image gallery-icon\">\n                            <a href=\"https:\/\/blogsaverroes.juntadeandalucia.es\/ceipalyussana\/files\/2026\/02\/Diptico-II.png\" class=\"themify_lightbox\"><img src=\"data:image\/svg+xml,%3Csvg%20xmlns=%27http:\/\/www.w3.org\/2000\/svg%27%20width='2000'%20height='1414'%20viewBox=%270%200%202000%201414%27%3E%3C\/svg%3E\" loading=\"lazy\" data-lazy=\"1\" data-tf-not-load=\"1\" style=\"background:linear-gradient(to right,#277bc0 25%,#277bc0 25% 50%,#277bc0 50% 75%,#a9924a 75%),linear-gradient(to right,#277bc0 25%,#277bc0 25% 50%,#277bc0 50% 75%,#ffb200 75%),linear-gradient(to right,#277bc0 25%,#277bc0 25% 50%,#277bc0 50% 75%,#ffb200 75%),linear-gradient(to right,#7e796f 25%,#151911 25% 50%,#504d43 50% 75%,#ffb200 75%)\" decoding=\"async\" width=\"2000\" height=\"1414\" data-tf-src=\"https:\/\/blogsaverroes.juntadeandalucia.es\/ceipalyussana\/files\/2026\/02\/Diptico-II.png\" class=\"tf_svg_lazy wp-post-image wp-image-8897\" title=\"Di\u0301ptico II\" alt=\"Di\u0301ptico II\" data-tf-srcset=\"https:\/\/blogsaverroes.juntadeandalucia.es\/ceipalyussana\/files\/2026\/02\/Diptico-II.png 2000w, https:\/\/blogsaverroes.juntadeandalucia.es\/ceipalyussana\/files\/2026\/02\/Diptico-II-300x212.png 300w, https:\/\/blogsaverroes.juntadeandalucia.es\/ceipalyussana\/files\/2026\/02\/Diptico-II-1024x724.png 1024w, https:\/\/blogsaverroes.juntadeandalucia.es\/ceipalyussana\/files\/2026\/02\/Diptico-II-768x543.png 768w, https:\/\/blogsaverroes.juntadeandalucia.es\/ceipalyussana\/files\/2026\/02\/Diptico-II-1536x1086.png 1536w\" data-tf-sizes=\"(max-width: 2000px) 100vw, 2000px\" \/><noscript><img loading=\"lazy\" decoding=\"async\" width=\"2000\" height=\"1414\" data-tf-not-load src=\"https:\/\/blogsaverroes.juntadeandalucia.es\/ceipalyussana\/files\/2026\/02\/Diptico-II.png\" class=\"wp-post-image wp-image-8897\" title=\"Di\u0301ptico II\" alt=\"Di\u0301ptico II\" srcset=\"https:\/\/blogsaverroes.juntadeandalucia.es\/ceipalyussana\/files\/2026\/02\/Diptico-II.png 2000w, https:\/\/blogsaverroes.juntadeandalucia.es\/ceipalyussana\/files\/2026\/02\/Diptico-II-300x212.png 300w, https:\/\/blogsaverroes.juntadeandalucia.es\/ceipalyussana\/files\/2026\/02\/Diptico-II-1024x724.png 1024w, https:\/\/blogsaverroes.juntadeandalucia.es\/ceipalyussana\/files\/2026\/02\/Diptico-II-768x543.png 768w, https:\/\/blogsaverroes.juntadeandalucia.es\/ceipalyussana\/files\/2026\/02\/Diptico-II-1536x1086.png 1536w\" sizes=\"(max-width: 2000px) 100vw, 2000px\" \/><\/noscript><\/a>                            <\/div>\n                                                    <\/div><\/div>\n                            <\/div>\n        <\/div>\n                    <div class=\"themify_builder_slider_vertical tf_rel\">\n                <div class=\"tf_swiper-container tf_carousel themify_builder_slider tb_s0sy618_thumbs tf_swiper-thumbs tf_rel tf_overflow\"\n              data-lazy=\"1\"                data-pager=\"1\"\n                data-speed=\"1\"\n                data-slider_nav=\"1\"\n                data-wrapvar=\"1\"\n                data-height=\"variable\"\n                                                                            data-thumbs-id=\"tb_s0sy618_thumbs\"\n                                                                 data-visible=\"4\" \n                data-tab-visible=\"1\"\n                data-mob-visible=\"\"\n                data-scroll=\"1\"\n                                         >\n            <div class=\"tf_swiper-wrapper tf_lazy tf_rel tf_w tf_h tf_textc\">\n                                                    <div class=\"tf_swiper-slide\" style=\"\">\n                        <div class=\"slide-inner-wrap\">\n                            <div class=\"tf_lazy slide-image gallery-icon\">\n                            <img src=\"data:image\/svg+xml,%3Csvg%20xmlns=%27http:\/\/www.w3.org\/2000\/svg%27%20width='300'%20height='200'%20viewBox=%270%200%20300%20200%27%3E%3C\/svg%3E\" loading=\"lazy\" data-lazy=\"1\" data-tf-not-load=\"1\" style=\"background:linear-gradient(to right,#ffb200 25%,#277bc0 25% 50%,#277bc0 50% 75%,#277bc0 75%),linear-gradient(to right,#ffb200 25%,#aacbe6 25% 50%,#277bc0 50% 75%,#937574 75%),linear-gradient(to right,#f389bb 25%,#277bc0 25% 50%,#277bc0 50% 75%,#b36347 75%),linear-gradient(to right,#b1a596 25%,#756d65 25% 50%,#897b74 50% 75%,#fbfcfd 75%)\" decoding=\"async\" data-tf-src=\"https:\/\/blogsaverroes.juntadeandalucia.es\/ceipalyussana\/files\/2026\/02\/Diptico-1024x724-300x200.png\" width=\"300\" height=\"200\" class=\"tf_svg_lazy wp-post-image wp-image-8898\" title=\"Di\u0301ptico\" alt=\"Di\u0301ptico\"><noscript><img loading=\"lazy\" decoding=\"async\" data-tf-not-load src=\"https:\/\/blogsaverroes.juntadeandalucia.es\/ceipalyussana\/files\/2026\/02\/Diptico-1024x724-300x200.png\" width=\"300\" height=\"200\" class=\"wp-post-image wp-image-8898\" title=\"Di\u0301ptico\" alt=\"Di\u0301ptico\"><\/noscript>                            <\/div>\n                                                    <\/div><\/div>\n                                    <div class=\"tf_swiper-slide\" style=\"\">\n                        <div class=\"slide-inner-wrap\">\n                            <div class=\"tf_lazy slide-image gallery-icon\">\n                            <img src=\"data:image\/svg+xml,%3Csvg%20xmlns=%27http:\/\/www.w3.org\/2000\/svg%27%20width='300'%20height='200'%20viewBox=%270%200%20300%20200%27%3E%3C\/svg%3E\" loading=\"lazy\" data-lazy=\"1\" data-tf-not-load=\"1\" style=\"background:linear-gradient(to right,#277bc0 25%,#277bc0 25% 50%,#277bc0 50% 75%,#836a75 75%),linear-gradient(to right,#3d88c6 25%,#277bc0 25% 50%,#277bc0 50% 75%,#2f2100 75%),linear-gradient(to right,#5999ce 25%,#277bc0 25% 50%,#277bc0 50% 75%,#ffb200 75%),linear-gradient(to right,#352c21 25%,#272524 25% 50%,#18191a 50% 75%,#ffb200 75%)\" decoding=\"async\" data-tf-src=\"https:\/\/blogsaverroes.juntadeandalucia.es\/ceipalyussana\/files\/2026\/02\/Diptico-II-1024x724-300x200.png\" width=\"300\" height=\"200\" class=\"tf_svg_lazy wp-post-image wp-image-8897\" title=\"Di\u0301ptico II\" alt=\"Di\u0301ptico II\"><noscript><img loading=\"lazy\" decoding=\"async\" data-tf-not-load src=\"https:\/\/blogsaverroes.juntadeandalucia.es\/ceipalyussana\/files\/2026\/02\/Diptico-II-1024x724-300x200.png\" width=\"300\" height=\"200\" class=\"wp-post-image wp-image-8897\" title=\"Di\u0301ptico II\" alt=\"Di\u0301ptico II\"><\/noscript>                            <\/div>\n                                                    <\/div><\/div>\n                            <\/div>\n        <\/div>\n                <\/div>\n    <\/div>\n<!-- \/module gallery -->        <\/div>\n                        <\/div>\n        <\/div>\n        <\/div>\n<!--\/themify_builder_content-->\n<p>&nbsp;<\/p>\n<p>&nbsp;<\/p>\n<p>&nbsp;<\/p>\n<p>&nbsp;<\/p>","protected":false},"excerpt":{"rendered":"<p>INFANTIL 3 A\u00d1OS \/ NUEVO INGRESO Atenci\u00f3n de Secretar\u00eda (marzo): Lunes viernes de 8:45 a 14:45 h Tardes 16:00 a 18:00 h. Telem\u00e1tico ( enlace de abajo) Secretar\u00eda virtual (1 al 31 de marzo 2026) Periodo de preinscripci\u00f3n: Del 01 marzo al 31 marzo 2026 Nota Informativa, familias.\u00a0 Cuadro Resumen.\u00a0 Calendario del proceso de escolarizaci\u00f3n [&hellip;]<\/p>\n","protected":false},"author":14705,"featured_media":0,"parent":0,"menu_order":0,"comment_status":"closed","ping_status":"closed","template":"","meta":{"footnotes":""},"aioseo_notices":[],"post_mailing_queue_ids":[],"_links":{"self":[{"href":"https:\/\/blogsaverroes.juntadeandalucia.es\/ceipalyussana\/wp-json\/wp\/v2\/pages\/4468"}],"collection":[{"href":"https:\/\/blogsaverroes.juntadeandalucia.es\/ceipalyussana\/wp-json\/wp\/v2\/pages"}],"about":[{"href":"https:\/\/blogsaverroes.juntadeandalucia.es\/ceipalyussana\/wp-json\/wp\/v2\/types\/page"}],"author":[{"embeddable":true,"href":"https:\/\/blogsaverroes.juntadeandalucia.es\/ceipalyussana\/wp-json\/wp\/v2\/users\/14705"}],"replies":[{"embeddable":true,"href":"https:\/\/blogsaverroes.juntadeandalucia.es\/ceipalyussana\/wp-json\/wp\/v2\/comments?post=4468"}],"version-history":[{"count":45,"href":"https:\/\/blogsaverroes.juntadeandalucia.es\/ceipalyussana\/wp-json\/wp\/v2\/pages\/4468\/revisions"}],"predecessor-version":[{"id":9324,"href":"https:\/\/blogsaverroes.juntadeandalucia.es\/ceipalyussana\/wp-json\/wp\/v2\/pages\/4468\/revisions\/9324"}],"wp:attachment":[{"href":"https:\/\/blogsaverroes.juntadeandalucia.es\/ceipalyussana\/wp-json\/wp\/v2\/media?parent=4468"}],"curies":[{"name":"wp","href":"https:\/\/api.w.org\/{rel}","templated":true}]}}