{"id":1016,"date":"2022-12-05T18:53:40","date_gmt":"2022-12-05T17:53:40","guid":{"rendered":"https:\/\/blogsaverroes.juntadeandalucia.es\/ceipamanciaburgos\/?page_id=1016"},"modified":"2023-06-05T09:40:53","modified_gmt":"2023-06-05T08:40:53","slug":"nuestro-entorno","status":"publish","type":"page","link":"https:\/\/blogsaverroes.juntadeandalucia.es\/ceipamanciaburgos\/nuestro-entorno\/","title":{"rendered":"Nuestro entorno"},"content":{"rendered":"<p><span style=\"color: #000000\"><strong>El CEIP Amancia Burgos <\/strong>se encuentra en<strong> Benamaurel, <\/strong>una localidad y municipio espa\u00f1ol perteneciente a la provincia de Granada, en la comunidad aut\u00f3noma de Andaluc\u00eda. Est\u00e1 situado al nordeste de la provincia, en la comarca de Baza. Seg\u00fan el INE, en 2019 contaba con 2293 habitantes censados y una extensi\u00f3n de 127 km\u00b2. Dista 121 km de la capital granadina. Destaca por su singular tipolog\u00eda de vivienda, en su mayor\u00eda consistente en casas-cueva excavadas en el terreno.<\/span><\/p>\n<p><img loading=\"lazy\" decoding=\"async\" class=\"aligncenter wp-image-1292 \" src=\"https:\/\/blogsaverroes.juntadeandalucia.es\/ceipamanciaburgos\/files\/2023\/06\/250px-LocationBenamaurel.png\" alt=\"\" width=\"305\" height=\"251\"><\/p>\n<p><span style=\"color: #000000\">La cola del&nbsp;embalse del Negrat\u00edn es un humedal constituye un h\u00e1bitat para fauna amenazada y para endemismos ib\u00e9ricos o norteafricanos. Presenta un inter\u00e9s geomorfol\u00f3gico por las formaciones de&nbsp;badlands&nbsp;sobre las arcillas y margas caracter\u00edsticas de la hoya de Baza.<\/span><\/p>\n<p><span style=\"color: #000000\">La extensi\u00f3n del t\u00e9rmino municipal es de 127 m\u00b2 y se encuentra a una altitud sobre el nivel del mar de 719 m. Situado en el centro de la hoya de Baza, se encuentra rodeado por los parques naturales de&nbsp;sierra de Baza&nbsp;y&nbsp;sierra de Castril, adem\u00e1s de por el&nbsp;cerro Jabalc\u00f3n&nbsp;y el&nbsp;embalse del Negrat\u00edn.<\/span><\/p>\n<p><span style=\"color: #000000\">El municipio de Benamaurel est\u00e1 formado por una llanura de secano surcada por los valles de los r\u00edos&nbsp;Guardal,&nbsp;Castril&nbsp;(que lo delimita al oeste),&nbsp;C\u00fallar, y&nbsp;Baza&nbsp;(que lo delimita al suroeste). De ellos el m\u00e1s importante es el valle del r\u00edo Guardal, que atraviesa todos los n\u00facleos de poblaci\u00f3n del municipio y al que van a parar los afluentes citados.<\/span><\/p>\n<p><span style=\"color: #000000\">Benamaurel cuenta con cinco anejos o pedan\u00edas:&nbsp;Puente Arriba&nbsp;(tambi\u00e9n conocido como \u00abEl Salto\u00bb),&nbsp;San Marcos,&nbsp;Cuevas de Luna,&nbsp;Cuevas del Negro,&nbsp;Huerta Real&nbsp;y&nbsp;Cuevas de la Blanca&nbsp;(a los tres \u00faltimos se les referencia a veces como \u00abCuevas de Puente Abajo\u00bb). Todos ellos se encuentran unidos por el r\u00edo&nbsp;Guardal&nbsp;y su poblaci\u00f3n habita en&nbsp;casas-cueva&nbsp;excavadas aprovechando el desnivel del terreno en las inmediaciones del r\u00edo en lomas o barrancos.<\/span><\/p>\n<p>Aunque existen actividades en los diferentes sectores (primario, secundario y terciario), la poblaci\u00f3n de Benamaurel tiene su m\u00e1ximo exponente en cuanto a actividad econ\u00f3mica en la agricultura, cl\u00e1sicamente basada en olivar, cereales y cultivos de regad\u00edo. En la actualidad, gracias a los nuevos riegos del Canal de Jabalc\u00f3n, est\u00e1n apareciendo cultivos de regad\u00edo intensivos de alta productividad.<\/p>\n<p>&nbsp;<\/p>\n<p>&nbsp;<\/p>\n","protected":false},"excerpt":{"rendered":"<p>El CEIP Amancia Burgos se encuentra en Benamaurel, una localidad y municipio espa\u00f1ol perteneciente a la provincia de Granada, en la comunidad aut\u00f3noma de Andaluc\u00eda. Est\u00e1 situado al nordeste de la provincia, en la&#46;&#46;&#46;<\/p>\n","protected":false},"author":14237,"featured_media":0,"parent":0,"menu_order":0,"comment_status":"closed","ping_status":"closed","template":"","meta":{"ngg_post_thumbnail":0,"footnotes":""},"aioseo_notices":[],"_links":{"self":[{"href":"https:\/\/blogsaverroes.juntadeandalucia.es\/ceipamanciaburgos\/wp-json\/wp\/v2\/pages\/1016"}],"collection":[{"href":"https:\/\/blogsaverroes.juntadeandalucia.es\/ceipamanciaburgos\/wp-json\/wp\/v2\/pages"}],"about":[{"href":"https:\/\/blogsaverroes.juntadeandalucia.es\/ceipamanciaburgos\/wp-json\/wp\/v2\/types\/page"}],"author":[{"embeddable":true,"href":"https:\/\/blogsaverroes.juntadeandalucia.es\/ceipamanciaburgos\/wp-json\/wp\/v2\/users\/14237"}],"replies":[{"embeddable":true,"href":"https:\/\/blogsaverroes.juntadeandalucia.es\/ceipamanciaburgos\/wp-json\/wp\/v2\/comments?post=1016"}],"version-history":[{"count":4,"href":"https:\/\/blogsaverroes.juntadeandalucia.es\/ceipamanciaburgos\/wp-json\/wp\/v2\/pages\/1016\/revisions"}],"predecessor-version":[{"id":1295,"href":"https:\/\/blogsaverroes.juntadeandalucia.es\/ceipamanciaburgos\/wp-json\/wp\/v2\/pages\/1016\/revisions\/1295"}],"wp:attachment":[{"href":"https:\/\/blogsaverroes.juntadeandalucia.es\/ceipamanciaburgos\/wp-json\/wp\/v2\/media?parent=1016"}],"curies":[{"name":"wp","href":"https:\/\/api.w.org\/{rel}","templated":true}]}}