{"id":141,"date":"2015-03-17T07:13:24","date_gmt":"2015-03-17T07:13:24","guid":{"rendered":"http:\/\/blogsaverroes.juntadeandalucia.es\/pre\/ceip\/?page_id=141"},"modified":"2020-09-16T08:18:03","modified_gmt":"2020-09-16T08:18:03","slug":"escolarizacion","status":"publish","type":"page","link":"https:\/\/blogsaverroes.juntadeandalucia.es\/ceipanamariamatute\/escolarizacion\/","title":{"rendered":"Escolarizaci\u00f3n"},"content":{"rendered":"<p>El plazo para la presentaci\u00f3n de las solicitudes de matr\u00edcula es durante todo el mes de marzo para el <strong>alumnado de nuevo ingreso<\/strong>, en el horario de secretar\u00eda del Centro. El alumnado que se encuentra matriculado en nuestro Centro, recibir\u00e1 y entregar\u00e1 su matr\u00edcula a trav\u00e9s de sus tutoras\/es, a principios del mes de junio.<\/p>\n<p>Los documentos necesarios para la matriculaci\u00f3n estar\u00e1n disponibles a trav\u00e9s de esta p\u00e1gina durante el mes de marzo.<\/p>\n<p><a href=\"https:\/\/juntadeandalucia.es\/temas\/estudiar\/primaria-eso\/matriculacion.html\">M\u00e1s informaci\u00f3n y recursos sobre admisi\u00f3n y matriculaci\u00f3n<\/a><\/p>\n<p>&nbsp;<\/p>\n","protected":false},"excerpt":{"rendered":"<p>El plazo para la presentaci\u00f3n de las solicitudes de matr\u00edcula es durante todo el mes de marzo para el alumnado de nuevo ingreso, en el horario de secretar\u00eda del Centro. El alumnado que se encuentra matriculado en nuestro Centro, recibir\u00e1 y entregar\u00e1 su matr\u00edcula a trav\u00e9s de sus tutoras\/es, a principios del mes de junio. [&hellip;]<\/p>\n","protected":false},"author":1,"featured_media":0,"parent":0,"menu_order":0,"comment_status":"closed","ping_status":"open","template":"","meta":{"ngg_post_thumbnail":0,"footnotes":"","_mc_calendar":[]},"aioseo_notices":[],"post_mailing_queue_ids":[],"_links":{"self":[{"href":"https:\/\/blogsaverroes.juntadeandalucia.es\/ceipanamariamatute\/wp-json\/wp\/v2\/pages\/141"}],"collection":[{"href":"https:\/\/blogsaverroes.juntadeandalucia.es\/ceipanamariamatute\/wp-json\/wp\/v2\/pages"}],"about":[{"href":"https:\/\/blogsaverroes.juntadeandalucia.es\/ceipanamariamatute\/wp-json\/wp\/v2\/types\/page"}],"author":[{"embeddable":true,"href":"https:\/\/blogsaverroes.juntadeandalucia.es\/ceipanamariamatute\/wp-json\/wp\/v2\/users\/1"}],"replies":[{"embeddable":true,"href":"https:\/\/blogsaverroes.juntadeandalucia.es\/ceipanamariamatute\/wp-json\/wp\/v2\/comments?post=141"}],"version-history":[{"count":5,"href":"https:\/\/blogsaverroes.juntadeandalucia.es\/ceipanamariamatute\/wp-json\/wp\/v2\/pages\/141\/revisions"}],"predecessor-version":[{"id":3042,"href":"https:\/\/blogsaverroes.juntadeandalucia.es\/ceipanamariamatute\/wp-json\/wp\/v2\/pages\/141\/revisions\/3042"}],"wp:attachment":[{"href":"https:\/\/blogsaverroes.juntadeandalucia.es\/ceipanamariamatute\/wp-json\/wp\/v2\/media?parent=141"}],"curies":[{"name":"wp","href":"https:\/\/api.w.org\/{rel}","templated":true}]}}