{"id":39,"date":"2020-08-17T14:37:28","date_gmt":"2020-08-17T12:37:28","guid":{"rendered":"https:\/\/blogsaverroes.juntadeandalucia.es\/ceipandaluciacanada\/?page_id=39"},"modified":"2024-01-26T13:17:27","modified_gmt":"2024-01-26T12:17:27","slug":"nuestrocentro","status":"publish","type":"page","link":"https:\/\/blogsaverroes.juntadeandalucia.es\/ceipandaluciacanada\/nuestrocentro\/","title":{"rendered":"NUESTRO CENTRO"},"content":{"rendered":"<p><img loading=\"lazy\" decoding=\"async\" class=\"size-medium wp-image-283 alignright\" src=\"https:\/\/blogsaverroes.juntadeandalucia.es\/ceipandaluciacanada\/files\/2022\/04\/Logo-300x300.png\" alt=\"\" width=\"300\" height=\"300\" srcset=\"https:\/\/blogsaverroes.juntadeandalucia.es\/ceipandaluciacanada\/files\/2022\/04\/Logo-300x300.png 300w, https:\/\/blogsaverroes.juntadeandalucia.es\/ceipandaluciacanada\/files\/2022\/04\/Logo-150x150.png 150w, https:\/\/blogsaverroes.juntadeandalucia.es\/ceipandaluciacanada\/files\/2022\/04\/Logo.png 500w\" sizes=\"(max-width: 300px) 100vw, 300px\" \/><\/p>\n<p>El Colegio de Educaci\u00f3n Infantil y Primaria Andaluc\u00eda, se encuentra situado en la localidad de Ca\u00f1ada Rosal (Sevilla) concretamente en la calle Men\u00e9ndez Pelayo s\/n.<\/p>\n<p>Situado en la campi\u00f1a, al este de la provincia de Sevilla, lindando con los t\u00e9rminos municipales de Palma del R\u00edo al norte, \u00c9cija al este, La Luisiana al sur y La Campana al oeste.<\/p>\n<p>Correo: 41002529.edu@juntadeandalucia.es<\/p>\n<p>Tel\u00e9fonos: 955879537 \/ 697951122<\/p>\n<p><span style=\"color: #008000\"><a style=\"color: #008000\" title=\"Mapa Ca\u00f1ada Rosal\" href=\"https:\/\/www.google.com\/maps\/dir\/\/C.E.I.P.+Andaluc%C3%ADa,+C.+Men%C4%93ndez+Pelayo,+0+S%2FN,+41439+Ca%C3%B1ada+Rosal,+Sevilla\/data=!4m6!4m5!1m1!4e2!1m2!1m1!1s0xd12c8b7249bae05:0xd6fc3a845b94013c?sa=X&amp;ved=2ahUKEwin0frH79eDAxV6RKQEHV2KBqsQ48ADegQIChAA\"><span style=\"font-size: 14pt\"><strong>\u00bfD\u00f3nde estamos?<\/strong><\/span><\/a><\/span><\/p>\n<p><span style=\"font-family: georgia, palatino, serif\"><span style=\"color: #339966\"><strong>DIRECCI\u00d3N:<\/strong><\/span>&nbsp;<\/span><\/p>\n<p><span style=\"font-family: georgia, palatino, serif\"><strong>AV. MEN\u00c9NDEZ PELAYO S\/N.<\/strong><\/span><\/p>\n<p><span style=\"font-family: georgia, palatino, serif\"><strong>CA\u00d1ADA ROSAL (SEVILLA)<\/strong><\/span><\/p>\n<p><span style=\"font-family: georgia, palatino, serif\"><strong>CP: 41439<\/strong>&nbsp;<\/span><\/p>\n<p><strong><span style=\"color: #339966;font-family: georgia, palatino, serif\">HORARIO DE ATENCI\u00d3N EN SECRETAR\u00cdA: <\/span><\/strong><span style=\"font-family: georgia, palatino, serif\"><strong>De LUNES a VIERNES de 09:00 a 13:00 h.<\/strong><\/span><\/p>\n<p><span style=\"color: #339966;font-family: georgia, palatino, serif\"><strong>TEL\u00c9FONOS DE ATENCI\u00d3N EN SECRETAR\u00cdA:&nbsp;<\/strong><\/span><span style=\"font-family: georgia, palatino, serif\"><strong>955879537 \/ 697951122<\/strong><\/span><\/p>\n<p><span style=\"color: #339966;font-family: georgia, palatino, serif\"><strong>EMAIL DEL CENTRO:&nbsp;<\/strong><\/span><span style=\"font-family: georgia, palatino, serif\"><strong> 41002529.edu@juntadeandaluci<\/strong><\/span><span style=\"font-family: georgia, palatino, serif\"><strong>a.es<\/strong><\/span><\/p>\n\n\t\t<style>\n\t\t\t#gallery-1 {\n\t\t\t\tmargin: auto;\n\t\t\t}\n\t\t\t#gallery-1 .gallery-item {\n\t\t\t\tfloat: left;\n\t\t\t\tmargin-top: 10px;\n\t\t\t\ttext-align: center;\n\t\t\t\twidth: 33%;\n\t\t\t}\n\t\t\t#gallery-1 img {\n\t\t\t\tborder: 2px solid #cfcfcf;\n\t\t\t}\n\t\t\t#gallery-1 .gallery-caption {\n\t\t\t\tmargin-left: 0;\n\t\t\t}\n\t\t\t\/* see gallery_shortcode() in wp-includes\/media.php *\/\n\t\t<\/style>\n\t\t<div id='gallery-1' class='gallery galleryid-39 gallery-columns-3 gallery-size-thumbnail'><dl class='gallery-item'>\n\t\t\t<dt class='gallery-icon landscape'>\n\t\t\t\t<a href='https:\/\/blogsaverroes.juntadeandalucia.es\/ceipandaluciacanada\/nuestrocentro\/foto-ceip-andalucia\/'><img loading=\"lazy\" decoding=\"async\" width=\"150\" height=\"113\" src=\"https:\/\/blogsaverroes.juntadeandalucia.es\/ceipandaluciacanada\/files\/2020\/12\/FOTO-CEIP-ANDALUCIA-e1607435515866.jpg\" class=\"attachment-thumbnail size-thumbnail\" alt=\"CEIP Andalucia\" aria-describedby=\"gallery-1-96\" \/><\/a>\n\t\t\t<\/dt>\n\t\t\t\t<dd class='wp-caption-text gallery-caption' id='gallery-1-96'>\n\t\t\t\tCEIP Andaluc\u00eda\n\t\t\t\t<\/dd><\/dl><dl class='gallery-item'>\n\t\t\t<dt class='gallery-icon landscape'>\n\t\t\t\t<a href='https:\/\/blogsaverroes.juntadeandalucia.es\/ceipandaluciacanada\/municipio-sevillano-canada-rosal-implementa-medidas-pasivas-activas-eficiencia-energetica-centros-educativos\/'><img loading=\"lazy\" decoding=\"async\" width=\"150\" height=\"150\" src=\"https:\/\/blogsaverroes.juntadeandalucia.es\/ceipandaluciacanada\/files\/2020\/08\/municipio-sevillano-canada-rosal-implementa-medidas-pasivas-activas-eficiencia-energetica-centros-educativos-150x150.png\" class=\"attachment-thumbnail size-thumbnail\" alt=\"CEIP Andaluc\u00eda\" aria-describedby=\"gallery-1-27\" srcset=\"https:\/\/blogsaverroes.juntadeandalucia.es\/ceipandaluciacanada\/files\/2020\/08\/municipio-sevillano-canada-rosal-implementa-medidas-pasivas-activas-eficiencia-energetica-centros-educativos-150x150.png 150w, https:\/\/blogsaverroes.juntadeandalucia.es\/ceipandaluciacanada\/files\/2020\/08\/municipio-sevillano-canada-rosal-implementa-medidas-pasivas-activas-eficiencia-energetica-centros-educativos-100x100.png 100w, https:\/\/blogsaverroes.juntadeandalucia.es\/ceipandaluciacanada\/files\/2020\/08\/municipio-sevillano-canada-rosal-implementa-medidas-pasivas-activas-eficiencia-energetica-centros-educativos-160x160.png 160w, https:\/\/blogsaverroes.juntadeandalucia.es\/ceipandaluciacanada\/files\/2020\/08\/municipio-sevillano-canada-rosal-implementa-medidas-pasivas-activas-eficiencia-energetica-centros-educativos-320x320.png 320w\" sizes=\"(max-width: 150px) 100vw, 150px\" \/><\/a>\n\t\t\t<\/dt>\n\t\t\t\t<dd class='wp-caption-text gallery-caption' id='gallery-1-27'>\n\t\t\t\tEntrada principal\n\t\t\t\t<\/dd><\/dl><dl class='gallery-item'>\n\t\t\t<dt class='gallery-icon landscape'>\n\t\t\t\t<a href='https:\/\/blogsaverroes.juntadeandalucia.es\/ceipandaluciacanada\/whatsapp-image-2022-06-22-at-5-09-33-pm-1\/'><img loading=\"lazy\" decoding=\"async\" width=\"150\" height=\"150\" src=\"https:\/\/blogsaverroes.juntadeandalucia.es\/ceipandaluciacanada\/files\/2022\/08\/WhatsApp-Image-2022-06-22-at-5.09.33-PM-1-150x150.jpeg\" class=\"attachment-thumbnail size-thumbnail\" alt=\"\" aria-describedby=\"gallery-1-412\" srcset=\"https:\/\/blogsaverroes.juntadeandalucia.es\/ceipandaluciacanada\/files\/2022\/08\/WhatsApp-Image-2022-06-22-at-5.09.33-PM-1-150x150.jpeg 150w, https:\/\/blogsaverroes.juntadeandalucia.es\/ceipandaluciacanada\/files\/2022\/08\/WhatsApp-Image-2022-06-22-at-5.09.33-PM-1-432x432.jpeg 432w, https:\/\/blogsaverroes.juntadeandalucia.es\/ceipandaluciacanada\/files\/2022\/08\/WhatsApp-Image-2022-06-22-at-5.09.33-PM-1-268x268.jpeg 268w\" sizes=\"(max-width: 150px) 100vw, 150px\" \/><\/a>\n\t\t\t<\/dt>\n\t\t\t\t<dd class='wp-caption-text gallery-caption' id='gallery-1-412'>\n\t\t\t\tAulario infantil\n\t\t\t\t<\/dd><\/dl><br style=\"clear: both\" \/><dl class='gallery-item'>\n\t\t\t<dt class='gallery-icon landscape'>\n\t\t\t\t<a href='https:\/\/blogsaverroes.juntadeandalucia.es\/ceipandaluciacanada\/20220428_094036\/'><img loading=\"lazy\" decoding=\"async\" width=\"150\" height=\"150\" src=\"https:\/\/blogsaverroes.juntadeandalucia.es\/ceipandaluciacanada\/files\/2022\/06\/20220428_094036-150x150.jpg\" class=\"attachment-thumbnail size-thumbnail\" alt=\"\" aria-describedby=\"gallery-1-380\" \/><\/a>\n\t\t\t<\/dt>\n\t\t\t\t<dd class='wp-caption-text gallery-caption' id='gallery-1-380'>\n\t\t\t\tActividad al aire libre\n\t\t\t\t<\/dd><\/dl><dl class='gallery-item'>\n\t\t\t<dt class='gallery-icon landscape'>\n\t\t\t\t<a href='https:\/\/blogsaverroes.juntadeandalucia.es\/ceipandaluciacanada\/20220428_093144\/'><img loading=\"lazy\" decoding=\"async\" width=\"150\" height=\"150\" src=\"https:\/\/blogsaverroes.juntadeandalucia.es\/ceipandaluciacanada\/files\/2022\/06\/20220428_093144-150x150.jpg\" class=\"attachment-thumbnail size-thumbnail\" alt=\"\" aria-describedby=\"gallery-1-383\" \/><\/a>\n\t\t\t<\/dt>\n\t\t\t\t<dd class='wp-caption-text gallery-caption' id='gallery-1-383'>\n\t\t\t\tPista deportiva\n\t\t\t\t<\/dd><\/dl><dl class='gallery-item'>\n\t\t\t<dt class='gallery-icon landscape'>\n\t\t\t\t<a href='https:\/\/blogsaverroes.juntadeandalucia.es\/ceipandaluciacanada\/20221111_121605\/'><img loading=\"lazy\" decoding=\"async\" width=\"150\" height=\"150\" src=\"https:\/\/blogsaverroes.juntadeandalucia.es\/ceipandaluciacanada\/files\/2023\/11\/20221111_121605-150x150.jpg\" class=\"attachment-thumbnail size-thumbnail\" alt=\"\" aria-describedby=\"gallery-1-466\" srcset=\"https:\/\/blogsaverroes.juntadeandalucia.es\/ceipandaluciacanada\/files\/2023\/11\/20221111_121605-150x150.jpg 150w, https:\/\/blogsaverroes.juntadeandalucia.es\/ceipandaluciacanada\/files\/2023\/11\/20221111_121605-80x80.jpg 80w, https:\/\/blogsaverroes.juntadeandalucia.es\/ceipandaluciacanada\/files\/2023\/11\/20221111_121605-320x320.jpg 320w\" sizes=\"(max-width: 150px) 100vw, 150px\" \/><\/a>\n\t\t\t<\/dt>\n\t\t\t\t<dd class='wp-caption-text gallery-caption' id='gallery-1-466'>\n\t\t\t\tJuegos en equipo\n\t\t\t\t<\/dd><\/dl><br style=\"clear: both\" \/><dl class='gallery-item'>\n\t\t\t<dt class='gallery-icon landscape'>\n\t\t\t\t<a href='https:\/\/blogsaverroes.juntadeandalucia.es\/ceipandaluciacanada\/20220428_093113\/'><img loading=\"lazy\" decoding=\"async\" width=\"150\" height=\"150\" src=\"https:\/\/blogsaverroes.juntadeandalucia.es\/ceipandaluciacanada\/files\/2022\/06\/20220428_093113-150x150.jpg\" class=\"attachment-thumbnail size-thumbnail\" alt=\"\" aria-describedby=\"gallery-1-381\" \/><\/a>\n\t\t\t<\/dt>\n\t\t\t\t<dd class='wp-caption-text gallery-caption' id='gallery-1-381'>\n\t\t\t\tD\u00eda del libro\n\t\t\t\t<\/dd><\/dl><dl class='gallery-item'>\n\t\t\t<dt class='gallery-icon landscape'>\n\t\t\t\t<a href='https:\/\/blogsaverroes.juntadeandalucia.es\/ceipandaluciacanada\/cropped-20220428_094036-scaled-1-jpg\/'><img loading=\"lazy\" decoding=\"async\" width=\"150\" height=\"150\" src=\"https:\/\/blogsaverroes.juntadeandalucia.es\/ceipandaluciacanada\/files\/2022\/06\/cropped-20220428_094036-scaled-1-150x150.jpg\" class=\"attachment-thumbnail size-thumbnail\" alt=\"\" aria-describedby=\"gallery-1-400\" srcset=\"https:\/\/blogsaverroes.juntadeandalucia.es\/ceipandaluciacanada\/files\/2022\/06\/cropped-20220428_094036-scaled-1-150x150.jpg 150w, https:\/\/blogsaverroes.juntadeandalucia.es\/ceipandaluciacanada\/files\/2022\/06\/cropped-20220428_094036-scaled-1-268x268.jpg 268w\" sizes=\"(max-width: 150px) 100vw, 150px\" \/><\/a>\n\t\t\t<\/dt>\n\t\t\t\t<dd class='wp-caption-text gallery-caption' id='gallery-1-400'>\n\t\t\t\tActividad al aire libre\n\t\t\t\t<\/dd><\/dl><dl class='gallery-item'>\n\t\t\t<dt class='gallery-icon landscape'>\n\t\t\t\t<a href='https:\/\/blogsaverroes.juntadeandalucia.es\/ceipandaluciacanada\/ambiental\/'><img loading=\"lazy\" decoding=\"async\" width=\"150\" height=\"150\" src=\"https:\/\/blogsaverroes.juntadeandalucia.es\/ceipandaluciacanada\/files\/2022\/08\/AMBIENTAL-150x150.jpg\" class=\"attachment-thumbnail size-thumbnail\" alt=\"\" aria-describedby=\"gallery-1-411\" srcset=\"https:\/\/blogsaverroes.juntadeandalucia.es\/ceipandaluciacanada\/files\/2022\/08\/AMBIENTAL-150x150.jpg 150w, https:\/\/blogsaverroes.juntadeandalucia.es\/ceipandaluciacanada\/files\/2022\/08\/AMBIENTAL-432x432.jpg 432w, https:\/\/blogsaverroes.juntadeandalucia.es\/ceipandaluciacanada\/files\/2022\/08\/AMBIENTAL-268x268.jpg 268w\" sizes=\"(max-width: 150px) 100vw, 150px\" \/><\/a>\n\t\t\t<\/dt>\n\t\t\t\t<dd class='wp-caption-text gallery-caption' id='gallery-1-411'>\n\t\t\t\tNuestro jard\u00edn\n\t\t\t\t<\/dd><\/dl><br style=\"clear: both\" \/>\n\t\t<\/div>\n\n<p>&nbsp;<\/p>\n","protected":false},"excerpt":{"rendered":"<p>El Colegio de Educaci\u00f3n Infantil y Primaria Andaluc\u00eda, se encuentra situado en la localidad de Ca\u00f1ada Rosal (Sevilla) concretamente en la calle Men\u00e9ndez Pelayo s\/n. Situado en la campi\u00f1a, al este de la provincia&#46;&#46;&#46;<\/p>\n","protected":false},"author":7967,"featured_media":283,"parent":0,"menu_order":0,"comment_status":"closed","ping_status":"closed","template":"","meta":{"ngg_post_thumbnail":0,"footnotes":""},"aioseo_notices":[],"_links":{"self":[{"href":"https:\/\/blogsaverroes.juntadeandalucia.es\/ceipandaluciacanada\/wp-json\/wp\/v2\/pages\/39"}],"collection":[{"href":"https:\/\/blogsaverroes.juntadeandalucia.es\/ceipandaluciacanada\/wp-json\/wp\/v2\/pages"}],"about":[{"href":"https:\/\/blogsaverroes.juntadeandalucia.es\/ceipandaluciacanada\/wp-json\/wp\/v2\/types\/page"}],"author":[{"embeddable":true,"href":"https:\/\/blogsaverroes.juntadeandalucia.es\/ceipandaluciacanada\/wp-json\/wp\/v2\/users\/7967"}],"replies":[{"embeddable":true,"href":"https:\/\/blogsaverroes.juntadeandalucia.es\/ceipandaluciacanada\/wp-json\/wp\/v2\/comments?post=39"}],"version-history":[{"count":17,"href":"https:\/\/blogsaverroes.juntadeandalucia.es\/ceipandaluciacanada\/wp-json\/wp\/v2\/pages\/39\/revisions"}],"predecessor-version":[{"id":550,"href":"https:\/\/blogsaverroes.juntadeandalucia.es\/ceipandaluciacanada\/wp-json\/wp\/v2\/pages\/39\/revisions\/550"}],"wp:featuredmedia":[{"embeddable":true,"href":"https:\/\/blogsaverroes.juntadeandalucia.es\/ceipandaluciacanada\/wp-json\/wp\/v2\/media\/283"}],"wp:attachment":[{"href":"https:\/\/blogsaverroes.juntadeandalucia.es\/ceipandaluciacanada\/wp-json\/wp\/v2\/media?parent=39"}],"curies":[{"name":"wp","href":"https:\/\/api.w.org\/{rel}","templated":true}]}}