{"id":2310,"date":"2018-04-23T09:18:22","date_gmt":"2018-04-23T09:18:22","guid":{"rendered":"https:\/\/blogsaverroes.juntadeandalucia.es\/ceiparquitectoleoz\/?page_id=2310"},"modified":"2019-10-14T10:17:07","modified_gmt":"2019-10-14T10:17:07","slug":"plan-de-familia","status":"publish","type":"page","link":"https:\/\/blogsaverroes.juntadeandalucia.es\/ceiparquitectoleoz\/plan-de-familia\/","title":{"rendered":"Plan de Familia"},"content":{"rendered":"<p style=\"text-align: center\"><img loading=\"lazy\" decoding=\"async\" class=\"alignnone size-full wp-image-2285\" src=\"https:\/\/blogsaverroes.juntadeandalucia.es\/ceiparquitectoleoz\/files\/2018\/04\/PlanDeFamilia.jpg\" alt=\"\" width=\"200\" height=\"167\" srcset=\"https:\/\/blogsaverroes.juntadeandalucia.es\/ceiparquitectoleoz\/files\/2018\/04\/PlanDeFamilia.jpg 200w, https:\/\/blogsaverroes.juntadeandalucia.es\/ceiparquitectoleoz\/files\/2018\/04\/PlanDeFamilia-24x20.jpg 24w, https:\/\/blogsaverroes.juntadeandalucia.es\/ceiparquitectoleoz\/files\/2018\/04\/PlanDeFamilia-36x30.jpg 36w, https:\/\/blogsaverroes.juntadeandalucia.es\/ceiparquitectoleoz\/files\/2018\/04\/PlanDeFamilia-48x40.jpg 48w\" sizes=\"(max-width: 200px) 100vw, 200px\" \/><\/p>\n<p><span style=\"color: #000080\"><strong>PLAN DE FAMILIA- PROYECTO \u201cAMPLIACI\u00d3N DEL HORARIO DE APERTURA DEL CENTRO&nbsp; 2019\/2020<\/strong><\/span><\/p>\n<p>&nbsp;<\/p>\n<table style=\"width: 722px\">\n<tbody>\n<tr>\n<td style=\"width: 78.6px\">&nbsp;<\/td>\n<td style=\"width: 161.4px\"><strong>LUNES<\/strong><\/td>\n<td style=\"width: 126px\"><strong>MARTES<\/strong><\/td>\n<td style=\"width: 199px\"><strong>MIERCOLES<\/strong><\/td>\n<td style=\"width: 126px\"><strong>JUEVES<\/strong><\/td>\n<\/tr>\n<tr>\n<td style=\"width: 78.6px\"><strong>16:00<\/strong><\/p>\n<p><strong>17:00<\/strong><\/td>\n<td style=\"width: 161.4px\">PSICOMOTRICIDAD<\/p>\n<p>JUEGOS TRADICIONALES<\/p>\n<p>INGLES I<\/p>\n<p>INGLES I &#8211; A<\/td>\n<td style=\"width: 126px\">TAREAS<\/p>\n<p>INGLES II<\/p>\n<p>DIBUJO<\/p>\n<p>MANUALIDADES<\/td>\n<td style=\"width: 199px\">PSICOMOTRICIDAD<\/p>\n<p>JUEGOS TRADICIONALES<\/p>\n<p>INGLES I<\/p>\n<p>INGLES I &#8211; A<\/td>\n<td style=\"width: 126px\">TAREAS<\/p>\n<p>INGLES II<\/p>\n<p>DIBUJO<\/p>\n<p>MANUALIDADES<\/td>\n<\/tr>\n<\/tbody>\n<\/table>\n<p>&nbsp;<\/p>\n<table style=\"width: 770.2px\">\n<tbody>\n<tr>\n<td style=\"width: 240px\">JUEGOS TRADICIONALES<\/td>\n<td style=\"width: 282px\">\n<p style=\"text-align: center\">INMACULADA CABRALES<\/p>\n<\/td>\n<td style=\"width: 235.2px\">\n<p style=\"text-align: center\">679 83 07 92- 956 28 30 66<\/p>\n<\/td>\n<\/tr>\n<tr>\n<td style=\"width: 240px\">DIBUJO\/MANUALIDADES<\/td>\n<td style=\"width: 282px\">\n<p style=\"text-align: center\">INMACULADA CABRALES<\/p>\n<\/td>\n<td style=\"width: 235.2px\">\n<p style=\"text-align: center\">679 83 07 92- 956 28 30 66<\/p>\n<\/td>\n<\/tr>\n<tr>\n<td style=\"width: 240px\">INGLES I<\/td>\n<td style=\"width: 282px\">\n<p style=\"text-align: center\">ANA SIBON MARTINEZ<\/p>\n<\/td>\n<td style=\"width: 235.2px\">\n<p style=\"text-align: center\">610 35 99 87-856 11 99 36<\/p>\n<\/td>\n<\/tr>\n<tr>\n<td style=\"width: 240px\">TAREAS ESCOLAR<\/td>\n<td style=\"width: 282px\">\n<p style=\"text-align: center\">ANA SIBON MARTINEZ<\/p>\n<\/td>\n<td style=\"width: 235.2px\">\n<p style=\"text-align: center\">610 35 99 87-856 11 99 36<\/p>\n<\/td>\n<\/tr>\n<tr>\n<td style=\"width: 240px\">INGLES II<\/td>\n<td style=\"width: 282px\">\n<p style=\"text-align: center\">LAURA G ALVAREZ GARCIA<\/p>\n<\/td>\n<td style=\"width: 235.2px\">&nbsp;&nbsp;&nbsp;&nbsp;&nbsp;&nbsp;&nbsp;&nbsp;&nbsp;&nbsp;&nbsp;&nbsp;&nbsp;&nbsp; 664 870 360<\/td>\n<\/tr>\n<tr>\n<td style=\"width: 240px\">INGLES III<\/td>\n<td style=\"width: 282px\">\n<p style=\"text-align: center\">LAURA G ALVAREZ GARCIA<\/p>\n<\/td>\n<td style=\"width: 235.2px\">&nbsp;&nbsp;&nbsp;&nbsp;&nbsp;&nbsp;&nbsp;&nbsp;&nbsp;&nbsp;&nbsp;&nbsp;&nbsp;&nbsp; 664 870 360<\/td>\n<\/tr>\n<tr>\n<td style=\"width: 240px\">PSICOMOTRICIDAD<\/td>\n<td style=\"width: 282px\">\n<p style=\"text-align: center\">INMACULADA REYES ONETO<\/p>\n<\/td>\n<td style=\"width: 235.2px\">\n<p style=\"text-align: center\">659 334 638<\/p>\n<\/td>\n<\/tr>\n<\/tbody>\n<\/table>\n<p>&nbsp;<\/p>\n<p><strong style=\"color: #000080\">PROGRAMA DE ACTIVIDADES<\/strong><\/p>\n<p><span style=\"color: #0000ff\"><strong>&nbsp;<\/strong><\/span><span style=\"color: #0000ff\"><strong>&nbsp;<\/strong><\/span><span style=\"color: #000080\"><strong><u>AULA MATINAL<\/u><\/strong><\/span><\/p>\n<ol>\n<li><span style=\"color: #0000ff\"><strong>OBJETIVOS<\/strong>:<\/span><\/li>\n<\/ol>\n<ul>\n<li><span style=\"color: #0000ff\">Ampliar el horario de apertura del Centro para&nbsp; dar respuesta a&nbsp; la demanda&nbsp; de las&nbsp; familias.<\/span><\/li>\n<li><span style=\"color: #0000ff\">Ofrecer atenci\u00f3n&nbsp; educativa a los menores en&nbsp; horario de 07:30 h. a 09:00 h.<\/span><\/li>\n<li><span style=\"color: #0000ff\">Aprovechar el tiempo libre para mejorar y ampliar su proceso formativo integral.<\/span><\/li>\n<li><span style=\"color: #0000ff\">Fomentar el buen uso del tiempo libre a trav\u00e9s de actividades alternativas.<\/span><\/li>\n<\/ul>\n<ol start=\"2\">\n<li><span style=\"color: #0000ff\"><strong>CONTENIDOS<\/strong>:<\/span><\/li>\n<\/ol>\n<ul>\n<li><span style=\"color: #0000ff\">Educaci\u00f3n para la salud.<\/span><\/li>\n<li><span style=\"color: #0000ff\">Coeducaci\u00f3n.<\/span><\/li>\n<li><span style=\"color: #0000ff\">Educaci\u00f3n en valores.<\/span><\/li>\n<\/ul>\n<ol start=\"3\">\n<li><span style=\"color: #0000ff\"><strong>CALENDARIO DE REALIZACI\u00d3N, REFERIDO AL CURSO 2017\/2018<\/strong>.<\/span><\/li>\n<\/ol>\n<p><span style=\"color: #0000ff\">Fecha de inicio de la actividad: 11 de septiembre de 2017.<\/span><\/p>\n<p><span style=\"color: #0000ff\">Fecha de cierre de la actividad: 22 de junio de 2018.<\/span><\/p>\n<p><span style=\"color: #0000ff\">D\u00edas semanales del servicio: de lunes a viernes.<\/span><\/p>\n<p><span style=\"color: #0000ff\"><strong>&nbsp;<\/strong><\/span><\/p>\n<table style=\"border-color: #000000;width: 584px;background-color: #ebe5ce\" border=\"2\">\n<tbody>\n<tr style=\"background-color: #a5dff2\">\n<td style=\"width: 144.8px\"><span style=\"color: #0000ff\"><strong>HORARIO<\/strong><\/span><\/td>\n<td style=\"width: 277.2px\"><span style=\"color: #0000ff\"><strong>ACTIVIDAD <\/strong><\/span><\/td>\n<td style=\"width: 143px\"><span style=\"color: #0000ff\"><strong>LUGAR<\/strong><\/span><\/td>\n<\/tr>\n<tr>\n<td style=\"width: 144.8px\" rowspan=\"2\"><span style=\"color: #0000ff\">07:30 h. a&nbsp; 08:30 h.<\/span><\/td>\n<td style=\"width: 277.2px\"><span style=\"color: #0000ff\">Tiempo de sue\u00f1o<\/span><\/td>\n<td style=\"width: 143px\"><span style=\"color: #0000ff\">Rinc\u00f3n del sue\u00f1o<\/span><\/td>\n<\/tr>\n<tr>\n<td style=\"width: 277.2px\"><span style=\"color: #0000ff\">Ludoteca<\/span><\/p>\n<p><span style=\"color: #0000ff\">Psicomotricidad ( Infantil)<\/span><\/p>\n<p><span style=\"color: #0000ff\">Repaso y estudio ( 3\u00baciclo)<\/span><\/td>\n<td style=\"width: 143px\"><span style=\"color: #0000ff\">Sal\u00f3n multiusos<\/span><\/td>\n<\/tr>\n<tr>\n<td style=\"width: 144.8px\"><span style=\"color: #0000ff\">08:30 h. a 09:00 h.<\/span><\/td>\n<td style=\"width: 277.2px\"><span style=\"color: #0000ff\">Higiene \/ Desayuno\/&nbsp; Higiene<\/span><\/td>\n<td style=\"width: 143px\"><span style=\"color: #0000ff\">Servicios higi\u00e9nicos alumnado.<\/span><\/p>\n<p><span style=\"color: #0000ff\">&nbsp;Comedor<\/span><\/td>\n<\/tr>\n<\/tbody>\n<\/table>\n<p><span style=\"color: #0000ff\"><strong>&nbsp;<\/strong><\/span><\/p>\n<p><span style=\"color: #000080\"><strong>&nbsp;<\/strong><strong><u>COMEDOR<\/u><\/strong><\/span><\/p>\n<p><span style=\"color: #0000ff\"><strong>OBJETIVOS<\/strong>:<\/span><\/p>\n<ul>\n<li><span style=\"color: #0000ff\">Prestar el servicio de comedor al alumnado, cuyos padres \/ tutores lo hayan demandado.<\/span><\/li>\n<li><span style=\"color: #0000ff\">Educar al alumnado usuario del servicio en h\u00e1bitos higi\u00e9nicos y convivenciales.<\/span><\/li>\n<li><span style=\"color: #0000ff\">Respetar las normas de convivencia.<\/span><\/li>\n<li><span style=\"color: #0000ff\">Educar en una alimentaci\u00f3n sana.<\/span><\/li>\n<li><span style=\"color: #0000ff\">Fomentar la sociabilidad.<\/span><\/li>\n<li><span style=\"color: #0000ff\">Desarrollar h\u00e1bitos ecol\u00f3gicos.<\/span><\/li>\n<\/ul>\n<p><span style=\"color: #0000ff\"><strong>CONTENIDOS<\/strong>:<\/span><\/p>\n<ul>\n<li><span style=\"color: #0000ff\">Coeducaci\u00f3n<\/span><\/li>\n<li><span style=\"color: #0000ff\">La dieta equilibrada<\/span><\/li>\n<li><span style=\"color: #0000ff\">La alimentaci\u00f3n sana<\/span><\/li>\n<li><span style=\"color: #0000ff\">Separaci\u00f3n selectiva de residuos s\u00f3lidos<\/span><\/li>\n<li><span style=\"color: #0000ff\">Comunicaci\u00f3n y convivencia<\/span><\/li>\n<\/ul>\n<p><span style=\"color: #0000ff\"><strong>CALENDARIO DE REALIZACI\u00d3N, REFERIDO AL CURSO 20017\/2018<\/strong>.<\/span><\/p>\n<p><span style=\"color: #0000ff\">Fecha de inicio de la actividad: 11 de septiembre de 2017.<\/span><\/p>\n<p><span style=\"color: #0000ff\">Fecha de cierre de la actividad: 22 de junio de 2018.<\/span><\/p>\n<p><span style=\"color: #0000ff\">D\u00edas semanales del servicio: de lunes a viernes.<\/span><span style=\"color: #0000ff\"><strong>&nbsp;<\/strong><\/span><\/p>\n<p><strong><span style=\"color: #0000ff\">HORARIO COMEDOR POR GRUPO<\/span><\/strong><\/p>\n<table style=\"border-color: #000000;background-color: #ebe5ce\" border=\"2\">\n<tbody>\n<tr style=\"background-color: #a5dff2\">\n<td width=\"107\"><span style=\"color: #0000ff\"><strong>HORARIO<\/strong><\/span><\/td>\n<td width=\"95\"><span style=\"color: #0000ff\"><strong>DIAS<\/strong><\/span><\/td>\n<td width=\"101\"><span style=\"color: #0000ff\"><strong>GRUPOS<\/strong><\/span><\/td>\n<td width=\"133\"><span style=\"color: #0000ff\"><strong>RESPONSABLES<\/strong><\/span><\/td>\n<\/tr>\n<tr>\n<td width=\"107\"><span style=\"color: #0000ff\">14:00 a 14:45 hora<\/span><\/td>\n<td width=\"95\"><span style=\"color: #0000ff\">lunes a viernes<\/span><\/td>\n<td width=\"101\"><span style=\"color: #0000ff\">Infantil<\/span><\/td>\n<td width=\"133\"><span style=\"color: #0000ff\">Ana Sib\u00f3n<\/span><\/p>\n<p><span style=\"color: #0000ff\">L\u00f3pez<\/span><\/p>\n<p>&nbsp;<\/td>\n<\/tr>\n<tr>\n<td width=\"107\"><span style=\"color: #0000ff\">14:45 a 15:45 horas<\/span><\/td>\n<td width=\"95\"><span style=\"color: #0000ff\">lunes a viernes<\/span><\/td>\n<td width=\"101\"><span style=\"color: #0000ff\">Primaria<\/span><\/td>\n<td width=\"133\">&nbsp;<\/td>\n<\/tr>\n<\/tbody>\n<\/table>\n<p>&nbsp;<\/p>\n<table style=\"border-color: #000000;background-color: #ebe5ce\" border=\"2\">\n<tbody>\n<tr style=\"background-color: #a5dff2\">\n<td style=\"width: 303px\"><span style=\"color: #0000ff\"><strong>ACTIVIDAD<\/strong><\/span><\/td>\n<td style=\"width: 146px\"><span style=\"color: #0000ff\"><strong>LUGAR<\/strong><\/span><\/td>\n<\/tr>\n<tr>\n<td style=\"width: 303px\"><span style=\"color: #0000ff\">Higiene: lavarse las manos<\/span><\/td>\n<td style=\"width: 146px\"><span style=\"color: #0000ff\">Servicios alumnado<\/span><\/td>\n<\/tr>\n<tr>\n<td style=\"width: 303px\"><span style=\"color: #0000ff\">Tareas dom\u00e9sticas: Preparaci\u00f3n del comedor<\/span><\/td>\n<td style=\"width: 146px\"><span style=\"color: #0000ff\">Comedor<\/span><\/td>\n<\/tr>\n<tr>\n<td style=\"width: 303px\"><span style=\"color: #0000ff\">Comida<\/span><\/td>\n<td style=\"width: 146px\" rowspan=\"2\"><span style=\"color: #0000ff\">Comedor<\/span><\/td>\n<\/tr>\n<tr>\n<td style=\"width: 303px\"><span style=\"color: #0000ff\">Tareas dom\u00e9sticas : recoger el comedor<\/span><\/td>\n<\/tr>\n<tr>\n<td style=\"width: 303px\"><span style=\"color: #0000ff\">Juegos tradicionales<\/span><\/td>\n<td style=\"width: 146px\"><span style=\"color: #0000ff\">Pistas deportivas<\/span><\/td>\n<\/tr>\n<tr>\n<td style=\"width: 303px\"><span style=\"color: #0000ff\">Audiovisuales<\/span><\/td>\n<td style=\"width: 146px\"><span style=\"color: #0000ff\">Comedor<\/span><\/td>\n<\/tr>\n<tr>\n<td style=\"width: 303px\"><span style=\"color: #0000ff\">Juegos de mesa<\/span><\/td>\n<td style=\"width: 146px\"><span style=\"color: #0000ff\">Comedor<\/span><\/td>\n<\/tr>\n<tr>\n<td style=\"width: 303px\"><span style=\"color: #0000ff\">Juegos cooperativos<\/span><\/td>\n<td style=\"width: 146px\"><span style=\"color: #0000ff\">Gimnasio<\/span><\/td>\n<\/tr>\n<\/tbody>\n<\/table>\n<p>&nbsp;<\/p>\n<p><span style=\"color: #000080\"><strong><u>ACTIVIDADES EXTRAESCOLARES<\/u><\/strong><\/span><\/p>\n<ol>\n<li><span style=\"color: #0000ff\"><strong>OBJETIVOS<\/strong>:<\/span><\/li>\n<\/ol>\n<ul>\n<li><span style=\"color: #0000ff\">Potenciar la formaci\u00f3n integral del alumnado.<\/span><\/li>\n<li><span style=\"color: #0000ff\">Ofrecer alternativas que posibiliten el un buen uso del tiempo libre.<\/span><\/li>\n<li><span style=\"color: #0000ff\">Potenciar la educaci\u00f3n en valores.<\/span><\/li>\n<li><span style=\"color: #0000ff\">Adquirir rutinas ,normas simples , valores sociales de comunicaci\u00f3n<\/span><\/li>\n<li><span style=\"color: #0000ff\">Facilitar la integraci\u00f3n y el desarrollo de los ni\u00f1os con N.E.E. y con alto riesgo de marginaci\u00f3n social.<\/span><\/li>\n<li><span style=\"color: #0000ff\">Desarrollar la imaginaci\u00f3n y creatividad de los ni\u00f1os junto a su grupo de iguales.<\/span><\/li>\n<li><span style=\"color: #0000ff\">Integraci\u00f3n social del alumnado con problemas de desestructuraci\u00f3n social<\/span><\/li>\n<\/ul>\n<ol start=\"2\">\n<li><span style=\"color: #0000ff\"><strong>CONTENIDOS<\/strong>:<\/span><\/li>\n<\/ol>\n<ul>\n<li><span style=\"color: #0000ff\">Desarrollar valores relacionados con la sociabilidad, participaci\u00f3n, cooperaci\u00f3n, etc.<\/span><\/li>\n<li><span style=\"color: #0000ff\">Respetar opiniones y actitudes ajenas, acordes con las normas de convivencia.<\/span><\/li>\n<li><span style=\"color: #0000ff\">Fomentar el proceso de asunci\u00f3n de responsabilidades.<\/span><\/li>\n<\/ul>\n<ol start=\"3\">\n<li><span style=\"color: #0000ff\"><strong>CALENDARIO DE REALIZACI\u00d3N, REFERIDO AL CURSO 2017\/2018<\/strong>.<\/span><\/li>\n<\/ol>\n<p><span style=\"color: #0000ff\">Fecha de inicio de la actividad: 2 de octubre de 2017.<\/span><\/p>\n<p><span style=\"color: #0000ff\">Fecha de cierre de la actividad: 31 de junio de 2018.<\/span><\/p>\n<p><span style=\"color: #0000ff\">D\u00edas semanales del servicio: de lunes a jueves.<\/span><\/p>\n<ol start=\"4\">\n<li><strong><span style=\"color: #0000ff\">HORARIO DE CADA UNA DE LAS ACTIVIDADES<\/span><\/strong><\/li>\n<\/ol>\n<table class=\"alignleft\" style=\"border-color: #000000;width: 738px;background-color: #ebe5ce\">\n<tbody>\n<tr style=\"background-color: #a5dff2\">\n<td style=\"width: 144px\"><span style=\"color: #0000ff\"><strong>HORAS<\/strong><\/span><\/td>\n<td style=\"width: 241px\"><span style=\"color: #0000ff\"><strong>LUNES A JUEVES<\/strong><\/span><\/td>\n<td style=\"width: 329px\"><span style=\"color: #0000ff\"><strong>MONITOR\/A<\/strong><\/span><\/td>\n<\/tr>\n<tr>\n<td style=\"width: 144px\"><span style=\"color: #0000ff\">De 16:00 a 17:00 h&nbsp;<\/span><\/td>\n<td style=\"width: 241px\"><span style=\"color: #0000ff\">&nbsp;INGL\u00c9S I<\/span><\/p>\n<p><span style=\"color: #0000ff\">&nbsp;INGL\u00c9S II<\/span><\/td>\n<td style=\"width: 329px\"><span style=\"color: #0000ff\">MAR\u00cdA JOS\u00c9 MAC\u00cdAS S\u00c1NCHEZ<\/span><\/td>\n<\/tr>\n<tr>\n<td style=\"width: 144px\"><span style=\"color: #0000ff\">De 16:00 a 17:00 h<\/span><\/td>\n<td style=\"width: 241px\"><span style=\"color: #0000ff\">&nbsp;INGL\u00c9S III<\/span><\/p>\n<p><span style=\"color: #0000ff\">TAREAS 2\u00ba Y 3\u00ba CICLO<\/span><\/td>\n<td style=\"width: 329px\"><span style=\"color: #0000ff\">&nbsp;ANA SIB\u00d3N MART\u00cdNEZ<\/span><\/td>\n<\/tr>\n<tr>\n<td style=\"width: 144px\"><span style=\"color: #0000ff\">De 16:00 a 17:00 h<\/span><\/td>\n<td style=\"width: 241px\"><span style=\"color: #0000ff\">MANUALIDADES&nbsp; Y DIBUJO<\/span><\/td>\n<td style=\"width: 329px\"><span style=\"color: #0000ff\">&nbsp;INMACULADA CABRALES BAENA<\/span><\/td>\n<\/tr>\n<tr>\n<td style=\"width: 144px\"><span style=\"color: #0000ff\">De 16:00 a 17:00 h<\/span><\/td>\n<td style=\"width: 241px\"><span style=\"color: #0000ff\">&nbsp;PSICOMOTRICIDAD<\/span><\/td>\n<td style=\"width: 329px\"><span style=\"color: #0000ff\">&nbsp;INMACULADA REYES ONETO<\/span><\/td>\n<\/tr>\n<tr>\n<td style=\"width: 144px\"><span style=\"color: #0000ff\">De 17:00 a 17:30 h<\/span><\/td>\n<td style=\"width: 241px\"><span style=\"color: #0000ff\">&nbsp;ACTIVIDADES DEPORTIVAS<\/span><\/td>\n<td style=\"width: 329px\"><span style=\"color: #0000ff\">&nbsp;ANA SIB\u00d3N MART\u00cdNEZ<\/span><\/p>\n<p><span style=\"color: #0000ff\">INMACULADA CABRALES BAENA<\/span><\/td>\n<\/tr>\n<\/tbody>\n<\/table>\n<p>&nbsp;<\/p>\n","protected":false},"excerpt":{"rendered":"<p>PLAN DE FAMILIA- PROYECTO \u201cAMPLIACI\u00d3N DEL HORARIO DE APERTURA DEL CENTRO&nbsp; 2019\/2020 &nbsp; &nbsp; LUNES MARTES MIERCOLES JUEVES 16:00 17:00 PSICOMOTRICIDAD JUEGOS TRADICIONALES INGLES I INGLES I &#8211; A TAREAS INGLES II DIBUJO MANUALIDADES&#46;&#46;&#46;<\/p>\n","protected":false},"author":6131,"featured_media":0,"parent":0,"menu_order":0,"comment_status":"closed","ping_status":"closed","template":"","meta":{"ngg_post_thumbnail":0,"footnotes":"","_mc_calendar":[]},"aioseo_notices":[],"_links":{"self":[{"href":"https:\/\/blogsaverroes.juntadeandalucia.es\/ceiparquitectoleoz\/wp-json\/wp\/v2\/pages\/2310"}],"collection":[{"href":"https:\/\/blogsaverroes.juntadeandalucia.es\/ceiparquitectoleoz\/wp-json\/wp\/v2\/pages"}],"about":[{"href":"https:\/\/blogsaverroes.juntadeandalucia.es\/ceiparquitectoleoz\/wp-json\/wp\/v2\/types\/page"}],"author":[{"embeddable":true,"href":"https:\/\/blogsaverroes.juntadeandalucia.es\/ceiparquitectoleoz\/wp-json\/wp\/v2\/users\/6131"}],"replies":[{"embeddable":true,"href":"https:\/\/blogsaverroes.juntadeandalucia.es\/ceiparquitectoleoz\/wp-json\/wp\/v2\/comments?post=2310"}],"version-history":[{"count":18,"href":"https:\/\/blogsaverroes.juntadeandalucia.es\/ceiparquitectoleoz\/wp-json\/wp\/v2\/pages\/2310\/revisions"}],"predecessor-version":[{"id":2351,"href":"https:\/\/blogsaverroes.juntadeandalucia.es\/ceiparquitectoleoz\/wp-json\/wp\/v2\/pages\/2310\/revisions\/2351"}],"wp:attachment":[{"href":"https:\/\/blogsaverroes.juntadeandalucia.es\/ceiparquitectoleoz\/wp-json\/wp\/v2\/media?parent=2310"}],"curies":[{"name":"wp","href":"https:\/\/api.w.org\/{rel}","templated":true}]}}