{"id":2518,"date":"2018-05-18T08:39:46","date_gmt":"2018-05-18T08:39:46","guid":{"rendered":"https:\/\/blogsaverroes.juntadeandalucia.es\/ceiparquitectoleoz\/?page_id=2518"},"modified":"2022-03-02T16:15:07","modified_gmt":"2022-03-02T16:15:07","slug":"dia-de-andalucia","status":"publish","type":"page","link":"https:\/\/blogsaverroes.juntadeandalucia.es\/ceiparquitectoleoz\/dia-de-andalucia\/","title":{"rendered":"D\u00eda de Andaluc\u00eda. Curso 2021\/2022."},"content":{"rendered":"<p style=\"text-align: center\"><span style=\"color: #008000\">LA HUELLA DEL TIEMPO.<\/span><span style=\"font-weight: 400\"><a href=\"https:\/\/blogsaverroes.juntadeandalucia.es\/ceiparquitectoleoz\/files\/2022\/03\/almeria_los_millares_ajuar_funerario_tumba_40_web.jpg\"><img loading=\"lazy\" decoding=\"async\" class=\"size-medium wp-image-3664 aligncenter\" src=\"https:\/\/blogsaverroes.juntadeandalucia.es\/ceiparquitectoleoz\/files\/2022\/03\/almeria_los_millares_ajuar_funerario_tumba_40_web-300x118.jpg\" alt=\"\" width=\"300\" height=\"118\" srcset=\"https:\/\/blogsaverroes.juntadeandalucia.es\/ceiparquitectoleoz\/files\/2022\/03\/almeria_los_millares_ajuar_funerario_tumba_40_web-300x118.jpg 300w, https:\/\/blogsaverroes.juntadeandalucia.es\/ceiparquitectoleoz\/files\/2022\/03\/almeria_los_millares_ajuar_funerario_tumba_40_web-768x302.jpg 768w, https:\/\/blogsaverroes.juntadeandalucia.es\/ceiparquitectoleoz\/files\/2022\/03\/almeria_los_millares_ajuar_funerario_tumba_40_web.jpg 794w\" sizes=\"(max-width: 300px) 100vw, 300px\" \/><\/a><\/span><\/p>\n<p><span style=\"font-weight: 400\">El d\u00eda 28 de febrero, D\u00eda de Andaluc\u00eda, se celebra todos los a\u00f1os el nacimiento de Andaluc\u00eda como Comunidad Aut\u00f3noma por decisi\u00f3n del pueblo andaluz, consultado en refer\u00e9ndum.<\/span><\/p>\n<p><span style=\"font-weight: 400\">La conmemoraci\u00f3n cada a\u00f1o de este d\u00eda festivo, en torno al 28 de febrero, es una oportunidad para fomentar el conocimiento y la reflexi\u00f3n, en un marco de convivencia, sobre Andaluc\u00eda y la cultura andaluza.<\/span><\/p>\n<p><span style=\"font-weight: 400\">El proyecto de este curso&nbsp;<strong> \u201cUn viaje por el tiempo\u201d<\/strong> con el lema <strong>\u201cLa huella del tiempo\u201d<\/strong>&nbsp; queremos motivar al alumnado hacia un trabajo de cooperaci\u00f3n, donde&nbsp; conociendo&nbsp; el pasado, nos ayudar\u00e1 a entender y situarnos en el presente, en la concienciaci\u00f3n sobre la importancia y la defensa del patrimonio arqueol\u00f3gico e hist\u00f3rico.<\/span><\/p>\n<p><span style=\"font-weight: 400\">La Prehistoria es la investigaci\u00f3n de lo que es com\u00fan a toda la Humanidad, de nuestros or\u00edgenes compartidos y de nuestra existencia a lo largo de m\u00e1s de dos millones de a\u00f1os sobre la Tierra, es en definitiva la investigaci\u00f3n de la condici\u00f3n humana. Pero tambi\u00e9n es el estudio de la diversidad humana, de los caminos a lo largo de los cuales los seres humanos individualmente y las sociedades han llegado a ser tan diferentes.<\/span><\/p>\n<p><a href=\"https:\/\/blogsaverroes.juntadeandalucia.es\/ceiparquitectoleoz\/files\/2022\/03\/shutterstock_515733281.jpg\"><img loading=\"lazy\" decoding=\"async\" class=\"size-medium wp-image-3665 alignleft\" src=\"https:\/\/blogsaverroes.juntadeandalucia.es\/ceiparquitectoleoz\/files\/2022\/03\/shutterstock_515733281-300x210.jpg\" alt=\"\" width=\"300\" height=\"210\" srcset=\"https:\/\/blogsaverroes.juntadeandalucia.es\/ceiparquitectoleoz\/files\/2022\/03\/shutterstock_515733281-300x210.jpg 300w, https:\/\/blogsaverroes.juntadeandalucia.es\/ceiparquitectoleoz\/files\/2022\/03\/shutterstock_515733281.jpg 500w\" sizes=\"(max-width: 300px) 100vw, 300px\" \/><\/a><\/p>\n<p><span style=\"font-weight: 400\">De este modo contribuimos al fomento de valores como la convivencia, la igualdad, la solidaridad y la tolerancia, aceptando cr\u00edticamente las distintas formas de vida, creencias y opiniones de nuestras gentes y al desarrollo de actitudes de participaci\u00f3n democr\u00e1tica, de solidaridad y de compromiso cr\u00edtico con la realidad de Andaluc\u00eda.<\/span><\/p>\n<p><span style=\"font-weight: 400\">Para que el alumnado conozca, con mayor profundidad, la Comunidad&nbsp; Aut\u00f3noma de Andaluc\u00eda y haci\u00e9ndolo coincidir, en el tiempo, con la fecha en la que las andaluzas y andaluces celebramos el d\u00eda de Nuestra Tierra (28 de febrero), hemos planificado una serie de actividades tanto deportivas como de talleres dentro del aula,&nbsp; donde queremos favorecer una sensibilizaci\u00f3n y una valoraci\u00f3n positiva sobre&nbsp; la igualdad y la no discriminaci\u00f3n.<\/span><\/p>\n<p>Os dejamos algunos v\u00eddeos con las im\u00e1genes de las actividades realizadas:<\/p>\n<p style=\"text-align: center\"><a href=\"https:\/\/drive.google.com\/file\/d\/1UHmp1QrbFCfLSojp3c6XilWI7tUgvy6S\/view?usp=sharing\">Carreras Infantil y Primaria.<\/a><\/p>\n<p style=\"text-align: center\"><a href=\"https:\/\/drive.google.com\/file\/d\/1cI9YLgkgIVyoYFAjXXUdVogoXgFR45cM\/view?usp=sharing\">Entrega de medallas y talleres.<\/a><\/p>\n<p style=\"text-align: center\"><a href=\"https:\/\/drive.google.com\/file\/d\/1b0SuWaErSCBwaGksyFNrXj4re1ViG-9j\/view?usp=sharing\">Yincana Infantil y Primaria.<\/a><\/p>\n<p><span style=\"color: #000000\"><strong>D\u00cdA DE ANDALUC\u00cdA CURSO 2020\/2021<\/strong><\/span><\/p>\n<p><a href=\"https:\/\/blogsaverroes.juntadeandalucia.es\/ceiparquitectoleoz\/files\/2021\/02\/PortadaDiaAndalucia20-21.jpg\"><img loading=\"lazy\" decoding=\"async\" class=\"alignnone wp-image-3566\" src=\"https:\/\/blogsaverroes.juntadeandalucia.es\/ceiparquitectoleoz\/files\/2021\/02\/PortadaDiaAndalucia20-21-300x69.jpg\" alt=\"\" width=\"413\" height=\"95\" srcset=\"https:\/\/blogsaverroes.juntadeandalucia.es\/ceiparquitectoleoz\/files\/2021\/02\/PortadaDiaAndalucia20-21-300x69.jpg 300w, https:\/\/blogsaverroes.juntadeandalucia.es\/ceiparquitectoleoz\/files\/2021\/02\/PortadaDiaAndalucia20-21-1024x235.jpg 1024w, https:\/\/blogsaverroes.juntadeandalucia.es\/ceiparquitectoleoz\/files\/2021\/02\/PortadaDiaAndalucia20-21-768x176.jpg 768w, https:\/\/blogsaverroes.juntadeandalucia.es\/ceiparquitectoleoz\/files\/2021\/02\/PortadaDiaAndalucia20-21.jpg 1233w\" sizes=\"(max-width: 413px) 100vw, 413px\" \/><\/a><\/p>\n<p><span style=\"color: #008000\">El d\u00eda 28 de febrero, D\u00eda de Andaluc\u00eda, se celebra todos los a\u00f1os el nacimiento de Andaluc\u00eda como Comunidad Aut\u00f3noma por decisi\u00f3n del pueblo andaluz, consultado en refer\u00e9ndum.<\/span><\/p>\n<p><span style=\"color: #008000\">La conmemoraci\u00f3n cada a\u00f1o de este d\u00eda festivo, en torno al 28 de febrero, es una oportunidad que se aprovecha en los centros escolares para fomentar el conocimiento y la reflexi\u00f3n, en un marco de convivencia, sobre Andaluc\u00eda y la cultura andaluza.<\/span><\/p>\n<p><span style=\"color: #008000\">El objetivo de nuestro proyecto de este curso&nbsp; de interculturalidad y convivencia es <strong>favorecer la igualdad y la no discriminaci\u00f3n, con \u00e9l pretendemos<\/strong> romper el estereotipo de que el blanco es un color m\u00e1s \u201cbueno\u201d que otros.<\/span><\/p>\n<p><span style=\"color: #008000\">Nuestro lema ser\u00e1: \u201cNo hay colores malos , ni feos\u201d<\/span><\/p>\n<p><span style=\"color: #008000\">La existencia de una gran cantidad de poblaci\u00f3n emigrante procedente de Marruecos ha planteado la necesidad de dar a conocer la cultura tradicional de este pa\u00eds entre el alumnado para facilitar la integraci\u00f3n de la poblaci\u00f3n emigrante especialmente de la poblaci\u00f3n infantil, ya que en los centros educativos nos podemos encontrar un gran n\u00famero de alumnos de origen marroqu\u00ed.<\/span><\/p>\n<p><span style=\"color: #008000\">De este modo contribuimos al fomento de valores como la convivencia, la igualdad, la solidaridad y la tolerancia, aceptando cr\u00edticamente las distintas formas de vida, creencias y opiniones de nuestras gentes y al desarrollo de actitudes de participaci\u00f3n democr\u00e1tica, de solidaridad y de compromiso cr\u00edtico con la realidad de Andaluc\u00eda.<\/span><\/p>\n<p><span style=\"color: #008000\">Para que el alumnado conozca, con mayor profundidad, la Comunidad&nbsp; Aut\u00f3noma de Andaluc\u00eda y haci\u00e9ndolo coincidir, en el tiempo, con la fecha en la que las andaluzas y andaluces celebramos el d\u00eda de Nuestra Tierra (28 de febrero); hemos planificado una serie de actividades y actuaciones donde queremos favorecer una sensibilizaci\u00f3n y una valoraci\u00f3n positiva sobre <strong>&nbsp;la igualdad y la no discriminaci\u00f3n.<\/strong><\/span><\/p>\n<p><span style=\"color: #008000\"><strong>ACTIVIDADES TALLERES DE INFANTIL<\/strong><\/span><\/p>\n<p><a href=\"https:\/\/blogsaverroes.juntadeandalucia.es\/ceiparquitectoleoz\/files\/2021\/02\/IMG-20210225-WA0014.jpg\" target=\"_blank\" rel=\"noopener noreferrer\"><img loading=\"lazy\" decoding=\"async\" class=\"alignnone wp-image-3568 size-medium\" src=\"https:\/\/blogsaverroes.juntadeandalucia.es\/ceiparquitectoleoz\/files\/2021\/02\/IMG-20210225-WA0014-225x300.jpg\" alt=\"\" width=\"225\" height=\"300\" srcset=\"https:\/\/blogsaverroes.juntadeandalucia.es\/ceiparquitectoleoz\/files\/2021\/02\/IMG-20210225-WA0014-225x300.jpg 225w, https:\/\/blogsaverroes.juntadeandalucia.es\/ceiparquitectoleoz\/files\/2021\/02\/IMG-20210225-WA0014-768x1024.jpg 768w, https:\/\/blogsaverroes.juntadeandalucia.es\/ceiparquitectoleoz\/files\/2021\/02\/IMG-20210225-WA0014-1152x1536.jpg 1152w, https:\/\/blogsaverroes.juntadeandalucia.es\/ceiparquitectoleoz\/files\/2021\/02\/IMG-20210225-WA0014.jpg 1200w\" sizes=\"(max-width: 225px) 100vw, 225px\" \/><\/a> <a href=\"https:\/\/blogsaverroes.juntadeandalucia.es\/ceiparquitectoleoz\/files\/2021\/02\/IMG-20210225-WA0029.jpg\" target=\"_blank\" rel=\"noopener noreferrer\"><img loading=\"lazy\" decoding=\"async\" class=\"alignnone wp-image-3569 size-medium\" src=\"https:\/\/blogsaverroes.juntadeandalucia.es\/ceiparquitectoleoz\/files\/2021\/02\/IMG-20210225-WA0029-300x225.jpg\" alt=\"\" width=\"300\" height=\"225\" srcset=\"https:\/\/blogsaverroes.juntadeandalucia.es\/ceiparquitectoleoz\/files\/2021\/02\/IMG-20210225-WA0029-300x225.jpg 300w, https:\/\/blogsaverroes.juntadeandalucia.es\/ceiparquitectoleoz\/files\/2021\/02\/IMG-20210225-WA0029-1024x768.jpg 1024w, https:\/\/blogsaverroes.juntadeandalucia.es\/ceiparquitectoleoz\/files\/2021\/02\/IMG-20210225-WA0029-768x576.jpg 768w, https:\/\/blogsaverroes.juntadeandalucia.es\/ceiparquitectoleoz\/files\/2021\/02\/IMG-20210225-WA0029-1536x1152.jpg 1536w, https:\/\/blogsaverroes.juntadeandalucia.es\/ceiparquitectoleoz\/files\/2021\/02\/IMG-20210225-WA0029.jpg 1600w\" sizes=\"(max-width: 300px) 100vw, 300px\" \/><\/a> <a href=\"https:\/\/blogsaverroes.juntadeandalucia.es\/ceiparquitectoleoz\/files\/2021\/02\/IMG-20210225-WA0031.jpg\" target=\"_blank\" rel=\"noopener noreferrer\"><img loading=\"lazy\" decoding=\"async\" class=\"alignnone wp-image-3570 size-medium\" src=\"https:\/\/blogsaverroes.juntadeandalucia.es\/ceiparquitectoleoz\/files\/2021\/02\/IMG-20210225-WA0031-225x300.jpg\" alt=\"\" width=\"225\" height=\"300\" srcset=\"https:\/\/blogsaverroes.juntadeandalucia.es\/ceiparquitectoleoz\/files\/2021\/02\/IMG-20210225-WA0031-225x300.jpg 225w, https:\/\/blogsaverroes.juntadeandalucia.es\/ceiparquitectoleoz\/files\/2021\/02\/IMG-20210225-WA0031-768x1024.jpg 768w, https:\/\/blogsaverroes.juntadeandalucia.es\/ceiparquitectoleoz\/files\/2021\/02\/IMG-20210225-WA0031-1152x1536.jpg 1152w, https:\/\/blogsaverroes.juntadeandalucia.es\/ceiparquitectoleoz\/files\/2021\/02\/IMG-20210225-WA0031.jpg 1200w\" sizes=\"(max-width: 225px) 100vw, 225px\" \/><\/a> <a href=\"https:\/\/blogsaverroes.juntadeandalucia.es\/ceiparquitectoleoz\/files\/2021\/02\/IMG-20210225-WA0032.jpg\" target=\"_blank\" rel=\"noopener noreferrer\"><img loading=\"lazy\" decoding=\"async\" class=\"alignnone wp-image-3571 size-medium\" src=\"https:\/\/blogsaverroes.juntadeandalucia.es\/ceiparquitectoleoz\/files\/2021\/02\/IMG-20210225-WA0032-300x225.jpg\" alt=\"\" width=\"300\" height=\"225\" srcset=\"https:\/\/blogsaverroes.juntadeandalucia.es\/ceiparquitectoleoz\/files\/2021\/02\/IMG-20210225-WA0032-300x225.jpg 300w, https:\/\/blogsaverroes.juntadeandalucia.es\/ceiparquitectoleoz\/files\/2021\/02\/IMG-20210225-WA0032-768x576.jpg 768w, https:\/\/blogsaverroes.juntadeandalucia.es\/ceiparquitectoleoz\/files\/2021\/02\/IMG-20210225-WA0032.jpg 1024w\" sizes=\"(max-width: 300px) 100vw, 300px\" \/><\/a><\/p>\n<p><span style=\"color: #008000\"><strong>ACTIVIDADES TALLERES DE 1\u00ba CICLO<\/strong><\/span><\/p>\n<p><a href=\"https:\/\/blogsaverroes.juntadeandalucia.es\/ceiparquitectoleoz\/files\/2021\/02\/IMG-20210225-WA0007.jpg\"><img loading=\"lazy\" decoding=\"async\" class=\"alignnone size-medium wp-image-3574\" src=\"https:\/\/blogsaverroes.juntadeandalucia.es\/ceiparquitectoleoz\/files\/2021\/02\/IMG-20210225-WA0007-300x169.jpg\" alt=\"\" width=\"300\" height=\"169\" srcset=\"https:\/\/blogsaverroes.juntadeandalucia.es\/ceiparquitectoleoz\/files\/2021\/02\/IMG-20210225-WA0007-300x169.jpg 300w, https:\/\/blogsaverroes.juntadeandalucia.es\/ceiparquitectoleoz\/files\/2021\/02\/IMG-20210225-WA0007-1024x576.jpg 1024w, https:\/\/blogsaverroes.juntadeandalucia.es\/ceiparquitectoleoz\/files\/2021\/02\/IMG-20210225-WA0007-768x432.jpg 768w, https:\/\/blogsaverroes.juntadeandalucia.es\/ceiparquitectoleoz\/files\/2021\/02\/IMG-20210225-WA0007.jpg 1440w\" sizes=\"(max-width: 300px) 100vw, 300px\" \/><\/a> <a href=\"https:\/\/blogsaverroes.juntadeandalucia.es\/ceiparquitectoleoz\/files\/2021\/02\/Diccionario.jpg\"><img loading=\"lazy\" decoding=\"async\" class=\"alignnone size-medium wp-image-3576\" src=\"https:\/\/blogsaverroes.juntadeandalucia.es\/ceiparquitectoleoz\/files\/2021\/02\/Diccionario-300x183.jpg\" alt=\"\" width=\"300\" height=\"183\" srcset=\"https:\/\/blogsaverroes.juntadeandalucia.es\/ceiparquitectoleoz\/files\/2021\/02\/Diccionario-300x183.jpg 300w, https:\/\/blogsaverroes.juntadeandalucia.es\/ceiparquitectoleoz\/files\/2021\/02\/Diccionario-1024x625.jpg 1024w, https:\/\/blogsaverroes.juntadeandalucia.es\/ceiparquitectoleoz\/files\/2021\/02\/Diccionario-768x469.jpg 768w, https:\/\/blogsaverroes.juntadeandalucia.es\/ceiparquitectoleoz\/files\/2021\/02\/Diccionario-1536x938.jpg 1536w, https:\/\/blogsaverroes.juntadeandalucia.es\/ceiparquitectoleoz\/files\/2021\/02\/Diccionario.jpg 1600w\" sizes=\"(max-width: 300px) 100vw, 300px\" \/><\/a><\/p>\n<p><a href=\"https:\/\/drive.google.com\/file\/d\/1gFaxbRda4l5yTb1BnmqP9v5RO1MmnfFu\/view?usp=sharing\" target=\"_blank\" rel=\"noopener noreferrer\">Hacer clic para abrir el video de Talleres del D\u00eda de Andaluc\u00eda 2020\/2021 de Ed. Primaria 1\u00ba ciclo<\/a><\/p>\n<p><span style=\"color: #008000\"><strong>ACTIVIDADES TALLERES DE 2\u00ba CICLO<\/strong><\/span><\/p>\n<p><a href=\"https:\/\/blogsaverroes.juntadeandalucia.es\/ceiparquitectoleoz\/files\/2021\/02\/IMG-20210225-WA0053.jpg\" target=\"_blank\" rel=\"noopener noreferrer\"><img loading=\"lazy\" decoding=\"async\" class=\"alignnone wp-image-3579 size-medium\" src=\"https:\/\/blogsaverroes.juntadeandalucia.es\/ceiparquitectoleoz\/files\/2021\/02\/IMG-20210225-WA0053-225x300.jpg\" alt=\"\" width=\"225\" height=\"300\" srcset=\"https:\/\/blogsaverroes.juntadeandalucia.es\/ceiparquitectoleoz\/files\/2021\/02\/IMG-20210225-WA0053-225x300.jpg 225w, https:\/\/blogsaverroes.juntadeandalucia.es\/ceiparquitectoleoz\/files\/2021\/02\/IMG-20210225-WA0053-768x1024.jpg 768w, https:\/\/blogsaverroes.juntadeandalucia.es\/ceiparquitectoleoz\/files\/2021\/02\/IMG-20210225-WA0053-1152x1536.jpg 1152w, https:\/\/blogsaverroes.juntadeandalucia.es\/ceiparquitectoleoz\/files\/2021\/02\/IMG-20210225-WA0053.jpg 1200w\" sizes=\"(max-width: 225px) 100vw, 225px\" \/><\/a> <a href=\"https:\/\/blogsaverroes.juntadeandalucia.es\/ceiparquitectoleoz\/files\/2021\/02\/IMG-20210225-WA0017.jpg\" target=\"_blank\" rel=\"noopener noreferrer\"><img loading=\"lazy\" decoding=\"async\" class=\"alignnone wp-image-3580 size-medium\" src=\"https:\/\/blogsaverroes.juntadeandalucia.es\/ceiparquitectoleoz\/files\/2021\/02\/IMG-20210225-WA0017-225x300.jpg\" alt=\"\" width=\"225\" height=\"300\" srcset=\"https:\/\/blogsaverroes.juntadeandalucia.es\/ceiparquitectoleoz\/files\/2021\/02\/IMG-20210225-WA0017-225x300.jpg 225w, https:\/\/blogsaverroes.juntadeandalucia.es\/ceiparquitectoleoz\/files\/2021\/02\/IMG-20210225-WA0017-768x1024.jpg 768w, https:\/\/blogsaverroes.juntadeandalucia.es\/ceiparquitectoleoz\/files\/2021\/02\/IMG-20210225-WA0017-1152x1536.jpg 1152w, https:\/\/blogsaverroes.juntadeandalucia.es\/ceiparquitectoleoz\/files\/2021\/02\/IMG-20210225-WA0017.jpg 1200w\" sizes=\"(max-width: 225px) 100vw, 225px\" \/><\/a> <a href=\"https:\/\/blogsaverroes.juntadeandalucia.es\/ceiparquitectoleoz\/files\/2021\/02\/IMG-20210225-WA0018.jpg\" target=\"_blank\" rel=\"noopener noreferrer\"><img loading=\"lazy\" decoding=\"async\" class=\"alignnone wp-image-3581 size-medium\" src=\"https:\/\/blogsaverroes.juntadeandalucia.es\/ceiparquitectoleoz\/files\/2021\/02\/IMG-20210225-WA0018-300x225.jpg\" alt=\"\" width=\"300\" height=\"225\" srcset=\"https:\/\/blogsaverroes.juntadeandalucia.es\/ceiparquitectoleoz\/files\/2021\/02\/IMG-20210225-WA0018-300x225.jpg 300w, https:\/\/blogsaverroes.juntadeandalucia.es\/ceiparquitectoleoz\/files\/2021\/02\/IMG-20210225-WA0018-1024x768.jpg 1024w, https:\/\/blogsaverroes.juntadeandalucia.es\/ceiparquitectoleoz\/files\/2021\/02\/IMG-20210225-WA0018-768x576.jpg 768w, https:\/\/blogsaverroes.juntadeandalucia.es\/ceiparquitectoleoz\/files\/2021\/02\/IMG-20210225-WA0018-1536x1152.jpg 1536w, https:\/\/blogsaverroes.juntadeandalucia.es\/ceiparquitectoleoz\/files\/2021\/02\/IMG-20210225-WA0018.jpg 1600w\" sizes=\"(max-width: 300px) 100vw, 300px\" \/><\/a> <a href=\"https:\/\/blogsaverroes.juntadeandalucia.es\/ceiparquitectoleoz\/files\/2021\/02\/IMG-20210225-WA0019.jpg\" target=\"_blank\" rel=\"noopener noreferrer\"><img loading=\"lazy\" decoding=\"async\" class=\"alignnone wp-image-3582 size-medium\" src=\"https:\/\/blogsaverroes.juntadeandalucia.es\/ceiparquitectoleoz\/files\/2021\/02\/IMG-20210225-WA0019-276x300.jpg\" alt=\"\" width=\"276\" height=\"300\" srcset=\"https:\/\/blogsaverroes.juntadeandalucia.es\/ceiparquitectoleoz\/files\/2021\/02\/IMG-20210225-WA0019-276x300.jpg 276w, https:\/\/blogsaverroes.juntadeandalucia.es\/ceiparquitectoleoz\/files\/2021\/02\/IMG-20210225-WA0019-943x1024.jpg 943w, https:\/\/blogsaverroes.juntadeandalucia.es\/ceiparquitectoleoz\/files\/2021\/02\/IMG-20210225-WA0019-768x834.jpg 768w, https:\/\/blogsaverroes.juntadeandalucia.es\/ceiparquitectoleoz\/files\/2021\/02\/IMG-20210225-WA0019-1414x1536.jpg 1414w, https:\/\/blogsaverroes.juntadeandalucia.es\/ceiparquitectoleoz\/files\/2021\/02\/IMG-20210225-WA0019.jpg 1473w\" sizes=\"(max-width: 276px) 100vw, 276px\" \/><\/a> <a href=\"https:\/\/blogsaverroes.juntadeandalucia.es\/ceiparquitectoleoz\/files\/2021\/02\/IMG-20210225-WA0020.jpg\" target=\"_blank\" rel=\"noopener noreferrer\"><img loading=\"lazy\" decoding=\"async\" class=\"alignnone wp-image-3583 size-medium\" src=\"https:\/\/blogsaverroes.juntadeandalucia.es\/ceiparquitectoleoz\/files\/2021\/02\/IMG-20210225-WA0020-205x300.jpg\" alt=\"\" width=\"205\" height=\"300\" srcset=\"https:\/\/blogsaverroes.juntadeandalucia.es\/ceiparquitectoleoz\/files\/2021\/02\/IMG-20210225-WA0020-205x300.jpg 205w, https:\/\/blogsaverroes.juntadeandalucia.es\/ceiparquitectoleoz\/files\/2021\/02\/IMG-20210225-WA0020-699x1024.jpg 699w, https:\/\/blogsaverroes.juntadeandalucia.es\/ceiparquitectoleoz\/files\/2021\/02\/IMG-20210225-WA0020-768x1125.jpg 768w, https:\/\/blogsaverroes.juntadeandalucia.es\/ceiparquitectoleoz\/files\/2021\/02\/IMG-20210225-WA0020-1048x1536.jpg 1048w, https:\/\/blogsaverroes.juntadeandalucia.es\/ceiparquitectoleoz\/files\/2021\/02\/IMG-20210225-WA0020.jpg 1092w\" sizes=\"(max-width: 205px) 100vw, 205px\" \/><\/a> <a href=\"https:\/\/blogsaverroes.juntadeandalucia.es\/ceiparquitectoleoz\/files\/2021\/02\/IMG-20210225-WA0045.jpg\" target=\"_blank\" rel=\"noopener noreferrer\"><img loading=\"lazy\" decoding=\"async\" class=\"alignnone wp-image-3584 size-medium\" src=\"https:\/\/blogsaverroes.juntadeandalucia.es\/ceiparquitectoleoz\/files\/2021\/02\/IMG-20210225-WA0045-300x225.jpg\" alt=\"\" width=\"300\" height=\"225\" srcset=\"https:\/\/blogsaverroes.juntadeandalucia.es\/ceiparquitectoleoz\/files\/2021\/02\/IMG-20210225-WA0045-300x225.jpg 300w, https:\/\/blogsaverroes.juntadeandalucia.es\/ceiparquitectoleoz\/files\/2021\/02\/IMG-20210225-WA0045-1024x768.jpg 1024w, https:\/\/blogsaverroes.juntadeandalucia.es\/ceiparquitectoleoz\/files\/2021\/02\/IMG-20210225-WA0045-768x576.jpg 768w, https:\/\/blogsaverroes.juntadeandalucia.es\/ceiparquitectoleoz\/files\/2021\/02\/IMG-20210225-WA0045-1536x1152.jpg 1536w, https:\/\/blogsaverroes.juntadeandalucia.es\/ceiparquitectoleoz\/files\/2021\/02\/IMG-20210225-WA0045.jpg 1600w\" sizes=\"(max-width: 300px) 100vw, 300px\" \/><\/a><\/p>\n<p><span style=\"color: #008000\"><strong>ACTIVIDADES TALLERES DE 3\u00ba CICLO<\/strong><\/span><\/p>\n<p><a href=\"https:\/\/blogsaverroes.juntadeandalucia.es\/ceiparquitectoleoz\/files\/2021\/02\/IMG-20210225-WA0055-1.jpg\" target=\"_blank\" rel=\"noopener noreferrer\"><img loading=\"lazy\" decoding=\"async\" class=\"alignnone wp-image-3593 size-medium\" src=\"https:\/\/blogsaverroes.juntadeandalucia.es\/ceiparquitectoleoz\/files\/2021\/02\/IMG-20210225-WA0055-1-225x300.jpg\" alt=\"\" width=\"225\" height=\"300\" srcset=\"https:\/\/blogsaverroes.juntadeandalucia.es\/ceiparquitectoleoz\/files\/2021\/02\/IMG-20210225-WA0055-1-225x300.jpg 225w, https:\/\/blogsaverroes.juntadeandalucia.es\/ceiparquitectoleoz\/files\/2021\/02\/IMG-20210225-WA0055-1-768x1024.jpg 768w, https:\/\/blogsaverroes.juntadeandalucia.es\/ceiparquitectoleoz\/files\/2021\/02\/IMG-20210225-WA0055-1-1152x1536.jpg 1152w, https:\/\/blogsaverroes.juntadeandalucia.es\/ceiparquitectoleoz\/files\/2021\/02\/IMG-20210225-WA0055-1.jpg 1200w\" sizes=\"(max-width: 225px) 100vw, 225px\" \/><\/a> <a href=\"https:\/\/blogsaverroes.juntadeandalucia.es\/ceiparquitectoleoz\/files\/2021\/02\/IMG-20210225-WA0010.jpg\" target=\"_blank\" rel=\"noopener noreferrer\"><img loading=\"lazy\" decoding=\"async\" class=\"alignnone wp-image-3587 size-medium\" src=\"https:\/\/blogsaverroes.juntadeandalucia.es\/ceiparquitectoleoz\/files\/2021\/02\/IMG-20210225-WA0010-300x225.jpg\" alt=\"\" width=\"300\" height=\"225\" srcset=\"https:\/\/blogsaverroes.juntadeandalucia.es\/ceiparquitectoleoz\/files\/2021\/02\/IMG-20210225-WA0010-300x225.jpg 300w, https:\/\/blogsaverroes.juntadeandalucia.es\/ceiparquitectoleoz\/files\/2021\/02\/IMG-20210225-WA0010-1024x768.jpg 1024w, https:\/\/blogsaverroes.juntadeandalucia.es\/ceiparquitectoleoz\/files\/2021\/02\/IMG-20210225-WA0010-768x576.jpg 768w, https:\/\/blogsaverroes.juntadeandalucia.es\/ceiparquitectoleoz\/files\/2021\/02\/IMG-20210225-WA0010-1536x1152.jpg 1536w, https:\/\/blogsaverroes.juntadeandalucia.es\/ceiparquitectoleoz\/files\/2021\/02\/IMG-20210225-WA0010.jpg 1600w\" sizes=\"(max-width: 300px) 100vw, 300px\" \/><\/a> <a href=\"https:\/\/blogsaverroes.juntadeandalucia.es\/ceiparquitectoleoz\/files\/2021\/02\/IMG-20210225-WA0023.jpg\" target=\"_blank\" rel=\"noopener noreferrer\"><img loading=\"lazy\" decoding=\"async\" class=\"alignnone wp-image-3588 size-medium\" src=\"https:\/\/blogsaverroes.juntadeandalucia.es\/ceiparquitectoleoz\/files\/2021\/02\/IMG-20210225-WA0023-300x225.jpg\" alt=\"\" width=\"300\" height=\"225\" srcset=\"https:\/\/blogsaverroes.juntadeandalucia.es\/ceiparquitectoleoz\/files\/2021\/02\/IMG-20210225-WA0023-300x225.jpg 300w, https:\/\/blogsaverroes.juntadeandalucia.es\/ceiparquitectoleoz\/files\/2021\/02\/IMG-20210225-WA0023-1024x768.jpg 1024w, https:\/\/blogsaverroes.juntadeandalucia.es\/ceiparquitectoleoz\/files\/2021\/02\/IMG-20210225-WA0023-768x576.jpg 768w, https:\/\/blogsaverroes.juntadeandalucia.es\/ceiparquitectoleoz\/files\/2021\/02\/IMG-20210225-WA0023-1536x1152.jpg 1536w, https:\/\/blogsaverroes.juntadeandalucia.es\/ceiparquitectoleoz\/files\/2021\/02\/IMG-20210225-WA0023.jpg 1600w\" sizes=\"(max-width: 300px) 100vw, 300px\" \/><\/a> <a href=\"https:\/\/blogsaverroes.juntadeandalucia.es\/ceiparquitectoleoz\/files\/2021\/02\/IMG-20210225-WA0054.jpg\" target=\"_blank\" rel=\"noopener noreferrer\"><img loading=\"lazy\" decoding=\"async\" class=\"alignnone wp-image-3592 size-medium\" src=\"https:\/\/blogsaverroes.juntadeandalucia.es\/ceiparquitectoleoz\/files\/2021\/02\/IMG-20210225-WA0054-300x225.jpg\" alt=\"\" width=\"300\" height=\"225\" srcset=\"https:\/\/blogsaverroes.juntadeandalucia.es\/ceiparquitectoleoz\/files\/2021\/02\/IMG-20210225-WA0054-300x225.jpg 300w, https:\/\/blogsaverroes.juntadeandalucia.es\/ceiparquitectoleoz\/files\/2021\/02\/IMG-20210225-WA0054-1024x768.jpg 1024w, https:\/\/blogsaverroes.juntadeandalucia.es\/ceiparquitectoleoz\/files\/2021\/02\/IMG-20210225-WA0054-768x576.jpg 768w, https:\/\/blogsaverroes.juntadeandalucia.es\/ceiparquitectoleoz\/files\/2021\/02\/IMG-20210225-WA0054-1536x1152.jpg 1536w, https:\/\/blogsaverroes.juntadeandalucia.es\/ceiparquitectoleoz\/files\/2021\/02\/IMG-20210225-WA0054.jpg 1600w\" sizes=\"(max-width: 300px) 100vw, 300px\" \/><\/a> <a href=\"https:\/\/blogsaverroes.juntadeandalucia.es\/ceiparquitectoleoz\/files\/2021\/02\/IMG-20210225-WA0036.jpg\" target=\"_blank\" rel=\"noopener noreferrer\"><img loading=\"lazy\" decoding=\"async\" class=\"alignnone wp-image-3591 size-medium\" src=\"https:\/\/blogsaverroes.juntadeandalucia.es\/ceiparquitectoleoz\/files\/2021\/02\/IMG-20210225-WA0036-225x300.jpg\" alt=\"\" width=\"225\" height=\"300\" srcset=\"https:\/\/blogsaverroes.juntadeandalucia.es\/ceiparquitectoleoz\/files\/2021\/02\/IMG-20210225-WA0036-225x300.jpg 225w, https:\/\/blogsaverroes.juntadeandalucia.es\/ceiparquitectoleoz\/files\/2021\/02\/IMG-20210225-WA0036.jpg 768w\" sizes=\"(max-width: 225px) 100vw, 225px\" \/><\/a> <a href=\"https:\/\/blogsaverroes.juntadeandalucia.es\/ceiparquitectoleoz\/files\/2021\/02\/IMG-20210225-WA0034.jpg\" target=\"_blank\" rel=\"noopener noreferrer\"><img loading=\"lazy\" decoding=\"async\" class=\"alignnone wp-image-3589 size-medium\" src=\"https:\/\/blogsaverroes.juntadeandalucia.es\/ceiparquitectoleoz\/files\/2021\/02\/IMG-20210225-WA0034-225x300.jpg\" alt=\"\" width=\"225\" height=\"300\" srcset=\"https:\/\/blogsaverroes.juntadeandalucia.es\/ceiparquitectoleoz\/files\/2021\/02\/IMG-20210225-WA0034-225x300.jpg 225w, https:\/\/blogsaverroes.juntadeandalucia.es\/ceiparquitectoleoz\/files\/2021\/02\/IMG-20210225-WA0034.jpg 768w\" sizes=\"(max-width: 225px) 100vw, 225px\" \/><\/a><\/p>\n<p>&nbsp;<\/p>\n<p>&nbsp;<\/p>\n<p><span style=\"color: #000000\"><strong>D\u00cdA DE ANDALUC\u00cdA CURSO 2019\/2020<\/strong><\/span><\/p>\n<p><img loading=\"lazy\" decoding=\"async\" class=\"alignnone size-medium wp-image-3351\" src=\"https:\/\/blogsaverroes.juntadeandalucia.es\/ceiparquitectoleoz\/files\/2020\/03\/Al_Abordaje-300x89.jpg\" alt=\"\" width=\"300\" height=\"89\" srcset=\"https:\/\/blogsaverroes.juntadeandalucia.es\/ceiparquitectoleoz\/files\/2020\/03\/Al_Abordaje-300x89.jpg 300w, https:\/\/blogsaverroes.juntadeandalucia.es\/ceiparquitectoleoz\/files\/2020\/03\/Al_Abordaje-24x7.jpg 24w, https:\/\/blogsaverroes.juntadeandalucia.es\/ceiparquitectoleoz\/files\/2020\/03\/Al_Abordaje-36x11.jpg 36w, https:\/\/blogsaverroes.juntadeandalucia.es\/ceiparquitectoleoz\/files\/2020\/03\/Al_Abordaje-48x14.jpg 48w, https:\/\/blogsaverroes.juntadeandalucia.es\/ceiparquitectoleoz\/files\/2020\/03\/Al_Abordaje.jpg 554w\" sizes=\"(max-width: 300px) 100vw, 300px\" \/><\/p>\n<p><span style=\"color: #008000\">El d\u00eda 28 de febrero, D\u00eda de Andaluc\u00eda, se celebra todos los a\u00f1os el nacimiento de Andaluc\u00eda como Comunidad Aut\u00f3noma por decisi\u00f3n del pueblo andaluz, consultado en refer\u00e9ndum.<\/span><\/p>\n<p><span style=\"color: #008000\">La conmemoraci\u00f3n cada a\u00f1o de este d\u00eda festivo, en torno al 28 de febrero, es una oportunidad que se aprovecha en los centros escolares para fomentar el conocimiento y la reflexi\u00f3n, en un marco de convivencia, sobre Andaluc\u00eda y la cultura andaluza.<\/span><\/p>\n<p><span style=\"color: #008000\">De este modo contribuimos al fomento de valores como la convivencia, la igualdad, la solidaridad y la tolerancia, aceptando cr\u00edticamente las distintas formas de vida, creencias y opiniones de nuestras gentes y al desarrollo de actitudes de participaci\u00f3n democr\u00e1tica, de solidaridad y de compromiso cr\u00edtico con la realidad de Andaluc\u00eda, as\u00ed como con la defensa, conservaci\u00f3n y la mejora de su patrimonio hist\u00f3rico y natural.<\/span><\/p>\n<p><span style=\"color: #008000\">Para que el alumnado conozca, con mayor profundidad, la Comunidad&nbsp; Aut\u00f3noma de Andaluc\u00eda y haci\u00e9ndolo coincidir, en el tiempo, con la fecha en la que las andaluzas y andaluces celebramos el d\u00eda de Nuestra Tierra (28 de febrero); hemos planificado una serie de actividades y actuaciones donde queremos favorecer una sensibilizaci\u00f3n y una valoraci\u00f3n positiva sobre la importancia de preservar el medio ambiente de&nbsp; nuestra tierra.<\/span><\/p>\n<p><span style=\"color: #008000\">Dentro de este contexto nuestro Centro ha decidido trabajar&nbsp; el centro de inter\u00e9s de los ecosistemas marinos de Andaluc\u00eda.<\/span><\/p>\n<p><span style=\"color: #008000\">Lo que nos motiva a realizar dicho proyecto&nbsp; es que cada vez seamos m\u00e1s los&nbsp; que contribuyamos y tomemos&nbsp; conciencia de que nuestro planeta necesita que los seres humanos sepamos aprovechar al m\u00e1ximo, los recursos que tenemos, para poder mantener el equilibrio ecol\u00f3gico, que es imprescindible para nuestra vida y el futuro del mundo.<\/span><\/p>\n<p><span style=\"color: #008000\">Todos los alumnos\/as de Infantil y Primaria han trabajado de forma transversal&nbsp; en todas las \u00e1reas con: manualidades, talleres, v\u00eddeos explicativos, murales y tambi\u00e9n alg\u00fan que otro cuento.<\/span><\/p>\n<p><span style=\"color: #008000\">A pesar de que en la actualidad es muy f\u00e1cil recibir informaci\u00f3n acerca de este maravilloso proceso (el reciclaje) ya que contamos con medios de comunicaci\u00f3n como la radio, prensa, internet, etc\u2026 hemos notado que todav\u00eda no se ha podido lograr la concienciaci\u00f3n de todos, raz\u00f3n esta que nos motiv\u00f3 a realizar dicho proyecto que de una u otra manera favorezca a que cada vez sean m\u00e1s las personas que contribuyan y tomen conciencia de que nuestro planeta necesita que los seres humanos sepamos aprovechar al m\u00e1ximo, los recursos que tenemos, para poder mantener el equilibrio ecol\u00f3gico, que es imprescindible para nuestra vida y el futuro del mundo.<\/span><\/p>\n<p><span style=\"color: #008000\">&nbsp; Saber reciclar todos los residuos, respetar el Medio Ambiente y conocer qu\u00e9 podemos hacer para preservar nuestra Naturaleza, son algunas de las grandes ense\u00f1anzas y retos que tanto padres como profesores tenemos delante.<\/span><br \/>\n<span style=\"color: #008000\">Es necesario que los ni\u00f1os crezcan teniendo la mentalidad de que cuidar nuestro entorno es primordial. <strong>De ello depende nuestra Salud y la Salud del planeta.<\/strong><\/span><br \/>\n<span style=\"color: #008000\">Debemos explicar paso a paso a los m\u00e1s peque\u00f1os porque tenemos que reciclar.<\/span><br \/>\n<span style=\"color: #008000\">Los ni\u00f1os necesitan saber el por qu\u00e9 de las cosas. Hacerles entender que el reciclaje existe para evitar la destrucci\u00f3n de nuestro Medio Ambiente.\u201d<\/span><\/p>\n<p><span style=\"color: #008000\"><strong>\u201cEn las decisiones de los ni\u00f1os est\u00e1 el futuro de nuestro planeta, de nuestro oc\u00e9ano\u2026<\/strong><\/span><\/p>\n<p><span style=\"color: #008000\"><strong>Por eso gritamos&nbsp; todos, con el nombre de nuestro proyecto pirata<\/strong><\/span><\/p>\n<p><span style=\"color: #008000\"><strong>\u00a1\u00a1\u00a1ANDALUCES , AL&nbsp; ABORDAJE!!!!<\/strong><\/span><\/p>\n<p>ACTIVIDAD DE CENTRO:<\/p>\n<p><a href=\"https:\/\/blogsaverroes.juntadeandalucia.es\/ceiparquitectoleoz\/files\/2020\/03\/IMG-20200226-WA0003.jpg\" target=\"_blank\" rel=\"noopener noreferrer\"><img loading=\"lazy\" decoding=\"async\" class=\"alignnone wp-image-3353 size-medium\" src=\"https:\/\/blogsaverroes.juntadeandalucia.es\/ceiparquitectoleoz\/files\/2020\/03\/IMG-20200226-WA0003-300x169.jpg\" alt=\"\" width=\"300\" height=\"169\" srcset=\"https:\/\/blogsaverroes.juntadeandalucia.es\/ceiparquitectoleoz\/files\/2020\/03\/IMG-20200226-WA0003-300x169.jpg 300w, https:\/\/blogsaverroes.juntadeandalucia.es\/ceiparquitectoleoz\/files\/2020\/03\/IMG-20200226-WA0003-768x432.jpg 768w, https:\/\/blogsaverroes.juntadeandalucia.es\/ceiparquitectoleoz\/files\/2020\/03\/IMG-20200226-WA0003-1024x576.jpg 1024w, https:\/\/blogsaverroes.juntadeandalucia.es\/ceiparquitectoleoz\/files\/2020\/03\/IMG-20200226-WA0003-24x14.jpg 24w, https:\/\/blogsaverroes.juntadeandalucia.es\/ceiparquitectoleoz\/files\/2020\/03\/IMG-20200226-WA0003-36x20.jpg 36w, https:\/\/blogsaverroes.juntadeandalucia.es\/ceiparquitectoleoz\/files\/2020\/03\/IMG-20200226-WA0003-48x27.jpg 48w, https:\/\/blogsaverroes.juntadeandalucia.es\/ceiparquitectoleoz\/files\/2020\/03\/IMG-20200226-WA0003.jpg 1600w\" sizes=\"(max-width: 300px) 100vw, 300px\" \/><\/a><\/p>\n<p>DESAYUNO ANDALUZ:<\/p>\n<p><a href=\"https:\/\/blogsaverroes.juntadeandalucia.es\/ceiparquitectoleoz\/files\/2020\/03\/IMG-20200226-WA0038.jpg\" target=\"_blank\" rel=\"noopener noreferrer\"><img loading=\"lazy\" decoding=\"async\" class=\"alignnone wp-image-3354 size-medium\" src=\"https:\/\/blogsaverroes.juntadeandalucia.es\/ceiparquitectoleoz\/files\/2020\/03\/IMG-20200226-WA0038-300x169.jpg\" alt=\"\" width=\"300\" height=\"169\" srcset=\"https:\/\/blogsaverroes.juntadeandalucia.es\/ceiparquitectoleoz\/files\/2020\/03\/IMG-20200226-WA0038-300x169.jpg 300w, https:\/\/blogsaverroes.juntadeandalucia.es\/ceiparquitectoleoz\/files\/2020\/03\/IMG-20200226-WA0038-768x432.jpg 768w, https:\/\/blogsaverroes.juntadeandalucia.es\/ceiparquitectoleoz\/files\/2020\/03\/IMG-20200226-WA0038-1024x576.jpg 1024w, https:\/\/blogsaverroes.juntadeandalucia.es\/ceiparquitectoleoz\/files\/2020\/03\/IMG-20200226-WA0038-24x14.jpg 24w, https:\/\/blogsaverroes.juntadeandalucia.es\/ceiparquitectoleoz\/files\/2020\/03\/IMG-20200226-WA0038-36x20.jpg 36w, https:\/\/blogsaverroes.juntadeandalucia.es\/ceiparquitectoleoz\/files\/2020\/03\/IMG-20200226-WA0038-48x27.jpg 48w, https:\/\/blogsaverroes.juntadeandalucia.es\/ceiparquitectoleoz\/files\/2020\/03\/IMG-20200226-WA0038.jpg 1600w\" sizes=\"(max-width: 300px) 100vw, 300px\" \/><\/a> <a href=\"https:\/\/blogsaverroes.juntadeandalucia.es\/ceiparquitectoleoz\/files\/2020\/03\/IMG-20200226-WA0045.jpg\" target=\"_blank\" rel=\"noopener noreferrer\"><img loading=\"lazy\" decoding=\"async\" class=\"alignnone wp-image-3355 size-medium\" src=\"https:\/\/blogsaverroes.juntadeandalucia.es\/ceiparquitectoleoz\/files\/2020\/03\/IMG-20200226-WA0045-300x225.jpg\" alt=\"\" width=\"300\" height=\"225\" srcset=\"https:\/\/blogsaverroes.juntadeandalucia.es\/ceiparquitectoleoz\/files\/2020\/03\/IMG-20200226-WA0045-300x225.jpg 300w, https:\/\/blogsaverroes.juntadeandalucia.es\/ceiparquitectoleoz\/files\/2020\/03\/IMG-20200226-WA0045-768x576.jpg 768w, https:\/\/blogsaverroes.juntadeandalucia.es\/ceiparquitectoleoz\/files\/2020\/03\/IMG-20200226-WA0045-1024x768.jpg 1024w, https:\/\/blogsaverroes.juntadeandalucia.es\/ceiparquitectoleoz\/files\/2020\/03\/IMG-20200226-WA0045-24x18.jpg 24w, https:\/\/blogsaverroes.juntadeandalucia.es\/ceiparquitectoleoz\/files\/2020\/03\/IMG-20200226-WA0045-36x27.jpg 36w, https:\/\/blogsaverroes.juntadeandalucia.es\/ceiparquitectoleoz\/files\/2020\/03\/IMG-20200226-WA0045-48x36.jpg 48w, https:\/\/blogsaverroes.juntadeandalucia.es\/ceiparquitectoleoz\/files\/2020\/03\/IMG-20200226-WA0045.jpg 1600w\" sizes=\"(max-width: 300px) 100vw, 300px\" \/><\/a> <a href=\"https:\/\/blogsaverroes.juntadeandalucia.es\/ceiparquitectoleoz\/files\/2020\/03\/IMG-20200226-WA0047.jpg\" target=\"_blank\" rel=\"noopener noreferrer\"><img loading=\"lazy\" decoding=\"async\" class=\"alignnone wp-image-3356 size-medium\" src=\"https:\/\/blogsaverroes.juntadeandalucia.es\/ceiparquitectoleoz\/files\/2020\/03\/IMG-20200226-WA0047-300x225.jpg\" alt=\"\" width=\"300\" height=\"225\" srcset=\"https:\/\/blogsaverroes.juntadeandalucia.es\/ceiparquitectoleoz\/files\/2020\/03\/IMG-20200226-WA0047-300x225.jpg 300w, https:\/\/blogsaverroes.juntadeandalucia.es\/ceiparquitectoleoz\/files\/2020\/03\/IMG-20200226-WA0047-768x576.jpg 768w, https:\/\/blogsaverroes.juntadeandalucia.es\/ceiparquitectoleoz\/files\/2020\/03\/IMG-20200226-WA0047-1024x768.jpg 1024w, https:\/\/blogsaverroes.juntadeandalucia.es\/ceiparquitectoleoz\/files\/2020\/03\/IMG-20200226-WA0047-24x18.jpg 24w, https:\/\/blogsaverroes.juntadeandalucia.es\/ceiparquitectoleoz\/files\/2020\/03\/IMG-20200226-WA0047-36x27.jpg 36w, https:\/\/blogsaverroes.juntadeandalucia.es\/ceiparquitectoleoz\/files\/2020\/03\/IMG-20200226-WA0047-48x36.jpg 48w, https:\/\/blogsaverroes.juntadeandalucia.es\/ceiparquitectoleoz\/files\/2020\/03\/IMG-20200226-WA0047.jpg 1600w\" sizes=\"(max-width: 300px) 100vw, 300px\" \/><\/a><\/p>\n<p>TALLERES INFANTIL:<\/p>\n<p><a href=\"https:\/\/blogsaverroes.juntadeandalucia.es\/ceiparquitectoleoz\/files\/2020\/03\/IMG-20200226-WA0020.jpg\" target=\"_blank\" rel=\"noopener noreferrer\"><img loading=\"lazy\" decoding=\"async\" class=\"alignnone wp-image-3358 size-medium\" src=\"https:\/\/blogsaverroes.juntadeandalucia.es\/ceiparquitectoleoz\/files\/2020\/03\/IMG-20200226-WA0020-225x300.jpg\" alt=\"\" width=\"225\" height=\"300\" srcset=\"https:\/\/blogsaverroes.juntadeandalucia.es\/ceiparquitectoleoz\/files\/2020\/03\/IMG-20200226-WA0020-225x300.jpg 225w, https:\/\/blogsaverroes.juntadeandalucia.es\/ceiparquitectoleoz\/files\/2020\/03\/IMG-20200226-WA0020-768x1024.jpg 768w, https:\/\/blogsaverroes.juntadeandalucia.es\/ceiparquitectoleoz\/files\/2020\/03\/IMG-20200226-WA0020-18x24.jpg 18w, https:\/\/blogsaverroes.juntadeandalucia.es\/ceiparquitectoleoz\/files\/2020\/03\/IMG-20200226-WA0020-27x36.jpg 27w, https:\/\/blogsaverroes.juntadeandalucia.es\/ceiparquitectoleoz\/files\/2020\/03\/IMG-20200226-WA0020-36x48.jpg 36w, https:\/\/blogsaverroes.juntadeandalucia.es\/ceiparquitectoleoz\/files\/2020\/03\/IMG-20200226-WA0020.jpg 1200w\" sizes=\"(max-width: 225px) 100vw, 225px\" \/><\/a> <a href=\"https:\/\/blogsaverroes.juntadeandalucia.es\/ceiparquitectoleoz\/files\/2020\/03\/IMG-20200226-WA0021.jpg\" target=\"_blank\" rel=\"noopener noreferrer\"><img loading=\"lazy\" decoding=\"async\" class=\"alignnone wp-image-3359 size-medium\" src=\"https:\/\/blogsaverroes.juntadeandalucia.es\/ceiparquitectoleoz\/files\/2020\/03\/IMG-20200226-WA0021-225x300.jpg\" alt=\"\" width=\"225\" height=\"300\" srcset=\"https:\/\/blogsaverroes.juntadeandalucia.es\/ceiparquitectoleoz\/files\/2020\/03\/IMG-20200226-WA0021-225x300.jpg 225w, https:\/\/blogsaverroes.juntadeandalucia.es\/ceiparquitectoleoz\/files\/2020\/03\/IMG-20200226-WA0021-768x1024.jpg 768w, https:\/\/blogsaverroes.juntadeandalucia.es\/ceiparquitectoleoz\/files\/2020\/03\/IMG-20200226-WA0021-18x24.jpg 18w, https:\/\/blogsaverroes.juntadeandalucia.es\/ceiparquitectoleoz\/files\/2020\/03\/IMG-20200226-WA0021-27x36.jpg 27w, https:\/\/blogsaverroes.juntadeandalucia.es\/ceiparquitectoleoz\/files\/2020\/03\/IMG-20200226-WA0021-36x48.jpg 36w, https:\/\/blogsaverroes.juntadeandalucia.es\/ceiparquitectoleoz\/files\/2020\/03\/IMG-20200226-WA0021.jpg 1200w\" sizes=\"(max-width: 225px) 100vw, 225px\" \/><\/a> <a href=\"https:\/\/blogsaverroes.juntadeandalucia.es\/ceiparquitectoleoz\/files\/2020\/03\/IMG-20200226-WA0026.jpg\" target=\"_blank\" rel=\"noopener noreferrer\"><img loading=\"lazy\" decoding=\"async\" class=\"alignnone wp-image-3360 size-medium\" src=\"https:\/\/blogsaverroes.juntadeandalucia.es\/ceiparquitectoleoz\/files\/2020\/03\/IMG-20200226-WA0026-169x300.jpg\" alt=\"\" width=\"169\" height=\"300\" srcset=\"https:\/\/blogsaverroes.juntadeandalucia.es\/ceiparquitectoleoz\/files\/2020\/03\/IMG-20200226-WA0026-169x300.jpg 169w, https:\/\/blogsaverroes.juntadeandalucia.es\/ceiparquitectoleoz\/files\/2020\/03\/IMG-20200226-WA0026-768x1365.jpg 768w, https:\/\/blogsaverroes.juntadeandalucia.es\/ceiparquitectoleoz\/files\/2020\/03\/IMG-20200226-WA0026-576x1024.jpg 576w, https:\/\/blogsaverroes.juntadeandalucia.es\/ceiparquitectoleoz\/files\/2020\/03\/IMG-20200226-WA0026-14x24.jpg 14w, https:\/\/blogsaverroes.juntadeandalucia.es\/ceiparquitectoleoz\/files\/2020\/03\/IMG-20200226-WA0026-20x36.jpg 20w, https:\/\/blogsaverroes.juntadeandalucia.es\/ceiparquitectoleoz\/files\/2020\/03\/IMG-20200226-WA0026-27x48.jpg 27w, https:\/\/blogsaverroes.juntadeandalucia.es\/ceiparquitectoleoz\/files\/2020\/03\/IMG-20200226-WA0026.jpg 900w\" sizes=\"(max-width: 169px) 100vw, 169px\" \/><\/a> <a href=\"https:\/\/blogsaverroes.juntadeandalucia.es\/ceiparquitectoleoz\/files\/2020\/03\/IMG-20200226-WA0027.jpg\" target=\"_blank\" rel=\"noopener noreferrer\"><img loading=\"lazy\" decoding=\"async\" class=\"alignnone wp-image-3361 size-medium\" src=\"https:\/\/blogsaverroes.juntadeandalucia.es\/ceiparquitectoleoz\/files\/2020\/03\/IMG-20200226-WA0027-300x169.jpg\" alt=\"\" width=\"300\" height=\"169\" srcset=\"https:\/\/blogsaverroes.juntadeandalucia.es\/ceiparquitectoleoz\/files\/2020\/03\/IMG-20200226-WA0027-300x169.jpg 300w, https:\/\/blogsaverroes.juntadeandalucia.es\/ceiparquitectoleoz\/files\/2020\/03\/IMG-20200226-WA0027-768x432.jpg 768w, https:\/\/blogsaverroes.juntadeandalucia.es\/ceiparquitectoleoz\/files\/2020\/03\/IMG-20200226-WA0027-1024x576.jpg 1024w, https:\/\/blogsaverroes.juntadeandalucia.es\/ceiparquitectoleoz\/files\/2020\/03\/IMG-20200226-WA0027-24x14.jpg 24w, https:\/\/blogsaverroes.juntadeandalucia.es\/ceiparquitectoleoz\/files\/2020\/03\/IMG-20200226-WA0027-36x20.jpg 36w, https:\/\/blogsaverroes.juntadeandalucia.es\/ceiparquitectoleoz\/files\/2020\/03\/IMG-20200226-WA0027-48x27.jpg 48w, https:\/\/blogsaverroes.juntadeandalucia.es\/ceiparquitectoleoz\/files\/2020\/03\/IMG-20200226-WA0027.jpg 1600w\" sizes=\"(max-width: 300px) 100vw, 300px\" \/><\/a> <a href=\"https:\/\/blogsaverroes.juntadeandalucia.es\/ceiparquitectoleoz\/files\/2020\/03\/IMG-20200226-WA0028.jpg\" target=\"_blank\" rel=\"noopener noreferrer\"><img loading=\"lazy\" decoding=\"async\" class=\"alignnone wp-image-3362 size-medium\" src=\"https:\/\/blogsaverroes.juntadeandalucia.es\/ceiparquitectoleoz\/files\/2020\/03\/IMG-20200226-WA0028-300x169.jpg\" alt=\"\" width=\"300\" height=\"169\" srcset=\"https:\/\/blogsaverroes.juntadeandalucia.es\/ceiparquitectoleoz\/files\/2020\/03\/IMG-20200226-WA0028-300x169.jpg 300w, https:\/\/blogsaverroes.juntadeandalucia.es\/ceiparquitectoleoz\/files\/2020\/03\/IMG-20200226-WA0028-768x432.jpg 768w, https:\/\/blogsaverroes.juntadeandalucia.es\/ceiparquitectoleoz\/files\/2020\/03\/IMG-20200226-WA0028-1024x576.jpg 1024w, https:\/\/blogsaverroes.juntadeandalucia.es\/ceiparquitectoleoz\/files\/2020\/03\/IMG-20200226-WA0028-24x14.jpg 24w, https:\/\/blogsaverroes.juntadeandalucia.es\/ceiparquitectoleoz\/files\/2020\/03\/IMG-20200226-WA0028-36x20.jpg 36w, https:\/\/blogsaverroes.juntadeandalucia.es\/ceiparquitectoleoz\/files\/2020\/03\/IMG-20200226-WA0028-48x27.jpg 48w, https:\/\/blogsaverroes.juntadeandalucia.es\/ceiparquitectoleoz\/files\/2020\/03\/IMG-20200226-WA0028.jpg 1600w\" sizes=\"(max-width: 300px) 100vw, 300px\" \/><\/a> <a href=\"https:\/\/blogsaverroes.juntadeandalucia.es\/ceiparquitectoleoz\/files\/2020\/03\/IMG-20200226-WA0029.jpg\" target=\"_blank\" rel=\"noopener noreferrer\"><img loading=\"lazy\" decoding=\"async\" class=\"alignnone wp-image-3363 size-medium\" src=\"https:\/\/blogsaverroes.juntadeandalucia.es\/ceiparquitectoleoz\/files\/2020\/03\/IMG-20200226-WA0029-300x169.jpg\" alt=\"\" width=\"300\" height=\"169\" srcset=\"https:\/\/blogsaverroes.juntadeandalucia.es\/ceiparquitectoleoz\/files\/2020\/03\/IMG-20200226-WA0029-300x169.jpg 300w, https:\/\/blogsaverroes.juntadeandalucia.es\/ceiparquitectoleoz\/files\/2020\/03\/IMG-20200226-WA0029-768x432.jpg 768w, https:\/\/blogsaverroes.juntadeandalucia.es\/ceiparquitectoleoz\/files\/2020\/03\/IMG-20200226-WA0029-1024x576.jpg 1024w, https:\/\/blogsaverroes.juntadeandalucia.es\/ceiparquitectoleoz\/files\/2020\/03\/IMG-20200226-WA0029-24x14.jpg 24w, https:\/\/blogsaverroes.juntadeandalucia.es\/ceiparquitectoleoz\/files\/2020\/03\/IMG-20200226-WA0029-36x20.jpg 36w, https:\/\/blogsaverroes.juntadeandalucia.es\/ceiparquitectoleoz\/files\/2020\/03\/IMG-20200226-WA0029-48x27.jpg 48w, https:\/\/blogsaverroes.juntadeandalucia.es\/ceiparquitectoleoz\/files\/2020\/03\/IMG-20200226-WA0029.jpg 1600w\" sizes=\"(max-width: 300px) 100vw, 300px\" \/><\/a> <a href=\"https:\/\/blogsaverroes.juntadeandalucia.es\/ceiparquitectoleoz\/files\/2020\/03\/IMG-20200226-WA0030.jpg\" target=\"_blank\" rel=\"noopener noreferrer\"><img loading=\"lazy\" decoding=\"async\" class=\"alignnone wp-image-3364 size-medium\" src=\"https:\/\/blogsaverroes.juntadeandalucia.es\/ceiparquitectoleoz\/files\/2020\/03\/IMG-20200226-WA0030-300x169.jpg\" alt=\"\" width=\"300\" height=\"169\" srcset=\"https:\/\/blogsaverroes.juntadeandalucia.es\/ceiparquitectoleoz\/files\/2020\/03\/IMG-20200226-WA0030-300x169.jpg 300w, https:\/\/blogsaverroes.juntadeandalucia.es\/ceiparquitectoleoz\/files\/2020\/03\/IMG-20200226-WA0030-768x432.jpg 768w, https:\/\/blogsaverroes.juntadeandalucia.es\/ceiparquitectoleoz\/files\/2020\/03\/IMG-20200226-WA0030-1024x576.jpg 1024w, https:\/\/blogsaverroes.juntadeandalucia.es\/ceiparquitectoleoz\/files\/2020\/03\/IMG-20200226-WA0030-24x14.jpg 24w, https:\/\/blogsaverroes.juntadeandalucia.es\/ceiparquitectoleoz\/files\/2020\/03\/IMG-20200226-WA0030-36x20.jpg 36w, https:\/\/blogsaverroes.juntadeandalucia.es\/ceiparquitectoleoz\/files\/2020\/03\/IMG-20200226-WA0030-48x27.jpg 48w, https:\/\/blogsaverroes.juntadeandalucia.es\/ceiparquitectoleoz\/files\/2020\/03\/IMG-20200226-WA0030.jpg 1600w\" sizes=\"(max-width: 300px) 100vw, 300px\" \/><\/a> <a href=\"https:\/\/blogsaverroes.juntadeandalucia.es\/ceiparquitectoleoz\/files\/2020\/03\/IMG-20200226-WA0031.jpg\" target=\"_blank\" rel=\"noopener noreferrer\"><img loading=\"lazy\" decoding=\"async\" class=\"alignnone wp-image-3365 size-medium\" src=\"https:\/\/blogsaverroes.juntadeandalucia.es\/ceiparquitectoleoz\/files\/2020\/03\/IMG-20200226-WA0031-300x169.jpg\" alt=\"\" width=\"300\" height=\"169\" srcset=\"https:\/\/blogsaverroes.juntadeandalucia.es\/ceiparquitectoleoz\/files\/2020\/03\/IMG-20200226-WA0031-300x169.jpg 300w, https:\/\/blogsaverroes.juntadeandalucia.es\/ceiparquitectoleoz\/files\/2020\/03\/IMG-20200226-WA0031-768x432.jpg 768w, https:\/\/blogsaverroes.juntadeandalucia.es\/ceiparquitectoleoz\/files\/2020\/03\/IMG-20200226-WA0031-1024x576.jpg 1024w, https:\/\/blogsaverroes.juntadeandalucia.es\/ceiparquitectoleoz\/files\/2020\/03\/IMG-20200226-WA0031-24x14.jpg 24w, https:\/\/blogsaverroes.juntadeandalucia.es\/ceiparquitectoleoz\/files\/2020\/03\/IMG-20200226-WA0031-36x20.jpg 36w, https:\/\/blogsaverroes.juntadeandalucia.es\/ceiparquitectoleoz\/files\/2020\/03\/IMG-20200226-WA0031-48x27.jpg 48w, https:\/\/blogsaverroes.juntadeandalucia.es\/ceiparquitectoleoz\/files\/2020\/03\/IMG-20200226-WA0031.jpg 1600w\" sizes=\"(max-width: 300px) 100vw, 300px\" \/><\/a> <a href=\"https:\/\/blogsaverroes.juntadeandalucia.es\/ceiparquitectoleoz\/files\/2020\/03\/IMG-20200226-WA0032.jpg\" target=\"_blank\" rel=\"noopener noreferrer\"><img loading=\"lazy\" decoding=\"async\" class=\"alignnone wp-image-3366 size-medium\" src=\"https:\/\/blogsaverroes.juntadeandalucia.es\/ceiparquitectoleoz\/files\/2020\/03\/IMG-20200226-WA0032-169x300.jpg\" alt=\"\" width=\"169\" height=\"300\" srcset=\"https:\/\/blogsaverroes.juntadeandalucia.es\/ceiparquitectoleoz\/files\/2020\/03\/IMG-20200226-WA0032-169x300.jpg 169w, https:\/\/blogsaverroes.juntadeandalucia.es\/ceiparquitectoleoz\/files\/2020\/03\/IMG-20200226-WA0032-768x1365.jpg 768w, https:\/\/blogsaverroes.juntadeandalucia.es\/ceiparquitectoleoz\/files\/2020\/03\/IMG-20200226-WA0032-576x1024.jpg 576w, https:\/\/blogsaverroes.juntadeandalucia.es\/ceiparquitectoleoz\/files\/2020\/03\/IMG-20200226-WA0032-14x24.jpg 14w, https:\/\/blogsaverroes.juntadeandalucia.es\/ceiparquitectoleoz\/files\/2020\/03\/IMG-20200226-WA0032-20x36.jpg 20w, https:\/\/blogsaverroes.juntadeandalucia.es\/ceiparquitectoleoz\/files\/2020\/03\/IMG-20200226-WA0032-27x48.jpg 27w, https:\/\/blogsaverroes.juntadeandalucia.es\/ceiparquitectoleoz\/files\/2020\/03\/IMG-20200226-WA0032.jpg 900w\" sizes=\"(max-width: 169px) 100vw, 169px\" \/><\/a> <a href=\"https:\/\/blogsaverroes.juntadeandalucia.es\/ceiparquitectoleoz\/files\/2020\/03\/IMG-20200226-WA0033.jpg\" target=\"_blank\" rel=\"noopener noreferrer\"><img loading=\"lazy\" decoding=\"async\" class=\"alignnone wp-image-3367 size-medium\" src=\"https:\/\/blogsaverroes.juntadeandalucia.es\/ceiparquitectoleoz\/files\/2020\/03\/IMG-20200226-WA0033-300x169.jpg\" alt=\"\" width=\"300\" height=\"169\" srcset=\"https:\/\/blogsaverroes.juntadeandalucia.es\/ceiparquitectoleoz\/files\/2020\/03\/IMG-20200226-WA0033-300x169.jpg 300w, https:\/\/blogsaverroes.juntadeandalucia.es\/ceiparquitectoleoz\/files\/2020\/03\/IMG-20200226-WA0033-768x432.jpg 768w, https:\/\/blogsaverroes.juntadeandalucia.es\/ceiparquitectoleoz\/files\/2020\/03\/IMG-20200226-WA0033-1024x576.jpg 1024w, https:\/\/blogsaverroes.juntadeandalucia.es\/ceiparquitectoleoz\/files\/2020\/03\/IMG-20200226-WA0033-24x14.jpg 24w, https:\/\/blogsaverroes.juntadeandalucia.es\/ceiparquitectoleoz\/files\/2020\/03\/IMG-20200226-WA0033-36x20.jpg 36w, https:\/\/blogsaverroes.juntadeandalucia.es\/ceiparquitectoleoz\/files\/2020\/03\/IMG-20200226-WA0033-48x27.jpg 48w, https:\/\/blogsaverroes.juntadeandalucia.es\/ceiparquitectoleoz\/files\/2020\/03\/IMG-20200226-WA0033.jpg 1600w\" sizes=\"(max-width: 300px) 100vw, 300px\" \/><\/a> <a href=\"https:\/\/blogsaverroes.juntadeandalucia.es\/ceiparquitectoleoz\/files\/2020\/03\/IMG-20200226-WA0034.jpg\" target=\"_blank\" rel=\"noopener noreferrer\"><img loading=\"lazy\" decoding=\"async\" class=\"alignnone wp-image-3368 size-medium\" src=\"https:\/\/blogsaverroes.juntadeandalucia.es\/ceiparquitectoleoz\/files\/2020\/03\/IMG-20200226-WA0034-169x300.jpg\" alt=\"\" width=\"169\" height=\"300\" srcset=\"https:\/\/blogsaverroes.juntadeandalucia.es\/ceiparquitectoleoz\/files\/2020\/03\/IMG-20200226-WA0034-169x300.jpg 169w, https:\/\/blogsaverroes.juntadeandalucia.es\/ceiparquitectoleoz\/files\/2020\/03\/IMG-20200226-WA0034-768x1365.jpg 768w, https:\/\/blogsaverroes.juntadeandalucia.es\/ceiparquitectoleoz\/files\/2020\/03\/IMG-20200226-WA0034-576x1024.jpg 576w, https:\/\/blogsaverroes.juntadeandalucia.es\/ceiparquitectoleoz\/files\/2020\/03\/IMG-20200226-WA0034-14x24.jpg 14w, https:\/\/blogsaverroes.juntadeandalucia.es\/ceiparquitectoleoz\/files\/2020\/03\/IMG-20200226-WA0034-20x36.jpg 20w, https:\/\/blogsaverroes.juntadeandalucia.es\/ceiparquitectoleoz\/files\/2020\/03\/IMG-20200226-WA0034-27x48.jpg 27w, https:\/\/blogsaverroes.juntadeandalucia.es\/ceiparquitectoleoz\/files\/2020\/03\/IMG-20200226-WA0034.jpg 900w\" sizes=\"(max-width: 169px) 100vw, 169px\" \/><\/a><\/p>\n<p>TALLERES 2\u00ba CICLO:<\/p>\n<p><a href=\"https:\/\/blogsaverroes.juntadeandalucia.es\/ceiparquitectoleoz\/files\/2020\/03\/IMG-20200226-WA0050.jpg\" target=\"_blank\" rel=\"noopener noreferrer\"><img loading=\"lazy\" decoding=\"async\" class=\"alignnone wp-image-3370 size-medium\" src=\"https:\/\/blogsaverroes.juntadeandalucia.es\/ceiparquitectoleoz\/files\/2020\/03\/IMG-20200226-WA0050-300x225.jpg\" alt=\"\" width=\"300\" height=\"225\" srcset=\"https:\/\/blogsaverroes.juntadeandalucia.es\/ceiparquitectoleoz\/files\/2020\/03\/IMG-20200226-WA0050-300x225.jpg 300w, https:\/\/blogsaverroes.juntadeandalucia.es\/ceiparquitectoleoz\/files\/2020\/03\/IMG-20200226-WA0050-768x576.jpg 768w, https:\/\/blogsaverroes.juntadeandalucia.es\/ceiparquitectoleoz\/files\/2020\/03\/IMG-20200226-WA0050-1024x768.jpg 1024w, https:\/\/blogsaverroes.juntadeandalucia.es\/ceiparquitectoleoz\/files\/2020\/03\/IMG-20200226-WA0050-24x18.jpg 24w, https:\/\/blogsaverroes.juntadeandalucia.es\/ceiparquitectoleoz\/files\/2020\/03\/IMG-20200226-WA0050-36x27.jpg 36w, https:\/\/blogsaverroes.juntadeandalucia.es\/ceiparquitectoleoz\/files\/2020\/03\/IMG-20200226-WA0050-48x36.jpg 48w, https:\/\/blogsaverroes.juntadeandalucia.es\/ceiparquitectoleoz\/files\/2020\/03\/IMG-20200226-WA0050.jpg 1600w\" sizes=\"(max-width: 300px) 100vw, 300px\" \/><\/a> <a href=\"https:\/\/blogsaverroes.juntadeandalucia.es\/ceiparquitectoleoz\/files\/2020\/03\/IMG-20200226-WA0101.jpg\" target=\"_blank\" rel=\"noopener noreferrer\"><img loading=\"lazy\" decoding=\"async\" class=\"alignnone wp-image-3371 size-medium\" src=\"https:\/\/blogsaverroes.juntadeandalucia.es\/ceiparquitectoleoz\/files\/2020\/03\/IMG-20200226-WA0101-225x300.jpg\" alt=\"\" width=\"225\" height=\"300\" srcset=\"https:\/\/blogsaverroes.juntadeandalucia.es\/ceiparquitectoleoz\/files\/2020\/03\/IMG-20200226-WA0101-225x300.jpg 225w, https:\/\/blogsaverroes.juntadeandalucia.es\/ceiparquitectoleoz\/files\/2020\/03\/IMG-20200226-WA0101-768x1024.jpg 768w, https:\/\/blogsaverroes.juntadeandalucia.es\/ceiparquitectoleoz\/files\/2020\/03\/IMG-20200226-WA0101-18x24.jpg 18w, https:\/\/blogsaverroes.juntadeandalucia.es\/ceiparquitectoleoz\/files\/2020\/03\/IMG-20200226-WA0101-27x36.jpg 27w, https:\/\/blogsaverroes.juntadeandalucia.es\/ceiparquitectoleoz\/files\/2020\/03\/IMG-20200226-WA0101-36x48.jpg 36w, https:\/\/blogsaverroes.juntadeandalucia.es\/ceiparquitectoleoz\/files\/2020\/03\/IMG-20200226-WA0101.jpg 1200w\" sizes=\"(max-width: 225px) 100vw, 225px\" \/><\/a> <a href=\"https:\/\/blogsaverroes.juntadeandalucia.es\/ceiparquitectoleoz\/files\/2020\/03\/IMG-20200226-WA0102.jpg\" target=\"_blank\" rel=\"noopener noreferrer\"><img loading=\"lazy\" decoding=\"async\" class=\"alignnone wp-image-3372 size-medium\" src=\"https:\/\/blogsaverroes.juntadeandalucia.es\/ceiparquitectoleoz\/files\/2020\/03\/IMG-20200226-WA0102-300x225.jpg\" alt=\"\" width=\"300\" height=\"225\" srcset=\"https:\/\/blogsaverroes.juntadeandalucia.es\/ceiparquitectoleoz\/files\/2020\/03\/IMG-20200226-WA0102-300x225.jpg 300w, https:\/\/blogsaverroes.juntadeandalucia.es\/ceiparquitectoleoz\/files\/2020\/03\/IMG-20200226-WA0102-768x576.jpg 768w, https:\/\/blogsaverroes.juntadeandalucia.es\/ceiparquitectoleoz\/files\/2020\/03\/IMG-20200226-WA0102-1024x768.jpg 1024w, https:\/\/blogsaverroes.juntadeandalucia.es\/ceiparquitectoleoz\/files\/2020\/03\/IMG-20200226-WA0102-24x18.jpg 24w, https:\/\/blogsaverroes.juntadeandalucia.es\/ceiparquitectoleoz\/files\/2020\/03\/IMG-20200226-WA0102-36x27.jpg 36w, https:\/\/blogsaverroes.juntadeandalucia.es\/ceiparquitectoleoz\/files\/2020\/03\/IMG-20200226-WA0102-48x36.jpg 48w, https:\/\/blogsaverroes.juntadeandalucia.es\/ceiparquitectoleoz\/files\/2020\/03\/IMG-20200226-WA0102.jpg 1599w\" sizes=\"(max-width: 300px) 100vw, 300px\" \/><\/a><\/p>\n<p>TALLERES 3\u00ba CICLO:<\/p>\n<p><a href=\"https:\/\/blogsaverroes.juntadeandalucia.es\/ceiparquitectoleoz\/files\/2020\/03\/IMG-20200226-WA0035.jpg\" target=\"_blank\" rel=\"noopener noreferrer\"><img loading=\"lazy\" decoding=\"async\" class=\"alignnone wp-image-3374 size-medium\" src=\"https:\/\/blogsaverroes.juntadeandalucia.es\/ceiparquitectoleoz\/files\/2020\/03\/IMG-20200226-WA0035-300x169.jpg\" alt=\"\" width=\"300\" height=\"169\" srcset=\"https:\/\/blogsaverroes.juntadeandalucia.es\/ceiparquitectoleoz\/files\/2020\/03\/IMG-20200226-WA0035-300x169.jpg 300w, https:\/\/blogsaverroes.juntadeandalucia.es\/ceiparquitectoleoz\/files\/2020\/03\/IMG-20200226-WA0035-768x432.jpg 768w, https:\/\/blogsaverroes.juntadeandalucia.es\/ceiparquitectoleoz\/files\/2020\/03\/IMG-20200226-WA0035-1024x576.jpg 1024w, https:\/\/blogsaverroes.juntadeandalucia.es\/ceiparquitectoleoz\/files\/2020\/03\/IMG-20200226-WA0035-24x14.jpg 24w, https:\/\/blogsaverroes.juntadeandalucia.es\/ceiparquitectoleoz\/files\/2020\/03\/IMG-20200226-WA0035-36x20.jpg 36w, https:\/\/blogsaverroes.juntadeandalucia.es\/ceiparquitectoleoz\/files\/2020\/03\/IMG-20200226-WA0035-48x27.jpg 48w, https:\/\/blogsaverroes.juntadeandalucia.es\/ceiparquitectoleoz\/files\/2020\/03\/IMG-20200226-WA0035.jpg 1600w\" sizes=\"(max-width: 300px) 100vw, 300px\" \/><\/a> <a href=\"https:\/\/blogsaverroes.juntadeandalucia.es\/ceiparquitectoleoz\/files\/2020\/03\/IMG-20200226-WA0036.jpg\" target=\"_blank\" rel=\"noopener noreferrer\"><img loading=\"lazy\" decoding=\"async\" class=\"alignnone wp-image-3375 size-medium\" src=\"https:\/\/blogsaverroes.juntadeandalucia.es\/ceiparquitectoleoz\/files\/2020\/03\/IMG-20200226-WA0036-300x169.jpg\" alt=\"\" width=\"300\" height=\"169\" srcset=\"https:\/\/blogsaverroes.juntadeandalucia.es\/ceiparquitectoleoz\/files\/2020\/03\/IMG-20200226-WA0036-300x169.jpg 300w, https:\/\/blogsaverroes.juntadeandalucia.es\/ceiparquitectoleoz\/files\/2020\/03\/IMG-20200226-WA0036-768x432.jpg 768w, https:\/\/blogsaverroes.juntadeandalucia.es\/ceiparquitectoleoz\/files\/2020\/03\/IMG-20200226-WA0036-1024x576.jpg 1024w, https:\/\/blogsaverroes.juntadeandalucia.es\/ceiparquitectoleoz\/files\/2020\/03\/IMG-20200226-WA0036-24x14.jpg 24w, https:\/\/blogsaverroes.juntadeandalucia.es\/ceiparquitectoleoz\/files\/2020\/03\/IMG-20200226-WA0036-36x20.jpg 36w, https:\/\/blogsaverroes.juntadeandalucia.es\/ceiparquitectoleoz\/files\/2020\/03\/IMG-20200226-WA0036-48x27.jpg 48w, https:\/\/blogsaverroes.juntadeandalucia.es\/ceiparquitectoleoz\/files\/2020\/03\/IMG-20200226-WA0036.jpg 1600w\" sizes=\"(max-width: 300px) 100vw, 300px\" \/><\/a> <a href=\"https:\/\/blogsaverroes.juntadeandalucia.es\/ceiparquitectoleoz\/files\/2020\/03\/IMG-20200226-WA0037.jpg\" target=\"_blank\" rel=\"noopener noreferrer\"><img loading=\"lazy\" decoding=\"async\" class=\"alignnone wp-image-3376 size-medium\" src=\"https:\/\/blogsaverroes.juntadeandalucia.es\/ceiparquitectoleoz\/files\/2020\/03\/IMG-20200226-WA0037-169x300.jpg\" alt=\"\" width=\"169\" height=\"300\" srcset=\"https:\/\/blogsaverroes.juntadeandalucia.es\/ceiparquitectoleoz\/files\/2020\/03\/IMG-20200226-WA0037-169x300.jpg 169w, https:\/\/blogsaverroes.juntadeandalucia.es\/ceiparquitectoleoz\/files\/2020\/03\/IMG-20200226-WA0037-768x1365.jpg 768w, https:\/\/blogsaverroes.juntadeandalucia.es\/ceiparquitectoleoz\/files\/2020\/03\/IMG-20200226-WA0037-576x1024.jpg 576w, https:\/\/blogsaverroes.juntadeandalucia.es\/ceiparquitectoleoz\/files\/2020\/03\/IMG-20200226-WA0037-14x24.jpg 14w, https:\/\/blogsaverroes.juntadeandalucia.es\/ceiparquitectoleoz\/files\/2020\/03\/IMG-20200226-WA0037-20x36.jpg 20w, https:\/\/blogsaverroes.juntadeandalucia.es\/ceiparquitectoleoz\/files\/2020\/03\/IMG-20200226-WA0037-27x48.jpg 27w, https:\/\/blogsaverroes.juntadeandalucia.es\/ceiparquitectoleoz\/files\/2020\/03\/IMG-20200226-WA0037.jpg 900w\" sizes=\"(max-width: 169px) 100vw, 169px\" \/><\/a> <a href=\"https:\/\/blogsaverroes.juntadeandalucia.es\/ceiparquitectoleoz\/files\/2020\/03\/IMG-20200226-WA0041.jpg\" target=\"_blank\" rel=\"noopener noreferrer\"><img loading=\"lazy\" decoding=\"async\" class=\"alignnone wp-image-3377 size-medium\" src=\"https:\/\/blogsaverroes.juntadeandalucia.es\/ceiparquitectoleoz\/files\/2020\/03\/IMG-20200226-WA0041-300x225.jpg\" alt=\"\" width=\"300\" height=\"225\" srcset=\"https:\/\/blogsaverroes.juntadeandalucia.es\/ceiparquitectoleoz\/files\/2020\/03\/IMG-20200226-WA0041-300x225.jpg 300w, https:\/\/blogsaverroes.juntadeandalucia.es\/ceiparquitectoleoz\/files\/2020\/03\/IMG-20200226-WA0041-768x576.jpg 768w, https:\/\/blogsaverroes.juntadeandalucia.es\/ceiparquitectoleoz\/files\/2020\/03\/IMG-20200226-WA0041-1024x768.jpg 1024w, https:\/\/blogsaverroes.juntadeandalucia.es\/ceiparquitectoleoz\/files\/2020\/03\/IMG-20200226-WA0041-24x18.jpg 24w, https:\/\/blogsaverroes.juntadeandalucia.es\/ceiparquitectoleoz\/files\/2020\/03\/IMG-20200226-WA0041-36x27.jpg 36w, https:\/\/blogsaverroes.juntadeandalucia.es\/ceiparquitectoleoz\/files\/2020\/03\/IMG-20200226-WA0041-48x36.jpg 48w, https:\/\/blogsaverroes.juntadeandalucia.es\/ceiparquitectoleoz\/files\/2020\/03\/IMG-20200226-WA0041.jpg 1600w\" sizes=\"(max-width: 300px) 100vw, 300px\" \/><\/a> <a href=\"https:\/\/blogsaverroes.juntadeandalucia.es\/ceiparquitectoleoz\/files\/2020\/03\/IMG-20200226-WA0066.jpg\" target=\"_blank\" rel=\"noopener noreferrer\"><img loading=\"lazy\" decoding=\"async\" class=\"alignnone wp-image-3378 size-medium\" src=\"https:\/\/blogsaverroes.juntadeandalucia.es\/ceiparquitectoleoz\/files\/2020\/03\/IMG-20200226-WA0066-300x225.jpg\" alt=\"\" width=\"300\" height=\"225\" srcset=\"https:\/\/blogsaverroes.juntadeandalucia.es\/ceiparquitectoleoz\/files\/2020\/03\/IMG-20200226-WA0066-300x225.jpg 300w, https:\/\/blogsaverroes.juntadeandalucia.es\/ceiparquitectoleoz\/files\/2020\/03\/IMG-20200226-WA0066-768x576.jpg 768w, https:\/\/blogsaverroes.juntadeandalucia.es\/ceiparquitectoleoz\/files\/2020\/03\/IMG-20200226-WA0066-1024x768.jpg 1024w, https:\/\/blogsaverroes.juntadeandalucia.es\/ceiparquitectoleoz\/files\/2020\/03\/IMG-20200226-WA0066-24x18.jpg 24w, https:\/\/blogsaverroes.juntadeandalucia.es\/ceiparquitectoleoz\/files\/2020\/03\/IMG-20200226-WA0066-36x27.jpg 36w, https:\/\/blogsaverroes.juntadeandalucia.es\/ceiparquitectoleoz\/files\/2020\/03\/IMG-20200226-WA0066-48x36.jpg 48w, https:\/\/blogsaverroes.juntadeandalucia.es\/ceiparquitectoleoz\/files\/2020\/03\/IMG-20200226-WA0066.jpg 1600w\" sizes=\"(max-width: 300px) 100vw, 300px\" \/><\/a> <a href=\"https:\/\/blogsaverroes.juntadeandalucia.es\/ceiparquitectoleoz\/files\/2020\/03\/IMG-20200226-WA0069.jpg\" target=\"_blank\" rel=\"noopener noreferrer\"><img loading=\"lazy\" decoding=\"async\" class=\"alignnone wp-image-3379 size-medium\" src=\"https:\/\/blogsaverroes.juntadeandalucia.es\/ceiparquitectoleoz\/files\/2020\/03\/IMG-20200226-WA0069-300x225.jpg\" alt=\"\" width=\"300\" height=\"225\" srcset=\"https:\/\/blogsaverroes.juntadeandalucia.es\/ceiparquitectoleoz\/files\/2020\/03\/IMG-20200226-WA0069-300x225.jpg 300w, https:\/\/blogsaverroes.juntadeandalucia.es\/ceiparquitectoleoz\/files\/2020\/03\/IMG-20200226-WA0069-768x576.jpg 768w, https:\/\/blogsaverroes.juntadeandalucia.es\/ceiparquitectoleoz\/files\/2020\/03\/IMG-20200226-WA0069-1024x768.jpg 1024w, https:\/\/blogsaverroes.juntadeandalucia.es\/ceiparquitectoleoz\/files\/2020\/03\/IMG-20200226-WA0069-24x18.jpg 24w, https:\/\/blogsaverroes.juntadeandalucia.es\/ceiparquitectoleoz\/files\/2020\/03\/IMG-20200226-WA0069-36x27.jpg 36w, https:\/\/blogsaverroes.juntadeandalucia.es\/ceiparquitectoleoz\/files\/2020\/03\/IMG-20200226-WA0069-48x36.jpg 48w, https:\/\/blogsaverroes.juntadeandalucia.es\/ceiparquitectoleoz\/files\/2020\/03\/IMG-20200226-WA0069.jpg 1600w\" sizes=\"(max-width: 300px) 100vw, 300px\" \/><\/a> <a href=\"https:\/\/blogsaverroes.juntadeandalucia.es\/ceiparquitectoleoz\/files\/2020\/03\/IMG-20200226-WA0073.jpg\" target=\"_blank\" rel=\"noopener noreferrer\"><img loading=\"lazy\" decoding=\"async\" class=\"alignnone wp-image-3380 size-medium\" src=\"https:\/\/blogsaverroes.juntadeandalucia.es\/ceiparquitectoleoz\/files\/2020\/03\/IMG-20200226-WA0073-300x225.jpg\" alt=\"\" width=\"300\" height=\"225\" srcset=\"https:\/\/blogsaverroes.juntadeandalucia.es\/ceiparquitectoleoz\/files\/2020\/03\/IMG-20200226-WA0073-300x225.jpg 300w, https:\/\/blogsaverroes.juntadeandalucia.es\/ceiparquitectoleoz\/files\/2020\/03\/IMG-20200226-WA0073-768x576.jpg 768w, https:\/\/blogsaverroes.juntadeandalucia.es\/ceiparquitectoleoz\/files\/2020\/03\/IMG-20200226-WA0073-1024x768.jpg 1024w, https:\/\/blogsaverroes.juntadeandalucia.es\/ceiparquitectoleoz\/files\/2020\/03\/IMG-20200226-WA0073-24x18.jpg 24w, https:\/\/blogsaverroes.juntadeandalucia.es\/ceiparquitectoleoz\/files\/2020\/03\/IMG-20200226-WA0073-36x27.jpg 36w, https:\/\/blogsaverroes.juntadeandalucia.es\/ceiparquitectoleoz\/files\/2020\/03\/IMG-20200226-WA0073-48x36.jpg 48w, https:\/\/blogsaverroes.juntadeandalucia.es\/ceiparquitectoleoz\/files\/2020\/03\/IMG-20200226-WA0073.jpg 1600w\" sizes=\"(max-width: 300px) 100vw, 300px\" \/><\/a> <a href=\"https:\/\/blogsaverroes.juntadeandalucia.es\/ceiparquitectoleoz\/files\/2020\/03\/IMG-20200226-WA0083.jpg\" target=\"_blank\" rel=\"noopener noreferrer\"><img loading=\"lazy\" decoding=\"async\" class=\"alignnone wp-image-3381 size-medium\" src=\"https:\/\/blogsaverroes.juntadeandalucia.es\/ceiparquitectoleoz\/files\/2020\/03\/IMG-20200226-WA0083-300x225.jpg\" alt=\"\" width=\"300\" height=\"225\" srcset=\"https:\/\/blogsaverroes.juntadeandalucia.es\/ceiparquitectoleoz\/files\/2020\/03\/IMG-20200226-WA0083-300x225.jpg 300w, https:\/\/blogsaverroes.juntadeandalucia.es\/ceiparquitectoleoz\/files\/2020\/03\/IMG-20200226-WA0083-768x576.jpg 768w, https:\/\/blogsaverroes.juntadeandalucia.es\/ceiparquitectoleoz\/files\/2020\/03\/IMG-20200226-WA0083.jpg 1024w, https:\/\/blogsaverroes.juntadeandalucia.es\/ceiparquitectoleoz\/files\/2020\/03\/IMG-20200226-WA0083-24x18.jpg 24w, https:\/\/blogsaverroes.juntadeandalucia.es\/ceiparquitectoleoz\/files\/2020\/03\/IMG-20200226-WA0083-36x27.jpg 36w, https:\/\/blogsaverroes.juntadeandalucia.es\/ceiparquitectoleoz\/files\/2020\/03\/IMG-20200226-WA0083-48x36.jpg 48w\" sizes=\"(max-width: 300px) 100vw, 300px\" \/><\/a> <a href=\"https:\/\/blogsaverroes.juntadeandalucia.es\/ceiparquitectoleoz\/files\/2020\/03\/IMG-20200226-WA0087.jpg\" target=\"_blank\" rel=\"noopener noreferrer\"><img loading=\"lazy\" decoding=\"async\" class=\"alignnone wp-image-3382 size-medium\" src=\"https:\/\/blogsaverroes.juntadeandalucia.es\/ceiparquitectoleoz\/files\/2020\/03\/IMG-20200226-WA0087-300x225.jpg\" alt=\"\" width=\"300\" height=\"225\" srcset=\"https:\/\/blogsaverroes.juntadeandalucia.es\/ceiparquitectoleoz\/files\/2020\/03\/IMG-20200226-WA0087-300x225.jpg 300w, https:\/\/blogsaverroes.juntadeandalucia.es\/ceiparquitectoleoz\/files\/2020\/03\/IMG-20200226-WA0087-768x576.jpg 768w, https:\/\/blogsaverroes.juntadeandalucia.es\/ceiparquitectoleoz\/files\/2020\/03\/IMG-20200226-WA0087.jpg 1024w, https:\/\/blogsaverroes.juntadeandalucia.es\/ceiparquitectoleoz\/files\/2020\/03\/IMG-20200226-WA0087-24x18.jpg 24w, https:\/\/blogsaverroes.juntadeandalucia.es\/ceiparquitectoleoz\/files\/2020\/03\/IMG-20200226-WA0087-36x27.jpg 36w, https:\/\/blogsaverroes.juntadeandalucia.es\/ceiparquitectoleoz\/files\/2020\/03\/IMG-20200226-WA0087-48x36.jpg 48w\" sizes=\"(max-width: 300px) 100vw, 300px\" \/><\/a><\/p>\n<p>&nbsp;<\/p>\n<p>&#8212;&#8212;&#8212;&#8212;&#8212;&#8212;&#8212;&#8212;&#8212;&#8212;&#8212;&#8212;&#8212;&#8212;&#8212;&#8212;&#8212;&#8212;&#8212;&#8212;&#8212;&#8212;&#8212;&#8212;&#8212;&#8212;&#8212;&#8212;&#8212;&#8212;&#8212;&#8212;&#8212;&#8212;&#8212;&#8212;&#8212;&#8212;&#8212;&#8212;&#8212;&#8212;<\/p>\n<p><strong>D\u00cdA DE ANDALUC\u00cdA CURSO 2018\/2019<\/strong><\/p>\n<p><img loading=\"lazy\" decoding=\"async\" class=\"aligncenter wp-image-2830 size-full\" src=\"https:\/\/blogsaverroes.juntadeandalucia.es\/ceiparquitectoleoz\/files\/2018\/05\/DiaAndalucia2019.jpg\" alt=\"\" width=\"541\" height=\"282\" srcset=\"https:\/\/blogsaverroes.juntadeandalucia.es\/ceiparquitectoleoz\/files\/2018\/05\/DiaAndalucia2019.jpg 541w, https:\/\/blogsaverroes.juntadeandalucia.es\/ceiparquitectoleoz\/files\/2018\/05\/DiaAndalucia2019-300x156.jpg 300w, https:\/\/blogsaverroes.juntadeandalucia.es\/ceiparquitectoleoz\/files\/2018\/05\/DiaAndalucia2019-24x13.jpg 24w, https:\/\/blogsaverroes.juntadeandalucia.es\/ceiparquitectoleoz\/files\/2018\/05\/DiaAndalucia2019-36x19.jpg 36w, https:\/\/blogsaverroes.juntadeandalucia.es\/ceiparquitectoleoz\/files\/2018\/05\/DiaAndalucia2019-48x25.jpg 48w\" sizes=\"(max-width: 541px) 100vw, 541px\" \/><\/p>\n<p><img loading=\"lazy\" decoding=\"async\" class=\"aligncenter wp-image-2829 size-full\" src=\"https:\/\/blogsaverroes.juntadeandalucia.es\/ceiparquitectoleoz\/files\/2018\/05\/AndaluciaSomosTodos.jpg\" alt=\"\" width=\"558\" height=\"72\" srcset=\"https:\/\/blogsaverroes.juntadeandalucia.es\/ceiparquitectoleoz\/files\/2018\/05\/AndaluciaSomosTodos.jpg 558w, https:\/\/blogsaverroes.juntadeandalucia.es\/ceiparquitectoleoz\/files\/2018\/05\/AndaluciaSomosTodos-300x39.jpg 300w, https:\/\/blogsaverroes.juntadeandalucia.es\/ceiparquitectoleoz\/files\/2018\/05\/AndaluciaSomosTodos-24x3.jpg 24w, https:\/\/blogsaverroes.juntadeandalucia.es\/ceiparquitectoleoz\/files\/2018\/05\/AndaluciaSomosTodos-36x5.jpg 36w, https:\/\/blogsaverroes.juntadeandalucia.es\/ceiparquitectoleoz\/files\/2018\/05\/AndaluciaSomosTodos-48x6.jpg 48w\" sizes=\"(max-width: 558px) 100vw, 558px\" \/><\/p>\n<p>&nbsp;<\/p>\n<p><strong><span style=\"color: #008000\">La celebraci\u00f3n de efem\u00e9rides en el colegio es una magn\u00edfica oportunidad para conmemorar vivencias, educar en valores y dialogar sobre situaciones y hechos que merecen la pena, sensibilizando y concienciando al alumnado sobre derechos humanos, h\u00e1bitos saludables, vivencias culturales, etc. Y qu\u00e9 mejor fecha que la que nos brinda nuestra propia Comunidad Aut\u00f3noma: el d\u00eda de Andaluc\u00eda.<\/span><\/strong><\/p>\n<p><strong><span style=\"color: #008000\">A lo largo de la semana y bajo el lema \u201cAndaluc\u00eda somos todos\u201d, el trabajo cotidiano de clase se salpicar\u00e1 de actividades que tienen por objetivo conocer y valorar la riqueza cultural y art\u00edstica de la Comunidad Andaluza .<\/span><\/strong><\/p>\n<p><strong><span style=\"color: #008000\">Se trabajar\u00e1 la riqueza cultural, art\u00edstica, culinaria, patrimonial\u2026 que tenemos tanto en Andaluc\u00eda como en nuestra provincia y comarca, adaptando el trabajo a la edad de nuestros alumnos.<\/span><\/strong><\/p>\n<p><strong><span style=\"color: #008000\">Por otro lado, aprenderemos el himno de Andaluc\u00eda y se har\u00e1 un acto com\u00fan en el que, todos unidos, celebraremos este d\u00eda tan especial.<\/span><\/strong><\/p>\n<p>&nbsp;<\/p>\n<p><a href=\"https:\/\/blogsaverroes.juntadeandalucia.es\/ceiparquitectoleoz\/files\/2018\/05\/IMG-20190227-WA0043-1.jpg\" target=\"_blank\" rel=\"noopener noreferrer\"><img loading=\"lazy\" decoding=\"async\" class=\"alignnone wp-image-2833 size-medium\" src=\"https:\/\/blogsaverroes.juntadeandalucia.es\/ceiparquitectoleoz\/files\/2018\/05\/IMG-20190227-WA0043-1-300x169.jpg\" alt=\"\" width=\"300\" height=\"169\" srcset=\"https:\/\/blogsaverroes.juntadeandalucia.es\/ceiparquitectoleoz\/files\/2018\/05\/IMG-20190227-WA0043-1-300x169.jpg 300w, https:\/\/blogsaverroes.juntadeandalucia.es\/ceiparquitectoleoz\/files\/2018\/05\/IMG-20190227-WA0043-1-1024x576.jpg 1024w, https:\/\/blogsaverroes.juntadeandalucia.es\/ceiparquitectoleoz\/files\/2018\/05\/IMG-20190227-WA0043-1-24x14.jpg 24w, https:\/\/blogsaverroes.juntadeandalucia.es\/ceiparquitectoleoz\/files\/2018\/05\/IMG-20190227-WA0043-1-36x20.jpg 36w, https:\/\/blogsaverroes.juntadeandalucia.es\/ceiparquitectoleoz\/files\/2018\/05\/IMG-20190227-WA0043-1-48x27.jpg 48w, https:\/\/blogsaverroes.juntadeandalucia.es\/ceiparquitectoleoz\/files\/2018\/05\/IMG-20190227-WA0043-1.jpg 1600w\" sizes=\"(max-width: 300px) 100vw, 300px\" \/><\/a> <a href=\"https:\/\/blogsaverroes.juntadeandalucia.es\/ceiparquitectoleoz\/files\/2018\/05\/IMG-20190227-WA0045.jpg\" target=\"_blank\" rel=\"noopener noreferrer\"><img loading=\"lazy\" decoding=\"async\" class=\"alignnone wp-image-2834 size-medium\" src=\"https:\/\/blogsaverroes.juntadeandalucia.es\/ceiparquitectoleoz\/files\/2018\/05\/IMG-20190227-WA0045-300x169.jpg\" alt=\"\" width=\"300\" height=\"169\" srcset=\"https:\/\/blogsaverroes.juntadeandalucia.es\/ceiparquitectoleoz\/files\/2018\/05\/IMG-20190227-WA0045-300x169.jpg 300w, https:\/\/blogsaverroes.juntadeandalucia.es\/ceiparquitectoleoz\/files\/2018\/05\/IMG-20190227-WA0045-1024x576.jpg 1024w, https:\/\/blogsaverroes.juntadeandalucia.es\/ceiparquitectoleoz\/files\/2018\/05\/IMG-20190227-WA0045-24x14.jpg 24w, https:\/\/blogsaverroes.juntadeandalucia.es\/ceiparquitectoleoz\/files\/2018\/05\/IMG-20190227-WA0045-36x20.jpg 36w, https:\/\/blogsaverroes.juntadeandalucia.es\/ceiparquitectoleoz\/files\/2018\/05\/IMG-20190227-WA0045-48x27.jpg 48w, https:\/\/blogsaverroes.juntadeandalucia.es\/ceiparquitectoleoz\/files\/2018\/05\/IMG-20190227-WA0045.jpg 1600w\" sizes=\"(max-width: 300px) 100vw, 300px\" \/><\/a> <a href=\"https:\/\/blogsaverroes.juntadeandalucia.es\/ceiparquitectoleoz\/files\/2018\/05\/IMG-20190301-WA0015.jpg\" target=\"_blank\" rel=\"noopener noreferrer\"><img loading=\"lazy\" decoding=\"async\" class=\"alignnone wp-image-2836 size-medium\" src=\"https:\/\/blogsaverroes.juntadeandalucia.es\/ceiparquitectoleoz\/files\/2018\/05\/IMG-20190301-WA0015-300x169.jpg\" alt=\"\" width=\"300\" height=\"169\" srcset=\"https:\/\/blogsaverroes.juntadeandalucia.es\/ceiparquitectoleoz\/files\/2018\/05\/IMG-20190301-WA0015-300x169.jpg 300w, https:\/\/blogsaverroes.juntadeandalucia.es\/ceiparquitectoleoz\/files\/2018\/05\/IMG-20190301-WA0015-1024x576.jpg 1024w, https:\/\/blogsaverroes.juntadeandalucia.es\/ceiparquitectoleoz\/files\/2018\/05\/IMG-20190301-WA0015-24x14.jpg 24w, https:\/\/blogsaverroes.juntadeandalucia.es\/ceiparquitectoleoz\/files\/2018\/05\/IMG-20190301-WA0015-36x20.jpg 36w, https:\/\/blogsaverroes.juntadeandalucia.es\/ceiparquitectoleoz\/files\/2018\/05\/IMG-20190301-WA0015-48x27.jpg 48w, https:\/\/blogsaverroes.juntadeandalucia.es\/ceiparquitectoleoz\/files\/2018\/05\/IMG-20190301-WA0015.jpg 1600w\" sizes=\"(max-width: 300px) 100vw, 300px\" \/><\/a> <a href=\"https:\/\/blogsaverroes.juntadeandalucia.es\/ceiparquitectoleoz\/files\/2018\/05\/IMG-20190301-WA0017.jpg\" target=\"_blank\" rel=\"noopener noreferrer\"><img loading=\"lazy\" decoding=\"async\" class=\"alignnone wp-image-2837 size-medium\" src=\"https:\/\/blogsaverroes.juntadeandalucia.es\/ceiparquitectoleoz\/files\/2018\/05\/IMG-20190301-WA0017-300x169.jpg\" alt=\"\" width=\"300\" height=\"169\" srcset=\"https:\/\/blogsaverroes.juntadeandalucia.es\/ceiparquitectoleoz\/files\/2018\/05\/IMG-20190301-WA0017-300x169.jpg 300w, https:\/\/blogsaverroes.juntadeandalucia.es\/ceiparquitectoleoz\/files\/2018\/05\/IMG-20190301-WA0017-1024x576.jpg 1024w, https:\/\/blogsaverroes.juntadeandalucia.es\/ceiparquitectoleoz\/files\/2018\/05\/IMG-20190301-WA0017-24x14.jpg 24w, https:\/\/blogsaverroes.juntadeandalucia.es\/ceiparquitectoleoz\/files\/2018\/05\/IMG-20190301-WA0017-36x20.jpg 36w, https:\/\/blogsaverroes.juntadeandalucia.es\/ceiparquitectoleoz\/files\/2018\/05\/IMG-20190301-WA0017-48x27.jpg 48w, https:\/\/blogsaverroes.juntadeandalucia.es\/ceiparquitectoleoz\/files\/2018\/05\/IMG-20190301-WA0017.jpg 1600w\" sizes=\"(max-width: 300px) 100vw, 300px\" \/><\/a><a href=\"https:\/\/blogsaverroes.juntadeandalucia.es\/ceiparquitectoleoz\/files\/2018\/05\/IMG-20190227-WA0096.jpg\" target=\"_blank\" rel=\"noopener noreferrer\"><img loading=\"lazy\" decoding=\"async\" class=\"alignnone wp-image-2835 size-medium\" src=\"https:\/\/blogsaverroes.juntadeandalucia.es\/ceiparquitectoleoz\/files\/2018\/05\/IMG-20190227-WA0096-300x169.jpg\" alt=\"\" width=\"300\" height=\"169\" srcset=\"https:\/\/blogsaverroes.juntadeandalucia.es\/ceiparquitectoleoz\/files\/2018\/05\/IMG-20190227-WA0096-300x169.jpg 300w, https:\/\/blogsaverroes.juntadeandalucia.es\/ceiparquitectoleoz\/files\/2018\/05\/IMG-20190227-WA0096-1024x576.jpg 1024w, https:\/\/blogsaverroes.juntadeandalucia.es\/ceiparquitectoleoz\/files\/2018\/05\/IMG-20190227-WA0096-24x14.jpg 24w, https:\/\/blogsaverroes.juntadeandalucia.es\/ceiparquitectoleoz\/files\/2018\/05\/IMG-20190227-WA0096-36x20.jpg 36w, https:\/\/blogsaverroes.juntadeandalucia.es\/ceiparquitectoleoz\/files\/2018\/05\/IMG-20190227-WA0096-48x27.jpg 48w, https:\/\/blogsaverroes.juntadeandalucia.es\/ceiparquitectoleoz\/files\/2018\/05\/IMG-20190227-WA0096.jpg 1600w\" sizes=\"(max-width: 300px) 100vw, 300px\" \/><\/a><\/p>\n<p>&nbsp;<\/p>\n<p><a href=\"https:\/\/blogsaverroes.juntadeandalucia.es\/ceiparquitectoleoz\/educacion-infantil\/\">Hacer clic para abrir la pagina de Talleres del D\u00eda de Andaluc\u00eda 2018\/2019 de Educaci\u00f3n Infantil<\/a><\/p>\n<p><a href=\"https:\/\/blogsaverroes.juntadeandalucia.es\/ceiparquitectoleoz\/ed-primaria-1o-ciclo\/\">Hacer clic para abrir la pagina de Talleres del D\u00eda de Andaluc\u00eda 2018\/2019 de Ed. Primaria 1\u00ba ciclo<\/a><\/p>\n<p><a href=\"https:\/\/blogsaverroes.juntadeandalucia.es\/ceiparquitectoleoz\/ed-primaria-2o-ciclo\/\">Hacer clic para abrir la pagina de Talleres del D\u00eda de Andaluc\u00eda 2018\/2019 de Ed. Primaria 2\u00ba ciclo<\/a><\/p>\n<p><a href=\"https:\/\/blogsaverroes.juntadeandalucia.es\/ceiparquitectoleoz\/ed-primaria-3o-ciclo\/\">Hacer clic para abrir la pagina de Talleres del D\u00eda de Andaluc\u00eda 2018\/2019 de Ed. Primaria 3\u00ba ciclo<\/a><\/p>\n<p>&nbsp;<\/p>\n<p>&nbsp;<\/p>\n<p>&#8212;&#8212;&#8212;&#8212;&#8212;&#8212;&#8212;&#8212;&#8212;&#8212;&#8212;&#8212;&#8212;&#8212;&#8212;&#8212;&#8212;&#8212;&#8212;&#8212;&#8212;&#8212;&#8212;&#8212;&#8212;&#8212;&#8212;&#8212;&#8212;&#8212;&#8212;&#8212;&#8212;&#8212;&#8212;&#8212;&#8212;&#8212;&#8212;&#8212;&#8212;&#8212;&#8212;-<\/p>\n<p><strong><span style=\"color: #000000\">D\u00cdA DE ANDALUC\u00cdA CURSO 2017\/2018<\/span><\/strong><\/p>\n<p><span style=\"color: #008000\">Como cada a\u00f1o, el 28 de febrero celebramos el <strong>D\u00eda de Andaluc\u00eda.<\/strong><\/span><\/p>\n<p style=\"text-align: left\"><img loading=\"lazy\" decoding=\"async\" class=\"alignnone size-medium wp-image-2494\" src=\"https:\/\/blogsaverroes.juntadeandalucia.es\/ceiparquitectoleoz\/files\/2018\/05\/2017-18_DiaAndalucia1-300x225.jpg\" alt=\"\" width=\"300\" height=\"225\" srcset=\"https:\/\/blogsaverroes.juntadeandalucia.es\/ceiparquitectoleoz\/files\/2018\/05\/2017-18_DiaAndalucia1-300x225.jpg 300w, https:\/\/blogsaverroes.juntadeandalucia.es\/ceiparquitectoleoz\/files\/2018\/05\/2017-18_DiaAndalucia1-24x18.jpg 24w, https:\/\/blogsaverroes.juntadeandalucia.es\/ceiparquitectoleoz\/files\/2018\/05\/2017-18_DiaAndalucia1-36x27.jpg 36w, https:\/\/blogsaverroes.juntadeandalucia.es\/ceiparquitectoleoz\/files\/2018\/05\/2017-18_DiaAndalucia1-48x36.jpg 48w, https:\/\/blogsaverroes.juntadeandalucia.es\/ceiparquitectoleoz\/files\/2018\/05\/2017-18_DiaAndalucia1.jpg 698w\" sizes=\"(max-width: 300px) 100vw, 300px\" \/><\/p>\n<p><img loading=\"lazy\" decoding=\"async\" class=\"alignnone size-medium wp-image-2495\" src=\"https:\/\/blogsaverroes.juntadeandalucia.es\/ceiparquitectoleoz\/files\/2018\/05\/2017-18_DiaAndalucia2-300x225.jpg\" alt=\"\" width=\"300\" height=\"225\" srcset=\"https:\/\/blogsaverroes.juntadeandalucia.es\/ceiparquitectoleoz\/files\/2018\/05\/2017-18_DiaAndalucia2-300x225.jpg 300w, https:\/\/blogsaverroes.juntadeandalucia.es\/ceiparquitectoleoz\/files\/2018\/05\/2017-18_DiaAndalucia2-24x18.jpg 24w, https:\/\/blogsaverroes.juntadeandalucia.es\/ceiparquitectoleoz\/files\/2018\/05\/2017-18_DiaAndalucia2-36x27.jpg 36w, https:\/\/blogsaverroes.juntadeandalucia.es\/ceiparquitectoleoz\/files\/2018\/05\/2017-18_DiaAndalucia2-48x36.jpg 48w, https:\/\/blogsaverroes.juntadeandalucia.es\/ceiparquitectoleoz\/files\/2018\/05\/2017-18_DiaAndalucia2.jpg 903w\" sizes=\"(max-width: 300px) 100vw, 300px\" \/><\/p>\n<p><span style=\"color: #008000\">Para la celebraci\u00f3n decidimos organizar una jornad<\/span><span style=\"color: #008000\">a de talleres.<\/span><\/p>\n<p><img loading=\"lazy\" decoding=\"async\" class=\"alignnone size-medium wp-image-2496\" src=\"https:\/\/blogsaverroes.juntadeandalucia.es\/ceiparquitectoleoz\/files\/2018\/05\/2017-18_DiaAndalucia3-300x225.jpg\" alt=\"\" width=\"300\" height=\"225\" srcset=\"https:\/\/blogsaverroes.juntadeandalucia.es\/ceiparquitectoleoz\/files\/2018\/05\/2017-18_DiaAndalucia3-300x225.jpg 300w, https:\/\/blogsaverroes.juntadeandalucia.es\/ceiparquitectoleoz\/files\/2018\/05\/2017-18_DiaAndalucia3-24x18.jpg 24w, https:\/\/blogsaverroes.juntadeandalucia.es\/ceiparquitectoleoz\/files\/2018\/05\/2017-18_DiaAndalucia3-36x27.jpg 36w, https:\/\/blogsaverroes.juntadeandalucia.es\/ceiparquitectoleoz\/files\/2018\/05\/2017-18_DiaAndalucia3-48x36.jpg 48w, https:\/\/blogsaverroes.juntadeandalucia.es\/ceiparquitectoleoz\/files\/2018\/05\/2017-18_DiaAndalucia3.jpg 766w\" sizes=\"(max-width: 300px) 100vw, 300px\" \/><\/p>\n<p><span style=\"color: #008000\">Tambi\u00e9n trabajamos&nbsp; letras de Carnaval con el objetivo de hacer hincapi\u00e9 en nuestras tradiciones como fiesta t\u00edpica andaluza.<\/span><\/p>\n<p><span style=\"color: #008000\">Disfrutamos del DESAYUNO ANDALUZ. Este desayuno est\u00e1 compuesto de colacao o zumo&nbsp; y pan con aceite. En este desayuno participa activamente la Asociaci\u00f3n de Padres y Madres. As\u00ed como las madres colaboradoras<\/span><\/p>\n<p><span style=\"color: #008000\">El taller de ukelele nos deleit\u00f3 con el Himno de Andaluc\u00eda tocado con dicho instrumento.<\/span><\/p>\n<p><img loading=\"lazy\" decoding=\"async\" class=\"alignnone size-medium wp-image-2497\" src=\"https:\/\/blogsaverroes.juntadeandalucia.es\/ceiparquitectoleoz\/files\/2018\/05\/2017-18_DiaAndalucia4-300x225.jpg\" alt=\"\" width=\"300\" height=\"225\" srcset=\"https:\/\/blogsaverroes.juntadeandalucia.es\/ceiparquitectoleoz\/files\/2018\/05\/2017-18_DiaAndalucia4-300x225.jpg 300w, https:\/\/blogsaverroes.juntadeandalucia.es\/ceiparquitectoleoz\/files\/2018\/05\/2017-18_DiaAndalucia4-24x18.jpg 24w, https:\/\/blogsaverroes.juntadeandalucia.es\/ceiparquitectoleoz\/files\/2018\/05\/2017-18_DiaAndalucia4-36x27.jpg 36w, https:\/\/blogsaverroes.juntadeandalucia.es\/ceiparquitectoleoz\/files\/2018\/05\/2017-18_DiaAndalucia4-48x36.jpg 48w, https:\/\/blogsaverroes.juntadeandalucia.es\/ceiparquitectoleoz\/files\/2018\/05\/2017-18_DiaAndalucia4.jpg 543w\" sizes=\"(max-width: 300px) 100vw, 300px\" \/>&nbsp; &nbsp; &nbsp; &nbsp; <img loading=\"lazy\" decoding=\"async\" class=\"alignnone size-medium wp-image-2498\" src=\"https:\/\/blogsaverroes.juntadeandalucia.es\/ceiparquitectoleoz\/files\/2018\/05\/2017-18_DiaAndalucia5-300x225.jpg\" alt=\"\" width=\"300\" height=\"225\" srcset=\"https:\/\/blogsaverroes.juntadeandalucia.es\/ceiparquitectoleoz\/files\/2018\/05\/2017-18_DiaAndalucia5-300x225.jpg 300w, https:\/\/blogsaverroes.juntadeandalucia.es\/ceiparquitectoleoz\/files\/2018\/05\/2017-18_DiaAndalucia5-24x18.jpg 24w, https:\/\/blogsaverroes.juntadeandalucia.es\/ceiparquitectoleoz\/files\/2018\/05\/2017-18_DiaAndalucia5-36x27.jpg 36w, https:\/\/blogsaverroes.juntadeandalucia.es\/ceiparquitectoleoz\/files\/2018\/05\/2017-18_DiaAndalucia5-48x36.jpg 48w, https:\/\/blogsaverroes.juntadeandalucia.es\/ceiparquitectoleoz\/files\/2018\/05\/2017-18_DiaAndalucia5.jpg 687w\" sizes=\"(max-width: 300px) 100vw, 300px\" \/><\/p>\n<p><span style=\"color: #008000\">Este d\u00eda celebramos el d\u00eda de Andaluc\u00eda en todo el centro, de forma que los trabajos que se han ido realizando estos d\u00edas (del 20 al 23 de Febrero) se exponen por los pasillos del centro.<\/span><\/p>\n<p><img loading=\"lazy\" decoding=\"async\" class=\"alignnone size-medium wp-image-2499\" src=\"https:\/\/blogsaverroes.juntadeandalucia.es\/ceiparquitectoleoz\/files\/2018\/05\/2017-18_DiaAndalucia6-300x211.jpg\" alt=\"\" width=\"300\" height=\"211\" srcset=\"https:\/\/blogsaverroes.juntadeandalucia.es\/ceiparquitectoleoz\/files\/2018\/05\/2017-18_DiaAndalucia6-300x211.jpg 300w, https:\/\/blogsaverroes.juntadeandalucia.es\/ceiparquitectoleoz\/files\/2018\/05\/2017-18_DiaAndalucia6-24x17.jpg 24w, https:\/\/blogsaverroes.juntadeandalucia.es\/ceiparquitectoleoz\/files\/2018\/05\/2017-18_DiaAndalucia6-36x25.jpg 36w, https:\/\/blogsaverroes.juntadeandalucia.es\/ceiparquitectoleoz\/files\/2018\/05\/2017-18_DiaAndalucia6-48x34.jpg 48w, https:\/\/blogsaverroes.juntadeandalucia.es\/ceiparquitectoleoz\/files\/2018\/05\/2017-18_DiaAndalucia6.jpg 712w\" sizes=\"(max-width: 300px) 100vw, 300px\" \/><\/p>\n","protected":false},"excerpt":{"rendered":"<p>LA HUELLA DEL TIEMPO. El d\u00eda 28 de febrero, D\u00eda de Andaluc\u00eda, se celebra todos los a\u00f1os el nacimiento de Andaluc\u00eda como Comunidad Aut\u00f3noma por decisi\u00f3n del pueblo andaluz, consultado en refer\u00e9ndum. La conmemoraci\u00f3n&#46;&#46;&#46;<\/p>\n","protected":false},"author":6131,"featured_media":0,"parent":0,"menu_order":0,"comment_status":"closed","ping_status":"closed","template":"","meta":{"ngg_post_thumbnail":0,"footnotes":"","_mc_calendar":[]},"aioseo_notices":[],"_links":{"self":[{"href":"https:\/\/blogsaverroes.juntadeandalucia.es\/ceiparquitectoleoz\/wp-json\/wp\/v2\/pages\/2518"}],"collection":[{"href":"https:\/\/blogsaverroes.juntadeandalucia.es\/ceiparquitectoleoz\/wp-json\/wp\/v2\/pages"}],"about":[{"href":"https:\/\/blogsaverroes.juntadeandalucia.es\/ceiparquitectoleoz\/wp-json\/wp\/v2\/types\/page"}],"author":[{"embeddable":true,"href":"https:\/\/blogsaverroes.juntadeandalucia.es\/ceiparquitectoleoz\/wp-json\/wp\/v2\/users\/6131"}],"replies":[{"embeddable":true,"href":"https:\/\/blogsaverroes.juntadeandalucia.es\/ceiparquitectoleoz\/wp-json\/wp\/v2\/comments?post=2518"}],"version-history":[{"count":27,"href":"https:\/\/blogsaverroes.juntadeandalucia.es\/ceiparquitectoleoz\/wp-json\/wp\/v2\/pages\/2518\/revisions"}],"predecessor-version":[{"id":3669,"href":"https:\/\/blogsaverroes.juntadeandalucia.es\/ceiparquitectoleoz\/wp-json\/wp\/v2\/pages\/2518\/revisions\/3669"}],"wp:attachment":[{"href":"https:\/\/blogsaverroes.juntadeandalucia.es\/ceiparquitectoleoz\/wp-json\/wp\/v2\/media?parent=2518"}],"curies":[{"name":"wp","href":"https:\/\/api.w.org\/{rel}","templated":true}]}}