{"id":2373,"date":"2020-03-29T12:02:36","date_gmt":"2020-03-29T11:02:36","guid":{"rendered":"http:\/\/blogsaverroes.juntadeandalucia.es\/ceiparteroperez\/?page_id=2373"},"modified":"2020-06-14T18:22:38","modified_gmt":"2020-06-14T17:22:38","slug":"equipo-de-orientacion","status":"publish","type":"page","link":"https:\/\/blogsaverroes.juntadeandalucia.es\/ceiparteroperez\/equipo-de-orientacion\/","title":{"rendered":"EQUIPO DE ORIENTACI\u00d3N"},"content":{"rendered":"<h6>&nbsp; &nbsp; &nbsp; &nbsp; &nbsp; &nbsp; &nbsp;<\/h6>\n<h6 style=\"text-align: right\"><span style=\"color: #99cc00\"><strong>&nbsp;<span style=\"color: #993300\"> &nbsp; MAR\u00cdA G\u00c1DOR RUIZ L\u00d3PEZ<\/span><\/strong><\/span><\/h6>\n<h1 style=\"text-align: center\"><span style=\"color: #ff0000\">TERCER TRIMESTRE<\/span><\/h1>\n<h2 style=\"text-align: center\"><span style=\"color: #3366ff\">COMPENSATORIA<\/span><\/h2>\n<h3>&nbsp;<\/h3>\n<h3 style=\"text-align: center\"><span style=\"color: #0000ff\">SEMANA DEL 15 DE JUNIO AL 19 DE JUNIO<\/span><\/h3>\n<p>&nbsp;<\/p>\n<h3>Hola chic@s.<\/h3>\n<p>\u00bfC\u00f3mo est\u00e1is? El curso est\u00e1 llegando a su fin, ya queda menos. Os propongo nuevas actividades para esta semana.<\/p>\n<p>\u00a1\u00c1nimo!<\/p>\n<p><strong>INSTRUCCIONES PARA ENVIARME LOS EJERCICIOS O CONSULTAR CUALQUIER DUDA<\/strong><\/p>\n<p>Copia los ejercicios en la libreta, cuando lo hayas hecho le haces una foto a la hoja con el m\u00f3vil, te vas a galer\u00eda del m\u00f3vil,&nbsp; le das a compartir y lo env\u00edas al correo: compensatoria20@gmail.com&nbsp; &nbsp; yo los corregir\u00e9 y te los env\u00edo.<\/p>\n<p>Gracias.<\/p>\n<h3>&nbsp;<\/h3>\n<h1><span style=\"color: #339966\">1\u00ba CICLO<\/span>&nbsp;<\/h1>\n<p><a href=\"https:\/\/blogsaverroes.juntadeandalucia.es\/ceiparteroperez\/files\/2020\/06\/MIS-LECTURAS-DE-1\u00ba-Y-2\u00ba-_DEFINTIVO_-julio-2012_page-0001.jpg\"><img fetchpriority=\"high\" decoding=\"async\" class=\"alignnone wp-image-5029\" src=\"https:\/\/blogsaverroes.juntadeandalucia.es\/ceiparteroperez\/files\/2020\/06\/MIS-LECTURAS-DE-1\u00ba-Y-2\u00ba-_DEFINTIVO_-julio-2012_page-0001-212x300.jpg\" alt=\"\" width=\"291\" height=\"410\" srcset=\"https:\/\/blogsaverroes.juntadeandalucia.es\/ceiparteroperez\/files\/2020\/06\/MIS-LECTURAS-DE-1\u00ba-Y-2\u00ba-_DEFINTIVO_-julio-2012_page-0001-212x300.jpg 212w, https:\/\/blogsaverroes.juntadeandalucia.es\/ceiparteroperez\/files\/2020\/06\/MIS-LECTURAS-DE-1\u00ba-Y-2\u00ba-_DEFINTIVO_-julio-2012_page-0001-17x24.jpg 17w, https:\/\/blogsaverroes.juntadeandalucia.es\/ceiparteroperez\/files\/2020\/06\/MIS-LECTURAS-DE-1\u00ba-Y-2\u00ba-_DEFINTIVO_-julio-2012_page-0001-25x36.jpg 25w, https:\/\/blogsaverroes.juntadeandalucia.es\/ceiparteroperez\/files\/2020\/06\/MIS-LECTURAS-DE-1\u00ba-Y-2\u00ba-_DEFINTIVO_-julio-2012_page-0001-34x48.jpg 34w\" sizes=\"(max-width: 291px) 100vw, 291px\" \/><\/a> <a href=\"https:\/\/blogsaverroes.juntadeandalucia.es\/ceiparteroperez\/files\/2020\/06\/MIS-LECTURAS-DE-1\u00ba-Y-2\u00ba-_DEFINTIVO_-julio-2012_page-0002.jpg\"><img decoding=\"async\" class=\"alignnone wp-image-5030\" src=\"https:\/\/blogsaverroes.juntadeandalucia.es\/ceiparteroperez\/files\/2020\/06\/MIS-LECTURAS-DE-1\u00ba-Y-2\u00ba-_DEFINTIVO_-julio-2012_page-0002-212x300.jpg\" alt=\"\" width=\"301\" height=\"427\" srcset=\"https:\/\/blogsaverroes.juntadeandalucia.es\/ceiparteroperez\/files\/2020\/06\/MIS-LECTURAS-DE-1\u00ba-Y-2\u00ba-_DEFINTIVO_-julio-2012_page-0002-212x300.jpg 212w, https:\/\/blogsaverroes.juntadeandalucia.es\/ceiparteroperez\/files\/2020\/06\/MIS-LECTURAS-DE-1\u00ba-Y-2\u00ba-_DEFINTIVO_-julio-2012_page-0002-768x1087.jpg 768w, https:\/\/blogsaverroes.juntadeandalucia.es\/ceiparteroperez\/files\/2020\/06\/MIS-LECTURAS-DE-1\u00ba-Y-2\u00ba-_DEFINTIVO_-julio-2012_page-0002-724x1024.jpg 724w, https:\/\/blogsaverroes.juntadeandalucia.es\/ceiparteroperez\/files\/2020\/06\/MIS-LECTURAS-DE-1\u00ba-Y-2\u00ba-_DEFINTIVO_-julio-2012_page-0002-17x24.jpg 17w, https:\/\/blogsaverroes.juntadeandalucia.es\/ceiparteroperez\/files\/2020\/06\/MIS-LECTURAS-DE-1\u00ba-Y-2\u00ba-_DEFINTIVO_-julio-2012_page-0002-25x36.jpg 25w, https:\/\/blogsaverroes.juntadeandalucia.es\/ceiparteroperez\/files\/2020\/06\/MIS-LECTURAS-DE-1\u00ba-Y-2\u00ba-_DEFINTIVO_-julio-2012_page-0002-34x48.jpg 34w, https:\/\/blogsaverroes.juntadeandalucia.es\/ceiparteroperez\/files\/2020\/06\/MIS-LECTURAS-DE-1\u00ba-Y-2\u00ba-_DEFINTIVO_-julio-2012_page-0002.jpg 1130w\" sizes=\"(max-width: 301px) 100vw, 301px\" \/><\/a><\/p>\n<p>&nbsp;<\/p>\n<p>&nbsp;<\/p>\n<h1><span style=\"color: #0000ff\">2\u00ba CICLO<\/span><\/h1>\n<p>&nbsp;<\/p>\n<p>&nbsp;<\/p>\n<p><a href=\"https:\/\/blogsaverroes.juntadeandalucia.es\/ceiparteroperez\/files\/2020\/06\/MIS-LECTURAS-DE-3\u00ba-Y-4\u00ba-definitivo_page-0001.jpg\"><img decoding=\"async\" class=\"alignnone wp-image-5033\" src=\"https:\/\/blogsaverroes.juntadeandalucia.es\/ceiparteroperez\/files\/2020\/06\/MIS-LECTURAS-DE-3\u00ba-Y-4\u00ba-definitivo_page-0001-212x300.jpg\" alt=\"\" width=\"264\" height=\"374\" srcset=\"https:\/\/blogsaverroes.juntadeandalucia.es\/ceiparteroperez\/files\/2020\/06\/MIS-LECTURAS-DE-3\u00ba-Y-4\u00ba-definitivo_page-0001-212x300.jpg 212w, https:\/\/blogsaverroes.juntadeandalucia.es\/ceiparteroperez\/files\/2020\/06\/MIS-LECTURAS-DE-3\u00ba-Y-4\u00ba-definitivo_page-0001-768x1087.jpg 768w, https:\/\/blogsaverroes.juntadeandalucia.es\/ceiparteroperez\/files\/2020\/06\/MIS-LECTURAS-DE-3\u00ba-Y-4\u00ba-definitivo_page-0001-724x1024.jpg 724w, https:\/\/blogsaverroes.juntadeandalucia.es\/ceiparteroperez\/files\/2020\/06\/MIS-LECTURAS-DE-3\u00ba-Y-4\u00ba-definitivo_page-0001-17x24.jpg 17w, https:\/\/blogsaverroes.juntadeandalucia.es\/ceiparteroperez\/files\/2020\/06\/MIS-LECTURAS-DE-3\u00ba-Y-4\u00ba-definitivo_page-0001-25x36.jpg 25w, https:\/\/blogsaverroes.juntadeandalucia.es\/ceiparteroperez\/files\/2020\/06\/MIS-LECTURAS-DE-3\u00ba-Y-4\u00ba-definitivo_page-0001-34x48.jpg 34w, https:\/\/blogsaverroes.juntadeandalucia.es\/ceiparteroperez\/files\/2020\/06\/MIS-LECTURAS-DE-3\u00ba-Y-4\u00ba-definitivo_page-0001.jpg 1130w\" sizes=\"(max-width: 264px) 100vw, 264px\" \/><\/a> <a href=\"https:\/\/blogsaverroes.juntadeandalucia.es\/ceiparteroperez\/files\/2020\/06\/MIS-LECTURAS-DE-3\u00ba-Y-4\u00ba-definitivo_page-0002.jpg\"><img loading=\"lazy\" decoding=\"async\" class=\"alignnone wp-image-5034\" src=\"https:\/\/blogsaverroes.juntadeandalucia.es\/ceiparteroperez\/files\/2020\/06\/MIS-LECTURAS-DE-3\u00ba-Y-4\u00ba-definitivo_page-0002-212x300.jpg\" alt=\"\" width=\"275\" height=\"389\" srcset=\"https:\/\/blogsaverroes.juntadeandalucia.es\/ceiparteroperez\/files\/2020\/06\/MIS-LECTURAS-DE-3\u00ba-Y-4\u00ba-definitivo_page-0002-212x300.jpg 212w, https:\/\/blogsaverroes.juntadeandalucia.es\/ceiparteroperez\/files\/2020\/06\/MIS-LECTURAS-DE-3\u00ba-Y-4\u00ba-definitivo_page-0002-768x1087.jpg 768w, https:\/\/blogsaverroes.juntadeandalucia.es\/ceiparteroperez\/files\/2020\/06\/MIS-LECTURAS-DE-3\u00ba-Y-4\u00ba-definitivo_page-0002-724x1024.jpg 724w, https:\/\/blogsaverroes.juntadeandalucia.es\/ceiparteroperez\/files\/2020\/06\/MIS-LECTURAS-DE-3\u00ba-Y-4\u00ba-definitivo_page-0002-17x24.jpg 17w, https:\/\/blogsaverroes.juntadeandalucia.es\/ceiparteroperez\/files\/2020\/06\/MIS-LECTURAS-DE-3\u00ba-Y-4\u00ba-definitivo_page-0002-25x36.jpg 25w, https:\/\/blogsaverroes.juntadeandalucia.es\/ceiparteroperez\/files\/2020\/06\/MIS-LECTURAS-DE-3\u00ba-Y-4\u00ba-definitivo_page-0002-34x48.jpg 34w, https:\/\/blogsaverroes.juntadeandalucia.es\/ceiparteroperez\/files\/2020\/06\/MIS-LECTURAS-DE-3\u00ba-Y-4\u00ba-definitivo_page-0002.jpg 1130w\" sizes=\"(max-width: 275px) 100vw, 275px\" \/><\/a><\/p>\n<p>&nbsp;<\/p>\n<p>&nbsp;<\/p>\n<h1><span style=\"color: #ff0000\">3\u00ba CICLO<\/span><\/h1>\n<p>&nbsp;<\/p>\n<p>&nbsp;<a href=\"https:\/\/blogsaverroes.juntadeandalucia.es\/ceiparteroperez\/files\/2020\/06\/MIS-LECTURAS-DE-5\u00ba-Y-6\u00ba-terminadas_page-0001.jpg\"><img loading=\"lazy\" decoding=\"async\" class=\"alignnone wp-image-5037\" src=\"https:\/\/blogsaverroes.juntadeandalucia.es\/ceiparteroperez\/files\/2020\/06\/MIS-LECTURAS-DE-5\u00ba-Y-6\u00ba-terminadas_page-0001-212x300.jpg\" alt=\"\" width=\"328\" height=\"464\" srcset=\"https:\/\/blogsaverroes.juntadeandalucia.es\/ceiparteroperez\/files\/2020\/06\/MIS-LECTURAS-DE-5\u00ba-Y-6\u00ba-terminadas_page-0001-212x300.jpg 212w, https:\/\/blogsaverroes.juntadeandalucia.es\/ceiparteroperez\/files\/2020\/06\/MIS-LECTURAS-DE-5\u00ba-Y-6\u00ba-terminadas_page-0001-768x1087.jpg 768w, https:\/\/blogsaverroes.juntadeandalucia.es\/ceiparteroperez\/files\/2020\/06\/MIS-LECTURAS-DE-5\u00ba-Y-6\u00ba-terminadas_page-0001-724x1024.jpg 724w, https:\/\/blogsaverroes.juntadeandalucia.es\/ceiparteroperez\/files\/2020\/06\/MIS-LECTURAS-DE-5\u00ba-Y-6\u00ba-terminadas_page-0001-17x24.jpg 17w, https:\/\/blogsaverroes.juntadeandalucia.es\/ceiparteroperez\/files\/2020\/06\/MIS-LECTURAS-DE-5\u00ba-Y-6\u00ba-terminadas_page-0001-25x36.jpg 25w, https:\/\/blogsaverroes.juntadeandalucia.es\/ceiparteroperez\/files\/2020\/06\/MIS-LECTURAS-DE-5\u00ba-Y-6\u00ba-terminadas_page-0001-34x48.jpg 34w, https:\/\/blogsaverroes.juntadeandalucia.es\/ceiparteroperez\/files\/2020\/06\/MIS-LECTURAS-DE-5\u00ba-Y-6\u00ba-terminadas_page-0001.jpg 1130w\" sizes=\"(max-width: 328px) 100vw, 328px\" \/><\/a> <a href=\"https:\/\/blogsaverroes.juntadeandalucia.es\/ceiparteroperez\/files\/2020\/06\/MIS-LECTURAS-DE-5\u00ba-Y-6\u00ba-terminadas_page-0002.jpg\"><img loading=\"lazy\" decoding=\"async\" class=\"alignnone wp-image-5038\" src=\"https:\/\/blogsaverroes.juntadeandalucia.es\/ceiparteroperez\/files\/2020\/06\/MIS-LECTURAS-DE-5\u00ba-Y-6\u00ba-terminadas_page-0002-212x300.jpg\" alt=\"\" width=\"336\" height=\"473\" srcset=\"https:\/\/blogsaverroes.juntadeandalucia.es\/ceiparteroperez\/files\/2020\/06\/MIS-LECTURAS-DE-5\u00ba-Y-6\u00ba-terminadas_page-0002-17x24.jpg 17w, https:\/\/blogsaverroes.juntadeandalucia.es\/ceiparteroperez\/files\/2020\/06\/MIS-LECTURAS-DE-5\u00ba-Y-6\u00ba-terminadas_page-0002-25x36.jpg 25w, https:\/\/blogsaverroes.juntadeandalucia.es\/ceiparteroperez\/files\/2020\/06\/MIS-LECTURAS-DE-5\u00ba-Y-6\u00ba-terminadas_page-0002-34x48.jpg 34w\" sizes=\"(max-width: 336px) 100vw, 336px\" \/><\/a><\/p>\n<p>&nbsp;<\/p>\n<p>&nbsp;<\/p>\n<p>&nbsp;<\/p>\n<h1><span style=\"color: #ff00ff\">1\u00ba y 2\u00ba ESO<\/span><\/h1>\n<p>&nbsp;<\/p>\n<p><a href=\"https:\/\/blogsaverroes.juntadeandalucia.es\/ceiparteroperez\/files\/2020\/06\/Sombras-y-colores_page-0001.jpg\"><img loading=\"lazy\" decoding=\"async\" class=\"alignnone wp-image-5045\" src=\"https:\/\/blogsaverroes.juntadeandalucia.es\/ceiparteroperez\/files\/2020\/06\/Sombras-y-colores_page-0001-216x300.jpg\" alt=\"\" width=\"259\" height=\"358\" srcset=\"https:\/\/blogsaverroes.juntadeandalucia.es\/ceiparteroperez\/files\/2020\/06\/Sombras-y-colores_page-0001-216x300.jpg 216w, https:\/\/blogsaverroes.juntadeandalucia.es\/ceiparteroperez\/files\/2020\/06\/Sombras-y-colores_page-0001-768x1066.jpg 768w, https:\/\/blogsaverroes.juntadeandalucia.es\/ceiparteroperez\/files\/2020\/06\/Sombras-y-colores_page-0001-738x1024.jpg 738w, https:\/\/blogsaverroes.juntadeandalucia.es\/ceiparteroperez\/files\/2020\/06\/Sombras-y-colores_page-0001-17x24.jpg 17w, https:\/\/blogsaverroes.juntadeandalucia.es\/ceiparteroperez\/files\/2020\/06\/Sombras-y-colores_page-0001-26x36.jpg 26w, https:\/\/blogsaverroes.juntadeandalucia.es\/ceiparteroperez\/files\/2020\/06\/Sombras-y-colores_page-0001-35x48.jpg 35w, https:\/\/blogsaverroes.juntadeandalucia.es\/ceiparteroperez\/files\/2020\/06\/Sombras-y-colores_page-0001.jpg 1150w\" sizes=\"(max-width: 259px) 100vw, 259px\" \/><\/a> <a href=\"https:\/\/blogsaverroes.juntadeandalucia.es\/ceiparteroperez\/files\/2020\/06\/Sombras-y-colores_page-0002.jpg\"><img loading=\"lazy\" decoding=\"async\" class=\"alignnone wp-image-5046\" src=\"https:\/\/blogsaverroes.juntadeandalucia.es\/ceiparteroperez\/files\/2020\/06\/Sombras-y-colores_page-0002-216x300.jpg\" alt=\"\" width=\"263\" height=\"364\" srcset=\"https:\/\/blogsaverroes.juntadeandalucia.es\/ceiparteroperez\/files\/2020\/06\/Sombras-y-colores_page-0002-216x300.jpg 216w, https:\/\/blogsaverroes.juntadeandalucia.es\/ceiparteroperez\/files\/2020\/06\/Sombras-y-colores_page-0002-768x1066.jpg 768w, https:\/\/blogsaverroes.juntadeandalucia.es\/ceiparteroperez\/files\/2020\/06\/Sombras-y-colores_page-0002-738x1024.jpg 738w, https:\/\/blogsaverroes.juntadeandalucia.es\/ceiparteroperez\/files\/2020\/06\/Sombras-y-colores_page-0002-17x24.jpg 17w, https:\/\/blogsaverroes.juntadeandalucia.es\/ceiparteroperez\/files\/2020\/06\/Sombras-y-colores_page-0002-26x36.jpg 26w, https:\/\/blogsaverroes.juntadeandalucia.es\/ceiparteroperez\/files\/2020\/06\/Sombras-y-colores_page-0002-35x48.jpg 35w, https:\/\/blogsaverroes.juntadeandalucia.es\/ceiparteroperez\/files\/2020\/06\/Sombras-y-colores_page-0002.jpg 1150w\" sizes=\"(max-width: 263px) 100vw, 263px\" \/><\/a><\/p>\n<p>&nbsp;<\/p>\n<p>&nbsp;<\/p>\n<p>&nbsp;<\/p>\n<h3 style=\"text-align: center\"><span style=\"color: #0000ff\">SEMANA DEL 08 DE JUNIO AL 12 DE JUNIO<\/span><\/h3>\n<p>&nbsp;<\/p>\n<p>&nbsp;<\/p>\n<h3>Hola chic@s.<\/h3>\n<p>Todos los centros docentes no universitarios \u201csostenidos con fondos p\u00fablicos\u201d celebraremos el 14 de junio \u201ccomo D\u00eda de la Memoria Hist\u00f3rica y Democr\u00e1tica\u201d El fin de estas actividades es \u201cmantener la memoria y <strong>reivindicar los valores democr\u00e1ticos<\/strong> y la lucha del pueblo andaluz por sus libertades\u201d, As\u00ed que, las actividades de esta semana girar\u00e1n sobre este tema.<\/p>\n<p><strong>INSTRUCCIONES PARA ENVIARME LOS EJERCICIOS O CONSULTAR CUALQUIER DUDA<\/strong><\/p>\n<p>Copia los ejercicios en la libreta, cuando lo hayas hecho le haces una foto a la hoja con el m\u00f3vil, te vas a galer\u00eda del m\u00f3vil,&nbsp; le das a compartir y lo env\u00edas al correo: compensatoria20@gmail.com&nbsp; &nbsp; yo los corregir\u00e9 y te los env\u00edo.<\/p>\n<p>Gracias.<\/p>\n<h3>&nbsp;<\/h3>\n<h1><span style=\"color: #339966\">1\u00ba CICLO<\/span>&nbsp;<\/h1>\n<p><a href=\"https:\/\/blogsaverroes.juntadeandalucia.es\/ceiparteroperez\/files\/2020\/06\/\u00ba-Ciclo_0001.jpg\"><img loading=\"lazy\" decoding=\"async\" class=\"alignnone size-medium wp-image-4855\" src=\"https:\/\/blogsaverroes.juntadeandalucia.es\/ceiparteroperez\/files\/2020\/06\/\u00ba-Ciclo_0001-212x300.jpg\" alt=\"\" width=\"212\" height=\"300\" srcset=\"https:\/\/blogsaverroes.juntadeandalucia.es\/ceiparteroperez\/files\/2020\/06\/\u00ba-Ciclo_0001-212x300.jpg 212w, https:\/\/blogsaverroes.juntadeandalucia.es\/ceiparteroperez\/files\/2020\/06\/\u00ba-Ciclo_0001-768x1086.jpg 768w, https:\/\/blogsaverroes.juntadeandalucia.es\/ceiparteroperez\/files\/2020\/06\/\u00ba-Ciclo_0001-724x1024.jpg 724w, https:\/\/blogsaverroes.juntadeandalucia.es\/ceiparteroperez\/files\/2020\/06\/\u00ba-Ciclo_0001-17x24.jpg 17w, https:\/\/blogsaverroes.juntadeandalucia.es\/ceiparteroperez\/files\/2020\/06\/\u00ba-Ciclo_0001-25x36.jpg 25w, https:\/\/blogsaverroes.juntadeandalucia.es\/ceiparteroperez\/files\/2020\/06\/\u00ba-Ciclo_0001-34x48.jpg 34w, https:\/\/blogsaverroes.juntadeandalucia.es\/ceiparteroperez\/files\/2020\/06\/\u00ba-Ciclo_0001.jpg 1131w\" sizes=\"(max-width: 212px) 100vw, 212px\" \/><\/a> <a href=\"https:\/\/blogsaverroes.juntadeandalucia.es\/ceiparteroperez\/files\/2020\/06\/\u00ba-Ciclo_0002.jpg\"><img loading=\"lazy\" decoding=\"async\" class=\"alignnone size-medium wp-image-4856\" src=\"https:\/\/blogsaverroes.juntadeandalucia.es\/ceiparteroperez\/files\/2020\/06\/\u00ba-Ciclo_0002-212x300.jpg\" alt=\"\" width=\"212\" height=\"300\" srcset=\"https:\/\/blogsaverroes.juntadeandalucia.es\/ceiparteroperez\/files\/2020\/06\/\u00ba-Ciclo_0002-212x300.jpg 212w, https:\/\/blogsaverroes.juntadeandalucia.es\/ceiparteroperez\/files\/2020\/06\/\u00ba-Ciclo_0002-768x1086.jpg 768w, https:\/\/blogsaverroes.juntadeandalucia.es\/ceiparteroperez\/files\/2020\/06\/\u00ba-Ciclo_0002-724x1024.jpg 724w, https:\/\/blogsaverroes.juntadeandalucia.es\/ceiparteroperez\/files\/2020\/06\/\u00ba-Ciclo_0002-17x24.jpg 17w, https:\/\/blogsaverroes.juntadeandalucia.es\/ceiparteroperez\/files\/2020\/06\/\u00ba-Ciclo_0002-25x36.jpg 25w, https:\/\/blogsaverroes.juntadeandalucia.es\/ceiparteroperez\/files\/2020\/06\/\u00ba-Ciclo_0002-34x48.jpg 34w, https:\/\/blogsaverroes.juntadeandalucia.es\/ceiparteroperez\/files\/2020\/06\/\u00ba-Ciclo_0002.jpg 1131w\" sizes=\"(max-width: 212px) 100vw, 212px\" \/><\/a><\/p>\n<h3>&nbsp;<\/h3>\n<h3>&nbsp;<\/h3>\n<h1><span style=\"color: #0000ff\">2\u00ba CICLO<\/span><\/h1>\n<h3>&nbsp;<\/h3>\n<h3><a href=\"https:\/\/blogsaverroes.juntadeandalucia.es\/ceiparteroperez\/files\/2020\/06\/2\u00ba-Ciclo_0001.jpg\"><img loading=\"lazy\" decoding=\"async\" class=\"alignnone size-medium wp-image-4858\" src=\"https:\/\/blogsaverroes.juntadeandalucia.es\/ceiparteroperez\/files\/2020\/06\/2\u00ba-Ciclo_0001-212x300.jpg\" alt=\"\" width=\"212\" height=\"300\" srcset=\"https:\/\/blogsaverroes.juntadeandalucia.es\/ceiparteroperez\/files\/2020\/06\/2\u00ba-Ciclo_0001-212x300.jpg 212w, https:\/\/blogsaverroes.juntadeandalucia.es\/ceiparteroperez\/files\/2020\/06\/2\u00ba-Ciclo_0001-768x1086.jpg 768w, https:\/\/blogsaverroes.juntadeandalucia.es\/ceiparteroperez\/files\/2020\/06\/2\u00ba-Ciclo_0001-724x1024.jpg 724w, https:\/\/blogsaverroes.juntadeandalucia.es\/ceiparteroperez\/files\/2020\/06\/2\u00ba-Ciclo_0001-17x24.jpg 17w, https:\/\/blogsaverroes.juntadeandalucia.es\/ceiparteroperez\/files\/2020\/06\/2\u00ba-Ciclo_0001-25x36.jpg 25w, https:\/\/blogsaverroes.juntadeandalucia.es\/ceiparteroperez\/files\/2020\/06\/2\u00ba-Ciclo_0001-34x48.jpg 34w, https:\/\/blogsaverroes.juntadeandalucia.es\/ceiparteroperez\/files\/2020\/06\/2\u00ba-Ciclo_0001.jpg 1131w\" sizes=\"(max-width: 212px) 100vw, 212px\" \/><\/a><a href=\"https:\/\/blogsaverroes.juntadeandalucia.es\/ceiparteroperez\/files\/2020\/06\/2\u00ba-Ciclo_0002.jpg\"><img loading=\"lazy\" decoding=\"async\" class=\"alignnone size-medium wp-image-4865\" src=\"https:\/\/blogsaverroes.juntadeandalucia.es\/ceiparteroperez\/files\/2020\/06\/2\u00ba-Ciclo_0002-212x300.jpg\" alt=\"\" width=\"212\" height=\"300\" srcset=\"https:\/\/blogsaverroes.juntadeandalucia.es\/ceiparteroperez\/files\/2020\/06\/2\u00ba-Ciclo_0002-212x300.jpg 212w, https:\/\/blogsaverroes.juntadeandalucia.es\/ceiparteroperez\/files\/2020\/06\/2\u00ba-Ciclo_0002-768x1086.jpg 768w, https:\/\/blogsaverroes.juntadeandalucia.es\/ceiparteroperez\/files\/2020\/06\/2\u00ba-Ciclo_0002-724x1024.jpg 724w, https:\/\/blogsaverroes.juntadeandalucia.es\/ceiparteroperez\/files\/2020\/06\/2\u00ba-Ciclo_0002-17x24.jpg 17w, https:\/\/blogsaverroes.juntadeandalucia.es\/ceiparteroperez\/files\/2020\/06\/2\u00ba-Ciclo_0002-25x36.jpg 25w, https:\/\/blogsaverroes.juntadeandalucia.es\/ceiparteroperez\/files\/2020\/06\/2\u00ba-Ciclo_0002-34x48.jpg 34w, https:\/\/blogsaverroes.juntadeandalucia.es\/ceiparteroperez\/files\/2020\/06\/2\u00ba-Ciclo_0002.jpg 1131w\" sizes=\"(max-width: 212px) 100vw, 212px\" \/><\/a><\/h3>\n<h3>&nbsp;<\/h3>\n<h3>&nbsp;<\/h3>\n<h1><span style=\"color: #ff0000\">3\u00ba CICLO<\/span><\/h1>\n<h3>&nbsp;<\/h3>\n<h3><a href=\"https:\/\/blogsaverroes.juntadeandalucia.es\/ceiparteroperez\/files\/2020\/06\/3\u00ba-CICLO_0001.jpg\"><img loading=\"lazy\" decoding=\"async\" class=\"size-medium wp-image-4860 aligncenter\" src=\"https:\/\/blogsaverroes.juntadeandalucia.es\/ceiparteroperez\/files\/2020\/06\/3\u00ba-CICLO_0001-212x300.jpg\" alt=\"\" width=\"212\" height=\"300\" srcset=\"https:\/\/blogsaverroes.juntadeandalucia.es\/ceiparteroperez\/files\/2020\/06\/3\u00ba-CICLO_0001-212x300.jpg 212w, https:\/\/blogsaverroes.juntadeandalucia.es\/ceiparteroperez\/files\/2020\/06\/3\u00ba-CICLO_0001-768x1086.jpg 768w, https:\/\/blogsaverroes.juntadeandalucia.es\/ceiparteroperez\/files\/2020\/06\/3\u00ba-CICLO_0001-724x1024.jpg 724w, https:\/\/blogsaverroes.juntadeandalucia.es\/ceiparteroperez\/files\/2020\/06\/3\u00ba-CICLO_0001-17x24.jpg 17w, https:\/\/blogsaverroes.juntadeandalucia.es\/ceiparteroperez\/files\/2020\/06\/3\u00ba-CICLO_0001-25x36.jpg 25w, https:\/\/blogsaverroes.juntadeandalucia.es\/ceiparteroperez\/files\/2020\/06\/3\u00ba-CICLO_0001-34x48.jpg 34w, https:\/\/blogsaverroes.juntadeandalucia.es\/ceiparteroperez\/files\/2020\/06\/3\u00ba-CICLO_0001.jpg 1131w\" sizes=\"(max-width: 212px) 100vw, 212px\" \/><\/a><\/h3>\n<h3>&nbsp;<\/h3>\n<h3>&nbsp;<\/h3>\n<h1><span style=\"color: #ff00ff\">1\u00ba y 2\u00ba ESO<\/span><\/h1>\n<h1><a href=\"https:\/\/blogsaverroes.juntadeandalucia.es\/ceiparteroperez\/files\/2020\/06\/ESO_0001.jpg\"><img loading=\"lazy\" decoding=\"async\" class=\" wp-image-4862 alignnone\" src=\"https:\/\/blogsaverroes.juntadeandalucia.es\/ceiparteroperez\/files\/2020\/06\/ESO_0001-212x300.jpg\" alt=\"\" width=\"260\" height=\"369\" srcset=\"https:\/\/blogsaverroes.juntadeandalucia.es\/ceiparteroperez\/files\/2020\/06\/ESO_0001-212x300.jpg 212w, https:\/\/blogsaverroes.juntadeandalucia.es\/ceiparteroperez\/files\/2020\/06\/ESO_0001-768x1086.jpg 768w, https:\/\/blogsaverroes.juntadeandalucia.es\/ceiparteroperez\/files\/2020\/06\/ESO_0001-724x1024.jpg 724w, https:\/\/blogsaverroes.juntadeandalucia.es\/ceiparteroperez\/files\/2020\/06\/ESO_0001-17x24.jpg 17w, https:\/\/blogsaverroes.juntadeandalucia.es\/ceiparteroperez\/files\/2020\/06\/ESO_0001-25x36.jpg 25w, https:\/\/blogsaverroes.juntadeandalucia.es\/ceiparteroperez\/files\/2020\/06\/ESO_0001-34x48.jpg 34w, https:\/\/blogsaverroes.juntadeandalucia.es\/ceiparteroperez\/files\/2020\/06\/ESO_0001.jpg 1131w\" sizes=\"(max-width: 260px) 100vw, 260px\" \/><\/a><a href=\"https:\/\/blogsaverroes.juntadeandalucia.es\/ceiparteroperez\/files\/2020\/06\/ESO_0002.jpg\"><img loading=\"lazy\" decoding=\"async\" class=\" wp-image-4863 alignnone\" src=\"https:\/\/blogsaverroes.juntadeandalucia.es\/ceiparteroperez\/files\/2020\/06\/ESO_0002-212x300.jpg\" alt=\"\" width=\"262\" height=\"372\" srcset=\"https:\/\/blogsaverroes.juntadeandalucia.es\/ceiparteroperez\/files\/2020\/06\/ESO_0002-212x300.jpg 212w, https:\/\/blogsaverroes.juntadeandalucia.es\/ceiparteroperez\/files\/2020\/06\/ESO_0002-724x1024.jpg 724w, https:\/\/blogsaverroes.juntadeandalucia.es\/ceiparteroperez\/files\/2020\/06\/ESO_0002-17x24.jpg 17w, https:\/\/blogsaverroes.juntadeandalucia.es\/ceiparteroperez\/files\/2020\/06\/ESO_0002-25x36.jpg 25w, https:\/\/blogsaverroes.juntadeandalucia.es\/ceiparteroperez\/files\/2020\/06\/ESO_0002-34x48.jpg 34w, https:\/\/blogsaverroes.juntadeandalucia.es\/ceiparteroperez\/files\/2020\/06\/ESO_0002.jpg 1131w\" sizes=\"(max-width: 262px) 100vw, 262px\" \/><\/a><\/h1>\n<h3>&nbsp;<\/h3>\n<h3>&nbsp;<\/h3>\n<h3>&nbsp;<\/h3>\n<h3>&nbsp;<\/h3>\n<h3>&nbsp;<\/h3>\n<h3>&nbsp;<\/h3>\n<h3>&nbsp;<\/h3>\n<h3>&nbsp;<\/h3>\n<h3>&nbsp;<\/h3>\n<h3>&nbsp;<\/h3>\n<h3>&nbsp;<\/h3>\n<h3 style=\"text-align: center\"><span style=\"color: #0000ff\">SEMANA DEL 01 DE JUNIO AL 05 DE JUNIO<\/span><\/h3>\n<p>&nbsp;<\/p>\n<p>Hola chic@s, comenzamos un nuevo mes.Os propongo estas actividades.<\/p>\n<p><strong>INSTRUCCIONES PARA ENVIARME LOS EJERCICIOS O CONSULTAR CUALQUIER DUDA<\/strong><\/p>\n<p>Copia los ejercicios en la libreta, cuando lo hayas hecho le haces una foto a la hoja con el m\u00f3vil, te vas a galer\u00eda del m\u00f3vil,&nbsp; le das a compartir y lo env\u00edas al correo: compensatoria20@gmail.com&nbsp; &nbsp; yo los corregir\u00e9 y te los env\u00edo.<\/p>\n<p>Gracias.<\/p>\n<p>&nbsp;<\/p>\n<p>&nbsp;<\/p>\n<h1><span style=\"color: #339966\">1\u00ba CICLO<\/span>&nbsp;<\/h1>\n<p><a href=\"https:\/\/blogsaverroes.juntadeandalucia.es\/ceiparteroperez\/files\/2020\/05\/Junio_page-0001.jpg\"><img loading=\"lazy\" decoding=\"async\" class=\"alignnone size-medium wp-image-4653\" src=\"https:\/\/blogsaverroes.juntadeandalucia.es\/ceiparteroperez\/files\/2020\/05\/Junio_page-0001-300x212.jpg\" alt=\"\" width=\"300\" height=\"212\" srcset=\"https:\/\/blogsaverroes.juntadeandalucia.es\/ceiparteroperez\/files\/2020\/05\/Junio_page-0001-300x212.jpg 300w, https:\/\/blogsaverroes.juntadeandalucia.es\/ceiparteroperez\/files\/2020\/05\/Junio_page-0001-768x543.jpg 768w, https:\/\/blogsaverroes.juntadeandalucia.es\/ceiparteroperez\/files\/2020\/05\/Junio_page-0001-1024x724.jpg 1024w, https:\/\/blogsaverroes.juntadeandalucia.es\/ceiparteroperez\/files\/2020\/05\/Junio_page-0001-24x17.jpg 24w, https:\/\/blogsaverroes.juntadeandalucia.es\/ceiparteroperez\/files\/2020\/05\/Junio_page-0001-36x25.jpg 36w, https:\/\/blogsaverroes.juntadeandalucia.es\/ceiparteroperez\/files\/2020\/05\/Junio_page-0001-48x34.jpg 48w, https:\/\/blogsaverroes.juntadeandalucia.es\/ceiparteroperez\/files\/2020\/05\/Junio_page-0001.jpg 1600w\" sizes=\"(max-width: 300px) 100vw, 300px\" \/><\/a> <a href=\"https:\/\/blogsaverroes.juntadeandalucia.es\/ceiparteroperez\/files\/2020\/05\/Junio_page-0002.jpg\"><img loading=\"lazy\" decoding=\"async\" class=\"alignnone size-medium wp-image-4654\" src=\"https:\/\/blogsaverroes.juntadeandalucia.es\/ceiparteroperez\/files\/2020\/05\/Junio_page-0002-300x212.jpg\" alt=\"\" width=\"300\" height=\"212\" srcset=\"https:\/\/blogsaverroes.juntadeandalucia.es\/ceiparteroperez\/files\/2020\/05\/Junio_page-0002-300x212.jpg 300w, https:\/\/blogsaverroes.juntadeandalucia.es\/ceiparteroperez\/files\/2020\/05\/Junio_page-0002-768x543.jpg 768w, https:\/\/blogsaverroes.juntadeandalucia.es\/ceiparteroperez\/files\/2020\/05\/Junio_page-0002-1024x724.jpg 1024w, https:\/\/blogsaverroes.juntadeandalucia.es\/ceiparteroperez\/files\/2020\/05\/Junio_page-0002-24x17.jpg 24w, https:\/\/blogsaverroes.juntadeandalucia.es\/ceiparteroperez\/files\/2020\/05\/Junio_page-0002-36x25.jpg 36w, https:\/\/blogsaverroes.juntadeandalucia.es\/ceiparteroperez\/files\/2020\/05\/Junio_page-0002-48x34.jpg 48w, https:\/\/blogsaverroes.juntadeandalucia.es\/ceiparteroperez\/files\/2020\/05\/Junio_page-0002.jpg 1600w\" sizes=\"(max-width: 300px) 100vw, 300px\" \/><\/a> <a href=\"https:\/\/blogsaverroes.juntadeandalucia.es\/ceiparteroperez\/files\/2020\/05\/Junio_page-0003.jpg\"><img loading=\"lazy\" decoding=\"async\" class=\"alignnone size-medium wp-image-4655\" src=\"https:\/\/blogsaverroes.juntadeandalucia.es\/ceiparteroperez\/files\/2020\/05\/Junio_page-0003-300x212.jpg\" alt=\"\" width=\"300\" height=\"212\" srcset=\"https:\/\/blogsaverroes.juntadeandalucia.es\/ceiparteroperez\/files\/2020\/05\/Junio_page-0003-300x212.jpg 300w, https:\/\/blogsaverroes.juntadeandalucia.es\/ceiparteroperez\/files\/2020\/05\/Junio_page-0003-768x543.jpg 768w, https:\/\/blogsaverroes.juntadeandalucia.es\/ceiparteroperez\/files\/2020\/05\/Junio_page-0003-1024x724.jpg 1024w, https:\/\/blogsaverroes.juntadeandalucia.es\/ceiparteroperez\/files\/2020\/05\/Junio_page-0003-24x17.jpg 24w, https:\/\/blogsaverroes.juntadeandalucia.es\/ceiparteroperez\/files\/2020\/05\/Junio_page-0003-36x25.jpg 36w, https:\/\/blogsaverroes.juntadeandalucia.es\/ceiparteroperez\/files\/2020\/05\/Junio_page-0003-48x34.jpg 48w, https:\/\/blogsaverroes.juntadeandalucia.es\/ceiparteroperez\/files\/2020\/05\/Junio_page-0003.jpg 1600w\" sizes=\"(max-width: 300px) 100vw, 300px\" \/><\/a> <a href=\"https:\/\/blogsaverroes.juntadeandalucia.es\/ceiparteroperez\/files\/2020\/05\/Junio_page-0004.jpg\"><img loading=\"lazy\" decoding=\"async\" class=\"alignnone size-medium wp-image-4656\" src=\"https:\/\/blogsaverroes.juntadeandalucia.es\/ceiparteroperez\/files\/2020\/05\/Junio_page-0004-300x212.jpg\" alt=\"\" width=\"300\" height=\"212\" srcset=\"https:\/\/blogsaverroes.juntadeandalucia.es\/ceiparteroperez\/files\/2020\/05\/Junio_page-0004-300x212.jpg 300w, https:\/\/blogsaverroes.juntadeandalucia.es\/ceiparteroperez\/files\/2020\/05\/Junio_page-0004-768x543.jpg 768w, https:\/\/blogsaverroes.juntadeandalucia.es\/ceiparteroperez\/files\/2020\/05\/Junio_page-0004-1024x724.jpg 1024w, https:\/\/blogsaverroes.juntadeandalucia.es\/ceiparteroperez\/files\/2020\/05\/Junio_page-0004-24x17.jpg 24w, https:\/\/blogsaverroes.juntadeandalucia.es\/ceiparteroperez\/files\/2020\/05\/Junio_page-0004-36x25.jpg 36w, https:\/\/blogsaverroes.juntadeandalucia.es\/ceiparteroperez\/files\/2020\/05\/Junio_page-0004-48x34.jpg 48w, https:\/\/blogsaverroes.juntadeandalucia.es\/ceiparteroperez\/files\/2020\/05\/Junio_page-0004.jpg 1600w\" sizes=\"(max-width: 300px) 100vw, 300px\" \/><\/a><\/p>\n<p>&nbsp;<\/p>\n<p>&nbsp;<\/p>\n<h1><span style=\"color: #0000ff\">2\u00ba CICLO<\/span><\/h1>\n<p>&nbsp;<\/p>\n<p><a href=\"https:\/\/blogsaverroes.juntadeandalucia.es\/ceiparteroperez\/files\/2020\/05\/MIS-LECTURAS-DE-3\u00ba-Y-4\u00ba-Junio_page-0001.jpg\"><img loading=\"lazy\" decoding=\"async\" class=\"alignnone wp-image-4657\" src=\"https:\/\/blogsaverroes.juntadeandalucia.es\/ceiparteroperez\/files\/2020\/05\/MIS-LECTURAS-DE-3\u00ba-Y-4\u00ba-Junio_page-0001-212x300.jpg\" alt=\"\" width=\"347\" height=\"491\" srcset=\"https:\/\/blogsaverroes.juntadeandalucia.es\/ceiparteroperez\/files\/2020\/05\/MIS-LECTURAS-DE-3\u00ba-Y-4\u00ba-Junio_page-0001-212x300.jpg 212w, https:\/\/blogsaverroes.juntadeandalucia.es\/ceiparteroperez\/files\/2020\/05\/MIS-LECTURAS-DE-3\u00ba-Y-4\u00ba-Junio_page-0001-768x1087.jpg 768w, https:\/\/blogsaverroes.juntadeandalucia.es\/ceiparteroperez\/files\/2020\/05\/MIS-LECTURAS-DE-3\u00ba-Y-4\u00ba-Junio_page-0001-724x1024.jpg 724w, https:\/\/blogsaverroes.juntadeandalucia.es\/ceiparteroperez\/files\/2020\/05\/MIS-LECTURAS-DE-3\u00ba-Y-4\u00ba-Junio_page-0001-17x24.jpg 17w, https:\/\/blogsaverroes.juntadeandalucia.es\/ceiparteroperez\/files\/2020\/05\/MIS-LECTURAS-DE-3\u00ba-Y-4\u00ba-Junio_page-0001-25x36.jpg 25w, https:\/\/blogsaverroes.juntadeandalucia.es\/ceiparteroperez\/files\/2020\/05\/MIS-LECTURAS-DE-3\u00ba-Y-4\u00ba-Junio_page-0001-34x48.jpg 34w, https:\/\/blogsaverroes.juntadeandalucia.es\/ceiparteroperez\/files\/2020\/05\/MIS-LECTURAS-DE-3\u00ba-Y-4\u00ba-Junio_page-0001.jpg 1130w\" sizes=\"(max-width: 347px) 100vw, 347px\" \/><\/a><a href=\"https:\/\/blogsaverroes.juntadeandalucia.es\/ceiparteroperez\/files\/2020\/05\/MIS-LECTURAS-DE-3\u00ba-Y-4\u00ba-Junio_page-0002.jpg\"><img loading=\"lazy\" decoding=\"async\" class=\"alignnone wp-image-4658\" src=\"https:\/\/blogsaverroes.juntadeandalucia.es\/ceiparteroperez\/files\/2020\/05\/MIS-LECTURAS-DE-3\u00ba-Y-4\u00ba-Junio_page-0002-212x300.jpg\" alt=\"\" width=\"345\" height=\"489\" srcset=\"https:\/\/blogsaverroes.juntadeandalucia.es\/ceiparteroperez\/files\/2020\/05\/MIS-LECTURAS-DE-3\u00ba-Y-4\u00ba-Junio_page-0002-212x300.jpg 212w, https:\/\/blogsaverroes.juntadeandalucia.es\/ceiparteroperez\/files\/2020\/05\/MIS-LECTURAS-DE-3\u00ba-Y-4\u00ba-Junio_page-0002-768x1087.jpg 768w, https:\/\/blogsaverroes.juntadeandalucia.es\/ceiparteroperez\/files\/2020\/05\/MIS-LECTURAS-DE-3\u00ba-Y-4\u00ba-Junio_page-0002-724x1024.jpg 724w, https:\/\/blogsaverroes.juntadeandalucia.es\/ceiparteroperez\/files\/2020\/05\/MIS-LECTURAS-DE-3\u00ba-Y-4\u00ba-Junio_page-0002-17x24.jpg 17w, https:\/\/blogsaverroes.juntadeandalucia.es\/ceiparteroperez\/files\/2020\/05\/MIS-LECTURAS-DE-3\u00ba-Y-4\u00ba-Junio_page-0002-25x36.jpg 25w, https:\/\/blogsaverroes.juntadeandalucia.es\/ceiparteroperez\/files\/2020\/05\/MIS-LECTURAS-DE-3\u00ba-Y-4\u00ba-Junio_page-0002-34x48.jpg 34w, https:\/\/blogsaverroes.juntadeandalucia.es\/ceiparteroperez\/files\/2020\/05\/MIS-LECTURAS-DE-3\u00ba-Y-4\u00ba-Junio_page-0002.jpg 1130w\" sizes=\"(max-width: 345px) 100vw, 345px\" \/><\/a><\/p>\n<p>&nbsp;<\/p>\n<p>&nbsp;<\/p>\n<h1><span style=\"color: #ff0000\">3\u00ba CICLO<\/span><\/h1>\n<p>&nbsp;<\/p>\n<p><a href=\"https:\/\/blogsaverroes.juntadeandalucia.es\/ceiparteroperez\/files\/2020\/05\/MIS-LECTURAS-DE-5\u00ba-Y-6\u00ba-Junio_page-0001.jpg\"><img loading=\"lazy\" decoding=\"async\" class=\"alignnone wp-image-4660\" src=\"https:\/\/blogsaverroes.juntadeandalucia.es\/ceiparteroperez\/files\/2020\/05\/MIS-LECTURAS-DE-5\u00ba-Y-6\u00ba-Junio_page-0001-212x300.jpg\" alt=\"\" width=\"348\" height=\"492\" srcset=\"https:\/\/blogsaverroes.juntadeandalucia.es\/ceiparteroperez\/files\/2020\/05\/MIS-LECTURAS-DE-5\u00ba-Y-6\u00ba-Junio_page-0001-212x300.jpg 212w, https:\/\/blogsaverroes.juntadeandalucia.es\/ceiparteroperez\/files\/2020\/05\/MIS-LECTURAS-DE-5\u00ba-Y-6\u00ba-Junio_page-0001-768x1087.jpg 768w, https:\/\/blogsaverroes.juntadeandalucia.es\/ceiparteroperez\/files\/2020\/05\/MIS-LECTURAS-DE-5\u00ba-Y-6\u00ba-Junio_page-0001-724x1024.jpg 724w, https:\/\/blogsaverroes.juntadeandalucia.es\/ceiparteroperez\/files\/2020\/05\/MIS-LECTURAS-DE-5\u00ba-Y-6\u00ba-Junio_page-0001-17x24.jpg 17w, https:\/\/blogsaverroes.juntadeandalucia.es\/ceiparteroperez\/files\/2020\/05\/MIS-LECTURAS-DE-5\u00ba-Y-6\u00ba-Junio_page-0001-25x36.jpg 25w, https:\/\/blogsaverroes.juntadeandalucia.es\/ceiparteroperez\/files\/2020\/05\/MIS-LECTURAS-DE-5\u00ba-Y-6\u00ba-Junio_page-0001-34x48.jpg 34w, https:\/\/blogsaverroes.juntadeandalucia.es\/ceiparteroperez\/files\/2020\/05\/MIS-LECTURAS-DE-5\u00ba-Y-6\u00ba-Junio_page-0001.jpg 1130w\" sizes=\"(max-width: 348px) 100vw, 348px\" \/><\/a> <a href=\"https:\/\/blogsaverroes.juntadeandalucia.es\/ceiparteroperez\/files\/2020\/05\/MIS-LECTURAS-DE-5\u00ba-Y-6\u00ba-Junio_page-0002.jpg\"><img loading=\"lazy\" decoding=\"async\" class=\"alignnone wp-image-4661\" src=\"https:\/\/blogsaverroes.juntadeandalucia.es\/ceiparteroperez\/files\/2020\/05\/MIS-LECTURAS-DE-5\u00ba-Y-6\u00ba-Junio_page-0002-212x300.jpg\" alt=\"\" width=\"353\" height=\"500\" srcset=\"https:\/\/blogsaverroes.juntadeandalucia.es\/ceiparteroperez\/files\/2020\/05\/MIS-LECTURAS-DE-5\u00ba-Y-6\u00ba-Junio_page-0002-212x300.jpg 212w, https:\/\/blogsaverroes.juntadeandalucia.es\/ceiparteroperez\/files\/2020\/05\/MIS-LECTURAS-DE-5\u00ba-Y-6\u00ba-Junio_page-0002-768x1087.jpg 768w, https:\/\/blogsaverroes.juntadeandalucia.es\/ceiparteroperez\/files\/2020\/05\/MIS-LECTURAS-DE-5\u00ba-Y-6\u00ba-Junio_page-0002-724x1024.jpg 724w, https:\/\/blogsaverroes.juntadeandalucia.es\/ceiparteroperez\/files\/2020\/05\/MIS-LECTURAS-DE-5\u00ba-Y-6\u00ba-Junio_page-0002-17x24.jpg 17w, https:\/\/blogsaverroes.juntadeandalucia.es\/ceiparteroperez\/files\/2020\/05\/MIS-LECTURAS-DE-5\u00ba-Y-6\u00ba-Junio_page-0002-25x36.jpg 25w, https:\/\/blogsaverroes.juntadeandalucia.es\/ceiparteroperez\/files\/2020\/05\/MIS-LECTURAS-DE-5\u00ba-Y-6\u00ba-Junio_page-0002-34x48.jpg 34w, https:\/\/blogsaverroes.juntadeandalucia.es\/ceiparteroperez\/files\/2020\/05\/MIS-LECTURAS-DE-5\u00ba-Y-6\u00ba-Junio_page-0002.jpg 1130w\" sizes=\"(max-width: 353px) 100vw, 353px\" \/><\/a><\/p>\n<p>&nbsp;<\/p>\n<h1><span style=\"color: #ff00ff\">1\u00ba y 2\u00ba ESO<\/span><\/h1>\n<p>&nbsp;<\/p>\n<p><a href=\"https:\/\/blogsaverroes.juntadeandalucia.es\/ceiparteroperez\/files\/2020\/05\/lecturas-ES0-junio_page-0001.jpg\"><img loading=\"lazy\" decoding=\"async\" class=\"alignnone wp-image-4663\" src=\"https:\/\/blogsaverroes.juntadeandalucia.es\/ceiparteroperez\/files\/2020\/05\/lecturas-ES0-junio_page-0001-212x300.jpg\" alt=\"\" width=\"302\" height=\"427\" srcset=\"https:\/\/blogsaverroes.juntadeandalucia.es\/ceiparteroperez\/files\/2020\/05\/lecturas-ES0-junio_page-0001-212x300.jpg 212w, https:\/\/blogsaverroes.juntadeandalucia.es\/ceiparteroperez\/files\/2020\/05\/lecturas-ES0-junio_page-0001-768x1087.jpg 768w, https:\/\/blogsaverroes.juntadeandalucia.es\/ceiparteroperez\/files\/2020\/05\/lecturas-ES0-junio_page-0001-724x1024.jpg 724w, https:\/\/blogsaverroes.juntadeandalucia.es\/ceiparteroperez\/files\/2020\/05\/lecturas-ES0-junio_page-0001-17x24.jpg 17w, https:\/\/blogsaverroes.juntadeandalucia.es\/ceiparteroperez\/files\/2020\/05\/lecturas-ES0-junio_page-0001-25x36.jpg 25w, https:\/\/blogsaverroes.juntadeandalucia.es\/ceiparteroperez\/files\/2020\/05\/lecturas-ES0-junio_page-0001-34x48.jpg 34w, https:\/\/blogsaverroes.juntadeandalucia.es\/ceiparteroperez\/files\/2020\/05\/lecturas-ES0-junio_page-0001.jpg 1130w\" sizes=\"(max-width: 302px) 100vw, 302px\" \/><\/a> <a href=\"https:\/\/blogsaverroes.juntadeandalucia.es\/ceiparteroperez\/files\/2020\/05\/lecturas-ES0-junio_page-0002.jpg\"><img loading=\"lazy\" decoding=\"async\" class=\"alignnone wp-image-4664\" src=\"https:\/\/blogsaverroes.juntadeandalucia.es\/ceiparteroperez\/files\/2020\/05\/lecturas-ES0-junio_page-0002-212x300.jpg\" alt=\"\" width=\"305\" height=\"432\" srcset=\"https:\/\/blogsaverroes.juntadeandalucia.es\/ceiparteroperez\/files\/2020\/05\/lecturas-ES0-junio_page-0002-212x300.jpg 212w, https:\/\/blogsaverroes.juntadeandalucia.es\/ceiparteroperez\/files\/2020\/05\/lecturas-ES0-junio_page-0002-768x1087.jpg 768w, https:\/\/blogsaverroes.juntadeandalucia.es\/ceiparteroperez\/files\/2020\/05\/lecturas-ES0-junio_page-0002-724x1024.jpg 724w, https:\/\/blogsaverroes.juntadeandalucia.es\/ceiparteroperez\/files\/2020\/05\/lecturas-ES0-junio_page-0002-17x24.jpg 17w, https:\/\/blogsaverroes.juntadeandalucia.es\/ceiparteroperez\/files\/2020\/05\/lecturas-ES0-junio_page-0002-25x36.jpg 25w, https:\/\/blogsaverroes.juntadeandalucia.es\/ceiparteroperez\/files\/2020\/05\/lecturas-ES0-junio_page-0002-34x48.jpg 34w, https:\/\/blogsaverroes.juntadeandalucia.es\/ceiparteroperez\/files\/2020\/05\/lecturas-ES0-junio_page-0002.jpg 1130w\" sizes=\"(max-width: 305px) 100vw, 305px\" \/><\/a><\/p>\n<p>&nbsp;<\/p>\n<p>&nbsp;<\/p>\n<p>&nbsp;<\/p>\n<p>&nbsp;<\/p>\n<h3 style=\"text-align: center\"><span style=\"color: #0000ff\">SEMANA DEL 25 AL 29 DE MAYO<\/span><\/h3>\n<p>&nbsp;<\/p>\n<p>Hola chic@s, comenzamos una nueva semana y adem\u00e1s pasamos a la 2\u00aa fase del estado de alarma, estamos haciendo las cosas bien, pero debemos ser prudentes, ya sab\u00e9is: distancia de seguridad, lavado de manos, mascarillas y mucho sentido com\u00fan&#8230;Seguro que pronto salimos de esto. \u00a1\u00c1nimo!Para esta semana os propongo estas actividades.<\/p>\n<p><strong>INSTRUCCIONES PARA ENVIARME LOS EJERCICIOS O CONSULTAR CUALQUIER DUDA<\/strong><\/p>\n<p>Copia los ejercicios en la libreta, cuando lo hayas hecho le haces una foto a la hoja con el m\u00f3vil, te vas a galer\u00eda del m\u00f3vil,&nbsp; le das a compartir y lo env\u00edas al correo: compensatoria20@gmail.com&nbsp; &nbsp; yo los corregir\u00e9 y te los env\u00edo.<\/p>\n<p>Gracias.<\/p>\n<h1>&nbsp;<\/h1>\n<h1><span style=\"color: #339966\">1\u00ba CICLO<\/span>&nbsp;<\/h1>\n<p><a href=\"https:\/\/blogsaverroes.juntadeandalucia.es\/ceiparteroperez\/files\/2020\/05\/MIS-LECTURAS-DE-1\u00ba-Y-2\u00ba-Pri-blog_page-0001.jpg\"><img loading=\"lazy\" decoding=\"async\" class=\"alignnone wp-image-4431\" src=\"https:\/\/blogsaverroes.juntadeandalucia.es\/ceiparteroperez\/files\/2020\/05\/MIS-LECTURAS-DE-1\u00ba-Y-2\u00ba-Pri-blog_page-0001-212x300.jpg\" alt=\"\" width=\"252\" height=\"357\" srcset=\"https:\/\/blogsaverroes.juntadeandalucia.es\/ceiparteroperez\/files\/2020\/05\/MIS-LECTURAS-DE-1\u00ba-Y-2\u00ba-Pri-blog_page-0001-212x300.jpg 212w, https:\/\/blogsaverroes.juntadeandalucia.es\/ceiparteroperez\/files\/2020\/05\/MIS-LECTURAS-DE-1\u00ba-Y-2\u00ba-Pri-blog_page-0001-768x1087.jpg 768w, https:\/\/blogsaverroes.juntadeandalucia.es\/ceiparteroperez\/files\/2020\/05\/MIS-LECTURAS-DE-1\u00ba-Y-2\u00ba-Pri-blog_page-0001-724x1024.jpg 724w, https:\/\/blogsaverroes.juntadeandalucia.es\/ceiparteroperez\/files\/2020\/05\/MIS-LECTURAS-DE-1\u00ba-Y-2\u00ba-Pri-blog_page-0001-17x24.jpg 17w, https:\/\/blogsaverroes.juntadeandalucia.es\/ceiparteroperez\/files\/2020\/05\/MIS-LECTURAS-DE-1\u00ba-Y-2\u00ba-Pri-blog_page-0001-25x36.jpg 25w, https:\/\/blogsaverroes.juntadeandalucia.es\/ceiparteroperez\/files\/2020\/05\/MIS-LECTURAS-DE-1\u00ba-Y-2\u00ba-Pri-blog_page-0001-34x48.jpg 34w, https:\/\/blogsaverroes.juntadeandalucia.es\/ceiparteroperez\/files\/2020\/05\/MIS-LECTURAS-DE-1\u00ba-Y-2\u00ba-Pri-blog_page-0001.jpg 1130w\" sizes=\"(max-width: 252px) 100vw, 252px\" \/><\/a> <a href=\"https:\/\/blogsaverroes.juntadeandalucia.es\/ceiparteroperez\/files\/2020\/05\/MIS-LECTURAS-DE-1\u00ba-Y-2\u00ba-Pri-blog_page-0002.jpg\"><img loading=\"lazy\" decoding=\"async\" class=\"alignnone wp-image-4432\" src=\"https:\/\/blogsaverroes.juntadeandalucia.es\/ceiparteroperez\/files\/2020\/05\/MIS-LECTURAS-DE-1\u00ba-Y-2\u00ba-Pri-blog_page-0002-212x300.jpg\" alt=\"\" width=\"242\" height=\"342\" srcset=\"https:\/\/blogsaverroes.juntadeandalucia.es\/ceiparteroperez\/files\/2020\/05\/MIS-LECTURAS-DE-1\u00ba-Y-2\u00ba-Pri-blog_page-0002-212x300.jpg 212w, https:\/\/blogsaverroes.juntadeandalucia.es\/ceiparteroperez\/files\/2020\/05\/MIS-LECTURAS-DE-1\u00ba-Y-2\u00ba-Pri-blog_page-0002-768x1087.jpg 768w, https:\/\/blogsaverroes.juntadeandalucia.es\/ceiparteroperez\/files\/2020\/05\/MIS-LECTURAS-DE-1\u00ba-Y-2\u00ba-Pri-blog_page-0002-724x1024.jpg 724w, https:\/\/blogsaverroes.juntadeandalucia.es\/ceiparteroperez\/files\/2020\/05\/MIS-LECTURAS-DE-1\u00ba-Y-2\u00ba-Pri-blog_page-0002-17x24.jpg 17w, https:\/\/blogsaverroes.juntadeandalucia.es\/ceiparteroperez\/files\/2020\/05\/MIS-LECTURAS-DE-1\u00ba-Y-2\u00ba-Pri-blog_page-0002-25x36.jpg 25w, https:\/\/blogsaverroes.juntadeandalucia.es\/ceiparteroperez\/files\/2020\/05\/MIS-LECTURAS-DE-1\u00ba-Y-2\u00ba-Pri-blog_page-0002-34x48.jpg 34w, https:\/\/blogsaverroes.juntadeandalucia.es\/ceiparteroperez\/files\/2020\/05\/MIS-LECTURAS-DE-1\u00ba-Y-2\u00ba-Pri-blog_page-0002.jpg 1130w\" sizes=\"(max-width: 242px) 100vw, 242px\" \/><\/a> <a href=\"https:\/\/blogsaverroes.juntadeandalucia.es\/ceiparteroperez\/files\/2020\/05\/MIS-LECTURAS-DE-1\u00ba-Y-2\u00ba-Pri-blog_page-0003.jpg\"><img loading=\"lazy\" decoding=\"async\" class=\"alignnone wp-image-4433\" src=\"https:\/\/blogsaverroes.juntadeandalucia.es\/ceiparteroperez\/files\/2020\/05\/MIS-LECTURAS-DE-1\u00ba-Y-2\u00ba-Pri-blog_page-0003-212x300.jpg\" alt=\"\" width=\"245\" height=\"347\" srcset=\"https:\/\/blogsaverroes.juntadeandalucia.es\/ceiparteroperez\/files\/2020\/05\/MIS-LECTURAS-DE-1\u00ba-Y-2\u00ba-Pri-blog_page-0003-212x300.jpg 212w, https:\/\/blogsaverroes.juntadeandalucia.es\/ceiparteroperez\/files\/2020\/05\/MIS-LECTURAS-DE-1\u00ba-Y-2\u00ba-Pri-blog_page-0003-768x1087.jpg 768w, https:\/\/blogsaverroes.juntadeandalucia.es\/ceiparteroperez\/files\/2020\/05\/MIS-LECTURAS-DE-1\u00ba-Y-2\u00ba-Pri-blog_page-0003-724x1024.jpg 724w, https:\/\/blogsaverroes.juntadeandalucia.es\/ceiparteroperez\/files\/2020\/05\/MIS-LECTURAS-DE-1\u00ba-Y-2\u00ba-Pri-blog_page-0003-17x24.jpg 17w, https:\/\/blogsaverroes.juntadeandalucia.es\/ceiparteroperez\/files\/2020\/05\/MIS-LECTURAS-DE-1\u00ba-Y-2\u00ba-Pri-blog_page-0003-25x36.jpg 25w, https:\/\/blogsaverroes.juntadeandalucia.es\/ceiparteroperez\/files\/2020\/05\/MIS-LECTURAS-DE-1\u00ba-Y-2\u00ba-Pri-blog_page-0003-34x48.jpg 34w, https:\/\/blogsaverroes.juntadeandalucia.es\/ceiparteroperez\/files\/2020\/05\/MIS-LECTURAS-DE-1\u00ba-Y-2\u00ba-Pri-blog_page-0003.jpg 1130w\" sizes=\"(max-width: 245px) 100vw, 245px\" \/><\/a><a href=\"https:\/\/blogsaverroes.juntadeandalucia.es\/ceiparteroperez\/files\/2020\/05\/MIS-LECTURAS-DE-1\u00ba-Y-2\u00ba-Pri-blog_page-0004.jpg\"><img loading=\"lazy\" decoding=\"async\" class=\"alignnone wp-image-4434\" src=\"https:\/\/blogsaverroes.juntadeandalucia.es\/ceiparteroperez\/files\/2020\/05\/MIS-LECTURAS-DE-1\u00ba-Y-2\u00ba-Pri-blog_page-0004-212x300.jpg\" alt=\"\" width=\"259\" height=\"365\" srcset=\"https:\/\/blogsaverroes.juntadeandalucia.es\/ceiparteroperez\/files\/2020\/05\/MIS-LECTURAS-DE-1\u00ba-Y-2\u00ba-Pri-blog_page-0004-212x300.jpg 212w, https:\/\/blogsaverroes.juntadeandalucia.es\/ceiparteroperez\/files\/2020\/05\/MIS-LECTURAS-DE-1\u00ba-Y-2\u00ba-Pri-blog_page-0004-724x1024.jpg 724w, https:\/\/blogsaverroes.juntadeandalucia.es\/ceiparteroperez\/files\/2020\/05\/MIS-LECTURAS-DE-1\u00ba-Y-2\u00ba-Pri-blog_page-0004-17x24.jpg 17w, https:\/\/blogsaverroes.juntadeandalucia.es\/ceiparteroperez\/files\/2020\/05\/MIS-LECTURAS-DE-1\u00ba-Y-2\u00ba-Pri-blog_page-0004-25x36.jpg 25w, https:\/\/blogsaverroes.juntadeandalucia.es\/ceiparteroperez\/files\/2020\/05\/MIS-LECTURAS-DE-1\u00ba-Y-2\u00ba-Pri-blog_page-0004-34x48.jpg 34w\" sizes=\"(max-width: 259px) 100vw, 259px\" \/><\/a><\/p>\n<h3>&nbsp;<\/h3>\n<p>&nbsp;<\/p>\n<h1><span style=\"color: #0000ff\">2\u00ba CICLO<\/span><\/h1>\n<p>&nbsp;<\/p>\n<p>&nbsp;<\/p>\n<h3><a href=\"https:\/\/blogsaverroes.juntadeandalucia.es\/ceiparteroperez\/files\/2020\/05\/MIS-LECTURAS-DE-3\u00ba-Y-4\u00ba-blogs_page-0001.jpg\"><img loading=\"lazy\" decoding=\"async\" class=\"alignnone wp-image-4438\" src=\"https:\/\/blogsaverroes.juntadeandalucia.es\/ceiparteroperez\/files\/2020\/05\/MIS-LECTURAS-DE-3\u00ba-Y-4\u00ba-blogs_page-0001-212x300.jpg\" alt=\"\" width=\"264\" height=\"374\" srcset=\"https:\/\/blogsaverroes.juntadeandalucia.es\/ceiparteroperez\/files\/2020\/05\/MIS-LECTURAS-DE-3\u00ba-Y-4\u00ba-blogs_page-0001-212x300.jpg 212w, https:\/\/blogsaverroes.juntadeandalucia.es\/ceiparteroperez\/files\/2020\/05\/MIS-LECTURAS-DE-3\u00ba-Y-4\u00ba-blogs_page-0001-768x1087.jpg 768w, https:\/\/blogsaverroes.juntadeandalucia.es\/ceiparteroperez\/files\/2020\/05\/MIS-LECTURAS-DE-3\u00ba-Y-4\u00ba-blogs_page-0001-724x1024.jpg 724w, https:\/\/blogsaverroes.juntadeandalucia.es\/ceiparteroperez\/files\/2020\/05\/MIS-LECTURAS-DE-3\u00ba-Y-4\u00ba-blogs_page-0001-17x24.jpg 17w, https:\/\/blogsaverroes.juntadeandalucia.es\/ceiparteroperez\/files\/2020\/05\/MIS-LECTURAS-DE-3\u00ba-Y-4\u00ba-blogs_page-0001-25x36.jpg 25w, https:\/\/blogsaverroes.juntadeandalucia.es\/ceiparteroperez\/files\/2020\/05\/MIS-LECTURAS-DE-3\u00ba-Y-4\u00ba-blogs_page-0001-34x48.jpg 34w, https:\/\/blogsaverroes.juntadeandalucia.es\/ceiparteroperez\/files\/2020\/05\/MIS-LECTURAS-DE-3\u00ba-Y-4\u00ba-blogs_page-0001.jpg 1130w\" sizes=\"(max-width: 264px) 100vw, 264px\" \/><\/a> <a href=\"https:\/\/blogsaverroes.juntadeandalucia.es\/ceiparteroperez\/files\/2020\/05\/MIS-LECTURAS-DE-3\u00ba-Y-4\u00ba-blogs_page-0002.jpg\"><img loading=\"lazy\" decoding=\"async\" class=\"alignnone wp-image-4439\" src=\"https:\/\/blogsaverroes.juntadeandalucia.es\/ceiparteroperez\/files\/2020\/05\/MIS-LECTURAS-DE-3\u00ba-Y-4\u00ba-blogs_page-0002-212x300.jpg\" alt=\"\" width=\"252\" height=\"358\" srcset=\"https:\/\/blogsaverroes.juntadeandalucia.es\/ceiparteroperez\/files\/2020\/05\/MIS-LECTURAS-DE-3\u00ba-Y-4\u00ba-blogs_page-0002-212x300.jpg 212w, https:\/\/blogsaverroes.juntadeandalucia.es\/ceiparteroperez\/files\/2020\/05\/MIS-LECTURAS-DE-3\u00ba-Y-4\u00ba-blogs_page-0002-768x1087.jpg 768w, https:\/\/blogsaverroes.juntadeandalucia.es\/ceiparteroperez\/files\/2020\/05\/MIS-LECTURAS-DE-3\u00ba-Y-4\u00ba-blogs_page-0002-17x24.jpg 17w, https:\/\/blogsaverroes.juntadeandalucia.es\/ceiparteroperez\/files\/2020\/05\/MIS-LECTURAS-DE-3\u00ba-Y-4\u00ba-blogs_page-0002-25x36.jpg 25w, https:\/\/blogsaverroes.juntadeandalucia.es\/ceiparteroperez\/files\/2020\/05\/MIS-LECTURAS-DE-3\u00ba-Y-4\u00ba-blogs_page-0002-34x48.jpg 34w, https:\/\/blogsaverroes.juntadeandalucia.es\/ceiparteroperez\/files\/2020\/05\/MIS-LECTURAS-DE-3\u00ba-Y-4\u00ba-blogs_page-0002.jpg 1130w\" sizes=\"(max-width: 252px) 100vw, 252px\" \/><\/a> <a href=\"https:\/\/blogsaverroes.juntadeandalucia.es\/ceiparteroperez\/files\/2020\/05\/MIS-LECTURAS-DE-3\u00ba-Y-4\u00ba-blogs_page-0003.jpg\"><img loading=\"lazy\" decoding=\"async\" class=\"alignnone wp-image-4440\" src=\"https:\/\/blogsaverroes.juntadeandalucia.es\/ceiparteroperez\/files\/2020\/05\/MIS-LECTURAS-DE-3\u00ba-Y-4\u00ba-blogs_page-0003-212x300.jpg\" alt=\"\" width=\"253\" height=\"358\" srcset=\"https:\/\/blogsaverroes.juntadeandalucia.es\/ceiparteroperez\/files\/2020\/05\/MIS-LECTURAS-DE-3\u00ba-Y-4\u00ba-blogs_page-0003-212x300.jpg 212w, https:\/\/blogsaverroes.juntadeandalucia.es\/ceiparteroperez\/files\/2020\/05\/MIS-LECTURAS-DE-3\u00ba-Y-4\u00ba-blogs_page-0003-768x1087.jpg 768w, https:\/\/blogsaverroes.juntadeandalucia.es\/ceiparteroperez\/files\/2020\/05\/MIS-LECTURAS-DE-3\u00ba-Y-4\u00ba-blogs_page-0003-724x1024.jpg 724w, https:\/\/blogsaverroes.juntadeandalucia.es\/ceiparteroperez\/files\/2020\/05\/MIS-LECTURAS-DE-3\u00ba-Y-4\u00ba-blogs_page-0003-17x24.jpg 17w, https:\/\/blogsaverroes.juntadeandalucia.es\/ceiparteroperez\/files\/2020\/05\/MIS-LECTURAS-DE-3\u00ba-Y-4\u00ba-blogs_page-0003-25x36.jpg 25w, https:\/\/blogsaverroes.juntadeandalucia.es\/ceiparteroperez\/files\/2020\/05\/MIS-LECTURAS-DE-3\u00ba-Y-4\u00ba-blogs_page-0003-34x48.jpg 34w, https:\/\/blogsaverroes.juntadeandalucia.es\/ceiparteroperez\/files\/2020\/05\/MIS-LECTURAS-DE-3\u00ba-Y-4\u00ba-blogs_page-0003.jpg 1130w\" sizes=\"(max-width: 253px) 100vw, 253px\" \/><\/a> <a href=\"https:\/\/blogsaverroes.juntadeandalucia.es\/ceiparteroperez\/files\/2020\/05\/MIS-LECTURAS-DE-3\u00ba-Y-4\u00ba-blogs_page-0004.jpg\"><img loading=\"lazy\" decoding=\"async\" class=\"alignnone wp-image-4441\" src=\"https:\/\/blogsaverroes.juntadeandalucia.es\/ceiparteroperez\/files\/2020\/05\/MIS-LECTURAS-DE-3\u00ba-Y-4\u00ba-blogs_page-0004-212x300.jpg\" alt=\"\" width=\"256\" height=\"362\" srcset=\"https:\/\/blogsaverroes.juntadeandalucia.es\/ceiparteroperez\/files\/2020\/05\/MIS-LECTURAS-DE-3\u00ba-Y-4\u00ba-blogs_page-0004-212x300.jpg 212w, https:\/\/blogsaverroes.juntadeandalucia.es\/ceiparteroperez\/files\/2020\/05\/MIS-LECTURAS-DE-3\u00ba-Y-4\u00ba-blogs_page-0004-768x1087.jpg 768w, https:\/\/blogsaverroes.juntadeandalucia.es\/ceiparteroperez\/files\/2020\/05\/MIS-LECTURAS-DE-3\u00ba-Y-4\u00ba-blogs_page-0004-724x1024.jpg 724w, https:\/\/blogsaverroes.juntadeandalucia.es\/ceiparteroperez\/files\/2020\/05\/MIS-LECTURAS-DE-3\u00ba-Y-4\u00ba-blogs_page-0004-17x24.jpg 17w, https:\/\/blogsaverroes.juntadeandalucia.es\/ceiparteroperez\/files\/2020\/05\/MIS-LECTURAS-DE-3\u00ba-Y-4\u00ba-blogs_page-0004-25x36.jpg 25w, https:\/\/blogsaverroes.juntadeandalucia.es\/ceiparteroperez\/files\/2020\/05\/MIS-LECTURAS-DE-3\u00ba-Y-4\u00ba-blogs_page-0004-34x48.jpg 34w, https:\/\/blogsaverroes.juntadeandalucia.es\/ceiparteroperez\/files\/2020\/05\/MIS-LECTURAS-DE-3\u00ba-Y-4\u00ba-blogs_page-0004.jpg 1130w\" sizes=\"(max-width: 256px) 100vw, 256px\" \/><\/a><\/h3>\n<h3>&nbsp;<\/h3>\n<h3>&nbsp;<\/h3>\n<h1><span style=\"color: #ff0000\">3\u00ba CICLO<\/span><\/h1>\n<h3>&nbsp;<\/h3>\n<h3><a href=\"https:\/\/blogsaverroes.juntadeandalucia.es\/ceiparteroperez\/files\/2020\/05\/LC_5-blog_page-0001.jpg\"><img loading=\"lazy\" decoding=\"async\" class=\"alignnone wp-image-4444\" src=\"https:\/\/blogsaverroes.juntadeandalucia.es\/ceiparteroperez\/files\/2020\/05\/LC_5-blog_page-0001-212x300.jpg\" alt=\"\" width=\"252\" height=\"357\" srcset=\"https:\/\/blogsaverroes.juntadeandalucia.es\/ceiparteroperez\/files\/2020\/05\/LC_5-blog_page-0001-212x300.jpg 212w, https:\/\/blogsaverroes.juntadeandalucia.es\/ceiparteroperez\/files\/2020\/05\/LC_5-blog_page-0001-768x1085.jpg 768w, https:\/\/blogsaverroes.juntadeandalucia.es\/ceiparteroperez\/files\/2020\/05\/LC_5-blog_page-0001-725x1024.jpg 725w, https:\/\/blogsaverroes.juntadeandalucia.es\/ceiparteroperez\/files\/2020\/05\/LC_5-blog_page-0001-17x24.jpg 17w, https:\/\/blogsaverroes.juntadeandalucia.es\/ceiparteroperez\/files\/2020\/05\/LC_5-blog_page-0001-25x36.jpg 25w, https:\/\/blogsaverroes.juntadeandalucia.es\/ceiparteroperez\/files\/2020\/05\/LC_5-blog_page-0001-34x48.jpg 34w, https:\/\/blogsaverroes.juntadeandalucia.es\/ceiparteroperez\/files\/2020\/05\/LC_5-blog_page-0001.jpg 1132w\" sizes=\"(max-width: 252px) 100vw, 252px\" \/><\/a> <a href=\"https:\/\/blogsaverroes.juntadeandalucia.es\/ceiparteroperez\/files\/2020\/05\/LC_5-blog_page-0002.jpg\"><img loading=\"lazy\" decoding=\"async\" class=\"alignnone wp-image-4445\" src=\"https:\/\/blogsaverroes.juntadeandalucia.es\/ceiparteroperez\/files\/2020\/05\/LC_5-blog_page-0002-212x300.jpg\" alt=\"\" width=\"247\" height=\"351\" srcset=\"https:\/\/blogsaverroes.juntadeandalucia.es\/ceiparteroperez\/files\/2020\/05\/LC_5-blog_page-0002-212x300.jpg 212w, https:\/\/blogsaverroes.juntadeandalucia.es\/ceiparteroperez\/files\/2020\/05\/LC_5-blog_page-0002-17x24.jpg 17w, https:\/\/blogsaverroes.juntadeandalucia.es\/ceiparteroperez\/files\/2020\/05\/LC_5-blog_page-0002-25x36.jpg 25w, https:\/\/blogsaverroes.juntadeandalucia.es\/ceiparteroperez\/files\/2020\/05\/LC_5-blog_page-0002-34x48.jpg 34w\" sizes=\"(max-width: 247px) 100vw, 247px\" \/><\/a> <a href=\"https:\/\/blogsaverroes.juntadeandalucia.es\/ceiparteroperez\/files\/2020\/05\/LC_5-blog_page-0003.jpg\"><img loading=\"lazy\" decoding=\"async\" class=\"alignnone wp-image-4446\" src=\"https:\/\/blogsaverroes.juntadeandalucia.es\/ceiparteroperez\/files\/2020\/05\/LC_5-blog_page-0003-212x300.jpg\" alt=\"\" width=\"250\" height=\"354\" srcset=\"https:\/\/blogsaverroes.juntadeandalucia.es\/ceiparteroperez\/files\/2020\/05\/LC_5-blog_page-0003-212x300.jpg 212w, https:\/\/blogsaverroes.juntadeandalucia.es\/ceiparteroperez\/files\/2020\/05\/LC_5-blog_page-0003-768x1085.jpg 768w, https:\/\/blogsaverroes.juntadeandalucia.es\/ceiparteroperez\/files\/2020\/05\/LC_5-blog_page-0003-725x1024.jpg 725w, https:\/\/blogsaverroes.juntadeandalucia.es\/ceiparteroperez\/files\/2020\/05\/LC_5-blog_page-0003-17x24.jpg 17w, https:\/\/blogsaverroes.juntadeandalucia.es\/ceiparteroperez\/files\/2020\/05\/LC_5-blog_page-0003-25x36.jpg 25w, https:\/\/blogsaverroes.juntadeandalucia.es\/ceiparteroperez\/files\/2020\/05\/LC_5-blog_page-0003-34x48.jpg 34w, https:\/\/blogsaverroes.juntadeandalucia.es\/ceiparteroperez\/files\/2020\/05\/LC_5-blog_page-0003.jpg 1132w\" sizes=\"(max-width: 250px) 100vw, 250px\" \/><\/a> <a href=\"https:\/\/blogsaverroes.juntadeandalucia.es\/ceiparteroperez\/files\/2020\/05\/LC_5-blog_page-0004.jpg\"><img loading=\"lazy\" decoding=\"async\" class=\"alignnone wp-image-4447\" src=\"https:\/\/blogsaverroes.juntadeandalucia.es\/ceiparteroperez\/files\/2020\/05\/LC_5-blog_page-0004-212x300.jpg\" alt=\"\" width=\"260\" height=\"370\" srcset=\"https:\/\/blogsaverroes.juntadeandalucia.es\/ceiparteroperez\/files\/2020\/05\/LC_5-blog_page-0004-17x24.jpg 17w, https:\/\/blogsaverroes.juntadeandalucia.es\/ceiparteroperez\/files\/2020\/05\/LC_5-blog_page-0004-25x36.jpg 25w, https:\/\/blogsaverroes.juntadeandalucia.es\/ceiparteroperez\/files\/2020\/05\/LC_5-blog_page-0004-34x48.jpg 34w\" sizes=\"(max-width: 260px) 100vw, 260px\" \/><\/a><\/h3>\n<h3>&nbsp;<\/h3>\n<h3>&nbsp;<\/h3>\n<h1><span style=\"color: #ff00ff\">1\u00ba y 2\u00ba ESO<\/span><\/h1>\n<p>&nbsp;<\/p>\n<p><a href=\"https:\/\/blogsaverroes.juntadeandalucia.es\/ceiparteroperez\/files\/2020\/05\/comprension_lectora-ESO-blog_page-0001.jpg\"><img loading=\"lazy\" decoding=\"async\" class=\"alignnone wp-image-4449\" src=\"https:\/\/blogsaverroes.juntadeandalucia.es\/ceiparteroperez\/files\/2020\/05\/comprension_lectora-ESO-blog_page-0001-216x300.jpg\" alt=\"\" width=\"274\" height=\"379\" srcset=\"https:\/\/blogsaverroes.juntadeandalucia.es\/ceiparteroperez\/files\/2020\/05\/comprension_lectora-ESO-blog_page-0001-216x300.jpg 216w, https:\/\/blogsaverroes.juntadeandalucia.es\/ceiparteroperez\/files\/2020\/05\/comprension_lectora-ESO-blog_page-0001-768x1066.jpg 768w, https:\/\/blogsaverroes.juntadeandalucia.es\/ceiparteroperez\/files\/2020\/05\/comprension_lectora-ESO-blog_page-0001-738x1024.jpg 738w, https:\/\/blogsaverroes.juntadeandalucia.es\/ceiparteroperez\/files\/2020\/05\/comprension_lectora-ESO-blog_page-0001-17x24.jpg 17w, https:\/\/blogsaverroes.juntadeandalucia.es\/ceiparteroperez\/files\/2020\/05\/comprension_lectora-ESO-blog_page-0001-26x36.jpg 26w, https:\/\/blogsaverroes.juntadeandalucia.es\/ceiparteroperez\/files\/2020\/05\/comprension_lectora-ESO-blog_page-0001-35x48.jpg 35w, https:\/\/blogsaverroes.juntadeandalucia.es\/ceiparteroperez\/files\/2020\/05\/comprension_lectora-ESO-blog_page-0001.jpg 1150w\" sizes=\"(max-width: 274px) 100vw, 274px\" \/><\/a> <a href=\"https:\/\/blogsaverroes.juntadeandalucia.es\/ceiparteroperez\/files\/2020\/05\/comprension_lectora-ESO-blog_page-0002.jpg\"><img loading=\"lazy\" decoding=\"async\" class=\"alignnone wp-image-4450\" src=\"https:\/\/blogsaverroes.juntadeandalucia.es\/ceiparteroperez\/files\/2020\/05\/comprension_lectora-ESO-blog_page-0002-216x300.jpg\" alt=\"\" width=\"271\" height=\"379\" srcset=\"https:\/\/blogsaverroes.juntadeandalucia.es\/ceiparteroperez\/files\/2020\/05\/comprension_lectora-ESO-blog_page-0002-17x24.jpg 17w, https:\/\/blogsaverroes.juntadeandalucia.es\/ceiparteroperez\/files\/2020\/05\/comprension_lectora-ESO-blog_page-0002-26x36.jpg 26w, https:\/\/blogsaverroes.juntadeandalucia.es\/ceiparteroperez\/files\/2020\/05\/comprension_lectora-ESO-blog_page-0002-35x48.jpg 35w\" sizes=\"(max-width: 271px) 100vw, 271px\" \/><\/a><img loading=\"lazy\" decoding=\"async\" class=\"alignnone wp-image-4451\" src=\"https:\/\/blogsaverroes.juntadeandalucia.es\/ceiparteroperez\/files\/2020\/05\/comprension_lectora-ESO-blog_page-0003-216x300.jpg\" alt=\"\" width=\"273\" height=\"380\" srcset=\"https:\/\/blogsaverroes.juntadeandalucia.es\/ceiparteroperez\/files\/2020\/05\/comprension_lectora-ESO-blog_page-0003-216x300.jpg 216w, https:\/\/blogsaverroes.juntadeandalucia.es\/ceiparteroperez\/files\/2020\/05\/comprension_lectora-ESO-blog_page-0003-768x1066.jpg 768w, https:\/\/blogsaverroes.juntadeandalucia.es\/ceiparteroperez\/files\/2020\/05\/comprension_lectora-ESO-blog_page-0003-738x1024.jpg 738w, https:\/\/blogsaverroes.juntadeandalucia.es\/ceiparteroperez\/files\/2020\/05\/comprension_lectora-ESO-blog_page-0003-17x24.jpg 17w, https:\/\/blogsaverroes.juntadeandalucia.es\/ceiparteroperez\/files\/2020\/05\/comprension_lectora-ESO-blog_page-0003-26x36.jpg 26w, https:\/\/blogsaverroes.juntadeandalucia.es\/ceiparteroperez\/files\/2020\/05\/comprension_lectora-ESO-blog_page-0003-35x48.jpg 35w, https:\/\/blogsaverroes.juntadeandalucia.es\/ceiparteroperez\/files\/2020\/05\/comprension_lectora-ESO-blog_page-0003.jpg 1150w\" sizes=\"(max-width: 273px) 100vw, 273px\" \/><a href=\"https:\/\/blogsaverroes.juntadeandalucia.es\/ceiparteroperez\/files\/2020\/05\/ESO-blog_page-0001.jpg\"><img loading=\"lazy\" decoding=\"async\" class=\"alignnone wp-image-4495\" src=\"https:\/\/blogsaverroes.juntadeandalucia.es\/ceiparteroperez\/files\/2020\/05\/ESO-blog_page-0001-216x300.jpg\" alt=\"\" width=\"274\" height=\"377\" srcset=\"https:\/\/blogsaverroes.juntadeandalucia.es\/ceiparteroperez\/files\/2020\/05\/ESO-blog_page-0001-17x24.jpg 17w, https:\/\/blogsaverroes.juntadeandalucia.es\/ceiparteroperez\/files\/2020\/05\/ESO-blog_page-0001-26x36.jpg 26w, https:\/\/blogsaverroes.juntadeandalucia.es\/ceiparteroperez\/files\/2020\/05\/ESO-blog_page-0001-35x48.jpg 35w\" sizes=\"(max-width: 274px) 100vw, 274px\" \/><\/a><\/p>\n<p>&nbsp;<\/p>\n<p>&nbsp;<\/p>\n<h3>&nbsp;<\/h3>\n<h3>&nbsp;<\/h3>\n<h3>&nbsp;<\/h3>\n<h3>&nbsp;<\/h3>\n<h3>&nbsp;<\/h3>\n<h3>&nbsp;<\/h3>\n<h3>&nbsp;<\/h3>\n<h3>&nbsp;<\/h3>\n<h3>&nbsp;<\/h3>\n<h3>&nbsp;<\/h3>\n<h3>&nbsp;<\/h3>\n<h3>&nbsp;<\/h3>\n<h3>&nbsp;<\/h3>\n<h3>&nbsp;<\/h3>\n<h3>&nbsp;<\/h3>\n<h3 style=\"text-align: center\"><span style=\"color: #0000ff\">SEMANA DEL 18 AL 22 DE MAYO<\/span><\/h3>\n<p>&nbsp;<\/p>\n<p>Hola chic@s, comenzamos una nueva semana, \u00bfc\u00f3mo est\u00e1is? Seg\u00fan las noticias parece que la condiciones sanitarias est\u00e1 mejorando. Seguro que saldremos de esta situaci\u00f3n poco a poco. Os propongo un nuevo trabajo para esta semana. \u00a1Vamos a ello! \u00a1Cuidaos mucho!<\/p>\n<p><strong>INSTRUCCIONES PARA ENVIARME LOS EJERCICIOS O CONSULTAR CUALQUIER DUDA<\/strong><\/p>\n<p>Copia los ejercicios en la libreta, cuando lo hayas hecho le haces una foto a la hoja con el m\u00f3vil, te vas a galer\u00eda del m\u00f3vil,&nbsp; le das a compartir y lo env\u00edas al correo: compensatoria20@gmail.com&nbsp; &nbsp; yo los corregir\u00e9 y te los env\u00edo.<\/p>\n<p>Gracias.<\/p>\n<p>&nbsp;<\/p>\n<h1><span style=\"color: #339966\">1\u00ba CICLO<\/span>&nbsp;<\/h1>\n<p>&nbsp;<\/p>\n<p><a href=\"https:\/\/blogsaverroes.juntadeandalucia.es\/ceiparteroperez\/files\/2020\/05\/0001-10.jpg\"><img loading=\"lazy\" decoding=\"async\" class=\"alignnone wp-image-4162\" src=\"https:\/\/blogsaverroes.juntadeandalucia.es\/ceiparteroperez\/files\/2020\/05\/0001-10-212x300.jpg\" alt=\"\" width=\"265\" height=\"375\" srcset=\"https:\/\/blogsaverroes.juntadeandalucia.es\/ceiparteroperez\/files\/2020\/05\/0001-10-212x300.jpg 212w, https:\/\/blogsaverroes.juntadeandalucia.es\/ceiparteroperez\/files\/2020\/05\/0001-10-768x1087.jpg 768w, https:\/\/blogsaverroes.juntadeandalucia.es\/ceiparteroperez\/files\/2020\/05\/0001-10-724x1024.jpg 724w, https:\/\/blogsaverroes.juntadeandalucia.es\/ceiparteroperez\/files\/2020\/05\/0001-10-17x24.jpg 17w, https:\/\/blogsaverroes.juntadeandalucia.es\/ceiparteroperez\/files\/2020\/05\/0001-10-25x36.jpg 25w, https:\/\/blogsaverroes.juntadeandalucia.es\/ceiparteroperez\/files\/2020\/05\/0001-10-34x48.jpg 34w, https:\/\/blogsaverroes.juntadeandalucia.es\/ceiparteroperez\/files\/2020\/05\/0001-10.jpg 1131w\" sizes=\"(max-width: 265px) 100vw, 265px\" \/><\/a><a href=\"https:\/\/blogsaverroes.juntadeandalucia.es\/ceiparteroperez\/files\/2020\/05\/0002-8.jpg\"><img loading=\"lazy\" decoding=\"async\" class=\"alignnone wp-image-4163\" src=\"https:\/\/blogsaverroes.juntadeandalucia.es\/ceiparteroperez\/files\/2020\/05\/0002-8-212x300.jpg\" alt=\"\" width=\"260\" height=\"368\" srcset=\"https:\/\/blogsaverroes.juntadeandalucia.es\/ceiparteroperez\/files\/2020\/05\/0002-8-212x300.jpg 212w, https:\/\/blogsaverroes.juntadeandalucia.es\/ceiparteroperez\/files\/2020\/05\/0002-8-768x1087.jpg 768w, https:\/\/blogsaverroes.juntadeandalucia.es\/ceiparteroperez\/files\/2020\/05\/0002-8-724x1024.jpg 724w, https:\/\/blogsaverroes.juntadeandalucia.es\/ceiparteroperez\/files\/2020\/05\/0002-8-17x24.jpg 17w, https:\/\/blogsaverroes.juntadeandalucia.es\/ceiparteroperez\/files\/2020\/05\/0002-8-25x36.jpg 25w, https:\/\/blogsaverroes.juntadeandalucia.es\/ceiparteroperez\/files\/2020\/05\/0002-8-34x48.jpg 34w, https:\/\/blogsaverroes.juntadeandalucia.es\/ceiparteroperez\/files\/2020\/05\/0002-8.jpg 1131w\" sizes=\"(max-width: 260px) 100vw, 260px\" \/><\/a><a href=\"https:\/\/blogsaverroes.juntadeandalucia.es\/ceiparteroperez\/files\/2020\/05\/0003-6.jpg\"><img loading=\"lazy\" decoding=\"async\" class=\"alignnone wp-image-4164\" src=\"https:\/\/blogsaverroes.juntadeandalucia.es\/ceiparteroperez\/files\/2020\/05\/0003-6-212x300.jpg\" alt=\"\" width=\"262\" height=\"370\" srcset=\"https:\/\/blogsaverroes.juntadeandalucia.es\/ceiparteroperez\/files\/2020\/05\/0003-6-212x300.jpg 212w, https:\/\/blogsaverroes.juntadeandalucia.es\/ceiparteroperez\/files\/2020\/05\/0003-6-768x1087.jpg 768w, https:\/\/blogsaverroes.juntadeandalucia.es\/ceiparteroperez\/files\/2020\/05\/0003-6-724x1024.jpg 724w, https:\/\/blogsaverroes.juntadeandalucia.es\/ceiparteroperez\/files\/2020\/05\/0003-6-17x24.jpg 17w, https:\/\/blogsaverroes.juntadeandalucia.es\/ceiparteroperez\/files\/2020\/05\/0003-6-25x36.jpg 25w, https:\/\/blogsaverroes.juntadeandalucia.es\/ceiparteroperez\/files\/2020\/05\/0003-6-34x48.jpg 34w, https:\/\/blogsaverroes.juntadeandalucia.es\/ceiparteroperez\/files\/2020\/05\/0003-6.jpg 1131w\" sizes=\"(max-width: 262px) 100vw, 262px\" \/><\/a><a href=\"https:\/\/blogsaverroes.juntadeandalucia.es\/ceiparteroperez\/files\/2020\/05\/0004-7.jpg\"><img loading=\"lazy\" decoding=\"async\" class=\"alignnone wp-image-4192\" src=\"https:\/\/blogsaverroes.juntadeandalucia.es\/ceiparteroperez\/files\/2020\/05\/0004-7-212x300.jpg\" alt=\"\" width=\"261\" height=\"369\" srcset=\"https:\/\/blogsaverroes.juntadeandalucia.es\/ceiparteroperez\/files\/2020\/05\/0004-7-212x300.jpg 212w, https:\/\/blogsaverroes.juntadeandalucia.es\/ceiparteroperez\/files\/2020\/05\/0004-7-768x1087.jpg 768w, https:\/\/blogsaverroes.juntadeandalucia.es\/ceiparteroperez\/files\/2020\/05\/0004-7-724x1024.jpg 724w, https:\/\/blogsaverroes.juntadeandalucia.es\/ceiparteroperez\/files\/2020\/05\/0004-7-17x24.jpg 17w, https:\/\/blogsaverroes.juntadeandalucia.es\/ceiparteroperez\/files\/2020\/05\/0004-7-25x36.jpg 25w, https:\/\/blogsaverroes.juntadeandalucia.es\/ceiparteroperez\/files\/2020\/05\/0004-7-34x48.jpg 34w, https:\/\/blogsaverroes.juntadeandalucia.es\/ceiparteroperez\/files\/2020\/05\/0004-7.jpg 1131w\" sizes=\"(max-width: 261px) 100vw, 261px\" \/><\/a><\/p>\n<h1>&nbsp;<\/h1>\n<h1><span style=\"color: #0000ff\">2\u00ba CICLO<\/span><\/h1>\n<p>&nbsp;<\/p>\n<p><a href=\"https:\/\/blogsaverroes.juntadeandalucia.es\/ceiparteroperez\/files\/2020\/05\/MIS-LECTURAS-DE-3\u00ba-Y-4\u00ba-definitivo_page-0001-1.jpg\"><img loading=\"lazy\" decoding=\"async\" class=\"alignnone wp-image-4298\" src=\"https:\/\/blogsaverroes.juntadeandalucia.es\/ceiparteroperez\/files\/2020\/05\/MIS-LECTURAS-DE-3\u00ba-Y-4\u00ba-definitivo_page-0001-1-212x300.jpg\" alt=\"\" width=\"258\" height=\"365\" srcset=\"https:\/\/blogsaverroes.juntadeandalucia.es\/ceiparteroperez\/files\/2020\/05\/MIS-LECTURAS-DE-3\u00ba-Y-4\u00ba-definitivo_page-0001-1-212x300.jpg 212w, https:\/\/blogsaverroes.juntadeandalucia.es\/ceiparteroperez\/files\/2020\/05\/MIS-LECTURAS-DE-3\u00ba-Y-4\u00ba-definitivo_page-0001-1-768x1087.jpg 768w, https:\/\/blogsaverroes.juntadeandalucia.es\/ceiparteroperez\/files\/2020\/05\/MIS-LECTURAS-DE-3\u00ba-Y-4\u00ba-definitivo_page-0001-1-724x1024.jpg 724w, https:\/\/blogsaverroes.juntadeandalucia.es\/ceiparteroperez\/files\/2020\/05\/MIS-LECTURAS-DE-3\u00ba-Y-4\u00ba-definitivo_page-0001-1-17x24.jpg 17w, https:\/\/blogsaverroes.juntadeandalucia.es\/ceiparteroperez\/files\/2020\/05\/MIS-LECTURAS-DE-3\u00ba-Y-4\u00ba-definitivo_page-0001-1-25x36.jpg 25w, https:\/\/blogsaverroes.juntadeandalucia.es\/ceiparteroperez\/files\/2020\/05\/MIS-LECTURAS-DE-3\u00ba-Y-4\u00ba-definitivo_page-0001-1-34x48.jpg 34w, https:\/\/blogsaverroes.juntadeandalucia.es\/ceiparteroperez\/files\/2020\/05\/MIS-LECTURAS-DE-3\u00ba-Y-4\u00ba-definitivo_page-0001-1.jpg 1130w\" sizes=\"(max-width: 258px) 100vw, 258px\" \/><\/a> <a href=\"https:\/\/blogsaverroes.juntadeandalucia.es\/ceiparteroperez\/files\/2020\/05\/MIS-LECTURAS-DE-3\u00ba-Y-4\u00ba-definitivo_page-0002-1.jpg\"><img loading=\"lazy\" decoding=\"async\" class=\"alignnone wp-image-4299\" src=\"https:\/\/blogsaverroes.juntadeandalucia.es\/ceiparteroperez\/files\/2020\/05\/MIS-LECTURAS-DE-3\u00ba-Y-4\u00ba-definitivo_page-0002-1-212x300.jpg\" alt=\"\" width=\"259\" height=\"367\" srcset=\"https:\/\/blogsaverroes.juntadeandalucia.es\/ceiparteroperez\/files\/2020\/05\/MIS-LECTURAS-DE-3\u00ba-Y-4\u00ba-definitivo_page-0002-1-212x300.jpg 212w, https:\/\/blogsaverroes.juntadeandalucia.es\/ceiparteroperez\/files\/2020\/05\/MIS-LECTURAS-DE-3\u00ba-Y-4\u00ba-definitivo_page-0002-1-768x1087.jpg 768w, https:\/\/blogsaverroes.juntadeandalucia.es\/ceiparteroperez\/files\/2020\/05\/MIS-LECTURAS-DE-3\u00ba-Y-4\u00ba-definitivo_page-0002-1-724x1024.jpg 724w, https:\/\/blogsaverroes.juntadeandalucia.es\/ceiparteroperez\/files\/2020\/05\/MIS-LECTURAS-DE-3\u00ba-Y-4\u00ba-definitivo_page-0002-1-17x24.jpg 17w, https:\/\/blogsaverroes.juntadeandalucia.es\/ceiparteroperez\/files\/2020\/05\/MIS-LECTURAS-DE-3\u00ba-Y-4\u00ba-definitivo_page-0002-1-25x36.jpg 25w, https:\/\/blogsaverroes.juntadeandalucia.es\/ceiparteroperez\/files\/2020\/05\/MIS-LECTURAS-DE-3\u00ba-Y-4\u00ba-definitivo_page-0002-1-34x48.jpg 34w, https:\/\/blogsaverroes.juntadeandalucia.es\/ceiparteroperez\/files\/2020\/05\/MIS-LECTURAS-DE-3\u00ba-Y-4\u00ba-definitivo_page-0002-1.jpg 1130w\" sizes=\"(max-width: 259px) 100vw, 259px\" \/><\/a> <a href=\"https:\/\/blogsaverroes.juntadeandalucia.es\/ceiparteroperez\/files\/2020\/05\/MIS-LECTURAS-DE-3\u00ba-Y-4\u00ba-definitivo_page-0003-1.jpg\"><img loading=\"lazy\" decoding=\"async\" class=\"alignnone wp-image-4300\" src=\"https:\/\/blogsaverroes.juntadeandalucia.es\/ceiparteroperez\/files\/2020\/05\/MIS-LECTURAS-DE-3\u00ba-Y-4\u00ba-definitivo_page-0003-1-212x300.jpg\" alt=\"\" width=\"272\" height=\"385\" srcset=\"https:\/\/blogsaverroes.juntadeandalucia.es\/ceiparteroperez\/files\/2020\/05\/MIS-LECTURAS-DE-3\u00ba-Y-4\u00ba-definitivo_page-0003-1-212x300.jpg 212w, https:\/\/blogsaverroes.juntadeandalucia.es\/ceiparteroperez\/files\/2020\/05\/MIS-LECTURAS-DE-3\u00ba-Y-4\u00ba-definitivo_page-0003-1-768x1087.jpg 768w, https:\/\/blogsaverroes.juntadeandalucia.es\/ceiparteroperez\/files\/2020\/05\/MIS-LECTURAS-DE-3\u00ba-Y-4\u00ba-definitivo_page-0003-1-724x1024.jpg 724w, https:\/\/blogsaverroes.juntadeandalucia.es\/ceiparteroperez\/files\/2020\/05\/MIS-LECTURAS-DE-3\u00ba-Y-4\u00ba-definitivo_page-0003-1-17x24.jpg 17w, https:\/\/blogsaverroes.juntadeandalucia.es\/ceiparteroperez\/files\/2020\/05\/MIS-LECTURAS-DE-3\u00ba-Y-4\u00ba-definitivo_page-0003-1-25x36.jpg 25w, https:\/\/blogsaverroes.juntadeandalucia.es\/ceiparteroperez\/files\/2020\/05\/MIS-LECTURAS-DE-3\u00ba-Y-4\u00ba-definitivo_page-0003-1-34x48.jpg 34w, https:\/\/blogsaverroes.juntadeandalucia.es\/ceiparteroperez\/files\/2020\/05\/MIS-LECTURAS-DE-3\u00ba-Y-4\u00ba-definitivo_page-0003-1.jpg 1130w\" sizes=\"(max-width: 272px) 100vw, 272px\" \/><\/a> <a href=\"https:\/\/blogsaverroes.juntadeandalucia.es\/ceiparteroperez\/files\/2020\/05\/MIS-LECTURAS-DE-3\u00ba-Y-4\u00ba-definitivo_page-0004-1.jpg\"><img loading=\"lazy\" decoding=\"async\" class=\"alignnone wp-image-4301\" src=\"https:\/\/blogsaverroes.juntadeandalucia.es\/ceiparteroperez\/files\/2020\/05\/MIS-LECTURAS-DE-3\u00ba-Y-4\u00ba-definitivo_page-0004-1-212x300.jpg\" alt=\"\" width=\"285\" height=\"405\" srcset=\"https:\/\/blogsaverroes.juntadeandalucia.es\/ceiparteroperez\/files\/2020\/05\/MIS-LECTURAS-DE-3\u00ba-Y-4\u00ba-definitivo_page-0004-1-212x300.jpg 212w, https:\/\/blogsaverroes.juntadeandalucia.es\/ceiparteroperez\/files\/2020\/05\/MIS-LECTURAS-DE-3\u00ba-Y-4\u00ba-definitivo_page-0004-1-17x24.jpg 17w, https:\/\/blogsaverroes.juntadeandalucia.es\/ceiparteroperez\/files\/2020\/05\/MIS-LECTURAS-DE-3\u00ba-Y-4\u00ba-definitivo_page-0004-1-25x36.jpg 25w, https:\/\/blogsaverroes.juntadeandalucia.es\/ceiparteroperez\/files\/2020\/05\/MIS-LECTURAS-DE-3\u00ba-Y-4\u00ba-definitivo_page-0004-1-34x48.jpg 34w, https:\/\/blogsaverroes.juntadeandalucia.es\/ceiparteroperez\/files\/2020\/05\/MIS-LECTURAS-DE-3\u00ba-Y-4\u00ba-definitivo_page-0004-1.jpg 1130w\" sizes=\"(max-width: 285px) 100vw, 285px\" \/><\/a><\/p>\n<p>&nbsp;<\/p>\n<p>&nbsp;<\/p>\n<h1><span style=\"color: #ff0000\">3\u00ba CICLO<\/span><\/h1>\n<p><a href=\"https:\/\/blogsaverroes.juntadeandalucia.es\/ceiparteroperez\/files\/2020\/05\/MIS-LECTURAS-DE-5\u00ba-Y-6\u00ba-termina_page-0001.jpg\"><img loading=\"lazy\" decoding=\"async\" class=\"alignnone wp-image-4174\" src=\"https:\/\/blogsaverroes.juntadeandalucia.es\/ceiparteroperez\/files\/2020\/05\/MIS-LECTURAS-DE-5\u00ba-Y-6\u00ba-termina_page-0001-212x300.jpg\" alt=\"\" width=\"269\" height=\"379\" srcset=\"https:\/\/blogsaverroes.juntadeandalucia.es\/ceiparteroperez\/files\/2020\/05\/MIS-LECTURAS-DE-5\u00ba-Y-6\u00ba-termina_page-0001-212x300.jpg 212w, https:\/\/blogsaverroes.juntadeandalucia.es\/ceiparteroperez\/files\/2020\/05\/MIS-LECTURAS-DE-5\u00ba-Y-6\u00ba-termina_page-0001-724x1024.jpg 724w, https:\/\/blogsaverroes.juntadeandalucia.es\/ceiparteroperez\/files\/2020\/05\/MIS-LECTURAS-DE-5\u00ba-Y-6\u00ba-termina_page-0001-17x24.jpg 17w, https:\/\/blogsaverroes.juntadeandalucia.es\/ceiparteroperez\/files\/2020\/05\/MIS-LECTURAS-DE-5\u00ba-Y-6\u00ba-termina_page-0001-25x36.jpg 25w, https:\/\/blogsaverroes.juntadeandalucia.es\/ceiparteroperez\/files\/2020\/05\/MIS-LECTURAS-DE-5\u00ba-Y-6\u00ba-termina_page-0001-34x48.jpg 34w\" sizes=\"(max-width: 269px) 100vw, 269px\" \/><\/a> <a href=\"https:\/\/blogsaverroes.juntadeandalucia.es\/ceiparteroperez\/files\/2020\/05\/MIS-LECTURAS-DE-5\u00ba-Y-6\u00ba-termina_page-0002.jpg\"><img loading=\"lazy\" decoding=\"async\" class=\"alignnone wp-image-4175\" src=\"https:\/\/blogsaverroes.juntadeandalucia.es\/ceiparteroperez\/files\/2020\/05\/MIS-LECTURAS-DE-5\u00ba-Y-6\u00ba-termina_page-0002-212x300.jpg\" alt=\"\" width=\"271\" height=\"383\" srcset=\"https:\/\/blogsaverroes.juntadeandalucia.es\/ceiparteroperez\/files\/2020\/05\/MIS-LECTURAS-DE-5\u00ba-Y-6\u00ba-termina_page-0002-212x300.jpg 212w, https:\/\/blogsaverroes.juntadeandalucia.es\/ceiparteroperez\/files\/2020\/05\/MIS-LECTURAS-DE-5\u00ba-Y-6\u00ba-termina_page-0002-768x1087.jpg 768w, https:\/\/blogsaverroes.juntadeandalucia.es\/ceiparteroperez\/files\/2020\/05\/MIS-LECTURAS-DE-5\u00ba-Y-6\u00ba-termina_page-0002-724x1024.jpg 724w, https:\/\/blogsaverroes.juntadeandalucia.es\/ceiparteroperez\/files\/2020\/05\/MIS-LECTURAS-DE-5\u00ba-Y-6\u00ba-termina_page-0002-17x24.jpg 17w, https:\/\/blogsaverroes.juntadeandalucia.es\/ceiparteroperez\/files\/2020\/05\/MIS-LECTURAS-DE-5\u00ba-Y-6\u00ba-termina_page-0002-25x36.jpg 25w, https:\/\/blogsaverroes.juntadeandalucia.es\/ceiparteroperez\/files\/2020\/05\/MIS-LECTURAS-DE-5\u00ba-Y-6\u00ba-termina_page-0002-34x48.jpg 34w, https:\/\/blogsaverroes.juntadeandalucia.es\/ceiparteroperez\/files\/2020\/05\/MIS-LECTURAS-DE-5\u00ba-Y-6\u00ba-termina_page-0002.jpg 1130w\" sizes=\"(max-width: 271px) 100vw, 271px\" \/><\/a><a href=\"https:\/\/blogsaverroes.juntadeandalucia.es\/ceiparteroperez\/files\/2020\/05\/MIS-LECTURAS-DE-5\u00ba-Y-6\u00ba-terminadas_page-0001.jpg\"><img loading=\"lazy\" decoding=\"async\" class=\"alignnone wp-image-4178\" src=\"https:\/\/blogsaverroes.juntadeandalucia.es\/ceiparteroperez\/files\/2020\/05\/MIS-LECTURAS-DE-5\u00ba-Y-6\u00ba-terminadas_page-0001-212x300.jpg\" alt=\"\" width=\"273\" height=\"387\" srcset=\"https:\/\/blogsaverroes.juntadeandalucia.es\/ceiparteroperez\/files\/2020\/05\/MIS-LECTURAS-DE-5\u00ba-Y-6\u00ba-terminadas_page-0001-212x300.jpg 212w, https:\/\/blogsaverroes.juntadeandalucia.es\/ceiparteroperez\/files\/2020\/05\/MIS-LECTURAS-DE-5\u00ba-Y-6\u00ba-terminadas_page-0001-768x1087.jpg 768w, https:\/\/blogsaverroes.juntadeandalucia.es\/ceiparteroperez\/files\/2020\/05\/MIS-LECTURAS-DE-5\u00ba-Y-6\u00ba-terminadas_page-0001-724x1024.jpg 724w, https:\/\/blogsaverroes.juntadeandalucia.es\/ceiparteroperez\/files\/2020\/05\/MIS-LECTURAS-DE-5\u00ba-Y-6\u00ba-terminadas_page-0001-17x24.jpg 17w, https:\/\/blogsaverroes.juntadeandalucia.es\/ceiparteroperez\/files\/2020\/05\/MIS-LECTURAS-DE-5\u00ba-Y-6\u00ba-terminadas_page-0001-25x36.jpg 25w, https:\/\/blogsaverroes.juntadeandalucia.es\/ceiparteroperez\/files\/2020\/05\/MIS-LECTURAS-DE-5\u00ba-Y-6\u00ba-terminadas_page-0001-34x48.jpg 34w, https:\/\/blogsaverroes.juntadeandalucia.es\/ceiparteroperez\/files\/2020\/05\/MIS-LECTURAS-DE-5\u00ba-Y-6\u00ba-terminadas_page-0001.jpg 1130w\" sizes=\"(max-width: 273px) 100vw, 273px\" \/><\/a><a href=\"https:\/\/blogsaverroes.juntadeandalucia.es\/ceiparteroperez\/files\/2020\/05\/MIS-LECTURAS-DE-5\u00ba-Y-6\u00ba-terminadas_page-0002.jpg\"><img loading=\"lazy\" decoding=\"async\" class=\"alignnone wp-image-4179\" src=\"https:\/\/blogsaverroes.juntadeandalucia.es\/ceiparteroperez\/files\/2020\/05\/MIS-LECTURAS-DE-5\u00ba-Y-6\u00ba-terminadas_page-0002-212x300.jpg\" alt=\"\" width=\"277\" height=\"391\" srcset=\"https:\/\/blogsaverroes.juntadeandalucia.es\/ceiparteroperez\/files\/2020\/05\/MIS-LECTURAS-DE-5\u00ba-Y-6\u00ba-terminadas_page-0002-212x300.jpg 212w, https:\/\/blogsaverroes.juntadeandalucia.es\/ceiparteroperez\/files\/2020\/05\/MIS-LECTURAS-DE-5\u00ba-Y-6\u00ba-terminadas_page-0002-768x1087.jpg 768w, https:\/\/blogsaverroes.juntadeandalucia.es\/ceiparteroperez\/files\/2020\/05\/MIS-LECTURAS-DE-5\u00ba-Y-6\u00ba-terminadas_page-0002-724x1024.jpg 724w, https:\/\/blogsaverroes.juntadeandalucia.es\/ceiparteroperez\/files\/2020\/05\/MIS-LECTURAS-DE-5\u00ba-Y-6\u00ba-terminadas_page-0002-17x24.jpg 17w, https:\/\/blogsaverroes.juntadeandalucia.es\/ceiparteroperez\/files\/2020\/05\/MIS-LECTURAS-DE-5\u00ba-Y-6\u00ba-terminadas_page-0002-25x36.jpg 25w, https:\/\/blogsaverroes.juntadeandalucia.es\/ceiparteroperez\/files\/2020\/05\/MIS-LECTURAS-DE-5\u00ba-Y-6\u00ba-terminadas_page-0002-34x48.jpg 34w, https:\/\/blogsaverroes.juntadeandalucia.es\/ceiparteroperez\/files\/2020\/05\/MIS-LECTURAS-DE-5\u00ba-Y-6\u00ba-terminadas_page-0002.jpg 1130w\" sizes=\"(max-width: 277px) 100vw, 277px\" \/><\/a><\/p>\n<p>&nbsp;<\/p>\n<p>&nbsp;<\/p>\n<h1><span style=\"color: #ff00ff\">1\u00ba y 2\u00ba ESO<\/span><\/h1>\n<p>&nbsp;<\/p>\n<p><a href=\"https:\/\/blogsaverroes.juntadeandalucia.es\/ceiparteroperez\/files\/2020\/05\/ejercicios-lecturas-comprensivas-1\u00ba-secund-18-mayo_page-0001.jpg\"><img loading=\"lazy\" decoding=\"async\" class=\"alignnone wp-image-4182\" src=\"https:\/\/blogsaverroes.juntadeandalucia.es\/ceiparteroperez\/files\/2020\/05\/ejercicios-lecturas-comprensivas-1\u00ba-secund-18-mayo_page-0001-216x300.jpg\" alt=\"\" width=\"258\" height=\"359\" srcset=\"https:\/\/blogsaverroes.juntadeandalucia.es\/ceiparteroperez\/files\/2020\/05\/ejercicios-lecturas-comprensivas-1\u00ba-secund-18-mayo_page-0001-216x300.jpg 216w, https:\/\/blogsaverroes.juntadeandalucia.es\/ceiparteroperez\/files\/2020\/05\/ejercicios-lecturas-comprensivas-1\u00ba-secund-18-mayo_page-0001-768x1066.jpg 768w, https:\/\/blogsaverroes.juntadeandalucia.es\/ceiparteroperez\/files\/2020\/05\/ejercicios-lecturas-comprensivas-1\u00ba-secund-18-mayo_page-0001-738x1024.jpg 738w, https:\/\/blogsaverroes.juntadeandalucia.es\/ceiparteroperez\/files\/2020\/05\/ejercicios-lecturas-comprensivas-1\u00ba-secund-18-mayo_page-0001-17x24.jpg 17w, https:\/\/blogsaverroes.juntadeandalucia.es\/ceiparteroperez\/files\/2020\/05\/ejercicios-lecturas-comprensivas-1\u00ba-secund-18-mayo_page-0001-26x36.jpg 26w, https:\/\/blogsaverroes.juntadeandalucia.es\/ceiparteroperez\/files\/2020\/05\/ejercicios-lecturas-comprensivas-1\u00ba-secund-18-mayo_page-0001-35x48.jpg 35w, https:\/\/blogsaverroes.juntadeandalucia.es\/ceiparteroperez\/files\/2020\/05\/ejercicios-lecturas-comprensivas-1\u00ba-secund-18-mayo_page-0001.jpg 1150w\" sizes=\"(max-width: 258px) 100vw, 258px\" \/><\/a> <a href=\"https:\/\/blogsaverroes.juntadeandalucia.es\/ceiparteroperez\/files\/2020\/05\/ejercicios-lecturas-comprensivas-1\u00ba-secund-18-mayo_page-0002.jpg\"><img loading=\"lazy\" decoding=\"async\" class=\"alignnone wp-image-4183\" src=\"https:\/\/blogsaverroes.juntadeandalucia.es\/ceiparteroperez\/files\/2020\/05\/ejercicios-lecturas-comprensivas-1\u00ba-secund-18-mayo_page-0002-216x300.jpg\" alt=\"\" width=\"250\" height=\"347\" srcset=\"https:\/\/blogsaverroes.juntadeandalucia.es\/ceiparteroperez\/files\/2020\/05\/ejercicios-lecturas-comprensivas-1\u00ba-secund-18-mayo_page-0002-216x300.jpg 216w, https:\/\/blogsaverroes.juntadeandalucia.es\/ceiparteroperez\/files\/2020\/05\/ejercicios-lecturas-comprensivas-1\u00ba-secund-18-mayo_page-0002-768x1066.jpg 768w, https:\/\/blogsaverroes.juntadeandalucia.es\/ceiparteroperez\/files\/2020\/05\/ejercicios-lecturas-comprensivas-1\u00ba-secund-18-mayo_page-0002-738x1024.jpg 738w, https:\/\/blogsaverroes.juntadeandalucia.es\/ceiparteroperez\/files\/2020\/05\/ejercicios-lecturas-comprensivas-1\u00ba-secund-18-mayo_page-0002-17x24.jpg 17w, https:\/\/blogsaverroes.juntadeandalucia.es\/ceiparteroperez\/files\/2020\/05\/ejercicios-lecturas-comprensivas-1\u00ba-secund-18-mayo_page-0002-26x36.jpg 26w, https:\/\/blogsaverroes.juntadeandalucia.es\/ceiparteroperez\/files\/2020\/05\/ejercicios-lecturas-comprensivas-1\u00ba-secund-18-mayo_page-0002-35x48.jpg 35w, https:\/\/blogsaverroes.juntadeandalucia.es\/ceiparteroperez\/files\/2020\/05\/ejercicios-lecturas-comprensivas-1\u00ba-secund-18-mayo_page-0002.jpg 1150w\" sizes=\"(max-width: 250px) 100vw, 250px\" \/><\/a> <a href=\"https:\/\/blogsaverroes.juntadeandalucia.es\/ceiparteroperez\/files\/2020\/05\/ejercicios-lecturas-comprensivas-1\u00ba-secund-18-mayo_page-0003-1.jpg\"><img loading=\"lazy\" decoding=\"async\" class=\"alignnone wp-image-4197\" src=\"https:\/\/blogsaverroes.juntadeandalucia.es\/ceiparteroperez\/files\/2020\/05\/ejercicios-lecturas-comprensivas-1\u00ba-secund-18-mayo_page-0003-1-216x300.jpg\" alt=\"\" width=\"253\" height=\"351\" srcset=\"https:\/\/blogsaverroes.juntadeandalucia.es\/ceiparteroperez\/files\/2020\/05\/ejercicios-lecturas-comprensivas-1\u00ba-secund-18-mayo_page-0003-1-216x300.jpg 216w, https:\/\/blogsaverroes.juntadeandalucia.es\/ceiparteroperez\/files\/2020\/05\/ejercicios-lecturas-comprensivas-1\u00ba-secund-18-mayo_page-0003-1-768x1066.jpg 768w, https:\/\/blogsaverroes.juntadeandalucia.es\/ceiparteroperez\/files\/2020\/05\/ejercicios-lecturas-comprensivas-1\u00ba-secund-18-mayo_page-0003-1-738x1024.jpg 738w, https:\/\/blogsaverroes.juntadeandalucia.es\/ceiparteroperez\/files\/2020\/05\/ejercicios-lecturas-comprensivas-1\u00ba-secund-18-mayo_page-0003-1-17x24.jpg 17w, https:\/\/blogsaverroes.juntadeandalucia.es\/ceiparteroperez\/files\/2020\/05\/ejercicios-lecturas-comprensivas-1\u00ba-secund-18-mayo_page-0003-1-26x36.jpg 26w, https:\/\/blogsaverroes.juntadeandalucia.es\/ceiparteroperez\/files\/2020\/05\/ejercicios-lecturas-comprensivas-1\u00ba-secund-18-mayo_page-0003-1-35x48.jpg 35w, https:\/\/blogsaverroes.juntadeandalucia.es\/ceiparteroperez\/files\/2020\/05\/ejercicios-lecturas-comprensivas-1\u00ba-secund-18-mayo_page-0003-1.jpg 1150w\" sizes=\"(max-width: 253px) 100vw, 253px\" \/><\/a> <a href=\"https:\/\/blogsaverroes.juntadeandalucia.es\/ceiparteroperez\/files\/2020\/05\/ejercicios-lecturas-comprensivas-1\u00ba-secund-18-mayo_page-0004.jpg\"><img loading=\"lazy\" decoding=\"async\" class=\"alignnone wp-image-4185\" src=\"https:\/\/blogsaverroes.juntadeandalucia.es\/ceiparteroperez\/files\/2020\/05\/ejercicios-lecturas-comprensivas-1\u00ba-secund-18-mayo_page-0004-216x300.jpg\" alt=\"\" width=\"264\" height=\"366\" srcset=\"https:\/\/blogsaverroes.juntadeandalucia.es\/ceiparteroperez\/files\/2020\/05\/ejercicios-lecturas-comprensivas-1\u00ba-secund-18-mayo_page-0004-216x300.jpg 216w, https:\/\/blogsaverroes.juntadeandalucia.es\/ceiparteroperez\/files\/2020\/05\/ejercicios-lecturas-comprensivas-1\u00ba-secund-18-mayo_page-0004-768x1066.jpg 768w, https:\/\/blogsaverroes.juntadeandalucia.es\/ceiparteroperez\/files\/2020\/05\/ejercicios-lecturas-comprensivas-1\u00ba-secund-18-mayo_page-0004-738x1024.jpg 738w, https:\/\/blogsaverroes.juntadeandalucia.es\/ceiparteroperez\/files\/2020\/05\/ejercicios-lecturas-comprensivas-1\u00ba-secund-18-mayo_page-0004-17x24.jpg 17w, https:\/\/blogsaverroes.juntadeandalucia.es\/ceiparteroperez\/files\/2020\/05\/ejercicios-lecturas-comprensivas-1\u00ba-secund-18-mayo_page-0004-26x36.jpg 26w, https:\/\/blogsaverroes.juntadeandalucia.es\/ceiparteroperez\/files\/2020\/05\/ejercicios-lecturas-comprensivas-1\u00ba-secund-18-mayo_page-0004-35x48.jpg 35w, https:\/\/blogsaverroes.juntadeandalucia.es\/ceiparteroperez\/files\/2020\/05\/ejercicios-lecturas-comprensivas-1\u00ba-secund-18-mayo_page-0004.jpg 1150w\" sizes=\"(max-width: 264px) 100vw, 264px\" \/><\/a><\/p>\n<p>&nbsp;<\/p>\n<p>&nbsp;<\/p>\n<h3 style=\"text-align: center\"><span style=\"color: #0000ff\">SEMANA DEL 11 AL 15 DE MAYO<\/span><\/h3>\n<p>Hola chic@s, comenzamos una nueva semana, la vamos a dedicar a la familia.<\/p>\n<p>El D\u00eda Internacional de las Familias se celebra el 15 de mayo de cada a\u00f1o para crear conciencia sobre el papel fundamental de las familias en la educaci\u00f3n de los hijos desde la primera infancia, y las oportunidades de aprendizaje permanente que existen para los ni\u00f1os y las ni\u00f1as y los j\u00f3venes.<\/p>\n<p>A pesar de que el concepto de familia se ha transformado en las \u00faltimas d\u00e9cadas, evolucionando de acuerdo a las tendencias mundiales y los cambios demogr\u00e1ficos, las Naciones Unidas consideran que la familia constituye la unidad b\u00e1sica de la sociedad.<\/p>\n<p>&nbsp;<\/p>\n<p><strong>INSTRUCCIONES PARA ENVIARME LOS EJERCICIOS O CONSULTAR CUALQUIER DUDA<\/strong><\/p>\n<p>Copia los ejercicios en la libreta, cuando lo hayas hecho le haces una foto a la hoja con el m\u00f3vil, te vas a galer\u00eda del m\u00f3vil,&nbsp; le das a compartir y lo env\u00edas al correo: compensatoria20@gmail.com&nbsp; &nbsp; yo los corregir\u00e9 y te los env\u00edo.<\/p>\n<p>Gracias.<\/p>\n<p>&nbsp;<\/p>\n<h2><a href=\"https:\/\/blogsaverroes.juntadeandalucia.es\/ceiparteroperez\/files\/2020\/05\/familia.jpg\"><img loading=\"lazy\" decoding=\"async\" class=\" wp-image-4027 aligncenter\" src=\"https:\/\/blogsaverroes.juntadeandalucia.es\/ceiparteroperez\/files\/2020\/05\/familia-300x282.jpg\" alt=\"\" width=\"376\" height=\"353\" srcset=\"https:\/\/blogsaverroes.juntadeandalucia.es\/ceiparteroperez\/files\/2020\/05\/familia-300x282.jpg 300w, https:\/\/blogsaverroes.juntadeandalucia.es\/ceiparteroperez\/files\/2020\/05\/familia-24x24.jpg 24w, https:\/\/blogsaverroes.juntadeandalucia.es\/ceiparteroperez\/files\/2020\/05\/familia-36x34.jpg 36w, https:\/\/blogsaverroes.juntadeandalucia.es\/ceiparteroperez\/files\/2020\/05\/familia-48x45.jpg 48w, https:\/\/blogsaverroes.juntadeandalucia.es\/ceiparteroperez\/files\/2020\/05\/familia.jpg 570w\" sizes=\"(max-width: 376px) 100vw, 376px\" \/><\/a><\/h2>\n<p>&nbsp;<\/p>\n<p>&nbsp;<\/p>\n<h1><span style=\"color: #339966\">1\u00ba CICLO<\/span>&nbsp;<\/h1>\n<p>&nbsp;<\/p>\n<h2 style=\"text-align: center\"><strong>Pepe<\/strong><\/h2>\n<p>&nbsp;<\/p>\n<p>Pepe es un chico de ocho a\u00f1os, vive en un pueblo de Granada con su familia: su madre Carmen, su padre Juan y su hermana Julia. Todos los d\u00edas van al colegio, Pepe cursa primero de primaria y Julia segundo. Los dos tienen muchos amigos y adem\u00e1s de aprender lo pasen muy bien. Los fines de semana visitan a sus abuelos que viven en la capital, salen a pasear por la ciudad y siempre paran en una pasteler\u00eda y&nbsp; compran piononos para merendar.<\/p>\n<p>&nbsp;<\/p>\n<p><strong>Contesta:<\/strong><\/p>\n<p>&nbsp;<\/p>\n<p>\u00bfC\u00f3mo se llama el chico?<\/p>\n<p>&nbsp;<\/p>\n<p>\u00bfY su hermana?<\/p>\n<p>&nbsp;<\/p>\n<p>\u00bfEn qu\u00e9 curso est\u00e1n cada uno de ellos?<\/p>\n<p>&nbsp;<\/p>\n<p>\u00bfC\u00f3mo se llaman sus padres?<\/p>\n<p>&nbsp;<\/p>\n<p>\u00bfQu\u00e9 hacen los fines de semana?<\/p>\n<p>&nbsp;<\/p>\n<p>\u00bfD\u00f3nde viven sus abuelos?<\/p>\n<p>&nbsp;<\/p>\n<p>\u00bfQu\u00e9 compran para merendar?<\/p>\n<p>&nbsp;<\/p>\n<p>Escribe con tus palabras lo que dice la lectura.<\/p>\n<p>&nbsp;<\/p>\n<p>&nbsp;<\/p>\n<p>&nbsp;<\/p>\n<h1><span style=\"color: #0000ff\">2\u00ba CICLO<\/span><\/h1>\n<p>&nbsp;<\/p>\n<p><a href=\"https:\/\/blogsaverroes.juntadeandalucia.es\/ceiparteroperez\/files\/2020\/05\/Hermanos-Gemelos-2\u00ba-Ciclo_page-0001.jpg\"><img loading=\"lazy\" decoding=\"async\" class=\"alignnone wp-image-4034\" src=\"https:\/\/blogsaverroes.juntadeandalucia.es\/ceiparteroperez\/files\/2020\/05\/Hermanos-Gemelos-2\u00ba-Ciclo_page-0001-212x300.jpg\" alt=\"\" width=\"258\" height=\"366\" srcset=\"https:\/\/blogsaverroes.juntadeandalucia.es\/ceiparteroperez\/files\/2020\/05\/Hermanos-Gemelos-2\u00ba-Ciclo_page-0001-212x300.jpg 212w, https:\/\/blogsaverroes.juntadeandalucia.es\/ceiparteroperez\/files\/2020\/05\/Hermanos-Gemelos-2\u00ba-Ciclo_page-0001-768x1086.jpg 768w, https:\/\/blogsaverroes.juntadeandalucia.es\/ceiparteroperez\/files\/2020\/05\/Hermanos-Gemelos-2\u00ba-Ciclo_page-0001-724x1024.jpg 724w, https:\/\/blogsaverroes.juntadeandalucia.es\/ceiparteroperez\/files\/2020\/05\/Hermanos-Gemelos-2\u00ba-Ciclo_page-0001-17x24.jpg 17w, https:\/\/blogsaverroes.juntadeandalucia.es\/ceiparteroperez\/files\/2020\/05\/Hermanos-Gemelos-2\u00ba-Ciclo_page-0001-25x36.jpg 25w, https:\/\/blogsaverroes.juntadeandalucia.es\/ceiparteroperez\/files\/2020\/05\/Hermanos-Gemelos-2\u00ba-Ciclo_page-0001-34x48.jpg 34w, https:\/\/blogsaverroes.juntadeandalucia.es\/ceiparteroperez\/files\/2020\/05\/Hermanos-Gemelos-2\u00ba-Ciclo_page-0001.jpg 1131w\" sizes=\"(max-width: 258px) 100vw, 258px\" \/><\/a> <a href=\"https:\/\/blogsaverroes.juntadeandalucia.es\/ceiparteroperez\/files\/2020\/05\/Hermanos-Gemelos-2\u00ba-Ciclo_page-0002.jpg\"><img loading=\"lazy\" decoding=\"async\" class=\" wp-image-4035 alignnone\" src=\"https:\/\/blogsaverroes.juntadeandalucia.es\/ceiparteroperez\/files\/2020\/05\/Hermanos-Gemelos-2\u00ba-Ciclo_page-0002-212x300.jpg\" alt=\"\" width=\"253\" height=\"357\" srcset=\"https:\/\/blogsaverroes.juntadeandalucia.es\/ceiparteroperez\/files\/2020\/05\/Hermanos-Gemelos-2\u00ba-Ciclo_page-0002-212x300.jpg 212w, https:\/\/blogsaverroes.juntadeandalucia.es\/ceiparteroperez\/files\/2020\/05\/Hermanos-Gemelos-2\u00ba-Ciclo_page-0002-768x1086.jpg 768w, https:\/\/blogsaverroes.juntadeandalucia.es\/ceiparteroperez\/files\/2020\/05\/Hermanos-Gemelos-2\u00ba-Ciclo_page-0002-724x1024.jpg 724w, https:\/\/blogsaverroes.juntadeandalucia.es\/ceiparteroperez\/files\/2020\/05\/Hermanos-Gemelos-2\u00ba-Ciclo_page-0002-17x24.jpg 17w, https:\/\/blogsaverroes.juntadeandalucia.es\/ceiparteroperez\/files\/2020\/05\/Hermanos-Gemelos-2\u00ba-Ciclo_page-0002-25x36.jpg 25w, https:\/\/blogsaverroes.juntadeandalucia.es\/ceiparteroperez\/files\/2020\/05\/Hermanos-Gemelos-2\u00ba-Ciclo_page-0002-34x48.jpg 34w, https:\/\/blogsaverroes.juntadeandalucia.es\/ceiparteroperez\/files\/2020\/05\/Hermanos-Gemelos-2\u00ba-Ciclo_page-0002.jpg 1131w\" sizes=\"(max-width: 253px) 100vw, 253px\" \/><\/a><\/p>\n<p>&nbsp;<\/p>\n<p>&nbsp;<\/p>\n<p>&nbsp;<\/p>\n<h1><span style=\"color: #ff0000\">3\u00ba CICLO<\/span><\/h1>\n<h2>&nbsp;<\/h2>\n<p>Se denomina&nbsp;<strong>\u00e1rbol geneal\u00f3gico<\/strong>&nbsp;al&nbsp;<strong>esquema<\/strong>&nbsp;que permite detallar los&nbsp;<strong>parentescos<\/strong>&nbsp;que existen entre los integrantes de una&nbsp;<a href=\"https:\/\/definicion.de\/familia\/\"><strong>familia<\/strong><\/a>. El nombre est\u00e1 vinculado a la forma que adopta esta&nbsp;<strong>representaci\u00f3n gr\u00e1fica<\/strong>, similar a la apariencia de un&nbsp;<strong>\u00e1rbol<\/strong>&nbsp;por sus ramificaciones.<\/p>\n<p>&nbsp;El \u00e1rbol geneal\u00f3gico agrupa, de modo organizado, los&nbsp;<strong>descendientes<\/strong>&nbsp;y los&nbsp;<strong>antepasados<\/strong>&nbsp;de una&nbsp;<a href=\"https:\/\/definicion.de\/persona\"><strong>persona<\/strong><\/a>. Es decir: el \u00e1rbol geneal\u00f3gico de un individuo&nbsp;<strong>X<\/strong>&nbsp;incluye a sus padres, abuelos, bisabuelos, tatarabuelos, hermanos, hijos, nietos, t\u00edos, primos, etc.<\/p>\n<p>Los \u00e1rboles geneal\u00f3gicos pueden resultar muy \u00fatiles para diagnosticar o prevenir ciertas&nbsp;<a href=\"https:\/\/definicion.de\/enfermedad\"><strong>enfermedades<\/strong><\/a>. Al conocer la genealog\u00eda de un individuo, resulta sencillo saber qu\u00e9 antecedentes gen\u00e9ticos hay en su familia. La informaci\u00f3n ayuda a estimar la posibilidad del desarrollo de un s\u00edndrome o de heredar una enfermedad.<\/p>\n<p>Adem\u00e1s de para poder descubrir los antecedentes familiares que se tienen en materia de salud, hay otros motivos por los que muchas personas consideran una ventaja el disponer de su \u00e1rbol geneal\u00f3gico. Nos estamos refiriendo a los siguientes:<br \/>\n-Es una manera de descubrir a personas realmente sorprendentes, curiosas, valientes y singulares que forman parte de la historia familiar.<br \/>\n-No menos relevante es que ayuda a conocer hechos y situaciones de la saga a la que se pertenece de los que no se ten\u00eda ni idea.<br \/>\n-De igual forma, el \u00e1rbol geneal\u00f3gico ayuda a que cualquier persona pueda saber exactamente de d\u00f3nde viene. Y no solo nos referimos a los individuos que son los ancestros sino tambi\u00e9n a los lugares del mundo que son importantes en esa familia.<\/p>\n<p>&nbsp;<\/p>\n<h2><strong>Contesta:<\/strong><\/h2>\n<p>\u00bfQu\u00e9 es un \u00e1rbol geneal\u00f3gico?<\/p>\n<p>&nbsp;<\/p>\n<p>\u00bfA qui\u00e9nes incluyen un \u00e1rbol geneal\u00f3gico?<\/p>\n<p>&nbsp;<\/p>\n<p>Desde el punto de vista de la salud, \u00bfpara qu\u00e9 es \u00fatil el \u00e1rbol geneal\u00f3gico?<\/p>\n<p>&nbsp;<\/p>\n<p>&nbsp;<\/p>\n<p>Explica tres&nbsp; razones por las que sea importante conocer nuestro \u00e1rbol geneal\u00f3gico.<\/p>\n<p>&nbsp;<\/p>\n<p>&nbsp;<\/p>\n<p>Completa tu \u00e1rbol geneal\u00f3gico.<\/p>\n<p>&nbsp;<\/p>\n<p><a href=\"https:\/\/blogsaverroes.juntadeandalucia.es\/ceiparteroperez\/files\/2020\/05\/arbol_genealogico_para_colorear.jpg\"><img loading=\"lazy\" decoding=\"async\" class=\" wp-image-4031 aligncenter\" src=\"https:\/\/blogsaverroes.juntadeandalucia.es\/ceiparteroperez\/files\/2020\/05\/arbol_genealogico_para_colorear-300x205.jpg\" alt=\"\" width=\"417\" height=\"286\" srcset=\"https:\/\/blogsaverroes.juntadeandalucia.es\/ceiparteroperez\/files\/2020\/05\/arbol_genealogico_para_colorear-300x205.jpg 300w, https:\/\/blogsaverroes.juntadeandalucia.es\/ceiparteroperez\/files\/2020\/05\/arbol_genealogico_para_colorear-24x16.jpg 24w, https:\/\/blogsaverroes.juntadeandalucia.es\/ceiparteroperez\/files\/2020\/05\/arbol_genealogico_para_colorear-36x25.jpg 36w, https:\/\/blogsaverroes.juntadeandalucia.es\/ceiparteroperez\/files\/2020\/05\/arbol_genealogico_para_colorear-48x33.jpg 48w, https:\/\/blogsaverroes.juntadeandalucia.es\/ceiparteroperez\/files\/2020\/05\/arbol_genealogico_para_colorear.jpg 693w\" sizes=\"(max-width: 417px) 100vw, 417px\" \/><\/a><\/p>\n<p>&nbsp;<\/p>\n<h1><span style=\"color: #ff00ff\">1\u00ba y 2\u00ba ESO<\/span><\/h1>\n<h2>&nbsp;<\/h2>\n<h2><strong>La importancia de la familia en nuestra sociedad como vertebradora de todo lo que somos<\/strong><\/h2>\n<p><strong>&nbsp;<\/strong><\/p>\n<p><strong>Sin la Familia no hubiera sido posible que la humanidad se hubiera organizado<\/strong>. A trav\u00e9s de la selecci\u00f3n natural han ido llegando a nuestros d\u00edas los descendientes de los m\u00e1s fuertes y capaces de sobrevivir ante las adversidades de que cada \u00e9poca: hambruna, guerras&#8230; perpetuando a trav\u00e9s de las generaciones a sus descendientes y desarrollando todos los avances posibles en la Ciencia, la Tecnolog\u00eda y las Artes hasta llegar a nuestros d\u00edas.<\/p>\n<p>Luego detr\u00e1s de toda una sociedad m\u00e1s o menos avanzada, siempre han estado hombres y mujeres formados en grupos familiares junto a los hijos derivados de estas organizaciones humanas, que les han permitido supervivir principalmente a la fuerza brutal de la Naturaleza que tiene de todo para el hombre menos de Para\u00edso Terrenal y que ser\u00eda un aut\u00e9ntico infierno si tuviera que vivir solo y no en familia.<\/p>\n<p>Las familias son&nbsp;<strong>entonces las organizaciones m\u00e1s seguras para que los hijos crezcan y maduren de tal forma que pueden vencer su vulnerabilidad<\/strong>&nbsp;estableciendo lazos sociales y afectivos que solo son posibles dentro de una familia.<\/p>\n<p>La&nbsp;<strong>familia es vitalmente necesaria<\/strong>&nbsp;porque es donde se produce la mejor relaci\u00f3n preventiva de conflictos afectivos y sociales ya que es donde se debiera ayudar y potenciar la personalidad de cada uno, al mismo tiempo sea siempre respetada su intimidad, individualidad y libertad para que cada uno pueda desarrollarse sin dejar de ser uno mismo.<\/p>\n<p><strong>Los conflictos emocionales y afectivos producen mucha tensi\u00f3n y la sociedad<\/strong>&nbsp;no los asimila bien incluso no tiene porqu\u00e9 asumirlos sino que debe en casos graves legislarlos si llegan a alterar el orden social, mientras que en la familia es posible poder recibir la ayuda adecuada para poder aceptarlos entre unos y otros siempre y cuando exista el respeto a la dignidad y a la integridad de la persona.<\/p>\n<p>&nbsp;<\/p>\n<h3><strong>Actividades.<\/strong><\/h3>\n<p>-Escribe la idea fundamental de cada uno de los p\u00e1rrafos del texto.<\/p>\n<p>-Escribe el significado de cada una de estas expresiones:<\/p>\n<p>-Selecci\u00f3n natural.<\/p>\n<p>-Vulnerabilidad.<\/p>\n<p>-Relaci\u00f3n preventiva.<\/p>\n<p>-Explica la influencia de la familia en la sociedad.<\/p>\n<p>&nbsp;<\/p>\n<p>-Escribe una redacci\u00f3n sobre tu familia.<\/p>\n<p>&nbsp;<\/p>\n<h2>&nbsp;<\/h2>\n<h2 style=\"text-align: center\"><span style=\"color: #3366ff\">COMPENSATORIA<\/span><\/h2>\n<h3 style=\"text-align: center\"><span style=\"color: #0000ff\">SEMANA DEL 05 AL 08 DE MAYO<\/span><\/h3>\n<p>Hola chic@s, comenzamos un nuevo mes, el mes de mayo,&nbsp; de las flores y de los d\u00edas largos. \u00a1Vamos a disfrutarlo!&nbsp; y seguimos con nuestro trabajo.<\/p>\n<p><strong>INSTRUCCIONES PARA ENVIARME LOS EJERCICIOS O CONSULTAR CUALQUIER DUDA<\/strong><\/p>\n<p>Copia los ejercicios en la libreta, cuando lo hayas hecho le haces una foto a la hoja con el m\u00f3vil, te vas a galer\u00eda del m\u00f3vil,&nbsp; le das a compartir y lo env\u00edas al correo: compensatoria20@gmail.com&nbsp; &nbsp; yo los corregir\u00e9 y te los env\u00edo.<\/p>\n<p>Gracias.<\/p>\n<p>&nbsp;<\/p>\n<p>&nbsp;<\/p>\n<h1><span style=\"color: #339966\">1\u00ba CICLO<\/span>&nbsp;<\/h1>\n<p>&nbsp;<\/p>\n<p><a href=\"https:\/\/blogsaverroes.juntadeandalucia.es\/ceiparteroperez\/files\/2020\/05\/Ni\u00f1a.jpg\"><img loading=\"lazy\" decoding=\"async\" class=\"size-full wp-image-3807 aligncenter\" src=\"https:\/\/blogsaverroes.juntadeandalucia.es\/ceiparteroperez\/files\/2020\/05\/Ni\u00f1a.jpg\" alt=\"\" width=\"239\" height=\"211\" srcset=\"https:\/\/blogsaverroes.juntadeandalucia.es\/ceiparteroperez\/files\/2020\/05\/Ni\u00f1a.jpg 239w, https:\/\/blogsaverroes.juntadeandalucia.es\/ceiparteroperez\/files\/2020\/05\/Ni\u00f1a-24x21.jpg 24w, https:\/\/blogsaverroes.juntadeandalucia.es\/ceiparteroperez\/files\/2020\/05\/Ni\u00f1a-36x32.jpg 36w, https:\/\/blogsaverroes.juntadeandalucia.es\/ceiparteroperez\/files\/2020\/05\/Ni\u00f1a-48x42.jpg 48w\" sizes=\"(max-width: 239px) 100vw, 239px\" \/><\/a><\/p>\n<h1 style=\"text-align: center\"><strong>La nena Ema&nbsp;<\/strong><\/h1>\n<p style=\"text-align: center\">Esa nena que ahora llega<\/p>\n<p style=\"text-align: center\">con una estrella en la frente<\/p>\n<p style=\"text-align: center\">que le dieron en la escuela<\/p>\n<p style=\"text-align: center\">por ser tan inteligente,<\/p>\n<p style=\"text-align: center\">es Ema, la de la tienda,<\/p>\n<p style=\"text-align: center\">que luce vestido verde.<\/p>\n<p style=\"text-align: center\">Ella dice que le encantan<\/p>\n<p style=\"text-align: center\">los enormes elefantes.<\/p>\n<p style=\"text-align: center\">\u201c\u00a1En este cartel se muestra<\/p>\n<p style=\"text-align: center\">que son fuertes y elegantes!\u201d<\/p>\n<h3>Contesta:<\/h3>\n<p>\u00bfC\u00f3mo se llama la nena inteligente?<\/p>\n<p>\u00bfQu\u00e9 le dieron en la escuela?<\/p>\n<p>\u00bfDe qu\u00e9 color es su vestido?<\/p>\n<p>\u00bfCu\u00e1l es su animal favorito?<\/p>\n<p>\u00bfT\u00fa c\u00f3mo crees que sean los elefantes?<\/p>\n<h1 style=\"text-align: center\"><strong>Gabriel<\/strong><\/h1>\n<h3 style=\"text-align: center\">A Gabriel le gustan las bromas.<\/h3>\n<p style=\"text-align: center\">Un d\u00eda llego con sus libros.<\/p>\n<p style=\"text-align: center\">Los dej\u00f3 sobre la mesa y sali\u00f3 al patio a brincar.<\/p>\n<p style=\"text-align: center\">Lleg\u00f3 Librada y cogi\u00f3 un libro. Al abrirlo salt\u00f3 un payaso.<\/p>\n<p style=\"text-align: center\">Se qued\u00f3 asombrada.<\/p>\n<p style=\"text-align: center\">El libro era una caja de juguete.<\/p>\n<p style=\"text-align: center\">Ah\u00ed junto estaba el libro de cuentos.<\/p>\n<h3 style=\"text-align: center\">&nbsp;<\/h3>\n<h3>Contesta:<\/h3>\n<p>\u00bfQu\u00e9 le gusta a Gabriel?<\/p>\n<p>\u00bfD\u00f3nde dej\u00f3 Gabriel sus libros?<\/p>\n<p>\u00bfQu\u00e9 pas\u00f3 cuando Librada abri\u00f3 el libro?<\/p>\n<p>\u00bfQu\u00e9 era el libro?<\/p>\n<p>\u00bfQu\u00e9 consejo le dar\u00edas a Gabriel?<\/p>\n<p>&nbsp;<\/p>\n<h1><span style=\"color: #0000ff\">2\u00ba CICLO<\/span><\/h1>\n<p><a href=\"https:\/\/blogsaverroes.juntadeandalucia.es\/ceiparteroperez\/files\/2020\/05\/LECT-2\u00ba-CI-13-16-p\u00e1ginas-1-4_page-0002.jpg\"><img loading=\"lazy\" decoding=\"async\" class=\" wp-image-3796 alignright\" src=\"https:\/\/blogsaverroes.juntadeandalucia.es\/ceiparteroperez\/files\/2020\/05\/LECT-2\u00ba-CI-13-16-p\u00e1ginas-1-4_page-0002-212x300.jpg\" alt=\"\" width=\"234\" height=\"331\" srcset=\"https:\/\/blogsaverroes.juntadeandalucia.es\/ceiparteroperez\/files\/2020\/05\/LECT-2\u00ba-CI-13-16-p\u00e1ginas-1-4_page-0002-212x300.jpg 212w, https:\/\/blogsaverroes.juntadeandalucia.es\/ceiparteroperez\/files\/2020\/05\/LECT-2\u00ba-CI-13-16-p\u00e1ginas-1-4_page-0002-768x1087.jpg 768w, https:\/\/blogsaverroes.juntadeandalucia.es\/ceiparteroperez\/files\/2020\/05\/LECT-2\u00ba-CI-13-16-p\u00e1ginas-1-4_page-0002-724x1024.jpg 724w, https:\/\/blogsaverroes.juntadeandalucia.es\/ceiparteroperez\/files\/2020\/05\/LECT-2\u00ba-CI-13-16-p\u00e1ginas-1-4_page-0002-17x24.jpg 17w, https:\/\/blogsaverroes.juntadeandalucia.es\/ceiparteroperez\/files\/2020\/05\/LECT-2\u00ba-CI-13-16-p\u00e1ginas-1-4_page-0002-25x36.jpg 25w, https:\/\/blogsaverroes.juntadeandalucia.es\/ceiparteroperez\/files\/2020\/05\/LECT-2\u00ba-CI-13-16-p\u00e1ginas-1-4_page-0002-34x48.jpg 34w, https:\/\/blogsaverroes.juntadeandalucia.es\/ceiparteroperez\/files\/2020\/05\/LECT-2\u00ba-CI-13-16-p\u00e1ginas-1-4_page-0002.jpg 1130w\" sizes=\"(max-width: 234px) 100vw, 234px\" \/><\/a> <a href=\"https:\/\/blogsaverroes.juntadeandalucia.es\/ceiparteroperez\/files\/2020\/05\/LECT-2\u00ba-CI-13-16-p\u00e1ginas-1-4_page-0003.jpg\"><img loading=\"lazy\" decoding=\"async\" class=\" wp-image-3797 alignright\" src=\"https:\/\/blogsaverroes.juntadeandalucia.es\/ceiparteroperez\/files\/2020\/05\/LECT-2\u00ba-CI-13-16-p\u00e1ginas-1-4_page-0003-212x300.jpg\" alt=\"\" width=\"261\" height=\"369\" srcset=\"https:\/\/blogsaverroes.juntadeandalucia.es\/ceiparteroperez\/files\/2020\/05\/LECT-2\u00ba-CI-13-16-p\u00e1ginas-1-4_page-0003-212x300.jpg 212w, https:\/\/blogsaverroes.juntadeandalucia.es\/ceiparteroperez\/files\/2020\/05\/LECT-2\u00ba-CI-13-16-p\u00e1ginas-1-4_page-0003-768x1087.jpg 768w, https:\/\/blogsaverroes.juntadeandalucia.es\/ceiparteroperez\/files\/2020\/05\/LECT-2\u00ba-CI-13-16-p\u00e1ginas-1-4_page-0003-724x1024.jpg 724w, https:\/\/blogsaverroes.juntadeandalucia.es\/ceiparteroperez\/files\/2020\/05\/LECT-2\u00ba-CI-13-16-p\u00e1ginas-1-4_page-0003-17x24.jpg 17w, https:\/\/blogsaverroes.juntadeandalucia.es\/ceiparteroperez\/files\/2020\/05\/LECT-2\u00ba-CI-13-16-p\u00e1ginas-1-4_page-0003-25x36.jpg 25w, https:\/\/blogsaverroes.juntadeandalucia.es\/ceiparteroperez\/files\/2020\/05\/LECT-2\u00ba-CI-13-16-p\u00e1ginas-1-4_page-0003-34x48.jpg 34w, https:\/\/blogsaverroes.juntadeandalucia.es\/ceiparteroperez\/files\/2020\/05\/LECT-2\u00ba-CI-13-16-p\u00e1ginas-1-4_page-0003.jpg 1130w\" sizes=\"(max-width: 261px) 100vw, 261px\" \/><\/a> <a href=\"https:\/\/blogsaverroes.juntadeandalucia.es\/ceiparteroperez\/files\/2020\/05\/LECT-2\u00ba-CI-13-16-p\u00e1ginas-1-4_page-0004.jpg\"><img loading=\"lazy\" decoding=\"async\" class=\" wp-image-3798 alignright\" src=\"https:\/\/blogsaverroes.juntadeandalucia.es\/ceiparteroperez\/files\/2020\/05\/LECT-2\u00ba-CI-13-16-p\u00e1ginas-1-4_page-0004-212x300.jpg\" alt=\"\" width=\"264\" height=\"374\" srcset=\"https:\/\/blogsaverroes.juntadeandalucia.es\/ceiparteroperez\/files\/2020\/05\/LECT-2\u00ba-CI-13-16-p\u00e1ginas-1-4_page-0004-212x300.jpg 212w, https:\/\/blogsaverroes.juntadeandalucia.es\/ceiparteroperez\/files\/2020\/05\/LECT-2\u00ba-CI-13-16-p\u00e1ginas-1-4_page-0004-768x1087.jpg 768w, https:\/\/blogsaverroes.juntadeandalucia.es\/ceiparteroperez\/files\/2020\/05\/LECT-2\u00ba-CI-13-16-p\u00e1ginas-1-4_page-0004-724x1024.jpg 724w, https:\/\/blogsaverroes.juntadeandalucia.es\/ceiparteroperez\/files\/2020\/05\/LECT-2\u00ba-CI-13-16-p\u00e1ginas-1-4_page-0004-17x24.jpg 17w, https:\/\/blogsaverroes.juntadeandalucia.es\/ceiparteroperez\/files\/2020\/05\/LECT-2\u00ba-CI-13-16-p\u00e1ginas-1-4_page-0004-25x36.jpg 25w, https:\/\/blogsaverroes.juntadeandalucia.es\/ceiparteroperez\/files\/2020\/05\/LECT-2\u00ba-CI-13-16-p\u00e1ginas-1-4_page-0004-34x48.jpg 34w, https:\/\/blogsaverroes.juntadeandalucia.es\/ceiparteroperez\/files\/2020\/05\/LECT-2\u00ba-CI-13-16-p\u00e1ginas-1-4_page-0004.jpg 1130w\" sizes=\"(max-width: 264px) 100vw, 264px\" \/><\/a><\/p>\n<h1><a href=\"https:\/\/blogsaverroes.juntadeandalucia.es\/ceiparteroperez\/files\/2020\/05\/LECT-2\u00ba-CI-13-16-p\u00e1ginas-1-4_page-0001.jpg\"><img loading=\"lazy\" decoding=\"async\" class=\"wp-image-3794 alignnone\" src=\"https:\/\/blogsaverroes.juntadeandalucia.es\/ceiparteroperez\/files\/2020\/05\/LECT-2\u00ba-CI-13-16-p\u00e1ginas-1-4_page-0001-212x300.jpg\" alt=\"\" width=\"255\" height=\"361\" srcset=\"https:\/\/blogsaverroes.juntadeandalucia.es\/ceiparteroperez\/files\/2020\/05\/LECT-2\u00ba-CI-13-16-p\u00e1ginas-1-4_page-0001-212x300.jpg 212w, https:\/\/blogsaverroes.juntadeandalucia.es\/ceiparteroperez\/files\/2020\/05\/LECT-2\u00ba-CI-13-16-p\u00e1ginas-1-4_page-0001-768x1087.jpg 768w, https:\/\/blogsaverroes.juntadeandalucia.es\/ceiparteroperez\/files\/2020\/05\/LECT-2\u00ba-CI-13-16-p\u00e1ginas-1-4_page-0001-724x1024.jpg 724w, https:\/\/blogsaverroes.juntadeandalucia.es\/ceiparteroperez\/files\/2020\/05\/LECT-2\u00ba-CI-13-16-p\u00e1ginas-1-4_page-0001-17x24.jpg 17w, https:\/\/blogsaverroes.juntadeandalucia.es\/ceiparteroperez\/files\/2020\/05\/LECT-2\u00ba-CI-13-16-p\u00e1ginas-1-4_page-0001-25x36.jpg 25w, https:\/\/blogsaverroes.juntadeandalucia.es\/ceiparteroperez\/files\/2020\/05\/LECT-2\u00ba-CI-13-16-p\u00e1ginas-1-4_page-0001-34x48.jpg 34w, https:\/\/blogsaverroes.juntadeandalucia.es\/ceiparteroperez\/files\/2020\/05\/LECT-2\u00ba-CI-13-16-p\u00e1ginas-1-4_page-0001.jpg 1130w\" sizes=\"(max-width: 255px) 100vw, 255px\" \/><\/a><\/h1>\n<h2>&nbsp;<\/h2>\n<h1><span style=\"color: #ff0000\">3\u00ba CICLO<\/span><\/h1>\n<h2>&nbsp;<\/h2>\n<p><a href=\"https:\/\/blogsaverroes.juntadeandalucia.es\/ceiparteroperez\/files\/2020\/05\/LC_5_0030.jpg\"><img loading=\"lazy\" decoding=\"async\" class=\" wp-image-3828 alignnone\" src=\"https:\/\/blogsaverroes.juntadeandalucia.es\/ceiparteroperez\/files\/2020\/05\/LC_5_0030-212x300.jpg\" alt=\"\" width=\"241\" height=\"341\" srcset=\"https:\/\/blogsaverroes.juntadeandalucia.es\/ceiparteroperez\/files\/2020\/05\/LC_5_0030-212x300.jpg 212w, https:\/\/blogsaverroes.juntadeandalucia.es\/ceiparteroperez\/files\/2020\/05\/LC_5_0030-768x1086.jpg 768w, https:\/\/blogsaverroes.juntadeandalucia.es\/ceiparteroperez\/files\/2020\/05\/LC_5_0030-724x1024.jpg 724w, https:\/\/blogsaverroes.juntadeandalucia.es\/ceiparteroperez\/files\/2020\/05\/LC_5_0030-17x24.jpg 17w, https:\/\/blogsaverroes.juntadeandalucia.es\/ceiparteroperez\/files\/2020\/05\/LC_5_0030-25x36.jpg 25w, https:\/\/blogsaverroes.juntadeandalucia.es\/ceiparteroperez\/files\/2020\/05\/LC_5_0030-34x48.jpg 34w, https:\/\/blogsaverroes.juntadeandalucia.es\/ceiparteroperez\/files\/2020\/05\/LC_5_0030.jpg 1131w\" sizes=\"(max-width: 241px) 100vw, 241px\" \/><\/a> <a href=\"https:\/\/blogsaverroes.juntadeandalucia.es\/ceiparteroperez\/files\/2020\/05\/LC_5_0031.jpg\"><img loading=\"lazy\" decoding=\"async\" class=\" wp-image-3829 alignnone\" src=\"https:\/\/blogsaverroes.juntadeandalucia.es\/ceiparteroperez\/files\/2020\/05\/LC_5_0031-212x300.jpg\" alt=\"\" width=\"243\" height=\"344\" srcset=\"https:\/\/blogsaverroes.juntadeandalucia.es\/ceiparteroperez\/files\/2020\/05\/LC_5_0031-212x300.jpg 212w, https:\/\/blogsaverroes.juntadeandalucia.es\/ceiparteroperez\/files\/2020\/05\/LC_5_0031-768x1086.jpg 768w, https:\/\/blogsaverroes.juntadeandalucia.es\/ceiparteroperez\/files\/2020\/05\/LC_5_0031-724x1024.jpg 724w, https:\/\/blogsaverroes.juntadeandalucia.es\/ceiparteroperez\/files\/2020\/05\/LC_5_0031-17x24.jpg 17w, https:\/\/blogsaverroes.juntadeandalucia.es\/ceiparteroperez\/files\/2020\/05\/LC_5_0031-25x36.jpg 25w, https:\/\/blogsaverroes.juntadeandalucia.es\/ceiparteroperez\/files\/2020\/05\/LC_5_0031-34x48.jpg 34w, https:\/\/blogsaverroes.juntadeandalucia.es\/ceiparteroperez\/files\/2020\/05\/LC_5_0031.jpg 1131w\" sizes=\"(max-width: 243px) 100vw, 243px\" \/><\/a><a href=\"https:\/\/blogsaverroes.juntadeandalucia.es\/ceiparteroperez\/files\/2020\/05\/LC_5_0028.jpg\"><img loading=\"lazy\" decoding=\"async\" class=\"alignnone wp-image-3831\" src=\"https:\/\/blogsaverroes.juntadeandalucia.es\/ceiparteroperez\/files\/2020\/05\/LC_5_0028-212x300.jpg\" alt=\"\" width=\"248\" height=\"351\" srcset=\"https:\/\/blogsaverroes.juntadeandalucia.es\/ceiparteroperez\/files\/2020\/05\/LC_5_0028-212x300.jpg 212w, https:\/\/blogsaverroes.juntadeandalucia.es\/ceiparteroperez\/files\/2020\/05\/LC_5_0028-768x1086.jpg 768w, https:\/\/blogsaverroes.juntadeandalucia.es\/ceiparteroperez\/files\/2020\/05\/LC_5_0028-724x1024.jpg 724w, https:\/\/blogsaverroes.juntadeandalucia.es\/ceiparteroperez\/files\/2020\/05\/LC_5_0028-17x24.jpg 17w, https:\/\/blogsaverroes.juntadeandalucia.es\/ceiparteroperez\/files\/2020\/05\/LC_5_0028-25x36.jpg 25w, https:\/\/blogsaverroes.juntadeandalucia.es\/ceiparteroperez\/files\/2020\/05\/LC_5_0028-34x48.jpg 34w, https:\/\/blogsaverroes.juntadeandalucia.es\/ceiparteroperez\/files\/2020\/05\/LC_5_0028.jpg 1131w\" sizes=\"(max-width: 248px) 100vw, 248px\" \/><\/a><a href=\"https:\/\/blogsaverroes.juntadeandalucia.es\/ceiparteroperez\/files\/2020\/05\/LC_5_0029.jpg\"><img loading=\"lazy\" decoding=\"async\" class=\"alignnone wp-image-3832\" src=\"https:\/\/blogsaverroes.juntadeandalucia.es\/ceiparteroperez\/files\/2020\/05\/LC_5_0029-212x300.jpg\" alt=\"\" width=\"253\" height=\"360\" srcset=\"https:\/\/blogsaverroes.juntadeandalucia.es\/ceiparteroperez\/files\/2020\/05\/LC_5_0029-17x24.jpg 17w, https:\/\/blogsaverroes.juntadeandalucia.es\/ceiparteroperez\/files\/2020\/05\/LC_5_0029-25x36.jpg 25w, https:\/\/blogsaverroes.juntadeandalucia.es\/ceiparteroperez\/files\/2020\/05\/LC_5_0029-34x48.jpg 34w\" sizes=\"(max-width: 253px) 100vw, 253px\" \/><\/a><\/p>\n<p>&nbsp;<\/p>\n<h1><span style=\"color: #ff00ff\">1\u00ba y 2\u00ba ESO<\/span><\/h1>\n<p>&nbsp;<\/p>\n<p><a href=\"https:\/\/blogsaverroes.juntadeandalucia.es\/ceiparteroperez\/files\/2020\/05\/comprension_lectora1225385603552-ESO_page-0014.jpg\"><img loading=\"lazy\" decoding=\"async\" class=\" wp-image-3803 alignleft\" src=\"https:\/\/blogsaverroes.juntadeandalucia.es\/ceiparteroperez\/files\/2020\/05\/comprension_lectora1225385603552-ESO_page-0014-216x300.jpg\" alt=\"\" width=\"223\" height=\"309\" srcset=\"https:\/\/blogsaverroes.juntadeandalucia.es\/ceiparteroperez\/files\/2020\/05\/comprension_lectora1225385603552-ESO_page-0014-216x300.jpg 216w, https:\/\/blogsaverroes.juntadeandalucia.es\/ceiparteroperez\/files\/2020\/05\/comprension_lectora1225385603552-ESO_page-0014-768x1066.jpg 768w, https:\/\/blogsaverroes.juntadeandalucia.es\/ceiparteroperez\/files\/2020\/05\/comprension_lectora1225385603552-ESO_page-0014-738x1024.jpg 738w, https:\/\/blogsaverroes.juntadeandalucia.es\/ceiparteroperez\/files\/2020\/05\/comprension_lectora1225385603552-ESO_page-0014-17x24.jpg 17w, https:\/\/blogsaverroes.juntadeandalucia.es\/ceiparteroperez\/files\/2020\/05\/comprension_lectora1225385603552-ESO_page-0014-26x36.jpg 26w, https:\/\/blogsaverroes.juntadeandalucia.es\/ceiparteroperez\/files\/2020\/05\/comprension_lectora1225385603552-ESO_page-0014-35x48.jpg 35w, https:\/\/blogsaverroes.juntadeandalucia.es\/ceiparteroperez\/files\/2020\/05\/comprension_lectora1225385603552-ESO_page-0014.jpg 1150w\" sizes=\"(max-width: 223px) 100vw, 223px\" \/><\/a><\/p>\n<p><a href=\"https:\/\/blogsaverroes.juntadeandalucia.es\/ceiparteroperez\/files\/2020\/05\/comprension_lectora1225385603552-ESO_page-0015.jpg\"><img loading=\"lazy\" decoding=\"async\" class=\"alignnone wp-image-3804\" src=\"https:\/\/blogsaverroes.juntadeandalucia.es\/ceiparteroperez\/files\/2020\/05\/comprension_lectora1225385603552-ESO_page-0015-216x300.jpg\" alt=\"\" width=\"232\" height=\"321\" srcset=\"https:\/\/blogsaverroes.juntadeandalucia.es\/ceiparteroperez\/files\/2020\/05\/comprension_lectora1225385603552-ESO_page-0015-216x300.jpg 216w, https:\/\/blogsaverroes.juntadeandalucia.es\/ceiparteroperez\/files\/2020\/05\/comprension_lectora1225385603552-ESO_page-0015-768x1066.jpg 768w, https:\/\/blogsaverroes.juntadeandalucia.es\/ceiparteroperez\/files\/2020\/05\/comprension_lectora1225385603552-ESO_page-0015-738x1024.jpg 738w, https:\/\/blogsaverroes.juntadeandalucia.es\/ceiparteroperez\/files\/2020\/05\/comprension_lectora1225385603552-ESO_page-0015-17x24.jpg 17w, https:\/\/blogsaverroes.juntadeandalucia.es\/ceiparteroperez\/files\/2020\/05\/comprension_lectora1225385603552-ESO_page-0015-26x36.jpg 26w, https:\/\/blogsaverroes.juntadeandalucia.es\/ceiparteroperez\/files\/2020\/05\/comprension_lectora1225385603552-ESO_page-0015-35x48.jpg 35w, https:\/\/blogsaverroes.juntadeandalucia.es\/ceiparteroperez\/files\/2020\/05\/comprension_lectora1225385603552-ESO_page-0015.jpg 1150w\" sizes=\"(max-width: 232px) 100vw, 232px\" \/><\/a><\/p>\n<p>&nbsp;<\/p>\n<p>&nbsp;<\/p>\n<h3 style=\"text-align: justify\">&nbsp;<\/h3>\n<h3>&nbsp;<\/h3>\n<h3>&nbsp;<\/h3>\n<h3>&nbsp;<\/h3>\n<h3>&nbsp;<\/h3>\n<h3>&nbsp;<\/h3>\n<h3>&nbsp;<\/h3>\n<h3 style=\"text-align: center\"><span style=\"color: #0000ff\">SEMANA DEL 27 AL 30 DE ABRIL<\/span><\/h3>\n<p>Hola chic@s, nueva semana y m\u00e1s corta. Supongo que estar\u00e9is m\u00e1s contentos, ayer pudisteis salir a dar un paseo.\u00a1Es estupendo! pero, siempre deb\u00e9is cumplir las nomas que se os dan.<\/p>\n<h2>Nos sentimos alegres, poco a poco saldremos de esta situaci\u00f3n. Vamos a centrarnos en la <span style=\"color: #ff00ff\">alegr\u00eda.&nbsp;<\/span><\/h2>\n<p>&nbsp;<\/p>\n<p><strong>INSTRUCCIONES PARA ENVIARME LOS EJERCICIOS O CONSULTAR CUALQUIER DUDA<\/strong><\/p>\n<p>Copia los ejercicios en la libreta, cuando lo hayas hecho le haces una foto a la hoja con el m\u00f3vil, te vas a galer\u00eda del m\u00f3vil,&nbsp; le das a compartir y lo env\u00edas al correo: compensatoria20@gmail.com&nbsp; &nbsp; yo los corregir\u00e9 y te los env\u00edo.<\/p>\n<p>Gracias.<\/p>\n<h2>&nbsp;<\/h2>\n<h1><span style=\"color: #339966\">1\u00ba CICLO<\/span>&nbsp;<\/h1>\n<p><strong>Alegr\u00eda<\/strong><\/p>\n<p>Cuando vamos a hacer algo que nos gusta (visitar a tus abuelos, ir a un parque de atracciones, darse un atrac\u00f3n de chucher\u00edas) sentimos esta sensaci\u00f3n. Todas estas cosas nos hacen felices, nos causan alegr\u00eda. Sentirse alegre est\u00e1 muy bien, ya que cuando est\u00e9s con otras personas, estas notar\u00e1n tu alegr\u00eda.<\/p>\n<p>Es curioso c\u00f3mo puede propagarse la alegr\u00eda. Cuando est\u00e1s alegre, las personas de tu alrededor tambi\u00e9n se ponen m\u00e1s contentas.<\/p>\n<p>Definitivamente, todas las personas del mundo deber\u00edan estar alegres m\u00e1s a menudo.<\/p>\n<p><strong>Ian Arum\u00ed<\/strong><\/p>\n<p><strong>&nbsp;<\/strong><\/p>\n<p><strong>&nbsp;<\/strong><\/p>\n<p>-Escribe las cosas que te hacen sentir alegr\u00eda.<\/p>\n<p>&nbsp;<\/p>\n<p>&nbsp;<\/p>\n<p>&nbsp;<\/p>\n<p>&nbsp;<\/p>\n<p>&nbsp;<\/p>\n<p>Elige la cara que expresa alegr\u00eda.<\/p>\n<p>&nbsp;<\/p>\n<p><a href=\"https:\/\/blogsaverroes.juntadeandalucia.es\/ceiparteroperez\/files\/2020\/04\/caras.jpg\"><img loading=\"lazy\" decoding=\"async\" class=\"size-medium wp-image-3521 aligncenter\" src=\"https:\/\/blogsaverroes.juntadeandalucia.es\/ceiparteroperez\/files\/2020\/04\/caras-300x217.jpg\" alt=\"\" width=\"300\" height=\"217\"><\/a><\/p>\n<p>&nbsp;<\/p>\n<p>&nbsp;\u00bfQu\u00e9 forma tiene la boca?<\/p>\n<p>\u00bfY los ojos?<\/p>\n<p>&nbsp;<\/p>\n<p>Escribe las cosas que haces t\u00fa para que sientan alegr\u00eda:<\/p>\n<p>-Tus padres.<\/p>\n<p>&nbsp;<\/p>\n<p>&nbsp;<\/p>\n<p>-Tus hermanos.<\/p>\n<p>&nbsp;<\/p>\n<p>&nbsp;<\/p>\n<p>-Tus amigos.<\/p>\n<p>&nbsp;<\/p>\n<p>&nbsp;<\/p>\n<p>&nbsp;<\/p>\n<h1><span style=\"color: #0000ff\">2\u00ba CICLO<\/span><\/h1>\n<p>&nbsp;<\/p>\n<p><strong>Alegr\u00eda<\/strong><\/p>\n<p>Cuando vamos a hacer algo que nos gusta (visitar a tus abuelos, ir a un parque de atracciones, darse un atrac\u00f3n de chucher\u00edas) sentimos esta sensaci\u00f3n. Todas estas cosas nos hacen felices, nos causan alegr\u00eda. Sentirse alegre est\u00e1 muy bien, ya que cuando est\u00e9s con otras personas, estas notar\u00e1n tu alegr\u00eda.<\/p>\n<p>Es curioso c\u00f3mo puede propagarse la alegr\u00eda. Cuando est\u00e1s alegre, las personas de tu alrededor tambi\u00e9n se ponen m\u00e1s contentas.<\/p>\n<p>Definitivamente, todas las personas del mundo deber\u00edan estar alegres m\u00e1s a menudo.<\/p>\n<p><strong>Ian Arum\u00ed<\/strong><\/p>\n<p>&nbsp;<\/p>\n<p>Piensa detenidamente en lo que sientes&nbsp; en cada situaci\u00f3n y completa este cuadro.<\/p>\n<p><a href=\"https:\/\/blogsaverroes.juntadeandalucia.es\/ceiparteroperez\/files\/2020\/04\/Tabla-alegr\u00eda.png\"><img loading=\"lazy\" decoding=\"async\" class=\"aligncenter wp-image-3529\" src=\"https:\/\/blogsaverroes.juntadeandalucia.es\/ceiparteroperez\/files\/2020\/04\/Tabla-alegr\u00eda-212x300.png\" alt=\"Completa el cuadro\" width=\"353\" height=\"498\"><\/a><\/p>\n<p>&nbsp;<\/p>\n<p>&nbsp;<\/p>\n<h1><span style=\"color: #ff0000\">3\u00ba CICLO<\/span><\/h1>\n<p>Esta semana vamos a repasar un poco de ortograf\u00eda. \u00a1\u00c1nimo! Seguro que es f\u00e1cil, esto ya lo hab\u00edamos estudiado..<\/p>\n<h2>&nbsp;<\/h2>\n<p><u>\u00a9<\/u><strong><u>Uso de la graf\u00eda B y V<\/u><\/strong><\/p>\n<p>*Se escriben con <strong>B<\/strong><\/p>\n<p>-Las palabras que empiezan con <strong>bi-, bis-, biz- <\/strong>(que significan <em>dos<\/em>): <em>bicicleta, bisiesto, bizcocho.<\/em><\/p>\n<p>-Las palabras que empezan por <strong>bibi-: <\/strong><em>biblioteca, bibliograf\u00eda.<\/em><\/p>\n<p>-Las palabras que empiezan con <strong>bu-, bur- y bus-: <\/strong><em>buz\u00f3n, burlar, buscar<\/em><\/p>\n<p>-Las palabras que empiezan por <strong>bea-: <\/strong><em>beato, beatificar<\/em>. Excepto las formas del verbo <strong>ver<\/strong>: <em>veo, veas, veamos, ve\u00e1is, vean.<\/em><\/p>\n<p>-Las palabras que empiezan con los prefijos <strong>ben- y bene- <\/strong>(que significan <em>bien<\/em>): <em>bendecir, beneficio.<\/em><\/p>\n<p>-Las palabras que empiezan por <strong>abo- y abu-: <\/strong><em>abono, aburrimiento.<\/em><\/p>\n<p>-Las palabras que empiezan por <strong>ribe- y riba-: <\/strong><em>ribera, ribazo.<\/em><\/p>\n<p>-Las palabras que contienen una s\u00edlaba con el grupo <strong>br- <\/strong>y <strong>bl-: <\/strong><em>brocha, abrigo, blusa, cable, ablandar.<\/em><\/p>\n<p>-Al final de s\u00edlaba o de palabra: <em>absurdo, obtener, club.<\/em><\/p>\n<p>-Los verbos acabados en <strong>-bir y -buir: <\/strong><em>prohibir, <\/em>recibir, <em>atribuir, contribuir. <\/em>Excepto <strong>hervir, servir y vivir.<\/strong><\/p>\n<p>-Los verbos <strong>beber, haber, deber, caber y saber: <\/strong><em>bebo, hab\u00edas, deber\u00e1, cab\u00e9is, sab\u00edan.<\/em><\/p>\n<p>-Las terminaciones del pret\u00e9rito imperfecto de indicativo <strong>-bas, -bamos, -bais, -ban <\/strong>de los <strong>verbos de la primera conjugaci\u00f3n <\/strong>y del verbo <strong>ir<\/strong>: <em>saltaba, callabas, llegaba, tard\u00e1bamos, remabais, so\u00f1aban.<\/em><\/p>\n<p>-Las palabras que terminan en <strong>-bilidad, -bundo y -bundo: <\/strong><em>habilidad, moribundo, meditabunda. Se<\/em><\/p>\n<p>except\u00faan <strong>movilidad y civilidad.<\/strong><\/p>\n<p>-Las palabras que empiezan por <strong>bio <\/strong>o acaban en la misma s\u00edlaba (que significa <em>vida<\/em>): biol\u00f3gico, anfib\u00a1o.<\/p>\n<p>-Las palabras compuestas y derivadas que proceden de palabras que llevan <strong>b<\/strong>: abrebotellas, embotellar (de botella).<\/p>\n<p>-Hay otras muchas palabras que, aunque no responden a ninguna de estas normas, tambi\u00e9n llevan b.<\/p>\n<p>&nbsp;<\/p>\n<p>1.- Busca en este texto verbos terminados en <em>&#8211;<\/em><strong>bir <\/strong>y en <strong>-vir <\/strong>y clasif\u00edcalos<strong>.<\/strong><\/p>\n<p><strong>&nbsp;<\/strong><\/p>\n<p><u>Merienda familiar<\/u><\/p>\n<p>Hemos recibido una invitaci\u00f3n de la t\u00eda Gertrudis para merendar en su casa. La t\u00eda vive sola en un viejo caser\u00f3n. \u00bfC\u00f3mo describir sus famosas meriendas? En ellas la t\u00eda exhibe sus magn\u00edficas dotes culinarias. Hierve el agua y nos sirve el t\u00e9 a la manera tradicional, Ella misma prepara todo tipo de tartas suculentas y nosotros sucumbimos a la tentaci\u00f3n de probarlas todas. \u00a1Nos proh\u00edbe dejar nada en los platos!<\/p>\n<p>*Verbos terminados en \u2013bir:<u> &nbsp;&nbsp;&nbsp;&nbsp;&nbsp;&nbsp;&nbsp;&nbsp;&nbsp;&nbsp;&nbsp;&nbsp;&nbsp;&nbsp;&nbsp;&nbsp;&nbsp;&nbsp;&nbsp;&nbsp;&nbsp;&nbsp;&nbsp;&nbsp;&nbsp;&nbsp;&nbsp;&nbsp;&nbsp;&nbsp;&nbsp;&nbsp;&nbsp;&nbsp;&nbsp;&nbsp;&nbsp;&nbsp;&nbsp;&nbsp;&nbsp;&nbsp;&nbsp;&nbsp;&nbsp;&nbsp;&nbsp;&nbsp;&nbsp;&nbsp;&nbsp;&nbsp;&nbsp;&nbsp;&nbsp;&nbsp;&nbsp;&nbsp;&nbsp;&nbsp;&nbsp;&nbsp;&nbsp;&nbsp;&nbsp;&nbsp;&nbsp;&nbsp;&nbsp;&nbsp;&nbsp;&nbsp;&nbsp;&nbsp;&nbsp;&nbsp;&nbsp;&nbsp;&nbsp;&nbsp;&nbsp;&nbsp;&nbsp;&nbsp;&nbsp;&nbsp;&nbsp;&nbsp;&nbsp;&nbsp;&nbsp;&nbsp;&nbsp;&nbsp;&nbsp;&nbsp;&nbsp;&nbsp;&nbsp;&nbsp;&nbsp;&nbsp;&nbsp;&nbsp;&nbsp;&nbsp; <\/u><\/p>\n<p>*Verbos terminados en \u2013vir: <u>&nbsp;&nbsp;&nbsp;&nbsp;&nbsp;&nbsp;&nbsp;&nbsp;&nbsp;&nbsp;&nbsp;&nbsp;&nbsp;&nbsp;&nbsp;&nbsp;&nbsp;&nbsp;&nbsp;&nbsp;&nbsp;&nbsp;&nbsp;&nbsp;&nbsp;&nbsp;&nbsp;&nbsp;&nbsp;&nbsp;&nbsp;&nbsp;&nbsp;&nbsp;&nbsp;&nbsp;&nbsp;&nbsp;&nbsp;&nbsp;&nbsp;&nbsp;&nbsp;&nbsp;&nbsp;&nbsp;&nbsp;&nbsp;&nbsp;&nbsp;&nbsp;&nbsp;&nbsp;&nbsp;&nbsp;&nbsp;&nbsp;&nbsp;&nbsp;&nbsp;&nbsp;&nbsp;&nbsp;&nbsp;&nbsp;&nbsp;&nbsp;&nbsp;&nbsp;&nbsp;&nbsp;&nbsp;&nbsp;&nbsp;&nbsp;&nbsp;&nbsp;&nbsp;&nbsp;&nbsp;&nbsp;&nbsp;&nbsp;&nbsp;&nbsp;&nbsp;&nbsp;&nbsp;&nbsp;&nbsp;&nbsp;&nbsp;&nbsp;&nbsp;&nbsp;&nbsp;&nbsp;&nbsp;&nbsp;&nbsp;&nbsp;&nbsp;&nbsp;&nbsp;&nbsp;&nbsp;&nbsp; <\/u>&nbsp;2.-Escribe 3 oraciones utilizando algunos de los verbos del ejercicio anterior.<\/p>\n<p>3.-Escribe 3 formas verbales del pret\u00e9rito imperfecto de indicativo de cada verbo. Recuerda que siempre se escriben con b.<\/p>\n<p>Andar: andaba<u> &nbsp;&nbsp;&nbsp;&nbsp;&nbsp;&nbsp;&nbsp;&nbsp;&nbsp;&nbsp;&nbsp;&nbsp;&nbsp;&nbsp;&nbsp;&nbsp;&nbsp;&nbsp;&nbsp;&nbsp;&nbsp;&nbsp;&nbsp;&nbsp;&nbsp;&nbsp;&nbsp;&nbsp;&nbsp;&nbsp;&nbsp;&nbsp;&nbsp;&nbsp;&nbsp;&nbsp;&nbsp;&nbsp;&nbsp;&nbsp;&nbsp;&nbsp;&nbsp;&nbsp;&nbsp;&nbsp;&nbsp;&nbsp;&nbsp;&nbsp;&nbsp;&nbsp;&nbsp;&nbsp;&nbsp;&nbsp;&nbsp;&nbsp;&nbsp;&nbsp;&nbsp;&nbsp;&nbsp;&nbsp;&nbsp;&nbsp;&nbsp;&nbsp;&nbsp;&nbsp;&nbsp;&nbsp;&nbsp;&nbsp;&nbsp;&nbsp;&nbsp;&nbsp;&nbsp;&nbsp;&nbsp;&nbsp;&nbsp;&nbsp;&nbsp;&nbsp;&nbsp;&nbsp;&nbsp;&nbsp;&nbsp;&nbsp;&nbsp;&nbsp;&nbsp;&nbsp; <\/u>&nbsp;Jugar:<u>&nbsp;&nbsp;&nbsp;&nbsp;&nbsp; &nbsp;&nbsp;&nbsp;&nbsp;&nbsp;&nbsp;&nbsp;&nbsp;&nbsp;&nbsp;&nbsp;&nbsp;&nbsp;&nbsp;&nbsp;&nbsp;&nbsp;&nbsp;&nbsp;&nbsp;&nbsp;&nbsp;&nbsp;&nbsp;&nbsp;&nbsp;&nbsp;&nbsp;&nbsp;&nbsp;&nbsp;&nbsp;&nbsp;&nbsp;&nbsp;&nbsp;&nbsp;&nbsp;&nbsp;&nbsp;&nbsp;&nbsp;&nbsp;&nbsp;&nbsp;&nbsp;&nbsp;&nbsp;&nbsp;&nbsp;&nbsp;&nbsp;&nbsp;&nbsp;&nbsp;&nbsp;&nbsp;&nbsp;&nbsp;&nbsp;&nbsp;&nbsp;&nbsp;&nbsp;&nbsp;&nbsp;&nbsp;&nbsp;&nbsp;&nbsp;&nbsp;&nbsp;&nbsp;&nbsp;&nbsp;&nbsp;&nbsp;&nbsp;&nbsp;&nbsp;&nbsp;&nbsp;&nbsp;&nbsp;&nbsp;&nbsp;&nbsp;&nbsp;&nbsp;&nbsp;&nbsp;&nbsp;&nbsp;&nbsp;&nbsp;&nbsp;&nbsp;&nbsp;&nbsp;&nbsp;&nbsp;&nbsp;&nbsp;&nbsp;&nbsp;&nbsp;&nbsp;&nbsp;&nbsp;&nbsp;&nbsp;&nbsp;&nbsp;&nbsp;&nbsp;&nbsp;&nbsp;&nbsp;&nbsp;&nbsp; <\/u> Estudiar: <u>&nbsp;&nbsp;&nbsp;&nbsp;&nbsp;&nbsp;&nbsp;&nbsp;&nbsp;&nbsp;&nbsp;&nbsp;&nbsp;&nbsp;&nbsp;&nbsp;&nbsp;&nbsp;&nbsp;&nbsp;&nbsp;&nbsp;&nbsp;&nbsp;&nbsp;&nbsp;&nbsp;&nbsp;&nbsp;&nbsp;&nbsp;&nbsp;&nbsp;&nbsp;&nbsp;&nbsp;&nbsp;&nbsp;&nbsp;&nbsp;&nbsp;&nbsp;&nbsp;&nbsp;&nbsp;&nbsp;&nbsp;&nbsp;&nbsp;&nbsp;&nbsp;&nbsp;&nbsp;&nbsp;&nbsp;&nbsp;&nbsp;&nbsp;&nbsp;&nbsp;&nbsp;&nbsp;&nbsp;&nbsp;&nbsp;&nbsp;&nbsp;&nbsp;&nbsp;&nbsp;&nbsp;&nbsp;&nbsp;&nbsp;&nbsp;&nbsp;&nbsp;&nbsp;&nbsp;&nbsp;&nbsp;&nbsp;&nbsp;&nbsp;&nbsp;&nbsp;&nbsp;&nbsp;&nbsp;&nbsp;&nbsp;&nbsp;&nbsp;&nbsp;&nbsp;&nbsp;&nbsp;&nbsp;&nbsp;&nbsp;&nbsp;&nbsp;&nbsp;&nbsp;&nbsp;&nbsp;&nbsp;&nbsp;&nbsp;&nbsp;&nbsp;&nbsp;&nbsp;&nbsp;&nbsp;&nbsp;&nbsp;&nbsp;&nbsp;&nbsp;&nbsp;&nbsp; <\/u><\/p>\n<p>&nbsp;<\/p>\n<p>4.-Completa con los verbos del recuadro las siguientes oraciones.<\/p>\n<p>&nbsp;<\/p>\n<table width=\"100%\">\n<tbody>\n<tr>\n<td>retribuir imbuir atribuir contribuir distribuir<\/td>\n<\/tr>\n<\/tbody>\n<\/table>\n<p>Todos tenemos que<u> &nbsp;&nbsp;&nbsp;&nbsp;&nbsp;&nbsp;&nbsp;&nbsp;&nbsp;&nbsp;&nbsp;&nbsp;&nbsp;&nbsp;&nbsp;&nbsp;&nbsp;&nbsp;&nbsp;&nbsp;&nbsp;&nbsp;&nbsp;&nbsp;&nbsp;&nbsp;&nbsp;&nbsp;&nbsp;&nbsp;&nbsp;&nbsp;&nbsp;&nbsp;&nbsp;&nbsp;&nbsp;&nbsp;&nbsp;&nbsp;&nbsp;&nbsp;&nbsp;&nbsp;&nbsp;&nbsp;&nbsp;&nbsp;&nbsp;&nbsp;&nbsp;&nbsp;&nbsp;&nbsp; <\/u>a la buena marcha del colegio.<\/p>\n<p>\u00bfA qui\u00e9n<u> &nbsp;&nbsp;&nbsp;&nbsp;&nbsp;&nbsp;&nbsp;&nbsp;&nbsp;&nbsp;&nbsp;&nbsp;&nbsp;&nbsp;&nbsp;&nbsp;&nbsp;&nbsp;&nbsp;&nbsp;&nbsp;&nbsp;&nbsp;&nbsp;&nbsp;&nbsp;&nbsp;&nbsp;&nbsp;&nbsp;&nbsp;&nbsp;&nbsp;&nbsp;&nbsp;&nbsp;&nbsp;&nbsp;&nbsp;&nbsp;&nbsp;&nbsp;&nbsp;&nbsp;&nbsp;&nbsp;&nbsp;&nbsp;&nbsp; <\/u>el polic\u00eda la autor\u00eda del delito? Los chicos ayudaron a<u> &nbsp;&nbsp;&nbsp;&nbsp;&nbsp;&nbsp;&nbsp;&nbsp;&nbsp;&nbsp;&nbsp;&nbsp;&nbsp;&nbsp;&nbsp;&nbsp;&nbsp;&nbsp;&nbsp;&nbsp;&nbsp;&nbsp;&nbsp;&nbsp;&nbsp;&nbsp;&nbsp;&nbsp;&nbsp;&nbsp;&nbsp;&nbsp;&nbsp;&nbsp;&nbsp;&nbsp;&nbsp;&nbsp;&nbsp;&nbsp;&nbsp;&nbsp;&nbsp;&nbsp;&nbsp;&nbsp;&nbsp;&nbsp;&nbsp;&nbsp;&nbsp;&nbsp;&nbsp;&nbsp;&nbsp;&nbsp;&nbsp;&nbsp;&nbsp;&nbsp;&nbsp;&nbsp;&nbsp;&nbsp;&nbsp;&nbsp;&nbsp;&nbsp;&nbsp;&nbsp; <\/u>los bocadillos.<\/p>\n<p>\u00bfQui\u00e9n ha podido<u> &nbsp;&nbsp;&nbsp;&nbsp;&nbsp;&nbsp;&nbsp;&nbsp;&nbsp;&nbsp;&nbsp;&nbsp;&nbsp;&nbsp;&nbsp;&nbsp;&nbsp;&nbsp;&nbsp;&nbsp;&nbsp;&nbsp;&nbsp;&nbsp;&nbsp;&nbsp;&nbsp;&nbsp;&nbsp;&nbsp;&nbsp;&nbsp;&nbsp;&nbsp;&nbsp;&nbsp;&nbsp;&nbsp;&nbsp;&nbsp;&nbsp;&nbsp;&nbsp;&nbsp;&nbsp;&nbsp;&nbsp;&nbsp;&nbsp;&nbsp;&nbsp; <\/u>en \u00e9l esas ideas?<\/p>\n<p>\u00bfCu\u00e1nto te van a<u> &nbsp;&nbsp;&nbsp;&nbsp;&nbsp;&nbsp;&nbsp;&nbsp;&nbsp;&nbsp;&nbsp;&nbsp;&nbsp;&nbsp;&nbsp;&nbsp;&nbsp;&nbsp;&nbsp;&nbsp;&nbsp;&nbsp;&nbsp;&nbsp;&nbsp;&nbsp;&nbsp;&nbsp;&nbsp;&nbsp;&nbsp;&nbsp;&nbsp;&nbsp;&nbsp;&nbsp;&nbsp;&nbsp;&nbsp;&nbsp;&nbsp;&nbsp;&nbsp;&nbsp;&nbsp;&nbsp;&nbsp;&nbsp;&nbsp; <\/u>por este trabajo?<\/p>\n<p>Contesta.<\/p>\n<p>\u00bfC\u00f3mo terminar todos estos verbos? <u>&nbsp;&nbsp;&nbsp;&nbsp;&nbsp;&nbsp;&nbsp;&nbsp;&nbsp;&nbsp;&nbsp;&nbsp;&nbsp;&nbsp;&nbsp;&nbsp;&nbsp;&nbsp;&nbsp;&nbsp;&nbsp;&nbsp;&nbsp;&nbsp;&nbsp;&nbsp;&nbsp;&nbsp;&nbsp;&nbsp;&nbsp;&nbsp;&nbsp;&nbsp;&nbsp;&nbsp;&nbsp;&nbsp;&nbsp;&nbsp;&nbsp;&nbsp;&nbsp;&nbsp;&nbsp;&nbsp;&nbsp;&nbsp;&nbsp;&nbsp;&nbsp;&nbsp;&nbsp;&nbsp;&nbsp;&nbsp;&nbsp;&nbsp;&nbsp;&nbsp;&nbsp;&nbsp;&nbsp;&nbsp;&nbsp;&nbsp;&nbsp;&nbsp;&nbsp;&nbsp; <\/u><\/p>\n<p>\u00bfCon qu\u00e9 se escriben: con b o con v? <u>&nbsp;&nbsp;&nbsp;&nbsp;&nbsp;&nbsp;&nbsp;&nbsp;&nbsp;&nbsp;&nbsp;&nbsp;&nbsp;&nbsp;&nbsp;&nbsp;&nbsp;&nbsp;&nbsp;&nbsp;&nbsp;&nbsp;&nbsp;&nbsp;&nbsp;&nbsp;&nbsp;&nbsp;&nbsp;&nbsp;&nbsp;&nbsp;&nbsp;&nbsp;&nbsp;&nbsp;&nbsp;&nbsp;&nbsp;&nbsp;&nbsp;&nbsp;&nbsp;&nbsp;&nbsp;&nbsp;&nbsp;&nbsp;&nbsp;&nbsp;&nbsp;&nbsp;&nbsp;&nbsp;&nbsp;&nbsp;&nbsp;&nbsp;&nbsp;&nbsp;&nbsp;&nbsp;&nbsp;&nbsp;&nbsp;&nbsp;&nbsp;&nbsp;&nbsp; <\/u><\/p>\n<p>&nbsp;<\/p>\n<p>5- Completa las siguientes palabras con <strong>br- <\/strong>o <strong>bl-<\/strong><\/p>\n<p><strong>&nbsp;<\/strong><\/p>\n<table>\n<tbody>\n<tr>\n<td colspan=\"3\" width=\"170\">ce<u> &nbsp;&nbsp;&nbsp;&nbsp; <\/u>a<\/td>\n<td width=\"98\">pue<u> &nbsp;&nbsp;&nbsp;&nbsp;&nbsp; <\/u>o<\/td>\n<td colspan=\"2\" width=\"95\">a<u> &nbsp;&nbsp;&nbsp;&nbsp; <\/u>igo<\/td>\n<td width=\"93\">pala<u> &nbsp;&nbsp;&nbsp;&nbsp; <\/u>a<\/td>\n<td colspan=\"2\" width=\"85\">manio<u> &nbsp;&nbsp;&nbsp;&nbsp; <\/u>a<\/td>\n<\/tr>\n<tr>\n<td colspan=\"3\" width=\"170\">ta<u> &nbsp;&nbsp;&nbsp;&nbsp; <\/u>a<\/td>\n<td width=\"98\">ca<u> &nbsp;&nbsp;&nbsp;&nbsp; <\/u>ero<\/td>\n<td colspan=\"2\" width=\"95\"><u>&nbsp;&nbsp;&nbsp;&nbsp;&nbsp; <\/u>anco<\/td>\n<td width=\"93\">dia<u> &nbsp;&nbsp;&nbsp;&nbsp; <\/u>o<\/td>\n<td colspan=\"2\" width=\"85\">do<u> &nbsp;&nbsp;&nbsp;&nbsp; <\/u>\u00f3n<\/td>\n<\/tr>\n<tr>\n<td colspan=\"3\" width=\"170\">cere<u> &nbsp;&nbsp;&nbsp;&nbsp;&nbsp; <\/u>o<\/p>\n<p><strong>&nbsp;<\/strong><\/p>\n<p>6- Continua<\/td>\n<td width=\"98\"><u>&nbsp;&nbsp;&nbsp;&nbsp;&nbsp; <\/u>oquear<\/td>\n<td colspan=\"2\" width=\"95\">ha<u> &nbsp;&nbsp;&nbsp;&nbsp; <\/u>ador<\/td>\n<td width=\"93\">a<u> &nbsp;&nbsp;&nbsp;&nbsp; <\/u>urnar<\/td>\n<td colspan=\"2\" width=\"85\"><u>&nbsp;&nbsp;&nbsp;&nbsp;&nbsp; <\/u>izna<\/td>\n<\/tr>\n<tr>\n<td width=\"89\">&nbsp;<\/td>\n<td width=\"76\">Verbos<\/td>\n<td colspan=\"3\" width=\"131\">Adjetivos en <strong>-ble<\/strong><\/td>\n<td colspan=\"3\" width=\"170\">Sustantivos en <strong>-bilidad<\/strong><\/td>\n<td width=\"74\">&nbsp;<\/td>\n<\/tr>\n<tr>\n<td width=\"89\">&nbsp;<\/td>\n<td width=\"76\">culpar<\/td>\n<td colspan=\"3\" width=\"131\">culpable<\/td>\n<td colspan=\"3\" width=\"170\">culpabilidad<\/td>\n<td width=\"74\">&nbsp;<\/td>\n<\/tr>\n<tr>\n<td width=\"89\">&nbsp;<\/td>\n<td width=\"76\">probar<\/td>\n<td colspan=\"3\" width=\"131\">&nbsp;<\/td>\n<td colspan=\"3\" width=\"170\">&nbsp;<\/td>\n<td width=\"74\">&nbsp;<\/td>\n<\/tr>\n<tr>\n<td width=\"89\">&nbsp;<\/td>\n<td width=\"76\">revocar<\/td>\n<td colspan=\"3\" width=\"131\">&nbsp;<\/td>\n<td colspan=\"3\" width=\"170\">&nbsp;<\/td>\n<td width=\"74\">&nbsp;<\/td>\n<\/tr>\n<tr>\n<td width=\"89\">&nbsp;<\/td>\n<td width=\"76\">variar<\/td>\n<td colspan=\"3\" width=\"131\">&nbsp;<\/td>\n<td colspan=\"3\" width=\"170\">&nbsp;<\/td>\n<td width=\"74\">&nbsp;<\/td>\n<\/tr>\n<tr>\n<td width=\"89\">&nbsp;<\/td>\n<td width=\"123\">&nbsp;<\/td>\n<td width=\"5\">&nbsp;<\/td>\n<td width=\"98\">&nbsp;<\/td>\n<td width=\"28\">&nbsp;<\/td>\n<td width=\"67\">&nbsp;<\/td>\n<td width=\"93\">&nbsp;<\/td>\n<td width=\"10\">&nbsp;<\/td>\n<td width=\"74\">&nbsp;<\/td>\n<\/tr>\n<\/tbody>\n<\/table>\n<p>Ahora escribe dos oraciones con las palabras que constituyen la excepci\u00f3n a la regla de los sustantivos terminados en <strong>-bilidad<\/strong>: movilidad, civilidad. Utiliza el diccionario si lo necesitas.<\/p>\n<p>*movilidad<u> &nbsp;&nbsp;&nbsp;&nbsp;&nbsp;&nbsp;&nbsp;&nbsp;&nbsp;&nbsp;&nbsp;&nbsp;&nbsp;&nbsp;&nbsp;&nbsp;&nbsp;&nbsp;&nbsp;&nbsp;&nbsp;&nbsp;&nbsp;&nbsp;&nbsp;&nbsp;&nbsp;&nbsp;&nbsp;&nbsp;&nbsp;&nbsp;&nbsp;&nbsp;&nbsp;&nbsp;&nbsp;&nbsp;&nbsp;&nbsp;&nbsp;&nbsp;&nbsp;&nbsp;&nbsp;&nbsp;&nbsp;&nbsp;&nbsp;&nbsp;&nbsp;&nbsp;&nbsp;&nbsp;&nbsp;&nbsp;&nbsp;&nbsp;&nbsp;&nbsp;&nbsp;&nbsp;&nbsp;&nbsp;&nbsp;&nbsp;&nbsp;&nbsp;&nbsp;&nbsp;&nbsp;&nbsp;&nbsp;&nbsp;&nbsp;&nbsp;&nbsp;&nbsp;&nbsp;&nbsp;&nbsp;&nbsp;&nbsp;&nbsp;&nbsp;&nbsp;&nbsp;&nbsp;&nbsp;&nbsp;&nbsp;&nbsp;&nbsp;&nbsp;&nbsp;&nbsp;&nbsp;&nbsp;&nbsp;&nbsp;&nbsp;&nbsp;&nbsp;&nbsp;&nbsp;&nbsp;&nbsp;&nbsp;&nbsp;&nbsp;&nbsp;&nbsp;&nbsp;&nbsp;&nbsp;&nbsp;&nbsp;&nbsp;&nbsp;&nbsp;&nbsp;&nbsp;&nbsp;&nbsp;&nbsp;&nbsp;&nbsp;&nbsp;&nbsp;&nbsp;&nbsp;&nbsp;&nbsp;&nbsp;&nbsp;&nbsp;&nbsp;&nbsp;&nbsp;&nbsp;&nbsp;&nbsp; <\/u><\/p>\n<p>*civilidad<u> &nbsp;&nbsp;&nbsp;&nbsp;&nbsp;&nbsp;&nbsp;&nbsp;&nbsp;&nbsp;&nbsp;&nbsp;&nbsp;&nbsp;&nbsp;&nbsp;&nbsp;&nbsp;&nbsp;&nbsp;&nbsp;&nbsp;&nbsp;&nbsp;&nbsp;&nbsp;&nbsp;&nbsp;&nbsp;&nbsp;&nbsp;&nbsp;&nbsp;&nbsp;&nbsp;&nbsp;&nbsp;&nbsp;&nbsp;&nbsp;&nbsp;&nbsp;&nbsp;&nbsp;&nbsp;&nbsp;&nbsp;&nbsp;&nbsp;&nbsp;&nbsp;&nbsp;&nbsp;&nbsp;&nbsp;&nbsp;&nbsp;&nbsp;&nbsp;&nbsp;&nbsp;&nbsp;&nbsp;&nbsp;&nbsp;&nbsp;&nbsp;&nbsp;&nbsp;&nbsp;&nbsp;&nbsp;&nbsp;&nbsp;&nbsp;&nbsp;&nbsp;&nbsp;&nbsp;&nbsp;&nbsp;&nbsp;&nbsp;&nbsp;&nbsp;&nbsp;&nbsp;&nbsp;&nbsp;&nbsp;&nbsp;&nbsp;&nbsp;&nbsp;&nbsp;&nbsp;&nbsp;&nbsp;&nbsp;&nbsp;&nbsp;&nbsp;&nbsp;&nbsp;&nbsp;&nbsp;&nbsp;&nbsp;&nbsp;&nbsp;&nbsp;&nbsp;&nbsp;&nbsp;&nbsp;&nbsp;&nbsp;&nbsp;&nbsp;&nbsp;&nbsp;&nbsp;&nbsp;&nbsp;&nbsp;&nbsp;&nbsp;&nbsp;&nbsp;&nbsp;&nbsp;&nbsp;&nbsp;&nbsp;&nbsp;&nbsp;&nbsp;&nbsp;&nbsp;&nbsp;&nbsp;&nbsp; <\/u><\/p>\n<p>&nbsp;<\/p>\n<p>7.- Completa estas oraciones con las formas del pret\u00e9rito perfecto simple del verbo que se indica en cada ocasi\u00f3n. Recuerda que siempre se escriben con -v, salvo las correspondientes al verbo haber.<\/p>\n<p>*\u00bfD\u00f3nde<u> &nbsp;&nbsp;&nbsp;&nbsp;&nbsp;&nbsp;&nbsp;&nbsp;&nbsp;&nbsp;&nbsp;&nbsp;&nbsp;&nbsp;&nbsp;&nbsp;&nbsp;&nbsp;&nbsp;&nbsp;&nbsp;&nbsp;&nbsp;&nbsp;&nbsp;&nbsp;&nbsp;&nbsp;&nbsp;&nbsp;&nbsp;&nbsp;&nbsp;&nbsp;&nbsp;&nbsp;&nbsp;&nbsp;&nbsp; <\/u>tu hermano estas medallas? (obtener)<\/p>\n<p>*Dio tanto&nbsp; la lata que<u> &nbsp;&nbsp;&nbsp;&nbsp;&nbsp;&nbsp;&nbsp;&nbsp;&nbsp;&nbsp;&nbsp;&nbsp;&nbsp;&nbsp;&nbsp;&nbsp;&nbsp;&nbsp;&nbsp;&nbsp;&nbsp;&nbsp;&nbsp;&nbsp;&nbsp;&nbsp;&nbsp;&nbsp;&nbsp;&nbsp;&nbsp;&nbsp;&nbsp;&nbsp;&nbsp;&nbsp;&nbsp;&nbsp;&nbsp;&nbsp;&nbsp;&nbsp;&nbsp;&nbsp;&nbsp;&nbsp;&nbsp;&nbsp;&nbsp; <\/u>decirle que se fuera. (haber)<\/p>\n<p>*\u00bfT\u00fa<u> &nbsp;&nbsp;&nbsp;&nbsp;&nbsp;&nbsp;&nbsp;&nbsp;&nbsp;&nbsp;&nbsp;&nbsp;&nbsp;&nbsp;&nbsp;&nbsp;&nbsp;&nbsp;&nbsp;&nbsp;&nbsp;&nbsp;&nbsp;&nbsp;&nbsp;&nbsp;&nbsp;&nbsp;&nbsp;&nbsp;&nbsp;&nbsp;&nbsp;&nbsp;&nbsp;&nbsp;&nbsp;&nbsp;&nbsp;&nbsp;&nbsp; <\/u>la varicela de peque\u00f1a? (tener)<\/p>\n<p>*Ayer mis amigos y yo<u> &nbsp;&nbsp;&nbsp;&nbsp;&nbsp;&nbsp;&nbsp;&nbsp;&nbsp;&nbsp;&nbsp;&nbsp;&nbsp;&nbsp;&nbsp;&nbsp;&nbsp;&nbsp;&nbsp;&nbsp;&nbsp;&nbsp;&nbsp;&nbsp;&nbsp;&nbsp;&nbsp;&nbsp;&nbsp;&nbsp;&nbsp;&nbsp;&nbsp;&nbsp;&nbsp;&nbsp;&nbsp;&nbsp;&nbsp;&nbsp;&nbsp;&nbsp;&nbsp;&nbsp;&nbsp;&nbsp;&nbsp;&nbsp;&nbsp;&nbsp;&nbsp; <\/u>jugando un partido (estar)<\/p>\n<p>*Elena y Andr\u00e9s<u> &nbsp;&nbsp;&nbsp;&nbsp;&nbsp;&nbsp;&nbsp;&nbsp;&nbsp;&nbsp;&nbsp;&nbsp;&nbsp;&nbsp;&nbsp;&nbsp;&nbsp;&nbsp;&nbsp;&nbsp;&nbsp;&nbsp;&nbsp;&nbsp;&nbsp;&nbsp;&nbsp;&nbsp;&nbsp;&nbsp;&nbsp;&nbsp;&nbsp;&nbsp;&nbsp;&nbsp;&nbsp;&nbsp;&nbsp;&nbsp;&nbsp; <\/u>casi veinte kil\u00f3metros de marcha. (andar)<\/p>\n<h2>&nbsp;<\/h2>\n<p>8.-Subraya los palabras terminadas en <strong>-ivo, -\u00a1va <\/strong>en estas oraciones y escribe una oraci\u00f3n con cada un de ellas.<\/p>\n<p>Sus peticiones son abusivas, pero no es motivo para enfadarte. Ha tenido que pasar un duro proceso selectivo.<\/p>\n<p>Los preparativos de la fiesta la han mantenido muy activa estos d\u00edas. Mi hermana es muy ahorrativa.<\/p>\n<p>Abusivas:<u> &nbsp;&nbsp;&nbsp;&nbsp;&nbsp;&nbsp;&nbsp;&nbsp;&nbsp;&nbsp;&nbsp;&nbsp;&nbsp;&nbsp;&nbsp;&nbsp;&nbsp;&nbsp;&nbsp;&nbsp;&nbsp;&nbsp;&nbsp;&nbsp;&nbsp;&nbsp;&nbsp;&nbsp;&nbsp;&nbsp;&nbsp;&nbsp;&nbsp;&nbsp;&nbsp;&nbsp;&nbsp;&nbsp;&nbsp;&nbsp;&nbsp;&nbsp;&nbsp;&nbsp;&nbsp;&nbsp;&nbsp;&nbsp;&nbsp;&nbsp;&nbsp;&nbsp;&nbsp;&nbsp;&nbsp;&nbsp;&nbsp;&nbsp;&nbsp;&nbsp;&nbsp;&nbsp;&nbsp;&nbsp;&nbsp;&nbsp;&nbsp;&nbsp;&nbsp;&nbsp;&nbsp;&nbsp;&nbsp;&nbsp;&nbsp;&nbsp;&nbsp;&nbsp;&nbsp;&nbsp;&nbsp;&nbsp;&nbsp;&nbsp;&nbsp;&nbsp;&nbsp;&nbsp;&nbsp;&nbsp;&nbsp;&nbsp;&nbsp;&nbsp;&nbsp;&nbsp;&nbsp;&nbsp;&nbsp;&nbsp;&nbsp;&nbsp;&nbsp;&nbsp;&nbsp;&nbsp;&nbsp;&nbsp;&nbsp;&nbsp;&nbsp;&nbsp;&nbsp;&nbsp;&nbsp;&nbsp;&nbsp;&nbsp;&nbsp;&nbsp;&nbsp;&nbsp;&nbsp;&nbsp;&nbsp;&nbsp;&nbsp;&nbsp;&nbsp;&nbsp;&nbsp;&nbsp;&nbsp;&nbsp;&nbsp;&nbsp;&nbsp;&nbsp;&nbsp;&nbsp;&nbsp;&nbsp;&nbsp; <\/u><\/p>\n<p>&nbsp;<\/p>\n<p>&nbsp;<\/p>\n<p>9.- Escribe <strong>b o v<\/strong>, seg\u00fan corresponda, en las siguientes palabras:<\/p>\n<p>&nbsp;<\/p>\n<table>\n<tbody>\n<tr>\n<td width=\"87\">o<u> &nbsp;&nbsp;&nbsp;&nbsp; <\/u>tener anda<u> &nbsp;&nbsp;&nbsp;&nbsp; <\/u>a<\/p>\n<p>con<u> &nbsp;&nbsp;&nbsp;&nbsp; <\/u>ento<\/td>\n<td width=\"125\">inesta<u> &nbsp;&nbsp;&nbsp;&nbsp; <\/u>le e<u> &nbsp;&nbsp;&nbsp;&nbsp; <\/u>itar<\/p>\n<p>vaga<u> &nbsp;&nbsp;&nbsp;&nbsp; <\/u>undo<\/td>\n<td width=\"116\">ad<u> &nbsp;&nbsp;&nbsp;&nbsp; <\/u>irtieron resol<u> &nbsp;&nbsp;&nbsp;&nbsp;&nbsp; <\/u>er<\/p>\n<p>a iaci\u00f3n<\/td>\n<td width=\"98\">ro<u> &nbsp;&nbsp;&nbsp;&nbsp;&nbsp; <\/u>ar preser<u> &nbsp;&nbsp;&nbsp;&nbsp;&nbsp; <\/u>ar<\/p>\n<p>s\u00edla<u> &nbsp;&nbsp;&nbsp;&nbsp; <\/u>a<\/td>\n<td colspan=\"2\" width=\"108\">po<u> &nbsp;&nbsp;&nbsp;&nbsp; <\/u>re a<u> &nbsp;&nbsp;&nbsp;&nbsp; <\/u>uela<\/p>\n<p>carn\u00ed<u> &nbsp;&nbsp;&nbsp;&nbsp; <\/u>oro<\/td>\n<td width=\"104\">mantu<u> &nbsp;&nbsp;&nbsp;&nbsp;&nbsp; <\/u>o am<u> &nbsp;&nbsp;&nbsp;&nbsp;&nbsp;&nbsp;&nbsp;&nbsp;&nbsp;&nbsp; <\/u>ulancia<\/p>\n<p>gra<u> &nbsp;&nbsp;&nbsp;&nbsp;&nbsp; <\/u>e<\/td>\n<\/tr>\n<tr>\n<td colspan=\"7\" width=\"638\">10.-Completa las formas de pret\u00e9rito imperfecto de los siguientes verbos<\/td>\n<\/tr>\n<tr>\n<td width=\"87\">&nbsp;<\/p>\n<p>Yo<\/td>\n<td width=\"125\"><strong>ESTAR<\/strong><\/p>\n<p><u>&nbsp;&nbsp;&nbsp;&nbsp;&nbsp;&nbsp;&nbsp; Estaba&nbsp;&nbsp;&nbsp;&nbsp;&nbsp;&nbsp;&nbsp; <\/u><\/td>\n<td width=\"116\"><strong>IR<\/strong><\/p>\n<p><u>&nbsp;&nbsp;&nbsp;&nbsp;&nbsp;&nbsp;&nbsp;&nbsp;&nbsp;&nbsp;&nbsp;&nbsp;&nbsp;&nbsp;&nbsp;&nbsp;&nbsp;&nbsp;&nbsp;&nbsp;&nbsp;&nbsp;&nbsp;&nbsp;&nbsp; <\/u><\/td>\n<td colspan=\"2\" width=\"130\"><strong>LLEVAR<\/strong><\/p>\n<p><u>&nbsp;&nbsp;&nbsp;&nbsp;&nbsp;&nbsp;&nbsp;&nbsp;&nbsp;&nbsp;&nbsp;&nbsp;&nbsp;&nbsp;&nbsp;&nbsp;&nbsp;&nbsp;&nbsp;&nbsp;&nbsp;&nbsp;&nbsp;&nbsp;&nbsp; <\/u><\/td>\n<td colspan=\"2\" width=\"180\"><strong>ACABAR<\/strong><\/p>\n<p><u>&nbsp;&nbsp;&nbsp;&nbsp;&nbsp;&nbsp;&nbsp;&nbsp;&nbsp;&nbsp;&nbsp;&nbsp;&nbsp;&nbsp;&nbsp;&nbsp;&nbsp;&nbsp;&nbsp;&nbsp;&nbsp;&nbsp;&nbsp;&nbsp;&nbsp;&nbsp;&nbsp; <\/u><\/td>\n<\/tr>\n<tr>\n<td width=\"87\">T\u00fa<\/td>\n<td width=\"125\"><u>&nbsp;&nbsp;&nbsp;&nbsp;&nbsp;&nbsp;&nbsp;&nbsp;&nbsp;&nbsp;&nbsp;&nbsp;&nbsp;&nbsp;&nbsp;&nbsp;&nbsp;&nbsp;&nbsp;&nbsp;&nbsp;&nbsp;&nbsp;&nbsp;&nbsp; <\/u><\/td>\n<td width=\"116\"><u>&nbsp;&nbsp;&nbsp;&nbsp;&nbsp;&nbsp;&nbsp;&nbsp; Ibas&nbsp;&nbsp;&nbsp;&nbsp;&nbsp;&nbsp;&nbsp;&nbsp; <\/u><\/td>\n<td colspan=\"2\" width=\"130\"><u>&nbsp;&nbsp;&nbsp;&nbsp;&nbsp;&nbsp;&nbsp;&nbsp;&nbsp;&nbsp;&nbsp;&nbsp;&nbsp;&nbsp;&nbsp;&nbsp;&nbsp;&nbsp;&nbsp;&nbsp;&nbsp;&nbsp;&nbsp;&nbsp;&nbsp; <\/u><\/td>\n<td colspan=\"2\" width=\"180\"><u>&nbsp;&nbsp;&nbsp;&nbsp;&nbsp;&nbsp;&nbsp;&nbsp;&nbsp;&nbsp;&nbsp;&nbsp;&nbsp;&nbsp;&nbsp;&nbsp;&nbsp;&nbsp;&nbsp;&nbsp;&nbsp;&nbsp;&nbsp;&nbsp;&nbsp;&nbsp;&nbsp; <\/u><\/td>\n<\/tr>\n<tr>\n<td width=\"87\">\u00c9l<\/td>\n<td width=\"125\"><u>&nbsp;&nbsp;&nbsp;&nbsp;&nbsp;&nbsp;&nbsp;&nbsp;&nbsp;&nbsp;&nbsp;&nbsp;&nbsp;&nbsp;&nbsp;&nbsp;&nbsp;&nbsp;&nbsp;&nbsp;&nbsp;&nbsp;&nbsp;&nbsp;&nbsp; <\/u><\/td>\n<td width=\"116\"><u>&nbsp;&nbsp;&nbsp;&nbsp;&nbsp;&nbsp;&nbsp;&nbsp;&nbsp;&nbsp;&nbsp;&nbsp;&nbsp;&nbsp;&nbsp;&nbsp;&nbsp;&nbsp;&nbsp;&nbsp;&nbsp;&nbsp;&nbsp;&nbsp;&nbsp; <\/u><\/td>\n<td colspan=\"2\" width=\"130\"><u>&nbsp;&nbsp;&nbsp;&nbsp;&nbsp;&nbsp; Llevaba&nbsp;&nbsp;&nbsp;&nbsp;&nbsp;&nbsp; <\/u><\/td>\n<td colspan=\"2\" width=\"180\"><u>&nbsp;&nbsp;&nbsp;&nbsp;&nbsp;&nbsp;&nbsp;&nbsp;&nbsp;&nbsp;&nbsp;&nbsp;&nbsp;&nbsp;&nbsp;&nbsp;&nbsp;&nbsp;&nbsp;&nbsp;&nbsp;&nbsp;&nbsp;&nbsp;&nbsp;&nbsp;&nbsp; <\/u><\/td>\n<\/tr>\n<tr>\n<td width=\"87\">nosotros<\/td>\n<td width=\"125\"><u>&nbsp;&nbsp;&nbsp;&nbsp;&nbsp;&nbsp;&nbsp;&nbsp;&nbsp;&nbsp;&nbsp;&nbsp;&nbsp;&nbsp;&nbsp;&nbsp;&nbsp;&nbsp;&nbsp;&nbsp;&nbsp;&nbsp;&nbsp;&nbsp;&nbsp; <\/u><\/td>\n<td width=\"116\"><u>&nbsp;&nbsp;&nbsp;&nbsp;&nbsp;&nbsp;&nbsp;&nbsp;&nbsp;&nbsp;&nbsp;&nbsp;&nbsp;&nbsp;&nbsp;&nbsp;&nbsp;&nbsp;&nbsp;&nbsp;&nbsp;&nbsp;&nbsp;&nbsp;&nbsp; <\/u><\/td>\n<td colspan=\"2\" width=\"130\"><u>&nbsp;&nbsp;&nbsp;&nbsp;&nbsp;&nbsp;&nbsp;&nbsp;&nbsp;&nbsp;&nbsp;&nbsp;&nbsp;&nbsp;&nbsp;&nbsp;&nbsp;&nbsp;&nbsp;&nbsp;&nbsp;&nbsp;&nbsp;&nbsp;&nbsp; <\/u><\/td>\n<td colspan=\"2\" width=\"180\"><u>&nbsp;&nbsp;&nbsp;&nbsp; acab\u00e1bamos&nbsp;&nbsp;&nbsp;&nbsp; <\/u><\/td>\n<\/tr>\n<tr>\n<td width=\"87\">Vosotros<\/td>\n<td width=\"125\"><u>&nbsp;&nbsp;&nbsp;&nbsp;&nbsp;&nbsp;&nbsp;&nbsp;&nbsp;&nbsp;&nbsp;&nbsp;&nbsp;&nbsp;&nbsp;&nbsp;&nbsp;&nbsp;&nbsp;&nbsp;&nbsp;&nbsp;&nbsp;&nbsp;&nbsp; <\/u><\/td>\n<td width=\"116\"><u>&nbsp;&nbsp;&nbsp;&nbsp;&nbsp;&nbsp;&nbsp;&nbsp;&nbsp;&nbsp;&nbsp;&nbsp;&nbsp;&nbsp;&nbsp;&nbsp;&nbsp;&nbsp;&nbsp;&nbsp;&nbsp;&nbsp;&nbsp;&nbsp;&nbsp; <\/u><\/td>\n<td colspan=\"2\" width=\"130\"><u>&nbsp;&nbsp;&nbsp;&nbsp;&nbsp;&nbsp;&nbsp;&nbsp;&nbsp;&nbsp;&nbsp;&nbsp;&nbsp;&nbsp;&nbsp;&nbsp;&nbsp;&nbsp;&nbsp;&nbsp;&nbsp;&nbsp;&nbsp;&nbsp;&nbsp; <\/u><\/td>\n<td colspan=\"2\" width=\"180\"><u>&nbsp;&nbsp;&nbsp;&nbsp;&nbsp;&nbsp;&nbsp;&nbsp;&nbsp;&nbsp;&nbsp;&nbsp;&nbsp;&nbsp;&nbsp;&nbsp;&nbsp;&nbsp;&nbsp;&nbsp;&nbsp;&nbsp;&nbsp;&nbsp;&nbsp;&nbsp;&nbsp; <\/u><\/td>\n<\/tr>\n<tr>\n<td width=\"87\">ellos<\/td>\n<td width=\"125\"><u>&nbsp;&nbsp;&nbsp;&nbsp;&nbsp;&nbsp;&nbsp;&nbsp;&nbsp;&nbsp;&nbsp;&nbsp;&nbsp;&nbsp;&nbsp;&nbsp;&nbsp;&nbsp;&nbsp;&nbsp;&nbsp;&nbsp;&nbsp;&nbsp;&nbsp; <\/u><\/td>\n<td width=\"116\"><u>&nbsp;&nbsp;&nbsp;&nbsp;&nbsp;&nbsp;&nbsp;&nbsp;&nbsp;&nbsp;&nbsp;&nbsp;&nbsp;&nbsp;&nbsp;&nbsp;&nbsp;&nbsp;&nbsp;&nbsp;&nbsp;&nbsp;&nbsp;&nbsp;&nbsp; <\/u><\/td>\n<td colspan=\"2\" width=\"130\"><u>&nbsp;&nbsp;&nbsp;&nbsp;&nbsp;&nbsp;&nbsp;&nbsp;&nbsp;&nbsp;&nbsp;&nbsp;&nbsp;&nbsp;&nbsp;&nbsp;&nbsp;&nbsp;&nbsp;&nbsp;&nbsp;&nbsp;&nbsp;&nbsp;&nbsp; <\/u><\/td>\n<td colspan=\"2\" width=\"180\"><u>&nbsp;&nbsp;&nbsp;&nbsp;&nbsp;&nbsp;&nbsp;&nbsp;&nbsp;&nbsp;&nbsp;&nbsp;&nbsp;&nbsp;&nbsp;&nbsp;&nbsp;&nbsp;&nbsp;&nbsp;&nbsp;&nbsp;&nbsp;&nbsp;&nbsp;&nbsp;&nbsp; <\/u><\/td>\n<\/tr>\n<tr>\n<td width=\"87\">&nbsp;<\/td>\n<td width=\"125\">&nbsp;<\/td>\n<td width=\"116\">&nbsp;<\/td>\n<td width=\"98\">&nbsp;<\/td>\n<td width=\"35\">&nbsp;<\/td>\n<td width=\"77\">&nbsp;<\/td>\n<td width=\"104\">&nbsp;<\/td>\n<\/tr>\n<\/tbody>\n<\/table>\n<p>&nbsp;<\/p>\n<p>10.- Completa las formas de pret\u00e9rito perfecto simple de los siguientes verbos:<\/p>\n<table>\n<tbody>\n<tr>\n<td width=\"77\">&nbsp;<\/td>\n<td width=\"133\"><strong>ESTAR<\/strong><\/td>\n<td width=\"123\"><strong>ESCRIBIR<\/strong><\/td>\n<td width=\"123\"><strong>ANDAR<\/strong><\/td>\n<td width=\"125\"><strong>TENER<\/strong><\/td>\n<\/tr>\n<tr>\n<td width=\"77\">Yo<\/td>\n<td width=\"133\"><u>&nbsp;&nbsp;&nbsp;&nbsp;&nbsp;&nbsp;&nbsp; Estuve&nbsp;&nbsp;&nbsp;&nbsp;&nbsp;&nbsp;&nbsp; <\/u><\/td>\n<td width=\"123\"><u>&nbsp;&nbsp;&nbsp;&nbsp;&nbsp;&nbsp;&nbsp;&nbsp;&nbsp;&nbsp;&nbsp;&nbsp;&nbsp;&nbsp;&nbsp;&nbsp;&nbsp;&nbsp;&nbsp;&nbsp;&nbsp;&nbsp;&nbsp;&nbsp;&nbsp; <\/u><\/td>\n<td width=\"123\"><u>&nbsp;&nbsp;&nbsp;&nbsp;&nbsp;&nbsp;&nbsp;&nbsp;&nbsp;&nbsp;&nbsp;&nbsp;&nbsp;&nbsp;&nbsp;&nbsp;&nbsp;&nbsp;&nbsp;&nbsp;&nbsp;&nbsp;&nbsp;&nbsp;&nbsp; <\/u><\/td>\n<td width=\"125\"><u>&nbsp;&nbsp;&nbsp;&nbsp;&nbsp;&nbsp;&nbsp;&nbsp;&nbsp;&nbsp;&nbsp;&nbsp;&nbsp;&nbsp;&nbsp;&nbsp;&nbsp;&nbsp;&nbsp;&nbsp;&nbsp;&nbsp;&nbsp;&nbsp;&nbsp;&nbsp;&nbsp; <\/u><\/td>\n<\/tr>\n<tr>\n<td width=\"77\">T\u00fa<\/td>\n<td width=\"133\"><u>&nbsp;&nbsp;&nbsp;&nbsp;&nbsp;&nbsp;&nbsp;&nbsp;&nbsp;&nbsp;&nbsp;&nbsp;&nbsp;&nbsp;&nbsp;&nbsp;&nbsp;&nbsp;&nbsp;&nbsp;&nbsp;&nbsp;&nbsp;&nbsp;&nbsp; <\/u><\/td>\n<td width=\"123\"><u>&nbsp;&nbsp;&nbsp;&nbsp; escribiste&nbsp;&nbsp;&nbsp;&nbsp; <\/u><\/td>\n<td width=\"123\"><u>&nbsp;&nbsp;&nbsp;&nbsp;&nbsp;&nbsp;&nbsp;&nbsp;&nbsp;&nbsp;&nbsp;&nbsp;&nbsp;&nbsp;&nbsp;&nbsp;&nbsp;&nbsp;&nbsp;&nbsp;&nbsp;&nbsp;&nbsp;&nbsp;&nbsp; <\/u><\/td>\n<td width=\"125\"><u>&nbsp;&nbsp;&nbsp;&nbsp;&nbsp;&nbsp;&nbsp;&nbsp;&nbsp;&nbsp;&nbsp;&nbsp;&nbsp;&nbsp;&nbsp;&nbsp;&nbsp;&nbsp;&nbsp;&nbsp;&nbsp;&nbsp;&nbsp;&nbsp;&nbsp;&nbsp;&nbsp; <\/u><\/td>\n<\/tr>\n<tr>\n<td width=\"77\">\u00c9l<\/td>\n<td width=\"133\"><u>&nbsp;&nbsp;&nbsp;&nbsp;&nbsp;&nbsp;&nbsp;&nbsp;&nbsp;&nbsp;&nbsp;&nbsp;&nbsp;&nbsp;&nbsp;&nbsp;&nbsp;&nbsp;&nbsp;&nbsp;&nbsp;&nbsp;&nbsp;&nbsp;&nbsp; <\/u><\/td>\n<td width=\"123\"><u>&nbsp;&nbsp;&nbsp;&nbsp;&nbsp;&nbsp;&nbsp;&nbsp;&nbsp;&nbsp;&nbsp;&nbsp;&nbsp;&nbsp;&nbsp;&nbsp;&nbsp;&nbsp;&nbsp;&nbsp;&nbsp;&nbsp;&nbsp;&nbsp;&nbsp; <\/u><\/td>\n<td width=\"123\"><u>&nbsp;&nbsp;&nbsp;&nbsp;&nbsp;&nbsp;&nbsp; anduvo&nbsp;&nbsp;&nbsp;&nbsp;&nbsp;&nbsp;&nbsp; <\/u><\/td>\n<td width=\"125\"><u>&nbsp;&nbsp;&nbsp;&nbsp;&nbsp;&nbsp;&nbsp;&nbsp;&nbsp;&nbsp;&nbsp;&nbsp;&nbsp;&nbsp;&nbsp;&nbsp;&nbsp;&nbsp;&nbsp;&nbsp;&nbsp;&nbsp;&nbsp;&nbsp;&nbsp;&nbsp;&nbsp; <\/u><\/td>\n<\/tr>\n<tr>\n<td width=\"77\">nosotros<\/td>\n<td width=\"133\"><u>&nbsp;&nbsp;&nbsp;&nbsp;&nbsp;&nbsp;&nbsp;&nbsp;&nbsp;&nbsp;&nbsp;&nbsp;&nbsp;&nbsp;&nbsp;&nbsp;&nbsp;&nbsp;&nbsp;&nbsp;&nbsp;&nbsp;&nbsp;&nbsp;&nbsp; <\/u><\/td>\n<td width=\"123\"><u>&nbsp;&nbsp;&nbsp;&nbsp;&nbsp;&nbsp;&nbsp;&nbsp;&nbsp;&nbsp;&nbsp;&nbsp;&nbsp;&nbsp;&nbsp;&nbsp;&nbsp;&nbsp;&nbsp;&nbsp;&nbsp;&nbsp;&nbsp;&nbsp;&nbsp; <\/u><\/td>\n<td width=\"123\"><u>&nbsp;&nbsp;&nbsp;&nbsp;&nbsp;&nbsp;&nbsp;&nbsp;&nbsp;&nbsp;&nbsp;&nbsp;&nbsp;&nbsp;&nbsp;&nbsp;&nbsp;&nbsp;&nbsp;&nbsp;&nbsp;&nbsp;&nbsp;&nbsp;&nbsp; <\/u><\/td>\n<td width=\"125\"><u>&nbsp;&nbsp;&nbsp;&nbsp;&nbsp;&nbsp;&nbsp;&nbsp;&nbsp;&nbsp;&nbsp;&nbsp;&nbsp;&nbsp;&nbsp;&nbsp;&nbsp;&nbsp;&nbsp;&nbsp;&nbsp;&nbsp;&nbsp;&nbsp;&nbsp;&nbsp;&nbsp; <\/u><\/td>\n<\/tr>\n<\/tbody>\n<\/table>\n<h1><span style=\"color: #ff00ff\">1\u00ba y 2\u00ba ESO<\/span><\/h1>\n<p>&nbsp;<\/p>\n<h2 style=\"text-align: center\"><strong>Habitantes del oc\u00e9ano<\/strong><\/h2>\n<p>La luz solar penetra unos cien metros bajo la superficie del mar. Las plantas marinas solo pueden vivir en esta capa superficial, pues necesitan la energ\u00eda solar para producir su alimento. Muchos animales tambi\u00e9n viven y se alimentan all\u00ed.<\/p>\n<p>Las plantas y animales diminutos que flotan en la superficie de los oc\u00e9anos forman el plancton. Las plantas son el fitoplancton y los animales el zooplancton. El fitoplancton es la base de la vida en los oc\u00e9anos, alimento de peque\u00f1os animales, ingeridos a su vez por otros mayores.<\/p>\n<p>El fitoplancton a menudo tiene formas sorprendentes. Como cualquier otra planta, produce su alimento por fotos\u00edntesis. Toma sustancias como el anh\u00eddrido carb\u00f3nico y los minerales del mar.<\/p>\n<p>Muchos animales, como la estrella de mar, ponen miles de huevos. Al salir del huevo, las larvas se alimentan de plancton. Muchas mueren antes de poder poner huevos.<\/p>\n<p>Muchas criaturas marinas criban el plancton del agua mediante partes especiales de su cuerpo. Esto se llama alimentaci\u00f3n por filtrado. Es el caso de las ballenas barbadas, que engullen tragos de agua rica en plancton. Cuando la expulsan, unas l\u00e1minas c\u00f3rneas llamadas barbas la filtran y retienen peque\u00f1os animales que forman parte del plancton.<\/p>\n<p>Peces de distintos tama\u00f1os, desde el tibur\u00f3n ballena hasta el boquer\u00f3n, tienen peque\u00f1os huesos llamados rastrillos branquiales adheridos a sus branquias. Estos filtran el alimento del agua mientras el pez respira.<\/p>\n<p>Colvin y E. Speare, <em>Enciclopedia de la Naturaleza<\/em>. Ed. Susaeta.<\/p>\n<p>&nbsp;<\/p>\n<p>&nbsp;<\/p>\n<ol>\n<li>Escribe la idea m\u00e1s importante que aparece en cada p\u00e1rrafo.<\/li>\n<\/ol>\n<p>&nbsp;<\/p>\n<ol start=\"2\">\n<li>Explica por qu\u00e9 las plantas marinas no pueden vivir a m\u00e1s de cien metros de profundidad.<\/li>\n<\/ol>\n<p>&nbsp;<\/p>\n<p>&nbsp;<\/p>\n<p>&nbsp;<\/p>\n<p>&nbsp;<\/p>\n<p>&nbsp;<\/p>\n<p>&nbsp;<\/p>\n<p>&nbsp;<\/p>\n<p>&nbsp;<\/p>\n<ol start=\"3\">\n<li>Completa las siguientes frases con la informaci\u00f3n del texto:<\/li>\n<\/ol>\n<p>&nbsp;<\/p>\n<p>La base de la vida en los oc\u00e9anos es el que consiste en<\/p>\n<p>A los animales diminutos del plancton se les llama<\/p>\n<p>&nbsp;<\/p>\n<p>&nbsp;<\/p>\n<ol start=\"4\">\n<li>\u00bfEn qu\u00e9 consiste la alimentaci\u00f3n por filtrado? \u00bfQu\u00e9 partes del cuerpo utilizan las ballenas barbadas para el filtrado? \u00bfY los boquerones?<\/li>\n<\/ol>\n<p>&nbsp;<\/p>\n<p>&nbsp;<\/p>\n<p>&nbsp;<\/p>\n<p>&nbsp;<\/p>\n<p>&nbsp;<\/p>\n<p>&nbsp;<\/p>\n<p>&nbsp;<\/p>\n<p>&nbsp;<\/p>\n<p>&nbsp;<\/p>\n<p>&nbsp;<\/p>\n<p>&nbsp;<\/p>\n<p>&nbsp;<\/p>\n<p>&nbsp;<\/p>\n<ol start=\"5\">\n<li>Explica la diferencia entre el zooplancton y el filoplancton.<\/li>\n<\/ol>\n<p>&nbsp;<\/p>\n<p>&nbsp;<\/p>\n<p>&nbsp;<\/p>\n<p>&nbsp;<\/p>\n<p>&nbsp;<\/p>\n<p>&nbsp;<\/p>\n<p>&nbsp;<\/p>\n<p>&nbsp;<\/p>\n<p>&nbsp;<\/p>\n<p>&nbsp;<\/p>\n<ol start=\"6\">\n<li>\u00bfCu\u00e1l crees que es el tema general que se trata en el texto?<\/li>\n<\/ol>\n<p>&nbsp;<\/p>\n<p>&nbsp;<\/p>\n<h2>&nbsp;<\/h2>\n<h2>&nbsp;<\/h2>\n<h2 style=\"text-align: center\"><span style=\"color: #3366ff\">COMPENSATORIA<\/span><\/h2>\n<h3 style=\"text-align: center\"><span style=\"color: #0000ff\">SEMANA DEL 20 AL 24 DE ABRIL<\/span><\/h3>\n<p>&nbsp;<\/p>\n<h3>Hola chic@s.<\/h3>\n<h3>&nbsp;Comenzamos una nueva semana, el jueves 23 de abril celebraremos el d\u00eda del libro.<\/h3>\n<h4>\u00bfPor qu\u00e9 se celebra el 23 de abril el d\u00eda del libro?<\/h4>\n<h4>El origen del d\u00eda del libro se remonta a 1926. El 23 de abril fallec\u00edan Cervantes, Shaskespeare e Inca Garcilaso de la Vega.<\/h4>\n<h3>Vamos a centrar nuestro trabajo en esta conmemoraci\u00f3n.<\/h3>\n<p>&nbsp;<\/p>\n<p><strong>INSTRUCCIONES PARA ENVIARME LOS EJERCICIOS O CONSULTAR CUALQUIER DUDA<\/strong><\/p>\n<p>Copia los ejercicios en la libreta, cuando lo hayas hecho le haces una foto a la hoja con el m\u00f3vil, te vas a galer\u00eda del m\u00f3vil,&nbsp; le das a compartir y lo env\u00edas al correo: compensatoria20@gmail.com&nbsp; &nbsp; yo los corregir\u00e9 y te los env\u00edo.<\/p>\n<p>Gracias.<\/p>\n<h1><span style=\"color: #339966\">1\u00ba CICLO<\/span>&nbsp;<\/h1>\n<p><a href=\"https:\/\/blogsaverroes.juntadeandalucia.es\/ceiparteroperez\/files\/2020\/04\/don-qui.jpg\"><img loading=\"lazy\" decoding=\"async\" class=\" wp-image-3253 aligncenter\" src=\"https:\/\/blogsaverroes.juntadeandalucia.es\/ceiparteroperez\/files\/2020\/04\/don-qui-300x169.jpg\" alt=\"\" width=\"436\" height=\"245\"><\/a><\/p>\n<p>&nbsp;<\/p>\n<p>&nbsp;<\/p>\n<h4><em>Esta historia pas\u00f3 hace muchos, muchos a\u00f1os, \u00a1m\u00e1s de cuatrocientos!, en una aldea de La Mancha. All\u00ed viv\u00eda un caballero que se llamaba Alonso Quijano. Cuando empez\u00f3 todo, tendr\u00eda unos cincuenta a\u00f1os. Era fuerte, alto y muy delgado.<\/em><\/h4>\n<h4>Le gustaba levantarse pronto e ir a cazar. Pero \u00bfsabes lo que m\u00e1s le gustaba hacer? \u00a1Leer! Se pasaba el d\u00eda leyendo libros y m\u00e1s libros. \u00bfY qu\u00e9 libros le\u00eda? Libros de caballer\u00edas. \u00bfQuieres saber qu\u00e9 cuentan esos libros? Pues aventuras fant\u00e1sticas de caballeros andantes<\/h4>\n<h4>\u00bfY qu\u00e9 hacen esos caballeros? Andan por el mundo luchando contra gigantes y ganando batallas a gente mala. Siempre ayudan a los buenos.<\/h4>\n<h4>&nbsp;<\/h4>\n<p><strong><span style=\"text-decoration: underline\">Contesta:<\/span><\/strong><\/p>\n<h4>-\u00bfD\u00f3nde ocurre esta historia?<\/h4>\n<h4>-\u00bfC\u00f3mo se llamaba el caballero?<\/h4>\n<h4>-Escribe c\u00f3mo era ese caballero.<\/h4>\n<h4>-\u00bfQu\u00e9 es lo que m\u00e1s le gustaba hacer?<\/h4>\n<h4>-\u00bfCu\u00e1les eran sus libros favoritos?<\/h4>\n<h4>-\u00bfQu\u00e9 cuentan los libros de caballer\u00edas?<\/h4>\n<h4>-Busca en la lectura :<\/h4>\n<h4>-Tres palabras que empiecen por h.<\/h4>\n<h4>-Una&nbsp; pregunta y c\u00f3piala.<\/h4>\n<h4>-Las palabras contrarias a estas:<\/h4>\n<h4>Termin\u00f3&nbsp;&nbsp;&nbsp;&nbsp;&nbsp;&nbsp;&nbsp;&nbsp;&nbsp;&nbsp;&nbsp;&nbsp;&nbsp;&nbsp;&nbsp;&nbsp;&nbsp;&nbsp;&nbsp;&nbsp;&nbsp; gordo&nbsp;&nbsp;&nbsp;&nbsp;&nbsp;&nbsp;&nbsp;&nbsp;&nbsp;&nbsp;&nbsp;&nbsp;&nbsp;&nbsp;&nbsp;&nbsp; bajo<\/h4>\n<h4>&nbsp;<\/h4>\n<h1><span style=\"color: #0000ff\">2\u00ba CICLO<\/span><\/h1>\n<p>&nbsp;<\/p>\n<p><img loading=\"lazy\" decoding=\"async\" class=\"aligncenter\" src=\"https:\/\/www.educaciontrespuntocero.com\/wp-content\/uploads\/2015\/01\/Don-Quijote1.jpg\" alt=\"Recursos para acercar Don Quijote a los alumnos\" width=\"424\" height=\"364\"><\/p>\n<p>&nbsp;<\/p>\n<h2>C\u00d3MO SER CABALLERO ANDANTE<\/h2>\n<p>\u00bfQu\u00e9 necesitaba para ser caballero andante? Si ten\u00eda que luchar, necesitaba armas. Busc\u00f3 por casa y encontr\u00f3 unas viejas que hab\u00edan sido de sus bisabuelos. All\u00ed hab\u00eda una lanza y una armadura, oxidadas. Tuvo que limpiarlas mucho para poder pon\u00e9rselas. \u00bfQu\u00e9 m\u00e1s necesitaba? Para ser caballero, necesitaba\u2026 \u00a1un caballo! Ya ten\u00eda uno, viejo y flaco. Pero los caballos de los caballeros andantes siempre ten\u00edan nombre, y el suyo no lo ten\u00eda. Se pas\u00f3 cuatro d\u00edas pensando c\u00f3mo lo llamar\u00eda. Al final lo encontr\u00f3: \u00a1Rocinante!<\/p>\n<p>Tambi\u00e9n \u00e9l ten\u00eda que ponerse un nombre de caballero andante, porque no pod\u00eda salir a vivir aventuras con un nombre como el suyo. Le cost\u00f3 ocho d\u00edas encontrarlo. Se llamar\u00eda \u00abdon Quijote de la Mancha\u00bb. Lo de Quijote fue porque se parec\u00eda a su apellido, Quijano. Y lo \u00abde la Mancha\u00bb porque era de La Mancha.<\/p>\n<p>&nbsp;<\/p>\n<h3><strong>Contesta.<\/strong><\/h3>\n<p>\u00bfQu\u00e9 necesitaba don Quijote para ser un caballero andante?<\/p>\n<p>\u00bfA qui\u00e9nes pertenecieron las armas que encontr\u00f3?<\/p>\n<p>\u00bfC\u00f3mo estaban las armas?<\/p>\n<p>\u00bfQui\u00e9n era Rocinante?<\/p>\n<p>\u00bfQu\u00e9 nombre se puso para ser un caballero andante?<\/p>\n<p>Busca en la lectura tres nombres comunes y tres propios.<\/p>\n<p>Busca en la lectura&nbsp; las palabras sin\u00f3nimas a estas:<\/p>\n<p>Hall\u00f3&nbsp;&nbsp;&nbsp;&nbsp;&nbsp;&nbsp;&nbsp;&nbsp;&nbsp;&nbsp;&nbsp;&nbsp;&nbsp;&nbsp;&nbsp;&nbsp;&nbsp;&nbsp;&nbsp;&nbsp;&nbsp;&nbsp;&nbsp; pose\u00eda&nbsp;&nbsp;&nbsp;&nbsp;&nbsp;&nbsp;&nbsp;&nbsp;&nbsp;&nbsp;&nbsp;&nbsp;&nbsp;&nbsp;&nbsp;&nbsp;&nbsp;&nbsp;&nbsp;&nbsp;&nbsp;&nbsp; meditando&nbsp;&nbsp;&nbsp;&nbsp;&nbsp;&nbsp;&nbsp;&nbsp;&nbsp;&nbsp;&nbsp;&nbsp;&nbsp;&nbsp;&nbsp;&nbsp; asemejaba<\/p>\n<p>&nbsp;<\/p>\n<p>Cuenta la historia con tus palabras.<\/p>\n<p>&nbsp;<\/p>\n<p>&nbsp;<\/p>\n<h1><span style=\"color: #ff0000\">3\u00ba CICLO<\/span><\/h1>\n<p><a href=\"https:\/\/blogsaverroes.juntadeandalucia.es\/ceiparteroperez\/files\/2020\/04\/DD.jpg\"><img loading=\"lazy\" decoding=\"async\" class=\" wp-image-3247 aligncenter\" src=\"https:\/\/blogsaverroes.juntadeandalucia.es\/ceiparteroperez\/files\/2020\/04\/DD-300x300.jpg\" alt=\"\" width=\"549\" height=\"548\"><\/a><\/p>\n<p>&nbsp;<\/p>\n<h3>Este es un fragmento del Quijote y habla don Quijote.<\/h3>\n<p><strong>Contesta:<\/strong><\/p>\n<p>\u00bfA qui\u00e9n se dirige Don Quijote?<\/p>\n<p>\u00bfCu\u00e1l considera el obst\u00e1culo m\u00e1s grande de nuestras vidas?<\/p>\n<p>\u00bfQui\u00e9n es nuestro mayor enemigo?<\/p>\n<p>\u00bfCu\u00e1l es la cosa m\u00e1s f\u00e1cil?<\/p>\n<p>\u00bfY las m\u00e1s destructivas?<\/p>\n<p>Escribe cu\u00e1les son las cosas m\u00e1s gratas.<\/p>\n<p>Explica el significado de estas palabras ( te puedes ayudar del diccionario o el buscador)<\/p>\n<p>Obst\u00e1culo<\/p>\n<p>Soberbia<\/p>\n<p>Desaliento.<\/p>\n<p>&nbsp;<\/p>\n<p>Explica brevemente lo que dice la lectura.<\/p>\n<p>&nbsp;<\/p>\n<h1><span style=\"color: #ff00ff\">1\u00ba y 2\u00ba ESO<\/span><\/h1>\n<p>&nbsp;<\/p>\n<h1 style=\"text-align: center\">Miguel de Cervantes Saavedra<\/h1>\n<p>&nbsp;<\/p>\n<p><a href=\"https:\/\/blogsaverroes.juntadeandalucia.es\/ceiparteroperez\/files\/2020\/04\/SSS.jpg\"><img loading=\"lazy\" decoding=\"async\" class=\"wp-image-3250 aligncenter\" src=\"https:\/\/blogsaverroes.juntadeandalucia.es\/ceiparteroperez\/files\/2020\/04\/SSS-300x225.jpg\" alt=\"\" width=\"335\" height=\"252\"><\/a><\/p>\n<p><strong>Contesta.<\/strong><\/p>\n<p>\u00bfQu\u00e9 es una biograf\u00eda?<\/p>\n<p>\u00bfD\u00f3nde naci\u00f3 Miguel de Cervantes?<\/p>\n<p>\u00bfEn qu\u00e9 siglo naci\u00f3?&nbsp;&nbsp;&nbsp;&nbsp;&nbsp;&nbsp;&nbsp;&nbsp;&nbsp;&nbsp;&nbsp;&nbsp;&nbsp;&nbsp;&nbsp;&nbsp;&nbsp;&nbsp;&nbsp;&nbsp;&nbsp;&nbsp;&nbsp;&nbsp;&nbsp;&nbsp;&nbsp;&nbsp;&nbsp;&nbsp;&nbsp;&nbsp;&nbsp;&nbsp;&nbsp;&nbsp;&nbsp;&nbsp;&nbsp;&nbsp;&nbsp;&nbsp;&nbsp;&nbsp;&nbsp;&nbsp;&nbsp;&nbsp;&nbsp;&nbsp;&nbsp;&nbsp;&nbsp;&nbsp;&nbsp;&nbsp;<\/p>\n<p>\u00bfPor qu\u00e9 lo llamaban \u201cel manco de Lepanto\u201d?<\/p>\n<p>\u00bfCu\u00e1l fue la primera novela que public\u00f3?<\/p>\n<p>\u00bfQu\u00e9 son las Novelas Ejemplares?<\/p>\n<p>\u00bfQu\u00e9 d\u00eda muri\u00f3 Miguel de Cervantes?<\/p>\n<p>Cu\u00e1ntos a\u00f1os vivi\u00f3 Cervantes?<\/p>\n<p>\u00bfPara qu\u00e9 se toma como referencia la fecha de la muerte de Cervantes?<\/p>\n<p>Escribe la biograf\u00eda de Cervantes.<\/p>\n<p>&nbsp;<\/p>\n<p>&nbsp;<\/p>\n<p><a href=\"https:\/\/blogsaverroes.juntadeandalucia.es\/ceiparteroperez\/files\/2020\/04\/D\u00eda-del-libro-2.jpg\"><img loading=\"lazy\" decoding=\"async\" class=\" wp-image-3354 aligncenter\" src=\"https:\/\/blogsaverroes.juntadeandalucia.es\/ceiparteroperez\/files\/2020\/04\/D\u00eda-del-libro-2.jpg\" alt=\"\" width=\"256\" height=\"360\"><\/a><\/p>\n<p>&nbsp;<\/p>\n<p>&nbsp;<\/p>\n<p>&nbsp;<\/p>\n<p>&nbsp;<\/p>\n<h3 style=\"text-align: center\"><span style=\"color: #3366ff\">SEMANA DEL 13&nbsp; AL 17 DE ABRIL<\/span><\/h3>\n<p>&nbsp;<\/p>\n<p>&nbsp;<\/p>\n<p>&nbsp;<\/p>\n<p>Hola chic@s.<\/p>\n<p>&nbsp;Deseo que hay\u00e1is pasado buenas vacaciones. Ahora seguimos trabajando.<\/p>\n<p><strong>INSTRUCCIONES PARA ENVIARME LOS EJERCICIOS O CONSULTAR CUALQUIER DUDA<\/strong><\/p>\n<p>Copia los ejercicios en la libreta, cuando lo hayas hecho le haces una foto a la hoja con el m\u00f3vil, te vas a galer\u00eda del m\u00f3vil,&nbsp; le das a compartir y lo env\u00edas al correo: compensatoria20@gmail.com&nbsp; &nbsp; yo los corregir\u00e9 y te los env\u00edo.<\/p>\n<p>Gracias.<\/p>\n<h6><a href=\"https:\/\/blogsaverroes.juntadeandalucia.es\/ceiparteroperez\/files\/2020\/04\/images.jpg\"><img loading=\"lazy\" decoding=\"async\" class=\"size-medium wp-image-3052 aligncenter\" src=\"https:\/\/blogsaverroes.juntadeandalucia.es\/ceiparteroperez\/files\/2020\/04\/images-300x168.jpg\" alt=\"\" width=\"300\" height=\"168\"><\/a><\/h6>\n<h1><span style=\"color: #339966\">1\u00ba CICLO<\/span><\/h1>\n<h6>&nbsp; &nbsp; &nbsp; &nbsp; &nbsp; &nbsp; &nbsp; &nbsp; &nbsp; &nbsp; &nbsp; &nbsp; &nbsp; &nbsp; &nbsp; &nbsp; &nbsp; &nbsp; &nbsp; &nbsp; &nbsp; &nbsp; &nbsp; &nbsp; &nbsp; &nbsp; &nbsp; &nbsp; &nbsp; &nbsp; &nbsp; &nbsp; &nbsp; &nbsp; &nbsp; &nbsp; &nbsp; &nbsp; &nbsp; &nbsp; &nbsp; &nbsp; &nbsp; &nbsp; &nbsp; &nbsp; &nbsp; &nbsp; &nbsp; &nbsp; &nbsp; &nbsp; &nbsp; &nbsp; &nbsp; &nbsp; &nbsp; &nbsp;<strong>&nbsp; &nbsp; &nbsp; &nbsp; &nbsp; &nbsp; &nbsp; &nbsp; &nbsp; &nbsp; &nbsp; &nbsp; &nbsp; &nbsp; &nbsp; &nbsp; &nbsp; &nbsp; &nbsp; &nbsp; &nbsp; &nbsp; &nbsp; &nbsp; &nbsp; &nbsp; &nbsp; &nbsp; &nbsp; &nbsp; &nbsp; &nbsp; &nbsp; &nbsp; &nbsp; &nbsp; &nbsp; &nbsp; &nbsp; &nbsp; &nbsp; &nbsp; &nbsp; &nbsp;<\/strong><\/h6>\n<p style=\"text-align: left\"><strong>Nombre:<\/strong><br \/>\n<strong>________________________________ Curso:_______<\/strong><br \/>\n<strong>A\u00f1o:_________ Mes:____________ D\u00eda mes:_____________<\/strong><br \/>\n<strong>D\u00eda de la semana:____________________<\/strong><\/p>\n<p>&nbsp;<\/p>\n<p style=\"text-align: left\"><strong>1. Lee atentamente este texto:<\/strong><\/p>\n<p style=\"text-align: left\"><strong>Alejandra es una ni\u00f1a que vive en una ciudad que se llama C\u00e1ceres. Tiene nueve a\u00f1os y es morena. Su comida favorita es la tortilla de patatas. Alejandra tiene un hermano que se llama Roberto. Sus padres son Gonzalo y Susana.<\/strong><\/p>\n<p style=\"text-align: left\"><strong>2. Completa:<\/strong><\/p>\n<p style=\"text-align: left\"><strong>o Alejandra tiene ____________ a\u00f1os.<\/strong><br \/>\n<strong>o La comida preferida de Alejandra es<\/strong><br \/>\n<strong>______________________________.<\/strong><br \/>\n<strong>o El pelo de Alejandra es _______________.<\/strong><br \/>\n<strong>o El hermano de Alejandra se llama ______________.<\/strong><br \/>\n<strong>o La madre se llama____________________.<\/strong><br \/>\n<strong>o El nombre del padre es_________________.<\/strong><br \/>\n<strong>o La ciudad de Alejandra es __<\/strong><\/p>\n<h6>&nbsp;<\/h6>\n<h4>2. Lee atentamente este texto:<\/h4>\n<h4>El abeto es un \u00e1rbol que suele vivir en lugares muy fr\u00edos. Vive junto a otros \u00e1rboles y forma bosques. En los abetos viven muchos animales: ardillas, p\u00e1jaros, hormigas,&#8230; Los abetos son muy altos y pueden vivir muchos a\u00f1os. Muchas veces viven en monta\u00f1as y en invierno se llenan de nieve.<\/h4>\n<h4>CONTESTA:<br \/>\no \u00bfD\u00f3nde viven los abetos?<br \/>\n____________________________<br \/>\no Nombra tres animales que vivan en un bosque de abetos<br \/>\n__________________________<br \/>\no \u00bfC\u00f3mo son los abetos?<br \/>\n__________________________<br \/>\no \u00bfQu\u00e9 es un bosque?<br \/>\n__________________________<br \/>\no \u00bfCu\u00e1ndo se cubren de nieve los abetos?<br \/>\n____________________________<br \/>\no Busca cuatro palabras de la lectura que lleven \u00bb b\u00bb y escr\u00edbelas.<br \/>\n____________________________<br \/>\no Busca en la lectura las expresiones contrarias de:<\/h4>\n<h4>\u00ablugares c\u00e1lidos\u00bb&nbsp; &nbsp; \u00ablos abetos son muy altos\u00bb<br \/>\n____________________________<\/h4>\n<h4>&nbsp;<\/h4>\n<h1><span style=\"color: #0000ff\">2\u00ba CICLO<\/span><\/h1>\n<h6><a href=\"https:\/\/blogsaverroes.juntadeandalucia.es\/ceiparteroperez\/files\/2020\/04\/TORTILLA1.jpg\"><img loading=\"lazy\" decoding=\"async\" class=\"alignnone size-medium wp-image-3022\" src=\"https:\/\/blogsaverroes.juntadeandalucia.es\/ceiparteroperez\/files\/2020\/04\/TORTILLA1-212x300.jpg\" alt=\"\" width=\"212\" height=\"300\"><\/a><a href=\"https:\/\/blogsaverroes.juntadeandalucia.es\/ceiparteroperez\/files\/2020\/04\/TORT-2.jpg\"><img loading=\"lazy\" decoding=\"async\" class=\"alignnone size-medium wp-image-3023\" src=\"https:\/\/blogsaverroes.juntadeandalucia.es\/ceiparteroperez\/files\/2020\/04\/TORT-2-212x300.jpg\" alt=\"\" width=\"212\" height=\"300\"><\/a><a href=\"https:\/\/blogsaverroes.juntadeandalucia.es\/ceiparteroperez\/files\/2020\/04\/tort-3.jpg\"><img loading=\"lazy\" decoding=\"async\" class=\"alignnone size-medium wp-image-3024\" src=\"https:\/\/blogsaverroes.juntadeandalucia.es\/ceiparteroperez\/files\/2020\/04\/tort-3-212x300.jpg\" alt=\"\" width=\"212\" height=\"300\"><\/a><a href=\"https:\/\/blogsaverroes.juntadeandalucia.es\/ceiparteroperez\/files\/2020\/04\/tort-4.jpg\"><img loading=\"lazy\" decoding=\"async\" class=\"alignnone size-medium wp-image-3025\" src=\"https:\/\/blogsaverroes.juntadeandalucia.es\/ceiparteroperez\/files\/2020\/04\/tort-4-212x300.jpg\" alt=\"\" width=\"212\" height=\"300\"><\/a><\/h6>\n<h6>&nbsp;<\/h6>\n<h1><span style=\"color: #ff6600\">3\u00ba CICLO<\/span><\/h1>\n<p><a href=\"https:\/\/blogsaverroes.juntadeandalucia.es\/ceiparteroperez\/files\/2020\/04\/d6cdfd342c0e41a8bd3fd4022621ef89-0.jpg\"><img loading=\"lazy\" decoding=\"async\" class=\"alignnone size-medium wp-image-3027\" src=\"https:\/\/blogsaverroes.juntadeandalucia.es\/ceiparteroperez\/files\/2020\/04\/d6cdfd342c0e41a8bd3fd4022621ef89-0-212x300.jpg\" alt=\"\" width=\"212\" height=\"300\"><\/a><a href=\"https:\/\/blogsaverroes.juntadeandalucia.es\/ceiparteroperez\/files\/2020\/04\/d6cdfd342c0e41a8bd3fd4022621ef89-1.jpg\"><img loading=\"lazy\" decoding=\"async\" class=\"alignnone size-medium wp-image-3028\" src=\"https:\/\/blogsaverroes.juntadeandalucia.es\/ceiparteroperez\/files\/2020\/04\/d6cdfd342c0e41a8bd3fd4022621ef89-1-212x300.jpg\" alt=\"\" width=\"212\" height=\"300\"><\/a><a href=\"https:\/\/blogsaverroes.juntadeandalucia.es\/ceiparteroperez\/files\/2020\/04\/d6cdfd342c0e41a8bd3fd4022621ef89-2.jpg\"><img loading=\"lazy\" decoding=\"async\" class=\"alignnone size-medium wp-image-3029\" src=\"https:\/\/blogsaverroes.juntadeandalucia.es\/ceiparteroperez\/files\/2020\/04\/d6cdfd342c0e41a8bd3fd4022621ef89-2-212x300.jpg\" alt=\"\" width=\"212\" height=\"300\"><\/a><a href=\"https:\/\/blogsaverroes.juntadeandalucia.es\/ceiparteroperez\/files\/2020\/04\/d6cdfd342c0e41a8bd3fd4022621ef89-3.jpg\"><img loading=\"lazy\" decoding=\"async\" class=\"alignnone size-medium wp-image-3032\" src=\"https:\/\/blogsaverroes.juntadeandalucia.es\/ceiparteroperez\/files\/2020\/04\/d6cdfd342c0e41a8bd3fd4022621ef89-3-212x300.jpg\" alt=\"\" width=\"212\" height=\"300\"><\/a><a href=\"https:\/\/blogsaverroes.juntadeandalucia.es\/ceiparteroperez\/files\/2020\/04\/d6cdfd342c0e41a8bd3fd4022621ef89-4.jpg\"><img loading=\"lazy\" decoding=\"async\" class=\"alignnone size-medium wp-image-3034\" src=\"https:\/\/blogsaverroes.juntadeandalucia.es\/ceiparteroperez\/files\/2020\/04\/d6cdfd342c0e41a8bd3fd4022621ef89-4-212x300.jpg\" alt=\"\" width=\"212\" height=\"300\"><\/a><a href=\"https:\/\/blogsaverroes.juntadeandalucia.es\/ceiparteroperez\/files\/2020\/04\/d6cdfd342c0e41a8bd3fd4022621ef89-5.jpg\"><img loading=\"lazy\" decoding=\"async\" class=\"alignnone size-medium wp-image-3035\" src=\"https:\/\/blogsaverroes.juntadeandalucia.es\/ceiparteroperez\/files\/2020\/04\/d6cdfd342c0e41a8bd3fd4022621ef89-5-212x300.jpg\" alt=\"\" width=\"212\" height=\"300\"><\/a><\/p>\n<h1><span style=\"color: #ff00ff\">1\u00ba Y 2\u00ba ESO<\/span><\/h1>\n<h6><a href=\"https:\/\/blogsaverroes.juntadeandalucia.es\/ceiparteroperez\/files\/2020\/04\/eso-1.jpg\"><img loading=\"lazy\" decoding=\"async\" class=\"alignnone size-medium wp-image-3040\" src=\"https:\/\/blogsaverroes.juntadeandalucia.es\/ceiparteroperez\/files\/2020\/04\/eso-1-216x300.jpg\" alt=\"\" width=\"216\" height=\"300\"><\/a><a href=\"https:\/\/blogsaverroes.juntadeandalucia.es\/ceiparteroperez\/files\/2020\/04\/eso2.jpg\"><img loading=\"lazy\" decoding=\"async\" class=\"alignnone size-medium wp-image-3041\" src=\"https:\/\/blogsaverroes.juntadeandalucia.es\/ceiparteroperez\/files\/2020\/04\/eso2-216x300.jpg\" alt=\"\" width=\"216\" height=\"300\"><\/a><a href=\"https:\/\/blogsaverroes.juntadeandalucia.es\/ceiparteroperez\/files\/2020\/04\/2-ESO-1.jpg\"><img loading=\"lazy\" decoding=\"async\" class=\"alignnone size-medium wp-image-3043\" src=\"https:\/\/blogsaverroes.juntadeandalucia.es\/ceiparteroperez\/files\/2020\/04\/2-ESO-1-216x300.jpg\" alt=\"\" width=\"216\" height=\"300\"><\/a><a href=\"https:\/\/blogsaverroes.juntadeandalucia.es\/ceiparteroperez\/files\/2020\/04\/ESO-22.jpg\"><img loading=\"lazy\" decoding=\"async\" class=\"alignnone size-medium wp-image-3044\" src=\"https:\/\/blogsaverroes.juntadeandalucia.es\/ceiparteroperez\/files\/2020\/04\/ESO-22-216x300.jpg\" alt=\"\" width=\"216\" height=\"300\"><\/a><\/h6>\n<h6 style=\"text-align: right\"><strong> &nbsp; MAR\u00cdA G\u00c1DOR RUIZ L\u00d3PEZ<\/strong><\/h6>\n<h1>&nbsp;<\/h1>\n<h1 style=\"text-align: center\">COMPENSATORIA<\/h1>\n<p>Hola chic@s.<\/p>\n<p>Sab\u00e9is que estamos viviendo unas circunstancias especiales y que pronto superaremos, mientras tanto debemos seguir trabajando, ahora a trav\u00e9s del blog.<\/p>\n<p>Voy a subir unas lecturas y actividades sobre las mismas por ciclos, eso lo har\u00e9 cada semana. Vosotros las vais haciendo y me las pod\u00e9is mandar a un correo que es: compensatoria20@gmail.com&nbsp;<\/p>\n<p>Colocar\u00e9 tambi\u00e9n unas instrucciones para que pod\u00e1is hacerlo.<\/p>\n<p><strong>INSTRUCCIONES PARA ENVIARME LOS EJERCICIOS O CONSULTAR CUALQUIER DUDA<\/strong><\/p>\n<p>Copia los ejercicios en la libreta, cuando lo hayas hecho le haces una foto a la hoja con el m\u00f3vil, te vas a galer\u00eda del m\u00f3vil,&nbsp; le das a compartir y lo env\u00edas al correo: compensatoria20@gmail.com&nbsp; &nbsp; yo los corregir\u00e9 y te los env\u00edo.<\/p>\n<p>Gracias.<\/p>\n<p>&nbsp;<\/p>\n<p><a href=\"https:\/\/blogsaverroes.juntadeandalucia.es\/ceiparteroperez\/files\/2020\/03\/Frase.jpg\"><img loading=\"lazy\" decoding=\"async\" class=\"size-medium wp-image-2582 aligncenter\" src=\"https:\/\/blogsaverroes.juntadeandalucia.es\/ceiparteroperez\/files\/2020\/03\/Frase-300x225.jpg\" alt=\"\" width=\"300\" height=\"225\"><\/a><\/p>\n<p>&nbsp;<\/p>\n<p><strong>SEMANA DEL 30 AL 3 DE ABRIL<\/strong><\/p>\n<p>&nbsp;<\/p>\n<h1>1\u00ba CICLO<\/h1>\n<h1 style=\"text-align: center\">\u201c<u>Mis dedos<\/u>\u201d<\/h1>\n<p><strong>&nbsp;<\/strong><\/p>\n<p>Yo tengo dos manos y en cada una de ellas tengo cinco dedos. Por eso tengo diez dedos.<\/p>\n<p>Me sirven para contar, para coger el l\u00e1piz y para pasar las hojas de los libros.<\/p>\n<p>En mis dos pies, tengo tambi\u00e9n diez dedos, pero no saben hacer nada. Son mucho m\u00e1s torpes que los dedos de mis manos.<\/p>\n<p>&nbsp;<\/p>\n<p><strong><u>Lee y contesta:<\/u><\/strong><\/p>\n<p>\u00bfCu\u00e1ntas&nbsp; manos tienes?<u> &nbsp;&nbsp;&nbsp;&nbsp;&nbsp;&nbsp;&nbsp;&nbsp;&nbsp;&nbsp;&nbsp;&nbsp;&nbsp;&nbsp;&nbsp;&nbsp;&nbsp;&nbsp;&nbsp;&nbsp;&nbsp;&nbsp;&nbsp;&nbsp;&nbsp;&nbsp;&nbsp;&nbsp;&nbsp;&nbsp;&nbsp;&nbsp;&nbsp;&nbsp; <\/u><\/p>\n<p>\u00bfCu\u00e1ntos&nbsp;&nbsp;&nbsp;&nbsp;&nbsp; dedos&nbsp;&nbsp;&nbsp;&nbsp;&nbsp; tienes&nbsp;&nbsp;&nbsp;&nbsp;&nbsp; en&nbsp;&nbsp;&nbsp;&nbsp;&nbsp; cada mano?<u> &nbsp;&nbsp;&nbsp;&nbsp;&nbsp;&nbsp;&nbsp;&nbsp;&nbsp;&nbsp;&nbsp;&nbsp;&nbsp;&nbsp;&nbsp;&nbsp;&nbsp;&nbsp; <\/u><\/p>\n<p>\u00bfPara&nbsp; qu\u00e9&nbsp; sirven&nbsp; los&nbsp; dedos&nbsp; de&nbsp; la&nbsp; mano?<\/p>\n<p>\u00bfCu\u00e1ntos&nbsp;&nbsp;&nbsp; dedos&nbsp;&nbsp;&nbsp;&nbsp; tienes&nbsp;&nbsp;&nbsp; en&nbsp;&nbsp;&nbsp; los&nbsp;&nbsp;&nbsp; dos pies?<u> &nbsp;&nbsp;&nbsp;&nbsp;&nbsp;&nbsp;&nbsp;&nbsp;&nbsp;&nbsp;&nbsp;&nbsp;&nbsp;&nbsp;&nbsp;&nbsp; <\/u><\/p>\n<p>\u00bfSaben hacer algo&nbsp; los&nbsp; dedos&nbsp; de&nbsp; los&nbsp; pies?<u> &nbsp;&nbsp;&nbsp;&nbsp;&nbsp;&nbsp;&nbsp;&nbsp;&nbsp;&nbsp;&nbsp;&nbsp;&nbsp;&nbsp;&nbsp;&nbsp;&nbsp;&nbsp;&nbsp;&nbsp;&nbsp; <\/u><\/p>\n<p>\u00bfQui\u00e9nes son m\u00e1s torpes: los dedos de los pies&nbsp; o los&nbsp; &nbsp; de&nbsp; las manos?<u> &nbsp;&nbsp;&nbsp;&nbsp;&nbsp;&nbsp;&nbsp;&nbsp;&nbsp;&nbsp;&nbsp;&nbsp;&nbsp;&nbsp;&nbsp;&nbsp;&nbsp;&nbsp;&nbsp;&nbsp;&nbsp;&nbsp;&nbsp;&nbsp;&nbsp;&nbsp;&nbsp;&nbsp;&nbsp;&nbsp;&nbsp;&nbsp;&nbsp;&nbsp;&nbsp; <\/u><\/p>\n<p>Dibuja una mano a la vuelta de la hoja.<\/p>\n<p>&nbsp;<\/p>\n<h2 style=\"text-align: center\"><strong>\u201c<u>Mala memoria<\/u>\u201d<\/strong><\/h2>\n<p><strong>&nbsp;<\/strong><\/p>\n<p>El profesor dijo a los ni\u00f1os que escribieran la fecha de su cumplea\u00f1os en la parte alta de la libreta.<\/p>\n<p>Y Miguel no lo sab\u00eda. Al d\u00eda siguiente, su mam\u00e1 se lo apunt\u00f3 en un papel.Y ya no se le olvida.<\/p>\n<p>&nbsp;<\/p>\n<p><strong>LECTURA COMPRENSIVA<\/strong><\/p>\n<p>\u00bfQu\u00e9 les dijo el profesor a los ni\u00f1os?<\/p>\n<p>Escribe&nbsp;&nbsp; la&nbsp;&nbsp; fecha&nbsp; de&nbsp; tu&nbsp; cumplea\u00f1os.<\/p>\n<p>\u00bfD\u00f3nde&nbsp; ten\u00edan&nbsp; que&nbsp; escribir&nbsp; la&nbsp; fecha de su cumplea\u00f1os?<\/p>\n<p>\u00bfC\u00f3mo se llamaba el ni\u00f1o que no lo sab\u00eda? <u>&nbsp;&nbsp;&nbsp;&nbsp;&nbsp;&nbsp;&nbsp;&nbsp;&nbsp;&nbsp; <\/u><\/p>\n<p>\u00bfQu\u00e9&nbsp;&nbsp; hizo&nbsp;&nbsp;&nbsp; la&nbsp;&nbsp;&nbsp; mam\u00e1&nbsp;&nbsp;&nbsp; de&nbsp;&nbsp; Miguel?<\/p>\n<p>\u00bfSe&nbsp;&nbsp; le&nbsp;&nbsp; olvid\u00f3&nbsp;&nbsp; alguna&nbsp;&nbsp; vez&nbsp;&nbsp; m\u00e1s&nbsp;&nbsp; a Miguel? <u>&nbsp;&nbsp;&nbsp;&nbsp;&nbsp;&nbsp;&nbsp;&nbsp;&nbsp;&nbsp;&nbsp;&nbsp; <\/u><\/p>\n<p>Dibuja&nbsp;&nbsp;&nbsp; por&nbsp;&nbsp;&nbsp; detr\u00e1s&nbsp;&nbsp;&nbsp; una&nbsp;&nbsp;&nbsp; tarta&nbsp;&nbsp;&nbsp; de cumplea\u00f1os.<\/p>\n<p>&nbsp;<\/p>\n<h2 style=\"text-align: center\"><strong>\u201c<u>El perro ladr\u00f3n<\/u>\u201d<\/strong><\/h2>\n<p><strong>&nbsp;<\/strong>Una tarde estaba Enrique en la playa.<\/p>\n<p>Dej\u00f3&nbsp; en&nbsp; la&nbsp; arena&nbsp; su&nbsp; gorra&nbsp; de marinero.<\/p>\n<p>Pas\u00f3 corriendo un perro y se la llev\u00f3 en la boca.<\/p>\n<p>Enrique&nbsp;&nbsp; no&nbsp;&nbsp; sab\u00eda&nbsp;&nbsp; si&nbsp;&nbsp; llorar&nbsp;&nbsp; o re\u00edr. La&nbsp; busc\u00f3&nbsp; y&nbsp; al&nbsp; fin&nbsp; la encontr\u00f3 enterrada en la arena.<\/p>\n<p>&nbsp;<\/p>\n<p><strong>LECTURA COMPRENSIVA<\/strong><\/p>\n<p>\u00bfD\u00f3nde&nbsp; estaba&nbsp; Enrique?<\/p>\n<p>\u00bfQu\u00e9&nbsp; dej\u00f3&nbsp; en&nbsp; la&nbsp; &nbsp;arena?<\/p>\n<p>\u00bfQui\u00e9n se la llev\u00f3 en la boca?<\/p>\n<p>\u00bfQu\u00e9 hizo&nbsp; &nbsp;Enrique?<\/p>\n<p>\u00bfD\u00f3nde&nbsp;&nbsp; encontr\u00f3&nbsp;&nbsp; Enrique&nbsp;&nbsp; la gorra? <u>&nbsp;&nbsp;&nbsp;&nbsp;&nbsp;&nbsp;&nbsp; <\/u><\/p>\n<p>Dibuja,&nbsp; por&nbsp; detr\u00e1s&nbsp; de&nbsp; la&nbsp; hoja, un perro.<\/p>\n<p>&nbsp;<\/p>\n<h2 style=\"text-align: center\"><strong>\u201c<u>Salvamento<\/u>\u201d<\/strong><\/h2>\n<p>Rosa es una ni\u00f1a muy seria.<\/p>\n<p>En cambio Mar\u00eda siempre est\u00e1 riendo.<\/p>\n<p>Un d\u00eda salieron a pasear por la orilla del r\u00edo.<\/p>\n<p>Vieron venir flotando una rama de \u00e1rbol y encima un perrito muy asustado.<\/p>\n<p>Rosa le ayud\u00f3 a salvarse.Y Mar\u00eda la miraba muerta de risa.<\/p>\n<p>El&nbsp; perro&nbsp; les&nbsp; dio&nbsp; las&nbsp; gracias&nbsp; a&nbsp; las dos moviendo el rabo.<\/p>\n<p>&nbsp;<\/p>\n<p><strong>LECTURA COMPRENSIVA<\/strong><\/p>\n<p>\u00bfC\u00f3mo es Rosa?<\/p>\n<p>\u00bfQui\u00e9n&nbsp; r\u00ede siempre?<\/p>\n<p>\u00bfPor d\u00f3nde paseaban?<\/p>\n<p>\u00bfQu\u00e9 vieron?<\/p>\n<p>\u00bfQu\u00e9 hicieron las ni\u00f1as?<\/p>\n<p>\u00bfQu\u00e9 hizo el perro?<\/p>\n<h1>2\u00ba CICLO<\/h1>\n<p style=\"text-align: left\"><strong>&nbsp; &nbsp; &nbsp; &nbsp; &nbsp;<\/strong><\/p>\n<h1 style=\"text-align: center\">Un d\u00eda en el Zoo<\/h1>\n<p>Ayer estuve en el zoo con mi t\u00eda Leonor&nbsp; &nbsp; &nbsp; &nbsp; &nbsp; &nbsp; &nbsp; &nbsp; &nbsp; &nbsp; &nbsp; &nbsp; &nbsp; &nbsp; &nbsp; &nbsp; &nbsp; &nbsp; &nbsp; &nbsp; &nbsp; &nbsp; &nbsp; &nbsp; &nbsp; &nbsp; &nbsp; &nbsp; &nbsp; &nbsp;<\/p>\n<p><a href=\"https:\/\/blogsaverroes.juntadeandalucia.es\/ceiparteroperez\/files\/2020\/03\/Zoo.jpg\"><img loading=\"lazy\" decoding=\"async\" class=\"wp-image-2593 alignright\" src=\"https:\/\/blogsaverroes.juntadeandalucia.es\/ceiparteroperez\/files\/2020\/03\/Zoo.jpg\" alt=\"\" width=\"277\" height=\"167\"><\/a>y vimos a los monos<\/p>\n<p>que estaban haciendo el bobo.<\/p>\n<p>\u00a1Qu\u00e9 saltos, qu\u00e9 empujones, qu\u00e9 algarab\u00eda\u00a1<\/p>\n<p>\u00a1Qu\u00e9 brincos, qu\u00e9 gr\u00edtos los que all\u00ed se o\u00edan!<\/p>\n<p>Agarrado a un barrote un mono nos miraba<\/p>\n<p>con la mano en el cogote.<\/p>\n<p>Luego empez\u00f3 a bajar<\/p>\n<p>y una vez que estuvo abajo extendi\u00f3 el brazo<\/p>\n<p>para poderme tocar.<\/p>\n<p>Por dar al mono ese capricho mi mano hacia \u00e9l extend\u00ed.<\/p>\n<p>Mas mi t\u00eda dec\u00eda tirando de m\u00ed:<\/p>\n<p>\u00bfJes\u00fas, qu\u00e9 bicho, Jes\u00fas, qu\u00e9 bicho!<\/p>\n<p>Ayer estuve en el zoo y vi al elefante moviendo las orejas atr\u00e1s y adelante.<\/p>\n<p>Parec\u00eda que bailaba, pues todo \u00e9l se meneaba con ritmo elegante<\/p>\n<p>alargando la trompa a los visitantes.<\/p>\n<p>Ayer estuve en el zoo<\/p>\n<p>y me divert\u00ed un mont\u00f3n.<\/p>\n<p>S\u00f3lo me fui a la hora de cenar<\/p>\n<p>de la mano de mi t\u00eda que dec\u00eda sin cesar:<\/p>\n<p>\u00a1Jes\u00fas, qu\u00e9 bicho, Jes\u00fas, qu\u00e9 bicho!<\/p>\n<p>&nbsp;<\/p>\n<h2>&nbsp;Contesta:<\/h2>\n<p>&nbsp;<\/p>\n<p>\u00bf Qu\u00e9 estaban haciendo los monos?<\/p>\n<p>&nbsp;<\/p>\n<p>\u00bf A qu\u00e9 estaba agarrado un mono?<\/p>\n<p>&nbsp;<\/p>\n<p>\u00bf Qui\u00e9n empez\u00f3 a bajar?<\/p>\n<p>&nbsp;<\/p>\n<p><strong>Bajar <\/strong>es lo contrario de<\/p>\n<p><strong>&nbsp;<\/strong><\/p>\n<p>Escribe las palabras contrarias de:<\/p>\n<ul>\n<li>bajar&nbsp; &nbsp; &nbsp; &nbsp; &nbsp; &nbsp; &nbsp; &nbsp; &nbsp; &nbsp; &nbsp; &nbsp; &nbsp; &nbsp; &nbsp; &nbsp; &nbsp; &nbsp; &nbsp; &nbsp; &nbsp; &nbsp; &nbsp; &nbsp; &nbsp; &nbsp; &nbsp; &nbsp; &nbsp; &nbsp; &nbsp; &nbsp; &nbsp; &nbsp; &nbsp; &nbsp; &nbsp; &nbsp; &nbsp; &nbsp; &nbsp; &nbsp; &nbsp;&nbsp;<u><\/u><\/li>\n<li>empezar <u> &nbsp;&nbsp;&nbsp;&nbsp;&nbsp;&nbsp;&nbsp;&nbsp;&nbsp;&nbsp;&nbsp;&nbsp;&nbsp;&nbsp;&nbsp;&nbsp;&nbsp;&nbsp;&nbsp;&nbsp;&nbsp;&nbsp;&nbsp;&nbsp;&nbsp;&nbsp;&nbsp;&nbsp;&nbsp; <\/u><\/li>\n<li>abajo <u> &nbsp;&nbsp;&nbsp;&nbsp;&nbsp;&nbsp;&nbsp;&nbsp;&nbsp;&nbsp;&nbsp;&nbsp;&nbsp;&nbsp;&nbsp;&nbsp;&nbsp;&nbsp;&nbsp;&nbsp;&nbsp;&nbsp;&nbsp;&nbsp;&nbsp;&nbsp;&nbsp;&nbsp;&nbsp; <\/u><\/li>\n<li>detr\u00e1s <u> &nbsp;&nbsp;&nbsp;&nbsp;&nbsp;&nbsp;&nbsp;&nbsp;&nbsp;&nbsp;&nbsp;&nbsp;&nbsp;&nbsp;&nbsp;&nbsp;&nbsp;&nbsp;&nbsp;&nbsp;&nbsp;&nbsp;&nbsp;&nbsp;&nbsp;&nbsp;&nbsp;&nbsp;&nbsp;<\/u><\/li>\n<li>ir <u> &nbsp;&nbsp;&nbsp;&nbsp;&nbsp;&nbsp;&nbsp;&nbsp;&nbsp;&nbsp;&nbsp;&nbsp;&nbsp;&nbsp;&nbsp;&nbsp;&nbsp;&nbsp;&nbsp;&nbsp;&nbsp;&nbsp;&nbsp;&nbsp;&nbsp;&nbsp;&nbsp;&nbsp;&nbsp; <\/u><\/li>\n<li>quitar <u> &nbsp;&nbsp;&nbsp;&nbsp;&nbsp;&nbsp;&nbsp;&nbsp;&nbsp;&nbsp;&nbsp;&nbsp;&nbsp;&nbsp;&nbsp;&nbsp;&nbsp;&nbsp;&nbsp;&nbsp;&nbsp;&nbsp;&nbsp;&nbsp;&nbsp;&nbsp;&nbsp;&nbsp;&nbsp; <\/u><\/li>\n<\/ul>\n<p>&nbsp;<\/p>\n<p>Completa estas oraciones con palabras&nbsp; siguientes:&nbsp; torre y s\u00f3tano.<\/p>\n<p>El campanero subi\u00f3__________________________<\/p>\n<p>Los bomberos bajaron________________________.<\/p>\n<p>Escribe el nombre de los animales que se pueden visitar en un zoo.<\/p>\n<p>&nbsp;<\/p>\n<p>Escribe tres cosas que t\u00fa haces por la ma\u00f1ana:<\/p>\n<p>Primero__________________________________________<\/p>\n<p>Segundo_________________________________________<\/p>\n<p>Tercero__________________________________________<\/p>\n<p>.<\/p>\n<p>Inventa cinco oraciones en las que aparezcan el nombre de animales del zoo.<\/p>\n<p>&nbsp;<\/p>\n<p>Escribe lo que dice el texto que has le\u00eddo.<\/p>\n<p>&nbsp;<\/p>\n<p>&nbsp;<\/p>\n<h2 style=\"text-align: center\"><strong>ME LLAMO DAFNE<\/strong><\/h2>\n<p><strong>&nbsp;<\/strong><\/p>\n<p><a href=\"https:\/\/blogsaverroes.juntadeandalucia.es\/ceiparteroperez\/files\/2020\/03\/gato.jpg\"><img loading=\"lazy\" decoding=\"async\" class=\"size-full wp-image-2598 alignright\" src=\"https:\/\/blogsaverroes.juntadeandalucia.es\/ceiparteroperez\/files\/2020\/03\/gato.jpg\" alt=\"\" width=\"299\" height=\"168\"><\/a><\/p>\n<p>A-A-A<\/p>\n<p>Mi gatita mala est\u00e1.<\/p>\n<p>A-A-A<\/p>\n<p>Mi gatita mala est\u00e1. No s\u00e9 si se curar\u00e1 O si no se morir\u00e1. A-A-A<\/p>\n<p>Mi gatita mala est\u00e1.<\/p>\n<p>Mi gatita se llama A. Y yo me llamo Dafne. Yo no s\u00e9 por qu\u00e9 me llamo Dafne, pero s\u00ed s\u00e9 por qu\u00e9 mi gata se llama A.<\/p>\n<p>Yo misma le puse ese nombre. Se llama A porque es la primera mascota que tengo en mi vida, igual que la A es la primera letra de todas.<\/p>\n<p>A lo mejor luego tengo otras mascotas, una tortuga, o un pez de colores, pero la primera ha sido mi gata A.<\/p>\n<p>Me la regal\u00f3 mi t\u00eda A. Bueno, mi t\u00eda no se llama A. Se lama Ana, pero yo la llamo A, s\u00f3lo con la primera letra de su nombre. Es m\u00e1s divertido y a mi t\u00eda A le gusta.<\/p>\n<p>Tambi\u00e9n a mi gata le gusta su nombre. En cuanto dices \u201cA\u201d, ella viene corriendo a tu lado est\u00e9 donde est\u00e9. Fijaos si ser\u00e1 lista mi gata que, si alguien dice una palabra que empiece por A, <strong>zas<\/strong>, ella que se pone delante.<\/p>\n<p>Por ejemplo, si estamos desayunando y mi pap\u00e1 pide az\u00facar, como AZ\u00daCAR empieza por A, mi gatita A se sube a la mesa de un salto y <strong>se planta <\/strong>delante de \u00e9l.<\/p>\n<p>Por eso, cuando no queremos que mi gata A moleste, tenemos que tener mucho cuidado de no decir ninguna palabra que empiece por la letra A. No puedes pedir agua aunque te mueras de sed. Ni harina para hacer croquetas. Ya s\u00e9 que HARINA empieza por hache, que no soy tonta. Pero mi gata no lo sabe, y como adem\u00e1s la letra hache no se pronuncia\u2026<\/p>\n<p>Bueno, la verdad es que ahora mismo mi gata A no vendr\u00eda aunque dijeras AGUA, o ACEITE, o ACEITUNAS, o ADORNO, o AVI\u00d3N, o ADIVINANZA. No vendr\u00eda porque est\u00e1 mala. Est\u00e1 enferma, tan enferma que no s\u00e9 si se va a curar o se va a morir.<\/p>\n<p>Y yo estoy muy triste, claro. Estoy tan triste, tan triste que mi mam\u00e1 dice que voy a caer enferma de tristeza, igual que mi gatita A.<\/p>\n<p>Y entonces me he parado a pensar y me he dicho: \u201c!Si me pongo enferma, no podr\u00e9 terminar de contaros la historia de mi gata A!\u201d \u00a1Vaya faena!, \u00bfno?<\/p>\n<p>Y si me pongo enferma, tampoco podr\u00e9 cuidar a mi gatita A para que se cure. As\u00ed que he decidido no estar triste y no ponerme enferma. Acabo de decidirlo.Y lo que voy a hacer es contaros a vosotros y a&nbsp; mi gatita el cuento de la letra A, a ver si se cura.<\/p>\n<p>\u00bfQu\u00e9 si los cuentos curan? Yo creo que s\u00ed. Y en todo caso, siempre podemos comprobarlo.<\/p>\n<p>&nbsp;<\/p>\n<p><strong>COMPRENSI\u00d3N DE LA LECTURA<\/strong><\/p>\n<p><strong>&nbsp;<\/strong><\/p>\n<p><strong>\u00bfQu\u00e9 dice el texto?<\/strong><\/p>\n<p><strong>&nbsp;<\/strong><\/p>\n<p>1\u00ba) Escribe verdadero o falso:<\/p>\n<p>&nbsp;<\/p>\n<ol>\n<li>Una ni\u00f1a se llama A y tiene una gatita que se llama<\/li>\n<li>Una ni\u00f1a se llama Dafne y tiene una gatita que se llama<\/li>\n<li>Se llama A porque es su primera<\/li>\n<li>A la gatita le gusta mucho su<\/li>\n<li>Se llama A porque se la regal\u00f3 su t\u00eda<\/li>\n<li>A no se hace caso si se dicen palabras que empiezan por \u201ca\u201d.<\/li>\n<li>La gatita se ha puesto<\/li>\n<li>Dafne no est\u00e1 preocupada por su<\/li>\n<li>Dafne decide curar a su gatita con<\/li>\n<\/ol>\n<p>&nbsp;<\/p>\n<p>2\u00ba) \u00bfQu\u00e9 hay que decir para que la gatita venga?<\/p>\n<p>3\u00ba) Qu\u00e9 hay que hacer para que la gatita no moleste?<\/p>\n<p>4\u00ba) \u00bfPor qu\u00e9 decide Dafne no ponerse enferma?<\/p>\n<p>&nbsp;<\/p>\n<p><strong>\u00bfC\u00f3mo lo dice?<\/strong><\/p>\n<p><strong>&nbsp;<\/strong><\/p>\n<p>5\u00ba) \u00bfQui\u00e9n cuenta la historia: Dafne u otra persona?<\/p>\n<ul>\n<li>Copia palabras que lo demuestren.<\/li>\n<\/ul>\n<p>&nbsp;<\/p>\n<p>6\u00ba) Responde a estas preguntas:<\/p>\n<p>&nbsp;<\/p>\n<ul>\n<li>\u00bfDafne habla de su gatita A con cari\u00f1o? Escribe oraciones del texto que lo<\/li>\n<li>\u00bfCrees que a Dafne le gustan los animales? \u00bfPor qu\u00e9?<\/li>\n<li>\u00bfPiensas que a Dafne le gusta que le cuenten cuentos? \u00bfPor qu\u00e9?<\/li>\n<\/ul>\n<p>&nbsp;<\/p>\n<p>7\u00ba) Explica brevemente el significado de \u2026<\/p>\n<p>&nbsp;<\/p>\n<p>&#8211; mascota&nbsp;&nbsp;&nbsp;&nbsp;&nbsp;&nbsp;&nbsp;&nbsp;&nbsp;&nbsp;&nbsp;&nbsp;&nbsp;&nbsp;&nbsp;&nbsp;&nbsp; &#8211; morirse de sed&nbsp;&nbsp;&nbsp;&nbsp;&nbsp;&nbsp;&nbsp;&nbsp;&nbsp;&nbsp;&nbsp;&nbsp;&nbsp;&nbsp;&nbsp;&nbsp; &#8211; caer enferma<\/p>\n<p>&nbsp;<\/p>\n<p><strong>Ahora, t\u00fa opinas<\/strong><\/p>\n<p><strong>&nbsp;<\/strong><\/p>\n<p>8\u00ba) Dafne siente un gran cari\u00f1o hacia su mascota A: le da de comer, cuida de ella\u2026<\/p>\n<p>&nbsp;<\/p>\n<ul>\n<li>\u00bfQu\u00e9 crees que ocurrir\u00eda si Dafne no cuidase de su mascota cuando est\u00e1 enferma o no le diera de comer?<\/li>\n<li>\u00bfCrees que es importante cuidar y respetar a los animales? \u00bfPor qu\u00e9?<\/li>\n<li>\u00bfTienes o te gustar\u00eda tener alguna mascota? \u00bfQu\u00e9 har\u00edas para cuidarla?<\/li>\n<\/ul>\n<h1>3\u00ba CICLO<\/h1>\n<h2 style=\"text-align: center\"><strong>SER Y PARECER<\/strong><\/h2>\n<p>Un hombre, que pasaba por delante de una tienda, vio que vend\u00edan all\u00ed dos loros, encerrados en la misma jaula. Uno era muy bonito y cantaba estupendamente, mientras que el otro estaba en un estado lastimoso y permanec\u00eda mudo. El primero val\u00eda cincuenta <strong>yens <\/strong>y el segundo, tres mil.<\/p>\n<p>El hombre, asombrado por la diferencia de precio, le dijo al comerciante.<\/p>\n<p>&nbsp;<\/p>\n<ul>\n<li>\u00a1 Deme el loro de cincuenta yens!<\/li>\n<\/ul>\n<p>&nbsp;<\/p>\n<p>-Imposible, se\u00f1or \u2013 respondi\u00f3 el vendedor. No puedo vender los dos p\u00e1jaros por separado.<\/p>\n<p>&nbsp;<\/p>\n<p>-\u00bf Pero&#8230;.por qu\u00e9? \u00bf C\u00f3mo explica usted una semejante diferencia de precio? Pues el m\u00e1s feo cuesta infinitamente m\u00e1s que el m\u00e1s bonito y, adem\u00e1s, no canta. Eso es <strong>absurdo.<\/strong><\/p>\n<p><strong>&nbsp;<\/strong><\/p>\n<ul>\n<li>\u00a1 Ah, no se equivoque usted, se\u00f1or! El loro que encuentra usted feo es el<\/li>\n<\/ul>\n<p>&nbsp;<\/p>\n<p><strong>Vuelve a leer silenciosamente el texto <\/strong><strong>Comprueba si has comprendido<\/strong><\/p>\n<ol>\n<li>\u00bf Qu\u00e9 le extra\u00f1\u00f3 al hombre del precio de los loros?<\/li>\n<\/ol>\n<p>&nbsp;<\/p>\n<ol start=\"2\">\n<li>\u00bf En qu\u00e9 se fij\u00f3 para valorar a los loros?<\/li>\n<\/ol>\n<p>&nbsp;<\/p>\n<p>3&nbsp;&nbsp;&nbsp; \u00bfEstaba equivocado al hacerlo as\u00ed? \u00bf Por qu\u00e9?<\/p>\n<p>&nbsp;<\/p>\n<ol start=\"4\">\n<li>Muchas veces la gente valora a los dem\u00e1s por su aspecto<\/li>\n<\/ol>\n<p>&nbsp;<\/p>\n<p>\u00bfEst\u00e1s de acuerdo con esta manera de actuar?&nbsp;&nbsp;&nbsp;&nbsp;&nbsp; \u00bfPor qu\u00e9?<\/p>\n<p>&nbsp;<\/p>\n<ol start=\"5\">\n<li>\u00bf Qu\u00e9 es m\u00e1s importante? Subraya lo que creas que es m\u00e1s importante.\n<ul>\n<li>La ropa con que van vestidas las personas<\/li>\n<\/ul>\n<\/li>\n<\/ol>\n<p>&nbsp;<\/p>\n<ul>\n<li>La marca de sus zapatillas<\/li>\n<\/ul>\n<p>&nbsp;<\/p>\n<ul>\n<li>Su responsabilidad<\/li>\n<\/ul>\n<p>&nbsp;<\/p>\n<ul>\n<li>Su respeto por los dem\u00e1s<\/li>\n<\/ul>\n<p>&nbsp;<\/p>\n<ol start=\"6\">\n<li>\u00bfQu\u00e9 no quiere ense\u00f1ar este cuento?<\/li>\n<\/ol>\n<p>&nbsp;<\/p>\n<h2 style=\"text-align: center\"><strong>D\u00c9DALO E \u00cdCARO<\/strong><\/h2>\n<p>&nbsp;<\/p>\n<p>Existi\u00f3 hace much\u00edsimos a\u00f1os un hombre llamado D\u00e9dalo, que lleg\u00f3 a la isla de Creta en compa\u00f1\u00eda de su hijo \u00cdcaro.<\/p>\n<p>D\u00e9dalo era un gran inventor. Por eso, el rey de Creta le encarg\u00f3 unos cuantos trabajos. Entre ellos, unas estatuas maravillosas que pod\u00edan hablar y moverse.<\/p>\n<p>El rey estaba tan contento con los trabajos de D\u00e9dalo que lo invit\u00f3 a quedarse a vivir en la isla y as\u00ed poder continuar haciendo inventos.<\/p>\n<p>El rey le mand\u00f3 construir un edificio para el Minotauro, un monstruo que pose\u00eda el rey que era un hombre enorme con cabeza de toro.<\/p>\n<p>D\u00e9dalo construy\u00f3 un enorme laberinto del que era imposible salir.<\/p>\n<p>Para impedir que D\u00e9dalo contara el secreto del laberinto a otras personas, el rey lo encerr\u00f3 en \u00e9l con su hijo.<\/p>\n<p>Un d\u00eda, D\u00e9dalo e \u00cdcaro miraban al cielo, contemplando a las aves que volaban libremente. Entonces, a D\u00e9dalo se le ocurri\u00f3 la idea de construir unas alas como las de los p\u00e1jaros, con plumas de verdad pegadas con cera.<\/p>\n<p>Tardaron mucho tiempo en terminarlas, pero por fin un d\u00eda, cuando las terminaron, se las ataron a los brazos el uno al otro y comenzaron a agitarlas.<\/p>\n<p>Empezaron a elevarse poco a poco, volando cada vez m\u00e1s altos y m\u00e1s contentos.<\/p>\n<p>D\u00e9dalo, al ver la altura que hab\u00edan alcanzado, advirti\u00f3 a su hijo para que no se elevase m\u00e1s, pero \u00cdcaro, feliz, sub\u00eda y sub\u00eda por el cielo azul.<\/p>\n<p>\u00cdcaro se acerc\u00f3 tanto al Sol que el calor de \u00e9ste comenz\u00f3 a derretir la cera, y las plumas empezaron a despegarse.<\/p>\n<p>Sin alas, \u00cdcaro no pudo sostenerse en el aire y su vuelo termin\u00f3 sobre las agua del mar, donde se ahog\u00f3.<\/p>\n<p>&nbsp;<\/p>\n<ol>\n<li>\u00bfQui\u00e9nes llegaron a la isla de Creta?\n<ul>\n<li>D\u00e9dalo y su hijo \u00cdcaro.<\/li>\n<li>Juan y su hija Mar\u00eda.<\/li>\n<li>Blancanieves y el Pr\u00edncipe.<\/li>\n<\/ul>\n<\/li>\n<\/ol>\n<p>&nbsp;<\/p>\n<ol start=\"2\">\n<li>\u00bfQu\u00e9 era D\u00e9dalo?\n<ul>\n<li>Un pintor<\/li>\n<li>Un inventor<\/li>\n<li>Un m\u00e9dico.<\/li>\n<\/ul>\n<\/li>\n<\/ol>\n<p>&nbsp;<\/p>\n<ol start=\"3\">\n<li>\u00bfQu\u00e9 pod\u00edan hacer las estatuas?\n<ul>\n<li>Cantar y<\/li>\n<li>Hablar y<\/li>\n<li>Dormir y<\/li>\n<\/ul>\n<\/li>\n<\/ol>\n<p>&nbsp;<\/p>\n<ol start=\"4\">\n<li>\u00bfQu\u00e9 era el Minotauro?\n<ul>\n<li>Un caballo<\/li>\n<li>Un hombre con cabeza de le\u00f3n.<\/li>\n<li>Un hombre con cabeza de<\/li>\n<\/ul>\n<\/li>\n<\/ol>\n<p>&nbsp;<\/p>\n<ol start=\"5\">\n<li>\u00bfQu\u00e9 construy\u00f3 D\u00e9dalo para el Minotauro?\n<ul>\n<li>Una casa<\/li>\n<li>Un castillo<\/li>\n<li>Un laberinto<\/li>\n<\/ul>\n<\/li>\n<\/ol>\n<p>&nbsp;<\/p>\n<ol start=\"6\">\n<li>\u00bfD\u00f3nde encerr\u00f3 el rey a D\u00e9dalo y a su hijo?\n<ul>\n<li>En una prisi\u00f3n.<\/li>\n<li>En el laberinto<\/li>\n<li>En el castillo<\/li>\n<\/ul>\n<\/li>\n<\/ol>\n<p>&nbsp;<\/p>\n<ol start=\"7\">\n<li>\u00bfCon qu\u00e9 pegaron las plumas?\n<ul>\n<li>Con cera.<\/li>\n<li>Con pegamento<\/li>\n<li>Con cola para pegar<\/li>\n<\/ul>\n<\/li>\n<\/ol>\n<p>&nbsp;<\/p>\n<ol start=\"8\">\n<li>\u00bfDe qu\u00e9 le advirti\u00f3 D\u00e9dalo a su hijo mientras volaban?\n<ul>\n<li>Que se elevase m\u00e1s.<\/li>\n<li>Que volara m\u00e1s alto<\/li>\n<li>Que no se elevase m\u00e1s.<\/li>\n<\/ul>\n<\/li>\n<\/ol>\n<p>&nbsp;<\/p>\n<ol start=\"9\">\n<li>\u00bfD\u00f3nde termin\u00f3 el vuelo de \u00cdcaro?\n<ul>\n<li>Sobre un jard\u00edn.<\/li>\n<li>Sobre las aguas del mar<\/li>\n<li>Sobre la tierra h\u00fameda.<\/li>\n<\/ul>\n<\/li>\n<\/ol>\n<p>&nbsp;<\/p>\n<ol start=\"10\">\n<li>\u00bfPor qu\u00e9 \u00cdcaro se cay\u00f3 al mar?\n<ul>\n<li>Porque no sab\u00eda volar<\/li>\n<li>Porque se derriti\u00f3 la cera<\/li>\n<li>Porque no mov\u00eda los brazos<\/li>\n<\/ul>\n<\/li>\n<\/ol>\n<p>&nbsp;<\/p>\n<ol start=\"11\">\n<li>\u00bfCu\u00e1l ha sido la causa de la ca\u00edda de \u00cdcaro?<\/li>\n<\/ol>\n<ul>\n<li>Su velocidad<\/li>\n<li>Su imprudencia<\/li>\n<li>Su juventud<\/li>\n<\/ul>\n<p>&nbsp;<\/p>\n<ol start=\"12\">\n<li>\u00bfPor qu\u00e9 el rey de Creta invit\u00f3 a quedarse en la isla a D\u00e9dalo e \u00cdcaro?<\/li>\n<\/ol>\n<p>&nbsp;<\/p>\n<ol start=\"13\">\n<li>\u00bfPara qu\u00e9 se le ocurri\u00f3 a D\u00e9dalo construir unas alas?<\/li>\n<\/ol>\n<p>&nbsp;<\/p>\n<ol start=\"14\">\n<li>\u00bfPara qu\u00e9 agitaban los brazos?<\/li>\n<\/ol>\n<p>&nbsp;<\/p>\n<ol start=\"15\">\n<li>\u00bfQu\u00e9 reflexi\u00f3n sacas de la lectura?<\/li>\n<\/ol>\n<p>&nbsp;<\/p>\n<ol start=\"16\">\n<li>\u00bfQu\u00e9 habr\u00edas hecho t\u00fa si hubieses sido \u00cdcaro?<\/li>\n<\/ol>\n<h1>1\u00ba Y 2\u00ba ESO<\/h1>\n<h2 style=\"text-align: center\">Las hojas de los \u00e1rboles<\/h2>\n<p>Cada clase de \u00e1rbol tiene una hoja de forma diferente. Podemos reconocer la mayor\u00eda de los \u00e1rboles por la hoja que tienen. Las hojas son casi siempre verdes, pero a veces otro color, por ejemplo el rojo, cubre el verde. La sustancia verde que encontramos en las hojas se denomina clorofila.<\/p>\n<p>Las hojas fabrican alimentos para el \u00e1rbol. Para poder fabricarlos necesitan el agua y las sales minerales que las ra\u00edces han sacado de la tierra y que son transportadas por medio de tubitos hacia las venas de las hojas.<\/p>\n<p>Las hojas necesitan tambi\u00e9n sol y un gas del aire que se llama di\u00f3xido de carbono. La clorofila verde que se encuentra en las hojas utiliza los rayos del sol para transformar el agua, el di\u00f3xido de carbono y las sales minerales en alimento. La mayor\u00eda de los \u00e1rboles no crecen bien a la sombra porque no hay bastante sol para que las plantas fabriquen el alimento que necesitan.<\/p>\n<p>Muchos \u00e1rboles pierden las hojas en invierno. Estos \u00e1rboles se llaman deciduos o de hoja caduca. Unos cuantos ejemplos son: el roble, el fresno, el haya, el manzano\u2026 En primavera a los \u00e1rboles deciduos les salen nuevas hojas.<\/p>\n<p>Algunos \u00e1rboles no pierden las hojas en invierno. Se llaman \u00e1rboles de hoja perenne. Entre ellos est\u00e1 el pino, la encina, el laurel\u2026 No todas las hojas de un \u00e1rbol de hoja perenne duran siempre, van cayendo a lo largo del a\u00f1o para renovarse. Si os fij\u00e1is en el suelo de debajo de uno de estos \u00e1rboles ver\u00e9is las hojas que han ca\u00eddo.<\/p>\n<ol>\n<li>Relaciona cada idea con el p\u00e1rrafo en que aparece:<\/li>\n<\/ol>\n<p>&nbsp;<\/p>\n<ol>\n<li>El sol es necesario para la vida del \u00e1rbol. P\u00e1rrafo<\/li>\n<\/ol>\n<p>&nbsp;<\/p>\n<ol>\n<li>Las hojas de los \u00e1rboles son diferentes. P\u00e1rrafo<\/li>\n<\/ol>\n<p>&nbsp;<\/p>\n<ol>\n<li>Las hojas fabrican alimentos. P\u00e1rrafo<\/li>\n<\/ol>\n<p>&nbsp;<\/p>\n<ol>\n<li>Los \u00e1rboles de hoja caduca pierden sus hojas en invierno. P\u00e1rrafo<\/li>\n<\/ol>\n<p>&nbsp;<\/p>\n<ol>\n<li>La clorofila es verde y est\u00e1 en las hojas. P\u00e1rrafo<\/li>\n<\/ol>\n<p>&nbsp;<\/p>\n<ol>\n<li>Los \u00e1rboles de hoja perenne conservan sus hojas. P\u00e1rrafo<\/li>\n<\/ol>\n<p>&nbsp;<\/p>\n<ol start=\"2\">\n<li>Completa el siguiente resumen con las informaciones del texto:<\/li>\n<li>Las hojas de los \u00e1rboles tienen<\/li>\n<\/ol>\n<p>&nbsp; &nbsp; &nbsp; &nbsp; La clorofila es<\/p>\n<p>&nbsp;<\/p>\n<p>&nbsp; &nbsp; &nbsp; &nbsp; La clorofila utiliza el sol<\/p>\n<p>&nbsp;<\/p>\n<p>&nbsp; &nbsp; &nbsp; &nbsp; Los \u00e1rboles de hoja caduca pierden Los de hoja perenne se renuevan<\/p>\n<p>&nbsp;<\/p>\n<ol start=\"3\">\n<li>Responde con tus palabras a las siguientes preguntas:<\/li>\n<li>\u00bfCu\u00e1l es la funci\u00f3n de las hojas de los \u00e1rboles?<\/li>\n<\/ol>\n<p>&nbsp;<\/p>\n<p>&nbsp;<\/p>\n<p>&nbsp;<\/p>\n<ol>\n<li>\u00bfY la de las ra\u00edces?<\/li>\n<\/ol>\n<p>&nbsp;<\/p>\n<p>&nbsp;<\/p>\n<p>&nbsp;<\/p>\n<ol>\n<li>\u00bfQu\u00e9 le ocurre al \u00e1rbol si no hay bastante sol?<\/li>\n<\/ol>\n<p>&nbsp;<\/p>\n<p>&nbsp;<\/p>\n<p>&nbsp;<\/p>\n<ol>\n<li>\u00bfC\u00f3mo llegan los nutrientes de la tierra a las hojas?<\/li>\n<\/ol>\n<p>&nbsp;<\/p>\n<p>&nbsp;<\/p>\n<p>&nbsp;<\/p>\n<p>&nbsp;<\/p>\n<p>&nbsp;<\/p>\n<ol start=\"4\">\n<li>Clasifica los siguientes \u00e1rboles seg\u00fan el tipo de hoja que tienen: roble, pino, encina, fresno, haya, laurel, manzano.<\/li>\n<\/ol>\n<p>&nbsp;<\/p>\n<p>&nbsp;<\/p>\n<p>&nbsp;<\/p>\n<p>&nbsp;<\/p>\n<p>&nbsp;<\/p>\n<p>&nbsp;<\/p>\n<p>&nbsp;<\/p>\n<ol start=\"5\">\n<li>Explica c\u00f3mo se alimentan los \u00e1rboles.<\/li>\n<\/ol>\n<h2 style=\"text-align: center\">&nbsp;<\/h2>\n<h2 style=\"text-align: center\"><strong>Viajes y descubrimientos geogr\u00e1ficos<\/strong><\/h2>\n<p>A mediados del siglo XIV, los europeos salieron de sus marcos geogr\u00e1ficos tradicionales y se lanzaron a la exploraci\u00f3n y conquista de toda la tierra habitada. Este fen\u00f3meno hist\u00f3rico tuvo un valor decisivo para el futuro de Europa.<\/p>\n<p>A finales del siglo XIV no se conoc\u00eda mucho m\u00e1s de un cuarto de la superficie del globo terrestre. Esas lagunas en los conocimientos geogr\u00e1ficos se llenaron progresivamente a lo largo de los siglos XV y XVI, y los principales protagonistas en este desarrollo fueron los pueblos ib\u00e9ricos.<\/p>\n<p>Entre los muchos y complejos motivos que empujaron a los europeos a aventurarse en el mar durante estos siglos est\u00e1n la b\u00fasqueda de riquezas y el deseo de convertir a la fe cat\u00f3lica a los pueblos conquistados. As\u00ed lo escribi\u00f3 un conquistador espa\u00f1ol, Bernal D\u00edaz: \u201cPor servir a Dios y a su majestad, y dar a luz a los que estaban en tinieblas, y tambi\u00e9n por haber riquezas\u201d. Otro factor a tener en cuenta es la curiosidad, el af\u00e1n de saber, de descubrir nuevas tierras, nuevas especies bot\u00e1nicas y zool\u00f3gicas, nuevos minerales, etc.<\/p>\n<p>La expansi\u00f3n de los horizontes tradicionales del conocimiento de la naturaleza y del hombre, condujo a una imagen cada vez m\u00e1s exacta de la realidad f\u00edsica del planeta. Por primera vez tuvo lugar la observaci\u00f3n y acumulaci\u00f3n de los datos m\u00e1s diversos: vientos, corrientes marinas, cuencas hidrogr\u00e1ficas, plantas, minerales, animales, etc.<\/p>\n<p>Por primera vez tambi\u00e9n se crearon instituciones y organismos que utilizaron esa informaci\u00f3n. Todo esto impuls\u00f3 el desarrollo cient\u00edfico y t\u00e9cnico en dominios tales como la cartograf\u00eda, la arquitectura naval, la bot\u00e1nica, la antropolog\u00eda y la etnograf\u00eda.<\/p>\n<p>En lo sucesivo los conocimientos heredados de la \u00e9poca medieval deber\u00edan aceptarse o rechazarse con criterios basados \u00fanicamente en la observaci\u00f3n, la comparaci\u00f3n y la raz\u00f3n y no en la autoridad de los sabios de la antig\u00fcedad.<\/p>\n<p>&nbsp;<\/p>\n<p>&nbsp;<\/p>\n<p>&nbsp;<\/p>\n<ol>\n<li>En la informaci\u00f3n que nos da este texto se pueden distinguir tres partes diferentes. \u00bfEn qu\u00e9 p\u00e1rrafos se encuentran?<\/li>\n<\/ol>\n<p>&nbsp;<\/p>\n<ol>\n<li>El desconocimiento geogr\u00e1fico que ten\u00edan los europeos del globo terrestre antes del siglo<\/li>\n<\/ol>\n<p>P\u00e1rrafo<\/p>\n<p>&nbsp;<\/p>\n<ol>\n<li>Los motivos que les condujeron a explorar el mundo. P\u00e1rrafo<\/li>\n<\/ol>\n<p>&nbsp;<\/p>\n<ol>\n<li>Las consecuencias de dicha exploraci\u00f3n. P\u00e1rrafo<\/li>\n<\/ol>\n<p>&nbsp;<\/p>\n<ol start=\"2\">\n<li>Di qu\u00e9 tres motivos llevaron a los europeos a conocer otras tierras.<\/li>\n<\/ol>\n<p>&nbsp;<\/p>\n<ol start=\"3\">\n<li>Explica con tus palabras lo que se dice en el p\u00e1rrafo.<\/li>\n<\/ol>\n<p>&nbsp;<\/p>\n<p>&nbsp;<\/p>\n<p>&nbsp;<\/p>\n<p>&nbsp;<\/p>\n<p>&nbsp;<\/p>\n<p>&nbsp;<\/p>\n<p>&nbsp;<\/p>\n<p>&nbsp;<\/p>\n<ol start=\"4\">\n<li>\u00bfQui\u00e9nes son los pueblos ib\u00e9ricos?<\/li>\n<\/ol>\n<p>&nbsp;<\/p>\n<p>&nbsp;<\/p>\n<p>&nbsp;<\/p>\n<p>&nbsp;<\/p>\n<p>&nbsp;<\/p>\n<ol start=\"5\">\n<li>Busca informaci\u00f3n di qu\u00e9 estudian las siguientes disciplinas:<\/li>\n<\/ol>\n<p>&nbsp;<\/p>\n<p>Cartograf\u00eda:<\/p>\n<p>&nbsp;<\/p>\n<p>Arquitectura naval:<\/p>\n<p>&nbsp;<\/p>\n<p>Bot\u00e1nica:<\/p>\n<p>&nbsp;<\/p>\n<p>Antropolog\u00eda:<\/p>\n<p>&nbsp;<\/p>\n<p>Etnograf\u00eda:<\/p>\n<p>&nbsp;<\/p>\n<p>&nbsp;<\/p>\n<ol start=\"6\">\n<li>Completa las siguientes frases:<\/li>\n<\/ol>\n<p>En la \u00e9poca medieval los conocimientos se basaban en&#8230;<\/p>\n<p>&nbsp;<\/p>\n<p>&nbsp;<\/p>\n<p>&nbsp;<\/p>\n<p>&nbsp;<\/p>\n<p>&nbsp;<\/p>\n<p>&nbsp;<\/p>\n<p>A partir de los siglos XV y XVI los conocimientos se aceptar\u00edan o rechazar\u00edan siguiendo unos&#8230;<\/p>\n<p>&nbsp;<\/p>\n<p><strong>&nbsp;<\/strong><\/p>\n<p>&nbsp;<\/p>\n<p>&nbsp;<\/p>\n","protected":false},"excerpt":{"rendered":"<p>&nbsp; &nbsp; &nbsp; &nbsp; &nbsp; &nbsp; &nbsp; &nbsp; &nbsp; MAR\u00cdA G\u00c1DOR RUIZ L\u00d3PEZ TERCER TRIMESTRE COMPENSATORIA &nbsp; SEMANA DEL 15 DE JUNIO AL 19 DE JUNIO &nbsp; Hola chic@s. \u00bfC\u00f3mo est\u00e1is? El curso est\u00e1&#46;&#46;&#46;<\/p>\n","protected":false},"author":2619,"featured_media":0,"parent":0,"menu_order":0,"comment_status":"closed","ping_status":"closed","template":"","meta":{"ngg_post_thumbnail":0,"footnotes":"","_mc_calendar":[]},"aioseo_notices":[],"_links":{"self":[{"href":"https:\/\/blogsaverroes.juntadeandalucia.es\/ceiparteroperez\/wp-json\/wp\/v2\/pages\/2373"}],"collection":[{"href":"https:\/\/blogsaverroes.juntadeandalucia.es\/ceiparteroperez\/wp-json\/wp\/v2\/pages"}],"about":[{"href":"https:\/\/blogsaverroes.juntadeandalucia.es\/ceiparteroperez\/wp-json\/wp\/v2\/types\/page"}],"author":[{"embeddable":true,"href":"https:\/\/blogsaverroes.juntadeandalucia.es\/ceiparteroperez\/wp-json\/wp\/v2\/users\/2619"}],"replies":[{"embeddable":true,"href":"https:\/\/blogsaverroes.juntadeandalucia.es\/ceiparteroperez\/wp-json\/wp\/v2\/comments?post=2373"}],"version-history":[{"count":133,"href":"https:\/\/blogsaverroes.juntadeandalucia.es\/ceiparteroperez\/wp-json\/wp\/v2\/pages\/2373\/revisions"}],"predecessor-version":[{"id":5048,"href":"https:\/\/blogsaverroes.juntadeandalucia.es\/ceiparteroperez\/wp-json\/wp\/v2\/pages\/2373\/revisions\/5048"}],"wp:attachment":[{"href":"https:\/\/blogsaverroes.juntadeandalucia.es\/ceiparteroperez\/wp-json\/wp\/v2\/media?parent=2373"}],"curies":[{"name":"wp","href":"https:\/\/api.w.org\/{rel}","templated":true}]}}