{"id":82,"date":"2015-03-16T06:59:55","date_gmt":"2015-03-16T06:59:55","guid":{"rendered":"http:\/\/blogsaverroes.juntadeandalucia.es\/pre\/ceip\/?page_id=82"},"modified":"2022-11-10T18:26:35","modified_gmt":"2022-11-10T17:26:35","slug":"horarios","status":"publish","type":"page","link":"https:\/\/blogsaverroes.juntadeandalucia.es\/ceiparteroperez\/horarios\/","title":{"rendered":"Horarios"},"content":{"rendered":"<p>&nbsp;<\/p>\n<table style=\"border-collapse: collapse;width: 100%;height: 35px\">\n<tbody>\n<tr style=\"height: 11px\">\n<td style=\"width: 33.3333%;height: 11px\">HORARIOS DE INFANTIL<\/td>\n<td style=\"width: 33.3333%;height: 11px\">&nbsp;<\/td>\n<td style=\"width: 33.3333%;height: 11px\">&nbsp;<\/td>\n<\/tr>\n<tr style=\"height: 24px\">\n<td style=\"width: 33.3333%;height: 24px\"><a href=\"http:\/\/blogsaverroes.juntadeandalucia.es\/ceiparteroperez\/horarios\/infantil-3anos-21-22\/\">INFANTIL 3 A\u00d1OS<\/a><\/td>\n<td style=\"width: 33.3333%;height: 24px\"><a href=\"http:\/\/blogsaverroes.juntadeandalucia.es\/ceiparteroperez\/horarios\/infantil-4anos-21-22\/\">INFANTIL 4 A\u00d1OS<\/a><\/td>\n<td style=\"width: 33.3333%;height: 24px\"><a href=\"http:\/\/blogsaverroes.juntadeandalucia.es\/ceiparteroperez\/horarios\/infantil-5anos-21-22\/\">INFANTIL 5 A\u00d1OS<\/a><\/td>\n<\/tr>\n<\/tbody>\n<\/table>\n<p>&nbsp;<\/p>\n<table style=\"border-collapse: collapse;width: 100%\">\n<tbody>\n<tr>\n<td style=\"width: 33.3333%\">HORARIOS DE PRIMARIA<\/td>\n<td style=\"width: 33.3333%\">&nbsp;<\/td>\n<td style=\"width: 33.3333%\">&nbsp;<\/td>\n<\/tr>\n<tr>\n<td style=\"width: 33.3333%\"><a href=\"https:\/\/blogsaverroes.juntadeandalucia.es\/ceiparteroperez\/files\/2022\/11\/1\u00ba-PRIMARIA.pdf\">1\u00ba EP<\/a><\/td>\n<td style=\"width: 33.3333%\"><a href=\"https:\/\/blogsaverroes.juntadeandalucia.es\/ceiparteroperez\/files\/2022\/11\/2\u00ba-PRIMARIA.pdf\">2\u00ba EP<\/a><\/td>\n<td style=\"width: 33.3333%\"><a href=\"https:\/\/blogsaverroes.juntadeandalucia.es\/ceiparteroperez\/files\/2022\/11\/3\u00ba-PRIMARIA.pdf\">3\u00ba EP<\/a><\/td>\n<\/tr>\n<tr>\n<td style=\"width: 33.3333%\"><a href=\"https:\/\/blogsaverroes.juntadeandalucia.es\/ceiparteroperez\/files\/2022\/11\/4\u00ba-PRIMARIA.pdf\">4\u00ba EP<\/a><\/td>\n<td style=\"width: 33.3333%\"><a href=\"https:\/\/blogsaverroes.juntadeandalucia.es\/ceiparteroperez\/files\/2022\/11\/5\u00ba-PRIMARIA.pdf\">5\u00ba EP<\/a><\/td>\n<td style=\"width: 33.3333%\"><a href=\"https:\/\/blogsaverroes.juntadeandalucia.es\/ceiparteroperez\/files\/2022\/11\/6\u00ba-PRIMARIA.pdf\">6\u00ba EP<\/a><\/td>\n<\/tr>\n<\/tbody>\n<\/table>\n<p>&nbsp;<\/p>\n<table style=\"border-collapse: collapse;width: 100%\">\n<tbody>\n<tr>\n<td style=\"width: 33.3333%\">HORARIOS ESO<\/td>\n<td style=\"width: 33.3333%\">&nbsp;<\/td>\n<td style=\"width: 33.3333%\">&nbsp;<\/td>\n<\/tr>\n<tr>\n<td style=\"width: 33.3333%\"><a href=\"https:\/\/blogsaverroes.juntadeandalucia.es\/ceiparteroperez\/files\/2022\/11\/1\u00ba-ESO.pdf\">1\u00ba ESO<\/a><\/td>\n<td style=\"width: 33.3333%\"><a href=\"https:\/\/blogsaverroes.juntadeandalucia.es\/ceiparteroperez\/files\/2022\/11\/2\u00ba-ESO.pdf\">2\u00ba ESO<\/a><\/td>\n<td style=\"width: 33.3333%\">&nbsp;<\/td>\n<\/tr>\n<\/tbody>\n<\/table>\n<p>El horario para cada nivel educativo es:<\/p>\n<p>ESO: 8:45- 15:15<br \/>\nEducaci\u00f3n Infantil y Primaria: 9:15 \u2013 14:15<br \/>\nComedor Infantil y Primaria 14:15 \u2013 15:15<br \/>\nComedor Eso 15:15 \u2013 15:45<br \/>\nSalida alumnado transporte: 15:45<\/p>\n","protected":false},"excerpt":{"rendered":"<p>&nbsp; HORARIOS DE INFANTIL &nbsp; &nbsp; INFANTIL 3 A\u00d1OS INFANTIL 4 A\u00d1OS INFANTIL 5 A\u00d1OS &nbsp; HORARIOS DE PRIMARIA &nbsp; &nbsp; 1\u00ba EP 2\u00ba EP 3\u00ba EP 4\u00ba EP 5\u00ba EP 6\u00ba EP &nbsp;&#46;&#46;&#46;<\/p>\n","protected":false},"author":1,"featured_media":0,"parent":0,"menu_order":0,"comment_status":"open","ping_status":"open","template":"page-templates\/child-menu.php","meta":{"ngg_post_thumbnail":0,"footnotes":"","_mc_calendar":[]},"aioseo_notices":[],"_links":{"self":[{"href":"https:\/\/blogsaverroes.juntadeandalucia.es\/ceiparteroperez\/wp-json\/wp\/v2\/pages\/82"}],"collection":[{"href":"https:\/\/blogsaverroes.juntadeandalucia.es\/ceiparteroperez\/wp-json\/wp\/v2\/pages"}],"about":[{"href":"https:\/\/blogsaverroes.juntadeandalucia.es\/ceiparteroperez\/wp-json\/wp\/v2\/types\/page"}],"author":[{"embeddable":true,"href":"https:\/\/blogsaverroes.juntadeandalucia.es\/ceiparteroperez\/wp-json\/wp\/v2\/users\/1"}],"replies":[{"embeddable":true,"href":"https:\/\/blogsaverroes.juntadeandalucia.es\/ceiparteroperez\/wp-json\/wp\/v2\/comments?post=82"}],"version-history":[{"count":15,"href":"https:\/\/blogsaverroes.juntadeandalucia.es\/ceiparteroperez\/wp-json\/wp\/v2\/pages\/82\/revisions"}],"predecessor-version":[{"id":5360,"href":"https:\/\/blogsaverroes.juntadeandalucia.es\/ceiparteroperez\/wp-json\/wp\/v2\/pages\/82\/revisions\/5360"}],"wp:attachment":[{"href":"https:\/\/blogsaverroes.juntadeandalucia.es\/ceiparteroperez\/wp-json\/wp\/v2\/media?parent=82"}],"curies":[{"name":"wp","href":"https:\/\/api.w.org\/{rel}","templated":true}]}}