{"id":836,"date":"2020-12-18T08:37:22","date_gmt":"2020-12-18T07:37:22","guid":{"rendered":"https:\/\/blogsaverroes.juntadeandalucia.es\/pre\/plantilla-pencil\/?page_id=836"},"modified":"2022-03-11T12:00:46","modified_gmt":"2022-03-11T11:00:46","slug":"actividades-extraescolares","status":"publish","type":"page","link":"https:\/\/blogsaverroes.juntadeandalucia.es\/ceipauroramoreno\/actividades-extraescolares\/","title":{"rendered":"Actividades extraescolares"},"content":{"rendered":"<p>[et_pb_section fb_built=&#8221;1&#8243; _builder_version=&#8221;3.23.3&#8243; custom_padding=&#8221;0px||0px|&#8221; z_index_tablet=&#8221;500&#8243; box_shadow_horizontal_tablet=&#8221;0px&#8221; box_shadow_vertical_tablet=&#8221;0px&#8221; box_shadow_blur_tablet=&#8221;40px&#8221; box_shadow_spread_tablet=&#8221;0px&#8221; global_colors_info=&#8221;{}&#8221;][et_pb_row _builder_version=&#8221;3.25&#8243; background_size=&#8221;initial&#8221; background_position=&#8221;top_left&#8221; background_repeat=&#8221;repeat&#8221; global_colors_info=&#8221;{}&#8221;][et_pb_column type=&#8221;4_4&#8243; _builder_version=&#8221;3.25&#8243; custom_padding=&#8221;|||&#8221; global_colors_info=&#8221;{}&#8221; custom_padding__hover=&#8221;|||&#8221;][et_pb_image src=&#8221;https:\/\/blogsaverroes.juntadeandalucia.es\/ceipauroramoreno\/files\/2020\/01\/cabecera-interior-2-1.jpg&#8221; title_text=&#8221;cabecera-interior-2-1&#8243; admin_label=&#8221;Imagen de la portada&#8221; _builder_version=&#8221;4.5.0&#8243; z_index_tablet=&#8221;500&#8243; box_shadow_horizontal_tablet=&#8221;0px&#8221; box_shadow_vertical_tablet=&#8221;0px&#8221; box_shadow_blur_tablet=&#8221;40px&#8221; box_shadow_spread_tablet=&#8221;0px&#8221; global_colors_info=&#8221;{}&#8221;][\/et_pb_image][et_pb_text admin_label=&#8221;Texto descriptivo&#8221; _builder_version=&#8221;4.14.5&#8243; hover_enabled=&#8221;0&#8243; z_index_tablet=&#8221;500&#8243; text_text_shadow_horizontal_length_tablet=&#8221;0px&#8221; text_text_shadow_vertical_length_tablet=&#8221;0px&#8221; text_text_shadow_blur_strength_tablet=&#8221;1px&#8221; link_text_shadow_horizontal_length_tablet=&#8221;0px&#8221; link_text_shadow_vertical_length_tablet=&#8221;0px&#8221; link_text_shadow_blur_strength_tablet=&#8221;1px&#8221; ul_text_shadow_horizontal_length_tablet=&#8221;0px&#8221; ul_text_shadow_vertical_length_tablet=&#8221;0px&#8221; ul_text_shadow_blur_strength_tablet=&#8221;1px&#8221; ol_text_shadow_horizontal_length_tablet=&#8221;0px&#8221; ol_text_shadow_vertical_length_tablet=&#8221;0px&#8221; ol_text_shadow_blur_strength_tablet=&#8221;1px&#8221; quote_text_shadow_horizontal_length_tablet=&#8221;0px&#8221; quote_text_shadow_vertical_length_tablet=&#8221;0px&#8221; quote_text_shadow_blur_strength_tablet=&#8221;1px&#8221; header_text_shadow_horizontal_length_tablet=&#8221;0px&#8221; header_text_shadow_vertical_length_tablet=&#8221;0px&#8221; header_text_shadow_blur_strength_tablet=&#8221;1px&#8221; header_2_text_shadow_horizontal_length_tablet=&#8221;0px&#8221; header_2_text_shadow_vertical_length_tablet=&#8221;0px&#8221; header_2_text_shadow_blur_strength_tablet=&#8221;1px&#8221; header_3_text_shadow_horizontal_length_tablet=&#8221;0px&#8221; header_3_text_shadow_vertical_length_tablet=&#8221;0px&#8221; header_3_text_shadow_blur_strength_tablet=&#8221;1px&#8221; header_4_text_shadow_horizontal_length_tablet=&#8221;0px&#8221; header_4_text_shadow_vertical_length_tablet=&#8221;0px&#8221; header_4_text_shadow_blur_strength_tablet=&#8221;1px&#8221; header_5_text_shadow_horizontal_length_tablet=&#8221;0px&#8221; header_5_text_shadow_vertical_length_tablet=&#8221;0px&#8221; header_5_text_shadow_blur_strength_tablet=&#8221;1px&#8221; header_6_text_shadow_horizontal_length_tablet=&#8221;0px&#8221; header_6_text_shadow_vertical_length_tablet=&#8221;0px&#8221; header_6_text_shadow_blur_strength_tablet=&#8221;1px&#8221; box_shadow_horizontal_tablet=&#8221;0px&#8221; box_shadow_vertical_tablet=&#8221;0px&#8221; box_shadow_blur_tablet=&#8221;40px&#8221; box_shadow_spread_tablet=&#8221;0px&#8221; global_colors_info=&#8221;{}&#8221; sticky_enabled=&#8221;0&#8243;]<\/p>\n<h2>Actividades extraescolares<\/h2>\n<p><span style=\"color: #555555\"><span style=\"font-family: Verdana, sans-serif\"><span style=\"font-size: small\">Los centros docentes p\u00fablicos que impartan segundo ciclo de educaci\u00f3n infantil, educaci\u00f3n primaria y educaci\u00f3n secundaria podr\u00e1n mantener abiertas sus instalaciones hasta las 18:00 horas con la finalidad de programar actividades de apoyo y refuerzo, dirigidas al alumnado que presente dificultades de aprendizaje, y ofrecer actividades extraescolares que aborden aspectos formativos de inter\u00e9s para el alumnado: idiomas, tecnolog\u00edas de la informaci\u00f3n y comunicaci\u00f3n, talleres de lectura y escritura, actividades de estudio dirigido, actividades formativas y de ocio, deportivas, art\u00edsticas, etc.<\/span><\/span><\/span><\/p>\n<p><span style=\"color: #555555\"><span style=\"font-family: Verdana, sans-serif\"><span style=\"font-size: small\">Las actividades extraescolares tienen un car\u00e1cter voluntario para el alumnado y en ning\u00fan caso forman parte del proceso de evaluaci\u00f3n del alumnado. La atenci\u00f3n a este tipo de alumnado se realiza con personal que cuenta con la formaci\u00f3n y cualificaci\u00f3n adecuada a las actividades a desarrollar.<\/span><\/span><\/span><\/p>\n<p>&nbsp;<\/p>\n<h2>PROA&nbsp;<\/h2>\n<p><span style=\"color: #555555\"><span style=\"font-family: Verdana, sans-serif\"><span style=\"font-size: small\">El PROA Andaluc\u00eda se concibe como un conjunto de actuaciones dirigidas a mejorar el grado de adquisici\u00f3n de las competencias clave y la motivaci\u00f3n del alumnado con necesidades espec\u00edficas de apoyo educativo por precisar acciones de car\u00e1cter compensatorio, que en el caso del alumnado de origen extranjero, adem\u00e1s, pretenden conseguir un nivel adecuado de uso del espa\u00f1ol como lengua vehicular. Dichas acciones est\u00e1n dirigidas a evitar el riesgo de abandono temprano del sistema educativo, y complementar las acciones encaminadas a la mejora del \u00e9xito escolar, que se desarrollan en los centros docentes p\u00fablicos andaluces.<\/span><\/span><\/span><\/p>\n<p><span style=\"color: #555555\"><span style=\"font-family: Verdana, sans-serif\"><span style=\"font-size: small\">Con car\u00e1cter general, el alumnado al que se dirige el PROA Andaluc\u00eda ser\u00e1 el escolarizado en aquellos centros p\u00fablicos dependientes de la Consejer\u00eda de Educaci\u00f3n y Deporte de la Junta de Andaluc\u00eda que cada Delegaci\u00f3n Territorial de Educaci\u00f3n y Deporte, proponga cada curso de entre aquellos que impartan las ense\u00f1anzas de Educaci\u00f3n Primaria y Educaci\u00f3n Secundaria Obligatoria y que escolaricen a un n\u00famero significativo de alumnos y alumnas con necesidades espec\u00edficas de apoyo educativo por precisar acciones de car\u00e1cter compensatorio. Cada una de las actuaciones que componen el PROA Andaluc\u00eda cuenta con requisitos espec\u00edficos en relaci\u00f3n con el alumnado destinatario.<\/span><\/span><\/span><\/p>\n<p>&nbsp;<\/p>\n<h2>PALE &#8211; Acompa\u00f1amiento escolar en lengua extranjera en primaria<\/h2>\n<p><span style=\"color: #666666\"><span style=\"font-family: inherit, serif\"><span style=\"font-size: large\">El Programa tiene como objetivo el apoyo del aprendizaje de la primera lengua extranjera incidiendo en la comprensi\u00f3n y expresi\u00f3n oral para mejorar la competencia del alumnado.<\/span><\/span><\/span><\/p>\n<p><span style=\"color: #666666\"><span style=\"font-family: inherit, serif\"><span style=\"font-size: large\">Est\u00e1 dirigido al alumnado de&nbsp;<\/span><\/span><\/span><span style=\"color: #666666\"><span style=\"font-family: inherit, serif\"><span style=\"font-size: large\"><b>1\u00ba a 3\u00ba de Primaria<\/b><\/span><\/span><\/span><span style=\"color: #666666\"><span style=\"font-family: inherit, serif\"><span style=\"font-size: large\">&nbsp;de centros escolares no biling\u00fces.<\/span><\/span><\/span><\/p>\n<p><span style=\"color: #666666\"><span style=\"font-family: inherit, serif\"><span style=\"font-size: large\">El Acompa\u00f1amiento se lleva a cabo en horario extraescolar.<\/span><\/span><\/span><\/p>\n<p>[\/et_pb_text][\/et_pb_column][\/et_pb_row][\/et_pb_section]<\/p>\n","protected":false},"excerpt":{"rendered":"<p>Actividades extraescolares Los centros docentes p\u00fablicos que impartan segundo ciclo de educaci\u00f3n infantil, educaci\u00f3n primaria y educaci\u00f3n secundaria podr\u00e1n mantener abiertas sus instalaciones hasta las 18:00 horas con la finalidad de programar actividades de apoyo y refuerzo, dirigidas al alumnado que presente dificultades de aprendizaje, y ofrecer actividades extraescolares que aborden aspectos formativos de inter\u00e9s [&hellip;]<\/p>\n","protected":false},"author":13845,"featured_media":0,"parent":0,"menu_order":0,"comment_status":"closed","ping_status":"closed","template":"","meta":{"_et_pb_use_builder":"on","_et_pb_old_content":"","_et_gb_content_width":"","ngg_post_thumbnail":0,"footnotes":""},"aioseo_notices":[],"_links":{"self":[{"href":"https:\/\/blogsaverroes.juntadeandalucia.es\/ceipauroramoreno\/wp-json\/wp\/v2\/pages\/836"}],"collection":[{"href":"https:\/\/blogsaverroes.juntadeandalucia.es\/ceipauroramoreno\/wp-json\/wp\/v2\/pages"}],"about":[{"href":"https:\/\/blogsaverroes.juntadeandalucia.es\/ceipauroramoreno\/wp-json\/wp\/v2\/types\/page"}],"author":[{"embeddable":true,"href":"https:\/\/blogsaverroes.juntadeandalucia.es\/ceipauroramoreno\/wp-json\/wp\/v2\/users\/13845"}],"replies":[{"embeddable":true,"href":"https:\/\/blogsaverroes.juntadeandalucia.es\/ceipauroramoreno\/wp-json\/wp\/v2\/comments?post=836"}],"version-history":[{"count":2,"href":"https:\/\/blogsaverroes.juntadeandalucia.es\/ceipauroramoreno\/wp-json\/wp\/v2\/pages\/836\/revisions"}],"predecessor-version":[{"id":1109,"href":"https:\/\/blogsaverroes.juntadeandalucia.es\/ceipauroramoreno\/wp-json\/wp\/v2\/pages\/836\/revisions\/1109"}],"wp:attachment":[{"href":"https:\/\/blogsaverroes.juntadeandalucia.es\/ceipauroramoreno\/wp-json\/wp\/v2\/media?parent=836"}],"curies":[{"name":"wp","href":"https:\/\/api.w.org\/{rel}","templated":true}]}}