{"id":2912,"date":"2018-01-10T09:52:05","date_gmt":"2018-01-10T07:52:05","guid":{"rendered":"http:\/\/blogsaverroes.juntadeandalucia.es\/ceipaznaitin\/?page_id=2912"},"modified":"2018-01-10T10:20:26","modified_gmt":"2018-01-10T08:20:26","slug":"ciencias-sociales-tema-3","status":"publish","type":"page","link":"https:\/\/blogsaverroes.juntadeandalucia.es\/ceipaznaitin\/ciencias-sociales-tema-3\/","title":{"rendered":"Ciencias Sociales 1\u00ba Tema 3"},"content":{"rendered":"<p><strong>Tierra adentro<\/strong><\/p>\n<p><a style=\"font-size: 14px;line-height: 22.4px;text-align: -webkit-center\" href=\"http:\/\/conteni2.educarex.es\/mats\/11368\/contenido\/index2.html\" target=\"_blank\" rel=\"noopener\">VOLVIENDO A CASA<\/a><\/p>\n<p><a style=\"font-size: 14px;line-height: 22.4px;text-align: -webkit-center\" href=\"http:\/\/agrega.educa.madrid.org\/repositorio\/04112010\/e7\/es-ma_2010110412_9125553\/index.html\" target=\"_blank\" rel=\"noopener\">\u00bfQU\u00c9 ES EL PAISAJE?<\/a><\/p>\n<p><a style=\"font-size: 14px;line-height: 22.4px;text-align: -webkit-center\" href=\"http:\/\/agrega.educa.madrid.org\/repositorio\/21052010\/34\/es-ma_2010052112_9121429\/index.html\" target=\"_blank\" rel=\"noopener\">\u00bfQU\u00c9 SENSACIONES NOS PROPORCIONA EL PAISAJE?<\/a><\/p>\n<p><a style=\"font-size: 14px;line-height: 22.4px;text-align: -webkit-center\" href=\"http:\/\/www.ceiploreto.es\/sugerencias\/cp.juan.de.la.cosa\/Actividades%20PDI%20Cono\/01\/11\/01\/011101.swf\" target=\"_blank\" rel=\"noopener\">ELEMENTOS DEL PAISAJE 1<\/a><\/p>\n<p><a style=\"font-size: 14px;line-height: 22.4px;text-align: -webkit-center\" href=\"http:\/\/agrega2.red.es\/\/repositorio\/01022010\/a0\/es_2009063012_7240041\/index.html\" target=\"_blank\" rel=\"noopener\">PAISAJE DE MONTA\u00d1A<\/a><\/p>\n<p><a style=\"font-size: 14px;line-height: 22.4px;text-align: -webkit-center\" href=\"http:\/\/www3.gobiernodecanarias.org\/medusa\/agrega\/repositorio\/10052010\/a2\/es-ic_2010051012_9122152\/index.html\" target=\"_blank\" rel=\"noopener\">PAISAJE DE MONTA\u00d1A<\/a><\/p>\n<p><a style=\"font-size: 14px;line-height: 22.4px;text-align: -webkit-center\" href=\"http:\/\/www.ceiploreto.es\/sugerencias\/cp.juan.de.la.cosa\/1_2\/cono\/actividades\/11\/01\/visor.html\" target=\"_blank\" rel=\"noopener\">CONTEMPLAMOS EL PAISAJE<\/a><\/p>\n<p><a style=\"font-size: 14px;line-height: 22.4px;text-align: -webkit-center\" href=\"http:\/\/www.ceiploreto.es\/sugerencias\/cp.juan.de.la.cosa\/1_2\/cono\/actividades\/11\/02\/visor.html\" target=\"_blank\" rel=\"noopener\">PAISAJES DE MONTA\u00d1A<\/a><\/p>\n<p><a style=\"font-size: 14px;line-height: 22.4px;text-align: -webkit-center\" href=\"http:\/\/primerodecarlos.com\/primerodecarlos.blogspot.com\/abril\/elementos_naturales_artificiales\/visor.swf\" target=\"_blank\" rel=\"noopener\">ELEMENTOS DEL PAISAJE 2<\/a><\/p>\n<p><a style=\"font-size: 14px;line-height: 22.4px;text-align: -webkit-center\" href=\"http:\/\/www.ceiploreto.es\/sugerencias\/cp.juan.de.la.cosa\/Actividades%20PDI%20Cono\/01\/11\/02\/011102.swf\" target=\"_blank\" rel=\"noopener\">PAISAJES DE LLANURA<\/a><\/p>\n<p><a style=\"font-size: 14px;line-height: 22.4px;text-align: -webkit-center\" href=\"http:\/\/www3.gobiernodecanarias.org\/medusa\/agrega\/repositorio\/10052010\/16\/es-ic_2010051012_9122032\/index.html\" target=\"_blank\" rel=\"noopener\">PAISAJE DE LLANURA I<\/a><\/p>\n<p><a style=\"font-size: 14px;line-height: 22.4px;text-align: -webkit-center\" href=\"http:\/\/agrega2.red.es\/\/repositorio\/01022010\/4e\/es_2009063012_7240042\/index.html\" target=\"_blank\" rel=\"noopener\">PAISAJE DE LLANURA II<\/a><\/p>\n<p><a style=\"font-size: 14px;line-height: 22.4px;text-align: -webkit-center\" href=\"http:\/\/primerodecarlos.com\/primerodecarlos.blogspot.com\/abril\/paisaje_interior.swf\" target=\"_blank\" rel=\"noopener\">EL PAISAJE DE INTERIOR 1<\/a><\/p>\n<p><a style=\"font-size: 14px;line-height: 22.4px;text-align: -webkit-center\" href=\"http:\/\/primerodecarlos.com\/primerodecarlos.blogspot.com\/abril\/paisaje_interior2.swf\" target=\"_blank\" rel=\"noopener\">EL PAISAJE DE INTERIOR 2<\/a><\/p>\n<p><strong>Vamos a la playa<\/strong><\/p>\n<p><a style=\"font-size: 14px;line-height: 22.4px;text-align: -webkit-center\" href=\"http:\/\/www.ceiploreto.es\/sugerencias\/cp.juan.de.la.cosa\/Actividades%20PDI%20Cono\/01\/11\/04\/011104.swf\" target=\"_blank\" rel=\"noopener\">PAISAJES DE COSTA<\/a><\/p>\n<p><a style=\"font-size: 14px;line-height: 22.4px;text-align: -webkit-center\" href=\"http:\/\/www.ceiploreto.es\/sugerencias\/cp.juan.de.la.cosa\/Actividades%20PDI%20Cono\/01\/11\/05\/011105.swf\" target=\"_blank\" rel=\"noopener\">LA COSTA Y EL MAR<\/a><\/p>\n<p><a style=\"font-size: 14px;line-height: 22.4px;text-align: -webkit-center\" href=\"http:\/\/www3.gobiernodecanarias.org\/medusa\/agrega\/repositorio\/10052010\/e0\/es-ic_2010051012_9122003\/index.html\" target=\"_blank\" rel=\"noopener\">PAISAJE DE COSTA I<\/a><\/p>\n<p><a style=\"font-size: 14px;line-height: 22.4px;text-align: -webkit-center\" href=\"http:\/\/agrega2.red.es\/\/repositorio\/01022010\/d0\/es_2009063012_7240043\/index.html\" target=\"_blank\" rel=\"noopener\">PAISAJE DE COSTA II<\/a><\/p>\n<p><a style=\"font-size: 14px;line-height: 22.4px;text-align: -webkit-center\" href=\"http:\/\/www.ceiploreto.es\/sugerencias\/cp.juan.de.la.cosa\/Actividades%20PDI%20Cono\/01\/07\/01\/010701.swf\" target=\"_blank\" rel=\"noopener\">EL AGUA EN LA NATURALEZA<\/a><\/p>\n<p><a style=\"font-size: 14px;line-height: 22.4px;text-align: -webkit-center\" href=\"http:\/\/www.ceiploreto.es\/sugerencias\/cp.juan.de.la.cosa\/Actividades%20PDI%20Cono\/01\/07\/04\/010704.swf\" target=\"_blank\" rel=\"noopener\">AGUA DULCE Y SALADA<\/a><\/p>\n<p><a style=\"font-size: 14px;line-height: 22.4px;text-align: -webkit-center\" href=\"http:\/\/www.primaria.librosvivos.net\/archivosCMS\/3\/3\/16\/usuarios\/103294\/9\/1epcmcp_ud8_a1_cas\/actividad.swf\" target=\"_blank\" rel=\"noopener\">CONOZCO LOS TIPOS DE PAISAJES<\/a><\/p>\n<p><a style=\"font-size: 14px;line-height: 22.4px;text-align: -webkit-center\" href=\"http:\/\/www.ceiploreto.es\/sugerencias\/cp.juan.de.la.cosa\/1_2\/cono\/actividades\/11\/06\/visor.html\" target=\"_blank\" rel=\"noopener\">TIPOS DE PAISAJE<\/a><\/p>\n<p><a style=\"font-size: 14px;line-height: 22.4px;text-align: -webkit-center\" href=\"http:\/\/primerodecarlos.com\/primerodecarlos.blogspot.com\/abril\/repaso_paisaje.swf\" target=\"_blank\" rel=\"noopener\">EL PAISAJE<\/a><\/p>\n<p><strong>Cambiamos el paisaje<\/strong><\/p>\n<p><a style=\"font-size: 14px;line-height: 22.4px;text-align: -webkit-center\" href=\"http:\/\/agrega.educa.madrid.org\/repositorio\/21052010\/f4\/es-ma_2010052112_9121922\/index.html\" target=\"_blank\" rel=\"noopener\">EL SER HUMANO MODIFICA EL PAISAJE<\/a><\/p>\n<p><a style=\"font-size: 14px;line-height: 22.4px;text-align: -webkit-center\" href=\"http:\/\/www.primaria.librosvivos.net\/archivosCMS\/3\/3\/16\/usuarios\/103294\/9\/1p_cuidamos_del_entorno_cas\/cargadorALPIXEL.swf\" target=\"_blank\" rel=\"noopener\">CAMBIOS EN LOS PAISAJES<\/a><\/p>\n<p><a style=\"font-size: 14px;line-height: 22.4px;text-align: -webkit-center\" href=\"http:\/\/conteni2.educarex.es\/mats\/62014\/contenido\/\" target=\"_blank\" rel=\"noopener\">LOS CAMBIOS DEL PAISAJE<\/a><\/p>\n<p><strong>La Tierra es de todos<\/strong><\/p>\n<p><a style=\"font-size: 14px;line-height: 22.4px;text-align: -webkit-center\" href=\"http:\/\/agrega.educa.madrid.org\/repositorio\/21052010\/74\/es-ma_2010052112_9121852\/index.html\" target=\"_blank\" rel=\"noopener\">\u00bfC\u00d3MO PODEMOS CONSERVAR EL PAISAJE?<\/a><\/p>\n<p><strong>Conocemos nuestro paisaje<\/strong><\/p>\n<p><a href=\"http:\/\/www.primaria.librosvivos.net\/archivosCMS\/3\/3\/16\/usuarios\/103294\/9\/1epcmcp_ud8_a3_cas_Investigo\/index.htm\" target=\"_blank\" rel=\"noopener\">\u00bfC\u00d3MO PUEDO REPRESENTAR LOS ELEMENTOS DE UN PAISAJE?<\/a><\/p>\n<p><strong>El agua, un tesoro escaso<\/strong><\/p>\n<p><a style=\"font-size: 14px;line-height: 22.4px;text-align: -webkit-center\" href=\"http:\/\/nea.educastur.princast.es\/repositorio\/RECURSO_ZIP\/1_ibcmass_u02_medio\/index.html\" target=\"_blank\" rel=\"noopener\">EL PAISAJE<\/a><\/p>\n<p><a style=\"font-size: 14px;line-height: 22.4px;text-align: -webkit-center\" href=\"http:\/\/www.primaria.librosvivos.net\/archivosCMS\/3\/3\/16\/usuarios\/103294\/9\/1epcmcp_ud8_a4_cas\/index.htm\" target=\"_blank\" rel=\"noopener\">REPASO<\/a><\/p>\n","protected":false},"excerpt":{"rendered":"<p>Tierra adentro VOLVIENDO A CASA \u00bfQU\u00c9 ES EL PAISAJE? \u00bfQU\u00c9 SENSACIONES NOS PROPORCIONA EL PAISAJE? ELEMENTOS DEL PAISAJE 1 PAISAJE DE MONTA\u00d1A PAISAJE DE MONTA\u00d1A CONTEMPLAMOS EL PAISAJE PAISAJES DE MONTA\u00d1A ELEMENTOS DEL PAISAJE 2 PAISAJES DE LLANURA PAISAJE DE LLANURA I PAISAJE DE LLANURA II EL PAISAJE DE INTERIOR 1 EL PAISAJE DE INTERIOR &hellip; <\/p>\n<p><a class=\"more-link btn\" href=\"https:\/\/blogsaverroes.juntadeandalucia.es\/ceipaznaitin\/ciencias-sociales-tema-3\/\">Seguir leyendo<\/a><\/p>\n","protected":false},"author":2805,"featured_media":0,"parent":0,"menu_order":0,"comment_status":"closed","ping_status":"closed","template":"","meta":{"ngg_post_thumbnail":0,"footnotes":"","_mc_calendar":[]},"aioseo_notices":[],"_links":{"self":[{"href":"https:\/\/blogsaverroes.juntadeandalucia.es\/ceipaznaitin\/wp-json\/wp\/v2\/pages\/2912"}],"collection":[{"href":"https:\/\/blogsaverroes.juntadeandalucia.es\/ceipaznaitin\/wp-json\/wp\/v2\/pages"}],"about":[{"href":"https:\/\/blogsaverroes.juntadeandalucia.es\/ceipaznaitin\/wp-json\/wp\/v2\/types\/page"}],"author":[{"embeddable":true,"href":"https:\/\/blogsaverroes.juntadeandalucia.es\/ceipaznaitin\/wp-json\/wp\/v2\/users\/2805"}],"replies":[{"embeddable":true,"href":"https:\/\/blogsaverroes.juntadeandalucia.es\/ceipaznaitin\/wp-json\/wp\/v2\/comments?post=2912"}],"version-history":[{"count":8,"href":"https:\/\/blogsaverroes.juntadeandalucia.es\/ceipaznaitin\/wp-json\/wp\/v2\/pages\/2912\/revisions"}],"predecessor-version":[{"id":2933,"href":"https:\/\/blogsaverroes.juntadeandalucia.es\/ceipaznaitin\/wp-json\/wp\/v2\/pages\/2912\/revisions\/2933"}],"wp:attachment":[{"href":"https:\/\/blogsaverroes.juntadeandalucia.es\/ceipaznaitin\/wp-json\/wp\/v2\/media?parent=2912"}],"curies":[{"name":"wp","href":"https:\/\/api.w.org\/{rel}","templated":true}]}}