{"id":3290,"date":"2018-01-22T18:05:11","date_gmt":"2018-01-22T16:05:11","guid":{"rendered":"http:\/\/blogsaverroes.juntadeandalucia.es\/ceipaznaitin\/?page_id=3290"},"modified":"2018-01-23T12:03:11","modified_gmt":"2018-01-23T10:03:11","slug":"lengua-5o-tema-6","status":"publish","type":"page","link":"https:\/\/blogsaverroes.juntadeandalucia.es\/ceipaznaitin\/lengua-5o-tema-6\/","title":{"rendered":"Lengua Castellana 5\u00ba Tema 6"},"content":{"rendered":"<p><strong>Contar una noticia<\/strong><\/p>\n<p><strong>Los determinantes I. El art\u00edculo y el demostrativo<\/strong><\/p>\n<p><a style=\"font-size: 14px;line-height: 22.4px;text-align: -webkit-center\" href=\"http:\/\/www.librosvivos.net\/smtc\/homeTC.asp?TemaClave=1012\" target=\"_blank\" rel=\"noopener\">LOS DETERMINANTES I<\/a><\/p>\n<p><a style=\"font-size: 14px;line-height: 22.4px;text-align: -webkit-center\" href=\"http:\/\/www.ceiploreto.es\/sugerencias\/A_2\/repositorio\/0\/58\/html\/datos\/01_Lengua\/actividades\/U06\/0603_01.htm\" target=\"_blank\" rel=\"noopener\">LOS DETERMINANTES II<\/a><\/p>\n<p><a style=\"font-size: 14px;line-height: 22.4px;text-align: -webkit-center\" href=\"http:\/\/www.ceiploreto.es\/sugerencias\/A_2\/repositorio\/0\/58\/html\/datos\/01_Lengua\/actividades\/U06\/0603_02.htm\" target=\"_blank\" rel=\"noopener\">LOS DETERMINANTES III<\/a><\/p>\n<p><a style=\"font-size: 14px;line-height: 22.4px;text-align: -webkit-center\" href=\"http:\/\/www.primaria.librosvivos.net\/archivosCMS\/3\/3\/16\/usuarios\/103294\/9\/5EP_Len_cas_ud6_articulosydemostrativos\/frame_prim.swf\" target=\"_blank\" rel=\"noopener\">LOS DETERMINANTES IV<\/a><\/p>\n<p><a style=\"font-size: 14px;line-height: 22.4px;text-align: -webkit-center\" href=\"http:\/\/www.ceiploreto.es\/sugerencias\/cplosangeles.juntaextremadura.net\/web\/lengua6\/demostrativos\/indice.htm\" target=\"_blank\" rel=\"noopener\">LOS DEMOSTRATIVOS<\/a><\/p>\n<p><a style=\"font-size: 14px;line-height: 22.4px;text-align: -webkit-center\" href=\"http:\/\/centros3.pntic.mec.es\/cp.antonio.de.ulloa\/webactivhotpot\/raiz\/Hot%20Pot\/lengua6\/demostrativos\/demostratmatch.htm\" target=\"_blank\" rel=\"noopener\">LOS DEMOSTRATIVOS II<\/a><\/p>\n<p><a style=\"font-size: 14px;line-height: 22.4px;text-align: -webkit-center\" href=\"http:\/\/www.ceiploreto.es\/sugerencias\/cplosangeles.juntaextremadura.net\/web\/lengua5\/articulo\/indice.htm\" target=\"_blank\" rel=\"noopener\">EL ART\u00cdCULO<\/a><\/p>\n<p><a style=\"font-size: 14px;line-height: 22.4px;text-align: -webkit-center\" href=\"http:\/\/www.cervantesvirtual.com\/portal\/signos\/linguistica\/gcelse\/swf\/leccion02.swf\" target=\"_blank\" rel=\"noopener\">EL ART\u00cdCULO: FUNCIONES GRAMATICALES Y USOS<\/a><\/p>\n<p><a style=\"font-size: 14px;line-height: 22.4px;text-align: -webkit-center\" href=\"http:\/\/agrega2.red.es\/\/repositorio\/01022010\/2e\/es_2008112812_7250092\/index.html\" target=\"_blank\" rel=\"noopener\">ART\u00cdCULO<\/a><\/p>\n<p><a style=\"font-size: 14px;line-height: 22.4px;text-align: -webkit-center\" href=\"http:\/\/roble.pntic.mec.es\/~msanto1\/lengua\/1determi.htm\" target=\"_blank\" rel=\"noopener\">EL ART\u00cdCULO Y LOS DETERMINANTES<\/a><\/p>\n<p><a style=\"font-size: 14px;line-height: 22.4px;text-align: -webkit-center\" href=\"http:\/\/www.ceiploreto.es\/sugerencias\/cplosangeles.juntaextremadura.net\/web\/edilim\/tercer_ciclo\/lengua\/los_determinantes\/articulos\/articulos.html\" target=\"_blank\" rel=\"noopener\">EL ART\u00cdCULO III<\/a><\/p>\n<p><a style=\"font-size: 14px;line-height: 22.4px;text-align: -webkit-center\" href=\"http:\/\/www.ceiploreto.es\/sugerencias\/cplosangeles.juntaextremadura.net\/web\/edilim\/tercer_ciclo\/lengua\/los_determinantes\/los_demostrativos\/los_demostrativos.html\" target=\"_blank\" rel=\"noopener\">LOS DEMOSTRATIVOS III<\/a><\/p>\n<p><a style=\"font-size: 14px;line-height: 22.4px;text-align: -webkit-center\" href=\"http:\/\/www.ceiploreto.es\/sugerencias\/cplosangeles.juntaextremadura.net\/web\/lengua_tercer_ciclo\/gramatica\/articulo\/articulo01.htm\" target=\"_blank\" rel=\"noopener\">EL ART\u00cdCULO IV<\/a><\/p>\n<p><a style=\"font-size: 14px;line-height: 22.4px;text-align: -webkit-center\" href=\"http:\/\/bromera.com\/tl_files\/activitatsdigitals\/Tilde_5_PA\/Tilde5_p033_act1\/index.html\" target=\"_blank\" rel=\"noopener\">CLASIFICA LOS DETERMINANTES<br \/>\n<\/a><\/p>\n<p><strong>Las palabras simples y las compuestas<\/strong><\/p>\n<p><a style=\"font-size: 14px;line-height: 22.4px;text-align: -webkit-center\" href=\"http:\/\/www.xtec.net\/~jgenover\/compos4.htm\" target=\"_blank\" rel=\"noopener\">LOS COMPUESTOS CULTOS<\/a><\/p>\n<p><a style=\"font-size: 14px;line-height: 22.4px;text-align: -webkit-center\" href=\"http:\/\/roble.pntic.mec.es\/~msanto1\/lengua\/compues.htm\" target=\"_blank\" rel=\"noopener\">PALABRAS COMPUESTAS I<\/a><\/p>\n<p><a style=\"font-size: 14px;line-height: 22.4px;text-align: -webkit-center\" href=\"http:\/\/www.ceiploreto.es\/sugerencias\/A_2\/repositorio\/0\/58\/html\/datos\/01_Lengua\/actividades\/U10\/1001_01.htm\" target=\"_blank\" rel=\"noopener\">PALABRAS COMPUESTAS II<\/a><\/p>\n<p><a style=\"font-size: 14px;line-height: 22.4px;text-align: -webkit-center\" href=\"http:\/\/www.ceiploreto.es\/sugerencias\/A_2\/repositorio\/0\/58\/html\/datos\/01_Lengua\/actividades\/U10\/1001_02.htm\" target=\"_blank\" rel=\"noopener\">PALABRAS COMPUESTAS III<\/a><\/p>\n<p><a style=\"font-size: 14px;line-height: 22.4px;text-align: -webkit-center\" href=\"http:\/\/www.ceiploreto.es\/sugerencias\/A_2\/repositorio\/0\/56\/html\/datos\/01_Lengua\/act\/U03\/0302_01.htm\" target=\"_blank\" rel=\"noopener\">PALABRAS COMPUESTAS IV<\/a><\/p>\n<p><a style=\"font-size: 14px;line-height: 22.4px;text-align: -webkit-center\" href=\"http:\/\/www.ceiploreto.es\/sugerencias\/A_2\/repositorio\/0\/56\/html\/datos\/01_Lengua\/act\/U03\/0302_02.htm\" target=\"_blank\" rel=\"noopener\">PALABRAS COMPUESTAS V<\/a><\/p>\n<p><a style=\"font-size: 14px;line-height: 22.4px;text-align: -webkit-center\" href=\"http:\/\/www.escueladeverano.net\/lengua\/todo\/ejercicios_interactivos\/unidad_5\/lexemas\/vocabulario_lexema.html\" target=\"_blank\" rel=\"noopener\">PALABRAS DERIVADAS Y PALABRAS COMPUESTAS<\/a><\/p>\n<p><a style=\"font-size: 14px;line-height: 22.4px;text-align: -webkit-center\" href=\"http:\/\/www.educa.jcyl.es\/educacyl\/cm\/gallery\/recursos_odes\/2007\/lengua\/lc007_es\/\/lc007_oa04_es\/index.html\" target=\"_blank\" rel=\"noopener\">PALABRAS NUEVAS POR COMPOSICI\u00d3N<\/a><\/p>\n<p><a style=\"font-size: 14px;line-height: 22.4px;text-align: -webkit-center\" href=\"http:\/\/www.ceiploreto.es\/sugerencias\/cplosangeles.juntaextremadura.net\/web\/edilim\/tercer_ciclo\/lengua\/vocabulario\/simples_compuestas\/simples_compuestas.html\" target=\"_blank\" rel=\"noopener\">PALABRAS SIMPLES Y COMPUESTAS<\/a><\/p>\n<p><a style=\"font-size: 14px;line-height: 22.4px;text-align: -webkit-center\" href=\"http:\/\/bromera.com\/tl_files\/activitatsdigitals\/Tilde_5_PA\/Tilde5_p071_act5_21\/index.html\" target=\"_blank\" rel=\"noopener\">FORMA PALABRAS COMPUESTAS<\/a><\/p>\n<p><a style=\"font-size: 14px;line-height: 22.4px;text-align: -webkit-center\" href=\"http:\/\/bromera.com\/tl_files\/activitatsdigitals\/Tilde_5_PA\/Tilde5_p077_acTilde5_13\/index.html\" target=\"_blank\" rel=\"noopener\">CLASIFICA LAS PALABRAS<\/a><\/p>\n<p><a style=\"font-size: 14px;line-height: 22.4px;text-align: -webkit-center\" href=\"http:\/\/www.ceiploreto.es\/sugerencias\/cplosangeles.juntaextremadura.net\/web\/lengua_tercer_ciclo\/vocabulario\/simples_compuestas\/simples01.htm\" target=\"_blank\" rel=\"noopener\">PALABRAS SIMPLES Y COMPUESTAS II<\/a><\/p>\n<p><strong>Las palabras con h<\/strong><\/p>\n<p><a style=\"font-size: 14px;line-height: 22.4px;text-align: -webkit-center\" href=\"http:\/\/roble.pntic.mec.es\/~msanto1\/ortografia\/\" target=\"_blank\" rel=\"noopener\">TEOR\u00cdA Y EJERCICIOS<\/a><\/p>\n<p><a style=\"font-size: 14px;line-height: 22.4px;text-align: -webkit-center\" href=\"http:\/\/concurso.cnice.mec.es\/cnice2006\/material100\/index.htm\" target=\"_blank\" rel=\"noopener\">EJERCICIOS DE ORTOGRAF\u00cdA<\/a><\/p>\n<p><a style=\"font-size: 14px;line-height: 22.4px;text-align: -webkit-center\" href=\"http:\/\/www.ceiploreto.es\/sugerencias\/A_2\/repositorio\/0\/58\/html\/datos\/01_Lengua\/actividades\/U12\/1202.htm\" target=\"_blank\" rel=\"noopener\">USO DE LA H I<\/a><\/p>\n<p><a style=\"font-size: 14px;line-height: 22.4px;text-align: -webkit-center\" href=\"http:\/\/www.reglasdeortografia.com\/h09repaso01.html\" target=\"_blank\" rel=\"noopener\">USO DE LA H II<\/a><\/p>\n<p><a style=\"font-size: 14px;line-height: 22.4px;text-align: -webkit-center\" href=\"http:\/\/www.eltanquematematico.es\/dictado7\/dictado7_p.html\" target=\"_blank\" rel=\"noopener\">DICTADO: USO DE LA H INTERCALADA<\/a><\/p>\n<p><a style=\"font-size: 14px;line-height: 22.4px;text-align: -webkit-center\" href=\"http:\/\/www.lalenguafuera.hol.es\/Actividades\/Italica\/lim\/Uso_de_H\/Cuidado_con_la_H.html\" target=\"_blank\" rel=\"noopener\">\u00a1CUIDADO CON LA H!<\/a><\/p>\n<p><a style=\"font-size: 14px;line-height: 22.4px;text-align: -webkit-center\" href=\"http:\/\/www.edu365.cat\/primaria\/muds\/castella\/ortografiate\/ortografiate3\/contenido\/sd01\/sd01_oa02\/index.html\" target=\"_blank\" rel=\"noopener\">PALABRAS CON H<\/a><\/p>\n<p><a style=\"font-size: 14px;line-height: 22.4px;text-align: -webkit-center\" href=\"http:\/\/www.ceiploreto.es\/sugerencias\/cplosangeles.juntaextremadura.net\/web\/edilim\/tercer_ciclo\/lengua\/ortografia\/la_h_intercalada\/la_h_intercalada.html\" target=\"_blank\" rel=\"noopener\">LA H INTERCALADA<\/a><\/p>\n<p><a style=\"font-size: 14px;line-height: 22.4px;text-align: -webkit-center\" href=\"http:\/\/www.ceiploreto.es\/sugerencias\/cplosangeles.juntaextremadura.net\/web\/edilim\/tercer_ciclo\/lengua\/ortografia\/uso_de_la_h\/uso_de_la_h.html\" target=\"_blank\" rel=\"noopener\">USO DE LA H III<\/a><\/p>\n<p><a style=\"font-size: 14px;line-height: 22.4px;text-align: -webkit-center\" href=\"http:\/\/www.ceiploreto.es\/sugerencias\/contenidos.educarex.es\/mci\/2006\/08\/html\/indexh.htm\" target=\"_blank\" rel=\"noopener\">ORTOGRAF\u00cdA DE LA H<\/a><\/p>\n<p><a style=\"font-size: 14px;line-height: 22.4px;text-align: -webkit-center\" href=\"http:\/\/conteni2.educarex.es\/mats\/121389\/contenido\/\" target=\"_blank\" rel=\"noopener\">POPI<\/a><\/p>\n<p><a style=\"font-size: 14px;line-height: 22.4px;text-align: -webkit-center\" href=\"http:\/\/bromera.com\/tl_files\/activitatsdigitals\/Tilde_5_PA\/Tilde5_p118_act271\/index.html\" target=\"_blank\" rel=\"noopener\">BUSCA 6 PALABRAS QUE LLEVEN H<\/a><\/p>\n<p><a style=\"font-size: 14px;line-height: 22.4px;text-align: -webkit-center\" href=\"http:\/\/bromera.com\/tl_files\/activitatsdigitals\/Tilde_5_PA\/Tilde5_p118_act513\/index.html\" target=\"_blank\" rel=\"noopener\">CLASIFICA LAS PALABRAS CON H<\/a><\/p>\n<p><a style=\"font-size: 14px;line-height: 22.4px;text-align: -webkit-center\" href=\"http:\/\/www.ceiploreto.es\/sugerencias\/cplosangeles.juntaextremadura.net\/web\/lengua_tercer_ciclo\/ortografia\/uso_h\/usoh01.htm\" target=\"_blank\" rel=\"noopener\">USO DE LA H IV<\/a><\/p>\n<p><a style=\"font-size: 14px;line-height: 22.4px;text-align: -webkit-center\" href=\"http:\/\/www.ceiploreto.es\/sugerencias\/cplosangeles.juntaextremadura.net\/web\/lengua_tercer_ciclo\/ortografia\/h_intercalada\/interh01.htm\" target=\"_blank\" rel=\"noopener\">LA H INTERCALADA II<\/a><\/p>\n<p><strong>La entrevista<\/strong><\/p>\n<p><a style=\"font-size: 14px;line-height: 22.4px;text-align: -webkit-center\" href=\"http:\/\/www.ceiploreto.es\/sugerencias\/Educarchile\/lengua\/7mo_entrevista\/index.html\" target=\"_blank\" rel=\"noopener\">ENTREVISTA<\/a><\/p>\n<p><a style=\"font-size: 14px;line-height: 22.4px;text-align: -webkit-center\" href=\"http:\/\/www.ceiploreto.es\/sugerencias\/Educarchile\/lengua\/odea05_nb4_escuchando_aprendemos\/index.html\" target=\"_blank\" rel=\"noopener\">ESCUCHANDO APRENDEMOS<\/a><\/p>\n<p><a style=\"font-size: 14px;line-height: 22.4px;text-align: -webkit-center\" href=\"http:\/\/www.educa.jcyl.es\/educacyl\/cm\/gallery\/recursos_odes\/2007\/lengua\/lc004_es\/\/lc004_oa05_es\/index.html\" target=\"_blank\" rel=\"noopener\">LA ENTREVISTA I<\/a><\/p>\n<p><a style=\"font-size: 14px;line-height: 22.4px;text-align: -webkit-center\" href=\"http:\/\/agrega.hezkuntza.net\/repositorio\/02032011\/d9\/es-eu_2011022013_1230407\/entrevista\/index.html\" target=\"_blank\" rel=\"noopener\">SD: LA ENTREVISTA II<\/a><\/p>\n<p><a style=\"font-size: 14px;line-height: 22.4px;text-align: -webkit-center\" href=\"http:\/\/agrega.hezkuntza.net\/repositorio\/28022011\/a7\/es-mu_2010022213_1119806\/index.html\" target=\"_blank\" rel=\"noopener\">EL PERI\u00d3DICO DEL AULA: LAS ENTREVISTAS<\/a><\/p>\n<p><a style=\"font-size: 14px;line-height: 22.4px;text-align: -webkit-center\" href=\"http:\/\/www.edu.xunta.es\/espazoAbalar\/sites\/espazoAbalar\/files\/datos\/1302505616\/contido\/index.html\" target=\"_blank\" rel=\"noopener\">EL PERI\u00d3DICO DEL AULA: LAS ENTREVISTAS<\/a><\/p>\n<p><a style=\"font-size: 14px;line-height: 22.4px;text-align: -webkit-center\" href=\"http:\/\/www.ceiploreto.es\/sugerencias\/tic2.sepdf.gob.mx\/scorm\/oas\/esp\/sexto\/28\/esp6_obj28_intro.swf\" target=\"_blank\" rel=\"noopener\">REPORTERO TRABAJANDO<\/a><\/p>\n<p><a style=\"font-size: 14px;line-height: 22.4px;text-align: -webkit-center\" href=\"http:\/\/agrega.educacion.es\/visualizar\/es\/es_2012122013_9091311\/false\" target=\"_blank\" rel=\"noopener\">SD: LA ENTREVISTA (profesorado)<\/a><\/p>\n<p><a style=\"font-size: 14px;line-height: 22.4px;text-align: -webkit-center\" href=\"http:\/\/agrega.educacion.es\/visualizar\/es\/es_2013020813_9114743\/false\" target=\"_blank\" rel=\"noopener\">SD: LA ENTREVISTA (alumnado)<\/a><\/p>\n<p><strong>La narrativa I. El cuento popular<\/strong><\/p>\n<p><a style=\"font-size: 14px;line-height: 22.4px;text-align: -webkit-center\" href=\"http:\/\/www.ceiploreto.es\/sugerencias\/A_2\/repositorio\/0\/58\/html\/datos\/01_Lengua\/actividades\/U10\/1002.htm\" target=\"_blank\" rel=\"noopener\">EL RELATO EN TERCERA PERSONA<\/a><\/p>\n<p><a style=\"font-size: 14px;line-height: 22.4px;text-align: -webkit-center\" href=\"http:\/\/www.ceiploreto.es\/sugerencias\/Educarchile\/lengua\/odea01_nb3_cuentos_con_historia\/index.html\" target=\"_blank\" rel=\"noopener\">CUENTOS CON HISTORIA<\/a><\/p>\n<p><a style=\"font-size: 14px;line-height: 22.4px;text-align: -webkit-center\" href=\"http:\/\/www.ceiploreto.es\/sugerencias\/xtec\/webquest.xtec.cat\/httpdocs\/contescas\/INDEX2.HTM\" target=\"_blank\" rel=\"noopener\">WebQuest: \u00a1CU\u00c9NTAME UN CUENTO!<\/a><\/p>\n<p><a style=\"font-size: 14px;line-height: 22.4px;text-align: -webkit-center\" href=\"http:\/\/www.edu.xunta.es\/espazoAbalar\/sites\/espazoAbalar\/files\/datos\/1294751229\/contido\/index.html\" target=\"_blank\" rel=\"noopener\">TALLER DE CUENTOS<\/a><\/p>\n<p><a style=\"font-size: 14px;line-height: 22.4px;text-align: -webkit-center\" href=\"http:\/\/www.educa.jcyl.es\/educacyl\/cm\/gallery\/recursos_odes\/2007\/lengua\/lc004_es\/\/lc004_oa03_es\/index.html\" target=\"_blank\" rel=\"noopener\">EL CUENTO ORAL<\/a><\/p>\n<p><a style=\"font-size: 14px;line-height: 22.4px;text-align: -webkit-center\" href=\"http:\/\/www.edu.xunta.es\/espazoAbalar\/sites\/espazoAbalar\/files\/datos\/1302506063\/contido\/index.html\" target=\"_blank\" rel=\"noopener\">EL CUENTO<\/a><\/p>\n<p><a style=\"font-size: 14px;line-height: 22.4px;text-align: -webkit-center\" href=\"http:\/\/www.edu.xunta.es\/espazoAbalar\/sites\/espazoAbalar\/files\/datos\/1302260518\/contido\/cuento\/index.html\" target=\"_blank\" rel=\"noopener\">SD: EL CUENTO<\/a><\/p>\n<p><a style=\"font-size: 14px;line-height: 22.4px;text-align: -webkit-center\" href=\"http:\/\/agrega.catedu.es\/repositorio\/17052010\/84\/es-ar_2010051712_9123600\/contenido\/oa.swf\" target=\"_blank\" rel=\"noopener\">LOS CUENTOS POPULARES<\/a><\/p>\n<p><strong>Las ideas principales y secundarias. El subrayado<\/strong><\/p>\n<p><a style=\"font-size: 14px;line-height: 22.4px;text-align: -webkit-center\" href=\"http:\/\/www.ceiploreto.es\/sugerencias\/Educarchile\/lengua\/odea02_nb4_que_dice_idea\/index.html\" target=\"_blank\" rel=\"noopener\">\u00bfQU\u00c9 NOS QUIERE DECIR?<\/a><\/p>\n<p><a style=\"font-size: 14px;line-height: 22.4px;text-align: -webkit-center\" href=\"http:\/\/www.ceiploreto.es\/sugerencias\/juntadeandalucia\/fondolector\/lecturas3\/resumen.swf\" target=\"_blank\" rel=\"noopener\">SE\u00d1ALAR LA IDEA PRINCIPAL DE UN TEXTO<\/a><\/p>\n<p><a style=\"font-size: 14px;line-height: 22.4px;text-align: -webkit-center\" href=\"http:\/\/ntic.educacion.es\/w3\/eos\/MaterialesEducativos\/mem2006\/aprender_estudiar\/index2.html\" target=\"_blank\" rel=\"noopener\">7. SUBRAYAR Y ANOTAR<\/a><\/p>\n","protected":false},"excerpt":{"rendered":"<p>Contar una noticia Los determinantes I. El art\u00edculo y el demostrativo LOS DETERMINANTES I LOS DETERMINANTES II LOS DETERMINANTES III LOS DETERMINANTES IV LOS DEMOSTRATIVOS LOS DEMOSTRATIVOS II EL ART\u00cdCULO EL ART\u00cdCULO: FUNCIONES GRAMATICALES Y USOS ART\u00cdCULO EL ART\u00cdCULO Y LOS DETERMINANTES EL ART\u00cdCULO III LOS DEMOSTRATIVOS III EL ART\u00cdCULO IV CLASIFICA LOS DETERMINANTES Las &hellip; <\/p>\n<p><a class=\"more-link btn\" href=\"https:\/\/blogsaverroes.juntadeandalucia.es\/ceipaznaitin\/lengua-5o-tema-6\/\">Seguir leyendo<\/a><\/p>\n","protected":false},"author":2805,"featured_media":0,"parent":0,"menu_order":0,"comment_status":"closed","ping_status":"closed","template":"","meta":{"ngg_post_thumbnail":0,"footnotes":"","_mc_calendar":[]},"aioseo_notices":[],"_links":{"self":[{"href":"https:\/\/blogsaverroes.juntadeandalucia.es\/ceipaznaitin\/wp-json\/wp\/v2\/pages\/3290"}],"collection":[{"href":"https:\/\/blogsaverroes.juntadeandalucia.es\/ceipaznaitin\/wp-json\/wp\/v2\/pages"}],"about":[{"href":"https:\/\/blogsaverroes.juntadeandalucia.es\/ceipaznaitin\/wp-json\/wp\/v2\/types\/page"}],"author":[{"embeddable":true,"href":"https:\/\/blogsaverroes.juntadeandalucia.es\/ceipaznaitin\/wp-json\/wp\/v2\/users\/2805"}],"replies":[{"embeddable":true,"href":"https:\/\/blogsaverroes.juntadeandalucia.es\/ceipaznaitin\/wp-json\/wp\/v2\/comments?post=3290"}],"version-history":[{"count":8,"href":"https:\/\/blogsaverroes.juntadeandalucia.es\/ceipaznaitin\/wp-json\/wp\/v2\/pages\/3290\/revisions"}],"predecessor-version":[{"id":3310,"href":"https:\/\/blogsaverroes.juntadeandalucia.es\/ceipaznaitin\/wp-json\/wp\/v2\/pages\/3290\/revisions\/3310"}],"wp:attachment":[{"href":"https:\/\/blogsaverroes.juntadeandalucia.es\/ceipaznaitin\/wp-json\/wp\/v2\/media?parent=3290"}],"curies":[{"name":"wp","href":"https:\/\/api.w.org\/{rel}","templated":true}]}}