{"id":3424,"date":"2018-01-24T18:43:40","date_gmt":"2018-01-24T16:43:40","guid":{"rendered":"http:\/\/blogsaverroes.juntadeandalucia.es\/ceipaznaitin\/?page_id=3424"},"modified":"2018-01-24T19:07:23","modified_gmt":"2018-01-24T17:07:23","slug":"matematicas-2o-tema-6","status":"publish","type":"page","link":"https:\/\/blogsaverroes.juntadeandalucia.es\/ceipaznaitin\/matematicas-2o-tema-6\/","title":{"rendered":"Matem\u00e1ticas 2\u00ba Tema 6"},"content":{"rendered":"<p><strong>N\u00fameros del 500 al 599<\/strong><\/p>\n<p><a style=\"font-size: 14px;line-height: 22.4px;text-align: -webkit-center\" href=\"http:\/\/www.ceiploreto.es\/sugerencias\/cp.juan.de.la.cosa\/Actividadespdimates2\/01\/08\/02\/010802.swf\" target=\"_blank\" rel=\"noopener\">LOS N\u00daMEROS DEL 500 AL 599 I<\/a><\/p>\n<p><a style=\"font-size: 14px;line-height: 22.4px;text-align: -webkit-center\" href=\"http:\/\/www.ceiploreto.es\/sugerencias\/cplosangeles.juntaextremadura.net\/web\/segundo_curso\/matematicas_2\/numeros08\/numeros08.html\" target=\"_blank\" rel=\"noopener\">LOS N\u00daMEROS DEL 500 AL 599 II<\/a><\/p>\n<p><a style=\"font-size: 14px;line-height: 22.4px;text-align: -webkit-center\" href=\"http:\/\/www.primerodecarlos.com\/SEGUNDO_PRIMARIA\/enero\/tema1\/actividades\/MATES\/aprende_500_599\/visor.swf\" target=\"_blank\" rel=\"noopener\">APRENDE<\/a><\/p>\n<p><a style=\"font-size: 14px;line-height: 22.4px;text-align: -webkit-center\" href=\"http:\/\/www.primerodecarlos.com\/SEGUNDO_PRIMARIA\/enero\/tema1\/actividades\/MATES\/500_599\/visor.swf\" target=\"_blank\" rel=\"noopener\">COMPLETA LA SERIE<\/a><\/p>\n<p><a style=\"font-size: 14px;line-height: 22.4px;text-align: -webkit-center\" href=\"http:\/\/www.primerodecarlos.com\/SEGUNDO_PRIMARIA\/enero\/tema1\/actividades\/MATES\/500_599-2.swf\" target=\"_blank\" rel=\"noopener\">CLASIFICA LOS N\u00daMEROS Y ORD\u00c9NALOS<\/a><\/p>\n<p><a style=\"font-size: 14px;line-height: 22.4px;text-align: -webkit-center\" href=\"http:\/\/www.primerodecarlos.com\/SEGUNDO_PRIMARIA\/enero\/tema1\/actividades\/MATES\/500_599_2\/visor.swf\" target=\"_blank\" rel=\"noopener\">ESCRIBE LOS N\u00daMEROS PARES DEL 520 AL 538<\/a><\/p>\n<p><a style=\"font-size: 14px;line-height: 22.4px;text-align: -webkit-center\" href=\"http:\/\/www.primerodecarlos.com\/SEGUNDO_PRIMARIA\/enero\/tema1\/actividades\/MATES\/par_impar_2\/visor.swf\" target=\"_blank\" rel=\"noopener\">ESCRIBE LOS N\u00daMEROS IMPARES DEL 571 AL 589<\/a><\/p>\n<p><a style=\"font-size: 14px;line-height: 22.4px;text-align: -webkit-center\" href=\"http:\/\/bromera.com\/tl_files\/activitatsdigitals\/capicua_2c_PF\/CAPICUA2-U5-PAG19-CAS.swf\" target=\"_blank\" rel=\"noopener\">ORDENA LOS N\u00daMEROS<\/a><\/p>\n<p><a style=\"font-size: 14px;line-height: 22.4px;text-align: -webkit-center\" href=\"http:\/\/bromera.com\/tl_files\/activitatsdigitals\/capicua_2c_PF\/CAPICUA2-U6-PAG21-CAS.swf\" target=\"_blank\" rel=\"noopener\">ALUMNOS POR ESCUELA<\/a><\/p>\n<p><strong>Relaci\u00f3n entre la suma y la resta<\/strong><\/p>\n<p><a style=\"font-size: 14px;line-height: 22.4px;text-align: -webkit-center\" href=\"http:\/\/agrega2.red.es\/\/repositorio\/25012010\/18\/es_2008050513_0230800\/mt08_oa01_es\/index.html\" target=\"_blank\" rel=\"noopener\">T\u00c9RMINOS DE LAS DOS OPERACIONES Y SUS RELACIONES<\/a><\/p>\n<p><a style=\"font-size: 14px;line-height: 22.4px;text-align: -webkit-center\" href=\"http:\/\/www.ceiploreto.es\/sugerencias\/cp.juan.de.la.cosa\/Actividadespdimates2\/01\/03\/01\/010301.swf\" target=\"_blank\" rel=\"noopener\">RELACI\u00d3N ENTRE SUMA Y RESTA<\/a><\/p>\n<p><strong>Tablas del 5, del 10 y del 1<\/strong><\/p>\n<p><a style=\"font-size: 14px;line-height: 22.4px;text-align: -webkit-center\" href=\"http:\/\/www.eltanquematematico.es\/Tablas\/cinco\/estudiar5_p.html\" target=\"_blank\" rel=\"noopener\">TABLA DE MULTIPLICAR DEL 5<\/a><\/p>\n<p><a style=\"font-size: 14px;line-height: 22.4px;text-align: -webkit-center\" href=\"http:\/\/www.eltanquematematico.es\/preguntatablas\/cinco\/cinco_p.html\" target=\"_blank\" rel=\"noopener\">\u00bfTE PREGUNTO LA TABLA DEL 5?<\/a><\/p>\n<p><a style=\"font-size: 14px;line-height: 22.4px;text-align: -webkit-center\" href=\"http:\/\/www.ceiploreto.es\/sugerencias\/cp.juan.de.la.cosa\/Actividadespdimates2\/01\/08\/04\/010804.swf\" target=\"_blank\" rel=\"noopener\">LA TABLA DEL 5<\/a><\/p>\n<p><a style=\"font-size: 14px;line-height: 22.4px;text-align: -webkit-center\" href=\"http:\/\/www.eltanquematematico.es\/tablasnuevas\/tabladel5_p.html\" target=\"_blank\" rel=\"noopener\">TABLA DE MULTIPLICAR DEL 5: EST\u00daDIATELA<\/a><\/p>\n<p><a style=\"font-size: 14px;line-height: 22.4px;text-align: -webkit-center\" href=\"http:\/\/www.eltanquematematico.es\/tablasnuevas\/tabladel5pa_p.html\" target=\"_blank\" rel=\"noopener\">TABLA DE MULTIPLICAR DEL 5: \u00bfME LA S\u00c9?<\/a><\/p>\n<p><a style=\"font-size: 14px;line-height: 22.4px;text-align: -webkit-center\" href=\"http:\/\/www.ceiploreto.es\/sugerencias\/cplosangeles.juntaextremadura.net\/web\/segundo_curso\/matematicas_2\/tabla05\/tabla5.html\" target=\"_blank\" rel=\"noopener\">TABLA DEL 5<\/a><\/p>\n<p>REPASO DE LA TABLA DEL 5:&nbsp;<a style=\"font-size: 14px;line-height: 22.4px;text-align: -webkit-center\" href=\"http:\/\/www.primerodecarlos.com\/SEGUNDO_PRIMARIA\/marzo\/Unidad1_3\/actividades\/actividades_una_una\/mates\/tabla_5.swf\" target=\"_blank\" rel=\"noopener\">1<\/a><span style=\"font-size: 14px;line-height: 22.4px;text-align: -webkit-center;background-color: #cce6ff\">&nbsp;<\/span><a style=\"font-size: 14px;line-height: 22.4px;text-align: -webkit-center;background-color: #cce6ff\" href=\"http:\/\/www.primerodecarlos.com\/SEGUNDO_PRIMARIA\/marzo\/Unidad1_3\/actividades\/actividades_una_una\/mates\/tabla_5_2.swf\" target=\"_blank\" rel=\"noopener\">2<\/a><span style=\"font-size: 14px;line-height: 22.4px;text-align: -webkit-center;background-color: #cce6ff\">&nbsp;<\/span><a style=\"font-size: 14px;line-height: 22.4px;text-align: -webkit-center;background-color: #cce6ff\" href=\"http:\/\/www.primerodecarlos.com\/SEGUNDO_PRIMARIA\/marzo\/Unidad1_3\/actividades\/mat_sant_ana\/tabla5_6\/tabla_5.swf\" target=\"_blank\" rel=\"noopener\">3<\/a><span style=\"font-size: 14px;line-height: 22.4px;text-align: -webkit-center;background-color: #cce6ff\">&nbsp;<\/span><a style=\"font-size: 14px;line-height: 22.4px;text-align: -webkit-center;background-color: #cce6ff\" href=\"http:\/\/www.primerodecarlos.com\/SEGUNDO_PRIMARIA\/marzo\/Unidad1_3\/actividades\/actividades_una_una\/mates\/tabla_5_3.swf\" target=\"_blank\" rel=\"noopener\">4<\/a><span style=\"font-size: 14px;line-height: 22.4px;text-align: -webkit-center;background-color: #cce6ff\">&nbsp;<\/span><a style=\"font-size: 14px;line-height: 22.4px;text-align: -webkit-center;background-color: #cce6ff\" href=\"http:\/\/www.primerodecarlos.com\/SEGUNDO_PRIMARIA\/marzo\/Unidad1_3\/actividades\/actividades_una_una\/mates\/tabla_5_4.swf\" target=\"_blank\" rel=\"noopener\">5<\/a><\/p>\n<p><a style=\"font-size: 14px;line-height: 22.4px;text-align: -webkit-center\" href=\"http:\/\/agrega.educa.madrid.org\/repositorio\/27092010\/d7\/es-ma_2010092712_9101005\/index.html\" target=\"_blank\" rel=\"noopener\">LA TABLA DEL 10<\/a><\/p>\n<p><a style=\"font-size: 14px;line-height: 22.4px;text-align: -webkit-center\" href=\"http:\/\/www.testeando.es\/test.asp?idA=64&amp;idT=yosbfaqn\" target=\"_blank\" rel=\"noopener\">TEST: LA TABLA DEL 5 Y DEL 10<\/a><\/p>\n<p><a style=\"font-size: 14px;line-height: 22.4px;text-align: -webkit-center\" href=\"http:\/\/www.ceiploreto.es\/sugerencias\/cplosangeles.juntaextremadura.net\/web\/edilim\/curso_2\/matematicas\/tablas\/tabla10\/tabla10.html\" target=\"_blank\" rel=\"noopener\">TABLA DEL 10<\/a><\/p>\n<p><a style=\"font-size: 14px;line-height: 22.4px;text-align: -webkit-center\" href=\"http:\/\/www.primerodecarlos.com\/SEGUNDO_PRIMARIA\/tengo_todo_4\/root_globalizado5\/ISBN_9788467808810\/activity\/U03_105_01_AI\/visor.swf\" target=\"_blank\" rel=\"noopener\">COMPLETA Y APRENDE<\/a><\/p>\n<p><a style=\"font-size: 14px;line-height: 22.4px;text-align: -webkit-center\" href=\"http:\/\/www.primerodecarlos.com\/SEGUNDO_PRIMARIA\/tengo_todo_4\/root_globalizado5\/ISBN_9788467808810\/activity\/U03_105_02_AI\/visor.swf\" target=\"_blank\" rel=\"noopener\">OBSERVA LA TABLA Y COMPLETA<\/a><\/p>\n<p><a style=\"font-size: 14px;line-height: 22.4px;text-align: -webkit-center\" href=\"http:\/\/www.primerodecarlos.com\/SEGUNDO_PRIMARIA\/tengo_todo_4\/root_globalizado5\/ISBN_9788467808810\/activity\/U03_105_03_AIn\/visor.swf\" target=\"_blank\" rel=\"noopener\">UNE CADA OPERACI\u00d3N CON SU RESULTADO<\/a><\/p>\n<p><strong>Cent\u00edmetro y metro<\/strong><\/p>\n<p><a style=\"font-size: 14px;line-height: 22.4px;text-align: -webkit-center\" href=\"http:\/\/ares.cnice.mec.es\/matematicasep\/a\/3\/ca3_02.html\" target=\"_blank\" rel=\"noopener\">MEDIMOS CON LA REGLA<\/a><\/p>\n<p><a style=\"font-size: 14px;line-height: 22.4px;text-align: -webkit-center\" href=\"http:\/\/www.primaria.librosvivos.net\/archivosCMS\/3\/3\/16\/usuarios\/103294\/9\/mate2ep_ud3_1\/carcasa.swf\" target=\"_blank\" rel=\"noopener\">TOMO MEDIDAS<\/a><\/p>\n<p><a style=\"font-size: 14px;line-height: 22.4px;text-align: -webkit-center\" href=\"http:\/\/ntic.educacion.es\/w3\/\/recursos\/primaria\/matematicas\/longitud\/a1\/menu.html\" target=\"_blank\" rel=\"noopener\">VAMOS A MEDIR<\/a><\/p>\n<p><a style=\"font-size: 14px;line-height: 22.4px;text-align: -webkit-center\" href=\"http:\/\/www.ceiploreto.es\/sugerencias\/cp.juan.de.la.cosa\/Actividadespdimates2\/01\/11\/01\/011101.swf\" target=\"_blank\" rel=\"noopener\">EL METRO I<\/a><\/p>\n<p><a style=\"font-size: 14px;line-height: 22.4px;text-align: -webkit-center\" href=\"http:\/\/www.ceiploreto.es\/sugerencias\/cplosangeles.juntaextremadura.net\/web\/segundo_curso\/matematicas_2\/metro01\/metro01.html\" target=\"_blank\" rel=\"noopener\">EL METRO II<\/a><\/p>\n<p><a style=\"font-size: 14px;line-height: 22.4px;text-align: -webkit-center\" href=\"http:\/\/primerodecarlos.com\/SEGUNDO_PRIMARIA\/tengo_todo_4\/root_globalizado4\/libro\/6169\/ISBN_9788467808803\/activity\/U03_112_01_PD\/visor.swf\" target=\"_blank\" rel=\"noopener\">APRENDE I<\/a><\/p>\n<p><a style=\"font-size: 14px;line-height: 22.4px;text-align: -webkit-center\" href=\"http:\/\/primerodecarlos.com\/SEGUNDO_PRIMARIA\/SANTILLANA\/Libro_Media_Santillana_matematicas_segundo\/data\/ES\/RECURSOS\/actividades\/06\/03\/010603.swf\" target=\"_blank\" rel=\"noopener\">EL CENT\u00cdMETRO<\/a><\/p>\n<p><a style=\"font-size: 14px;line-height: 22.4px;text-align: -webkit-center\" href=\"http:\/\/primerodecarlos.com\/SEGUNDO_PRIMARIA\/octubre\/Unidad_3\/metro_cm2.swf\" target=\"_blank\" rel=\"noopener\">\u00bfCU\u00c1NTOS CENT\u00cdMETROS?<\/a><\/p>\n<p><a style=\"font-size: 14px;line-height: 22.4px;text-align: -webkit-center\" href=\"http:\/\/primerodecarlos.com\/SEGUNDO_PRIMARIA\/octubre\/Unidad_3\/metro-cm.swf\" target=\"_blank\" rel=\"noopener\">CALCULA LOS CENT\u00cdMETROS<\/a><\/p>\n<p><a style=\"font-size: 14px;line-height: 22.4px;text-align: -webkit-center\" href=\"http:\/\/primerodecarlos.com\/SEGUNDO_PRIMARIA\/octubre\/Unidad_3\/unidades2.swf\" target=\"_blank\" rel=\"noopener\">UNE CADA OBJETO<\/a><\/p>\n<p><a style=\"font-size: 14px;line-height: 22.4px;text-align: -webkit-center\" href=\"http:\/\/primerodecarlos.com\/SEGUNDO_PRIMARIA\/octubre\/Unidad_3\/metro_cm.swf\" target=\"_blank\" rel=\"noopener\">COMPLETA<\/a><\/p>\n<p><a style=\"font-size: 14px;line-height: 22.4px;text-align: -webkit-center\" href=\"http:\/\/bromera.com\/tl_files\/activitatsdigitals\/capicua_2c_PF\/CAPICUA2-U10-PAG24-CAS.swf\" target=\"_blank\" rel=\"noopener\">ESTIMACIONES<\/a><\/p>\n<p><strong>Kil\u00f3metro<\/strong><\/p>\n<p><a href=\"http:\/\/primerodecarlos.com\/SEGUNDO_PRIMARIA\/tengo_todo_4\/root_globalizado4\/libro\/6169\/ISBN_9788467808803\/activity\/U03_113_01_PD\/visor.swf\" target=\"_blank\" rel=\"noopener\">APRENDE<\/a><\/p>\n<p><strong>Resuelve problemas<\/strong><\/p>\n<p><a style=\"font-size: 14px;line-height: 22.4px;text-align: -webkit-center\" href=\"http:\/\/www.primaria.librosvivos.net\/archivosCMS\/3\/3\/16\/usuarios\/103294\/9\/mate2ep_ud3_2\/carcasa.swf\" target=\"_blank\" rel=\"noopener\">RESUELVO PROBLEMAS I<\/a><\/p>\n<p><a style=\"font-size: 14px;line-height: 22.4px;text-align: -webkit-center\" href=\"http:\/\/www.primaria.librosvivos.net\/archivosCMS\/3\/3\/16\/usuarios\/103294\/9\/2EP_mt_ud03_ap_cep\/actividad.swf\" target=\"_blank\" rel=\"noopener\">APRENDO A PENSAR<\/a><\/p>\n<p><a style=\"font-size: 14px;line-height: 22.4px;text-align: -webkit-center\" href=\"http:\/\/www.ceiploreto.es\/sugerencias\/cp.juan.de.la.cosa\/Actividadespdimates2\/01\/07\/04\/010704.swf\" target=\"_blank\" rel=\"noopener\">PROBLEMA<\/a><\/p>\n<p><a style=\"font-size: 14px;line-height: 22.4px;text-align: -webkit-center\" href=\"http:\/\/www.ceiploreto.es\/sugerencias\/cp.juan.de.la.cosa\/Actividadespdimates2\/01\/07\/05\/010705.swf\" target=\"_blank\" rel=\"noopener\">RAZONAMIENTO<\/a><\/p>\n<p><a style=\"font-size: 14px;line-height: 22.4px;text-align: -webkit-center\" href=\"http:\/\/www.primaria.librosvivos.net\/archivosCMS\/3\/3\/16\/usuarios\/103294\/9\/2epmtcp_ud7_act2\/carcasa.swf\" target=\"_blank\" rel=\"noopener\">RESUELVO PROBLEMAS II<\/a><\/p>\n<p><a style=\"font-size: 14px;line-height: 22.4px;text-align: -webkit-center\" href=\"http:\/\/primerodecarlos.com\/SEGUNDO_PRIMARIA\/octubre\/Unidad_3\/kilometro.swf\" target=\"_blank\" rel=\"noopener\">CALCULA LAS DISTANCIAS EN KIL\u00d3METROS<\/a><\/p>\n<p><a style=\"font-size: 14px;line-height: 22.4px\" href=\"http:\/\/2633518-0.web-hosting.es\/blog\/medida\/lapices_colores.html\" target=\"_blank\" rel=\"noopener\">L\u00c1PICES DE COLORES<\/a><\/p>\n<p><a style=\"font-size: 14px;line-height: 22.4px\" href=\"http:\/\/2633518-0.web-hosting.es\/blog\/medida\/animpapel\/animales_papel1.html\" target=\"_blank\" rel=\"noopener\">ANIMALES DE PAPEL<\/a><\/p>\n<p><a href=\"http:\/\/www.primaria.librosvivos.net\/archivosCMS\/3\/3\/16\/usuarios\/103294\/9\/2epmtcp_ud7_rep\/carcasa.swf\" target=\"_blank\" rel=\"noopener\">REPASO I<\/a><\/p>\n<p><a href=\"http:\/\/www.ceiploreto.es\/sugerencias\/Lim\/matematicas_2\/mates2_6\/mates2_6.html\" target=\"_blank\" rel=\"noopener\">REPASO II<\/a><\/p>\n","protected":false},"excerpt":{"rendered":"<p>N\u00fameros del 500 al 599 LOS N\u00daMEROS DEL 500 AL 599 I LOS N\u00daMEROS DEL 500 AL 599 II APRENDE COMPLETA LA SERIE CLASIFICA LOS N\u00daMEROS Y ORD\u00c9NALOS ESCRIBE LOS N\u00daMEROS PARES DEL 520 AL 538 ESCRIBE LOS N\u00daMEROS IMPARES DEL 571 AL 589 ORDENA LOS N\u00daMEROS ALUMNOS POR ESCUELA Relaci\u00f3n entre la suma y &hellip; <\/p>\n<p><a class=\"more-link btn\" href=\"https:\/\/blogsaverroes.juntadeandalucia.es\/ceipaznaitin\/matematicas-2o-tema-6\/\">Seguir leyendo<\/a><\/p>\n","protected":false},"author":2805,"featured_media":0,"parent":0,"menu_order":0,"comment_status":"closed","ping_status":"closed","template":"","meta":{"ngg_post_thumbnail":0,"footnotes":"","_mc_calendar":[]},"aioseo_notices":[],"_links":{"self":[{"href":"https:\/\/blogsaverroes.juntadeandalucia.es\/ceipaznaitin\/wp-json\/wp\/v2\/pages\/3424"}],"collection":[{"href":"https:\/\/blogsaverroes.juntadeandalucia.es\/ceipaznaitin\/wp-json\/wp\/v2\/pages"}],"about":[{"href":"https:\/\/blogsaverroes.juntadeandalucia.es\/ceipaznaitin\/wp-json\/wp\/v2\/types\/page"}],"author":[{"embeddable":true,"href":"https:\/\/blogsaverroes.juntadeandalucia.es\/ceipaznaitin\/wp-json\/wp\/v2\/users\/2805"}],"replies":[{"embeddable":true,"href":"https:\/\/blogsaverroes.juntadeandalucia.es\/ceipaznaitin\/wp-json\/wp\/v2\/comments?post=3424"}],"version-history":[{"count":8,"href":"https:\/\/blogsaverroes.juntadeandalucia.es\/ceipaznaitin\/wp-json\/wp\/v2\/pages\/3424\/revisions"}],"predecessor-version":[{"id":3434,"href":"https:\/\/blogsaverroes.juntadeandalucia.es\/ceipaznaitin\/wp-json\/wp\/v2\/pages\/3424\/revisions\/3434"}],"wp:attachment":[{"href":"https:\/\/blogsaverroes.juntadeandalucia.es\/ceipaznaitin\/wp-json\/wp\/v2\/media?parent=3424"}],"curies":[{"name":"wp","href":"https:\/\/api.w.org\/{rel}","templated":true}]}}