{"id":3702,"date":"2018-02-12T14:36:50","date_gmt":"2018-02-12T12:36:50","guid":{"rendered":"http:\/\/blogsaverroes.juntadeandalucia.es\/ceipaznaitin\/?page_id=3702"},"modified":"2018-02-12T14:43:55","modified_gmt":"2018-02-12T12:43:55","slug":"matematicas-1o-tema-7","status":"publish","type":"page","link":"https:\/\/blogsaverroes.juntadeandalucia.es\/ceipaznaitin\/matematicas-1o-tema-7\/","title":{"rendered":"Matem\u00e1ticas 1\u00ba Tema 7"},"content":{"rendered":"<p><strong>Tareas pendientes<\/strong><\/p>\n<p><strong>N\u00fameros del 70 al 79<\/strong><\/p>\n<p><a style=\"font-size: 14px;text-align: -webkit-center\" href=\"http:\/\/www.ceiploreto.es\/sugerencias\/cp.juan.de.la.cosa\/matespdi\/01\/10\/04\/011004.swf\" target=\"_blank\" rel=\"noopener\">LOS N\u00daMEROS HASTA EL 79<\/a><\/p>\n<p><a style=\"font-size: 14px;text-align: -webkit-center\" href=\"http:\/\/primerodecarlos.com\/primerodecarlos.blogspot.com\/febrero\/anterior_posterior_repaso.swf\" target=\"_blank\" rel=\"noopener\">ANTERIOR Y POSTERIOR<\/a><\/p>\n<p><a style=\"font-size: 14px;text-align: -webkit-center\" href=\"http:\/\/primerodecarlos.com\/primerodecarlos.blogspot.com\/febrero\/hasta79_serie.swf\" target=\"_blank\" rel=\"noopener\">COMPLETA LAS SERIES<\/a><\/p>\n<p><a style=\"font-size: 14px;text-align: -webkit-center\" href=\"http:\/\/primerodecarlos.com\/primerodecarlos.blogspot.com\/marzo\/SUMA_DE_5EN_5.swf\" target=\"_blank\" rel=\"noopener\">SUMA SIEMPRE 5<\/a><\/p>\n<p><strong>N\u00fameros del 80 al 89. Serie +2<\/strong><\/p>\n<p><a style=\"font-size: 14px;text-align: -webkit-center\" href=\"http:\/\/www.ceiploreto.es\/sugerencias\/cp.juan.de.la.cosa\/matespdi\/01\/11\/02\/011102.swf\" target=\"_blank\" rel=\"noopener\">LOS N\u00daMEROS HASTA EL 89<\/a><\/p>\n<p><a style=\"font-size: 14px;text-align: -webkit-center\" href=\"http:\/\/primerodecarlos.com\/primerodecarlos.blogspot.com\/marzo\/serie_progresiva_79_89.swf\" target=\"_blank\" rel=\"noopener\">COMPLETA LA SERIE 1<\/a><\/p>\n<p><a style=\"font-size: 14px;text-align: -webkit-center\" href=\"http:\/\/primerodecarlos.com\/primerodecarlos.blogspot.com\/marzo\/serie_regresiva_79_89.swf\" target=\"_blank\" rel=\"noopener\">COMPLETA LA SERIE 2<\/a><\/p>\n<p><a style=\"font-size: 14px;text-align: -webkit-center\" href=\"http:\/\/primerodecarlos.com\/primerodecarlos.blogspot.com\/marzo\/80_89_b.swf\" target=\"_blank\" rel=\"noopener\">COMPLETA<\/a><\/p>\n<p><a style=\"font-size: 14px;text-align: -webkit-center\" href=\"http:\/\/primerodecarlos.com\/primerodecarlos.blogspot.com\/marzo\/numeros_hasta_89\/010102.swf\" target=\"_blank\" rel=\"noopener\">DECENAS Y UNIDADES<\/a><\/p>\n<p><a style=\"font-size: 14px;text-align: -webkit-center\" href=\"http:\/\/primerodecarlos.com\/primerodecarlos.blogspot.com\/abril\/abaco_hasta_89\/visor.swf\" target=\"_blank\" rel=\"noopener\">ESCRIBE LOS N\u00daMEROS<\/a><\/p>\n<p><a style=\"font-size: 14px;text-align: -webkit-center\" href=\"http:\/\/primerodecarlos.com\/primerodecarlos.blogspot.com\/abril\/anterior_posterior_89.swf\" target=\"_blank\" rel=\"noopener\">ANTERIOR Y POSTERIOR<\/a><\/p>\n<p><a style=\"font-size: 14px;text-align: -webkit-center\" href=\"http:\/\/primerodecarlos.com\/primerodecarlos.blogspot.com\/abril\/series_89\/visor.swf\" target=\"_blank\" rel=\"noopener\">COMPLETA LA SERIE 3<\/a><\/p>\n<p><a style=\"font-size: 14px;text-align: -webkit-center\" href=\"http:\/\/primerodecarlos.com\/primerodecarlos.blogspot.com\/abril\/serie_2\/visor.swf\" target=\"_blank\" rel=\"noopener\">COMPLETA LA SERIE 4<\/a><\/p>\n<p><a style=\"font-size: 14px;text-align: -webkit-center\" href=\"http:\/\/ntic.educacion.es\/w3\/eos\/MaterialesEducativos\/mem2008\/matematicas_primaria\/numeracion\/operaciones\/seriesgeneral.swf\" target=\"_blank\" rel=\"noopener\">SERIES ARITM\u00c9TICAS 1<\/a><\/p>\n<p><strong>Propiedad conmutativa de la suma. Serie -1<\/strong><\/p>\n<p><a style=\"font-size: 14px;text-align: -webkit-center\" href=\"http:\/\/primerodecarlos.com\/primerodecarlos.blogspot.com\/febrero\/conmutativa.swf\" target=\"_blank\" rel=\"noopener\">COMPLETA 1<\/a><\/p>\n<p><a style=\"font-size: 14px;text-align: -webkit-center\" href=\"http:\/\/primerodecarlos.com\/primerodecarlos.blogspot.com\/febrero\/conmutativa2.swf\" target=\"_blank\" rel=\"noopener\">SUMAS CON EL MISMO RESULTADO<\/a><\/p>\n<p><a style=\"font-size: 14px;text-align: -webkit-center\" href=\"http:\/\/primerodecarlos.com\/primerodecarlos.blogspot.com\/febrero\/swf_3\/conmutativa2.swf\" target=\"_blank\" rel=\"noopener\">COMPLETA 2<\/a><\/p>\n<p><a style=\"font-size: 14px;text-align: -webkit-center\" href=\"http:\/\/primerodecarlos.com\/primerodecarlos.blogspot.com\/marzo\/CONMUTATIVA.swf\" target=\"_blank\" rel=\"noopener\">REALIZA CADA SUMA<\/a><\/p>\n<p><strong>Cabe m\u00e1s y cabe menos. Serie +4 -2<\/strong><\/p>\n<p><a style=\"font-size: 14px;text-align: -webkit-center\" href=\"http:\/\/www.ceiploreto.es\/sugerencias\/cp.juan.de.la.cosa\/matespdi\/01\/10\/01\/011001.swf\" target=\"_blank\" rel=\"noopener\">RAZONAMIENTO<\/a><\/p>\n<p><a style=\"font-size: 14px;text-align: -webkit-center\" href=\"http:\/\/www.ceiploreto.es\/sugerencias\/cp.juan.de.la.cosa\/matespdi\/01\/10\/02\/011002.swf\" target=\"_blank\" rel=\"noopener\">LA CAPACIDAD<\/a><\/p>\n<p><a style=\"font-size: 14px;text-align: -webkit-center\" href=\"http:\/\/www.primaria.librosvivos.net\/archivosCMS\/3\/3\/16\/usuarios\/103294\/9\/1epmtcp_ud8_act1_cabemas\/carcasa.swf\" target=\"_blank\" rel=\"noopener\">CABE M\u00c1S, CABE MENOS<\/a><\/p>\n<p><a style=\"font-size: 14px;text-align: -webkit-center\" href=\"http:\/\/primerodecarlos.com\/primerodecarlos.blogspot.com\/diciembre\/ordena_capacidad\/visor.swf\" target=\"_blank\" rel=\"noopener\">ORDENA DE MAYOR A MENOR CAPACIDAD<\/a><\/p>\n<p><a style=\"font-size: 14px;text-align: -webkit-center\" href=\"http:\/\/www.ceiploreto.es\/sugerencias\/A_1\/Recursosdidacticos\/PRIMERO\/datos\/02_Mates\/03_Recursos\/01_t\/actividades\/medidas\/05.htm\" target=\"_blank\" rel=\"noopener\">M\u00c1S LLENO &#8211; MENOS LLENO &#8211; IGUAL<\/a><\/p>\n<p><strong>Resuelve problemas<\/strong><\/p>\n<p><a href=\"http:\/\/www.ceiploreto.es\/sugerencias\/cp.juan.de.la.cosa\/matespdi\/01\/11\/05\/011105.swf\" target=\"_blank\" rel=\"noopener\">PROBLEMAS<\/a><\/p>\n<p><a href=\"http:\/\/www.primaria.librosvivos.net\/archivosCMS\/3\/3\/16\/usuarios\/103294\/9\/1epmacp_ud13_a2_cas\/carcasa.swf\" target=\"_blank\" rel=\"noopener\">RESUELVO PROBLEMAS<\/a><\/p>\n<p><a href=\"http:\/\/www.primaria.librosvivos.net\/archivosCMS\/3\/3\/16\/usuarios\/103294\/9\/1epmtcp_ud10_act3\/carcasa.swf\" target=\"_blank\" rel=\"noopener\">REPASO 1<\/a><\/p>\n<p><a href=\"http:\/\/www.primaria.librosvivos.net\/archivosCMS\/3\/3\/16\/usuarios\/103294\/9\/1epmtcp_ud11_rep\/carcasa.swf\" target=\"_blank\" rel=\"noopener\">REPASO 2<\/a><\/p>\n","protected":false},"excerpt":{"rendered":"<p>Tareas pendientes N\u00fameros del 70 al 79 LOS N\u00daMEROS HASTA EL 79 ANTERIOR Y POSTERIOR COMPLETA LAS SERIES SUMA SIEMPRE 5 N\u00fameros del 80 al 89. Serie +2 LOS N\u00daMEROS HASTA EL 89 COMPLETA LA SERIE 1 COMPLETA LA SERIE 2 COMPLETA DECENAS Y UNIDADES ESCRIBE LOS N\u00daMEROS ANTERIOR Y POSTERIOR COMPLETA LA SERIE 3 &hellip; <\/p>\n<p><a class=\"more-link btn\" href=\"https:\/\/blogsaverroes.juntadeandalucia.es\/ceipaznaitin\/matematicas-1o-tema-7\/\">Seguir leyendo<\/a><\/p>\n","protected":false},"author":2805,"featured_media":0,"parent":0,"menu_order":0,"comment_status":"closed","ping_status":"closed","template":"","meta":{"ngg_post_thumbnail":0,"footnotes":"","_mc_calendar":[]},"aioseo_notices":[],"_links":{"self":[{"href":"https:\/\/blogsaverroes.juntadeandalucia.es\/ceipaznaitin\/wp-json\/wp\/v2\/pages\/3702"}],"collection":[{"href":"https:\/\/blogsaverroes.juntadeandalucia.es\/ceipaznaitin\/wp-json\/wp\/v2\/pages"}],"about":[{"href":"https:\/\/blogsaverroes.juntadeandalucia.es\/ceipaznaitin\/wp-json\/wp\/v2\/types\/page"}],"author":[{"embeddable":true,"href":"https:\/\/blogsaverroes.juntadeandalucia.es\/ceipaznaitin\/wp-json\/wp\/v2\/users\/2805"}],"replies":[{"embeddable":true,"href":"https:\/\/blogsaverroes.juntadeandalucia.es\/ceipaznaitin\/wp-json\/wp\/v2\/comments?post=3702"}],"version-history":[{"count":7,"href":"https:\/\/blogsaverroes.juntadeandalucia.es\/ceipaznaitin\/wp-json\/wp\/v2\/pages\/3702\/revisions"}],"predecessor-version":[{"id":3711,"href":"https:\/\/blogsaverroes.juntadeandalucia.es\/ceipaznaitin\/wp-json\/wp\/v2\/pages\/3702\/revisions\/3711"}],"wp:attachment":[{"href":"https:\/\/blogsaverroes.juntadeandalucia.es\/ceipaznaitin\/wp-json\/wp\/v2\/media?parent=3702"}],"curies":[{"name":"wp","href":"https:\/\/api.w.org\/{rel}","templated":true}]}}