{"id":3739,"date":"2018-02-14T16:41:26","date_gmt":"2018-02-14T14:41:26","guid":{"rendered":"http:\/\/blogsaverroes.juntadeandalucia.es\/ceipaznaitin\/?page_id=3739"},"modified":"2018-02-14T16:54:25","modified_gmt":"2018-02-14T14:54:25","slug":"ciencias-sociales-1o-tema-5","status":"publish","type":"page","link":"https:\/\/blogsaverroes.juntadeandalucia.es\/ceipaznaitin\/ciencias-sociales-1o-tema-5\/","title":{"rendered":"Ciencias Sociales 1\u00ba Tema 5"},"content":{"rendered":"<p><strong>Luces en el cielo<\/strong><\/p>\n<p><strong>\u00bfQu\u00e9 hay en el cielo?<\/strong><\/p>\n<p><strong>\u00bfDe d\u00eda o de noche?<\/strong><\/p>\n<p><a style=\"font-size: 14px;line-height: 22.4px;text-align: -webkit-center\" href=\"http:\/\/primerodecarlos.com\/primerodecarlos.blogspot.com\/marzo\/dia_noche\/aprende_dia_noche.swf\" target=\"_blank\" rel=\"noopener\">EL D\u00cdA Y LA NOCHE 1<\/a><\/p>\n<p><a style=\"font-size: 14px;line-height: 22.4px;text-align: -webkit-center\" href=\"http:\/\/primerodecarlos.com\/primerodecarlos.blogspot.com\/marzo\/dia_noche\/dia_noche_mic.swf\">EL D\u00cdA Y LA NOCHE 2<\/a><\/p>\n<p><a style=\"font-size: 14px;line-height: 22.4px;text-align: -webkit-center\" href=\"http:\/\/primerodecarlos.com\/primerodecarlos.blogspot.com\/marzo\/dia_noche\/dia_noche.swf\" target=\"_blank\" rel=\"noopener\">EL D\u00cdA Y LA NOCHE 3<\/a><\/p>\n<p><a style=\"font-size: 14px;line-height: 22.4px;text-align: -webkit-center\" href=\"http:\/\/www.primerodecarlos.com\/SEGUNDO_PRIMARIA\/febrero\/tema3\/actividades\/cono\/dia_noche.swf\" target=\"_blank\" rel=\"noopener\">EL D\u00cdA Y LA NOCHE 4<\/a><\/p>\n<p><a style=\"font-size: 14px;line-height: 22.4px;text-align: -webkit-center\" href=\"http:\/\/www.primerodecarlos.com\/SEGUNDO_PRIMARIA\/febrero\/tema3\/actividades\/cono\/dia_noche2.swf\" target=\"_blank\" rel=\"noopener\">LA TIERRA Y LOS RAYOS DEL SOL<br \/>\n<\/a><\/p>\n<p><strong>La Tierra, la Luna y las estrellas<\/strong><\/p>\n<p><a style=\"font-size: 14px;line-height: 22.4px;text-align: -webkit-center\" href=\"http:\/\/www.primerodecarlos.com\/SEGUNDO_PRIMARIA\/octubre\/Anabel_F\/universo\/U03_055_01new-Mov_traslacion\/visor.swf\" target=\"_blank\" rel=\"noopener\">ESCUCHA Y APRENDE<\/a><\/p>\n<p><a style=\"font-size: 14px;line-height: 22.4px;text-align: -webkit-center\" href=\"http:\/\/www.primaria.librosvivos.net\/archivosCMS\/3\/3\/16\/usuarios\/103294\/9\/2epcmcp_ud8_a1_cas\/index.htm\" target=\"_blank\" rel=\"noopener\">LOS MOVIMIENTOS DE LA TIERRA: EL D\u00cdA Y LA NOCHE<\/a><\/p>\n<p><a style=\"font-size: 14px;line-height: 22.4px;text-align: -webkit-center\" href=\"http:\/\/www.primaria.librosvivos.net\/archivosCMS\/3\/3\/16\/usuarios\/103294\/9\/2epcmcp_ud8_act2\/actividad.swf\" target=\"_blank\" rel=\"noopener\">LAS FASES DE LA LUNA<\/a><\/p>\n<p><a style=\"font-size: 14px;line-height: 22.4px;text-align: -webkit-center\" href=\"http:\/\/cplosangeles.juntaextremadura.net\/web\/edilim\/curso_2\/cmedio\/tierra02\/cielo02\/cielo02.html\" target=\"_blank\" rel=\"noopener\">EL CIELO<\/a><\/p>\n<p><a style=\"font-size: 14px;line-height: 22.4px;text-align: -webkit-center\" href=\"http:\/\/www.primerodecarlos.com\/SEGUNDO_PRIMARIA\/octubre\/Anabel_F\/universo\/U03_061_03_AI-Fases_de_la_luna\/visor.swf\" target=\"_blank\" rel=\"noopener\">RELACIONA<\/a><\/p>\n<p><strong>Representamos la Tierra<\/strong><\/p>\n<p>MI AMIGA LA TIERRA<\/p>\n<p><a href=\"http:\/\/www.ign.es\/ign\/resources\/cartografiaEnsenanza\/flash\/mi_amiga_la_tierra\/Tema2_lecci%C3%B3n01.swf\" target=\"_blank\" rel=\"noopener\">1<\/a> <a href=\"http:\/\/www.ign.es\/ign\/resources\/cartografiaEnsenanza\/flash\/mi_amiga_la_tierra\/Tema2_lecci%C3%B3n02.swf\" target=\"_blank\" rel=\"noopener\">2<\/a> <a href=\"http:\/\/www.ign.es\/ign\/resources\/cartografiaEnsenanza\/flash\/mi_amiga_la_tierra\/Tema2_lecci%C3%B3n03.swf\" target=\"_blank\" rel=\"noopener\">3<\/a> <a href=\"http:\/\/www.ign.es\/ign\/resources\/cartografiaEnsenanza\/flash\/mi_amiga_la_tierra\/Tema2_lecci%C3%B3n04.swf\" target=\"_blank\" rel=\"noopener\">4<\/a> <a href=\"http:\/\/www.ign.es\/ign\/resources\/cartografiaEnsenanza\/flash\/mi_amiga_la_tierra\/Tema2_lecci%C3%B3n05.swf\" target=\"_blank\" rel=\"noopener\">5<\/a> <a href=\"http:\/\/www.ign.es\/ign\/resources\/cartografiaEnsenanza\/flash\/mi_amiga_la_tierra\/Tema2_lecci%C3%B3n06.swf\" target=\"_blank\" rel=\"noopener\">6<\/a> <a href=\"http:\/\/www.ign.es\/ign\/resources\/cartografiaEnsenanza\/flash\/mi_amiga_la_tierra\/Tema2_lecci%C3%B3n07.swf\" target=\"_blank\" rel=\"noopener\">7<\/a> <a href=\"http:\/\/www.ign.es\/ign\/resources\/cartografiaEnsenanza\/flash\/mi_amiga_la_tierra\/Tema2_lecci%C3%B3n08.swf\" target=\"_blank\" rel=\"noopener\">8<\/a><\/p>\n","protected":false},"excerpt":{"rendered":"<p>Luces en el cielo \u00bfQu\u00e9 hay en el cielo? \u00bfDe d\u00eda o de noche? EL D\u00cdA Y LA NOCHE 1 EL D\u00cdA Y LA NOCHE 2 EL D\u00cdA Y LA NOCHE 3 EL D\u00cdA Y LA NOCHE 4 LA TIERRA Y LOS RAYOS DEL SOL La Tierra, la Luna y las estrellas ESCUCHA Y APRENDE &hellip; <\/p>\n<p><a class=\"more-link btn\" href=\"https:\/\/blogsaverroes.juntadeandalucia.es\/ceipaznaitin\/ciencias-sociales-1o-tema-5\/\">Seguir leyendo<\/a><\/p>\n","protected":false},"author":2805,"featured_media":0,"parent":0,"menu_order":0,"comment_status":"closed","ping_status":"closed","template":"","meta":{"ngg_post_thumbnail":0,"footnotes":"","_mc_calendar":[]},"aioseo_notices":[],"_links":{"self":[{"href":"https:\/\/blogsaverroes.juntadeandalucia.es\/ceipaznaitin\/wp-json\/wp\/v2\/pages\/3739"}],"collection":[{"href":"https:\/\/blogsaverroes.juntadeandalucia.es\/ceipaznaitin\/wp-json\/wp\/v2\/pages"}],"about":[{"href":"https:\/\/blogsaverroes.juntadeandalucia.es\/ceipaznaitin\/wp-json\/wp\/v2\/types\/page"}],"author":[{"embeddable":true,"href":"https:\/\/blogsaverroes.juntadeandalucia.es\/ceipaznaitin\/wp-json\/wp\/v2\/users\/2805"}],"replies":[{"embeddable":true,"href":"https:\/\/blogsaverroes.juntadeandalucia.es\/ceipaznaitin\/wp-json\/wp\/v2\/comments?post=3739"}],"version-history":[{"count":5,"href":"https:\/\/blogsaverroes.juntadeandalucia.es\/ceipaznaitin\/wp-json\/wp\/v2\/pages\/3739\/revisions"}],"predecessor-version":[{"id":3746,"href":"https:\/\/blogsaverroes.juntadeandalucia.es\/ceipaznaitin\/wp-json\/wp\/v2\/pages\/3739\/revisions\/3746"}],"wp:attachment":[{"href":"https:\/\/blogsaverroes.juntadeandalucia.es\/ceipaznaitin\/wp-json\/wp\/v2\/media?parent=3739"}],"curies":[{"name":"wp","href":"https:\/\/api.w.org\/{rel}","templated":true}]}}